{"id":8398,"date":"2015-11-03T12:14:12","date_gmt":"2015-11-03T11:14:12","guid":{"rendered":"http:\/\/www.rwg-bayreuth.de\/home\/?page_id=8398"},"modified":"2023-10-06T07:50:40","modified_gmt":"2023-10-06T05:50:40","slug":"swg-zweig","status":"publish","type":"page","link":"https:\/\/www.rwg-bayreuth.de\/home\/?page_id=8398","title":{"rendered":"50 Jahre SWG 1965-2015"},"content":{"rendered":"<p><a href=\"https:\/\/www.rwg-bayreuth.de\/home\/wp-content\/uploads\/2015\/11\/50_Jahre-_SWG.jpg\"><img loading=\"lazy\" decoding=\"async\" src=\"https:\/\/www.rwg-bayreuth.de\/home\/wp-content\/uploads\/2015\/11\/50_Jahre-_SWG.jpg\" alt=\"50_Jahre _SWG\" width=\"350\" height=\"247\" class=\"alignleft size-full wp-image-8403\" srcset=\"https:\/\/www.rwg-bayreuth.de\/home\/wp-content\/uploads\/2015\/11\/50_Jahre-_SWG.jpg 350w, https:\/\/www.rwg-bayreuth.de\/home\/wp-content\/uploads\/2015\/11\/50_Jahre-_SWG-150x106.jpg 150w, https:\/\/www.rwg-bayreuth.de\/home\/wp-content\/uploads\/2015\/11\/50_Jahre-_SWG-300x212.jpg 300w, https:\/\/www.rwg-bayreuth.de\/home\/wp-content\/uploads\/2015\/11\/50_Jahre-_SWG-250x176.jpg 250w\" sizes=\"(max-width: 350px) 100vw, 350px\" \/><\/a>Der Sozialwissenschaftliche Schulzweig des RWG wurde 50 Jahre alt. Er war 1965 gegr\u00fcndet worden. F\u00fcr die Schule war dies eine richtungsweisende Entscheidung, denn sie gab der Schule neben dem sprachlichen Zweig ein zweites, wichtiges Standbein.<\/p>\n<p>Zugleich markiert die Entscheidung, einen sozialwissenschaftlichen Schulzweig einzuf\u00fchren, auch eine f\u00fcr die Bildungslandschaft insgesamt wichtigen Meilenstein. Das RWG war eine von nur wenigen Bildungseinrichtungen in Bayern, denen dieser Schulzweig zugebilligt wurde. Was damals als Beitrag zur M\u00e4dchenbildung gedacht war, entwickelte sich rasch zu einem zukunftsf\u00e4higen Schulmodell, das beide Geschlechter praxisnah auf Beruf und Studium vorbereitet.<\/p>\n<p>Daran wurde bei einem Festakt in der Aula erinnert. Hier ist eine Zusammenschau der Veranstaltung.<\/p>\n<p><a href=\"https:\/\/www.rwg-bayreuth.de\/home\/wp-content\/uploads\/2015\/10\/2015_SWG_Festakt1_thumb.jpg\"><img loading=\"lazy\" decoding=\"async\" src=\"https:\/\/www.rwg-bayreuth.de\/home\/wp-content\/uploads\/2015\/10\/2015_SWG_Festakt1_thumb.jpg\" alt=\"2015_SWG_Festakt1_thumb\" width=\"150\" height=\"103\" class=\"alignleft size-full wp-image-8217\" \/><\/a>Beim Festakt in der Aula mit anschlie\u00dfendem Empfang inder Pausenhalle w\u00fcrdigten geladene G\u00e4ste die Bedeutung des Schulzweiges, der 1965 eingerichtet worden war. Seitdem ist er ein wichtiger Bestandteil des Schulprofils des Richard-Wagner-Gymnasiums geworden. <a href=\"https:\/\/www.rwg-bayreuth.de\/home\/?page_id=8206\">[mehr&#8230;]<\/a><\/p>\n<div class=\"clear\">\n<a class=\"clear\" href=\"https:\/\/www.rwg-bayreuth.de\/home\/wp-content\/uploads\/2015\/10\/2015_SWG_Festakt_Diskuss_thumb.jpg\"><img loading=\"lazy\" decoding=\"async\" src=\"https:\/\/www.rwg-bayreuth.de\/home\/wp-content\/uploads\/2015\/10\/2015_SWG_Festakt_Diskuss_thumb.jpg\" alt=\"2015_SWG_Festakt_Diskuss_thumb\" width=\"150\" height=\"87\" class=\"alignleft size-full wp-image-8204\" \/><\/a><\/p>\n<p>In einem Podiumsgespr\u00e4ch erz\u00e4hlten geladene G\u00e4ste, wie sie zum RWG kamen und was sie vom SWG-Zweig halten. Es war Teil des Festaktes zum 50-j\u00e4hrigen Bestehen des SWG-Zweigs an unserer Schule. <a href=\"https:\/\/www.rwg-bayreuth.de\/home\/?page_id=8193\">[mehr&#8230;]<\/a><\/div>\n<div class=\"clear\">\n<a class=\"clear\" href=\"https:\/\/www.rwg-bayreuth.de\/home\/wp-content\/uploads\/2015\/11\/2015-16_Reim_thumb.jpg\"><img loading=\"lazy\" decoding=\"async\" src=\"https:\/\/www.rwg-bayreuth.de\/home\/wp-content\/uploads\/2015\/11\/2015-16_Reim_thumb.jpg\" alt=\"2015-16_Reim_thumb\" width=\"115\" height=\"147\" class=\"alignright size-full wp-image-8410\" \/><\/a><\/p>\n<p>Sandra Reim, die Fachbetreuerin f\u00fcr Sozialkunde am RWG, hielt die Festrede. Die erinnerte daran, dass der Sozialwissenschaftliche Schulzweig als Bestandteil der M\u00e4dchenbildung gedacht war. Der Zweig entwickelte sich aber seit der Gr\u00fcndung in eine ganz andere Richtung. <a href=\"https:\/\/www.rwg-bayreuth.de\/home\/wp-content\/uploads\/2015\/11\/Jubil\u00e4umsrede_SWG-Zweig.pdf\">[zur Jubil\u00e4umsrede]<\/a><\/div>\n<p class=\"clear\">\nHier ist eine Bilderlese, die die vielf\u00e4ltigen Aktivit\u00e4ten des SWG-Zweiges dokumentiert.<\/p>\n<div class=\"su-image-carousel  clear su-image-carousel-has-spacing su-image-carousel-crop su-image-carousel-crop-4-3 su-image-carousel-has-lightbox su-image-carousel-has-outline su-image-carousel-adaptive su-image-carousel-slides-style-minimal su-image-carousel-controls-style-light su-image-carousel-align-center\" style=\"max-width:600px\" data-flickity-options='{\"groupCells\":true,\"cellSelector\":\".su-image-carousel-item\",\"adaptiveHeight\":false,\"cellAlign\":\"left\",\"prevNextButtons\":true,\"pageDots\":false,\"autoPlay\":4000,\"imagesLoaded\":true,\"contain\":true,\"selectedAttraction\":0.025000000000000001,\"friction\":0.28000000000000003}' id=\"su_image_carousel_69f5b1cac8a3a\"><div class=\"su-image-carousel-item\"><div class=\"su-image-carousel-item-content\"><a href=\"https:\/\/www.rwg-bayreuth.de\/home\/wp-content\/uploads\/2023\/10\/SoziJubilaeum01.jpg\" data-caption=\"\"><img loading=\"lazy\" decoding=\"async\" width=\"2048\" height=\"1536\" src=\"https:\/\/www.rwg-bayreuth.de\/home\/wp-content\/uploads\/2023\/10\/SoziJubilaeum01.jpg\" class=\"\" alt=\"\" srcset=\"https:\/\/www.rwg-bayreuth.de\/home\/wp-content\/uploads\/2023\/10\/SoziJubilaeum01.jpg 2048w, https:\/\/www.rwg-bayreuth.de\/home\/wp-content\/uploads\/2023\/10\/SoziJubilaeum01-450x338.jpg 450w, https:\/\/www.rwg-bayreuth.de\/home\/wp-content\/uploads\/2023\/10\/SoziJubilaeum01-1024x768.jpg 1024w, https:\/\/www.rwg-bayreuth.de\/home\/wp-content\/uploads\/2023\/10\/SoziJubilaeum01-150x113.jpg 150w, https:\/\/www.rwg-bayreuth.de\/home\/wp-content\/uploads\/2023\/10\/SoziJubilaeum01-768x576.jpg 768w, https:\/\/www.rwg-bayreuth.de\/home\/wp-content\/uploads\/2023\/10\/SoziJubilaeum01-1536x1152.jpg 1536w, https:\/\/www.rwg-bayreuth.de\/home\/wp-content\/uploads\/2023\/10\/SoziJubilaeum01-250x188.jpg 250w\" sizes=\"(max-width: 2048px) 100vw, 2048px\" \/><\/a><\/div><\/div><div class=\"su-image-carousel-item\"><div class=\"su-image-carousel-item-content\"><a href=\"https:\/\/www.rwg-bayreuth.de\/home\/wp-content\/uploads\/2023\/10\/SoziJubilaeum02.jpg\" data-caption=\"\"><img loading=\"lazy\" decoding=\"async\" width=\"2048\" height=\"1536\" src=\"https:\/\/www.rwg-bayreuth.de\/home\/wp-content\/uploads\/2023\/10\/SoziJubilaeum02.jpg\" class=\"\" alt=\"\" srcset=\"https:\/\/www.rwg-bayreuth.de\/home\/wp-content\/uploads\/2023\/10\/SoziJubilaeum02.jpg 2048w, https:\/\/www.rwg-bayreuth.de\/home\/wp-content\/uploads\/2023\/10\/SoziJubilaeum02-450x338.jpg 450w, https:\/\/www.rwg-bayreuth.de\/home\/wp-content\/uploads\/2023\/10\/SoziJubilaeum02-1024x768.jpg 1024w, https:\/\/www.rwg-bayreuth.de\/home\/wp-content\/uploads\/2023\/10\/SoziJubilaeum02-150x113.jpg 150w, https:\/\/www.rwg-bayreuth.de\/home\/wp-content\/uploads\/2023\/10\/SoziJubilaeum02-768x576.jpg 768w, https:\/\/www.rwg-bayreuth.de\/home\/wp-content\/uploads\/2023\/10\/SoziJubilaeum02-1536x1152.jpg 1536w, https:\/\/www.rwg-bayreuth.de\/home\/wp-content\/uploads\/2023\/10\/SoziJubilaeum02-250x188.jpg 250w\" sizes=\"(max-width: 2048px) 100vw, 2048px\" \/><\/a><\/div><\/div><div class=\"su-image-carousel-item\"><div class=\"su-image-carousel-item-content\"><a href=\"https:\/\/www.rwg-bayreuth.de\/home\/wp-content\/uploads\/2023\/10\/SoziJubilaeum03.jpg\" data-caption=\"\"><img loading=\"lazy\" decoding=\"async\" width=\"2048\" height=\"1536\" src=\"https:\/\/www.rwg-bayreuth.de\/home\/wp-content\/uploads\/2023\/10\/SoziJubilaeum03.jpg\" class=\"\" alt=\"\" srcset=\"https:\/\/www.rwg-bayreuth.de\/home\/wp-content\/uploads\/2023\/10\/SoziJubilaeum03.jpg 2048w, https:\/\/www.rwg-bayreuth.de\/home\/wp-content\/uploads\/2023\/10\/SoziJubilaeum03-450x338.jpg 450w, https:\/\/www.rwg-bayreuth.de\/home\/wp-content\/uploads\/2023\/10\/SoziJubilaeum03-1024x768.jpg 1024w, https:\/\/www.rwg-bayreuth.de\/home\/wp-content\/uploads\/2023\/10\/SoziJubilaeum03-150x113.jpg 150w, https:\/\/www.rwg-bayreuth.de\/home\/wp-content\/uploads\/2023\/10\/SoziJubilaeum03-768x576.jpg 768w, https:\/\/www.rwg-bayreuth.de\/home\/wp-content\/uploads\/2023\/10\/SoziJubilaeum03-1536x1152.jpg 1536w, https:\/\/www.rwg-bayreuth.de\/home\/wp-content\/uploads\/2023\/10\/SoziJubilaeum03-250x188.jpg 250w\" sizes=\"(max-width: 2048px) 100vw, 2048px\" \/><\/a><\/div><\/div><div class=\"su-image-carousel-item\"><div class=\"su-image-carousel-item-content\"><a href=\"https:\/\/www.rwg-bayreuth.de\/home\/wp-content\/uploads\/2023\/10\/SoziJubilaeum04.jpg\" data-caption=\"\"><img loading=\"lazy\" decoding=\"async\" width=\"2048\" height=\"1536\" src=\"https:\/\/www.rwg-bayreuth.de\/home\/wp-content\/uploads\/2023\/10\/SoziJubilaeum04.jpg\" class=\"\" alt=\"\" srcset=\"https:\/\/www.rwg-bayreuth.de\/home\/wp-content\/uploads\/2023\/10\/SoziJubilaeum04.jpg 2048w, https:\/\/www.rwg-bayreuth.de\/home\/wp-content\/uploads\/2023\/10\/SoziJubilaeum04-450x338.jpg 450w, https:\/\/www.rwg-bayreuth.de\/home\/wp-content\/uploads\/2023\/10\/SoziJubilaeum04-1024x768.jpg 1024w, https:\/\/www.rwg-bayreuth.de\/home\/wp-content\/uploads\/2023\/10\/SoziJubilaeum04-150x113.jpg 150w, https:\/\/www.rwg-bayreuth.de\/home\/wp-content\/uploads\/2023\/10\/SoziJubilaeum04-768x576.jpg 768w, https:\/\/www.rwg-bayreuth.de\/home\/wp-content\/uploads\/2023\/10\/SoziJubilaeum04-1536x1152.jpg 1536w, https:\/\/www.rwg-bayreuth.de\/home\/wp-content\/uploads\/2023\/10\/SoziJubilaeum04-250x188.jpg 250w\" sizes=\"(max-width: 2048px) 100vw, 2048px\" \/><\/a><\/div><\/div><div class=\"su-image-carousel-item\"><div class=\"su-image-carousel-item-content\"><a href=\"https:\/\/www.rwg-bayreuth.de\/home\/wp-content\/uploads\/2023\/10\/SoziJubilaeum05.jpg\" data-caption=\"\"><img loading=\"lazy\" decoding=\"async\" width=\"2048\" height=\"1536\" src=\"https:\/\/www.rwg-bayreuth.de\/home\/wp-content\/uploads\/2023\/10\/SoziJubilaeum05.jpg\" class=\"\" alt=\"\" srcset=\"https:\/\/www.rwg-bayreuth.de\/home\/wp-content\/uploads\/2023\/10\/SoziJubilaeum05.jpg 2048w, https:\/\/www.rwg-bayreuth.de\/home\/wp-content\/uploads\/2023\/10\/SoziJubilaeum05-450x338.jpg 450w, https:\/\/www.rwg-bayreuth.de\/home\/wp-content\/uploads\/2023\/10\/SoziJubilaeum05-1024x768.jpg 1024w, https:\/\/www.rwg-bayreuth.de\/home\/wp-content\/uploads\/2023\/10\/SoziJubilaeum05-150x113.jpg 150w, https:\/\/www.rwg-bayreuth.de\/home\/wp-content\/uploads\/2023\/10\/SoziJubilaeum05-768x576.jpg 768w, https:\/\/www.rwg-bayreuth.de\/home\/wp-content\/uploads\/2023\/10\/SoziJubilaeum05-1536x1152.jpg 1536w, https:\/\/www.rwg-bayreuth.de\/home\/wp-content\/uploads\/2023\/10\/SoziJubilaeum05-250x188.jpg 250w\" sizes=\"(max-width: 2048px) 100vw, 2048px\" \/><\/a><\/div><\/div><div class=\"su-image-carousel-item\"><div class=\"su-image-carousel-item-content\"><a href=\"https:\/\/www.rwg-bayreuth.de\/home\/wp-content\/uploads\/2023\/10\/SoziJubilaeum06.jpg\" data-caption=\"\"><img loading=\"lazy\" decoding=\"async\" width=\"2048\" height=\"1536\" src=\"https:\/\/www.rwg-bayreuth.de\/home\/wp-content\/uploads\/2023\/10\/SoziJubilaeum06.jpg\" class=\"\" alt=\"\" srcset=\"https:\/\/www.rwg-bayreuth.de\/home\/wp-content\/uploads\/2023\/10\/SoziJubilaeum06.jpg 2048w, https:\/\/www.rwg-bayreuth.de\/home\/wp-content\/uploads\/2023\/10\/SoziJubilaeum06-450x338.jpg 450w, https:\/\/www.rwg-bayreuth.de\/home\/wp-content\/uploads\/2023\/10\/SoziJubilaeum06-1024x768.jpg 1024w, https:\/\/www.rwg-bayreuth.de\/home\/wp-content\/uploads\/2023\/10\/SoziJubilaeum06-150x113.jpg 150w, https:\/\/www.rwg-bayreuth.de\/home\/wp-content\/uploads\/2023\/10\/SoziJubilaeum06-768x576.jpg 768w, https:\/\/www.rwg-bayreuth.de\/home\/wp-content\/uploads\/2023\/10\/SoziJubilaeum06-1536x1152.jpg 1536w, https:\/\/www.rwg-bayreuth.de\/home\/wp-content\/uploads\/2023\/10\/SoziJubilaeum06-250x188.jpg 250w\" sizes=\"(max-width: 2048px) 100vw, 2048px\" \/><\/a><\/div><\/div><div class=\"su-image-carousel-item\"><div class=\"su-image-carousel-item-content\"><a href=\"https:\/\/www.rwg-bayreuth.de\/home\/wp-content\/uploads\/2023\/10\/SoziJubilaeum07.jpg\" data-caption=\"\"><img loading=\"lazy\" decoding=\"async\" width=\"2048\" height=\"1536\" src=\"https:\/\/www.rwg-bayreuth.de\/home\/wp-content\/uploads\/2023\/10\/SoziJubilaeum07.jpg\" class=\"\" alt=\"\" srcset=\"https:\/\/www.rwg-bayreuth.de\/home\/wp-content\/uploads\/2023\/10\/SoziJubilaeum07.jpg 2048w, https:\/\/www.rwg-bayreuth.de\/home\/wp-content\/uploads\/2023\/10\/SoziJubilaeum07-450x338.jpg 450w, https:\/\/www.rwg-bayreuth.de\/home\/wp-content\/uploads\/2023\/10\/SoziJubilaeum07-1024x768.jpg 1024w, https:\/\/www.rwg-bayreuth.de\/home\/wp-content\/uploads\/2023\/10\/SoziJubilaeum07-150x113.jpg 150w, https:\/\/www.rwg-bayreuth.de\/home\/wp-content\/uploads\/2023\/10\/SoziJubilaeum07-768x576.jpg 768w, https:\/\/www.rwg-bayreuth.de\/home\/wp-content\/uploads\/2023\/10\/SoziJubilaeum07-1536x1152.jpg 1536w, https:\/\/www.rwg-bayreuth.de\/home\/wp-content\/uploads\/2023\/10\/SoziJubilaeum07-250x188.jpg 250w\" sizes=\"(max-width: 2048px) 100vw, 2048px\" \/><\/a><\/div><\/div><div class=\"su-image-carousel-item\"><div class=\"su-image-carousel-item-content\"><a href=\"https:\/\/www.rwg-bayreuth.de\/home\/wp-content\/uploads\/2023\/10\/SoziJubilaeum08.jpg\" data-caption=\"\"><img loading=\"lazy\" decoding=\"async\" width=\"2048\" height=\"1536\" src=\"https:\/\/www.rwg-bayreuth.de\/home\/wp-content\/uploads\/2023\/10\/SoziJubilaeum08.jpg\" class=\"\" alt=\"\" srcset=\"https:\/\/www.rwg-bayreuth.de\/home\/wp-content\/uploads\/2023\/10\/SoziJubilaeum08.jpg 2048w, https:\/\/www.rwg-bayreuth.de\/home\/wp-content\/uploads\/2023\/10\/SoziJubilaeum08-450x338.jpg 450w, https:\/\/www.rwg-bayreuth.de\/home\/wp-content\/uploads\/2023\/10\/SoziJubilaeum08-1024x768.jpg 1024w, https:\/\/www.rwg-bayreuth.de\/home\/wp-content\/uploads\/2023\/10\/SoziJubilaeum08-150x113.jpg 150w, https:\/\/www.rwg-bayreuth.de\/home\/wp-content\/uploads\/2023\/10\/SoziJubilaeum08-768x576.jpg 768w, https:\/\/www.rwg-bayreuth.de\/home\/wp-content\/uploads\/2023\/10\/SoziJubilaeum08-1536x1152.jpg 1536w, https:\/\/www.rwg-bayreuth.de\/home\/wp-content\/uploads\/2023\/10\/SoziJubilaeum08-250x188.jpg 250w\" sizes=\"(max-width: 2048px) 100vw, 2048px\" \/><\/a><\/div><\/div><div class=\"su-image-carousel-item\"><div class=\"su-image-carousel-item-content\"><a href=\"https:\/\/www.rwg-bayreuth.de\/home\/wp-content\/uploads\/2023\/10\/SoziJubilaeum09.jpg\" data-caption=\"\"><img loading=\"lazy\" decoding=\"async\" width=\"2048\" height=\"1536\" src=\"https:\/\/www.rwg-bayreuth.de\/home\/wp-content\/uploads\/2023\/10\/SoziJubilaeum09.jpg\" class=\"\" alt=\"\" srcset=\"https:\/\/www.rwg-bayreuth.de\/home\/wp-content\/uploads\/2023\/10\/SoziJubilaeum09.jpg 2048w, https:\/\/www.rwg-bayreuth.de\/home\/wp-content\/uploads\/2023\/10\/SoziJubilaeum09-450x338.jpg 450w, https:\/\/www.rwg-bayreuth.de\/home\/wp-content\/uploads\/2023\/10\/SoziJubilaeum09-1024x768.jpg 1024w, https:\/\/www.rwg-bayreuth.de\/home\/wp-content\/uploads\/2023\/10\/SoziJubilaeum09-150x113.jpg 150w, https:\/\/www.rwg-bayreuth.de\/home\/wp-content\/uploads\/2023\/10\/SoziJubilaeum09-768x576.jpg 768w, https:\/\/www.rwg-bayreuth.de\/home\/wp-content\/uploads\/2023\/10\/SoziJubilaeum09-1536x1152.jpg 1536w, https:\/\/www.rwg-bayreuth.de\/home\/wp-content\/uploads\/2023\/10\/SoziJubilaeum09-250x188.jpg 250w\" sizes=\"(max-width: 2048px) 100vw, 2048px\" \/><\/a><\/div><\/div><div class=\"su-image-carousel-item\"><div class=\"su-image-carousel-item-content\"><a href=\"https:\/\/www.rwg-bayreuth.de\/home\/wp-content\/uploads\/2023\/10\/SoziJubilaeum10.jpg\" data-caption=\"\"><img loading=\"lazy\" decoding=\"async\" width=\"2048\" height=\"1536\" src=\"https:\/\/www.rwg-bayreuth.de\/home\/wp-content\/uploads\/2023\/10\/SoziJubilaeum10.jpg\" class=\"\" alt=\"\" srcset=\"https:\/\/www.rwg-bayreuth.de\/home\/wp-content\/uploads\/2023\/10\/SoziJubilaeum10.jpg 2048w, https:\/\/www.rwg-bayreuth.de\/home\/wp-content\/uploads\/2023\/10\/SoziJubilaeum10-450x338.jpg 450w, https:\/\/www.rwg-bayreuth.de\/home\/wp-content\/uploads\/2023\/10\/SoziJubilaeum10-1024x768.jpg 1024w, https:\/\/www.rwg-bayreuth.de\/home\/wp-content\/uploads\/2023\/10\/SoziJubilaeum10-150x113.jpg 150w, https:\/\/www.rwg-bayreuth.de\/home\/wp-content\/uploads\/2023\/10\/SoziJubilaeum10-768x576.jpg 768w, https:\/\/www.rwg-bayreuth.de\/home\/wp-content\/uploads\/2023\/10\/SoziJubilaeum10-1536x1152.jpg 1536w, https:\/\/www.rwg-bayreuth.de\/home\/wp-content\/uploads\/2023\/10\/SoziJubilaeum10-250x188.jpg 250w\" sizes=\"(max-width: 2048px) 100vw, 2048px\" \/><\/a><\/div><\/div><div class=\"su-image-carousel-item\"><div class=\"su-image-carousel-item-content\"><a href=\"https:\/\/www.rwg-bayreuth.de\/home\/wp-content\/uploads\/2023\/10\/SoziJubilaeum11.jpg\" data-caption=\"\"><img loading=\"lazy\" decoding=\"async\" width=\"2048\" height=\"1536\" src=\"https:\/\/www.rwg-bayreuth.de\/home\/wp-content\/uploads\/2023\/10\/SoziJubilaeum11.jpg\" class=\"\" alt=\"\" srcset=\"https:\/\/www.rwg-bayreuth.de\/home\/wp-content\/uploads\/2023\/10\/SoziJubilaeum11.jpg 2048w, https:\/\/www.rwg-bayreuth.de\/home\/wp-content\/uploads\/2023\/10\/SoziJubilaeum11-450x338.jpg 450w, https:\/\/www.rwg-bayreuth.de\/home\/wp-content\/uploads\/2023\/10\/SoziJubilaeum11-1024x768.jpg 1024w, https:\/\/www.rwg-bayreuth.de\/home\/wp-content\/uploads\/2023\/10\/SoziJubilaeum11-150x113.jpg 150w, https:\/\/www.rwg-bayreuth.de\/home\/wp-content\/uploads\/2023\/10\/SoziJubilaeum11-768x576.jpg 768w, https:\/\/www.rwg-bayreuth.de\/home\/wp-content\/uploads\/2023\/10\/SoziJubilaeum11-1536x1152.jpg 1536w, https:\/\/www.rwg-bayreuth.de\/home\/wp-content\/uploads\/2023\/10\/SoziJubilaeum11-250x188.jpg 250w\" sizes=\"(max-width: 2048px) 100vw, 2048px\" \/><\/a><\/div><\/div><div class=\"su-image-carousel-item\"><div class=\"su-image-carousel-item-content\"><a href=\"https:\/\/www.rwg-bayreuth.de\/home\/wp-content\/uploads\/2023\/10\/SoziJubilaeum12.jpg\" data-caption=\"\"><img loading=\"lazy\" decoding=\"async\" width=\"2048\" height=\"1536\" src=\"https:\/\/www.rwg-bayreuth.de\/home\/wp-content\/uploads\/2023\/10\/SoziJubilaeum12.jpg\" class=\"\" alt=\"\" srcset=\"https:\/\/www.rwg-bayreuth.de\/home\/wp-content\/uploads\/2023\/10\/SoziJubilaeum12.jpg 2048w, https:\/\/www.rwg-bayreuth.de\/home\/wp-content\/uploads\/2023\/10\/SoziJubilaeum12-450x338.jpg 450w, https:\/\/www.rwg-bayreuth.de\/home\/wp-content\/uploads\/2023\/10\/SoziJubilaeum12-1024x768.jpg 1024w, https:\/\/www.rwg-bayreuth.de\/home\/wp-content\/uploads\/2023\/10\/SoziJubilaeum12-150x113.jpg 150w, https:\/\/www.rwg-bayreuth.de\/home\/wp-content\/uploads\/2023\/10\/SoziJubilaeum12-768x576.jpg 768w, https:\/\/www.rwg-bayreuth.de\/home\/wp-content\/uploads\/2023\/10\/SoziJubilaeum12-1536x1152.jpg 1536w, https:\/\/www.rwg-bayreuth.de\/home\/wp-content\/uploads\/2023\/10\/SoziJubilaeum12-250x188.jpg 250w\" sizes=\"(max-width: 2048px) 100vw, 2048px\" \/><\/a><\/div><\/div><div class=\"su-image-carousel-item\"><div class=\"su-image-carousel-item-content\"><a href=\"https:\/\/www.rwg-bayreuth.de\/home\/wp-content\/uploads\/2023\/10\/SoziJubilaeum13.jpg\" data-caption=\"\"><img loading=\"lazy\" decoding=\"async\" width=\"2048\" height=\"1536\" src=\"https:\/\/www.rwg-bayreuth.de\/home\/wp-content\/uploads\/2023\/10\/SoziJubilaeum13.jpg\" class=\"\" alt=\"\" srcset=\"https:\/\/www.rwg-bayreuth.de\/home\/wp-content\/uploads\/2023\/10\/SoziJubilaeum13.jpg 2048w, https:\/\/www.rwg-bayreuth.de\/home\/wp-content\/uploads\/2023\/10\/SoziJubilaeum13-450x338.jpg 450w, https:\/\/www.rwg-bayreuth.de\/home\/wp-content\/uploads\/2023\/10\/SoziJubilaeum13-1024x768.jpg 1024w, https:\/\/www.rwg-bayreuth.de\/home\/wp-content\/uploads\/2023\/10\/SoziJubilaeum13-150x113.jpg 150w, https:\/\/www.rwg-bayreuth.de\/home\/wp-content\/uploads\/2023\/10\/SoziJubilaeum13-768x576.jpg 768w, https:\/\/www.rwg-bayreuth.de\/home\/wp-content\/uploads\/2023\/10\/SoziJubilaeum13-1536x1152.jpg 1536w, https:\/\/www.rwg-bayreuth.de\/home\/wp-content\/uploads\/2023\/10\/SoziJubilaeum13-250x188.jpg 250w\" sizes=\"(max-width: 2048px) 100vw, 2048px\" \/><\/a><\/div><\/div><\/div><script id=\"su_image_carousel_69f5b1cac8a3a_script\">if(window.SUImageCarousel){setTimeout(function() {window.SUImageCarousel.initGallery(document.getElementById(\"su_image_carousel_69f5b1cac8a3a\"))}, 0);}var su_image_carousel_69f5b1cac8a3a_script=document.getElementById(\"su_image_carousel_69f5b1cac8a3a_script\");if(su_image_carousel_69f5b1cac8a3a_script){su_image_carousel_69f5b1cac8a3a_script.parentNode.removeChild(su_image_carousel_69f5b1cac8a3a_script);}<\/script>\n","protected":false},"excerpt":{"rendered":"<p>Der Sozialwissenschaftliche Schulzweig des RWG wurde 50 Jahre alt. Er war 1965 gegr\u00fcndet worden. F\u00fcr die Schule war dies eine richtungsweisende Entscheidung, denn sie gab der Schule neben dem sprachlichen Zweig ein zweites, wichtiges Standbein. Zugleich markiert die Entscheidung, einen sozialwissenschaftlichen Schulzweig einzuf\u00fchren, auch eine f\u00fcr die Bildungslandschaft insgesamt wichtigen Meilenstein. Das RWG war eine&hellip;<\/p>\n","protected":false},"author":2,"featured_media":0,"parent":11141,"menu_order":50,"comment_status":"closed","ping_status":"closed","template":"page-templates\/no-sidebar.php","meta":{"footnotes":""},"tags":[],"_links":{"self":[{"href":"https:\/\/www.rwg-bayreuth.de\/home\/index.php?rest_route=\/wp\/v2\/pages\/8398"}],"collection":[{"href":"https:\/\/www.rwg-bayreuth.de\/home\/index.php?rest_route=\/wp\/v2\/pages"}],"about":[{"href":"https:\/\/www.rwg-bayreuth.de\/home\/index.php?rest_route=\/wp\/v2\/types\/page"}],"author":[{"embeddable":true,"href":"https:\/\/www.rwg-bayreuth.de\/home\/index.php?rest_route=\/wp\/v2\/users\/2"}],"replies":[{"embeddable":true,"href":"https:\/\/www.rwg-bayreuth.de\/home\/index.php?rest_route=%2Fwp%2Fv2%2Fcomments&post=8398"}],"version-history":[{"count":25,"href":"https:\/\/www.rwg-bayreuth.de\/home\/index.php?rest_route=\/wp\/v2\/pages\/8398\/revisions"}],"predecessor-version":[{"id":34709,"href":"https:\/\/www.rwg-bayreuth.de\/home\/index.php?rest_route=\/wp\/v2\/pages\/8398\/revisions\/34709"}],"up":[{"embeddable":true,"href":"https:\/\/www.rwg-bayreuth.de\/home\/index.php?rest_route=\/wp\/v2\/pages\/11141"}],"wp:attachment":[{"href":"https:\/\/www.rwg-bayreuth.de\/home\/index.php?rest_route=%2Fwp%2Fv2%2Fmedia&parent=8398"}],"wp:term":[{"taxonomy":"post_tag","embeddable":true,"href":"https:\/\/www.rwg-bayreuth.de\/home\/index.php?rest_route=%2Fwp%2Fv2%2Ftags&post=8398"}],"curies":[{"name":"wp","href":"https:\/\/api.w.org\/{rel}","templated":true}]}}