{"id":6673,"date":"2015-05-06T11:39:45","date_gmt":"2015-05-06T09:39:45","guid":{"rendered":"http:\/\/www.rwg-bayreuth.de\/home\/?page_id=6673"},"modified":"2020-02-19T15:16:31","modified_gmt":"2020-02-19T14:16:31","slug":"aktuelles-aus-den-mintfaechern","status":"publish","type":"page","link":"https:\/\/www.rwg-bayreuth.de\/home\/?page_id=6673","title":{"rendered":"Aktuelles aus den MINT-F\u00e4chern"},"content":{"rendered":"<p>Hier sind aktuelle Berichte aus dem Bereich der MINT-F\u00e4cher:<\/p>\n<div class=\"rwg_post_list\"><article id=\"post-40739\"class=\"cf post-40739 post type-post status-publish format-standard has-post-thumbnail hentry category-allgemein tag-home tag-matheimadvent tag-mathematik tag-mint\">\n \t\t<div class=\"entry-thumbnail fadein\"> \t\t\t<a href=\"https:\/\/www.rwg-bayreuth.de\/home\/?p=40739\"><img loading=\"lazy\" decoding=\"async\" width=\"1024\" height=\"683\" src=\"https:\/\/www.rwg-bayreuth.de\/home\/wp-content\/uploads\/2026\/01\/25-26-MatheImAdvent.jpg\" class=\"attachment-post-thumbnail size-post-thumbnail wp-post-image\" alt=\"\" srcset=\"https:\/\/www.rwg-bayreuth.de\/home\/wp-content\/uploads\/2026\/01\/25-26-MatheImAdvent.jpg 1024w, https:\/\/www.rwg-bayreuth.de\/home\/wp-content\/uploads\/2026\/01\/25-26-MatheImAdvent-150x100.jpg 150w, https:\/\/www.rwg-bayreuth.de\/home\/wp-content\/uploads\/2026\/01\/25-26-MatheImAdvent-450x300.jpg 450w, https:\/\/www.rwg-bayreuth.de\/home\/wp-content\/uploads\/2026\/01\/25-26-MatheImAdvent-768x512.jpg 768w, https:\/\/www.rwg-bayreuth.de\/home\/wp-content\/uploads\/2026\/01\/25-26-MatheImAdvent-250x167.jpg 250w, https:\/\/www.rwg-bayreuth.de\/home\/wp-content\/uploads\/2026\/01\/25-26-MatheImAdvent-900x600.jpg 900w\" sizes=\"(max-width: 1024px) 100vw, 1024px\" \/><\/a> \t\t<\/div><!-- end .entry-thumbnail -->\n<div class=\"meta-main-wrap\">\n  <div class=\"\">\n    <header class=\"entry-header\">\n      <div class=\"entry-cats\">\n        <div class=\"kategorie\"><a href=\"https:\/\/www.rwg-bayreuth.de\/home\/?cat=1\" rel=\"category\">Schulleben<\/a><\/div>\n<div class=\"entry-edit\" >      <div class=\"entry-date\" >\n        <a href=\"https:\/\/www.rwg-bayreuth.de\/home\/?p=40739\">28. Januar 2026<\/a>\n      <\/div><\/div><!-- end .entry-date -->\n      <\/div><!-- end .entry-cats -->\n<h2 class=\"entry-title\"><a href=\"https:\/\/www.rwg-bayreuth.de\/home\/?p=40739\" rel=\"bookmark\">Viele Gewinner bei Mathe im Advent<\/a><\/h2>\n    <\/header><!-- end .entry-header -->\n    <div class=\"entry-summary\">\nInsgesamt 92 Sch\u00fclerinnen und Sch\u00fcler gingen im Dezember f\u00fcr das RWG mit den PowerWichteln \u201eAuf Mathe-Mission zur Energie der Zukunft\u201c. Die Mathe-Wichtel waren in diesem Jahr unter anderem auf solarbetriebenen E-Bikes unterwegs und hatten Fragen dazu, wie lange die geladen werden m\u00fcssen. 24 Aufgaben mit netten Geschichten und ganz unterschiedlichen mathematischen Herausforderungen gab es zu&hellip;\n  <\/div><!-- .entry-summary -->\n  <\/div><!-- .entry-main -->\n<\/div><!-- .meta-main-wrap -->\n<\/article><!-- end post -40739 -->\n<article id=\"post-40065\"class=\"cf post-40065 post type-post status-publish format-standard has-post-thumbnail hentry category-allgemein tag-home tag-mint tag-nawigator\">\n \t\t<div class=\"entry-thumbnail fadein\"> \t\t\t<a href=\"https:\/\/www.rwg-bayreuth.de\/home\/?p=40065\"><img loading=\"lazy\" decoding=\"async\" width=\"1024\" height=\"683\" src=\"https:\/\/www.rwg-bayreuth.de\/home\/wp-content\/uploads\/2025\/10\/25-26-NaWigator-Jena-B.jpg\" class=\"attachment-post-thumbnail size-post-thumbnail wp-post-image\" alt=\"\" srcset=\"https:\/\/www.rwg-bayreuth.de\/home\/wp-content\/uploads\/2025\/10\/25-26-NaWigator-Jena-B.jpg 1024w, https:\/\/www.rwg-bayreuth.de\/home\/wp-content\/uploads\/2025\/10\/25-26-NaWigator-Jena-B-150x100.jpg 150w, https:\/\/www.rwg-bayreuth.de\/home\/wp-content\/uploads\/2025\/10\/25-26-NaWigator-Jena-B-450x300.jpg 450w, https:\/\/www.rwg-bayreuth.de\/home\/wp-content\/uploads\/2025\/10\/25-26-NaWigator-Jena-B-768x512.jpg 768w, https:\/\/www.rwg-bayreuth.de\/home\/wp-content\/uploads\/2025\/10\/25-26-NaWigator-Jena-B-250x167.jpg 250w, https:\/\/www.rwg-bayreuth.de\/home\/wp-content\/uploads\/2025\/10\/25-26-NaWigator-Jena-B-900x600.jpg 900w\" sizes=\"(max-width: 1024px) 100vw, 1024px\" \/><\/a> \t\t<\/div><!-- end .entry-thumbnail -->\n<div class=\"meta-main-wrap\">\n  <div class=\"\">\n    <header class=\"entry-header\">\n      <div class=\"entry-cats\">\n        <div class=\"kategorie\"><a href=\"https:\/\/www.rwg-bayreuth.de\/home\/?cat=1\" rel=\"category\">Schulleben<\/a><\/div>\n<div class=\"entry-edit\" >      <div class=\"entry-date\" >\n        <a href=\"https:\/\/www.rwg-bayreuth.de\/home\/?p=40065\">19. September 2025<\/a>\n      <\/div><\/div><!-- end .entry-date -->\n      <\/div><!-- end .entry-cats -->\n<h2 class=\"entry-title\"><a href=\"https:\/\/www.rwg-bayreuth.de\/home\/?p=40065\" rel=\"bookmark\">Besuch des MINT- Festivals in Jena<\/a><\/h2>\n    <\/header><!-- end .entry-header -->\n    <div class=\"entry-summary\">\nAm 18. September fuhr unsere letztj\u00e4hrige Gewinnerklasse 8a des NaWigator-Tags zu einem besonderen MINT-Highlight nach Jena. Voll motiviert wurde um 8 Uhr in Bayreuth gestartet und knapp 1,5 Stunden sp\u00e4ter erreichten wir die gro\u00dfe Mitmachausstellung mit 30 St\u00e4nden im Foyer der Uni Jena. Hier konnten sich die Sch\u00fcler und Sch\u00fclerinnen mit Themen wie zum Beispiel&hellip;\n  <\/div><!-- .entry-summary -->\n  <\/div><!-- .entry-main -->\n<\/div><!-- .meta-main-wrap -->\n<\/article><!-- end post -40065 -->\n<article id=\"post-39078\"class=\"cf post-39078 post type-post status-publish format-standard has-post-thumbnail hentry category-allgemein tag-home tag-kaenguru tag-mathematik tag-mint tag-wettbewerb\">\n \t\t<div class=\"entry-thumbnail fadein\"> \t\t\t<a href=\"https:\/\/www.rwg-bayreuth.de\/home\/?p=39078\"><img loading=\"lazy\" decoding=\"async\" width=\"1024\" height=\"683\" src=\"https:\/\/www.rwg-bayreuth.de\/home\/wp-content\/uploads\/2025\/06\/24-25-KaenguruWettbewerb-Gruppenbild-B.jpg\" class=\"attachment-post-thumbnail size-post-thumbnail wp-post-image\" alt=\"\" srcset=\"https:\/\/www.rwg-bayreuth.de\/home\/wp-content\/uploads\/2025\/06\/24-25-KaenguruWettbewerb-Gruppenbild-B.jpg 1024w, https:\/\/www.rwg-bayreuth.de\/home\/wp-content\/uploads\/2025\/06\/24-25-KaenguruWettbewerb-Gruppenbild-B-150x100.jpg 150w, https:\/\/www.rwg-bayreuth.de\/home\/wp-content\/uploads\/2025\/06\/24-25-KaenguruWettbewerb-Gruppenbild-B-450x300.jpg 450w, https:\/\/www.rwg-bayreuth.de\/home\/wp-content\/uploads\/2025\/06\/24-25-KaenguruWettbewerb-Gruppenbild-B-768x512.jpg 768w, https:\/\/www.rwg-bayreuth.de\/home\/wp-content\/uploads\/2025\/06\/24-25-KaenguruWettbewerb-Gruppenbild-B-250x167.jpg 250w, https:\/\/www.rwg-bayreuth.de\/home\/wp-content\/uploads\/2025\/06\/24-25-KaenguruWettbewerb-Gruppenbild-B-900x600.jpg 900w\" sizes=\"(max-width: 1024px) 100vw, 1024px\" \/><\/a> \t\t<\/div><!-- end .entry-thumbnail -->\n<div class=\"meta-main-wrap\">\n  <div class=\"\">\n    <header class=\"entry-header\">\n      <div class=\"entry-cats\">\n        <div class=\"kategorie\"><a href=\"https:\/\/www.rwg-bayreuth.de\/home\/?cat=1\" rel=\"category\">Schulleben<\/a><\/div>\n<div class=\"entry-edit\" >      <div class=\"entry-date\" >\n        <a href=\"https:\/\/www.rwg-bayreuth.de\/home\/?p=39078\">23. Mai 2025<\/a>\n      <\/div><\/div><!-- end .entry-date -->\n      <\/div><!-- end .entry-cats -->\n<h2 class=\"entry-title\"><a href=\"https:\/\/www.rwg-bayreuth.de\/home\/?p=39078\" rel=\"bookmark\">Gl\u00fcckw\u00fcnsche an die Preistr\u00e4ger beim K\u00e4nguru-Wettbewerb<\/a><\/h2>\n    <\/header><!-- end .entry-header -->\n    <div class=\"entry-summary\">\nAm 20. M\u00e4rz 2025 haben sich wieder viele unserer Sch\u00fclerinnen und Sch\u00fcler am internationalen Wettbewerb &#8222;K\u00e4nguru der Mathematik&#8220; beteiligt. Wir freuen uns, dass auch in diesem Jahr wieder etliche unsere Sch\u00fclerinnen und Sch\u00fcler die Preisr\u00e4nge erreichen konnten. Herzliche Gl\u00fcckw\u00fcnsche an die Preistr\u00e4ger: 3. Preise erzielten Elisa Schr\u00f6del (5b), Carlotta Achenbach (5c), Ben Kl\u00e4r (6a) und&hellip;\n  <\/div><!-- .entry-summary -->\n  <\/div><!-- .entry-main -->\n<\/div><!-- .meta-main-wrap -->\n<\/article><!-- end post -39078 -->\n<article id=\"post-38885\"class=\"cf post-38885 post type-post status-publish format-standard has-post-thumbnail hentry category-allgemein tag-biologie tag-home tag-mint\">\n \t\t<div class=\"entry-thumbnail fadein\"> \t\t\t<a href=\"https:\/\/www.rwg-bayreuth.de\/home\/?p=38885\"><img loading=\"lazy\" decoding=\"async\" width=\"1024\" height=\"683\" src=\"https:\/\/www.rwg-bayreuth.de\/home\/wp-content\/uploads\/2025\/05\/24-25-Wildbienen-B.jpg\" class=\"attachment-post-thumbnail size-post-thumbnail wp-post-image\" alt=\"\" srcset=\"https:\/\/www.rwg-bayreuth.de\/home\/wp-content\/uploads\/2025\/05\/24-25-Wildbienen-B.jpg 1024w, https:\/\/www.rwg-bayreuth.de\/home\/wp-content\/uploads\/2025\/05\/24-25-Wildbienen-B-150x100.jpg 150w, https:\/\/www.rwg-bayreuth.de\/home\/wp-content\/uploads\/2025\/05\/24-25-Wildbienen-B-450x300.jpg 450w, https:\/\/www.rwg-bayreuth.de\/home\/wp-content\/uploads\/2025\/05\/24-25-Wildbienen-B-768x512.jpg 768w, https:\/\/www.rwg-bayreuth.de\/home\/wp-content\/uploads\/2025\/05\/24-25-Wildbienen-B-250x167.jpg 250w, https:\/\/www.rwg-bayreuth.de\/home\/wp-content\/uploads\/2025\/05\/24-25-Wildbienen-B-900x600.jpg 900w\" sizes=\"(max-width: 1024px) 100vw, 1024px\" \/><\/a> \t\t<\/div><!-- end .entry-thumbnail -->\n<div class=\"meta-main-wrap\">\n  <div class=\"\">\n    <header class=\"entry-header\">\n      <div class=\"entry-cats\">\n        <div class=\"kategorie\"><a href=\"https:\/\/www.rwg-bayreuth.de\/home\/?cat=1\" rel=\"category\">Schulleben<\/a><\/div>\n<div class=\"entry-edit\" >      <div class=\"entry-date\" >\n        <a href=\"https:\/\/www.rwg-bayreuth.de\/home\/?p=38885\">20. Mai 2025<\/a>\n      <\/div><\/div><!-- end .entry-date -->\n      <\/div><!-- end .entry-cats -->\n<h2 class=\"entry-title\"><a href=\"https:\/\/www.rwg-bayreuth.de\/home\/?p=38885\" rel=\"bookmark\">Wildbienenmonitoring am RWG-Gel\u00e4nde<\/a><\/h2>\n    <\/header><!-- end .entry-header -->\n    <div class=\"entry-summary\">\nAuch am RWG wollen wir dem Insektensterben entgegenwirken und den Lebensraum f\u00fcr Wildbienen verbessern. Seit dem Schuljahr 2023\/24 nehmen wir am Nisthilfeprojekt \u201eDigitale Bestimmung und Biomonitoring mithilfe von Insekten-Nisthilfen als Citizen-Science-Projekt\u201c der Universit\u00e4t Bamberg teil. Anfang M\u00e4rz 2024 wurde die von der Universit\u00e4t Bamberg bereitgestellte kleine Nisthilfe am Fenster der Turnhallen-Umkleide positioniert. Es befinden sich&hellip;\n  <\/div><!-- .entry-summary -->\n  <\/div><!-- .entry-main -->\n<\/div><!-- .meta-main-wrap -->\n<\/article><!-- end post -38885 -->\n<article id=\"post-38930\"class=\"cf post-38930 post type-post status-publish format-standard has-post-thumbnail hentry category-allgemein tag-5te-klassen tag-home tag-ijso tag-mint\">\n \t\t<div class=\"entry-thumbnail fadein\"> \t\t\t<a href=\"https:\/\/www.rwg-bayreuth.de\/home\/?p=38930\"><img loading=\"lazy\" decoding=\"async\" width=\"1024\" height=\"678\" src=\"https:\/\/www.rwg-bayreuth.de\/home\/wp-content\/uploads\/2025\/05\/24-25-DSC_Auszeichnung_IJSO_Aufgabenrunde.jpg\" class=\"attachment-post-thumbnail size-post-thumbnail wp-post-image\" alt=\"\" srcset=\"https:\/\/www.rwg-bayreuth.de\/home\/wp-content\/uploads\/2025\/05\/24-25-DSC_Auszeichnung_IJSO_Aufgabenrunde.jpg 1024w, https:\/\/www.rwg-bayreuth.de\/home\/wp-content\/uploads\/2025\/05\/24-25-DSC_Auszeichnung_IJSO_Aufgabenrunde-150x99.jpg 150w, https:\/\/www.rwg-bayreuth.de\/home\/wp-content\/uploads\/2025\/05\/24-25-DSC_Auszeichnung_IJSO_Aufgabenrunde-450x298.jpg 450w, https:\/\/www.rwg-bayreuth.de\/home\/wp-content\/uploads\/2025\/05\/24-25-DSC_Auszeichnung_IJSO_Aufgabenrunde-768x509.jpg 768w, https:\/\/www.rwg-bayreuth.de\/home\/wp-content\/uploads\/2025\/05\/24-25-DSC_Auszeichnung_IJSO_Aufgabenrunde-250x166.jpg 250w, https:\/\/www.rwg-bayreuth.de\/home\/wp-content\/uploads\/2025\/05\/24-25-DSC_Auszeichnung_IJSO_Aufgabenrunde-600x397.jpg 600w\" sizes=\"(max-width: 1024px) 100vw, 1024px\" \/><\/a> \t\t<\/div><!-- end .entry-thumbnail -->\n<div class=\"meta-main-wrap\">\n  <div class=\"\">\n    <header class=\"entry-header\">\n      <div class=\"entry-cats\">\n        <div class=\"kategorie\"><a href=\"https:\/\/www.rwg-bayreuth.de\/home\/?cat=1\" rel=\"category\">Schulleben<\/a><\/div>\n<div class=\"entry-edit\" >      <div class=\"entry-date\" >\n        <a href=\"https:\/\/www.rwg-bayreuth.de\/home\/?p=38930\">20. Mai 2025<\/a>\n      <\/div><\/div><!-- end .entry-date -->\n      <\/div><!-- end .entry-cats -->\n<h2 class=\"entry-title\"><a href=\"https:\/\/www.rwg-bayreuth.de\/home\/?p=38930\" rel=\"bookmark\">Papier \u2013 ein faszinierender Werkstoff<\/a><\/h2>\n    <\/header><!-- end .entry-header -->\n    <div class=\"entry-summary\">\nErfolgreiche Teilnahme des Profils Forschen und Experimentieren an der Aufgabenrunde der IJSO \u2013 Internationale JuniorScienceOlympiade 2025 Papier ist ein faszinierender Werkstoff, der in allen Lebensbereichen Anwendung findet. Die Vielfalt von Papier und seine Einsatzm\u00f6glichkeiten zu erforschen, stand im Fokus der Aufgabenrunde der IJSO 2025. Die unterschiedlichen Verwendungsm\u00f6glichkeiten von Papier, z.B. als Schreibpapier oder Papiertaschentuch, erfordern&hellip;\n  <\/div><!-- .entry-summary -->\n  <\/div><!-- .entry-main -->\n<\/div><!-- .meta-main-wrap -->\n<\/article><!-- end post -38930 -->\n<article id=\"post-38935\"class=\"cf post-38935 post type-post status-publish format-standard has-post-thumbnail hentry category-allgemein tag-home tag-infobiber tag-informatik tag-mint tag-wettbewerb\">\n \t\t<div class=\"entry-thumbnail fadein\"> \t\t\t<a href=\"https:\/\/www.rwg-bayreuth.de\/home\/?p=38935\"><img loading=\"lazy\" decoding=\"async\" width=\"2560\" height=\"1708\" src=\"https:\/\/www.rwg-bayreuth.de\/home\/wp-content\/uploads\/2025\/05\/24-25-InfoBiber-scaled.jpg\" class=\"attachment-post-thumbnail size-post-thumbnail wp-post-image\" alt=\"\" srcset=\"https:\/\/www.rwg-bayreuth.de\/home\/wp-content\/uploads\/2025\/05\/24-25-InfoBiber-scaled.jpg 2560w, https:\/\/www.rwg-bayreuth.de\/home\/wp-content\/uploads\/2025\/05\/24-25-InfoBiber-1536x1025.jpg 1536w, https:\/\/www.rwg-bayreuth.de\/home\/wp-content\/uploads\/2025\/05\/24-25-InfoBiber-2048x1366.jpg 2048w, https:\/\/www.rwg-bayreuth.de\/home\/wp-content\/uploads\/2025\/05\/24-25-InfoBiber-150x100.jpg 150w, https:\/\/www.rwg-bayreuth.de\/home\/wp-content\/uploads\/2025\/05\/24-25-InfoBiber-450x300.jpg 450w, https:\/\/www.rwg-bayreuth.de\/home\/wp-content\/uploads\/2025\/05\/24-25-InfoBiber-768x512.jpg 768w, https:\/\/www.rwg-bayreuth.de\/home\/wp-content\/uploads\/2025\/05\/24-25-InfoBiber-1024x683.jpg 1024w, https:\/\/www.rwg-bayreuth.de\/home\/wp-content\/uploads\/2025\/05\/24-25-InfoBiber-250x167.jpg 250w, https:\/\/www.rwg-bayreuth.de\/home\/wp-content\/uploads\/2025\/05\/24-25-InfoBiber-900x600.jpg 900w\" sizes=\"(max-width: 2560px) 100vw, 2560px\" \/><\/a> \t\t<\/div><!-- end .entry-thumbnail -->\n<div class=\"meta-main-wrap\">\n  <div class=\"\">\n    <header class=\"entry-header\">\n      <div class=\"entry-cats\">\n        <div class=\"kategorie\"><a href=\"https:\/\/www.rwg-bayreuth.de\/home\/?cat=1\" rel=\"category\">Schulleben<\/a><\/div>\n<div class=\"entry-edit\" >      <div class=\"entry-date\" >\n        <a href=\"https:\/\/www.rwg-bayreuth.de\/home\/?p=38935\">22. Januar 2025<\/a>\n      <\/div><\/div><!-- end .entry-date -->\n      <\/div><!-- end .entry-cats -->\n<h2 class=\"entry-title\"><a href=\"https:\/\/www.rwg-bayreuth.de\/home\/?p=38935\" rel=\"bookmark\">Teilnahme am Informatik-Biber 2024<\/a><\/h2>\n    <\/header><!-- end .entry-header -->\n    <div class=\"entry-summary\">\nBeim letzten Informatik-Biber-Wettbewerb haben 247 Sch\u00fclerinnen und Sch\u00fcler unserer Schule teilgenommen. Der Wettbewerb richtet sich an Kinder und Jugendliche und f\u00f6rdert auf spielerische Weise das logische Denken und probleml\u00f6sende Arbeiten im Bereich der Informatik. Vorkenntnisse sind nicht erforderlich, im Mittelpunkt stehen das L\u00f6sen von Aufgaben und das Verst\u00e4ndnis grundlegender informatischer Konzepte. Einige Teilnehmende konnten besonders&hellip;\n  <\/div><!-- .entry-summary -->\n  <\/div><!-- .entry-main -->\n<\/div><!-- .meta-main-wrap -->\n<\/article><!-- end post -38935 -->\n<article id=\"post-37966\"class=\"cf post-37966 post type-post status-publish format-standard has-post-thumbnail hentry category-allgemein tag-home tag-matheimadvent tag-mathematik tag-mint tag-wettbewerb\">\n \t\t<div class=\"entry-thumbnail fadein\"> \t\t\t<a href=\"https:\/\/www.rwg-bayreuth.de\/home\/?p=37966\"><img loading=\"lazy\" decoding=\"async\" width=\"1024\" height=\"683\" src=\"https:\/\/www.rwg-bayreuth.de\/home\/wp-content\/uploads\/2025\/01\/24-25-MatheImAdvent-B.jpg\" class=\"attachment-post-thumbnail size-post-thumbnail wp-post-image\" alt=\"\" srcset=\"https:\/\/www.rwg-bayreuth.de\/home\/wp-content\/uploads\/2025\/01\/24-25-MatheImAdvent-B.jpg 1024w, https:\/\/www.rwg-bayreuth.de\/home\/wp-content\/uploads\/2025\/01\/24-25-MatheImAdvent-B-150x100.jpg 150w, https:\/\/www.rwg-bayreuth.de\/home\/wp-content\/uploads\/2025\/01\/24-25-MatheImAdvent-B-450x300.jpg 450w, https:\/\/www.rwg-bayreuth.de\/home\/wp-content\/uploads\/2025\/01\/24-25-MatheImAdvent-B-768x512.jpg 768w, https:\/\/www.rwg-bayreuth.de\/home\/wp-content\/uploads\/2025\/01\/24-25-MatheImAdvent-B-250x167.jpg 250w, https:\/\/www.rwg-bayreuth.de\/home\/wp-content\/uploads\/2025\/01\/24-25-MatheImAdvent-B-900x600.jpg 900w\" sizes=\"(max-width: 1024px) 100vw, 1024px\" \/><\/a> \t\t<\/div><!-- end .entry-thumbnail -->\n<div class=\"meta-main-wrap\">\n  <div class=\"\">\n    <header class=\"entry-header\">\n      <div class=\"entry-cats\">\n        <div class=\"kategorie\"><a href=\"https:\/\/www.rwg-bayreuth.de\/home\/?cat=1\" rel=\"category\">Schulleben<\/a><\/div>\n<div class=\"entry-edit\" >      <div class=\"entry-date\" >\n        <a href=\"https:\/\/www.rwg-bayreuth.de\/home\/?p=37966\">16. Januar 2025<\/a>\n      <\/div><\/div><!-- end .entry-date -->\n      <\/div><!-- end .entry-cats -->\n<h2 class=\"entry-title\"><a href=\"https:\/\/www.rwg-bayreuth.de\/home\/?p=37966\" rel=\"bookmark\">Strahlende Sieger bei Mathe im Advent<\/a><\/h2>\n    <\/header><!-- end .entry-header -->\n    <div class=\"entry-summary\">\n\u201eZur\u00fcck zu den Wurzeln\u201c hie\u00df diesmal das Motto des mathematischen Adventskalenders. 24 kreative R\u00e4tsel und Probleme aus der Welt der Weihnachtswichtel warteten im Dezember 2024 auf die Sch\u00fclerinnen und Sch\u00fcler. Die besonders Erfolgreichen unter Ihnen begl\u00fcckw\u00fcnschte Frau Graf bei der Siegerehrung am 15.01.2025 pers\u00f6nlich und h\u00e4ndigte elf Goldmedaillen und elf Silbermedaillen aus. Beste Klasse wurde&hellip;\n  <\/div><!-- .entry-summary -->\n  <\/div><!-- .entry-main -->\n<\/div><!-- .meta-main-wrap -->\n<\/article><!-- end post -37966 -->\n<article id=\"post-39031\"class=\"cf post-39031 post type-post status-publish format-standard has-post-thumbnail hentry category-allgemein tag-biologie tag-chemie tag-geographie tag-mint tag-nawigator tag-physik\">\n \t\t<div class=\"entry-thumbnail fadein\"> \t\t\t<a href=\"https:\/\/www.rwg-bayreuth.de\/home\/?p=39031\"><img loading=\"lazy\" decoding=\"async\" width=\"1024\" height=\"678\" src=\"https:\/\/www.rwg-bayreuth.de\/home\/wp-content\/uploads\/2025\/05\/24-25-Herzlichen-Glueckwunsch-an-die-Klasse-7a-Schulsieger-NaWigator-2024.jpg\" class=\"attachment-post-thumbnail size-post-thumbnail wp-post-image\" alt=\"\" srcset=\"https:\/\/www.rwg-bayreuth.de\/home\/wp-content\/uploads\/2025\/05\/24-25-Herzlichen-Glueckwunsch-an-die-Klasse-7a-Schulsieger-NaWigator-2024.jpg 1024w, https:\/\/www.rwg-bayreuth.de\/home\/wp-content\/uploads\/2025\/05\/24-25-Herzlichen-Glueckwunsch-an-die-Klasse-7a-Schulsieger-NaWigator-2024-150x99.jpg 150w, https:\/\/www.rwg-bayreuth.de\/home\/wp-content\/uploads\/2025\/05\/24-25-Herzlichen-Glueckwunsch-an-die-Klasse-7a-Schulsieger-NaWigator-2024-450x298.jpg 450w, https:\/\/www.rwg-bayreuth.de\/home\/wp-content\/uploads\/2025\/05\/24-25-Herzlichen-Glueckwunsch-an-die-Klasse-7a-Schulsieger-NaWigator-2024-768x509.jpg 768w, https:\/\/www.rwg-bayreuth.de\/home\/wp-content\/uploads\/2025\/05\/24-25-Herzlichen-Glueckwunsch-an-die-Klasse-7a-Schulsieger-NaWigator-2024-250x166.jpg 250w\" sizes=\"(max-width: 1024px) 100vw, 1024px\" \/><\/a> \t\t<\/div><!-- end .entry-thumbnail -->\n<div class=\"meta-main-wrap\">\n  <div class=\"\">\n    <header class=\"entry-header\">\n      <div class=\"entry-cats\">\n        <div class=\"kategorie\"><a href=\"https:\/\/www.rwg-bayreuth.de\/home\/?cat=1\" rel=\"category\">Schulleben<\/a><\/div>\n<div class=\"entry-edit\" >      <div class=\"entry-date\" >\n        <a href=\"https:\/\/www.rwg-bayreuth.de\/home\/?p=39031\">23. Oktober 2024<\/a>\n      <\/div><\/div><!-- end .entry-date -->\n      <\/div><!-- end .entry-cats -->\n<h2 class=\"entry-title\"><a href=\"https:\/\/www.rwg-bayreuth.de\/home\/?p=39031\" rel=\"bookmark\">NaWigator-Wettbewerbstag am RWG<\/a><\/h2>\n    <\/header><!-- end .entry-header -->\n    <div class=\"entry-summary\">\nDie Klasse 7a holt sich im Schuljahr 2024\/25 den Schulsieg An unserem Richard-Wagner-Gymnasium fand auch dieses Schuljahr wieder ein besonderer Wettbewerbstag f\u00fcr alle Sch\u00fclerinnen und Sch\u00fcler des 7. Jahrgangs statt. Ein ganzer Schultag stand am 22. Oktober 2024 den Sch\u00fclerinnen und Sch\u00fclern zur Verf\u00fcgung, um in die Welt der Naturwissenschaften einzutauchen. Der NaWigator-Wettbewerbstag dient dazu,&hellip;\n  <\/div><!-- .entry-summary -->\n  <\/div><!-- .entry-main -->\n<\/div><!-- .meta-main-wrap -->\n<\/article><!-- end post -39031 -->\n<article id=\"post-37152\"class=\"cf post-37152 post type-post status-publish format-standard has-post-thumbnail hentry category-allgemein tag-5te-klassen tag-biologie tag-home tag-kompass tag-mint\">\n \t\t<div class=\"entry-thumbnail fadein\"> \t\t\t<a href=\"https:\/\/www.rwg-bayreuth.de\/home\/?p=37152\"><img loading=\"lazy\" decoding=\"async\" width=\"1024\" height=\"683\" src=\"https:\/\/www.rwg-bayreuth.de\/home\/wp-content\/uploads\/2024\/11\/23-24-KrautUndRueben-Abschluss-B.jpg\" class=\"attachment-post-thumbnail size-post-thumbnail wp-post-image\" alt=\"\" srcset=\"https:\/\/www.rwg-bayreuth.de\/home\/wp-content\/uploads\/2024\/11\/23-24-KrautUndRueben-Abschluss-B.jpg 1024w, https:\/\/www.rwg-bayreuth.de\/home\/wp-content\/uploads\/2024\/11\/23-24-KrautUndRueben-Abschluss-B-150x100.jpg 150w, https:\/\/www.rwg-bayreuth.de\/home\/wp-content\/uploads\/2024\/11\/23-24-KrautUndRueben-Abschluss-B-450x300.jpg 450w, https:\/\/www.rwg-bayreuth.de\/home\/wp-content\/uploads\/2024\/11\/23-24-KrautUndRueben-Abschluss-B-768x512.jpg 768w, https:\/\/www.rwg-bayreuth.de\/home\/wp-content\/uploads\/2024\/11\/23-24-KrautUndRueben-Abschluss-B-250x167.jpg 250w, https:\/\/www.rwg-bayreuth.de\/home\/wp-content\/uploads\/2024\/11\/23-24-KrautUndRueben-Abschluss-B-900x600.jpg 900w\" sizes=\"(max-width: 1024px) 100vw, 1024px\" \/><\/a> \t\t<\/div><!-- end .entry-thumbnail -->\n<div class=\"meta-main-wrap\">\n  <div class=\"\">\n    <header class=\"entry-header\">\n      <div class=\"entry-cats\">\n        <div class=\"kategorie\"><a href=\"https:\/\/www.rwg-bayreuth.de\/home\/?cat=1\" rel=\"category\">Schulleben<\/a><\/div>\n<div class=\"entry-edit\" >      <div class=\"entry-date\" >\n        <a href=\"https:\/\/www.rwg-bayreuth.de\/home\/?p=37152\">21. August 2024<\/a>\n      <\/div><\/div><!-- end .entry-date -->\n      <\/div><!-- end .entry-cats -->\n<h2 class=\"entry-title\"><a href=\"https:\/\/www.rwg-bayreuth.de\/home\/?p=37152\" rel=\"bookmark\">Kraut und R\u00fcben-Projekt bei TVO<\/a><\/h2>\n    <\/header><!-- end .entry-header -->\n    <div class=\"entry-summary\">\nMit dem Ende des Schuljahres 2023\/24 konnten unsere Sch\u00fclerinnen und Sch\u00fcler aus den f\u00fcnften Klassen im wahrsten Sinne des Wortes sehen, dass ihre Arbeit Fr\u00fcchte tr\u00e4gt: Im Projekt \u201eKraut und R\u00fcben\u201c begann die Erntezeit. Im verlinkten Beitrag von TVO k\u00f6nnen Sie ab 8min 30sec sehen, wie es den Kindern der Klasse 5a dabei ergangen ist.&hellip;\n  <\/div><!-- .entry-summary -->\n  <\/div><!-- .entry-main -->\n<\/div><!-- .meta-main-wrap -->\n<\/article><!-- end post -37152 -->\n<article id=\"post-39042\"class=\"cf post-39042 post type-post status-publish format-standard has-post-thumbnail hentry category-allgemein tag-home tag-mint tag-physik\">\n \t\t<div class=\"entry-thumbnail fadein\"> \t\t\t<a href=\"https:\/\/www.rwg-bayreuth.de\/home\/?p=39042\"><img loading=\"lazy\" decoding=\"async\" width=\"1024\" height=\"683\" src=\"https:\/\/www.rwg-bayreuth.de\/home\/wp-content\/uploads\/2025\/05\/23-24-NuT-Fahrt-Nuernberg.jpg\" class=\"attachment-post-thumbnail size-post-thumbnail wp-post-image\" alt=\"\" srcset=\"https:\/\/www.rwg-bayreuth.de\/home\/wp-content\/uploads\/2025\/05\/23-24-NuT-Fahrt-Nuernberg.jpg 1024w, https:\/\/www.rwg-bayreuth.de\/home\/wp-content\/uploads\/2025\/05\/23-24-NuT-Fahrt-Nuernberg-150x100.jpg 150w, https:\/\/www.rwg-bayreuth.de\/home\/wp-content\/uploads\/2025\/05\/23-24-NuT-Fahrt-Nuernberg-450x300.jpg 450w, https:\/\/www.rwg-bayreuth.de\/home\/wp-content\/uploads\/2025\/05\/23-24-NuT-Fahrt-Nuernberg-768x512.jpg 768w, https:\/\/www.rwg-bayreuth.de\/home\/wp-content\/uploads\/2025\/05\/23-24-NuT-Fahrt-Nuernberg-250x167.jpg 250w, https:\/\/www.rwg-bayreuth.de\/home\/wp-content\/uploads\/2025\/05\/23-24-NuT-Fahrt-Nuernberg-900x600.jpg 900w\" sizes=\"(max-width: 1024px) 100vw, 1024px\" \/><\/a> \t\t<\/div><!-- end .entry-thumbnail -->\n<div class=\"meta-main-wrap\">\n  <div class=\"\">\n    <header class=\"entry-header\">\n      <div class=\"entry-cats\">\n        <div class=\"kategorie\"><a href=\"https:\/\/www.rwg-bayreuth.de\/home\/?cat=1\" rel=\"category\">Schulleben<\/a><\/div>\n<div class=\"entry-edit\" >      <div class=\"entry-date\" >\n        <a href=\"https:\/\/www.rwg-bayreuth.de\/home\/?p=39042\">27. Juli 2024<\/a>\n      <\/div><\/div><!-- end .entry-date -->\n      <\/div><!-- end .entry-cats -->\n<h2 class=\"entry-title\"><a href=\"https:\/\/www.rwg-bayreuth.de\/home\/?p=39042\" rel=\"bookmark\">Faszination Naturwissenschaften \u2013 Natur und Technikfahrt der 7. Klassen<\/a><\/h2>\n    <\/header><!-- end .entry-header -->\n    <div class=\"entry-summary\">\nWie jedes Jahr fand in der vorletzten Unterrichtswoche im Juli 2024 eine naturwissenschaftliche Fahrt der 7. Klassen nach N\u00fcrnberg statt.\u00a0 Diese Fahrt bildet den Abschluss des Natur- und Technik\u00adunter\u00adrichts, den die Kinder seit der 5. Klasse erhalten. Erste Anlaufstation war das Nicolaus-Copernikus-Planetarium, in dem die Sch\u00fcler-\/innen in einer beeindruckenden, kurzweiligen Vorstellung mit dem Titel \u201eExpedition&hellip;\n  <\/div><!-- .entry-summary -->\n  <\/div><!-- .entry-main -->\n<\/div><!-- .meta-main-wrap -->\n<\/article><!-- end post -39042 -->\n<ul class='lcp_paginator'><li class='lcp_currentpage'>1<\/li><li><a href='https:\/\/www.rwg-bayreuth.de\/home\/index.php?rest_route=%2Fwp%2Fv2%2Fpages%2F6673&#038;lcp_page0=2#lcp_instance_0' title='2'>2<\/a><\/li><li><a href='https:\/\/www.rwg-bayreuth.de\/home\/index.php?rest_route=%2Fwp%2Fv2%2Fpages%2F6673&#038;lcp_page0=3#lcp_instance_0' title='3'>3<\/a><\/li><li><a href='https:\/\/www.rwg-bayreuth.de\/home\/index.php?rest_route=%2Fwp%2Fv2%2Fpages%2F6673&#038;lcp_page0=4#lcp_instance_0' title='4'>4<\/a><\/li><li><a href='https:\/\/www.rwg-bayreuth.de\/home\/index.php?rest_route=%2Fwp%2Fv2%2Fpages%2F6673&#038;lcp_page0=5#lcp_instance_0' title='5'>5<\/a><\/li><li><a href='https:\/\/www.rwg-bayreuth.de\/home\/index.php?rest_route=%2Fwp%2Fv2%2Fpages%2F6673&#038;lcp_page0=6#lcp_instance_0' title='6'>6<\/a><\/li><span class='lcp_elipsis'>...<\/span><li><a href='https:\/\/www.rwg-bayreuth.de\/home\/index.php?rest_route=%2Fwp%2Fv2%2Fpages%2F6673&#038;lcp_page0=8#lcp_instance_0' title='8'>8<\/a><\/li><li><a href='https:\/\/www.rwg-bayreuth.de\/home\/index.php?rest_route=%2Fwp%2Fv2%2Fpages%2F6673&#038;lcp_page0=2#lcp_instance_0' title='2' class='lcp_nextlink'>&gt;&gt;<\/a><\/li><\/ul><\/div><!-- end .rwg_post_list --><!-- after='-800 days'--><\/p>\n","protected":false},"excerpt":{"rendered":"<p>Hier sind aktuelle Berichte aus dem Bereich der MINT-F\u00e4cher:<\/p>\n","protected":false},"author":2,"featured_media":0,"parent":6833,"menu_order":2,"comment_status":"closed","ping_status":"closed","template":"page-templates\/no-sidebar.php","meta":{"footnotes":""},"tags":[54],"_links":{"self":[{"href":"https:\/\/www.rwg-bayreuth.de\/home\/index.php?rest_route=\/wp\/v2\/pages\/6673"}],"collection":[{"href":"https:\/\/www.rwg-bayreuth.de\/home\/index.php?rest_route=\/wp\/v2\/pages"}],"about":[{"href":"https:\/\/www.rwg-bayreuth.de\/home\/index.php?rest_route=\/wp\/v2\/types\/page"}],"author":[{"embeddable":true,"href":"https:\/\/www.rwg-bayreuth.de\/home\/index.php?rest_route=\/wp\/v2\/users\/2"}],"replies":[{"embeddable":true,"href":"https:\/\/www.rwg-bayreuth.de\/home\/index.php?rest_route=%2Fwp%2Fv2%2Fcomments&post=6673"}],"version-history":[{"count":33,"href":"https:\/\/www.rwg-bayreuth.de\/home\/index.php?rest_route=\/wp\/v2\/pages\/6673\/revisions"}],"predecessor-version":[{"id":24238,"href":"https:\/\/www.rwg-bayreuth.de\/home\/index.php?rest_route=\/wp\/v2\/pages\/6673\/revisions\/24238"}],"up":[{"embeddable":true,"href":"https:\/\/www.rwg-bayreuth.de\/home\/index.php?rest_route=\/wp\/v2\/pages\/6833"}],"wp:attachment":[{"href":"https:\/\/www.rwg-bayreuth.de\/home\/index.php?rest_route=%2Fwp%2Fv2%2Fmedia&parent=6673"}],"wp:term":[{"taxonomy":"post_tag","embeddable":true,"href":"https:\/\/www.rwg-bayreuth.de\/home\/index.php?rest_route=%2Fwp%2Fv2%2Ftags&post=6673"}],"curies":[{"name":"wp","href":"https:\/\/api.w.org\/{rel}","templated":true}]}}