{"id":39785,"date":"2025-09-08T12:57:11","date_gmt":"2025-09-08T10:57:11","guid":{"rendered":"https:\/\/www.rwg-bayreuth.de\/home\/?page_id=39785"},"modified":"2025-09-08T12:57:11","modified_gmt":"2025-09-08T10:57:11","slug":"berichte-6","status":"publish","type":"page","link":"https:\/\/www.rwg-bayreuth.de\/home\/?page_id=39785","title":{"rendered":"Berichte"},"content":{"rendered":"<span id=\"seitenanfang\"><\/span><p>Hier finden Sie die Berichte aus dem Schulleben des RWG seit dem Schuljahr 2016\/17. \u00c4ltere Berichte <!--sind im Archiv der Beitr\u00e4ge gesammelt und -->k\u00f6nnen \u00fcber die <!--Startseite und die -->Suchfunktion aufgerufen werden.<\/p>\r\n\r\n<div class=\"grid-container-faecher grid-container-beitragsjahre\"  style=\"margin-bottom: 50px\"><!--\r\n--><a class=\"grid-item-faecher grid-item-beitragsjahre\" href=\"http:\/\/www.rwg-bayreuth.de\/home\/?page_id=3915\">Aktuell<\/a><!--\r\n--><a class=\"grid-item-faecher grid-item-beitragsjahre\" href=\"http:\/\/www.rwg-bayreuth.de\/home\/?page_id=39785\">2024\/25<\/a><!--\r\n--><a class=\"grid-item-faecher grid-item-beitragsjahre\" href=\"http:\/\/www.rwg-bayreuth.de\/home\/?page_id=37075\">2023\/24<\/a><!--\r\n--><a class=\"grid-item-faecher grid-item-beitragsjahre\" href=\"http:\/\/www.rwg-bayreuth.de\/home\/?page_id=34538\">2022\/23<\/a><!--\r\n--><a class=\"grid-item-faecher grid-item-beitragsjahre\" href=\"http:\/\/www.rwg-bayreuth.de\/home\/?page_id=31965\">2021\/22<\/a><!--\r\n--><a class=\"grid-item-faecher grid-item-beitragsjahre\" href=\"http:\/\/www.rwg-bayreuth.de\/home\/?page_id=29448\">2020\/21<\/a><!--\r\n--><a class=\"grid-item-faecher grid-item-beitragsjahre\" href=\"http:\/\/www.rwg-bayreuth.de\/home\/?page_id=26962\">2019\/20<\/a><!--\r\n--><a class=\"grid-item-faecher grid-item-beitragsjahre\" href=\"http:\/\/www.rwg-bayreuth.de\/home\/?page_id=22430\">2018\/19<\/a><!--\r\n--><a class=\"grid-item-faecher grid-item-beitragsjahre\" href=\"http:\/\/www.rwg-bayreuth.de\/home\/?page_id=21895\">2017\/18<\/a><!--\r\n--><a class=\"grid-item-faecher grid-item-beitragsjahre\" href=\"http:\/\/www.rwg-bayreuth.de\/home\/?page_id=21882\">2016\/17<\/a><!--\r\n--><\/div><!--<div class=\"flex-container\"  style=\"margin-bottom: 50px\">\r\n<a class=\"flex-item flex-item-gleicheBreite\" href=\"http:\/\/www.rwg-bayreuth.de\/home\/?page_id=3915\">Aktuell<\/a>\r\n<a class=\"flex-item flex-item-gleicheBreite\" href=\"http:\/\/www.rwg-bayreuth.de\/home\/?page_id=31965\">2021\/22<\/a>\r\n<a class=\"flex-item flex-item-gleicheBreite\" href=\"http:\/\/www.rwg-bayreuth.de\/home\/?page_id=29448\">2020\/21<\/a>\r\n<a class=\"flex-item flex-item-gleicheBreite\" href=\"http:\/\/www.rwg-bayreuth.de\/home\/?page_id=26962\">2019\/20<\/a>\r\n<a class=\"flex-item flex-item-gleicheBreite\" href=\"http:\/\/www.rwg-bayreuth.de\/home\/?page_id=22430\">2018\/19<\/a>\r\n<a class=\"flex-item flex-item-gleicheBreite\" href=\"http:\/\/www.rwg-bayreuth.de\/home\/?page_id=21895\">2017\/18<\/a>\r\n<a class=\"flex-item flex-item-gleicheBreite\" href=\"http:\/\/www.rwg-bayreuth.de\/home\/?page_id=21882\">2016\/17<\/a>\r\n<\/div>-->\n<h1>Berichte aus dem Schuljahr 2024\/25<\/h1>\n<div class=\"rwg_post_list\"><article id=\"post-39862\"class=\"cf post-39862 post type-post status-publish format-standard has-post-thumbnail hentry category-allgemein tag-home\">\n \t\t<div class=\"entry-thumbnail fadein\"> \t\t\t<a href=\"https:\/\/www.rwg-bayreuth.de\/home\/?p=39862\"><img loading=\"lazy\" decoding=\"async\" width=\"1024\" height=\"683\" src=\"https:\/\/www.rwg-bayreuth.de\/home\/wp-content\/uploads\/2025\/10\/24-25-Schulfest-Danke-B.jpg\" class=\"attachment-post-thumbnail size-post-thumbnail wp-post-image\" alt=\"\" srcset=\"https:\/\/www.rwg-bayreuth.de\/home\/wp-content\/uploads\/2025\/10\/24-25-Schulfest-Danke-B.jpg 1024w, https:\/\/www.rwg-bayreuth.de\/home\/wp-content\/uploads\/2025\/10\/24-25-Schulfest-Danke-B-150x100.jpg 150w, https:\/\/www.rwg-bayreuth.de\/home\/wp-content\/uploads\/2025\/10\/24-25-Schulfest-Danke-B-450x300.jpg 450w, https:\/\/www.rwg-bayreuth.de\/home\/wp-content\/uploads\/2025\/10\/24-25-Schulfest-Danke-B-768x512.jpg 768w, https:\/\/www.rwg-bayreuth.de\/home\/wp-content\/uploads\/2025\/10\/24-25-Schulfest-Danke-B-250x167.jpg 250w, https:\/\/www.rwg-bayreuth.de\/home\/wp-content\/uploads\/2025\/10\/24-25-Schulfest-Danke-B-900x600.jpg 900w\" sizes=\"(max-width: 1024px) 100vw, 1024px\" \/><\/a> \t\t<\/div><!-- end .entry-thumbnail -->\n<div class=\"meta-main-wrap\">\n  <div class=\"\">\n    <header class=\"entry-header\">\n      <div class=\"entry-cats\">\n        <div class=\"kategorie\"><a href=\"https:\/\/www.rwg-bayreuth.de\/home\/?cat=1\" rel=\"category\">Schulleben<\/a><\/div>\n<div class=\"entry-edit\" >      <div class=\"entry-date\" >\n        <a href=\"https:\/\/www.rwg-bayreuth.de\/home\/?p=39862\">30. August 2025<\/a>\n      <\/div><\/div><!-- end .entry-date -->\n      <\/div><!-- end .entry-cats -->\n<h2 class=\"entry-title\"><a href=\"https:\/\/www.rwg-bayreuth.de\/home\/?p=39862\" rel=\"bookmark\">Ein Schulfest f\u00fcr alle \u2013 Dry Lands bedankt sich<\/a><\/h2>\n    <\/header><!-- end .entry-header -->\n    <div class=\"entry-summary\">\nDie im Rahmen des Schulfests gesammelten Spenden wurden nun an die Projekte \u201eDry Lands\u201c und \u201eSafe the Children\u201c \u00fcberwiesen. Von Dry Lands haben wir nun einen Dankesbrief erhalten: Liebe Sch\u00fclerinnen und Sch\u00fcler des Richard-Wagner-Gymnasiums Bayreuth, hiermit m\u00f6chten wir uns ganz herzlich f\u00fcr die gro\u00dfz\u00fcgige Spende in H\u00f6he von 305,72 Euro bedanken, die vor einigen Tagen&hellip;\n  <\/div><!-- .entry-summary -->\n  <\/div><!-- .entry-main -->\n<\/div><!-- .meta-main-wrap -->\n<\/article><!-- end post -39862 -->\n<article id=\"post-39874\"class=\"cf post-39874 post type-post status-publish format-standard has-post-thumbnail hentry category-allgemein tag-home tag-vereinderfreunde\">\n \t\t<div class=\"entry-thumbnail fadein\"> \t\t\t<a href=\"https:\/\/www.rwg-bayreuth.de\/home\/?p=39874\"><img loading=\"lazy\" decoding=\"async\" width=\"1024\" height=\"683\" src=\"https:\/\/www.rwg-bayreuth.de\/home\/wp-content\/uploads\/2025\/09\/24-25-VdF-Schulfest_2025.jpg\" class=\"attachment-post-thumbnail size-post-thumbnail wp-post-image\" alt=\"\" srcset=\"https:\/\/www.rwg-bayreuth.de\/home\/wp-content\/uploads\/2025\/09\/24-25-VdF-Schulfest_2025.jpg 1024w, https:\/\/www.rwg-bayreuth.de\/home\/wp-content\/uploads\/2025\/09\/24-25-VdF-Schulfest_2025-150x100.jpg 150w, https:\/\/www.rwg-bayreuth.de\/home\/wp-content\/uploads\/2025\/09\/24-25-VdF-Schulfest_2025-450x300.jpg 450w, https:\/\/www.rwg-bayreuth.de\/home\/wp-content\/uploads\/2025\/09\/24-25-VdF-Schulfest_2025-768x512.jpg 768w, https:\/\/www.rwg-bayreuth.de\/home\/wp-content\/uploads\/2025\/09\/24-25-VdF-Schulfest_2025-250x167.jpg 250w, https:\/\/www.rwg-bayreuth.de\/home\/wp-content\/uploads\/2025\/09\/24-25-VdF-Schulfest_2025-900x600.jpg 900w\" sizes=\"(max-width: 1024px) 100vw, 1024px\" \/><\/a> \t\t<\/div><!-- end .entry-thumbnail -->\n<div class=\"meta-main-wrap\">\n  <div class=\"\">\n    <header class=\"entry-header\">\n      <div class=\"entry-cats\">\n        <div class=\"kategorie\"><a href=\"https:\/\/www.rwg-bayreuth.de\/home\/?cat=1\" rel=\"category\">Schulleben<\/a><\/div>\n<div class=\"entry-edit\" >      <div class=\"entry-date\" >\n        <a href=\"https:\/\/www.rwg-bayreuth.de\/home\/?p=39874\">30. Juli 2025<\/a>\n      <\/div><\/div><!-- end .entry-date -->\n      <\/div><!-- end .entry-cats -->\n<h2 class=\"entry-title\"><a href=\"https:\/\/www.rwg-bayreuth.de\/home\/?p=39874\" rel=\"bookmark\">Immer wieder sch\u00f6n &#8211; Schulfest 2025<\/a><\/h2>\n    <\/header><!-- end .entry-header -->\n    <div class=\"entry-summary\">\nDer Aperol-Stand des Vereins der Freunde geh\u00f6rt inzwischen schon genau so zum Schulfest, wie das Salat- und Kuchenbuffet. Auch beim letzten Schulfest am 29. Juli waren wir vertreten und versorgten die Schulfamilie mit Aperol Spritz, Lillet Wildberry, Sekt und Wei\u00dfwein \u2013 ob als Schorle oder pur \u2013 bei uns war f\u00fcr jeden etwas dabei. Es&hellip;\n  <\/div><!-- .entry-summary -->\n  <\/div><!-- .entry-main -->\n<\/div><!-- .meta-main-wrap -->\n<\/article><!-- end post -39874 -->\n<article id=\"post-39852\"class=\"cf post-39852 post type-post status-publish format-standard has-post-thumbnail hentry category-allgemein tag-home\">\n \t\t<div class=\"entry-thumbnail fadein\"> \t\t\t<a href=\"https:\/\/www.rwg-bayreuth.de\/home\/?p=39852\"><img loading=\"lazy\" decoding=\"async\" width=\"1024\" height=\"683\" src=\"https:\/\/www.rwg-bayreuth.de\/home\/wp-content\/uploads\/2025\/09\/24-25-Schulfest-UnaFestaItaliana-B.jpg\" class=\"attachment-post-thumbnail size-post-thumbnail wp-post-image\" alt=\"\" srcset=\"https:\/\/www.rwg-bayreuth.de\/home\/wp-content\/uploads\/2025\/09\/24-25-Schulfest-UnaFestaItaliana-B.jpg 1024w, https:\/\/www.rwg-bayreuth.de\/home\/wp-content\/uploads\/2025\/09\/24-25-Schulfest-UnaFestaItaliana-B-150x100.jpg 150w, https:\/\/www.rwg-bayreuth.de\/home\/wp-content\/uploads\/2025\/09\/24-25-Schulfest-UnaFestaItaliana-B-450x300.jpg 450w, https:\/\/www.rwg-bayreuth.de\/home\/wp-content\/uploads\/2025\/09\/24-25-Schulfest-UnaFestaItaliana-B-768x512.jpg 768w, https:\/\/www.rwg-bayreuth.de\/home\/wp-content\/uploads\/2025\/09\/24-25-Schulfest-UnaFestaItaliana-B-250x167.jpg 250w, https:\/\/www.rwg-bayreuth.de\/home\/wp-content\/uploads\/2025\/09\/24-25-Schulfest-UnaFestaItaliana-B-900x600.jpg 900w\" sizes=\"(max-width: 1024px) 100vw, 1024px\" \/><\/a> \t\t<\/div><!-- end .entry-thumbnail -->\n<div class=\"meta-main-wrap\">\n  <div class=\"\">\n    <header class=\"entry-header\">\n      <div class=\"entry-cats\">\n        <div class=\"kategorie\"><a href=\"https:\/\/www.rwg-bayreuth.de\/home\/?cat=1\" rel=\"category\">Schulleben<\/a><\/div>\n<div class=\"entry-edit\" >      <div class=\"entry-date\" >\n        <a href=\"https:\/\/www.rwg-bayreuth.de\/home\/?p=39852\">30. Juli 2025<\/a>\n      <\/div><\/div><!-- end .entry-date -->\n      <\/div><!-- end .entry-cats -->\n<h2 class=\"entry-title\"><a href=\"https:\/\/www.rwg-bayreuth.de\/home\/?p=39852\" rel=\"bookmark\">\u201eUna Festa Italiana\u201c am RWG \u2013 Ein gelungenes Schulfest in italienischem Stil<\/a><\/h2>\n    <\/header><!-- end .entry-header -->\n    <div class=\"entry-summary\">\nAm 29. Juli 2025 feierte das Richard-Wagner-Gymnasium Bayreuth sein traditionelles Schulfest \u2013 diesmal ganz im Zeichen Italiens. Unter dem Motto \u201eUna Festa Italiana\u201c, das vom P-Seminar Italienisch gestaltet wurde, erlebte die gesamte Schulgemeinschaft einen unvergesslichen Nachmittag voller kulinarischer Gen\u00fcsse, spannender Aktionen und bester Stimmung. F\u00fcr das leibliche Wohl sorgte in bew\u00e4hrter Weise der Elternbeirat, der&hellip;\n  <\/div><!-- .entry-summary -->\n  <\/div><!-- .entry-main -->\n<\/div><!-- .meta-main-wrap -->\n<\/article><!-- end post -39852 -->\n<article id=\"post-39378\"class=\"cf post-39378 post type-post status-publish format-standard has-post-thumbnail hentry category-allgemein tag-home tag-smv\">\n \t\t<div class=\"entry-thumbnail fadein\"> \t\t\t<a href=\"https:\/\/www.rwg-bayreuth.de\/home\/?p=39378\"><img loading=\"lazy\" decoding=\"async\" width=\"2093\" height=\"1395\" src=\"https:\/\/www.rwg-bayreuth.de\/home\/wp-content\/uploads\/2025\/08\/24-25-Fussballturnier-Titelfoto.jpg\" class=\"attachment-post-thumbnail size-post-thumbnail wp-post-image\" alt=\"\" srcset=\"https:\/\/www.rwg-bayreuth.de\/home\/wp-content\/uploads\/2025\/08\/24-25-Fussballturnier-Titelfoto.jpg 2093w, https:\/\/www.rwg-bayreuth.de\/home\/wp-content\/uploads\/2025\/08\/24-25-Fussballturnier-Titelfoto-1536x1024.jpg 1536w, https:\/\/www.rwg-bayreuth.de\/home\/wp-content\/uploads\/2025\/08\/24-25-Fussballturnier-Titelfoto-2048x1365.jpg 2048w, https:\/\/www.rwg-bayreuth.de\/home\/wp-content\/uploads\/2025\/08\/24-25-Fussballturnier-Titelfoto-150x100.jpg 150w, https:\/\/www.rwg-bayreuth.de\/home\/wp-content\/uploads\/2025\/08\/24-25-Fussballturnier-Titelfoto-450x300.jpg 450w, https:\/\/www.rwg-bayreuth.de\/home\/wp-content\/uploads\/2025\/08\/24-25-Fussballturnier-Titelfoto-768x512.jpg 768w, https:\/\/www.rwg-bayreuth.de\/home\/wp-content\/uploads\/2025\/08\/24-25-Fussballturnier-Titelfoto-1024x683.jpg 1024w, https:\/\/www.rwg-bayreuth.de\/home\/wp-content\/uploads\/2025\/08\/24-25-Fussballturnier-Titelfoto-250x167.jpg 250w, https:\/\/www.rwg-bayreuth.de\/home\/wp-content\/uploads\/2025\/08\/24-25-Fussballturnier-Titelfoto-900x600.jpg 900w\" sizes=\"(max-width: 2093px) 100vw, 2093px\" \/><\/a> \t\t<\/div><!-- end .entry-thumbnail -->\n<div class=\"meta-main-wrap\">\n  <div class=\"\">\n    <header class=\"entry-header\">\n      <div class=\"entry-cats\">\n        <div class=\"kategorie\"><a href=\"https:\/\/www.rwg-bayreuth.de\/home\/?cat=1\" rel=\"category\">Schulleben<\/a><\/div>\n<div class=\"entry-edit\" >      <div class=\"entry-date\" >\n        <a href=\"https:\/\/www.rwg-bayreuth.de\/home\/?p=39378\">29. Juli 2025<\/a>\n      <\/div><\/div><!-- end .entry-date -->\n      <\/div><!-- end .entry-cats -->\n<h2 class=\"entry-title\"><a href=\"https:\/\/www.rwg-bayreuth.de\/home\/?p=39378\" rel=\"bookmark\">Tore, Teamgeist und Top-Stimmung!<\/a><\/h2>\n    <\/header><!-- end .entry-header -->\n    <div class=\"entry-summary\">\nBeim Fu\u00dfballturnier der 5. bis 7. Klassen am RWG ging\u2019s ordentlich zur Sache \u2013 mit lautstarker Unterst\u00fctzung von den Trib\u00fcnen. Gl\u00fcckwunsch an die Bananenbrotbande, die sich souver\u00e4n den Sieg geholt hat! Ein gro\u00dfer Dank geht an die SMV f\u00fcr die Organisation \u2013 das war ein Volltreffer!\n  <\/div><!-- .entry-summary -->\n  <\/div><!-- .entry-main -->\n<\/div><!-- .meta-main-wrap -->\n<\/article><!-- end post -39378 -->\n<article id=\"post-40864\"class=\"cf post-40864 post type-post status-publish format-standard has-post-thumbnail hentry category-allgemein tag-europafahrt tag-home tag-sozialkunde\">\n \t\t<div class=\"entry-thumbnail fadein\"> \t\t\t<a href=\"https:\/\/www.rwg-bayreuth.de\/home\/?p=40864\"><img loading=\"lazy\" decoding=\"async\" width=\"1024\" height=\"683\" src=\"https:\/\/www.rwg-bayreuth.de\/home\/wp-content\/uploads\/2025\/02\/24-25-Europafahrt-Bruessel-2025-B.jpg\" class=\"attachment-post-thumbnail size-post-thumbnail wp-post-image\" alt=\"\" srcset=\"https:\/\/www.rwg-bayreuth.de\/home\/wp-content\/uploads\/2025\/02\/24-25-Europafahrt-Bruessel-2025-B.jpg 1024w, https:\/\/www.rwg-bayreuth.de\/home\/wp-content\/uploads\/2025\/02\/24-25-Europafahrt-Bruessel-2025-B-150x100.jpg 150w, https:\/\/www.rwg-bayreuth.de\/home\/wp-content\/uploads\/2025\/02\/24-25-Europafahrt-Bruessel-2025-B-450x300.jpg 450w, https:\/\/www.rwg-bayreuth.de\/home\/wp-content\/uploads\/2025\/02\/24-25-Europafahrt-Bruessel-2025-B-768x512.jpg 768w, https:\/\/www.rwg-bayreuth.de\/home\/wp-content\/uploads\/2025\/02\/24-25-Europafahrt-Bruessel-2025-B-250x167.jpg 250w, https:\/\/www.rwg-bayreuth.de\/home\/wp-content\/uploads\/2025\/02\/24-25-Europafahrt-Bruessel-2025-B-900x600.jpg 900w\" sizes=\"(max-width: 1024px) 100vw, 1024px\" \/><\/a> \t\t<\/div><!-- end .entry-thumbnail -->\n<div class=\"meta-main-wrap\">\n  <div class=\"\">\n    <header class=\"entry-header\">\n      <div class=\"entry-cats\">\n        <div class=\"kategorie\"><a href=\"https:\/\/www.rwg-bayreuth.de\/home\/?cat=1\" rel=\"category\">Schulleben<\/a><\/div>\n<div class=\"entry-edit\" >      <div class=\"entry-date\" >\n        <a href=\"https:\/\/www.rwg-bayreuth.de\/home\/?p=40864\">27. Juli 2025<\/a>\n      <\/div><\/div><!-- end .entry-date -->\n      <\/div><!-- end .entry-cats -->\n<h2 class=\"entry-title\"><a href=\"https:\/\/www.rwg-bayreuth.de\/home\/?p=40864\" rel=\"bookmark\">Europafahrt nach Br\u00fcssel \u2013 Politik, Geschichte und Kultur hautnah erlebt<\/a><\/h2>\n    <\/header><!-- end .entry-header -->\n    <div class=\"entry-summary\">\nVom 20. bis 25. Juli 2025 begaben sich Sch\u00fclerinnen und Sch\u00fcler des RWG im Rahmen einer Studienfahrt nach Br\u00fcssel. Die Fahrt bot zahlreiche M\u00f6glichkeiten, politische Prozesse, europ\u00e4ische Geschichte, die Stadt selbst und die kulturellen Besonderheiten vor Ort kennenzulernen. Treffpunkt war am Sonntagmorgen um 8.00&nbsp;Uhr am Kreuzer, bevor der Bus um 8.30&nbsp;Uhr Richtung belgische Hauptstadt startete.&hellip;\n  <\/div><!-- .entry-summary -->\n  <\/div><!-- .entry-main -->\n<\/div><!-- .meta-main-wrap -->\n<\/article><!-- end post -40864 -->\n<article id=\"post-39346\"class=\"cf post-39346 post type-post status-publish format-standard has-post-thumbnail hentry category-allgemein tag-5te-klassen tag-home tag-toenning\">\n \t\t<div class=\"entry-thumbnail fadein\"> \t\t\t<a href=\"https:\/\/www.rwg-bayreuth.de\/home\/?p=39346\"><img loading=\"lazy\" decoding=\"async\" width=\"1536\" height=\"1024\" src=\"https:\/\/www.rwg-bayreuth.de\/home\/wp-content\/uploads\/2025\/09\/24-25-Toenning-Gruppenbild-B.jpg\" class=\"attachment-post-thumbnail size-post-thumbnail wp-post-image\" alt=\"\" srcset=\"https:\/\/www.rwg-bayreuth.de\/home\/wp-content\/uploads\/2025\/09\/24-25-Toenning-Gruppenbild-B.jpg 1536w, https:\/\/www.rwg-bayreuth.de\/home\/wp-content\/uploads\/2025\/09\/24-25-Toenning-Gruppenbild-B-150x100.jpg 150w, https:\/\/www.rwg-bayreuth.de\/home\/wp-content\/uploads\/2025\/09\/24-25-Toenning-Gruppenbild-B-450x300.jpg 450w, https:\/\/www.rwg-bayreuth.de\/home\/wp-content\/uploads\/2025\/09\/24-25-Toenning-Gruppenbild-B-768x512.jpg 768w, https:\/\/www.rwg-bayreuth.de\/home\/wp-content\/uploads\/2025\/09\/24-25-Toenning-Gruppenbild-B-1024x683.jpg 1024w, https:\/\/www.rwg-bayreuth.de\/home\/wp-content\/uploads\/2025\/09\/24-25-Toenning-Gruppenbild-B-250x167.jpg 250w, https:\/\/www.rwg-bayreuth.de\/home\/wp-content\/uploads\/2025\/09\/24-25-Toenning-Gruppenbild-B-900x600.jpg 900w\" sizes=\"(max-width: 1536px) 100vw, 1536px\" \/><\/a> \t\t<\/div><!-- end .entry-thumbnail -->\n<div class=\"meta-main-wrap\">\n  <div class=\"\">\n    <header class=\"entry-header\">\n      <div class=\"entry-cats\">\n        <div class=\"kategorie\"><a href=\"https:\/\/www.rwg-bayreuth.de\/home\/?cat=1\" rel=\"category\">Schulleben<\/a><\/div>\n<div class=\"entry-edit\" >      <div class=\"entry-date\" >\n        <a href=\"https:\/\/www.rwg-bayreuth.de\/home\/?p=39346\">27. Juli 2025<\/a>\n      <\/div><\/div><!-- end .entry-date -->\n      <\/div><!-- end .entry-cats -->\n<h2 class=\"entry-title\"><a href=\"https:\/\/www.rwg-bayreuth.de\/home\/?p=39346\" rel=\"bookmark\">Meeresgrund trifft Horizont \u2013 meine Fahrt an die Nordsee<\/a><\/h2>\n    <\/header><!-- end .entry-header -->\n    <div class=\"entry-summary\">\nAusz\u00fcge aus dem Tagebuch von Lieschen M\u00fcller, 5f Liebes Tagebuch, heute, am Sonntag [den 20.07.25, Anm. d. Red.], sind wir in aller Herrgottsfr\u00fche, ich glaub, das war so gegen sieben, nach T\u00f6nning aufgebrochen. Das liegt ganz weit im Norden, so weit, dass es gar nicht mehr Bayern ist. Alle F\u00fcnftkl\u00e4ssler waren da und ganz viele&hellip;\n  <\/div><!-- .entry-summary -->\n  <\/div><!-- .entry-main -->\n<\/div><!-- .meta-main-wrap -->\n<\/article><!-- end post -39346 -->\n<article id=\"post-39738\"class=\"cf post-39738 post type-post status-publish format-standard has-post-thumbnail hentry category-allgemein tag-home tag-latein\">\n \t\t<div class=\"entry-thumbnail fadein\"> \t\t\t<a href=\"https:\/\/www.rwg-bayreuth.de\/home\/?p=39738\"><img loading=\"lazy\" decoding=\"async\" width=\"1024\" height=\"683\" src=\"https:\/\/www.rwg-bayreuth.de\/home\/wp-content\/uploads\/2025\/08\/24-25-Roemertage-B.jpg\" class=\"attachment-post-thumbnail size-post-thumbnail wp-post-image\" alt=\"\" srcset=\"https:\/\/www.rwg-bayreuth.de\/home\/wp-content\/uploads\/2025\/08\/24-25-Roemertage-B.jpg 1024w, https:\/\/www.rwg-bayreuth.de\/home\/wp-content\/uploads\/2025\/08\/24-25-Roemertage-B-150x100.jpg 150w, https:\/\/www.rwg-bayreuth.de\/home\/wp-content\/uploads\/2025\/08\/24-25-Roemertage-B-450x300.jpg 450w, https:\/\/www.rwg-bayreuth.de\/home\/wp-content\/uploads\/2025\/08\/24-25-Roemertage-B-768x512.jpg 768w, https:\/\/www.rwg-bayreuth.de\/home\/wp-content\/uploads\/2025\/08\/24-25-Roemertage-B-250x167.jpg 250w, https:\/\/www.rwg-bayreuth.de\/home\/wp-content\/uploads\/2025\/08\/24-25-Roemertage-B-900x600.jpg 900w\" sizes=\"(max-width: 1024px) 100vw, 1024px\" \/><\/a> \t\t<\/div><!-- end .entry-thumbnail -->\n<div class=\"meta-main-wrap\">\n  <div class=\"\">\n    <header class=\"entry-header\">\n      <div class=\"entry-cats\">\n        <div class=\"kategorie\"><a href=\"https:\/\/www.rwg-bayreuth.de\/home\/?cat=1\" rel=\"category\">Schulleben<\/a><\/div>\n<div class=\"entry-edit\" >      <div class=\"entry-date\" >\n        <a href=\"https:\/\/www.rwg-bayreuth.de\/home\/?p=39738\">26. Juli 2025<\/a>\n      <\/div><\/div><!-- end .entry-date -->\n      <\/div><!-- end .entry-cats -->\n<h2 class=\"entry-title\"><a href=\"https:\/\/www.rwg-bayreuth.de\/home\/?p=39738\" rel=\"bookmark\">Auf Zeitreise in die r\u00f6mische Vergangenheit<\/a><\/h2>\n    <\/header><!-- end .entry-header -->\n    <div class=\"entry-summary\">\nF\u00fcr unsere Sechstkl\u00e4ssler\/-innen fand auch in diesem Schuljahr in der Fahrtenwoche im Juli traditionell das f\u00e4cher\u00fcbergreifenden Lehrplanprojekt der F\u00e4cher Latein\/Geschichte statt: Ganze drei Schultage befassten sich die Sch\u00fcler\/-innen dabei mit dem Hintergrund und Aufbau der r\u00f6mischen Provinzverwaltung am Limes, des obergermanisch-r\u00e4tischen Grenzwalls, der heute u.a. noch im Altm\u00fchltal in einzelnen \u00dcberresten zu erkunden und besichtigen&hellip;\n  <\/div><!-- .entry-summary -->\n  <\/div><!-- .entry-main -->\n<\/div><!-- .meta-main-wrap -->\n<\/article><!-- end post -39738 -->\n<article id=\"post-39385\"class=\"cf post-39385 post type-post status-publish format-standard has-post-thumbnail hentry category-allgemein tag-berlin-fahrt tag-home\">\n \t\t<div class=\"entry-thumbnail fadein\"> \t\t\t<a href=\"https:\/\/www.rwg-bayreuth.de\/home\/?p=39385\"><img loading=\"lazy\" decoding=\"async\" width=\"2048\" height=\"1365\" src=\"https:\/\/www.rwg-bayreuth.de\/home\/wp-content\/uploads\/2025\/08\/24-25-Berlinfahrt-Titelfoto.jpg\" class=\"attachment-post-thumbnail size-post-thumbnail wp-post-image\" alt=\"\" srcset=\"https:\/\/www.rwg-bayreuth.de\/home\/wp-content\/uploads\/2025\/08\/24-25-Berlinfahrt-Titelfoto.jpg 2048w, https:\/\/www.rwg-bayreuth.de\/home\/wp-content\/uploads\/2025\/08\/24-25-Berlinfahrt-Titelfoto-1536x1024.jpg 1536w, https:\/\/www.rwg-bayreuth.de\/home\/wp-content\/uploads\/2025\/08\/24-25-Berlinfahrt-Titelfoto-150x100.jpg 150w, https:\/\/www.rwg-bayreuth.de\/home\/wp-content\/uploads\/2025\/08\/24-25-Berlinfahrt-Titelfoto-450x300.jpg 450w, https:\/\/www.rwg-bayreuth.de\/home\/wp-content\/uploads\/2025\/08\/24-25-Berlinfahrt-Titelfoto-768x512.jpg 768w, https:\/\/www.rwg-bayreuth.de\/home\/wp-content\/uploads\/2025\/08\/24-25-Berlinfahrt-Titelfoto-1024x683.jpg 1024w, https:\/\/www.rwg-bayreuth.de\/home\/wp-content\/uploads\/2025\/08\/24-25-Berlinfahrt-Titelfoto-250x167.jpg 250w, https:\/\/www.rwg-bayreuth.de\/home\/wp-content\/uploads\/2025\/08\/24-25-Berlinfahrt-Titelfoto-900x600.jpg 900w\" sizes=\"(max-width: 2048px) 100vw, 2048px\" \/><\/a> \t\t<\/div><!-- end .entry-thumbnail -->\n<div class=\"meta-main-wrap\">\n  <div class=\"\">\n    <header class=\"entry-header\">\n      <div class=\"entry-cats\">\n        <div class=\"kategorie\"><a href=\"https:\/\/www.rwg-bayreuth.de\/home\/?cat=1\" rel=\"category\">Schulleben<\/a><\/div>\n<div class=\"entry-edit\" >      <div class=\"entry-date\" >\n        <a href=\"https:\/\/www.rwg-bayreuth.de\/home\/?p=39385\">19. Juli 2025<\/a>\n      <\/div><\/div><!-- end .entry-date -->\n      <\/div><!-- end .entry-cats -->\n<h2 class=\"entry-title\"><a href=\"https:\/\/www.rwg-bayreuth.de\/home\/?p=39385\" rel=\"bookmark\">Kultur, Geschichte und mehr: Berlinfahrt 2025<\/a><\/h2>\n    <\/header><!-- end .entry-header -->\n    <div class=\"entry-summary\">\nIn der Woche vom 14. bis zum 18. Juli haben die 10. Klassen des Richard-Wagner-Gymnasiums eine Klassenfahrt in die Hauptstadt Deutschlands, Berlin, unternommen und sich historisch, kulturell und sozial weitergebildet. Die Berlinfahrt gilt f\u00fcr viele RWGler als eines der schulischen Highlights, weshalb die Erwartungen der sehr hoch waren. Die Hin- und R\u00fcckfahrt wurden f\u00fcr einen&hellip;\n  <\/div><!-- .entry-summary -->\n  <\/div><!-- .entry-main -->\n<\/div><!-- .meta-main-wrap -->\n<\/article><!-- end post -39385 -->\n<article id=\"post-39190\"class=\"cf post-39190 post type-post status-publish format-standard has-post-thumbnail hentry category-allgemein tag-home tag-wr\">\n \t\t<div class=\"entry-thumbnail fadein\"> \t\t\t<a href=\"https:\/\/www.rwg-bayreuth.de\/home\/?p=39190\"><img loading=\"lazy\" decoding=\"async\" width=\"1717\" height=\"1145\" src=\"https:\/\/www.rwg-bayreuth.de\/home\/wp-content\/uploads\/2025\/07\/24-25-WR-Maisel-Titelfoto.jpg\" class=\"attachment-post-thumbnail size-post-thumbnail wp-post-image\" alt=\"\" srcset=\"https:\/\/www.rwg-bayreuth.de\/home\/wp-content\/uploads\/2025\/07\/24-25-WR-Maisel-Titelfoto.jpg 1717w, https:\/\/www.rwg-bayreuth.de\/home\/wp-content\/uploads\/2025\/07\/24-25-WR-Maisel-Titelfoto-1536x1024.jpg 1536w, https:\/\/www.rwg-bayreuth.de\/home\/wp-content\/uploads\/2025\/07\/24-25-WR-Maisel-Titelfoto-150x100.jpg 150w, https:\/\/www.rwg-bayreuth.de\/home\/wp-content\/uploads\/2025\/07\/24-25-WR-Maisel-Titelfoto-450x300.jpg 450w, https:\/\/www.rwg-bayreuth.de\/home\/wp-content\/uploads\/2025\/07\/24-25-WR-Maisel-Titelfoto-768x512.jpg 768w, https:\/\/www.rwg-bayreuth.de\/home\/wp-content\/uploads\/2025\/07\/24-25-WR-Maisel-Titelfoto-1024x683.jpg 1024w, https:\/\/www.rwg-bayreuth.de\/home\/wp-content\/uploads\/2025\/07\/24-25-WR-Maisel-Titelfoto-250x167.jpg 250w, https:\/\/www.rwg-bayreuth.de\/home\/wp-content\/uploads\/2025\/07\/24-25-WR-Maisel-Titelfoto-900x600.jpg 900w\" sizes=\"(max-width: 1717px) 100vw, 1717px\" \/><\/a> \t\t<\/div><!-- end .entry-thumbnail -->\n<div class=\"meta-main-wrap\">\n  <div class=\"\">\n    <header class=\"entry-header\">\n      <div class=\"entry-cats\">\n        <div class=\"kategorie\"><a href=\"https:\/\/www.rwg-bayreuth.de\/home\/?cat=1\" rel=\"category\">Schulleben<\/a><\/div>\n<div class=\"entry-edit\" >      <div class=\"entry-date\" >\n        <a href=\"https:\/\/www.rwg-bayreuth.de\/home\/?p=39190\">19. Juli 2025<\/a>\n      <\/div><\/div><!-- end .entry-date -->\n      <\/div><!-- end .entry-cats -->\n<h2 class=\"entry-title\"><a href=\"https:\/\/www.rwg-bayreuth.de\/home\/?p=39190\" rel=\"bookmark\">Wirtschaft live erleben \u2013 Kooperation mit Maisel&#038;Friends<\/a><\/h2>\n    <\/header><!-- end .entry-header -->\n    <div class=\"entry-summary\">\nEin besonderes Highlight des Schuljahres f\u00fcr den Wirtschaftszweig der 11. Klassen war die Kooperation mit Maisel&#038;Friends. Michael Feuerstein, Gesch\u00e4ftsfeldleiter Kultur &#038; Tourismus, sowie Julia Burkhardt, Leiterin des Conference Centers, stellten unseren Sch\u00fclerinnen und Sch\u00fclern zu Beginn des Schuljahres die Aufgabe, ein Marketingkonzept f\u00fcr das Conference Center zu erstellen. Die Gruppe erarbeitete Produktideen f\u00fcr private sowie&hellip;\n  <\/div><!-- .entry-summary -->\n  <\/div><!-- .entry-main -->\n<\/div><!-- .meta-main-wrap -->\n<\/article><!-- end post -39190 -->\n<article id=\"post-39157\"class=\"cf post-39157 post type-post status-publish format-standard has-post-thumbnail hentry category-allgemein tag-home tag-p-seminar tag-sport\">\n \t\t<div class=\"entry-thumbnail fadein\"> \t\t\t<a href=\"https:\/\/www.rwg-bayreuth.de\/home\/?p=39157\"><img loading=\"lazy\" decoding=\"async\" width=\"1807\" height=\"1205\" src=\"https:\/\/www.rwg-bayreuth.de\/home\/wp-content\/uploads\/2025\/07\/24-25-fit4future_P-Seminar_Gruppe.jpg\" class=\"attachment-post-thumbnail size-post-thumbnail wp-post-image\" alt=\"\" srcset=\"https:\/\/www.rwg-bayreuth.de\/home\/wp-content\/uploads\/2025\/07\/24-25-fit4future_P-Seminar_Gruppe.jpg 1807w, https:\/\/www.rwg-bayreuth.de\/home\/wp-content\/uploads\/2025\/07\/24-25-fit4future_P-Seminar_Gruppe-1536x1024.jpg 1536w, https:\/\/www.rwg-bayreuth.de\/home\/wp-content\/uploads\/2025\/07\/24-25-fit4future_P-Seminar_Gruppe-150x100.jpg 150w, https:\/\/www.rwg-bayreuth.de\/home\/wp-content\/uploads\/2025\/07\/24-25-fit4future_P-Seminar_Gruppe-450x300.jpg 450w, https:\/\/www.rwg-bayreuth.de\/home\/wp-content\/uploads\/2025\/07\/24-25-fit4future_P-Seminar_Gruppe-768x512.jpg 768w, https:\/\/www.rwg-bayreuth.de\/home\/wp-content\/uploads\/2025\/07\/24-25-fit4future_P-Seminar_Gruppe-1024x683.jpg 1024w, https:\/\/www.rwg-bayreuth.de\/home\/wp-content\/uploads\/2025\/07\/24-25-fit4future_P-Seminar_Gruppe-250x167.jpg 250w, https:\/\/www.rwg-bayreuth.de\/home\/wp-content\/uploads\/2025\/07\/24-25-fit4future_P-Seminar_Gruppe-900x600.jpg 900w\" sizes=\"(max-width: 1807px) 100vw, 1807px\" \/><\/a> \t\t<\/div><!-- end .entry-thumbnail -->\n<div class=\"meta-main-wrap\">\n  <div class=\"\">\n    <header class=\"entry-header\">\n      <div class=\"entry-cats\">\n        <div class=\"kategorie\"><a href=\"https:\/\/www.rwg-bayreuth.de\/home\/?cat=1\" rel=\"category\">Schulleben<\/a><\/div>\n<div class=\"entry-edit\" >      <div class=\"entry-date\" >\n        <a href=\"https:\/\/www.rwg-bayreuth.de\/home\/?p=39157\">19. Juli 2025<\/a>\n      <\/div><\/div><!-- end .entry-date -->\n      <\/div><!-- end .entry-cats -->\n<h2 class=\"entry-title\"><a href=\"https:\/\/www.rwg-bayreuth.de\/home\/?p=39157\" rel=\"bookmark\">Ist das RWG fit4future?<\/a><\/h2>\n    <\/header><!-- end .entry-header -->\n    <div class=\"entry-summary\">\nWir sind das P-Seminar Sport und wir sagen: Ein gesundes Leben besteht aus mehr als nur dem Sportunterricht! Viele Sch\u00fclerinnen und Sch\u00fcler verbinden den Begriff \u201eSchule\u201c heutzutage oft mit Stress und stundenlangem Sitzen auf den St\u00fchlen. Gerade seit Corona haben Stress und psychische Belastung bei vielen Sch\u00fclerinnen und Sch\u00fclern unserer Generation zugenommen. Darum hat sich&hellip;\n  <\/div><!-- .entry-summary -->\n  <\/div><!-- .entry-main -->\n<\/div><!-- .meta-main-wrap -->\n<\/article><!-- end post -39157 -->\n<ul class='lcp_paginator'><li class='lcp_currentpage'>1<\/li><li><a href='https:\/\/www.rwg-bayreuth.de\/home\/index.php?rest_route=%2Fwp%2Fv2%2Fpages%2F39785&#038;lcp_page0=2#lcp_instance_0' title='2'>2<\/a><\/li><li><a href='https:\/\/www.rwg-bayreuth.de\/home\/index.php?rest_route=%2Fwp%2Fv2%2Fpages%2F39785&#038;lcp_page0=3#lcp_instance_0' title='3'>3<\/a><\/li><li><a href='https:\/\/www.rwg-bayreuth.de\/home\/index.php?rest_route=%2Fwp%2Fv2%2Fpages%2F39785&#038;lcp_page0=4#lcp_instance_0' title='4'>4<\/a><\/li><li><a href='https:\/\/www.rwg-bayreuth.de\/home\/index.php?rest_route=%2Fwp%2Fv2%2Fpages%2F39785&#038;lcp_page0=5#lcp_instance_0' title='5'>5<\/a><\/li><li><a href='https:\/\/www.rwg-bayreuth.de\/home\/index.php?rest_route=%2Fwp%2Fv2%2Fpages%2F39785&#038;lcp_page0=6#lcp_instance_0' title='6'>6<\/a><\/li><span class='lcp_elipsis'>...<\/span><li><a href='https:\/\/www.rwg-bayreuth.de\/home\/index.php?rest_route=%2Fwp%2Fv2%2Fpages%2F39785&#038;lcp_page0=11#lcp_instance_0' title='11'>11<\/a><\/li><li><a href='https:\/\/www.rwg-bayreuth.de\/home\/index.php?rest_route=%2Fwp%2Fv2%2Fpages%2F39785&#038;lcp_page0=2#lcp_instance_0' title='2' class='lcp_nextlink'>&gt;&gt;<\/a><\/li><\/ul><\/div><!-- end .rwg_post_list -->\n<div class=\"flex-container\"  style=\"margin-bottom: 50px\">\n<a class=\"flex-item\" style=\"flex-grow: 1; flex-basis: auto\" href=\"#seitenanfang\">zum Seitenanfang<\/a>\n<\/div>\n","protected":false},"excerpt":{"rendered":"<p>Berichte aus dem Schuljahr 2024\/25 zum Seitenanfang<\/p>\n","protected":false},"author":11,"featured_media":0,"parent":14662,"menu_order":0,"comment_status":"closed","ping_status":"closed","template":"page-templates\/no-sidebar.php","meta":{"footnotes":""},"tags":[54],"_links":{"self":[{"href":"https:\/\/www.rwg-bayreuth.de\/home\/index.php?rest_route=\/wp\/v2\/pages\/39785"}],"collection":[{"href":"https:\/\/www.rwg-bayreuth.de\/home\/index.php?rest_route=\/wp\/v2\/pages"}],"about":[{"href":"https:\/\/www.rwg-bayreuth.de\/home\/index.php?rest_route=\/wp\/v2\/types\/page"}],"author":[{"embeddable":true,"href":"https:\/\/www.rwg-bayreuth.de\/home\/index.php?rest_route=\/wp\/v2\/users\/11"}],"replies":[{"embeddable":true,"href":"https:\/\/www.rwg-bayreuth.de\/home\/index.php?rest_route=%2Fwp%2Fv2%2Fcomments&post=39785"}],"version-history":[{"count":1,"href":"https:\/\/www.rwg-bayreuth.de\/home\/index.php?rest_route=\/wp\/v2\/pages\/39785\/revisions"}],"predecessor-version":[{"id":39786,"href":"https:\/\/www.rwg-bayreuth.de\/home\/index.php?rest_route=\/wp\/v2\/pages\/39785\/revisions\/39786"}],"up":[{"embeddable":true,"href":"https:\/\/www.rwg-bayreuth.de\/home\/index.php?rest_route=\/wp\/v2\/pages\/14662"}],"wp:attachment":[{"href":"https:\/\/www.rwg-bayreuth.de\/home\/index.php?rest_route=%2Fwp%2Fv2%2Fmedia&parent=39785"}],"wp:term":[{"taxonomy":"post_tag","embeddable":true,"href":"https:\/\/www.rwg-bayreuth.de\/home\/index.php?rest_route=%2Fwp%2Fv2%2Ftags&post=39785"}],"curies":[{"name":"wp","href":"https:\/\/api.w.org\/{rel}","templated":true}]}}