{"id":3915,"date":"2014-09-15T17:51:23","date_gmt":"2014-09-15T15:51:23","guid":{"rendered":"http:\/\/www.rwg-bayreuth.de\/home\/?page_id=3915"},"modified":"2026-04-21T10:18:56","modified_gmt":"2026-04-21T08:18:56","slug":"berichte","status":"publish","type":"page","link":"https:\/\/www.rwg-bayreuth.de\/home\/?page_id=3915","title":{"rendered":"Berichte aus dem Schulleben"},"content":{"rendered":"<span id=\"seitenanfang\"><\/span><p>Hier finden Sie die Berichte aus dem Schulleben des RWG seit dem Schuljahr 2016\/17. \u00c4ltere Berichte <!--sind im Archiv der Beitr\u00e4ge gesammelt und -->k\u00f6nnen \u00fcber die <!--Startseite und die -->Suchfunktion aufgerufen werden.<\/p>\r\n\r\n<div class=\"grid-container-faecher grid-container-beitragsjahre\"  style=\"margin-bottom: 50px\"><!--\r\n--><a class=\"grid-item-faecher grid-item-beitragsjahre\" href=\"http:\/\/www.rwg-bayreuth.de\/home\/?page_id=3915\">Aktuell<\/a><!--\r\n--><a class=\"grid-item-faecher grid-item-beitragsjahre\" href=\"http:\/\/www.rwg-bayreuth.de\/home\/?page_id=39785\">2024\/25<\/a><!--\r\n--><a class=\"grid-item-faecher grid-item-beitragsjahre\" href=\"http:\/\/www.rwg-bayreuth.de\/home\/?page_id=37075\">2023\/24<\/a><!--\r\n--><a class=\"grid-item-faecher grid-item-beitragsjahre\" href=\"http:\/\/www.rwg-bayreuth.de\/home\/?page_id=34538\">2022\/23<\/a><!--\r\n--><a class=\"grid-item-faecher grid-item-beitragsjahre\" href=\"http:\/\/www.rwg-bayreuth.de\/home\/?page_id=31965\">2021\/22<\/a><!--\r\n--><a class=\"grid-item-faecher grid-item-beitragsjahre\" href=\"http:\/\/www.rwg-bayreuth.de\/home\/?page_id=29448\">2020\/21<\/a><!--\r\n--><a class=\"grid-item-faecher grid-item-beitragsjahre\" href=\"http:\/\/www.rwg-bayreuth.de\/home\/?page_id=26962\">2019\/20<\/a><!--\r\n--><a class=\"grid-item-faecher grid-item-beitragsjahre\" href=\"http:\/\/www.rwg-bayreuth.de\/home\/?page_id=22430\">2018\/19<\/a><!--\r\n--><a class=\"grid-item-faecher grid-item-beitragsjahre\" href=\"http:\/\/www.rwg-bayreuth.de\/home\/?page_id=21895\">2017\/18<\/a><!--\r\n--><a class=\"grid-item-faecher grid-item-beitragsjahre\" href=\"http:\/\/www.rwg-bayreuth.de\/home\/?page_id=21882\">2016\/17<\/a><!--\r\n--><\/div><!--<div class=\"flex-container\"  style=\"margin-bottom: 50px\">\r\n<a class=\"flex-item flex-item-gleicheBreite\" href=\"http:\/\/www.rwg-bayreuth.de\/home\/?page_id=3915\">Aktuell<\/a>\r\n<a class=\"flex-item flex-item-gleicheBreite\" href=\"http:\/\/www.rwg-bayreuth.de\/home\/?page_id=31965\">2021\/22<\/a>\r\n<a class=\"flex-item flex-item-gleicheBreite\" href=\"http:\/\/www.rwg-bayreuth.de\/home\/?page_id=29448\">2020\/21<\/a>\r\n<a class=\"flex-item flex-item-gleicheBreite\" href=\"http:\/\/www.rwg-bayreuth.de\/home\/?page_id=26962\">2019\/20<\/a>\r\n<a class=\"flex-item flex-item-gleicheBreite\" href=\"http:\/\/www.rwg-bayreuth.de\/home\/?page_id=22430\">2018\/19<\/a>\r\n<a class=\"flex-item flex-item-gleicheBreite\" href=\"http:\/\/www.rwg-bayreuth.de\/home\/?page_id=21895\">2017\/18<\/a>\r\n<a class=\"flex-item flex-item-gleicheBreite\" href=\"http:\/\/www.rwg-bayreuth.de\/home\/?page_id=21882\">2016\/17<\/a>\r\n<\/div>-->\n<h1>Berichte aus dem laufenden Schuljahr<\/h1>\n<div class=\"rwg_post_list\"><article id=\"post-41257\"class=\"cf post-41257 post type-post status-publish format-standard has-post-thumbnail hentry category-allgemein tag-englisch tag-home tag-temp\">\n \t\t<div class=\"entry-thumbnail fadein\"> \t\t\t<a href=\"https:\/\/www.rwg-bayreuth.de\/home\/?p=41257\"><img loading=\"lazy\" decoding=\"async\" width=\"1024\" height=\"683\" src=\"https:\/\/www.rwg-bayreuth.de\/home\/wp-content\/uploads\/2026\/05\/25-26-TehaterEnglisch-B.jpg\" class=\"attachment-post-thumbnail size-post-thumbnail wp-post-image\" alt=\"\" srcset=\"https:\/\/www.rwg-bayreuth.de\/home\/wp-content\/uploads\/2026\/05\/25-26-TehaterEnglisch-B.jpg 1024w, https:\/\/www.rwg-bayreuth.de\/home\/wp-content\/uploads\/2026\/05\/25-26-TehaterEnglisch-B-150x100.jpg 150w, https:\/\/www.rwg-bayreuth.de\/home\/wp-content\/uploads\/2026\/05\/25-26-TehaterEnglisch-B-450x300.jpg 450w, https:\/\/www.rwg-bayreuth.de\/home\/wp-content\/uploads\/2026\/05\/25-26-TehaterEnglisch-B-768x512.jpg 768w, https:\/\/www.rwg-bayreuth.de\/home\/wp-content\/uploads\/2026\/05\/25-26-TehaterEnglisch-B-250x167.jpg 250w, https:\/\/www.rwg-bayreuth.de\/home\/wp-content\/uploads\/2026\/05\/25-26-TehaterEnglisch-B-900x600.jpg 900w\" sizes=\"(max-width: 1024px) 100vw, 1024px\" \/><\/a> \t\t<\/div><!-- end .entry-thumbnail -->\n<div class=\"meta-main-wrap\">\n  <div class=\"\">\n    <header class=\"entry-header\">\n      <div class=\"entry-cats\">\n        <div class=\"kategorie\"><a href=\"https:\/\/www.rwg-bayreuth.de\/home\/?cat=1\" rel=\"category\">Schulleben<\/a><\/div>\n<div class=\"entry-edit\" >      <div class=\"entry-date\" >\n        <a href=\"https:\/\/www.rwg-bayreuth.de\/home\/?p=41257\">1. Mai 2026<\/a>\n      <\/div><\/div><!-- end .entry-date -->\n      <\/div><!-- end .entry-cats -->\n<h2 class=\"entry-title\"><a href=\"https:\/\/www.rwg-bayreuth.de\/home\/?p=41257\" rel=\"bookmark\">B\u00fchne frei f\u00fcr britisches Flair: Unser Englisch-Theatertag 2025<\/a><\/h2>\n    <\/header><!-- end .entry-header -->\n    <div class=\"entry-summary\">\nTheater ist, wenn die Sprache zum Leben erwacht! Am 17. November 2025 wurde unsere Aula zur B\u00fchne f\u00fcr das Phoenix Theatre. Mit zwei packenden St\u00fccken, die unterschiedlicher nicht h\u00e4tten sein k\u00f6nnen, erlebten unsere Klassen 6\/7 sowie unsere Oberstufe einen Vormittag, der garantiert in Erinnerung bleibt. Von Cowboys und Goldgr\u00e4bern: \u201eSaddle Up\u201c f\u00fcr die 6. &amp;&hellip;\n  <\/div><!-- .entry-summary -->\n  <\/div><!-- .entry-main -->\n<\/div><!-- .meta-main-wrap -->\n<\/article><!-- end post -41257 -->\n<article id=\"post-41230\"class=\"cf post-41230 post type-post status-publish format-standard has-post-thumbnail hentry category-allgemein tag-home tag-wertebotschafter\">\n \t\t<div class=\"entry-thumbnail fadein\"> \t\t\t<a href=\"https:\/\/www.rwg-bayreuth.de\/home\/?p=41230\"><img loading=\"lazy\" decoding=\"async\" width=\"1024\" height=\"683\" src=\"https:\/\/www.rwg-bayreuth.de\/home\/wp-content\/uploads\/2026\/04\/25-26-Wertebotschafter-Abi-Start-B.jpg\" class=\"attachment-post-thumbnail size-post-thumbnail wp-post-image\" alt=\"\" srcset=\"https:\/\/www.rwg-bayreuth.de\/home\/wp-content\/uploads\/2026\/04\/25-26-Wertebotschafter-Abi-Start-B.jpg 1024w, https:\/\/www.rwg-bayreuth.de\/home\/wp-content\/uploads\/2026\/04\/25-26-Wertebotschafter-Abi-Start-B-150x100.jpg 150w, https:\/\/www.rwg-bayreuth.de\/home\/wp-content\/uploads\/2026\/04\/25-26-Wertebotschafter-Abi-Start-B-450x300.jpg 450w, https:\/\/www.rwg-bayreuth.de\/home\/wp-content\/uploads\/2026\/04\/25-26-Wertebotschafter-Abi-Start-B-768x512.jpg 768w, https:\/\/www.rwg-bayreuth.de\/home\/wp-content\/uploads\/2026\/04\/25-26-Wertebotschafter-Abi-Start-B-250x167.jpg 250w, https:\/\/www.rwg-bayreuth.de\/home\/wp-content\/uploads\/2026\/04\/25-26-Wertebotschafter-Abi-Start-B-900x600.jpg 900w\" sizes=\"(max-width: 1024px) 100vw, 1024px\" \/><\/a> \t\t<\/div><!-- end .entry-thumbnail -->\n<div class=\"meta-main-wrap\">\n  <div class=\"\">\n    <header class=\"entry-header\">\n      <div class=\"entry-cats\">\n        <div class=\"kategorie\"><a href=\"https:\/\/www.rwg-bayreuth.de\/home\/?cat=1\" rel=\"category\">Schulleben<\/a><\/div>\n<div class=\"entry-edit\" >      <div class=\"entry-date\" >\n        <a href=\"https:\/\/www.rwg-bayreuth.de\/home\/?p=41230\">28. April 2026<\/a>\n      <\/div><\/div><!-- end .entry-date -->\n      <\/div><!-- end .entry-cats -->\n<h2 class=\"entry-title\"><a href=\"https:\/\/www.rwg-bayreuth.de\/home\/?p=41230\" rel=\"bookmark\">Ein besonderer Abi-Start dank der 5. Klassen<\/a><\/h2>\n    <\/header><!-- end .entry-header -->\n    <div class=\"entry-summary\">\nLiebe Schulfamilie, wir sind Lara (9c) und Margarete (9c), eure Wertebotschafterinnen am RWG. Wir befinden uns gerade in der Ausbildung zu Wertebotschafterinnen und lernen dabei, wie man die Wertearbeit an Schulen umsetzen kann und auch wie man Sch\u00fclern das Thema \u201eWerte\u201c n\u00e4herbringen kann. Im Rahmen unserer Ausbildung haben wir als erstes Projekt zusammen mit dem&hellip;\n  <\/div><!-- .entry-summary -->\n  <\/div><!-- .entry-main -->\n<\/div><!-- .meta-main-wrap -->\n<\/article><!-- end post -41230 -->\n<article id=\"post-41267\"class=\"cf post-41267 post type-post status-publish format-standard has-post-thumbnail hentry category-allgemein tag-deutsch tag-home tag-temp\">\n \t\t<div class=\"entry-thumbnail fadein\"> \t\t\t<a href=\"https:\/\/www.rwg-bayreuth.de\/home\/?p=41267\"><img loading=\"lazy\" decoding=\"async\" width=\"1024\" height=\"683\" src=\"https:\/\/www.rwg-bayreuth.de\/home\/wp-content\/uploads\/2026\/04\/25-26-5b-Welttag-des-Buches.jpg\" class=\"attachment-post-thumbnail size-post-thumbnail wp-post-image\" alt=\"\" srcset=\"https:\/\/www.rwg-bayreuth.de\/home\/wp-content\/uploads\/2026\/04\/25-26-5b-Welttag-des-Buches.jpg 1024w, https:\/\/www.rwg-bayreuth.de\/home\/wp-content\/uploads\/2026\/04\/25-26-5b-Welttag-des-Buches-150x100.jpg 150w, https:\/\/www.rwg-bayreuth.de\/home\/wp-content\/uploads\/2026\/04\/25-26-5b-Welttag-des-Buches-450x300.jpg 450w, https:\/\/www.rwg-bayreuth.de\/home\/wp-content\/uploads\/2026\/04\/25-26-5b-Welttag-des-Buches-768x512.jpg 768w, https:\/\/www.rwg-bayreuth.de\/home\/wp-content\/uploads\/2026\/04\/25-26-5b-Welttag-des-Buches-250x167.jpg 250w, https:\/\/www.rwg-bayreuth.de\/home\/wp-content\/uploads\/2026\/04\/25-26-5b-Welttag-des-Buches-900x600.jpg 900w\" sizes=\"(max-width: 1024px) 100vw, 1024px\" \/><\/a> \t\t<\/div><!-- end .entry-thumbnail -->\n<div class=\"meta-main-wrap\">\n  <div class=\"\">\n    <header class=\"entry-header\">\n      <div class=\"entry-cats\">\n        <div class=\"kategorie\"><a href=\"https:\/\/www.rwg-bayreuth.de\/home\/?cat=1\" rel=\"category\">Schulleben<\/a><\/div>\n<div class=\"entry-edit\" >      <div class=\"entry-date\" >\n        <a href=\"https:\/\/www.rwg-bayreuth.de\/home\/?p=41267\">25. April 2026<\/a>\n      <\/div><\/div><!-- end .entry-date -->\n      <\/div><!-- end .entry-cats -->\n<h2 class=\"entry-title\"><a href=\"https:\/\/www.rwg-bayreuth.de\/home\/?p=41267\" rel=\"bookmark\">Welttag des Buches \u2013 wir feiern das Lesen!<\/a><\/h2>\n    <\/header><!-- end .entry-header -->\n    <div class=\"entry-summary\">\nAm 23.&nbsp;April wird allj\u00e4hrlich der Welttag des Buches gefeiert. Unsere 5.&nbsp;Klassen haben auch dieses Jahr wieder mit verschiedenen Aktionen mitgemischt: So holten sich die Sch\u00fcler der 5b bereits am 21.&nbsp;April ihre Exemplare von \u201eDer fliegende Klassenscooter\u201c in der Buchhandlung Rupprecht ab. Dieser Comicroman wurde extra f\u00fcr den Welttag des Buches geschrieben und gedruckt und \u00fcber&hellip;\n  <\/div><!-- .entry-summary -->\n  <\/div><!-- .entry-main -->\n<\/div><!-- .meta-main-wrap -->\n<\/article><!-- end post -41267 -->\n<article id=\"post-41211\"class=\"cf post-41211 post type-post status-publish format-standard has-post-thumbnail hentry category-allgemein tag-home tag-relievangelisch\">\n \t\t<div class=\"entry-thumbnail fadein\"> \t\t\t<a href=\"https:\/\/www.rwg-bayreuth.de\/home\/?p=41211\"><img loading=\"lazy\" decoding=\"async\" width=\"1024\" height=\"683\" src=\"https:\/\/www.rwg-bayreuth.de\/home\/wp-content\/uploads\/2026\/04\/25-26-RWGonAir-B.jpg\" class=\"attachment-post-thumbnail size-post-thumbnail wp-post-image\" alt=\"\" srcset=\"https:\/\/www.rwg-bayreuth.de\/home\/wp-content\/uploads\/2026\/04\/25-26-RWGonAir-B.jpg 1024w, https:\/\/www.rwg-bayreuth.de\/home\/wp-content\/uploads\/2026\/04\/25-26-RWGonAir-B-150x100.jpg 150w, https:\/\/www.rwg-bayreuth.de\/home\/wp-content\/uploads\/2026\/04\/25-26-RWGonAir-B-450x300.jpg 450w, https:\/\/www.rwg-bayreuth.de\/home\/wp-content\/uploads\/2026\/04\/25-26-RWGonAir-B-768x512.jpg 768w, https:\/\/www.rwg-bayreuth.de\/home\/wp-content\/uploads\/2026\/04\/25-26-RWGonAir-B-250x167.jpg 250w, https:\/\/www.rwg-bayreuth.de\/home\/wp-content\/uploads\/2026\/04\/25-26-RWGonAir-B-900x600.jpg 900w\" sizes=\"(max-width: 1024px) 100vw, 1024px\" \/><\/a> \t\t<\/div><!-- end .entry-thumbnail -->\n<div class=\"meta-main-wrap\">\n  <div class=\"\">\n    <header class=\"entry-header\">\n      <div class=\"entry-cats\">\n        <div class=\"kategorie\"><a href=\"https:\/\/www.rwg-bayreuth.de\/home\/?cat=1\" rel=\"category\">Schulleben<\/a><\/div>\n<div class=\"entry-edit\" >      <div class=\"entry-date\" >\n        <a href=\"https:\/\/www.rwg-bayreuth.de\/home\/?p=41211\">22. April 2026<\/a>\n      <\/div><\/div><!-- end .entry-date -->\n      <\/div><!-- end .entry-cats -->\n<h2 class=\"entry-title\"><a href=\"https:\/\/www.rwg-bayreuth.de\/home\/?p=41211\" rel=\"bookmark\">RWG on Air: Gedanken zum Tag bei Radio Mainwelle<\/a><\/h2>\n    <\/header><!-- end .entry-header -->\n    <div class=\"entry-summary\">\nW\u00e4hrend aktuell die Beitr\u00e4ge unserer Elftkl\u00e4ssler zum Thema \u201eBibel\u201c schon jeden Morgen auf der Mainwelle zu h\u00f6ren sind, haben elf Sch\u00fclerinnen und Sch\u00fcler der Klassen 10b und c am 21.4. ihre Andachten zum Thema \u201eGl\u00fcck\u201c im Studio von Radio Mainwelle einsprechen d\u00fcrfen. Es war eine ganz besondere Erfahrung, im Studio mit Profi Martin Sollik zusammenzuarbeiten.&hellip;\n  <\/div><!-- .entry-summary -->\n  <\/div><!-- .entry-main -->\n<\/div><!-- .meta-main-wrap -->\n<\/article><!-- end post -41211 -->\n<article id=\"post-41183\"class=\"cf post-41183 post type-post status-publish format-standard has-post-thumbnail hentry category-allgemein tag-englisch tag-home\">\n \t\t<div class=\"entry-thumbnail fadein\"> \t\t\t<a href=\"https:\/\/www.rwg-bayreuth.de\/home\/?p=41183\"><img loading=\"lazy\" decoding=\"async\" width=\"1024\" height=\"683\" src=\"https:\/\/www.rwg-bayreuth.de\/home\/wp-content\/uploads\/2026\/04\/25-26-EnglishWorkshop-Postcolonial-B.jpg\" class=\"attachment-post-thumbnail size-post-thumbnail wp-post-image\" alt=\"\" srcset=\"https:\/\/www.rwg-bayreuth.de\/home\/wp-content\/uploads\/2026\/04\/25-26-EnglishWorkshop-Postcolonial-B.jpg 1024w, https:\/\/www.rwg-bayreuth.de\/home\/wp-content\/uploads\/2026\/04\/25-26-EnglishWorkshop-Postcolonial-B-150x100.jpg 150w, https:\/\/www.rwg-bayreuth.de\/home\/wp-content\/uploads\/2026\/04\/25-26-EnglishWorkshop-Postcolonial-B-450x300.jpg 450w, https:\/\/www.rwg-bayreuth.de\/home\/wp-content\/uploads\/2026\/04\/25-26-EnglishWorkshop-Postcolonial-B-768x512.jpg 768w, https:\/\/www.rwg-bayreuth.de\/home\/wp-content\/uploads\/2026\/04\/25-26-EnglishWorkshop-Postcolonial-B-250x167.jpg 250w, https:\/\/www.rwg-bayreuth.de\/home\/wp-content\/uploads\/2026\/04\/25-26-EnglishWorkshop-Postcolonial-B-900x600.jpg 900w\" sizes=\"(max-width: 1024px) 100vw, 1024px\" \/><\/a> \t\t<\/div><!-- end .entry-thumbnail -->\n<div class=\"meta-main-wrap\">\n  <div class=\"\">\n    <header class=\"entry-header\">\n      <div class=\"entry-cats\">\n        <div class=\"kategorie\"><a href=\"https:\/\/www.rwg-bayreuth.de\/home\/?cat=1\" rel=\"category\">Schulleben<\/a><\/div>\n<div class=\"entry-edit\" >      <div class=\"entry-date\" >\n        <a href=\"https:\/\/www.rwg-bayreuth.de\/home\/?p=41183\">17. April 2026<\/a>\n      <\/div><\/div><!-- end .entry-date -->\n      <\/div><!-- end .entry-cats -->\n<h2 class=\"entry-title\"><a href=\"https:\/\/www.rwg-bayreuth.de\/home\/?p=41183\" rel=\"bookmark\">Workshop: Postcolonial Developments in Kenya<\/a><\/h2>\n    <\/header><!-- end .entry-header -->\n    <div class=\"entry-summary\">\nIm Rahmen des Englischunterrichts nahm die 11d unserer Schule an einem spannenden und lehrreichen Workshop zum Thema &#8222;Postcolonial Developments in Kenya&#8220; teil. Der Workshop wurde vollst\u00e4ndig auf Englisch durchgef\u00fchrt und bot den Sch\u00fclerinnen und Sch\u00fclern die M\u00f6glichkeit, ihre Sprachkenntnisse in einem authentischen Kontext anzuwenden und gleichzeitig ihr globales Verst\u00e4ndnis zu erweitern. Mit Frau Luisa Schmidt,&hellip;\n  <\/div><!-- .entry-summary -->\n  <\/div><!-- .entry-main -->\n<\/div><!-- .meta-main-wrap -->\n<\/article><!-- end post -41183 -->\n<article id=\"post-41170\"class=\"cf post-41170 post type-post status-publish format-standard has-post-thumbnail hentry category-allgemein tag-home tag-mbo\">\n \t\t<div class=\"entry-thumbnail fadein\"> \t\t\t<a href=\"https:\/\/www.rwg-bayreuth.de\/home\/?p=41170\"><img loading=\"lazy\" decoding=\"async\" width=\"1024\" height=\"683\" src=\"https:\/\/www.rwg-bayreuth.de\/home\/wp-content\/uploads\/2026\/04\/25-26-TagDesHandwerks-B.jpg\" class=\"attachment-post-thumbnail size-post-thumbnail wp-post-image\" alt=\"\" srcset=\"https:\/\/www.rwg-bayreuth.de\/home\/wp-content\/uploads\/2026\/04\/25-26-TagDesHandwerks-B.jpg 1024w, https:\/\/www.rwg-bayreuth.de\/home\/wp-content\/uploads\/2026\/04\/25-26-TagDesHandwerks-B-150x100.jpg 150w, https:\/\/www.rwg-bayreuth.de\/home\/wp-content\/uploads\/2026\/04\/25-26-TagDesHandwerks-B-450x300.jpg 450w, https:\/\/www.rwg-bayreuth.de\/home\/wp-content\/uploads\/2026\/04\/25-26-TagDesHandwerks-B-768x512.jpg 768w, https:\/\/www.rwg-bayreuth.de\/home\/wp-content\/uploads\/2026\/04\/25-26-TagDesHandwerks-B-250x167.jpg 250w, https:\/\/www.rwg-bayreuth.de\/home\/wp-content\/uploads\/2026\/04\/25-26-TagDesHandwerks-B-900x600.jpg 900w\" sizes=\"(max-width: 1024px) 100vw, 1024px\" \/><\/a> \t\t<\/div><!-- end .entry-thumbnail -->\n<div class=\"meta-main-wrap\">\n  <div class=\"\">\n    <header class=\"entry-header\">\n      <div class=\"entry-cats\">\n        <div class=\"kategorie\"><a href=\"https:\/\/www.rwg-bayreuth.de\/home\/?cat=1\" rel=\"category\">Schulleben<\/a><\/div>\n<div class=\"entry-edit\" >      <div class=\"entry-date\" >\n        <a href=\"https:\/\/www.rwg-bayreuth.de\/home\/?p=41170\">28. M\u00e4rz 2026<\/a>\n      <\/div><\/div><!-- end .entry-date -->\n      <\/div><!-- end .entry-cats -->\n<h2 class=\"entry-title\"><a href=\"https:\/\/www.rwg-bayreuth.de\/home\/?p=41170\" rel=\"bookmark\">Handwerk hautnah: Neue Perspektiven jenseits des H\u00f6rsaals<\/a><\/h2>\n    <\/header><!-- end .entry-header -->\n    <div class=\"entry-summary\">\nGrundschule, Gymnasium, dort Abi machen und ab ins Studium. Das ist der \u00fcbliche Weg zum sp\u00e4teren Berufsleben, der den Sch\u00fclerinnen und Sch\u00fclern, nicht nur des Richard-Wagner-Gymnasiums, vorgelebt wird. Doch es geht auch anders. Die Handwerkskammer Bayreuth hat es sich deshalb zum Ziel gesetzt, den Jugendlichen zu zeigen, dass ein Studium nicht das Einzige sein muss,&hellip;\n  <\/div><!-- .entry-summary -->\n  <\/div><!-- .entry-main -->\n<\/div><!-- .meta-main-wrap -->\n<\/article><!-- end post -41170 -->\n<article id=\"post-41142\"class=\"cf post-41142 post type-post status-publish format-standard has-post-thumbnail hentry category-allgemein tag-home tag-italienisch tag-temp\">\n \t\t<div class=\"entry-thumbnail fadein\"> \t\t\t<a href=\"https:\/\/www.rwg-bayreuth.de\/home\/?p=41142\"><img loading=\"lazy\" decoding=\"async\" width=\"1024\" height=\"683\" src=\"https:\/\/www.rwg-bayreuth.de\/home\/wp-content\/uploads\/2026\/04\/25-26-Italienisch-BarItaliano-B.jpg\" class=\"attachment-post-thumbnail size-post-thumbnail wp-post-image\" alt=\"\" srcset=\"https:\/\/www.rwg-bayreuth.de\/home\/wp-content\/uploads\/2026\/04\/25-26-Italienisch-BarItaliano-B.jpg 1024w, https:\/\/www.rwg-bayreuth.de\/home\/wp-content\/uploads\/2026\/04\/25-26-Italienisch-BarItaliano-B-150x100.jpg 150w, https:\/\/www.rwg-bayreuth.de\/home\/wp-content\/uploads\/2026\/04\/25-26-Italienisch-BarItaliano-B-450x300.jpg 450w, https:\/\/www.rwg-bayreuth.de\/home\/wp-content\/uploads\/2026\/04\/25-26-Italienisch-BarItaliano-B-768x512.jpg 768w, https:\/\/www.rwg-bayreuth.de\/home\/wp-content\/uploads\/2026\/04\/25-26-Italienisch-BarItaliano-B-250x167.jpg 250w, https:\/\/www.rwg-bayreuth.de\/home\/wp-content\/uploads\/2026\/04\/25-26-Italienisch-BarItaliano-B-900x600.jpg 900w\" sizes=\"(max-width: 1024px) 100vw, 1024px\" \/><\/a> \t\t<\/div><!-- end .entry-thumbnail -->\n<div class=\"meta-main-wrap\">\n  <div class=\"\">\n    <header class=\"entry-header\">\n      <div class=\"entry-cats\">\n        <div class=\"kategorie\"><a href=\"https:\/\/www.rwg-bayreuth.de\/home\/?cat=1\" rel=\"category\">Schulleben<\/a><\/div>\n<div class=\"entry-edit\" >      <div class=\"entry-date\" >\n        <a href=\"https:\/\/www.rwg-bayreuth.de\/home\/?p=41142\">28. M\u00e4rz 2026<\/a>\n      <\/div><\/div><!-- end .entry-date -->\n      <\/div><!-- end .entry-cats -->\n<h2 class=\"entry-title\"><a href=\"https:\/\/www.rwg-bayreuth.de\/home\/?p=41142\" rel=\"bookmark\">Bar Italiano \u2013 Ein voller Erfolg!\ud83c\udf55<\/a><\/h2>\n    <\/header><!-- end .entry-header -->\n    <div class=\"entry-summary\">\nMit viel Engagement und gro\u00dfer Begeisterung haben die 8. Klassen unsere\u00a0Bar Italiano\u00a0organisiert. Es wurde geplant, vorbereitet und gemeinsam gearbeitet. Die Sch\u00fclerinnen und Sch\u00fcler haben zahlreiche italienische Leckereien selbst hergestellt \u2013 darunter Pizza, Tramezzini, Brioche, Tiramisu und viele weitere Spezialit\u00e4ten. \ud83c\udf70\ud83e\udd6a Am Verkaufstag herrschte eine tolle Stimmung: Viele Besucherinnen und Besucher kamen vorbei, probierten die frisch&hellip;\n  <\/div><!-- .entry-summary -->\n  <\/div><!-- .entry-main -->\n<\/div><!-- .meta-main-wrap -->\n<\/article><!-- end post -41142 -->\n<article id=\"post-41124\"class=\"cf post-41124 post type-post status-publish format-standard has-post-thumbnail hentry category-allgemein tag-deutsch tag-home\">\n \t\t<div class=\"entry-thumbnail fadein\"> \t\t\t<a href=\"https:\/\/www.rwg-bayreuth.de\/home\/?p=41124\"><img loading=\"lazy\" decoding=\"async\" width=\"1024\" height=\"683\" src=\"https:\/\/www.rwg-bayreuth.de\/home\/wp-content\/uploads\/2026\/03\/25-26-Osterprojektt-Deutsch-B.jpg\" class=\"attachment-post-thumbnail size-post-thumbnail wp-post-image\" alt=\"\" srcset=\"https:\/\/www.rwg-bayreuth.de\/home\/wp-content\/uploads\/2026\/03\/25-26-Osterprojektt-Deutsch-B.jpg 1024w, https:\/\/www.rwg-bayreuth.de\/home\/wp-content\/uploads\/2026\/03\/25-26-Osterprojektt-Deutsch-B-150x100.jpg 150w, https:\/\/www.rwg-bayreuth.de\/home\/wp-content\/uploads\/2026\/03\/25-26-Osterprojektt-Deutsch-B-450x300.jpg 450w, https:\/\/www.rwg-bayreuth.de\/home\/wp-content\/uploads\/2026\/03\/25-26-Osterprojektt-Deutsch-B-768x512.jpg 768w, https:\/\/www.rwg-bayreuth.de\/home\/wp-content\/uploads\/2026\/03\/25-26-Osterprojektt-Deutsch-B-250x167.jpg 250w, https:\/\/www.rwg-bayreuth.de\/home\/wp-content\/uploads\/2026\/03\/25-26-Osterprojektt-Deutsch-B-900x600.jpg 900w\" sizes=\"(max-width: 1024px) 100vw, 1024px\" \/><\/a> \t\t<\/div><!-- end .entry-thumbnail -->\n<div class=\"meta-main-wrap\">\n  <div class=\"\">\n    <header class=\"entry-header\">\n      <div class=\"entry-cats\">\n        <div class=\"kategorie\"><a href=\"https:\/\/www.rwg-bayreuth.de\/home\/?cat=1\" rel=\"category\">Schulleben<\/a><\/div>\n<div class=\"entry-edit\" >      <div class=\"entry-date\" >\n        <a href=\"https:\/\/www.rwg-bayreuth.de\/home\/?p=41124\">28. M\u00e4rz 2026<\/a>\n      <\/div><\/div><!-- end .entry-date -->\n      <\/div><!-- end .entry-cats -->\n<h2 class=\"entry-title\"><a href=\"https:\/\/www.rwg-bayreuth.de\/home\/?p=41124\" rel=\"bookmark\">Osterprojekt der 6. Klasse: Kreative Osterk\u00f6rbe und gemeinsames Lernen<\/a><\/h2>\n    <\/header><!-- end .entry-header -->\n    <div class=\"entry-summary\">\nIm Deutschunterricht der 6. Klasse drehte sich vor den Osterferien alles um das Thema \u201eVorgangsbeschreibung\u201c. Die Sch\u00fclerinnen und Sch\u00fcler gestalteten eigene Osterk\u00f6rbe und schrieben dazu passende Anleitungen. Dabei \u00fcbten sie, die Vorg\u00e4nge klar und verst\u00e4ndlich zu formulieren. Dieses Wissen konnten sie direkt anwenden, indem sie ihre Bastelarbeiten Schritt f\u00fcr Schritt beschrieben. Unterst\u00fctzt wurden sie von&hellip;\n  <\/div><!-- .entry-summary -->\n  <\/div><!-- .entry-main -->\n<\/div><!-- .meta-main-wrap -->\n<\/article><!-- end post -41124 -->\n<article id=\"post-41081\"class=\"cf post-41081 post type-post status-publish format-standard has-post-thumbnail hentry category-allgemein tag-home tag-skikurs\">\n \t\t<div class=\"entry-thumbnail fadein\"> \t\t\t<a href=\"https:\/\/www.rwg-bayreuth.de\/home\/?p=41081\"><img loading=\"lazy\" decoding=\"async\" width=\"1024\" height=\"683\" src=\"https:\/\/www.rwg-bayreuth.de\/home\/wp-content\/uploads\/2026\/03\/25-26-Skikurs-Titelbild.jpg\" class=\"attachment-post-thumbnail size-post-thumbnail wp-post-image\" alt=\"\" srcset=\"https:\/\/www.rwg-bayreuth.de\/home\/wp-content\/uploads\/2026\/03\/25-26-Skikurs-Titelbild.jpg 1024w, https:\/\/www.rwg-bayreuth.de\/home\/wp-content\/uploads\/2026\/03\/25-26-Skikurs-Titelbild-150x100.jpg 150w, https:\/\/www.rwg-bayreuth.de\/home\/wp-content\/uploads\/2026\/03\/25-26-Skikurs-Titelbild-450x300.jpg 450w, https:\/\/www.rwg-bayreuth.de\/home\/wp-content\/uploads\/2026\/03\/25-26-Skikurs-Titelbild-768x512.jpg 768w, https:\/\/www.rwg-bayreuth.de\/home\/wp-content\/uploads\/2026\/03\/25-26-Skikurs-Titelbild-250x167.jpg 250w, https:\/\/www.rwg-bayreuth.de\/home\/wp-content\/uploads\/2026\/03\/25-26-Skikurs-Titelbild-900x600.jpg 900w\" sizes=\"(max-width: 1024px) 100vw, 1024px\" \/><\/a> \t\t<\/div><!-- end .entry-thumbnail -->\n<div class=\"meta-main-wrap\">\n  <div class=\"\">\n    <header class=\"entry-header\">\n      <div class=\"entry-cats\">\n        <div class=\"kategorie\"><a href=\"https:\/\/www.rwg-bayreuth.de\/home\/?cat=1\" rel=\"category\">Schulleben<\/a><\/div>\n<div class=\"entry-edit\" >      <div class=\"entry-date\" >\n        <a href=\"https:\/\/www.rwg-bayreuth.de\/home\/?p=41081\">22. M\u00e4rz 2026<\/a>\n      <\/div><\/div><!-- end .entry-date -->\n      <\/div><!-- end .entry-cats -->\n<h2 class=\"entry-title\"><a href=\"https:\/\/www.rwg-bayreuth.de\/home\/?p=41081\" rel=\"bookmark\">Skikurs wir vergessen dich nie!<\/a><\/h2>\n    <\/header><!-- end .entry-header -->\n    <div class=\"entry-summary\">\nIm M\u00e4rz verbrachte die 7. Jahrgangsstufe eine erlebnisreiche Woche in den S\u00fcdtiroler Bergen. Dort hatten die Sch\u00fclerinnen und Sch\u00fcler die Gelegenheit, das Skifahren von Grund auf zu lernen oder ihre vorhandenen F\u00e4higkeiten weiter auszubauen \u2013 und das bei strahlendem Sonnenschein am Klausberg. Dank der Unterst\u00fctzung der Lehrkr\u00e4fte fand jede und jeder schnell die passende Skigruppe.&hellip;\n  <\/div><!-- .entry-summary -->\n  <\/div><!-- .entry-main -->\n<\/div><!-- .meta-main-wrap -->\n<\/article><!-- end post -41081 -->\n<article id=\"post-41107\"class=\"cf post-41107 post type-post status-publish format-standard has-post-thumbnail hentry category-allgemein tag-home tag-streitschlichter\">\n \t\t<div class=\"entry-thumbnail fadein\"> \t\t\t<a href=\"https:\/\/www.rwg-bayreuth.de\/home\/?p=41107\"><img loading=\"lazy\" decoding=\"async\" width=\"1024\" height=\"683\" src=\"https:\/\/www.rwg-bayreuth.de\/home\/wp-content\/uploads\/2026\/03\/25-26-Streitschlichter2026-B.jpg\" class=\"attachment-post-thumbnail size-post-thumbnail wp-post-image\" alt=\"\" srcset=\"https:\/\/www.rwg-bayreuth.de\/home\/wp-content\/uploads\/2026\/03\/25-26-Streitschlichter2026-B.jpg 1024w, https:\/\/www.rwg-bayreuth.de\/home\/wp-content\/uploads\/2026\/03\/25-26-Streitschlichter2026-B-150x100.jpg 150w, https:\/\/www.rwg-bayreuth.de\/home\/wp-content\/uploads\/2026\/03\/25-26-Streitschlichter2026-B-450x300.jpg 450w, https:\/\/www.rwg-bayreuth.de\/home\/wp-content\/uploads\/2026\/03\/25-26-Streitschlichter2026-B-768x512.jpg 768w, https:\/\/www.rwg-bayreuth.de\/home\/wp-content\/uploads\/2026\/03\/25-26-Streitschlichter2026-B-250x167.jpg 250w, https:\/\/www.rwg-bayreuth.de\/home\/wp-content\/uploads\/2026\/03\/25-26-Streitschlichter2026-B-900x600.jpg 900w\" sizes=\"(max-width: 1024px) 100vw, 1024px\" \/><\/a> \t\t<\/div><!-- end .entry-thumbnail -->\n<div class=\"meta-main-wrap\">\n  <div class=\"\">\n    <header class=\"entry-header\">\n      <div class=\"entry-cats\">\n        <div class=\"kategorie\"><a href=\"https:\/\/www.rwg-bayreuth.de\/home\/?cat=1\" rel=\"category\">Schulleben<\/a><\/div>\n<div class=\"entry-edit\" >      <div class=\"entry-date\" >\n        <a href=\"https:\/\/www.rwg-bayreuth.de\/home\/?p=41107\">22. M\u00e4rz 2026<\/a>\n      <\/div><\/div><!-- end .entry-date -->\n      <\/div><!-- end .entry-cats -->\n<h2 class=\"entry-title\"><a href=\"https:\/\/www.rwg-bayreuth.de\/home\/?p=41107\" rel=\"bookmark\">Verst\u00e4rkung f\u00fcr ein friedliches Miteinander: Unsere neuen Streitschlichter sind da!<\/a><\/h2>\n    <\/header><!-- end .entry-header -->\n    <div class=\"entry-summary\">\nNach vier intensiven Ausbildungswochenenden ist es endlich so weit: Unsere neuen Streitschlichterinnen und Streitschlichter nehmen in dieser Woche offiziell ihren Dienst am RWG auf. Wir freuen uns sehr, dass sich erneut acht engagierte Sch\u00fclerinnen und Sch\u00fcler dazu bereit erkl\u00e4rt haben, einen Teil ihrer Freizeit zu investieren, um diese wichtige Ausbildung zu absolvieren. Ab sofort stehen&hellip;\n  <\/div><!-- .entry-summary -->\n  <\/div><!-- .entry-main -->\n<\/div><!-- .meta-main-wrap -->\n<\/article><!-- end post -41107 -->\n<ul class='lcp_paginator'><li class='lcp_currentpage'>1<\/li><li><a href='https:\/\/www.rwg-bayreuth.de\/home\/index.php?rest_route=%2Fwp%2Fv2%2Fpages%2F3915&#038;lcp_page0=2#lcp_instance_0' title='2'>2<\/a><\/li><li><a href='https:\/\/www.rwg-bayreuth.de\/home\/index.php?rest_route=%2Fwp%2Fv2%2Fpages%2F3915&#038;lcp_page0=3#lcp_instance_0' title='3'>3<\/a><\/li><li><a href='https:\/\/www.rwg-bayreuth.de\/home\/index.php?rest_route=%2Fwp%2Fv2%2Fpages%2F3915&#038;lcp_page0=4#lcp_instance_0' title='4'>4<\/a><\/li><li><a href='https:\/\/www.rwg-bayreuth.de\/home\/index.php?rest_route=%2Fwp%2Fv2%2Fpages%2F3915&#038;lcp_page0=5#lcp_instance_0' title='5'>5<\/a><\/li><li><a href='https:\/\/www.rwg-bayreuth.de\/home\/index.php?rest_route=%2Fwp%2Fv2%2Fpages%2F3915&#038;lcp_page0=6#lcp_instance_0' title='6'>6<\/a><\/li><li><a href='https:\/\/www.rwg-bayreuth.de\/home\/index.php?rest_route=%2Fwp%2Fv2%2Fpages%2F3915&#038;lcp_page0=2#lcp_instance_0' title='2' class='lcp_nextlink'>&gt;&gt;<\/a><\/li><\/ul><\/div><!-- end .rwg_post_list -->\n<div class=\"flex-container\"  style=\"margin-bottom: 50px\">\n<a class=\"flex-item\" style=\"flex-grow: 1; flex-basis: auto\" href=\"#seitenanfang\">zum Seitenanfang<\/a>\n<\/div>\n<p><!--Aufgrund eines Fehlers im verwendeten Plugin wird derzeit leider keine Navigationsleiste angezeigt. Deshalb werden hier nur die letzten hundert Berichte fortlaufend aufgelistet bis ein fehlerloses Update verf\u00fcgbar ist. \u00c4ltere Berichte k\u00f6nnen \u00fcber das Archiv der Beitr\u00e4ge (Startseite) aufgerufen werden.\n\n\n--><!--<a href=\"https:\/\/www.rwg-bayreuth.de\/home\/#recent-posts-5\">zum Archiv der Beitr\u00e4ge<\/a>--><\/p>\n","protected":false},"excerpt":{"rendered":"<p>Berichte aus dem laufenden Schuljahr zum Seitenanfang<\/p>\n","protected":false},"author":1,"featured_media":0,"parent":7,"menu_order":100,"comment_status":"closed","ping_status":"closed","template":"page-templates\/no-sidebar.php","meta":{"footnotes":""},"tags":[54],"_links":{"self":[{"href":"https:\/\/www.rwg-bayreuth.de\/home\/index.php?rest_route=\/wp\/v2\/pages\/3915"}],"collection":[{"href":"https:\/\/www.rwg-bayreuth.de\/home\/index.php?rest_route=\/wp\/v2\/pages"}],"about":[{"href":"https:\/\/www.rwg-bayreuth.de\/home\/index.php?rest_route=\/wp\/v2\/types\/page"}],"author":[{"embeddable":true,"href":"https:\/\/www.rwg-bayreuth.de\/home\/index.php?rest_route=\/wp\/v2\/users\/1"}],"replies":[{"embeddable":true,"href":"https:\/\/www.rwg-bayreuth.de\/home\/index.php?rest_route=%2Fwp%2Fv2%2Fcomments&post=3915"}],"version-history":[{"count":49,"href":"https:\/\/www.rwg-bayreuth.de\/home\/index.php?rest_route=\/wp\/v2\/pages\/3915\/revisions"}],"predecessor-version":[{"id":41197,"href":"https:\/\/www.rwg-bayreuth.de\/home\/index.php?rest_route=\/wp\/v2\/pages\/3915\/revisions\/41197"}],"up":[{"embeddable":true,"href":"https:\/\/www.rwg-bayreuth.de\/home\/index.php?rest_route=\/wp\/v2\/pages\/7"}],"wp:attachment":[{"href":"https:\/\/www.rwg-bayreuth.de\/home\/index.php?rest_route=%2Fwp%2Fv2%2Fmedia&parent=3915"}],"wp:term":[{"taxonomy":"post_tag","embeddable":true,"href":"https:\/\/www.rwg-bayreuth.de\/home\/index.php?rest_route=%2Fwp%2Fv2%2Ftags&post=3915"}],"curies":[{"name":"wp","href":"https:\/\/api.w.org\/{rel}","templated":true}]}}