{"id":37075,"date":"2024-11-16T16:50:02","date_gmt":"2024-11-16T15:50:02","guid":{"rendered":"https:\/\/www.rwg-bayreuth.de\/home\/?page_id=37075"},"modified":"2024-11-16T16:50:02","modified_gmt":"2024-11-16T15:50:02","slug":"berichte-5","status":"publish","type":"page","link":"https:\/\/www.rwg-bayreuth.de\/home\/?page_id=37075","title":{"rendered":"Berichte"},"content":{"rendered":"<span id=\"seitenanfang\"><\/span><p>Hier finden Sie die Berichte aus dem Schulleben des RWG seit dem Schuljahr 2016\/17. \u00c4ltere Berichte <!--sind im Archiv der Beitr\u00e4ge gesammelt und -->k\u00f6nnen \u00fcber die <!--Startseite und die -->Suchfunktion aufgerufen werden.<\/p>\r\n\r\n<div class=\"grid-container-faecher grid-container-beitragsjahre\"  style=\"margin-bottom: 50px\"><!--\r\n--><a class=\"grid-item-faecher grid-item-beitragsjahre\" href=\"http:\/\/www.rwg-bayreuth.de\/home\/?page_id=3915\">Aktuell<\/a><!--\r\n--><a class=\"grid-item-faecher grid-item-beitragsjahre\" href=\"http:\/\/www.rwg-bayreuth.de\/home\/?page_id=39785\">2024\/25<\/a><!--\r\n--><a class=\"grid-item-faecher grid-item-beitragsjahre\" href=\"http:\/\/www.rwg-bayreuth.de\/home\/?page_id=37075\">2023\/24<\/a><!--\r\n--><a class=\"grid-item-faecher grid-item-beitragsjahre\" href=\"http:\/\/www.rwg-bayreuth.de\/home\/?page_id=34538\">2022\/23<\/a><!--\r\n--><a class=\"grid-item-faecher grid-item-beitragsjahre\" href=\"http:\/\/www.rwg-bayreuth.de\/home\/?page_id=31965\">2021\/22<\/a><!--\r\n--><a class=\"grid-item-faecher grid-item-beitragsjahre\" href=\"http:\/\/www.rwg-bayreuth.de\/home\/?page_id=29448\">2020\/21<\/a><!--\r\n--><a class=\"grid-item-faecher grid-item-beitragsjahre\" href=\"http:\/\/www.rwg-bayreuth.de\/home\/?page_id=26962\">2019\/20<\/a><!--\r\n--><a class=\"grid-item-faecher grid-item-beitragsjahre\" href=\"http:\/\/www.rwg-bayreuth.de\/home\/?page_id=22430\">2018\/19<\/a><!--\r\n--><a class=\"grid-item-faecher grid-item-beitragsjahre\" href=\"http:\/\/www.rwg-bayreuth.de\/home\/?page_id=21895\">2017\/18<\/a><!--\r\n--><a class=\"grid-item-faecher grid-item-beitragsjahre\" href=\"http:\/\/www.rwg-bayreuth.de\/home\/?page_id=21882\">2016\/17<\/a><!--\r\n--><\/div><!--<div class=\"flex-container\"  style=\"margin-bottom: 50px\">\r\n<a class=\"flex-item flex-item-gleicheBreite\" href=\"http:\/\/www.rwg-bayreuth.de\/home\/?page_id=3915\">Aktuell<\/a>\r\n<a class=\"flex-item flex-item-gleicheBreite\" href=\"http:\/\/www.rwg-bayreuth.de\/home\/?page_id=31965\">2021\/22<\/a>\r\n<a class=\"flex-item flex-item-gleicheBreite\" href=\"http:\/\/www.rwg-bayreuth.de\/home\/?page_id=29448\">2020\/21<\/a>\r\n<a class=\"flex-item flex-item-gleicheBreite\" href=\"http:\/\/www.rwg-bayreuth.de\/home\/?page_id=26962\">2019\/20<\/a>\r\n<a class=\"flex-item flex-item-gleicheBreite\" href=\"http:\/\/www.rwg-bayreuth.de\/home\/?page_id=22430\">2018\/19<\/a>\r\n<a class=\"flex-item flex-item-gleicheBreite\" href=\"http:\/\/www.rwg-bayreuth.de\/home\/?page_id=21895\">2017\/18<\/a>\r\n<a class=\"flex-item flex-item-gleicheBreite\" href=\"http:\/\/www.rwg-bayreuth.de\/home\/?page_id=21882\">2016\/17<\/a>\r\n<\/div>-->\n<h1>Berichte aus dem Schuljahr 2023\/24<\/h1>\n<div class=\"rwg_post_list\"><article id=\"post-37152\"class=\"cf post-37152 post type-post status-publish format-standard has-post-thumbnail hentry category-allgemein tag-5te-klassen tag-biologie tag-home tag-kompass tag-mint\">\n \t\t<div class=\"entry-thumbnail fadein\"> \t\t\t<a href=\"https:\/\/www.rwg-bayreuth.de\/home\/?p=37152\"><img loading=\"lazy\" decoding=\"async\" width=\"1024\" height=\"683\" src=\"https:\/\/www.rwg-bayreuth.de\/home\/wp-content\/uploads\/2024\/11\/23-24-KrautUndRueben-Abschluss-B.jpg\" class=\"attachment-post-thumbnail size-post-thumbnail wp-post-image\" alt=\"\" srcset=\"https:\/\/www.rwg-bayreuth.de\/home\/wp-content\/uploads\/2024\/11\/23-24-KrautUndRueben-Abschluss-B.jpg 1024w, https:\/\/www.rwg-bayreuth.de\/home\/wp-content\/uploads\/2024\/11\/23-24-KrautUndRueben-Abschluss-B-150x100.jpg 150w, https:\/\/www.rwg-bayreuth.de\/home\/wp-content\/uploads\/2024\/11\/23-24-KrautUndRueben-Abschluss-B-450x300.jpg 450w, https:\/\/www.rwg-bayreuth.de\/home\/wp-content\/uploads\/2024\/11\/23-24-KrautUndRueben-Abschluss-B-768x512.jpg 768w, https:\/\/www.rwg-bayreuth.de\/home\/wp-content\/uploads\/2024\/11\/23-24-KrautUndRueben-Abschluss-B-250x167.jpg 250w, https:\/\/www.rwg-bayreuth.de\/home\/wp-content\/uploads\/2024\/11\/23-24-KrautUndRueben-Abschluss-B-900x600.jpg 900w\" sizes=\"(max-width: 1024px) 100vw, 1024px\" \/><\/a> \t\t<\/div><!-- end .entry-thumbnail -->\n<div class=\"meta-main-wrap\">\n  <div class=\"\">\n    <header class=\"entry-header\">\n      <div class=\"entry-cats\">\n        <div class=\"kategorie\"><a href=\"https:\/\/www.rwg-bayreuth.de\/home\/?cat=1\" rel=\"category\">Schulleben<\/a><\/div>\n<div class=\"entry-edit\" >      <div class=\"entry-date\" >\n        <a href=\"https:\/\/www.rwg-bayreuth.de\/home\/?p=37152\">21. August 2024<\/a>\n      <\/div><\/div><!-- end .entry-date -->\n      <\/div><!-- end .entry-cats -->\n<h2 class=\"entry-title\"><a href=\"https:\/\/www.rwg-bayreuth.de\/home\/?p=37152\" rel=\"bookmark\">Kraut und R\u00fcben-Projekt bei TVO<\/a><\/h2>\n    <\/header><!-- end .entry-header -->\n    <div class=\"entry-summary\">\nMit dem Ende des Schuljahres 2023\/24 konnten unsere Sch\u00fclerinnen und Sch\u00fcler aus den f\u00fcnften Klassen im wahrsten Sinne des Wortes sehen, dass ihre Arbeit Fr\u00fcchte tr\u00e4gt: Im Projekt \u201eKraut und R\u00fcben\u201c begann die Erntezeit. Im verlinkten Beitrag von TVO k\u00f6nnen Sie ab 8min 30sec sehen, wie es den Kindern der Klasse 5a dabei ergangen ist.&hellip;\n  <\/div><!-- .entry-summary -->\n  <\/div><!-- .entry-main -->\n<\/div><!-- .meta-main-wrap -->\n<\/article><!-- end post -37152 -->\n<article id=\"post-37276\"class=\"cf post-37276 post type-post status-publish format-standard has-post-thumbnail hentry category-allgemein tag-home tag-medientutoren-scouts\">\n \t\t<div class=\"entry-thumbnail fadein\"> \t\t\t<a href=\"https:\/\/www.rwg-bayreuth.de\/home\/?p=37276\"><img loading=\"lazy\" decoding=\"async\" width=\"1024\" height=\"683\" src=\"https:\/\/www.rwg-bayreuth.de\/home\/wp-content\/uploads\/2024\/11\/24-25-Medientag-B.jpg\" class=\"attachment-post-thumbnail size-post-thumbnail wp-post-image\" alt=\"\" srcset=\"https:\/\/www.rwg-bayreuth.de\/home\/wp-content\/uploads\/2024\/11\/24-25-Medientag-B.jpg 1024w, https:\/\/www.rwg-bayreuth.de\/home\/wp-content\/uploads\/2024\/11\/24-25-Medientag-B-150x100.jpg 150w, https:\/\/www.rwg-bayreuth.de\/home\/wp-content\/uploads\/2024\/11\/24-25-Medientag-B-450x300.jpg 450w, https:\/\/www.rwg-bayreuth.de\/home\/wp-content\/uploads\/2024\/11\/24-25-Medientag-B-768x512.jpg 768w, https:\/\/www.rwg-bayreuth.de\/home\/wp-content\/uploads\/2024\/11\/24-25-Medientag-B-250x167.jpg 250w, https:\/\/www.rwg-bayreuth.de\/home\/wp-content\/uploads\/2024\/11\/24-25-Medientag-B-900x600.jpg 900w\" sizes=\"(max-width: 1024px) 100vw, 1024px\" \/><\/a> \t\t<\/div><!-- end .entry-thumbnail -->\n<div class=\"meta-main-wrap\">\n  <div class=\"\">\n    <header class=\"entry-header\">\n      <div class=\"entry-cats\">\n        <div class=\"kategorie\"><a href=\"https:\/\/www.rwg-bayreuth.de\/home\/?cat=1\" rel=\"category\">Schulleben<\/a><\/div>\n<div class=\"entry-edit\" >      <div class=\"entry-date\" >\n        <a href=\"https:\/\/www.rwg-bayreuth.de\/home\/?p=37276\">15. August 2024<\/a>\n      <\/div><\/div><!-- end .entry-date -->\n      <\/div><!-- end .entry-cats -->\n<h2 class=\"entry-title\"><a href=\"https:\/\/www.rwg-bayreuth.de\/home\/?p=37276\" rel=\"bookmark\">Unsere Medienscouts diskutieren mit Ahmad Mansour an der Uni Bayreuth<\/a><\/h2>\n    <\/header><!-- end .entry-header -->\n    <div class=\"entry-summary\">\nUnter den insgesamt 300 Teilnehmerinnen und Teilnehmern am Ausbildungstag f\u00fcr die Medienscouts in Oberfranken waren auch 12 Sch\u00fclerinnen und Sch\u00fcler des RWG. Die Schirmherrschaft f\u00fcr diesen Event \u00fcbernahm der Bezirkstagspr\u00e4sident Henry Schramm, der die Veranstaltung mit anerkennenden Gru\u00dfworten er\u00f6ffnete. Auch viele weitere bedeutende Pers\u00f6nlichkeiten aus Politik, Bildung und dem Polizeipr\u00e4sidium Oberfranken dr\u00fcckten mit Reden und&hellip;\n  <\/div><!-- .entry-summary -->\n  <\/div><!-- .entry-main -->\n<\/div><!-- .meta-main-wrap -->\n<\/article><!-- end post -37276 -->\n<article id=\"post-37178\"class=\"cf post-37178 post type-post status-publish format-standard has-post-thumbnail hentry category-allgemein tag-home tag-vereinderfreunde\">\n \t\t<div class=\"entry-thumbnail fadein\"> \t\t\t<a href=\"https:\/\/www.rwg-bayreuth.de\/home\/?p=37178\"><img loading=\"lazy\" decoding=\"async\" width=\"1024\" height=\"683\" src=\"https:\/\/www.rwg-bayreuth.de\/home\/wp-content\/uploads\/2024\/11\/23-24-Elternbeirat-Schulfest-B.jpg\" class=\"attachment-post-thumbnail size-post-thumbnail wp-post-image\" alt=\"\" srcset=\"https:\/\/www.rwg-bayreuth.de\/home\/wp-content\/uploads\/2024\/11\/23-24-Elternbeirat-Schulfest-B.jpg 1024w, https:\/\/www.rwg-bayreuth.de\/home\/wp-content\/uploads\/2024\/11\/23-24-Elternbeirat-Schulfest-B-150x100.jpg 150w, https:\/\/www.rwg-bayreuth.de\/home\/wp-content\/uploads\/2024\/11\/23-24-Elternbeirat-Schulfest-B-450x300.jpg 450w, https:\/\/www.rwg-bayreuth.de\/home\/wp-content\/uploads\/2024\/11\/23-24-Elternbeirat-Schulfest-B-768x512.jpg 768w, https:\/\/www.rwg-bayreuth.de\/home\/wp-content\/uploads\/2024\/11\/23-24-Elternbeirat-Schulfest-B-250x167.jpg 250w, https:\/\/www.rwg-bayreuth.de\/home\/wp-content\/uploads\/2024\/11\/23-24-Elternbeirat-Schulfest-B-900x600.jpg 900w\" sizes=\"(max-width: 1024px) 100vw, 1024px\" \/><\/a> \t\t<\/div><!-- end .entry-thumbnail -->\n<div class=\"meta-main-wrap\">\n  <div class=\"\">\n    <header class=\"entry-header\">\n      <div class=\"entry-cats\">\n        <div class=\"kategorie\"><a href=\"https:\/\/www.rwg-bayreuth.de\/home\/?cat=1\" rel=\"category\">Schulleben<\/a><\/div>\n<div class=\"entry-edit\" >      <div class=\"entry-date\" >\n        <a href=\"https:\/\/www.rwg-bayreuth.de\/home\/?p=37178\">4. August 2024<\/a>\n      <\/div><\/div><!-- end .entry-date -->\n      <\/div><!-- end .entry-cats -->\n<h2 class=\"entry-title\"><a href=\"https:\/\/www.rwg-bayreuth.de\/home\/?p=37178\" rel=\"bookmark\">Traditionen wahren \u2013 Schulfest 2024<\/a><\/h2>\n    <\/header><!-- end .entry-header -->\n    <div class=\"entry-summary\">\nAuch dieses Jahr waren wir wieder mit einem Stand am Schulfest vertreten und konnten so die \u201eerwachsene\u201c Schulfamilie mit sommerlichen alkoholischen Getr\u00e4nken versorgen. Bei Aperol Spritz, Lillet Wild Berry, Prosecco und Wei\u00dfwein f\u00fchrten wir viele sch\u00f6ne Gespr\u00e4che mit Ehemaligen, Sch\u00fclern, Eltern und Lehrern. Wir bedanken uns bei allen, die dazu beigetragen haben, das Schulfest zu&hellip;\n  <\/div><!-- .entry-summary -->\n  <\/div><!-- .entry-main -->\n<\/div><!-- .meta-main-wrap -->\n<\/article><!-- end post -37178 -->\n<article id=\"post-36912\"class=\"cf post-36912 post type-post status-publish format-standard has-post-thumbnail hentry category-allgemein tag-home\">\n \t\t<div class=\"entry-thumbnail fadein\"> \t\t\t<a href=\"https:\/\/www.rwg-bayreuth.de\/home\/?p=36912\"><img loading=\"lazy\" decoding=\"async\" width=\"1024\" height=\"683\" src=\"https:\/\/www.rwg-bayreuth.de\/home\/wp-content\/uploads\/2024\/07\/23-24-Schulfest-B.jpg\" class=\"attachment-post-thumbnail size-post-thumbnail wp-post-image\" alt=\"\" srcset=\"https:\/\/www.rwg-bayreuth.de\/home\/wp-content\/uploads\/2024\/07\/23-24-Schulfest-B.jpg 1024w, https:\/\/www.rwg-bayreuth.de\/home\/wp-content\/uploads\/2024\/07\/23-24-Schulfest-B-150x100.jpg 150w, https:\/\/www.rwg-bayreuth.de\/home\/wp-content\/uploads\/2024\/07\/23-24-Schulfest-B-450x300.jpg 450w, https:\/\/www.rwg-bayreuth.de\/home\/wp-content\/uploads\/2024\/07\/23-24-Schulfest-B-768x512.jpg 768w, https:\/\/www.rwg-bayreuth.de\/home\/wp-content\/uploads\/2024\/07\/23-24-Schulfest-B-250x167.jpg 250w, https:\/\/www.rwg-bayreuth.de\/home\/wp-content\/uploads\/2024\/07\/23-24-Schulfest-B-900x600.jpg 900w\" sizes=\"(max-width: 1024px) 100vw, 1024px\" \/><\/a> \t\t<\/div><!-- end .entry-thumbnail -->\n<div class=\"meta-main-wrap\">\n  <div class=\"\">\n    <header class=\"entry-header\">\n      <div class=\"entry-cats\">\n        <div class=\"kategorie\"><a href=\"https:\/\/www.rwg-bayreuth.de\/home\/?cat=1\" rel=\"category\">Schulleben<\/a><\/div>\n<div class=\"entry-edit\" >      <div class=\"entry-date\" >\n        <a href=\"https:\/\/www.rwg-bayreuth.de\/home\/?p=36912\">3. August 2024<\/a>\n      <\/div><\/div><!-- end .entry-date -->\n      <\/div><!-- end .entry-cats -->\n<h2 class=\"entry-title\"><a href=\"https:\/\/www.rwg-bayreuth.de\/home\/?p=36912\" rel=\"bookmark\">Die RWG-Schulfamilie l\u00e4sst mit einem rundum gelungenen Fest das Schuljahr ausklingen<\/a><\/h2>\n    <\/header><!-- end .entry-header -->\n    <div class=\"entry-summary\">\nBei bestem Sommerwetter versammelte sich die gesamte Schulfamilie des Richard-Wagner-Gymnasiums auf dem Schulgel\u00e4nde und feierte gemeinsam das Ende des Schuljahres. Zun\u00e4chst wurden unsere Sch\u00fclerinnen und Sch\u00fcler der neuen 5. Klassen begr\u00fc\u00dft und deren zuk\u00fcnftige Klassleiter vorgestellt. Betreut von ihren Tutorinnen starteten sie dann auf eine Erkundungstour \u00fcber unser Schulgel\u00e4nde. Dort luden zahlreiche St\u00e4nde, die im&hellip;\n  <\/div><!-- .entry-summary -->\n  <\/div><!-- .entry-main -->\n<\/div><!-- .meta-main-wrap -->\n<\/article><!-- end post -36912 -->\n<article id=\"post-36867\"class=\"cf post-36867 post type-post status-publish format-standard has-post-thumbnail hentry category-allgemein tag-home\">\n \t\t<div class=\"entry-thumbnail fadein\"> \t\t\t<a href=\"https:\/\/www.rwg-bayreuth.de\/home\/?p=36867\"><img loading=\"lazy\" decoding=\"async\" width=\"1024\" height=\"683\" src=\"https:\/\/www.rwg-bayreuth.de\/home\/wp-content\/uploads\/2024\/07\/23-24-Zertifikatuebergabe-FSJ-fuer-Schueler-B.jpg\" class=\"attachment-post-thumbnail size-post-thumbnail wp-post-image\" alt=\"\" srcset=\"https:\/\/www.rwg-bayreuth.de\/home\/wp-content\/uploads\/2024\/07\/23-24-Zertifikatuebergabe-FSJ-fuer-Schueler-B.jpg 1024w, https:\/\/www.rwg-bayreuth.de\/home\/wp-content\/uploads\/2024\/07\/23-24-Zertifikatuebergabe-FSJ-fuer-Schueler-B-150x100.jpg 150w, https:\/\/www.rwg-bayreuth.de\/home\/wp-content\/uploads\/2024\/07\/23-24-Zertifikatuebergabe-FSJ-fuer-Schueler-B-450x300.jpg 450w, https:\/\/www.rwg-bayreuth.de\/home\/wp-content\/uploads\/2024\/07\/23-24-Zertifikatuebergabe-FSJ-fuer-Schueler-B-768x512.jpg 768w, https:\/\/www.rwg-bayreuth.de\/home\/wp-content\/uploads\/2024\/07\/23-24-Zertifikatuebergabe-FSJ-fuer-Schueler-B-250x167.jpg 250w, https:\/\/www.rwg-bayreuth.de\/home\/wp-content\/uploads\/2024\/07\/23-24-Zertifikatuebergabe-FSJ-fuer-Schueler-B-900x600.jpg 900w\" sizes=\"(max-width: 1024px) 100vw, 1024px\" \/><\/a> \t\t<\/div><!-- end .entry-thumbnail -->\n<div class=\"meta-main-wrap\">\n  <div class=\"\">\n    <header class=\"entry-header\">\n      <div class=\"entry-cats\">\n        <div class=\"kategorie\"><a href=\"https:\/\/www.rwg-bayreuth.de\/home\/?cat=1\" rel=\"category\">Schulleben<\/a><\/div>\n<div class=\"entry-edit\" >      <div class=\"entry-date\" >\n        <a href=\"https:\/\/www.rwg-bayreuth.de\/home\/?p=36867\">30. Juli 2024<\/a>\n      <\/div><\/div><!-- end .entry-date -->\n      <\/div><!-- end .entry-cats -->\n<h2 class=\"entry-title\"><a href=\"https:\/\/www.rwg-bayreuth.de\/home\/?p=36867\" rel=\"bookmark\">FSJ f\u00fcr Sch\u00fcler<\/a><\/h2>\n    <\/header><!-- end .entry-header -->\n    <div class=\"entry-summary\">\nWie jedes Jahr haben auch dieses Jahr mehrere Sch\u00fclerinnen und Sch\u00fcler des RWG am Angebot des Freiwilligenzentrums Bayreuth zur Ableistung eines freiwillig sozialen Jahres f\u00fcr Sch\u00fcler teilgenommen. Diese haben im vergangenen Schuljahr mindestens 50 Stunden in einer sozialen Einrichtung mitgearbeitet und unterst\u00fctzt. So konnten sie in die verschiedenen Arbeitsfelder hineinschnuppern und erleben, welche Fertigkeiten man&hellip;\n  <\/div><!-- .entry-summary -->\n  <\/div><!-- .entry-main -->\n<\/div><!-- .meta-main-wrap -->\n<\/article><!-- end post -36867 -->\n<article id=\"post-39042\"class=\"cf post-39042 post type-post status-publish format-standard has-post-thumbnail hentry category-allgemein tag-home tag-mint tag-physik\">\n \t\t<div class=\"entry-thumbnail fadein\"> \t\t\t<a href=\"https:\/\/www.rwg-bayreuth.de\/home\/?p=39042\"><img loading=\"lazy\" decoding=\"async\" width=\"1024\" height=\"683\" src=\"https:\/\/www.rwg-bayreuth.de\/home\/wp-content\/uploads\/2025\/05\/23-24-NuT-Fahrt-Nuernberg.jpg\" class=\"attachment-post-thumbnail size-post-thumbnail wp-post-image\" alt=\"\" srcset=\"https:\/\/www.rwg-bayreuth.de\/home\/wp-content\/uploads\/2025\/05\/23-24-NuT-Fahrt-Nuernberg.jpg 1024w, https:\/\/www.rwg-bayreuth.de\/home\/wp-content\/uploads\/2025\/05\/23-24-NuT-Fahrt-Nuernberg-150x100.jpg 150w, https:\/\/www.rwg-bayreuth.de\/home\/wp-content\/uploads\/2025\/05\/23-24-NuT-Fahrt-Nuernberg-450x300.jpg 450w, https:\/\/www.rwg-bayreuth.de\/home\/wp-content\/uploads\/2025\/05\/23-24-NuT-Fahrt-Nuernberg-768x512.jpg 768w, https:\/\/www.rwg-bayreuth.de\/home\/wp-content\/uploads\/2025\/05\/23-24-NuT-Fahrt-Nuernberg-250x167.jpg 250w, https:\/\/www.rwg-bayreuth.de\/home\/wp-content\/uploads\/2025\/05\/23-24-NuT-Fahrt-Nuernberg-900x600.jpg 900w\" sizes=\"(max-width: 1024px) 100vw, 1024px\" \/><\/a> \t\t<\/div><!-- end .entry-thumbnail -->\n<div class=\"meta-main-wrap\">\n  <div class=\"\">\n    <header class=\"entry-header\">\n      <div class=\"entry-cats\">\n        <div class=\"kategorie\"><a href=\"https:\/\/www.rwg-bayreuth.de\/home\/?cat=1\" rel=\"category\">Schulleben<\/a><\/div>\n<div class=\"entry-edit\" >      <div class=\"entry-date\" >\n        <a href=\"https:\/\/www.rwg-bayreuth.de\/home\/?p=39042\">27. Juli 2024<\/a>\n      <\/div><\/div><!-- end .entry-date -->\n      <\/div><!-- end .entry-cats -->\n<h2 class=\"entry-title\"><a href=\"https:\/\/www.rwg-bayreuth.de\/home\/?p=39042\" rel=\"bookmark\">Faszination Naturwissenschaften \u2013 Natur und Technikfahrt der 7. Klassen<\/a><\/h2>\n    <\/header><!-- end .entry-header -->\n    <div class=\"entry-summary\">\nWie jedes Jahr fand in der vorletzten Unterrichtswoche im Juli 2024 eine naturwissenschaftliche Fahrt der 7. Klassen nach N\u00fcrnberg statt.\u00a0 Diese Fahrt bildet den Abschluss des Natur- und Technik\u00adunter\u00adrichts, den die Kinder seit der 5. Klasse erhalten. Erste Anlaufstation war das Nicolaus-Copernikus-Planetarium, in dem die Sch\u00fcler-\/innen in einer beeindruckenden, kurzweiligen Vorstellung mit dem Titel \u201eExpedition&hellip;\n  <\/div><!-- .entry-summary -->\n  <\/div><!-- .entry-main -->\n<\/div><!-- .meta-main-wrap -->\n<\/article><!-- end post -39042 -->\n<article id=\"post-36861\"class=\"cf post-36861 post type-post status-publish format-standard has-post-thumbnail hentry category-allgemein tag-home tag-wr\">\n \t\t<div class=\"entry-thumbnail fadein\"> \t\t\t<a href=\"https:\/\/www.rwg-bayreuth.de\/home\/?p=36861\"><img loading=\"lazy\" decoding=\"async\" width=\"1024\" height=\"683\" src=\"https:\/\/www.rwg-bayreuth.de\/home\/wp-content\/uploads\/2024\/07\/23-24-WR-Faber-Castell-B.jpg\" class=\"attachment-post-thumbnail size-post-thumbnail wp-post-image\" alt=\"\" srcset=\"https:\/\/www.rwg-bayreuth.de\/home\/wp-content\/uploads\/2024\/07\/23-24-WR-Faber-Castell-B.jpg 1024w, https:\/\/www.rwg-bayreuth.de\/home\/wp-content\/uploads\/2024\/07\/23-24-WR-Faber-Castell-B-150x100.jpg 150w, https:\/\/www.rwg-bayreuth.de\/home\/wp-content\/uploads\/2024\/07\/23-24-WR-Faber-Castell-B-450x300.jpg 450w, https:\/\/www.rwg-bayreuth.de\/home\/wp-content\/uploads\/2024\/07\/23-24-WR-Faber-Castell-B-768x512.jpg 768w, https:\/\/www.rwg-bayreuth.de\/home\/wp-content\/uploads\/2024\/07\/23-24-WR-Faber-Castell-B-250x167.jpg 250w, https:\/\/www.rwg-bayreuth.de\/home\/wp-content\/uploads\/2024\/07\/23-24-WR-Faber-Castell-B-900x600.jpg 900w\" sizes=\"(max-width: 1024px) 100vw, 1024px\" \/><\/a> \t\t<\/div><!-- end .entry-thumbnail -->\n<div class=\"meta-main-wrap\">\n  <div class=\"\">\n    <header class=\"entry-header\">\n      <div class=\"entry-cats\">\n        <div class=\"kategorie\"><a href=\"https:\/\/www.rwg-bayreuth.de\/home\/?cat=1\" rel=\"category\">Schulleben<\/a><\/div>\n<div class=\"entry-edit\" >      <div class=\"entry-date\" >\n        <a href=\"https:\/\/www.rwg-bayreuth.de\/home\/?p=36861\">27. Juli 2024<\/a>\n      <\/div><\/div><!-- end .entry-date -->\n      <\/div><!-- end .entry-cats -->\n<h2 class=\"entry-title\"><a href=\"https:\/\/www.rwg-bayreuth.de\/home\/?p=36861\" rel=\"bookmark\">Wie sieht Wirtschaftsunterricht in der Praxis aus?<\/a><\/h2>\n    <\/header><!-- end .entry-header -->\n    <div class=\"entry-summary\">\nDas konnten die Sch\u00fclerinnen und Sch\u00fcler des Wirschaftszweiges der 9.&nbsp;Klassen gleich zweimal in diesem Schuljahr erleben. Ausflug zu Faber-Castell nach Stein Am 4.12.23 hie\u00df es f\u00fcr den Wirschaftszweig der neunten Jahrgangsstufe auf nach Stein. Nach einer nie langweilig werdenden Bus- und Bahnfahrt und einem kurzen Spaziergang sind alle RWG-Sch\u00fclerinnen und Sch\u00fcler in der Werkfertigung von&hellip;\n  <\/div><!-- .entry-summary -->\n  <\/div><!-- .entry-main -->\n<\/div><!-- .meta-main-wrap -->\n<\/article><!-- end post -36861 -->\n<article id=\"post-37080\"class=\"cf post-37080 post type-post status-publish format-standard has-post-thumbnail hentry category-allgemein tag-deutsch tag-home\">\n \t\t<div class=\"entry-thumbnail fadein\"> \t\t\t<a href=\"https:\/\/www.rwg-bayreuth.de\/home\/?p=37080\"><img loading=\"lazy\" decoding=\"async\" width=\"1024\" height=\"683\" src=\"https:\/\/www.rwg-bayreuth.de\/home\/wp-content\/uploads\/2024\/11\/23-24-Lesemarathon-KinderMitUrkunden.jpg\" class=\"attachment-post-thumbnail size-post-thumbnail wp-post-image\" alt=\"\" srcset=\"https:\/\/www.rwg-bayreuth.de\/home\/wp-content\/uploads\/2024\/11\/23-24-Lesemarathon-KinderMitUrkunden.jpg 1024w, https:\/\/www.rwg-bayreuth.de\/home\/wp-content\/uploads\/2024\/11\/23-24-Lesemarathon-KinderMitUrkunden-150x100.jpg 150w, https:\/\/www.rwg-bayreuth.de\/home\/wp-content\/uploads\/2024\/11\/23-24-Lesemarathon-KinderMitUrkunden-450x300.jpg 450w, https:\/\/www.rwg-bayreuth.de\/home\/wp-content\/uploads\/2024\/11\/23-24-Lesemarathon-KinderMitUrkunden-768x512.jpg 768w, https:\/\/www.rwg-bayreuth.de\/home\/wp-content\/uploads\/2024\/11\/23-24-Lesemarathon-KinderMitUrkunden-250x167.jpg 250w, https:\/\/www.rwg-bayreuth.de\/home\/wp-content\/uploads\/2024\/11\/23-24-Lesemarathon-KinderMitUrkunden-900x600.jpg 900w\" sizes=\"(max-width: 1024px) 100vw, 1024px\" \/><\/a> \t\t<\/div><!-- end .entry-thumbnail -->\n<div class=\"meta-main-wrap\">\n  <div class=\"\">\n    <header class=\"entry-header\">\n      <div class=\"entry-cats\">\n        <div class=\"kategorie\"><a href=\"https:\/\/www.rwg-bayreuth.de\/home\/?cat=1\" rel=\"category\">Schulleben<\/a><\/div>\n<div class=\"entry-edit\" >      <div class=\"entry-date\" >\n        <a href=\"https:\/\/www.rwg-bayreuth.de\/home\/?p=37080\">25. Juli 2024<\/a>\n      <\/div><\/div><!-- end .entry-date -->\n      <\/div><!-- end .entry-cats -->\n<h2 class=\"entry-title\"><a href=\"https:\/\/www.rwg-bayreuth.de\/home\/?p=37080\" rel=\"bookmark\">Erfolgreicher Lesemarathon der Unterstufe am RWG<\/a><\/h2>\n    <\/header><!-- end .entry-header -->\n    <div class=\"entry-summary\">\nVom 13. Mai bis zum 7. Juli fand der RWG-Lesemarathon statt. Sch\u00fclerinnen und Sch\u00fcler der Klassen f\u00fcnf bis sieben suchten sich Sponsoren aus dem privaten Umfeld, die einen bestimmten Betrag pro gelesener Seite zusicherten. \u00dcber sieben Wochen wurde dann gelesen, was das Zeug hielt. Am Ende hie\u00df es, alles zusammenrechen und Geld einsammeln. Das Ergebnis&hellip;\n  <\/div><!-- .entry-summary -->\n  <\/div><!-- .entry-main -->\n<\/div><!-- .meta-main-wrap -->\n<\/article><!-- end post -37080 -->\n<article id=\"post-36897\"class=\"cf post-36897 post type-post status-publish format-standard has-post-thumbnail hentry category-allgemein tag-europafahrt tag-home tag-wissenschaftswoche\">\n \t\t<div class=\"entry-thumbnail fadein\"> \t\t\t<a href=\"https:\/\/www.rwg-bayreuth.de\/home\/?p=36897\"><img loading=\"lazy\" decoding=\"async\" width=\"1024\" height=\"683\" src=\"https:\/\/www.rwg-bayreuth.de\/home\/wp-content\/uploads\/2024\/07\/23-24-Bruesselfahrt-B.jpg\" class=\"attachment-post-thumbnail size-post-thumbnail wp-post-image\" alt=\"\" srcset=\"https:\/\/www.rwg-bayreuth.de\/home\/wp-content\/uploads\/2024\/07\/23-24-Bruesselfahrt-B.jpg 1024w, https:\/\/www.rwg-bayreuth.de\/home\/wp-content\/uploads\/2024\/07\/23-24-Bruesselfahrt-B-150x100.jpg 150w, https:\/\/www.rwg-bayreuth.de\/home\/wp-content\/uploads\/2024\/07\/23-24-Bruesselfahrt-B-450x300.jpg 450w, https:\/\/www.rwg-bayreuth.de\/home\/wp-content\/uploads\/2024\/07\/23-24-Bruesselfahrt-B-768x512.jpg 768w, https:\/\/www.rwg-bayreuth.de\/home\/wp-content\/uploads\/2024\/07\/23-24-Bruesselfahrt-B-250x167.jpg 250w, https:\/\/www.rwg-bayreuth.de\/home\/wp-content\/uploads\/2024\/07\/23-24-Bruesselfahrt-B-900x600.jpg 900w\" sizes=\"(max-width: 1024px) 100vw, 1024px\" \/><\/a> \t\t<\/div><!-- end .entry-thumbnail -->\n<div class=\"meta-main-wrap\">\n  <div class=\"\">\n    <header class=\"entry-header\">\n      <div class=\"entry-cats\">\n        <div class=\"kategorie\"><a href=\"https:\/\/www.rwg-bayreuth.de\/home\/?cat=1\" rel=\"category\">Schulleben<\/a><\/div>\n<div class=\"entry-edit\" >      <div class=\"entry-date\" >\n        <a href=\"https:\/\/www.rwg-bayreuth.de\/home\/?p=36897\">25. Juli 2024<\/a>\n      <\/div><\/div><!-- end .entry-date -->\n      <\/div><!-- end .entry-cats -->\n<h2 class=\"entry-title\"><a href=\"https:\/\/www.rwg-bayreuth.de\/home\/?p=36897\" rel=\"bookmark\">Europafahrt Br\u00fcssel in Kombination mit der Wissenschaftswoche<\/a><\/h2>\n    <\/header><!-- end .entry-header -->\n    <div class=\"entry-summary\">\nNach ca. 10 Stunden Busfahrt und einem kleinen, spannenden \u201eUnfall\u201c mitten in Br\u00fcssel, kamen wir in der Jugendherberge mit s\u00fc\u00dfem Innenhof und sehr zentraler Lage an. Sonntagabend durften wir die Stadt noch ein bisschen unsicher machen und auf eine erste Erkundungstour gehen. Neben zahlreichen europabezogenen Ausfl\u00fcgen, die uns weitergebildet und im Rahmen eines Planspiels auch&hellip;\n  <\/div><!-- .entry-summary -->\n  <\/div><!-- .entry-main -->\n<\/div><!-- .meta-main-wrap -->\n<\/article><!-- end post -36897 -->\n<article id=\"post-36840\"class=\"cf post-36840 post type-post status-publish format-standard has-post-thumbnail hentry category-allgemein tag-home tag-sport\">\n \t\t<div class=\"entry-thumbnail fadein\"> \t\t\t<a href=\"https:\/\/www.rwg-bayreuth.de\/home\/?p=36840\"><img loading=\"lazy\" decoding=\"async\" width=\"1024\" height=\"683\" src=\"https:\/\/www.rwg-bayreuth.de\/home\/wp-content\/uploads\/2024\/07\/23-24-Sportfest-Schulsieger_B.jpg\" class=\"attachment-post-thumbnail size-post-thumbnail wp-post-image\" alt=\"\" srcset=\"https:\/\/www.rwg-bayreuth.de\/home\/wp-content\/uploads\/2024\/07\/23-24-Sportfest-Schulsieger_B.jpg 1024w, https:\/\/www.rwg-bayreuth.de\/home\/wp-content\/uploads\/2024\/07\/23-24-Sportfest-Schulsieger_B-150x100.jpg 150w, https:\/\/www.rwg-bayreuth.de\/home\/wp-content\/uploads\/2024\/07\/23-24-Sportfest-Schulsieger_B-450x300.jpg 450w, https:\/\/www.rwg-bayreuth.de\/home\/wp-content\/uploads\/2024\/07\/23-24-Sportfest-Schulsieger_B-768x512.jpg 768w, https:\/\/www.rwg-bayreuth.de\/home\/wp-content\/uploads\/2024\/07\/23-24-Sportfest-Schulsieger_B-250x167.jpg 250w, https:\/\/www.rwg-bayreuth.de\/home\/wp-content\/uploads\/2024\/07\/23-24-Sportfest-Schulsieger_B-900x600.jpg 900w\" sizes=\"(max-width: 1024px) 100vw, 1024px\" \/><\/a> \t\t<\/div><!-- end .entry-thumbnail -->\n<div class=\"meta-main-wrap\">\n  <div class=\"\">\n    <header class=\"entry-header\">\n      <div class=\"entry-cats\">\n        <div class=\"kategorie\"><a href=\"https:\/\/www.rwg-bayreuth.de\/home\/?cat=1\" rel=\"category\">Schulleben<\/a><\/div>\n<div class=\"entry-edit\" >      <div class=\"entry-date\" >\n        <a href=\"https:\/\/www.rwg-bayreuth.de\/home\/?p=36840\">24. Juli 2024<\/a>\n      <\/div><\/div><!-- end .entry-date -->\n      <\/div><!-- end .entry-cats -->\n<h2 class=\"entry-title\"><a href=\"https:\/\/www.rwg-bayreuth.de\/home\/?p=36840\" rel=\"bookmark\">RWG im Wettkampfmodus<\/a><\/h2>\n    <\/header><!-- end .entry-header -->\n    <div class=\"entry-summary\">\nAm Dienstag, den 2.07.24, war es wieder so weit: Das ganze RWG traf sich zu den allj\u00e4hrlichen Wettk\u00e4mpfen der Bundesjugendspiele. Ganz RWG? Nein \u2013 eine kleine Schar, die Sch\u00fcler der elften Jahrgangsstufe, bereitete sich in Workshops auf die Kursphase vor, doch ALLE anderen kamen beim sch\u00f6nsten Sonnenschein auf dem BTS-Gel\u00e4nde zusammen, um zu wetteifern, spielen,&hellip;\n  <\/div><!-- .entry-summary -->\n  <\/div><!-- .entry-main -->\n<\/div><!-- .meta-main-wrap -->\n<\/article><!-- end post -36840 -->\n<ul class='lcp_paginator'><li class='lcp_currentpage'>1<\/li><li><a href='https:\/\/www.rwg-bayreuth.de\/home\/index.php?rest_route=%2Fwp%2Fv2%2Fpages%2F37075&#038;lcp_page0=2#lcp_instance_0' title='2'>2<\/a><\/li><li><a href='https:\/\/www.rwg-bayreuth.de\/home\/index.php?rest_route=%2Fwp%2Fv2%2Fpages%2F37075&#038;lcp_page0=3#lcp_instance_0' title='3'>3<\/a><\/li><li><a href='https:\/\/www.rwg-bayreuth.de\/home\/index.php?rest_route=%2Fwp%2Fv2%2Fpages%2F37075&#038;lcp_page0=4#lcp_instance_0' title='4'>4<\/a><\/li><li><a href='https:\/\/www.rwg-bayreuth.de\/home\/index.php?rest_route=%2Fwp%2Fv2%2Fpages%2F37075&#038;lcp_page0=5#lcp_instance_0' title='5'>5<\/a><\/li><li><a href='https:\/\/www.rwg-bayreuth.de\/home\/index.php?rest_route=%2Fwp%2Fv2%2Fpages%2F37075&#038;lcp_page0=6#lcp_instance_0' title='6'>6<\/a><\/li><span class='lcp_elipsis'>...<\/span><li><a href='https:\/\/www.rwg-bayreuth.de\/home\/index.php?rest_route=%2Fwp%2Fv2%2Fpages%2F37075&#038;lcp_page0=10#lcp_instance_0' title='10'>10<\/a><\/li><li><a href='https:\/\/www.rwg-bayreuth.de\/home\/index.php?rest_route=%2Fwp%2Fv2%2Fpages%2F37075&#038;lcp_page0=2#lcp_instance_0' title='2' class='lcp_nextlink'>&gt;&gt;<\/a><\/li><\/ul><\/div><!-- end .rwg_post_list -->\n<div class=\"flex-container\"  style=\"margin-bottom: 50px\">\n<a class=\"flex-item\" style=\"flex-grow: 1; flex-basis: auto\" href=\"#seitenanfang\">zum Seitenanfang<\/a>\n<\/div>\n","protected":false},"excerpt":{"rendered":"<p>Berichte aus dem Schuljahr 2023\/24 zum Seitenanfang<\/p>\n","protected":false},"author":11,"featured_media":0,"parent":14662,"menu_order":0,"comment_status":"closed","ping_status":"closed","template":"page-templates\/no-sidebar.php","meta":{"footnotes":""},"tags":[54],"_links":{"self":[{"href":"https:\/\/www.rwg-bayreuth.de\/home\/index.php?rest_route=\/wp\/v2\/pages\/37075"}],"collection":[{"href":"https:\/\/www.rwg-bayreuth.de\/home\/index.php?rest_route=\/wp\/v2\/pages"}],"about":[{"href":"https:\/\/www.rwg-bayreuth.de\/home\/index.php?rest_route=\/wp\/v2\/types\/page"}],"author":[{"embeddable":true,"href":"https:\/\/www.rwg-bayreuth.de\/home\/index.php?rest_route=\/wp\/v2\/users\/11"}],"replies":[{"embeddable":true,"href":"https:\/\/www.rwg-bayreuth.de\/home\/index.php?rest_route=%2Fwp%2Fv2%2Fcomments&post=37075"}],"version-history":[{"count":1,"href":"https:\/\/www.rwg-bayreuth.de\/home\/index.php?rest_route=\/wp\/v2\/pages\/37075\/revisions"}],"predecessor-version":[{"id":37076,"href":"https:\/\/www.rwg-bayreuth.de\/home\/index.php?rest_route=\/wp\/v2\/pages\/37075\/revisions\/37076"}],"up":[{"embeddable":true,"href":"https:\/\/www.rwg-bayreuth.de\/home\/index.php?rest_route=\/wp\/v2\/pages\/14662"}],"wp:attachment":[{"href":"https:\/\/www.rwg-bayreuth.de\/home\/index.php?rest_route=%2Fwp%2Fv2%2Fmedia&parent=37075"}],"wp:term":[{"taxonomy":"post_tag","embeddable":true,"href":"https:\/\/www.rwg-bayreuth.de\/home\/index.php?rest_route=%2Fwp%2Fv2%2Ftags&post=37075"}],"curies":[{"name":"wp","href":"https:\/\/api.w.org\/{rel}","templated":true}]}}