{"id":35156,"date":"2023-11-28T15:56:38","date_gmt":"2023-11-28T14:56:38","guid":{"rendered":"https:\/\/www.rwg-bayreuth.de\/home\/?page_id=35156"},"modified":"2026-04-15T14:38:02","modified_gmt":"2026-04-15T12:38:02","slug":"digitale-schule","status":"publish","type":"page","link":"https:\/\/www.rwg-bayreuth.de\/home\/?page_id=35156","title":{"rendered":"Digitale Schule"},"content":{"rendered":"<p><img decoding=\"async\" src=\"https:\/\/www.rwg-bayreuth.de\/home\/wp-content\/uploads\/2024\/01\/BannerDigitale-Schule-RWG-Farben.jpg\" alt=\"\" width=\"100%\" height=\"auto\" class=\"aligncenter size-full wp-image-35631\" srcset=\"https:\/\/www.rwg-bayreuth.de\/home\/wp-content\/uploads\/2024\/01\/BannerDigitale-Schule-RWG-Farben.jpg 1921w, https:\/\/www.rwg-bayreuth.de\/home\/wp-content\/uploads\/2024\/01\/BannerDigitale-Schule-RWG-Farben-1536x512.jpg 1536w, https:\/\/www.rwg-bayreuth.de\/home\/wp-content\/uploads\/2024\/01\/BannerDigitale-Schule-RWG-Farben-150x50.jpg 150w, https:\/\/www.rwg-bayreuth.de\/home\/wp-content\/uploads\/2024\/01\/BannerDigitale-Schule-RWG-Farben-450x150.jpg 450w, https:\/\/www.rwg-bayreuth.de\/home\/wp-content\/uploads\/2024\/01\/BannerDigitale-Schule-RWG-Farben-768x256.jpg 768w, https:\/\/www.rwg-bayreuth.de\/home\/wp-content\/uploads\/2024\/01\/BannerDigitale-Schule-RWG-Farben-1024x341.jpg 1024w, https:\/\/www.rwg-bayreuth.de\/home\/wp-content\/uploads\/2024\/01\/BannerDigitale-Schule-RWG-Farben-250x83.jpg 250w, https:\/\/www.rwg-bayreuth.de\/home\/wp-content\/uploads\/2024\/01\/BannerDigitale-Schule-RWG-Farben-600x200.jpg 600w\" sizes=\"(max-width: 1921px) 100vw, 1921px\" \/><\/p>\n<p><a href=\"https:\/\/www.rwg-bayreuth.de\/home\/wp-content\/uploads\/2023\/11\/Logo_Digitale_Schule.jpg\"><img loading=\"lazy\" decoding=\"async\" src=\"https:\/\/www.rwg-bayreuth.de\/home\/wp-content\/uploads\/2023\/11\/Logo_Digitale_Schule-450x262.jpg\" alt=\"\" width=\"450\" height=\"262\" class=\"alignright size-medium wp-image-35166\" style=\"max-width:37%;\" srcset=\"https:\/\/www.rwg-bayreuth.de\/home\/wp-content\/uploads\/2023\/11\/Logo_Digitale_Schule-450x262.jpg 450w, https:\/\/www.rwg-bayreuth.de\/home\/wp-content\/uploads\/2023\/11\/Logo_Digitale_Schule-150x87.jpg 150w, https:\/\/www.rwg-bayreuth.de\/home\/wp-content\/uploads\/2023\/11\/Logo_Digitale_Schule-768x448.jpg 768w, https:\/\/www.rwg-bayreuth.de\/home\/wp-content\/uploads\/2023\/11\/Logo_Digitale_Schule-250x146.jpg 250w, https:\/\/www.rwg-bayreuth.de\/home\/wp-content\/uploads\/2023\/11\/Logo_Digitale_Schule.jpg 1024w\" sizes=\"(max-width: 450px) 100vw, 450px\" \/><\/a>Am 18.11.2021 haben wir vom Bayerischen Staatsminister f\u00fcr Unterricht und Kultus, Prof. Dr. Michael Piazolo, die Auszeichnung \u201eDigitale Schule\u201c erhalten. Wir sind stolz darauf, dass es uns gelungen ist, unsere Schulgemeinschaft f\u00fcr den vielf\u00e4ltigen Prozess der Digitalisierung zu gewinnen, sodass Lehrkr\u00e4fte sowie Sch\u00fclerinnen und Sch\u00fcler mit gro\u00dfem Einsatz und richtungsweisenden Ideen die digitale Bildung voranbringen. Innerhalb der Schule steht die IT auf vielen Beinen, hier arbeiten die Naturwissenschaften mit Sprachen, der Kunst und den Sozialwissenschaften eng zusammen. Sch\u00fclerinnen und Sch\u00fcler st\u00e4rken ihre Medienkompetenz, indem sie Verantwortung als Medientutoren und Medienscouts \u00fcbernehmen und ihre Fachkenntnisse an Mitsch\u00fclerInnen weitergeben. Durch die Vernetzung in die lokale Wirtschaft hinein gelingt es uns, die digitale Bildung praxisnah auszurichten.<\/p>\n<p>Wir tragen die Auszeichnung \u201eDigitale Schule\u201c, weil bei uns Digitalisierung ein selbstverst\u00e4ndlicher Faktor des Schullebens ist. Mit dem starken Engagement von Sch\u00fclerInnen, Lehrkr\u00e4ften, der Schulleitung und Eltern entwickeln wir an unserer Schule die Bereiche Medienbildung, Unterrichtsentwicklung und IT-Ausstattung. \u00dcber alle F\u00e4cher hinweg entsteht so ein vielseitiges Gesamtkonzept, das das Lernen bef\u00f6rdert, die Kommunikation erleichtert und die gesellschaftliche Bedeutung von Medien reflektiert.<\/p>\n<ul class=\"linkliste\">\n<li><a href=\"https:\/\/www.rwg-bayreuth.de\/home\/?page_id=35088\">Digitale Schule der Zukunft<\/a><\/li>\n<li><a href=\"https:\/\/www.rwg-bayreuth.de\/home\/?page_id=28398\">Digitales Lernen am RWG<\/a><\/li>\n<li><a href=\"https:\/\/www.rwg-bayreuth.de\/home\/wp-content\/uploads\/2025\/08\/Medienkonzept-RWG-2025.pdf\">Medienkonzept<\/a><\/li>\n<li><a href=\"https:\/\/mz-bt.taskcards.app\/#\/board\/27ac4898-198d-4f0f-ba8f-4ab53d84bd2e?token=305515db-abd3-499c-845f-748a8c3ee146\">Mediencurriculum<\/a><\/li>\n<li><a href=\"https:\/\/www.rwg-bayreuth.de\/home\/?page_id=38071\">KI@RWG<\/a><\/li>\n<li><a href=\"https:\/\/www.rwg-bayreuth.de\/home\/?page_id=36747\">FAQ zur Tabletausstattung<\/a><\/li>\n<\/ul>\n<h1>Aktuelles<\/h1>\n<div style=\"max-width:1000px\"><div class=\"rwg_post_list\"><article id=\"post-40990\"class=\"cf post-40990 post type-post status-publish format-standard has-post-thumbnail hentry category-allgemein tag-digitaleschule tag-home\">\n \t\t<div class=\"entry-thumbnail fadein\"> \t\t\t<a href=\"https:\/\/www.rwg-bayreuth.de\/home\/?p=40990\"><img loading=\"lazy\" decoding=\"async\" width=\"1024\" height=\"683\" src=\"https:\/\/www.rwg-bayreuth.de\/home\/wp-content\/uploads\/2026\/03\/25-26-PraeventionGegenCybermobbing-B.jpg\" class=\"attachment-post-thumbnail size-post-thumbnail wp-post-image\" alt=\"\" srcset=\"https:\/\/www.rwg-bayreuth.de\/home\/wp-content\/uploads\/2026\/03\/25-26-PraeventionGegenCybermobbing-B.jpg 1024w, https:\/\/www.rwg-bayreuth.de\/home\/wp-content\/uploads\/2026\/03\/25-26-PraeventionGegenCybermobbing-B-150x100.jpg 150w, https:\/\/www.rwg-bayreuth.de\/home\/wp-content\/uploads\/2026\/03\/25-26-PraeventionGegenCybermobbing-B-450x300.jpg 450w, https:\/\/www.rwg-bayreuth.de\/home\/wp-content\/uploads\/2026\/03\/25-26-PraeventionGegenCybermobbing-B-768x512.jpg 768w, https:\/\/www.rwg-bayreuth.de\/home\/wp-content\/uploads\/2026\/03\/25-26-PraeventionGegenCybermobbing-B-250x167.jpg 250w, https:\/\/www.rwg-bayreuth.de\/home\/wp-content\/uploads\/2026\/03\/25-26-PraeventionGegenCybermobbing-B-900x600.jpg 900w\" sizes=\"(max-width: 1024px) 100vw, 1024px\" \/><\/a> \t\t<\/div><!-- end .entry-thumbnail -->\n<div class=\"meta-main-wrap\">\n  <div class=\"\">\n    <header class=\"entry-header\">\n      <div class=\"entry-cats\">\n        <div class=\"kategorie\"><a href=\"https:\/\/www.rwg-bayreuth.de\/home\/?cat=1\" rel=\"category\">Schulleben<\/a><\/div>\n<div class=\"entry-edit\" >      <div class=\"entry-date\" >\n        <a href=\"https:\/\/www.rwg-bayreuth.de\/home\/?p=40990\">6. M\u00e4rz 2026<\/a>\n      <\/div><\/div><!-- end .entry-date -->\n      <\/div><!-- end .entry-cats -->\n<h2 class=\"entry-title\"><a href=\"https:\/\/www.rwg-bayreuth.de\/home\/?p=40990\" rel=\"bookmark\">Pr\u00e4ventionstag gegen Cybermobbing an der Universit\u00e4t Bayreuth<\/a><\/h2>\n    <\/header><!-- end .entry-header -->\n    <div class=\"entry-summary\">\nUnter der Schirmherrschaft des Bezirkstagspr\u00e4sidenten und mit Unterst\u00fctzung des Polizeipr\u00e4sidiums Oberfranken nahmen am Donnerstag, dem 5. M\u00e4rz 2026, die Sch\u00fclerinnen und Sch\u00fcler der 7. und 9. Jahrgangsstufen des\u00a0Richard-Wagner-Gymnasium Bayreuth\u00a0an einem besonderen Pr\u00e4ventionstag zum Thema Cybermobbing von 9:00 bis 12:00 Uhr im Audimax der\u00a0Universit\u00e4t Bayreuth\u00a0teil. Im Mittelpunkt des Vormittags stand ein Vortrag von\u00a0Lijana Kaggwa. Die Aktivistin&hellip;\n  <\/div><!-- .entry-summary -->\n  <\/div><!-- .entry-main -->\n<\/div><!-- .meta-main-wrap -->\n<\/article><!-- end post -40990 -->\n<article id=\"post-40177\"class=\"cf post-40177 post type-post status-publish format-standard has-post-thumbnail hentry category-allgemein tag-digitaleschule tag-home tag-medientutoren-scouts\">\n \t\t<div class=\"entry-thumbnail fadein\"> \t\t\t<a href=\"https:\/\/www.rwg-bayreuth.de\/home\/?p=40177\"><img loading=\"lazy\" decoding=\"async\" width=\"1024\" height=\"683\" src=\"https:\/\/www.rwg-bayreuth.de\/home\/wp-content\/uploads\/2025\/11\/25-26-BJKM-B.jpg\" class=\"attachment-post-thumbnail size-post-thumbnail wp-post-image\" alt=\"\" srcset=\"https:\/\/www.rwg-bayreuth.de\/home\/wp-content\/uploads\/2025\/11\/25-26-BJKM-B.jpg 1024w, https:\/\/www.rwg-bayreuth.de\/home\/wp-content\/uploads\/2025\/11\/25-26-BJKM-B-150x100.jpg 150w, https:\/\/www.rwg-bayreuth.de\/home\/wp-content\/uploads\/2025\/11\/25-26-BJKM-B-450x300.jpg 450w, https:\/\/www.rwg-bayreuth.de\/home\/wp-content\/uploads\/2025\/11\/25-26-BJKM-B-768x512.jpg 768w, https:\/\/www.rwg-bayreuth.de\/home\/wp-content\/uploads\/2025\/11\/25-26-BJKM-B-250x167.jpg 250w, https:\/\/www.rwg-bayreuth.de\/home\/wp-content\/uploads\/2025\/11\/25-26-BJKM-B-900x600.jpg 900w\" sizes=\"(max-width: 1024px) 100vw, 1024px\" \/><\/a> \t\t<\/div><!-- end .entry-thumbnail -->\n<div class=\"meta-main-wrap\">\n  <div class=\"\">\n    <header class=\"entry-header\">\n      <div class=\"entry-cats\">\n        <div class=\"kategorie\"><a href=\"https:\/\/www.rwg-bayreuth.de\/home\/?cat=1\" rel=\"category\">Schulleben<\/a><\/div>\n<div class=\"entry-edit\" >      <div class=\"entry-date\" >\n        <a href=\"https:\/\/www.rwg-bayreuth.de\/home\/?p=40177\">17. November 2025<\/a>\n      <\/div><\/div><!-- end .entry-date -->\n      <\/div><!-- end .entry-cats -->\n<h2 class=\"entry-title\"><a href=\"https:\/\/www.rwg-bayreuth.de\/home\/?p=40177\" rel=\"bookmark\">Bundesjugendkonferenz Medien (BJKM) 2025 in Rostock<\/a><\/h2>\n    <\/header><!-- end .entry-header -->\n    <div class=\"entry-summary\">\nVom 13. bis 16. November 2025 durften wir, sieben Sch\u00fclerinnen und Sch\u00fcler des RWG in Begleitung von Herrn Babl, an der Bundesjugendkonferenz Medien (BJKM) teilnehmen. Dieses Jahr ging es f\u00fcr uns wieder nach Rostock, das im Herbst eine besonders sch\u00f6ne Stimmung hatte. Untergebracht waren wir im Scan Hotel, das durch seine angenehme Atmosph\u00e4re, sein hervorragendes&hellip;\n  <\/div><!-- .entry-summary -->\n  <\/div><!-- .entry-main -->\n<\/div><!-- .meta-main-wrap -->\n<\/article><!-- end post -40177 -->\n<article id=\"post-39825\"class=\"cf post-39825 post type-post status-publish format-standard has-post-thumbnail hentry category-allgemein tag-digitaleschule tag-home tag-medientutoren-scouts\">\n \t\t<div class=\"entry-thumbnail fadein\"> \t\t\t<a href=\"https:\/\/www.rwg-bayreuth.de\/home\/?p=39825\"><img loading=\"lazy\" decoding=\"async\" width=\"1024\" height=\"683\" src=\"https:\/\/www.rwg-bayreuth.de\/home\/wp-content\/uploads\/2025\/09\/25-26-AusbildungstagMedienscouts-B.jpg\" class=\"attachment-post-thumbnail size-post-thumbnail wp-post-image\" alt=\"\" srcset=\"https:\/\/www.rwg-bayreuth.de\/home\/wp-content\/uploads\/2025\/09\/25-26-AusbildungstagMedienscouts-B.jpg 1024w, https:\/\/www.rwg-bayreuth.de\/home\/wp-content\/uploads\/2025\/09\/25-26-AusbildungstagMedienscouts-B-150x100.jpg 150w, https:\/\/www.rwg-bayreuth.de\/home\/wp-content\/uploads\/2025\/09\/25-26-AusbildungstagMedienscouts-B-450x300.jpg 450w, https:\/\/www.rwg-bayreuth.de\/home\/wp-content\/uploads\/2025\/09\/25-26-AusbildungstagMedienscouts-B-768x512.jpg 768w, https:\/\/www.rwg-bayreuth.de\/home\/wp-content\/uploads\/2025\/09\/25-26-AusbildungstagMedienscouts-B-250x167.jpg 250w, https:\/\/www.rwg-bayreuth.de\/home\/wp-content\/uploads\/2025\/09\/25-26-AusbildungstagMedienscouts-B-900x600.jpg 900w\" sizes=\"(max-width: 1024px) 100vw, 1024px\" \/><\/a> \t\t<\/div><!-- end .entry-thumbnail -->\n<div class=\"meta-main-wrap\">\n  <div class=\"\">\n    <header class=\"entry-header\">\n      <div class=\"entry-cats\">\n        <div class=\"kategorie\"><a href=\"https:\/\/www.rwg-bayreuth.de\/home\/?cat=1\" rel=\"category\">Schulleben<\/a><\/div>\n<div class=\"entry-edit\" >      <div class=\"entry-date\" >\n        <a href=\"https:\/\/www.rwg-bayreuth.de\/home\/?p=39825\">19. September 2025<\/a>\n      <\/div><\/div><!-- end .entry-date -->\n      <\/div><!-- end .entry-cats -->\n<h2 class=\"entry-title\"><a href=\"https:\/\/www.rwg-bayreuth.de\/home\/?p=39825\" rel=\"bookmark\">Ausbildungstag der Medienscouts 2025 \u2013 Ein Tag voller Impulse und Inspiration<\/a><\/h2>\n    <\/header><!-- end .entry-header -->\n    <div class=\"entry-summary\">\nAm 18. September 2025 nahmen unsere neuen sowie erfahrenen Medienscouts am diesj\u00e4hrigen Ausbildungstag der Medienscouts Oberfranken an der Universit\u00e4t Bayreuth teil. Gemeinsam mit vielen engagierten Jugendlichen aus der Region erwartete sie ein abwechslungsreiches und inhaltsstarkes Programm. Nach dem offiziellen Empfang und der Begr\u00fc\u00dfung durch Alfons Hrubesch von der Opferhilfe Oberfranken sowie durch Vertreterinnen und Vertreter&hellip;\n  <\/div><!-- .entry-summary -->\n  <\/div><!-- .entry-main -->\n<\/div><!-- .meta-main-wrap -->\n<\/article><!-- end post -39825 -->\n<article id=\"post-36546\"class=\"cf post-36546 post type-post status-publish format-standard has-post-thumbnail hentry category-allgemein tag-digitaleschule tag-home tag-medientutoren-scouts\">\n \t\t<div class=\"entry-thumbnail fadein\"> \t\t\t<a href=\"https:\/\/www.rwg-bayreuth.de\/home\/?p=36546\"><img loading=\"lazy\" decoding=\"async\" width=\"1024\" height=\"683\" src=\"https:\/\/www.rwg-bayreuth.de\/home\/wp-content\/uploads\/2024\/05\/23-24-Bundesjugendkonferenz-Medien-1.jpg\" class=\"attachment-post-thumbnail size-post-thumbnail wp-post-image\" alt=\"\" srcset=\"https:\/\/www.rwg-bayreuth.de\/home\/wp-content\/uploads\/2024\/05\/23-24-Bundesjugendkonferenz-Medien-1.jpg 1024w, https:\/\/www.rwg-bayreuth.de\/home\/wp-content\/uploads\/2024\/05\/23-24-Bundesjugendkonferenz-Medien-1-150x100.jpg 150w, https:\/\/www.rwg-bayreuth.de\/home\/wp-content\/uploads\/2024\/05\/23-24-Bundesjugendkonferenz-Medien-1-450x300.jpg 450w, https:\/\/www.rwg-bayreuth.de\/home\/wp-content\/uploads\/2024\/05\/23-24-Bundesjugendkonferenz-Medien-1-768x512.jpg 768w, https:\/\/www.rwg-bayreuth.de\/home\/wp-content\/uploads\/2024\/05\/23-24-Bundesjugendkonferenz-Medien-1-250x167.jpg 250w, https:\/\/www.rwg-bayreuth.de\/home\/wp-content\/uploads\/2024\/05\/23-24-Bundesjugendkonferenz-Medien-1-900x600.jpg 900w\" sizes=\"(max-width: 1024px) 100vw, 1024px\" \/><\/a> \t\t<\/div><!-- end .entry-thumbnail -->\n<div class=\"meta-main-wrap\">\n  <div class=\"\">\n    <header class=\"entry-header\">\n      <div class=\"entry-cats\">\n        <div class=\"kategorie\"><a href=\"https:\/\/www.rwg-bayreuth.de\/home\/?cat=1\" rel=\"category\">Schulleben<\/a><\/div>\n<div class=\"entry-edit\" >      <div class=\"entry-date\" >\n        <a href=\"https:\/\/www.rwg-bayreuth.de\/home\/?p=36546\">7. Mai 2024<\/a>\n      <\/div><\/div><!-- end .entry-date -->\n      <\/div><!-- end .entry-cats -->\n<h2 class=\"entry-title\"><a href=\"https:\/\/www.rwg-bayreuth.de\/home\/?p=36546\" rel=\"bookmark\">Neue Kontakte und gewinnbringende Informationen \u2013 Medienscouts des RWG bei der Bundesjugendkonferenz-Medien in Rostock<\/a><\/h2>\n    <\/header><!-- end .entry-header -->\n    <div class=\"entry-summary\">\nVom 2. bis zum 5. Mai 2024 hatten 7 Sch\u00fclerinnen und Sch\u00fcler des Richard-Wagner-Gymnasiums das Privileg, an der Bundesjugendkonferenz-Medien (BJKM) in Rostock teilzunehmen. Die 4-t\u00e4gige Medienkonferenz fand im 4-Sterne Hotel \u201eRadisson Blu\u201c in Rostock statt und bot nicht nur informative Workshops von hochkar\u00e4tigen Referenten, sondern auch eine exzellente Verpflegung und ein luxuri\u00f6ses Ambiente. Ein H\u00f6hepunkt&hellip;\n  <\/div><!-- .entry-summary -->\n  <\/div><!-- .entry-main -->\n<\/div><!-- .meta-main-wrap -->\n<\/article><!-- end post -36546 -->\n<article id=\"post-35370\"class=\"cf post-35370 post type-post status-publish format-standard has-post-thumbnail hentry category-allgemein tag-digitaleschule tag-home tag-p-seminar\">\n \t\t<div class=\"entry-thumbnail fadein\"> \t\t\t<a href=\"https:\/\/www.rwg-bayreuth.de\/home\/?p=35370\"><img loading=\"lazy\" decoding=\"async\" width=\"1024\" height=\"683\" src=\"https:\/\/www.rwg-bayreuth.de\/home\/wp-content\/uploads\/2023\/12\/23-24-ViewentoWorkshop-B.jpg\" class=\"attachment-post-thumbnail size-post-thumbnail wp-post-image\" alt=\"\" srcset=\"https:\/\/www.rwg-bayreuth.de\/home\/wp-content\/uploads\/2023\/12\/23-24-ViewentoWorkshop-B.jpg 1024w, https:\/\/www.rwg-bayreuth.de\/home\/wp-content\/uploads\/2023\/12\/23-24-ViewentoWorkshop-B-150x100.jpg 150w, https:\/\/www.rwg-bayreuth.de\/home\/wp-content\/uploads\/2023\/12\/23-24-ViewentoWorkshop-B-450x300.jpg 450w, https:\/\/www.rwg-bayreuth.de\/home\/wp-content\/uploads\/2023\/12\/23-24-ViewentoWorkshop-B-768x512.jpg 768w, https:\/\/www.rwg-bayreuth.de\/home\/wp-content\/uploads\/2023\/12\/23-24-ViewentoWorkshop-B-250x167.jpg 250w, https:\/\/www.rwg-bayreuth.de\/home\/wp-content\/uploads\/2023\/12\/23-24-ViewentoWorkshop-B-900x600.jpg 900w\" sizes=\"(max-width: 1024px) 100vw, 1024px\" \/><\/a> \t\t<\/div><!-- end .entry-thumbnail -->\n<div class=\"meta-main-wrap\">\n  <div class=\"\">\n    <header class=\"entry-header\">\n      <div class=\"entry-cats\">\n        <div class=\"kategorie\"><a href=\"https:\/\/www.rwg-bayreuth.de\/home\/?cat=1\" rel=\"category\">Schulleben<\/a><\/div>\n<div class=\"entry-edit\" >      <div class=\"entry-date\" >\n        <a href=\"https:\/\/www.rwg-bayreuth.de\/home\/?p=35370\">28. Dezember 2023<\/a>\n      <\/div><\/div><!-- end .entry-date -->\n      <\/div><!-- end .entry-cats -->\n<h2 class=\"entry-title\"><a href=\"https:\/\/www.rwg-bayreuth.de\/home\/?p=35370\" rel=\"bookmark\">Von Profis lernen \u2013 Bild- und Filmworkshop bei Viewento in Bindlach<\/a><\/h2>\n    <\/header><!-- end .entry-header -->\n    <div class=\"entry-summary\">\nIn zwei \u00e4u\u00dferst gewinnbringenden Workshops gaben die Medienprofis von Viewento ihr Knowhow in den Bereichen \u201eBildbearbeitung und Kurzfilme\u201c weiter. Der erste Workshop fand bei uns am RWG statt. Max, Head of Marketing bei Viewento, und Anna Lea, Expertin f\u00fcr Marketingkommunikation, brachten eine gro\u00dfe Auswahl an Profiequipment mit und zeigten den Sch\u00fclerInnen aus dem P-Seminar Medien&hellip;\n  <\/div><!-- .entry-summary -->\n  <\/div><!-- .entry-main -->\n<\/div><!-- .meta-main-wrap -->\n<\/article><!-- end post -35370 -->\n<article id=\"post-34839\"class=\"cf post-34839 post type-post status-publish format-standard has-post-thumbnail hentry category-allgemein tag-digitaleschule tag-home tag-wr\">\n \t\t<div class=\"entry-thumbnail fadein\"> \t\t\t<a href=\"https:\/\/www.rwg-bayreuth.de\/home\/?p=34839\"><img loading=\"lazy\" decoding=\"async\" width=\"1024\" height=\"683\" src=\"https:\/\/www.rwg-bayreuth.de\/home\/wp-content\/uploads\/2023\/10\/23-24-ShortFilm-Competition.jpg\" class=\"attachment-post-thumbnail size-post-thumbnail wp-post-image\" alt=\"\" srcset=\"https:\/\/www.rwg-bayreuth.de\/home\/wp-content\/uploads\/2023\/10\/23-24-ShortFilm-Competition.jpg 1024w, https:\/\/www.rwg-bayreuth.de\/home\/wp-content\/uploads\/2023\/10\/23-24-ShortFilm-Competition-450x300.jpg 450w, https:\/\/www.rwg-bayreuth.de\/home\/wp-content\/uploads\/2023\/10\/23-24-ShortFilm-Competition-150x100.jpg 150w, https:\/\/www.rwg-bayreuth.de\/home\/wp-content\/uploads\/2023\/10\/23-24-ShortFilm-Competition-768x512.jpg 768w, https:\/\/www.rwg-bayreuth.de\/home\/wp-content\/uploads\/2023\/10\/23-24-ShortFilm-Competition-250x167.jpg 250w, https:\/\/www.rwg-bayreuth.de\/home\/wp-content\/uploads\/2023\/10\/23-24-ShortFilm-Competition-900x600.jpg 900w\" sizes=\"(max-width: 1024px) 100vw, 1024px\" \/><\/a> \t\t<\/div><!-- end .entry-thumbnail -->\n<div class=\"meta-main-wrap\">\n  <div class=\"\">\n    <header class=\"entry-header\">\n      <div class=\"entry-cats\">\n        <div class=\"kategorie\"><a href=\"https:\/\/www.rwg-bayreuth.de\/home\/?cat=1\" rel=\"category\">Schulleben<\/a><\/div>\n<div class=\"entry-edit\" >      <div class=\"entry-date\" >\n        <a href=\"https:\/\/www.rwg-bayreuth.de\/home\/?p=34839\">24. Oktober 2023<\/a>\n      <\/div><\/div><!-- end .entry-date -->\n      <\/div><!-- end .entry-cats -->\n<h2 class=\"entry-title\"><a href=\"https:\/\/www.rwg-bayreuth.de\/home\/?p=34839\" rel=\"bookmark\">And the Winner is\u2026 <\/br>Spannung bei der RWG Short Film Competition<\/a><\/h2>\n    <\/header><!-- end .entry-header -->\n    <div class=\"entry-summary\">\nIm bilingualen Wirtschaftsprojekt der Klassen 10ab werden die Sch\u00fcler*innen im Laufe des Schuljahres Kurzfilme \u00fcber bedeutende Sehensw\u00fcrdigkeiten in Bayreuth und Umgebung drehen. Doch wie filmt man ein Geb\u00e4ude mit dem Handy? Wie schneide ich mein Rohmaterial zu einem unterhaltsamen Kurzfilm von maximal 30 Sekunden? Und wie unterlege ich diesen mit der passenden Musik? Das alles&hellip;\n  <\/div><!-- .entry-summary -->\n  <\/div><!-- .entry-main -->\n<\/div><!-- .meta-main-wrap -->\n<\/article><!-- end post -34839 -->\n<\/div><!-- end .rwg_post_list -->\n<\/div>\n","protected":false},"excerpt":{"rendered":"<p>Am 18.11.2021 haben wir vom Bayerischen Staatsminister f\u00fcr Unterricht und Kultus, Prof. Dr. Michael Piazolo, die Auszeichnung \u201eDigitale Schule\u201c erhalten. Wir sind stolz darauf, dass es uns gelungen ist, unsere Schulgemeinschaft f\u00fcr den vielf\u00e4ltigen Prozess der Digitalisierung zu gewinnen, sodass Lehrkr\u00e4fte sowie Sch\u00fclerinnen und Sch\u00fcler mit gro\u00dfem Einsatz und richtungsweisenden Ideen die digitale Bildung voranbringen.&hellip;<\/p>\n","protected":false},"author":11,"featured_media":0,"parent":11132,"menu_order":70,"comment_status":"closed","ping_status":"closed","template":"page-templates\/no-sidebar.php","meta":{"footnotes":""},"tags":[54],"_links":{"self":[{"href":"https:\/\/www.rwg-bayreuth.de\/home\/index.php?rest_route=\/wp\/v2\/pages\/35156"}],"collection":[{"href":"https:\/\/www.rwg-bayreuth.de\/home\/index.php?rest_route=\/wp\/v2\/pages"}],"about":[{"href":"https:\/\/www.rwg-bayreuth.de\/home\/index.php?rest_route=\/wp\/v2\/types\/page"}],"author":[{"embeddable":true,"href":"https:\/\/www.rwg-bayreuth.de\/home\/index.php?rest_route=\/wp\/v2\/users\/11"}],"replies":[{"embeddable":true,"href":"https:\/\/www.rwg-bayreuth.de\/home\/index.php?rest_route=%2Fwp%2Fv2%2Fcomments&post=35156"}],"version-history":[{"count":22,"href":"https:\/\/www.rwg-bayreuth.de\/home\/index.php?rest_route=\/wp\/v2\/pages\/35156\/revisions"}],"predecessor-version":[{"id":41168,"href":"https:\/\/www.rwg-bayreuth.de\/home\/index.php?rest_route=\/wp\/v2\/pages\/35156\/revisions\/41168"}],"up":[{"embeddable":true,"href":"https:\/\/www.rwg-bayreuth.de\/home\/index.php?rest_route=\/wp\/v2\/pages\/11132"}],"wp:attachment":[{"href":"https:\/\/www.rwg-bayreuth.de\/home\/index.php?rest_route=%2Fwp%2Fv2%2Fmedia&parent=35156"}],"wp:term":[{"taxonomy":"post_tag","embeddable":true,"href":"https:\/\/www.rwg-bayreuth.de\/home\/index.php?rest_route=%2Fwp%2Fv2%2Ftags&post=35156"}],"curies":[{"name":"wp","href":"https:\/\/api.w.org\/{rel}","templated":true}]}}