{"id":34538,"date":"2023-09-12T15:28:02","date_gmt":"2023-09-12T13:28:02","guid":{"rendered":"http:\/\/www.rwg-bayreuth.de\/home\/?page_id=34538"},"modified":"2023-09-28T17:42:31","modified_gmt":"2023-09-28T15:42:31","slug":"berichte-4","status":"publish","type":"page","link":"https:\/\/www.rwg-bayreuth.de\/home\/?page_id=34538","title":{"rendered":"Berichte"},"content":{"rendered":"<span id=\"seitenanfang\"><\/span><p>Hier finden Sie die Berichte aus dem Schulleben des RWG seit dem Schuljahr 2016\/17. \u00c4ltere Berichte <!--sind im Archiv der Beitr\u00e4ge gesammelt und -->k\u00f6nnen \u00fcber die <!--Startseite und die -->Suchfunktion aufgerufen werden.<\/p>\r\n\r\n<div class=\"grid-container-faecher grid-container-beitragsjahre\"  style=\"margin-bottom: 50px\"><!--\r\n--><a class=\"grid-item-faecher grid-item-beitragsjahre\" href=\"http:\/\/www.rwg-bayreuth.de\/home\/?page_id=3915\">Aktuell<\/a><!--\r\n--><a class=\"grid-item-faecher grid-item-beitragsjahre\" href=\"http:\/\/www.rwg-bayreuth.de\/home\/?page_id=39785\">2024\/25<\/a><!--\r\n--><a class=\"grid-item-faecher grid-item-beitragsjahre\" href=\"http:\/\/www.rwg-bayreuth.de\/home\/?page_id=37075\">2023\/24<\/a><!--\r\n--><a class=\"grid-item-faecher grid-item-beitragsjahre\" href=\"http:\/\/www.rwg-bayreuth.de\/home\/?page_id=34538\">2022\/23<\/a><!--\r\n--><a class=\"grid-item-faecher grid-item-beitragsjahre\" href=\"http:\/\/www.rwg-bayreuth.de\/home\/?page_id=31965\">2021\/22<\/a><!--\r\n--><a class=\"grid-item-faecher grid-item-beitragsjahre\" href=\"http:\/\/www.rwg-bayreuth.de\/home\/?page_id=29448\">2020\/21<\/a><!--\r\n--><a class=\"grid-item-faecher grid-item-beitragsjahre\" href=\"http:\/\/www.rwg-bayreuth.de\/home\/?page_id=26962\">2019\/20<\/a><!--\r\n--><a class=\"grid-item-faecher grid-item-beitragsjahre\" href=\"http:\/\/www.rwg-bayreuth.de\/home\/?page_id=22430\">2018\/19<\/a><!--\r\n--><a class=\"grid-item-faecher grid-item-beitragsjahre\" href=\"http:\/\/www.rwg-bayreuth.de\/home\/?page_id=21895\">2017\/18<\/a><!--\r\n--><a class=\"grid-item-faecher grid-item-beitragsjahre\" href=\"http:\/\/www.rwg-bayreuth.de\/home\/?page_id=21882\">2016\/17<\/a><!--\r\n--><\/div><!--<div class=\"flex-container\"  style=\"margin-bottom: 50px\">\r\n<a class=\"flex-item flex-item-gleicheBreite\" href=\"http:\/\/www.rwg-bayreuth.de\/home\/?page_id=3915\">Aktuell<\/a>\r\n<a class=\"flex-item flex-item-gleicheBreite\" href=\"http:\/\/www.rwg-bayreuth.de\/home\/?page_id=31965\">2021\/22<\/a>\r\n<a class=\"flex-item flex-item-gleicheBreite\" href=\"http:\/\/www.rwg-bayreuth.de\/home\/?page_id=29448\">2020\/21<\/a>\r\n<a class=\"flex-item flex-item-gleicheBreite\" href=\"http:\/\/www.rwg-bayreuth.de\/home\/?page_id=26962\">2019\/20<\/a>\r\n<a class=\"flex-item flex-item-gleicheBreite\" href=\"http:\/\/www.rwg-bayreuth.de\/home\/?page_id=22430\">2018\/19<\/a>\r\n<a class=\"flex-item flex-item-gleicheBreite\" href=\"http:\/\/www.rwg-bayreuth.de\/home\/?page_id=21895\">2017\/18<\/a>\r\n<a class=\"flex-item flex-item-gleicheBreite\" href=\"http:\/\/www.rwg-bayreuth.de\/home\/?page_id=21882\">2016\/17<\/a>\r\n<\/div>-->\n<h1>Berichte aus dem Schuljahr 2022\/23<\/h1>\n<div class=\"rwg_post_list\"><article id=\"post-34373\"class=\"cf post-34373 post type-post status-publish format-standard has-post-thumbnail hentry category-allgemein tag-home tag-kunst tag-wettbewerb\">\n \t\t<div class=\"entry-thumbnail fadein\"> \t\t\t<a href=\"https:\/\/www.rwg-bayreuth.de\/home\/?p=34373\"><img loading=\"lazy\" decoding=\"async\" width=\"1024\" height=\"683\" src=\"https:\/\/www.rwg-bayreuth.de\/home\/wp-content\/uploads\/2023\/07\/22-23-Kunst-Bundeswettbewerb-B.jpg\" class=\"attachment-post-thumbnail size-post-thumbnail wp-post-image\" alt=\"\" srcset=\"https:\/\/www.rwg-bayreuth.de\/home\/wp-content\/uploads\/2023\/07\/22-23-Kunst-Bundeswettbewerb-B.jpg 1024w, https:\/\/www.rwg-bayreuth.de\/home\/wp-content\/uploads\/2023\/07\/22-23-Kunst-Bundeswettbewerb-B-450x300.jpg 450w, https:\/\/www.rwg-bayreuth.de\/home\/wp-content\/uploads\/2023\/07\/22-23-Kunst-Bundeswettbewerb-B-150x100.jpg 150w, https:\/\/www.rwg-bayreuth.de\/home\/wp-content\/uploads\/2023\/07\/22-23-Kunst-Bundeswettbewerb-B-768x512.jpg 768w, https:\/\/www.rwg-bayreuth.de\/home\/wp-content\/uploads\/2023\/07\/22-23-Kunst-Bundeswettbewerb-B-250x167.jpg 250w, https:\/\/www.rwg-bayreuth.de\/home\/wp-content\/uploads\/2023\/07\/22-23-Kunst-Bundeswettbewerb-B-900x600.jpg 900w\" sizes=\"(max-width: 1024px) 100vw, 1024px\" \/><\/a> \t\t<\/div><!-- end .entry-thumbnail -->\n<div class=\"meta-main-wrap\">\n  <div class=\"\">\n    <header class=\"entry-header\">\n      <div class=\"entry-cats\">\n        <div class=\"kategorie\"><a href=\"https:\/\/www.rwg-bayreuth.de\/home\/?cat=1\" rel=\"category\">Schulleben<\/a><\/div>\n<div class=\"entry-edit\" >      <div class=\"entry-date\" >\n        <a href=\"https:\/\/www.rwg-bayreuth.de\/home\/?p=34373\">25. August 2023<\/a>\n      <\/div><\/div><!-- end .entry-date -->\n      <\/div><!-- end .entry-cats -->\n<h2 class=\"entry-title\"><a href=\"https:\/\/www.rwg-bayreuth.de\/home\/?p=34373\" rel=\"bookmark\">Preisverleihung beim Europawettbewerb<\/a><\/h2>\n    <\/header><!-- end .entry-header -->\n    <div class=\"entry-summary\">\nLetzte Meldungen zu den Siegerehrungen zum 70. Europ\u00e4ischen Wettbewerb Unsere Sch\u00fclerin Jule Wittauer erhielt in den vergangenen Wochen im Rektorat Ihre Urkunde zum Sieg auf Bundesebene. Wir gratulieren herzlich. Am 24.7.2023 wurden im Rahmen einer feierlichen Veranstaltung am Vormittag den Durchf\u00fchrenden des Wettbewerbs und den Sch\u00fclerInnen f\u00fcr Ihre Arbeit gedankt. Sie erhielten die Urkunden auf&hellip;\n  <\/div><!-- .entry-summary -->\n  <\/div><!-- .entry-main -->\n<\/div><!-- .meta-main-wrap -->\n<\/article><!-- end post -34373 -->\n<article id=\"post-34359\"class=\"cf post-34359 post type-post status-publish format-standard has-post-thumbnail hentry category-allgemein tag-ag-reiten tag-home\">\n \t\t<div class=\"entry-thumbnail fadein\"> \t\t\t<a href=\"https:\/\/www.rwg-bayreuth.de\/home\/?p=34359\"><img loading=\"lazy\" decoding=\"async\" width=\"1024\" height=\"683\" src=\"https:\/\/www.rwg-bayreuth.de\/home\/wp-content\/uploads\/2023\/08\/22-23-ReitAG-B.jpg\" class=\"attachment-post-thumbnail size-post-thumbnail wp-post-image\" alt=\"\" srcset=\"https:\/\/www.rwg-bayreuth.de\/home\/wp-content\/uploads\/2023\/08\/22-23-ReitAG-B.jpg 1024w, https:\/\/www.rwg-bayreuth.de\/home\/wp-content\/uploads\/2023\/08\/22-23-ReitAG-B-450x300.jpg 450w, https:\/\/www.rwg-bayreuth.de\/home\/wp-content\/uploads\/2023\/08\/22-23-ReitAG-B-150x100.jpg 150w, https:\/\/www.rwg-bayreuth.de\/home\/wp-content\/uploads\/2023\/08\/22-23-ReitAG-B-768x512.jpg 768w, https:\/\/www.rwg-bayreuth.de\/home\/wp-content\/uploads\/2023\/08\/22-23-ReitAG-B-250x167.jpg 250w, https:\/\/www.rwg-bayreuth.de\/home\/wp-content\/uploads\/2023\/08\/22-23-ReitAG-B-900x600.jpg 900w\" sizes=\"(max-width: 1024px) 100vw, 1024px\" \/><\/a> \t\t<\/div><!-- end .entry-thumbnail -->\n<div class=\"meta-main-wrap\">\n  <div class=\"\">\n    <header class=\"entry-header\">\n      <div class=\"entry-cats\">\n        <div class=\"kategorie\"><a href=\"https:\/\/www.rwg-bayreuth.de\/home\/?cat=1\" rel=\"category\">Schulleben<\/a><\/div>\n<div class=\"entry-edit\" >      <div class=\"entry-date\" >\n        <a href=\"https:\/\/www.rwg-bayreuth.de\/home\/?p=34359\">22. August 2023<\/a>\n      <\/div><\/div><!-- end .entry-date -->\n      <\/div><!-- end .entry-cats -->\n<h2 class=\"entry-title\"><a href=\"https:\/\/www.rwg-bayreuth.de\/home\/?p=34359\" rel=\"bookmark\">Sommerwind in flatternden M\u00e4hnen<\/a><\/h2>\n    <\/header><!-- end .entry-header -->\n    <div class=\"entry-summary\">\n\u201e1001 Nacht\u201c hie\u00df das Motto des diesj\u00e4hrigen Sommerfests der Reit-AG, des Reitvereins Pferdefreunde Eckersdorf und des Hit-Aktiv-Stalls in Lindau. Viele Wochen lang schwangen die ReiterInnen zu arabischen Kl\u00e4ngen bunte T\u00fccher in den Pausen zu einer selbst gestalteten Choreographie. Der bunte Tanz, der zun\u00e4chst am Boden begann, setzte sich dann auf dem Pferd fort. Ob im&hellip;\n  <\/div><!-- .entry-summary -->\n  <\/div><!-- .entry-main -->\n<\/div><!-- .meta-main-wrap -->\n<\/article><!-- end post -34359 -->\n<article id=\"post-34330\"class=\"cf post-34330 post type-post status-publish format-standard has-post-thumbnail hentry category-allgemein tag-home\">\n \t\t<div class=\"entry-thumbnail fadein\"> \t\t\t<a href=\"https:\/\/www.rwg-bayreuth.de\/home\/?p=34330\"><img loading=\"lazy\" decoding=\"async\" width=\"1024\" height=\"683\" src=\"https:\/\/www.rwg-bayreuth.de\/home\/wp-content\/uploads\/2023\/08\/22-23-Schulfest-B.jpg\" class=\"attachment-post-thumbnail size-post-thumbnail wp-post-image\" alt=\"\" srcset=\"https:\/\/www.rwg-bayreuth.de\/home\/wp-content\/uploads\/2023\/08\/22-23-Schulfest-B.jpg 1024w, https:\/\/www.rwg-bayreuth.de\/home\/wp-content\/uploads\/2023\/08\/22-23-Schulfest-B-450x300.jpg 450w, https:\/\/www.rwg-bayreuth.de\/home\/wp-content\/uploads\/2023\/08\/22-23-Schulfest-B-150x100.jpg 150w, https:\/\/www.rwg-bayreuth.de\/home\/wp-content\/uploads\/2023\/08\/22-23-Schulfest-B-768x512.jpg 768w, https:\/\/www.rwg-bayreuth.de\/home\/wp-content\/uploads\/2023\/08\/22-23-Schulfest-B-250x167.jpg 250w, https:\/\/www.rwg-bayreuth.de\/home\/wp-content\/uploads\/2023\/08\/22-23-Schulfest-B-900x600.jpg 900w\" sizes=\"(max-width: 1024px) 100vw, 1024px\" \/><\/a> \t\t<\/div><!-- end .entry-thumbnail -->\n<div class=\"meta-main-wrap\">\n  <div class=\"\">\n    <header class=\"entry-header\">\n      <div class=\"entry-cats\">\n        <div class=\"kategorie\"><a href=\"https:\/\/www.rwg-bayreuth.de\/home\/?cat=1\" rel=\"category\">Schulleben<\/a><\/div>\n<div class=\"entry-edit\" >      <div class=\"entry-date\" >\n        <a href=\"https:\/\/www.rwg-bayreuth.de\/home\/?p=34330\">1. August 2023<\/a>\n      <\/div><\/div><!-- end .entry-date -->\n      <\/div><!-- end .entry-cats -->\n<h2 class=\"entry-title\"><a href=\"https:\/\/www.rwg-bayreuth.de\/home\/?p=34330\" rel=\"bookmark\">Das bisschen Regen h\u00e4lt die RWG-Familie nicht vom Feiern ab!<\/a><\/h2>\n    <\/header><!-- end .entry-header -->\n    <div class=\"entry-summary\">\nMit einem rundum gelungenen Schulfest feierte die gesamte Schulfamilie den Schuljahresabschluss und begr\u00fc\u00dfte seine neuen 5.Kl\u00e4sser und deren Eltern am RWG. An insgesamt 18 ansprechenden St\u00e4nden und Mitmachaktionen konnte man sich sportlich bet\u00e4tigen, sein Wissen und Geschick unter Beweis stellen, kreativ werden oder am Gl\u00fccksrad einfach das Schicksal entscheiden lassen. Die Sch\u00fclerInnen der Q11 versorgten&hellip;\n  <\/div><!-- .entry-summary -->\n  <\/div><!-- .entry-main -->\n<\/div><!-- .meta-main-wrap -->\n<\/article><!-- end post -34330 -->\n<article id=\"post-34243\"class=\"cf post-34243 post type-post status-publish format-standard has-post-thumbnail hentry category-allgemein tag-home\">\n \t\t<div class=\"entry-thumbnail fadein\"> \t\t\t<a href=\"https:\/\/www.rwg-bayreuth.de\/home\/?p=34243\"><img loading=\"lazy\" decoding=\"async\" width=\"1024\" height=\"683\" src=\"https:\/\/www.rwg-bayreuth.de\/home\/wp-content\/uploads\/2023\/08\/22-23-Graffiti-B.jpg\" class=\"attachment-post-thumbnail size-post-thumbnail wp-post-image\" alt=\"\" srcset=\"https:\/\/www.rwg-bayreuth.de\/home\/wp-content\/uploads\/2023\/08\/22-23-Graffiti-B.jpg 1024w, https:\/\/www.rwg-bayreuth.de\/home\/wp-content\/uploads\/2023\/08\/22-23-Graffiti-B-450x300.jpg 450w, https:\/\/www.rwg-bayreuth.de\/home\/wp-content\/uploads\/2023\/08\/22-23-Graffiti-B-150x100.jpg 150w, https:\/\/www.rwg-bayreuth.de\/home\/wp-content\/uploads\/2023\/08\/22-23-Graffiti-B-768x512.jpg 768w, https:\/\/www.rwg-bayreuth.de\/home\/wp-content\/uploads\/2023\/08\/22-23-Graffiti-B-250x167.jpg 250w, https:\/\/www.rwg-bayreuth.de\/home\/wp-content\/uploads\/2023\/08\/22-23-Graffiti-B-900x600.jpg 900w\" sizes=\"(max-width: 1024px) 100vw, 1024px\" \/><\/a> \t\t<\/div><!-- end .entry-thumbnail -->\n<div class=\"meta-main-wrap\">\n  <div class=\"\">\n    <header class=\"entry-header\">\n      <div class=\"entry-cats\">\n        <div class=\"kategorie\"><a href=\"https:\/\/www.rwg-bayreuth.de\/home\/?cat=1\" rel=\"category\">Schulleben<\/a><\/div>\n<div class=\"entry-edit\" >      <div class=\"entry-date\" >\n        <a href=\"https:\/\/www.rwg-bayreuth.de\/home\/?p=34243\">29. Juli 2023<\/a>\n      <\/div><\/div><!-- end .entry-date -->\n      <\/div><!-- end .entry-cats -->\n<h2 class=\"entry-title\"><a href=\"https:\/\/www.rwg-bayreuth.de\/home\/?p=34243\" rel=\"bookmark\">Graffiti Kunst am RWG<\/a><\/h2>\n    <\/header><!-- end .entry-header -->\n    <div class=\"entry-summary\">\nJanosch Mahr aus der 8a hat den Gang im Kellergeschoss Mittelbau in ein Graffiti Kunstwerk verwandelt. Das Projekt, das Janosch schon l\u00e4ngere Zeit mit Frau Fr\u00f6ber geplant hatte, konnte nun w\u00e4hrend der Projekttage in die Tat umgesetzt werden. Zwei Tage arbeitete Janosch, der sich im regionalen Raum bereits einen Namen als Graffiti-K\u00fcnstler gemacht hat, an&hellip;\n  <\/div><!-- .entry-summary -->\n  <\/div><!-- .entry-main -->\n<\/div><!-- .meta-main-wrap -->\n<\/article><!-- end post -34243 -->\n<article id=\"post-34275\"class=\"cf post-34275 post type-post status-publish format-standard has-post-thumbnail hentry category-allgemein tag-home tag-smv\">\n \t\t<div class=\"entry-thumbnail fadein\"> \t\t\t<a href=\"https:\/\/www.rwg-bayreuth.de\/home\/?p=34275\"><img loading=\"lazy\" decoding=\"async\" width=\"1024\" height=\"683\" src=\"https:\/\/www.rwg-bayreuth.de\/home\/wp-content\/uploads\/2023\/08\/22-23-Fussballturnier-B.jpg\" class=\"attachment-post-thumbnail size-post-thumbnail wp-post-image\" alt=\"\" srcset=\"https:\/\/www.rwg-bayreuth.de\/home\/wp-content\/uploads\/2023\/08\/22-23-Fussballturnier-B.jpg 1024w, https:\/\/www.rwg-bayreuth.de\/home\/wp-content\/uploads\/2023\/08\/22-23-Fussballturnier-B-450x300.jpg 450w, https:\/\/www.rwg-bayreuth.de\/home\/wp-content\/uploads\/2023\/08\/22-23-Fussballturnier-B-150x100.jpg 150w, https:\/\/www.rwg-bayreuth.de\/home\/wp-content\/uploads\/2023\/08\/22-23-Fussballturnier-B-768x512.jpg 768w, https:\/\/www.rwg-bayreuth.de\/home\/wp-content\/uploads\/2023\/08\/22-23-Fussballturnier-B-250x167.jpg 250w, https:\/\/www.rwg-bayreuth.de\/home\/wp-content\/uploads\/2023\/08\/22-23-Fussballturnier-B-900x600.jpg 900w\" sizes=\"(max-width: 1024px) 100vw, 1024px\" \/><\/a> \t\t<\/div><!-- end .entry-thumbnail -->\n<div class=\"meta-main-wrap\">\n  <div class=\"\">\n    <header class=\"entry-header\">\n      <div class=\"entry-cats\">\n        <div class=\"kategorie\"><a href=\"https:\/\/www.rwg-bayreuth.de\/home\/?cat=1\" rel=\"category\">Schulleben<\/a><\/div>\n<div class=\"entry-edit\" >      <div class=\"entry-date\" >\n        <a href=\"https:\/\/www.rwg-bayreuth.de\/home\/?p=34275\">26. Juli 2023<\/a>\n      <\/div><\/div><!-- end .entry-date -->\n      <\/div><!-- end .entry-cats -->\n<h2 class=\"entry-title\"><a href=\"https:\/\/www.rwg-bayreuth.de\/home\/?p=34275\" rel=\"bookmark\">SMV-Sportturniere am RWG 2023<\/a><\/h2>\n    <\/header><!-- end .entry-header -->\n    <div class=\"entry-summary\">\nAm 26.05 fand das Basketball Turnier der 8.-10. Klassen statt. Um den Auf- und Abbau, die musikalische Begleitung, die Moderation und die Spielleitung k\u00fcmmerte sich das Team \u201eSportturniere\u201c der SMV. Zudem unterst\u00fctzten uns die Lehrkr\u00e4fte der Fachschaft Sport mit Schiedsrichtert\u00e4tigkeiten. Mit gro\u00dfer Motivation beteiligten sich die Sch\u00fcler_innen an den Spielen. Die Teams spielten im KO-Modus&hellip;\n  <\/div><!-- .entry-summary -->\n  <\/div><!-- .entry-main -->\n<\/div><!-- .meta-main-wrap -->\n<\/article><!-- end post -34275 -->\n<article id=\"post-34190\"class=\"cf post-34190 post type-post status-publish format-standard has-post-thumbnail hentry category-allgemein tag-5te-klassen tag-home tag-toenning\">\n \t\t<div class=\"entry-thumbnail fadein\"> \t\t\t<a href=\"https:\/\/www.rwg-bayreuth.de\/home\/?p=34190\"><img loading=\"lazy\" decoding=\"async\" width=\"1024\" height=\"683\" src=\"https:\/\/www.rwg-bayreuth.de\/home\/wp-content\/uploads\/2023\/07\/22-23-Toenning-B.jpg\" class=\"attachment-post-thumbnail size-post-thumbnail wp-post-image\" alt=\"\" srcset=\"https:\/\/www.rwg-bayreuth.de\/home\/wp-content\/uploads\/2023\/07\/22-23-Toenning-B.jpg 1024w, https:\/\/www.rwg-bayreuth.de\/home\/wp-content\/uploads\/2023\/07\/22-23-Toenning-B-450x300.jpg 450w, https:\/\/www.rwg-bayreuth.de\/home\/wp-content\/uploads\/2023\/07\/22-23-Toenning-B-150x100.jpg 150w, https:\/\/www.rwg-bayreuth.de\/home\/wp-content\/uploads\/2023\/07\/22-23-Toenning-B-768x512.jpg 768w, https:\/\/www.rwg-bayreuth.de\/home\/wp-content\/uploads\/2023\/07\/22-23-Toenning-B-250x167.jpg 250w, https:\/\/www.rwg-bayreuth.de\/home\/wp-content\/uploads\/2023\/07\/22-23-Toenning-B-900x600.jpg 900w\" sizes=\"(max-width: 1024px) 100vw, 1024px\" \/><\/a> \t\t<\/div><!-- end .entry-thumbnail -->\n<div class=\"meta-main-wrap\">\n  <div class=\"\">\n    <header class=\"entry-header\">\n      <div class=\"entry-cats\">\n        <div class=\"kategorie\"><a href=\"https:\/\/www.rwg-bayreuth.de\/home\/?cat=1\" rel=\"category\">Schulleben<\/a><\/div>\n<div class=\"entry-edit\" >      <div class=\"entry-date\" >\n        <a href=\"https:\/\/www.rwg-bayreuth.de\/home\/?p=34190\">24. Juli 2023<\/a>\n      <\/div><\/div><!-- end .entry-date -->\n      <\/div><!-- end .entry-cats -->\n<h2 class=\"entry-title\"><a href=\"https:\/\/www.rwg-bayreuth.de\/home\/?p=34190\" rel=\"bookmark\">Eine Fahrt \u2013 unz\u00e4hlige Highlights<\/a><\/h2>\n    <\/header><!-- end .entry-header -->\n    <div class=\"entry-summary\">\nDie Exkursion der 5. Klassen ans Wattenmeer war gespickt mit tollen H\u00f6hepunkten. 82 Sch\u00fclerInnen begaben sich auf die gro\u00dfe Fahrt und bereits die Anreise im Bus machte klar, dass die Stimmung wieder gro\u00dfartig werden w\u00fcrde. Die Hits von Cro, Katy Perry und Nina Chuba schallten nahezu ununterbrochen durch die Boxen der Reisebusse und es wurde&hellip;\n  <\/div><!-- .entry-summary -->\n  <\/div><!-- .entry-main -->\n<\/div><!-- .meta-main-wrap -->\n<\/article><!-- end post -34190 -->\n<article id=\"post-34181\"class=\"cf post-34181 post type-post status-publish format-standard has-post-thumbnail hentry category-allgemein tag-home tag-sport tag-wettbewerb\">\n \t\t<div class=\"entry-thumbnail fadein\"> \t\t\t<a href=\"https:\/\/www.rwg-bayreuth.de\/home\/?p=34181\"><img loading=\"lazy\" decoding=\"async\" width=\"1024\" height=\"683\" src=\"https:\/\/www.rwg-bayreuth.de\/home\/wp-content\/uploads\/2023\/07\/22-23-Hockeymeisterschaft-B.jpg\" class=\"attachment-post-thumbnail size-post-thumbnail wp-post-image\" alt=\"\" srcset=\"https:\/\/www.rwg-bayreuth.de\/home\/wp-content\/uploads\/2023\/07\/22-23-Hockeymeisterschaft-B.jpg 1024w, https:\/\/www.rwg-bayreuth.de\/home\/wp-content\/uploads\/2023\/07\/22-23-Hockeymeisterschaft-B-450x300.jpg 450w, https:\/\/www.rwg-bayreuth.de\/home\/wp-content\/uploads\/2023\/07\/22-23-Hockeymeisterschaft-B-150x100.jpg 150w, https:\/\/www.rwg-bayreuth.de\/home\/wp-content\/uploads\/2023\/07\/22-23-Hockeymeisterschaft-B-768x512.jpg 768w, https:\/\/www.rwg-bayreuth.de\/home\/wp-content\/uploads\/2023\/07\/22-23-Hockeymeisterschaft-B-250x167.jpg 250w, https:\/\/www.rwg-bayreuth.de\/home\/wp-content\/uploads\/2023\/07\/22-23-Hockeymeisterschaft-B-900x600.jpg 900w\" sizes=\"(max-width: 1024px) 100vw, 1024px\" \/><\/a> \t\t<\/div><!-- end .entry-thumbnail -->\n<div class=\"meta-main-wrap\">\n  <div class=\"\">\n    <header class=\"entry-header\">\n      <div class=\"entry-cats\">\n        <div class=\"kategorie\"><a href=\"https:\/\/www.rwg-bayreuth.de\/home\/?cat=1\" rel=\"category\">Schulleben<\/a><\/div>\n<div class=\"entry-edit\" >      <div class=\"entry-date\" >\n        <a href=\"https:\/\/www.rwg-bayreuth.de\/home\/?p=34181\">22. Juli 2023<\/a>\n      <\/div><\/div><!-- end .entry-date -->\n      <\/div><!-- end .entry-cats -->\n<h2 class=\"entry-title\"><a href=\"https:\/\/www.rwg-bayreuth.de\/home\/?p=34181\" rel=\"bookmark\">Bayreuther Schulhockey Meisterschaften \u2013 2. Platz f\u00fcr das Team des RWG<\/a><\/h2>\n    <\/header><!-- end .entry-header -->\n    <div class=\"entry-summary\">\nAm Mittwoch, den 12.07.2023, traten neun Schulhockeyteams aus Stadt und Landkreis Bayreuth im sportlichen Wettkampf gegeneinander an. In der Wettkampfklasse der weiterf\u00fchrenden Schulen stellte sich das RWG-Team den Mannschaften von MWG, GCE, GMG, WWG und R1\/R2. Mit insgesamt dreizehn Spielerinnen und Spielern aus den Jahrgangsstufen sechs bis zehn stellte das Richard-Wagner-Gymnasium ein starkes Team, das&hellip;\n  <\/div><!-- .entry-summary -->\n  <\/div><!-- .entry-main -->\n<\/div><!-- .meta-main-wrap -->\n<\/article><!-- end post -34181 -->\n<article id=\"post-34433\"class=\"cf post-34433 post type-post status-publish format-standard has-post-thumbnail hentry category-allgemein tag-home tag-mathematik tag-mint\">\n \t\t<div class=\"entry-thumbnail fadein\"> \t\t\t<a href=\"https:\/\/www.rwg-bayreuth.de\/home\/?p=34433\"><img loading=\"lazy\" decoding=\"async\" width=\"1024\" height=\"683\" src=\"https:\/\/www.rwg-bayreuth.de\/home\/wp-content\/uploads\/2023\/09\/22-23-MathematikZumAnfassen-B2.jpg\" class=\"attachment-post-thumbnail size-post-thumbnail wp-post-image\" alt=\"\" srcset=\"https:\/\/www.rwg-bayreuth.de\/home\/wp-content\/uploads\/2023\/09\/22-23-MathematikZumAnfassen-B2.jpg 1024w, https:\/\/www.rwg-bayreuth.de\/home\/wp-content\/uploads\/2023\/09\/22-23-MathematikZumAnfassen-B2-450x300.jpg 450w, https:\/\/www.rwg-bayreuth.de\/home\/wp-content\/uploads\/2023\/09\/22-23-MathematikZumAnfassen-B2-150x100.jpg 150w, https:\/\/www.rwg-bayreuth.de\/home\/wp-content\/uploads\/2023\/09\/22-23-MathematikZumAnfassen-B2-768x512.jpg 768w, https:\/\/www.rwg-bayreuth.de\/home\/wp-content\/uploads\/2023\/09\/22-23-MathematikZumAnfassen-B2-250x167.jpg 250w, https:\/\/www.rwg-bayreuth.de\/home\/wp-content\/uploads\/2023\/09\/22-23-MathematikZumAnfassen-B2-900x600.jpg 900w\" sizes=\"(max-width: 1024px) 100vw, 1024px\" \/><\/a> \t\t<\/div><!-- end .entry-thumbnail -->\n<div class=\"meta-main-wrap\">\n  <div class=\"\">\n    <header class=\"entry-header\">\n      <div class=\"entry-cats\">\n        <div class=\"kategorie\"><a href=\"https:\/\/www.rwg-bayreuth.de\/home\/?cat=1\" rel=\"category\">Schulleben<\/a><\/div>\n<div class=\"entry-edit\" >      <div class=\"entry-date\" >\n        <a href=\"https:\/\/www.rwg-bayreuth.de\/home\/?p=34433\">22. Juli 2023<\/a>\n      <\/div><\/div><!-- end .entry-date -->\n      <\/div><!-- end .entry-cats -->\n<h2 class=\"entry-title\"><a href=\"https:\/\/www.rwg-bayreuth.de\/home\/?p=34433\" rel=\"bookmark\">Mathematik zum Anfassen \u2013 Mitmachausstellung<\/a><\/h2>\n    <\/header><!-- end .entry-header -->\n    <div class=\"entry-summary\">\nAm 20. und 21. Juli bestand f\u00fcr die in der Fahrtenwoche im Haus befindlichen Sch\u00fclerinnen und Sch\u00fcler, sich auf spielerische Art und Weise mit Mathematik auseinanderzusetzen. Dabei wurde sich unter anderem begeistert mit Logikr\u00e4tsel, Br\u00fcckenbau und Escaperoomspielen besch\u00e4ftigt.\n  <\/div><!-- .entry-summary -->\n  <\/div><!-- .entry-main -->\n<\/div><!-- .meta-main-wrap -->\n<\/article><!-- end post -34433 -->\n<article id=\"post-34317\"class=\"cf post-34317 post type-post status-publish format-standard has-post-thumbnail hentry category-allgemein tag-home tag-mathematik tag-mint\">\n \t\t<div class=\"entry-thumbnail fadein\"> \t\t\t<a href=\"https:\/\/www.rwg-bayreuth.de\/home\/?p=34317\"><img loading=\"lazy\" decoding=\"async\" width=\"1024\" height=\"683\" src=\"https:\/\/www.rwg-bayreuth.de\/home\/wp-content\/uploads\/2023\/08\/22-23-TagDerMathematik-B.jpg\" class=\"attachment-post-thumbnail size-post-thumbnail wp-post-image\" alt=\"\" srcset=\"https:\/\/www.rwg-bayreuth.de\/home\/wp-content\/uploads\/2023\/08\/22-23-TagDerMathematik-B.jpg 1024w, https:\/\/www.rwg-bayreuth.de\/home\/wp-content\/uploads\/2023\/08\/22-23-TagDerMathematik-B-450x300.jpg 450w, https:\/\/www.rwg-bayreuth.de\/home\/wp-content\/uploads\/2023\/08\/22-23-TagDerMathematik-B-150x100.jpg 150w, https:\/\/www.rwg-bayreuth.de\/home\/wp-content\/uploads\/2023\/08\/22-23-TagDerMathematik-B-768x512.jpg 768w, https:\/\/www.rwg-bayreuth.de\/home\/wp-content\/uploads\/2023\/08\/22-23-TagDerMathematik-B-250x167.jpg 250w, https:\/\/www.rwg-bayreuth.de\/home\/wp-content\/uploads\/2023\/08\/22-23-TagDerMathematik-B-900x600.jpg 900w\" sizes=\"(max-width: 1024px) 100vw, 1024px\" \/><\/a> \t\t<\/div><!-- end .entry-thumbnail -->\n<div class=\"meta-main-wrap\">\n  <div class=\"\">\n    <header class=\"entry-header\">\n      <div class=\"entry-cats\">\n        <div class=\"kategorie\"><a href=\"https:\/\/www.rwg-bayreuth.de\/home\/?cat=1\" rel=\"category\">Schulleben<\/a><\/div>\n<div class=\"entry-edit\" >      <div class=\"entry-date\" >\n        <a href=\"https:\/\/www.rwg-bayreuth.de\/home\/?p=34317\">16. Juli 2023<\/a>\n      <\/div><\/div><!-- end .entry-date -->\n      <\/div><!-- end .entry-cats -->\n<h2 class=\"entry-title\"><a href=\"https:\/\/www.rwg-bayreuth.de\/home\/?p=34317\" rel=\"bookmark\">Ein Mathe-Tag an der Uni Bayreuth<\/a><\/h2>\n    <\/header><!-- end .entry-header -->\n    <div class=\"entry-summary\">\nZum 15. Mal veranstaltete am Samstag, 15. Juli, 9.00 bis 16.00 Uhr, das Mathematische Institut der Universit\u00e4t Bayreuth einen Tag der Mathematik. Eingeladen waren alle Mathematik-Interessierten, die erfahren wollten, wie spannend und vielf\u00e4ltig die Wissenschaft Mathematik heutzutage ist &#8211; und nat\u00fcrlich alle Sch\u00fclerinnen und Sch\u00fcler, die ihre mathematischen F\u00e4higkeiten in einem Mathematik-Wettbewerb unter Beweis stellen&hellip;\n  <\/div><!-- .entry-summary -->\n  <\/div><!-- .entry-main -->\n<\/div><!-- .meta-main-wrap -->\n<\/article><!-- end post -34317 -->\n<article id=\"post-34157\"class=\"cf post-34157 post type-post status-publish format-standard has-post-thumbnail hentry category-allgemein tag-home tag-wr\">\n \t\t<div class=\"entry-thumbnail fadein\"> \t\t\t<a href=\"https:\/\/www.rwg-bayreuth.de\/home\/?p=34157\"><img loading=\"lazy\" decoding=\"async\" width=\"2560\" height=\"1707\" src=\"https:\/\/www.rwg-bayreuth.de\/home\/wp-content\/uploads\/2023\/07\/22-23-Wirtschaft-B-scaled.jpg\" class=\"attachment-post-thumbnail size-post-thumbnail wp-post-image\" alt=\"\" srcset=\"https:\/\/www.rwg-bayreuth.de\/home\/wp-content\/uploads\/2023\/07\/22-23-Wirtschaft-B-scaled.jpg 2560w, https:\/\/www.rwg-bayreuth.de\/home\/wp-content\/uploads\/2023\/07\/22-23-Wirtschaft-B-450x300.jpg 450w, https:\/\/www.rwg-bayreuth.de\/home\/wp-content\/uploads\/2023\/07\/22-23-Wirtschaft-B-1024x683.jpg 1024w, https:\/\/www.rwg-bayreuth.de\/home\/wp-content\/uploads\/2023\/07\/22-23-Wirtschaft-B-150x100.jpg 150w, https:\/\/www.rwg-bayreuth.de\/home\/wp-content\/uploads\/2023\/07\/22-23-Wirtschaft-B-768x512.jpg 768w, https:\/\/www.rwg-bayreuth.de\/home\/wp-content\/uploads\/2023\/07\/22-23-Wirtschaft-B-1536x1024.jpg 1536w, https:\/\/www.rwg-bayreuth.de\/home\/wp-content\/uploads\/2023\/07\/22-23-Wirtschaft-B-2048x1366.jpg 2048w, https:\/\/www.rwg-bayreuth.de\/home\/wp-content\/uploads\/2023\/07\/22-23-Wirtschaft-B-250x167.jpg 250w, https:\/\/www.rwg-bayreuth.de\/home\/wp-content\/uploads\/2023\/07\/22-23-Wirtschaft-B-900x600.jpg 900w\" sizes=\"(max-width: 2560px) 100vw, 2560px\" \/><\/a> \t\t<\/div><!-- end .entry-thumbnail -->\n<div class=\"meta-main-wrap\">\n  <div class=\"\">\n    <header class=\"entry-header\">\n      <div class=\"entry-cats\">\n        <div class=\"kategorie\"><a href=\"https:\/\/www.rwg-bayreuth.de\/home\/?cat=1\" rel=\"category\">Schulleben<\/a><\/div>\n<div class=\"entry-edit\" >      <div class=\"entry-date\" >\n        <a href=\"https:\/\/www.rwg-bayreuth.de\/home\/?p=34157\">16. Juli 2023<\/a>\n      <\/div><\/div><!-- end .entry-date -->\n      <\/div><!-- end .entry-cats -->\n<h2 class=\"entry-title\"><a href=\"https:\/\/www.rwg-bayreuth.de\/home\/?p=34157\" rel=\"bookmark\">Sch\u00fcler*innen kooperieren mit Maisel &#038; Friends<\/a><\/h2>\n    <\/header><!-- end .entry-header -->\n    <div class=\"entry-summary\">\nIm Rahmen des bilingualen Projekts des Wirtschaftszweigs der 10. Klasse hatten unsere Sch\u00fcler*innen die Gelegenheit mit einem starken Partner aus unserer Region zusammenzuarbeiten. Wie k\u00f6nnen wir italienische Jugendliche f\u00fcr die Tourismusregion Bayreuth begeistern? &#8211; So lautete die Aufgabe, an der in diesem Schuljahr gearbeitet wurde. Das Ergebnis kann sich sehen lassen. Mithilfe einer interaktiven Karte&hellip;\n  <\/div><!-- .entry-summary -->\n  <\/div><!-- .entry-main -->\n<\/div><!-- .meta-main-wrap -->\n<\/article><!-- end post -34157 -->\n<ul class='lcp_paginator'><li class='lcp_currentpage'>1<\/li><li><a href='https:\/\/www.rwg-bayreuth.de\/home\/index.php?rest_route=%2Fwp%2Fv2%2Fpages%2F34538&#038;lcp_page0=2#lcp_instance_0' title='2'>2<\/a><\/li><li><a href='https:\/\/www.rwg-bayreuth.de\/home\/index.php?rest_route=%2Fwp%2Fv2%2Fpages%2F34538&#038;lcp_page0=3#lcp_instance_0' title='3'>3<\/a><\/li><li><a href='https:\/\/www.rwg-bayreuth.de\/home\/index.php?rest_route=%2Fwp%2Fv2%2Fpages%2F34538&#038;lcp_page0=4#lcp_instance_0' title='4'>4<\/a><\/li><li><a href='https:\/\/www.rwg-bayreuth.de\/home\/index.php?rest_route=%2Fwp%2Fv2%2Fpages%2F34538&#038;lcp_page0=5#lcp_instance_0' title='5'>5<\/a><\/li><li><a href='https:\/\/www.rwg-bayreuth.de\/home\/index.php?rest_route=%2Fwp%2Fv2%2Fpages%2F34538&#038;lcp_page0=6#lcp_instance_0' title='6'>6<\/a><\/li><span class='lcp_elipsis'>...<\/span><li><a href='https:\/\/www.rwg-bayreuth.de\/home\/index.php?rest_route=%2Fwp%2Fv2%2Fpages%2F34538&#038;lcp_page0=10#lcp_instance_0' title='10'>10<\/a><\/li><li><a href='https:\/\/www.rwg-bayreuth.de\/home\/index.php?rest_route=%2Fwp%2Fv2%2Fpages%2F34538&#038;lcp_page0=2#lcp_instance_0' title='2' class='lcp_nextlink'>&gt;&gt;<\/a><\/li><\/ul><\/div><!-- end .rwg_post_list -->\n<div class=\"flex-container\"  style=\"margin-bottom: 50px\">\n<a class=\"flex-item\" style=\"flex-grow: 1; flex-basis: auto\" href=\"#seitenanfang\">zum Seitenanfang<\/a>\n<\/div>\n","protected":false},"excerpt":{"rendered":"<p>Berichte aus dem Schuljahr 2022\/23 zum Seitenanfang<\/p>\n","protected":false},"author":11,"featured_media":0,"parent":14662,"menu_order":0,"comment_status":"closed","ping_status":"closed","template":"page-templates\/no-sidebar.php","meta":{"footnotes":""},"tags":[54],"_links":{"self":[{"href":"https:\/\/www.rwg-bayreuth.de\/home\/index.php?rest_route=\/wp\/v2\/pages\/34538"}],"collection":[{"href":"https:\/\/www.rwg-bayreuth.de\/home\/index.php?rest_route=\/wp\/v2\/pages"}],"about":[{"href":"https:\/\/www.rwg-bayreuth.de\/home\/index.php?rest_route=\/wp\/v2\/types\/page"}],"author":[{"embeddable":true,"href":"https:\/\/www.rwg-bayreuth.de\/home\/index.php?rest_route=\/wp\/v2\/users\/11"}],"replies":[{"embeddable":true,"href":"https:\/\/www.rwg-bayreuth.de\/home\/index.php?rest_route=%2Fwp%2Fv2%2Fcomments&post=34538"}],"version-history":[{"count":1,"href":"https:\/\/www.rwg-bayreuth.de\/home\/index.php?rest_route=\/wp\/v2\/pages\/34538\/revisions"}],"predecessor-version":[{"id":34539,"href":"https:\/\/www.rwg-bayreuth.de\/home\/index.php?rest_route=\/wp\/v2\/pages\/34538\/revisions\/34539"}],"up":[{"embeddable":true,"href":"https:\/\/www.rwg-bayreuth.de\/home\/index.php?rest_route=\/wp\/v2\/pages\/14662"}],"wp:attachment":[{"href":"https:\/\/www.rwg-bayreuth.de\/home\/index.php?rest_route=%2Fwp%2Fv2%2Fmedia&parent=34538"}],"wp:term":[{"taxonomy":"post_tag","embeddable":true,"href":"https:\/\/www.rwg-bayreuth.de\/home\/index.php?rest_route=%2Fwp%2Fv2%2Ftags&post=34538"}],"curies":[{"name":"wp","href":"https:\/\/api.w.org\/{rel}","templated":true}]}}