{"id":3190,"date":"2014-03-08T12:01:28","date_gmt":"2014-03-08T11:01:28","guid":{"rendered":"http:\/\/www.rwg-bayreuth.de\/home\/?page_id=3190"},"modified":"2025-03-14T19:12:15","modified_gmt":"2025-03-14T18:12:15","slug":"schulspiel","status":"publish","type":"page","link":"https:\/\/www.rwg-bayreuth.de\/home\/?page_id=3190","title":{"rendered":"Schulspiel"},"content":{"rendered":"<img decoding=\"async\" src=\"https:\/\/www.rwg-bayreuth.de\/home\/wp-content\/uploads\/2020\/01\/Theater.jpg\" alt=\"\" width=\"100%\" height=\"auto\" class=\"alignnone size-full wp-image-23684\" srcset=\"https:\/\/www.rwg-bayreuth.de\/home\/wp-content\/uploads\/2020\/01\/Theater.jpg 1024w, https:\/\/www.rwg-bayreuth.de\/home\/wp-content\/uploads\/2020\/01\/Theater-450x150.jpg 450w, https:\/\/www.rwg-bayreuth.de\/home\/wp-content\/uploads\/2020\/01\/Theater-768x256.jpg 768w, https:\/\/www.rwg-bayreuth.de\/home\/wp-content\/uploads\/2020\/01\/Theater-250x83.jpg 250w\" sizes=\"(max-width: 1024px) 100vw, 1024px\" \/>\r\n\r\n&nbsp;\r\n<p>Ein umfangreiches Angebot an Theaterauff\u00fchrungen geh\u00f6rt zum festen Bestandteil der Aktivit\u00e4ten am RWG.<\/p>\r\n\r\n<h1>Schuljahr 2024-25<\/h1>\r\n\r\n\r\n\r\n\r\n<!--<a href=\"https:\/\/www.rwg-bayreuth.de\/home\/wp-content\/uploads\/2025\/03\/Theaterflyer-24-25-Web.pdf\"><img decoding=\"async\" src=\"https:\/\/www.rwg-bayreuth.de\/home\/wp-content\/uploads\/2025\/03\/Titelbild-Theaterflyer.jpg\" alt=\"\" width=\"300\"  style=\"max-width: 50%; min-width: 150px;\"  class=\"alignright size-medium wp-image-38261\" srcset=\"https:\/\/www.rwg-bayreuth.de\/home\/wp-content\/uploads\/2025\/03\/Titelbild-Theaterflyer.jpg 1024w, https:\/\/www.rwg-bayreuth.de\/home\/wp-content\/uploads\/2025\/03\/Titelbild-Theaterflyer-150x73.jpg 150w, https:\/\/www.rwg-bayreuth.de\/home\/wp-content\/uploads\/2025\/03\/Titelbild-Theaterflyer-450x219.jpg 450w, https:\/\/www.rwg-bayreuth.de\/home\/wp-content\/uploads\/2025\/03\/Titelbild-Theaterflyer-768x374.jpg 768w, https:\/\/www.rwg-bayreuth.de\/home\/wp-content\/uploads\/2025\/03\/Titelbild-Theaterflyer-250x122.jpg 250w\" sizes=\"(max-width: 1024px) 100vw, 1024px\" \/><\/a>\r\n\r\n\r\n<h3>Schuljahr 2024-25<\/h3>\r\n\r\n<p><a href=\"https:\/\/www.rwg-bayreuth.de\/home\/wp-content\/uploads\/2025\/03\/Theaterflyer-24-25-Web.pdf\">[zum Theaterflyer 2024-25]<\/a><\/p>\r\n\r\n\r\n--><!--\r\n[su_expand class=\"RWG clear\" more_text=\"Inhalte zur Spielzeit 2024-25 einblenden\" less_text=\"Inhalte zur Spielzeit 2024-25 ausblenden\" hide_less=\"no\" more-icon=\"icon:chevron\" less-icon=\"icon:chevron\" height=\"0\" text_color=\"#1a1a1a\" link_color=\"#636363\" link_align=\"left\"]\r\n-->\r\n\r\n<div class=\"RWGrahmen\"><div class=\"su-image-carousel  su-image-carousel-columns-4 su-image-carousel-has-lightbox su-image-carousel-has-outline su-image-carousel-adaptive su-image-carousel-slides-style-minimal su-image-carousel-controls-style-light su-image-carousel-align-none\" style=\"\" data-flickity-options='{\"groupCells\":true,\"cellSelector\":\".su-image-carousel-item\",\"adaptiveHeight\":true,\"cellAlign\":\"left\",\"prevNextButtons\":false,\"pageDots\":false,\"autoPlay\":4000,\"imagesLoaded\":true,\"contain\":false,\"selectedAttraction\":0.025000000000000001,\"friction\":0.28000000000000003}' id=\"su_image_carousel_69f49a7715286\"><div class=\"su-image-carousel-item\"><div class=\"su-image-carousel-item-content\"><a href=\"https:\/\/www.rwg-bayreuth.de\/home\/wp-content\/uploads\/2025\/03\/Plakate-web_1.jpg\" data-caption=\"\"><img loading=\"lazy\" decoding=\"async\" width=\"724\" height=\"1024\" src=\"https:\/\/www.rwg-bayreuth.de\/home\/wp-content\/uploads\/2025\/03\/Plakate-web_1-724x1024.jpg\" class=\"\" alt=\"\" srcset=\"https:\/\/www.rwg-bayreuth.de\/home\/wp-content\/uploads\/2025\/03\/Plakate-web_1-724x1024.jpg 724w, https:\/\/www.rwg-bayreuth.de\/home\/wp-content\/uploads\/2025\/03\/Plakate-web_1-1086x1536.jpg 1086w, https:\/\/www.rwg-bayreuth.de\/home\/wp-content\/uploads\/2025\/03\/Plakate-web_1-1448x2048.jpg 1448w, https:\/\/www.rwg-bayreuth.de\/home\/wp-content\/uploads\/2025\/03\/Plakate-web_1-106x150.jpg 106w, https:\/\/www.rwg-bayreuth.de\/home\/wp-content\/uploads\/2025\/03\/Plakate-web_1-318x450.jpg 318w, https:\/\/www.rwg-bayreuth.de\/home\/wp-content\/uploads\/2025\/03\/Plakate-web_1-768x1086.jpg 768w, https:\/\/www.rwg-bayreuth.de\/home\/wp-content\/uploads\/2025\/03\/Plakate-web_1-250x354.jpg 250w, https:\/\/www.rwg-bayreuth.de\/home\/wp-content\/uploads\/2025\/03\/Plakate-web_1.jpg 1754w\" sizes=\"(max-width: 724px) 100vw, 724px\" \/><\/a><\/div><\/div><div class=\"su-image-carousel-item\"><div class=\"su-image-carousel-item-content\"><a href=\"https:\/\/www.rwg-bayreuth.de\/home\/wp-content\/uploads\/2025\/03\/Plakate-web_2.jpg\" data-caption=\"\"><img loading=\"lazy\" decoding=\"async\" width=\"724\" height=\"1024\" src=\"https:\/\/www.rwg-bayreuth.de\/home\/wp-content\/uploads\/2025\/03\/Plakate-web_2-724x1024.jpg\" class=\"\" alt=\"\" srcset=\"https:\/\/www.rwg-bayreuth.de\/home\/wp-content\/uploads\/2025\/03\/Plakate-web_2-724x1024.jpg 724w, https:\/\/www.rwg-bayreuth.de\/home\/wp-content\/uploads\/2025\/03\/Plakate-web_2-1086x1536.jpg 1086w, https:\/\/www.rwg-bayreuth.de\/home\/wp-content\/uploads\/2025\/03\/Plakate-web_2-1448x2048.jpg 1448w, https:\/\/www.rwg-bayreuth.de\/home\/wp-content\/uploads\/2025\/03\/Plakate-web_2-106x150.jpg 106w, https:\/\/www.rwg-bayreuth.de\/home\/wp-content\/uploads\/2025\/03\/Plakate-web_2-318x450.jpg 318w, https:\/\/www.rwg-bayreuth.de\/home\/wp-content\/uploads\/2025\/03\/Plakate-web_2-768x1086.jpg 768w, https:\/\/www.rwg-bayreuth.de\/home\/wp-content\/uploads\/2025\/03\/Plakate-web_2-250x354.jpg 250w, https:\/\/www.rwg-bayreuth.de\/home\/wp-content\/uploads\/2025\/03\/Plakate-web_2.jpg 1754w\" sizes=\"(max-width: 724px) 100vw, 724px\" \/><\/a><\/div><\/div><div class=\"su-image-carousel-item\"><div class=\"su-image-carousel-item-content\"><a href=\"https:\/\/www.rwg-bayreuth.de\/home\/wp-content\/uploads\/2025\/03\/Plakate-web_3.jpg\" data-caption=\"\"><img loading=\"lazy\" decoding=\"async\" width=\"724\" height=\"1024\" src=\"https:\/\/www.rwg-bayreuth.de\/home\/wp-content\/uploads\/2025\/03\/Plakate-web_3-724x1024.jpg\" class=\"\" alt=\"\" srcset=\"https:\/\/www.rwg-bayreuth.de\/home\/wp-content\/uploads\/2025\/03\/Plakate-web_3-724x1024.jpg 724w, https:\/\/www.rwg-bayreuth.de\/home\/wp-content\/uploads\/2025\/03\/Plakate-web_3-1086x1536.jpg 1086w, https:\/\/www.rwg-bayreuth.de\/home\/wp-content\/uploads\/2025\/03\/Plakate-web_3-1448x2048.jpg 1448w, https:\/\/www.rwg-bayreuth.de\/home\/wp-content\/uploads\/2025\/03\/Plakate-web_3-106x150.jpg 106w, https:\/\/www.rwg-bayreuth.de\/home\/wp-content\/uploads\/2025\/03\/Plakate-web_3-318x450.jpg 318w, https:\/\/www.rwg-bayreuth.de\/home\/wp-content\/uploads\/2025\/03\/Plakate-web_3-768x1086.jpg 768w, https:\/\/www.rwg-bayreuth.de\/home\/wp-content\/uploads\/2025\/03\/Plakate-web_3-250x354.jpg 250w, https:\/\/www.rwg-bayreuth.de\/home\/wp-content\/uploads\/2025\/03\/Plakate-web_3.jpg 1754w\" sizes=\"(max-width: 724px) 100vw, 724px\" \/><\/a><\/div><\/div><div class=\"su-image-carousel-item\"><div class=\"su-image-carousel-item-content\"><a href=\"https:\/\/www.rwg-bayreuth.de\/home\/wp-content\/uploads\/2025\/03\/Plakate-web_4.jpg\" data-caption=\"\"><img loading=\"lazy\" decoding=\"async\" width=\"724\" height=\"1024\" src=\"https:\/\/www.rwg-bayreuth.de\/home\/wp-content\/uploads\/2025\/03\/Plakate-web_4-724x1024.jpg\" class=\"\" alt=\"\" srcset=\"https:\/\/www.rwg-bayreuth.de\/home\/wp-content\/uploads\/2025\/03\/Plakate-web_4-724x1024.jpg 724w, https:\/\/www.rwg-bayreuth.de\/home\/wp-content\/uploads\/2025\/03\/Plakate-web_4-1086x1536.jpg 1086w, https:\/\/www.rwg-bayreuth.de\/home\/wp-content\/uploads\/2025\/03\/Plakate-web_4-1448x2048.jpg 1448w, https:\/\/www.rwg-bayreuth.de\/home\/wp-content\/uploads\/2025\/03\/Plakate-web_4-106x150.jpg 106w, https:\/\/www.rwg-bayreuth.de\/home\/wp-content\/uploads\/2025\/03\/Plakate-web_4-318x450.jpg 318w, https:\/\/www.rwg-bayreuth.de\/home\/wp-content\/uploads\/2025\/03\/Plakate-web_4-768x1086.jpg 768w, https:\/\/www.rwg-bayreuth.de\/home\/wp-content\/uploads\/2025\/03\/Plakate-web_4-250x354.jpg 250w, https:\/\/www.rwg-bayreuth.de\/home\/wp-content\/uploads\/2025\/03\/Plakate-web_4.jpg 1754w\" sizes=\"(max-width: 724px) 100vw, 724px\" \/><\/a><\/div><\/div><\/div><script id=\"su_image_carousel_69f49a7715286_script\">if(window.SUImageCarousel){setTimeout(function() {window.SUImageCarousel.initGallery(document.getElementById(\"su_image_carousel_69f49a7715286\"))}, 0);}var su_image_carousel_69f49a7715286_script=document.getElementById(\"su_image_carousel_69f49a7715286_script\");if(su_image_carousel_69f49a7715286_script){su_image_carousel_69f49a7715286_script.parentNode.removeChild(su_image_carousel_69f49a7715286_script);}<\/script><\/div>\r\n\r\n&nbsp;\r\n\r\n<h3>Theaterflyer<\/h3>\r\n<div class=\"pdfContainer\" >\r\n\r\n<\/div>\r\n\r\n\r\n\r\n\r\n&nbsp;\r\n\r\n<!--\r\n<h3 class=\"clear\">Theaterberichte<\/h3>\r\n<div style=\"max-width: 1000px;\">\r\n[catlist tags=\"Theater\" template=templateRWG excerpt=yes after_year=2024 before_year=2026 thumbnail=yes posts_morelink=\"\" no_posts_text=\"Es wurden noch keine Theaterberichte ver\u00f6ffentlicht.\"]\r\n<\/div>\r\n--><!--\r\n\r\n[\/su_expand]\r\n\r\n\r\n-->\r\n\r\n\r\n\r\n<h1 style=\"margin-top: 50px\">Aus den vergangenen Spielzeiten<\/h1>\r\n<hr style=\"margin: 0pt; padding: 0pt;\" \/>\r\n\r\n\r\n\r\n\r\n\r\n<!--  BEGINN vergangene Spielzeiten  -->\r\n\r\n\r\n\r\n\r\n\r\n\r\n\r\n\r\n\r\n\r\n\r\n\r\n\r\n\r\n\r\n\r\n\r\n\r\n\r\n\r\n\r\n\r\n\r\n\r\n\r\n\r\n\r\n\r\n\r\n\r\n\r\n\r\n<a href=\"https:\/\/www.rwg-bayreuth.de\/home\/wp-content\/uploads\/2024\/01\/Theaterflyer-23-24-Web3.pdf\"><img decoding=\"async\" src=\"https:\/\/www.rwg-bayreuth.de\/home\/wp-content\/uploads\/2025\/03\/Titelbild-Theaterflyer-23-24.jpg\" alt=\"\" width=\"300\"  style=\"max-width: 50%; min-width: 150px;\"  class=\"alignright size-medium wp-image-38247\" srcset=\"https:\/\/www.rwg-bayreuth.de\/home\/wp-content\/uploads\/2025\/03\/Titelbild-Theaterflyer-23-24.jpg 1024w, https:\/\/www.rwg-bayreuth.de\/home\/wp-content\/uploads\/2025\/03\/Titelbild-Theaterflyer-23-24-150x71.jpg 150w, https:\/\/www.rwg-bayreuth.de\/home\/wp-content\/uploads\/2025\/03\/Titelbild-Theaterflyer-23-24-450x214.jpg 450w, https:\/\/www.rwg-bayreuth.de\/home\/wp-content\/uploads\/2025\/03\/Titelbild-Theaterflyer-23-24-768x365.jpg 768w, https:\/\/www.rwg-bayreuth.de\/home\/wp-content\/uploads\/2025\/03\/Titelbild-Theaterflyer-23-24-250x119.jpg 250w\" sizes=\"(max-width: 1024px) 100vw, 1024px\" \/><\/a>\r\n\r\n\r\n<h3>Schuljahr 2023-24<\/h3>\r\n\r\n<p><a href=\"https:\/\/www.rwg-bayreuth.de\/home\/wp-content\/uploads\/2024\/01\/Theaterflyer-23-24-Web3.pdf\">[zum Theaterflyer 2023-24]<\/a><\/p>\r\n\r\n<div class=\"su-expand su-expand-collapsed su-expand-link-style-default RWG clear\" data-height=\"0\"><div class=\"su-expand-content su-u-trim\" style=\"color:#1a1a1a;max-height:0px;overflow:hidden\">\r\n\r\n<div class=\"RWGrahmen\"><div class=\"su-image-carousel  su-image-carousel-columns-6 su-image-carousel-has-lightbox su-image-carousel-has-outline su-image-carousel-adaptive su-image-carousel-slides-style-minimal su-image-carousel-controls-style-light su-image-carousel-align-none\" data-flickity-options='{\"groupCells\":true,\"cellSelector\":\".su-image-carousel-item\",\"adaptiveHeight\":true,\"cellAlign\":\"left\",\"prevNextButtons\":false,\"pageDots\":false,\"autoPlay\":4000,\"imagesLoaded\":true,\"contain\":false,\"selectedAttraction\":0.025000000000000001,\"friction\":0.28000000000000003}' id=\"su_image_carousel_69f49a771585a\"><div class=\"su-image-carousel-item\"><div class=\"su-image-carousel-item-content\"><a href=\"https:\/\/www.rwg-bayreuth.de\/home\/wp-content\/uploads\/2024\/01\/1VerraeterischeGoldspur.jpg\" data-caption=\"\"><img loading=\"lazy\" decoding=\"async\" width=\"724\" height=\"1024\" src=\"https:\/\/www.rwg-bayreuth.de\/home\/wp-content\/uploads\/2024\/01\/1VerraeterischeGoldspur-724x1024.jpg\" class=\"\" alt=\"\" \/><\/a><\/div><\/div><div class=\"su-image-carousel-item\"><div class=\"su-image-carousel-item-content\"><a href=\"https:\/\/www.rwg-bayreuth.de\/home\/wp-content\/uploads\/2024\/01\/2WerHatDieSchoenstenSchaefchen.jpg\" data-caption=\"\"><img loading=\"lazy\" decoding=\"async\" width=\"724\" height=\"1024\" src=\"https:\/\/www.rwg-bayreuth.de\/home\/wp-content\/uploads\/2024\/01\/2WerHatDieSchoenstenSchaefchen-724x1024.jpg\" class=\"\" alt=\"\" \/><\/a><\/div><\/div><div class=\"su-image-carousel-item\"><div class=\"su-image-carousel-item-content\"><a href=\"https:\/\/www.rwg-bayreuth.de\/home\/wp-content\/uploads\/2024\/01\/3EsWarDieNachtigall.jpg\" data-caption=\"\"><img loading=\"lazy\" decoding=\"async\" width=\"724\" height=\"1024\" src=\"https:\/\/www.rwg-bayreuth.de\/home\/wp-content\/uploads\/2024\/01\/3EsWarDieNachtigall-724x1024.jpg\" class=\"\" alt=\"\" \/><\/a><\/div><\/div><div class=\"su-image-carousel-item\"><div class=\"su-image-carousel-item-content\"><a href=\"https:\/\/www.rwg-bayreuth.de\/home\/wp-content\/uploads\/2024\/01\/4DieRoteZora.jpg\" data-caption=\"\"><img loading=\"lazy\" decoding=\"async\" width=\"724\" height=\"1024\" src=\"https:\/\/www.rwg-bayreuth.de\/home\/wp-content\/uploads\/2024\/01\/4DieRoteZora-724x1024.jpg\" class=\"\" alt=\"\" \/><\/a><\/div><\/div><div class=\"su-image-carousel-item\"><div class=\"su-image-carousel-item-content\"><a href=\"https:\/\/www.rwg-bayreuth.de\/home\/wp-content\/uploads\/2024\/01\/5ArsenUndSpitzenhaeubchen.jpg\" data-caption=\"\"><img loading=\"lazy\" decoding=\"async\" width=\"724\" height=\"1024\" src=\"https:\/\/www.rwg-bayreuth.de\/home\/wp-content\/uploads\/2024\/01\/5ArsenUndSpitzenhaeubchen-724x1024.jpg\" class=\"\" alt=\"\" \/><\/a><\/div><\/div><div class=\"su-image-carousel-item\"><div class=\"su-image-carousel-item-content\"><a href=\"https:\/\/www.rwg-bayreuth.de\/home\/wp-content\/uploads\/2024\/01\/6EinMordzumHauptgang.jpg\" data-caption=\"\"><img loading=\"lazy\" decoding=\"async\" width=\"724\" height=\"1024\" src=\"https:\/\/www.rwg-bayreuth.de\/home\/wp-content\/uploads\/2024\/01\/6EinMordzumHauptgang-724x1024.jpg\" class=\"\" alt=\"\" \/><\/a><\/div><\/div><\/div>if(window.SUImageCarousel){setTimeout(function() {window.SUImageCarousel.initGallery(document.getElementById(\"su_image_carousel_69f49a771585a\"))}, 0);}var su_image_carousel_69f49a771585a_script=document.getElementById(\"su_image_carousel_69f49a771585a_script\");if(su_image_carousel_69f49a771585a_script){su_image_carousel_69f49a771585a_script.parentNode.removeChild(su_image_carousel_69f49a771585a_script);}<\/div>\r\n\r\n<div class=\"pdfContainer\">\r\n\r\n<\/div>\r\n\r\n<p class=\"clear\">&nbsp;<\/p>\r\n\r\n&lt;!--\r\n\r\n<h2 class=\"clear\">Theaterberichte 2023-24<\/h2>\r\n\r\n<h3 class=\"clear\">Theaterberichte<\/h3>\r\n<div style=\"max-width: 1000px\">\r\n&#091;catlist tags=\"Theater\" template=templateRWG excerpt=yes after_year=2023 before_year=2025 thumbnail=yes posts_morelink=\"\" no_posts_text=\"Es wurden noch keine Theaterberichte ver\u00f6ffentlicht.\"&#093;\r\n<\/div>\r\n--&gt;\r\n\r\n\r\n<\/div><div class=\"su-expand-link su-expand-link-more\" style=\"text-align:left\"><a href=\"javascript:;\" style=\"color:#636363;border-color:#636363\"><span style=\"border-color:#636363\">Inhalte zur Spielzeit 2023-24 einblenden<\/span><\/a><\/div><div class=\"su-expand-link su-expand-link-less\" style=\"text-align:left\"><a href=\"javascript:;\" style=\"color:#636363;border-color:#636363\"><span style=\"border-color:#636363\">Inhalte zur Spielzeit 2023-24 ausblenden<\/span><\/a><\/div><\/div>\r\n\r\n<!--<hr \/>-->\r\n\r\n\r\n\r\n\r\n<!--  ENDE 2024  -->\r\n\r\n\r\n\r\n<div class=\"su-divider su-divider-style-default\" style=\"margin:0px 0;border-width:1px;border-color:#2b2b2b\"><a href=\"#\" style=\"color:#1b1b1b\">Nach oben<\/a><\/div>\r\n\r\n\r\n\r\n\r\n<a href=\"https:\/\/www.rwg-bayreuth.de\/home\/wp-content\/uploads\/2023\/02\/Theaterflyer-22-23-web.pdf\"><img decoding=\"async\" src=\"https:\/\/www.rwg-bayreuth.de\/home\/wp-content\/uploads\/2024\/01\/Titelbild-Theaterflyer-22-23-450x212.jpg\" alt=\"\" width=\"300\" style=\"max-width: 50%; min-width: 150px;\"  class=\"alignright size-medium wp-image-30307\" \/><\/a>\r\n\r\n<h3>Schuljahr 2022-23<\/h3>\r\n\r\n<p><a href=\"https:\/\/www.rwg-bayreuth.de\/home\/wp-content\/uploads\/2023\/02\/Theaterflyer-22-23-web.pdf\">[zum Theaterflyer 2022-23]<\/a><\/p>\r\n\r\n<div class=\"su-expand su-expand-collapsed su-expand-link-style-default RWG clear\" data-height=\"0\"><div class=\"su-expand-content su-u-trim\" style=\"color:#1a1a1a;max-height:0px;overflow:hidden\">\r\n\r\n<div class=\"RWGrahmen\"><div class=\"su-image-carousel  su-image-carousel-columns-4 su-image-carousel-has-lightbox su-image-carousel-has-outline su-image-carousel-adaptive su-image-carousel-slides-style-minimal su-image-carousel-controls-style-light su-image-carousel-align-none\" data-flickity-options='{\"groupCells\":true,\"cellSelector\":\".su-image-carousel-item\",\"adaptiveHeight\":true,\"cellAlign\":\"left\",\"prevNextButtons\":false,\"pageDots\":false,\"autoPlay\":4000,\"imagesLoaded\":true,\"contain\":false,\"selectedAttraction\":0.025000000000000001,\"friction\":0.28000000000000003}' id=\"su_image_carousel_69f49a7715e7b\"><div class=\"su-image-carousel-item\"><div class=\"su-image-carousel-item-content\"><a href=\"https:\/\/www.rwg-bayreuth.de\/home\/wp-content\/uploads\/2023\/02\/22-23-ZumTeufelMitDenGeistern.jpg\" data-caption=\"\"><img loading=\"lazy\" decoding=\"async\" width=\"724\" height=\"1024\" src=\"https:\/\/www.rwg-bayreuth.de\/home\/wp-content\/uploads\/2023\/02\/22-23-ZumTeufelMitDenGeistern-724x1024.jpg\" class=\"\" alt=\"\" \/><\/a><\/div><\/div><div class=\"su-image-carousel-item\"><div class=\"su-image-carousel-item-content\"><a href=\"https:\/\/www.rwg-bayreuth.de\/home\/wp-content\/uploads\/2023\/02\/22-23-AliceImWunderland.jpg\" data-caption=\"\"><img loading=\"lazy\" decoding=\"async\" width=\"724\" height=\"1024\" src=\"https:\/\/www.rwg-bayreuth.de\/home\/wp-content\/uploads\/2023\/02\/22-23-AliceImWunderland-724x1024.jpg\" class=\"\" alt=\"\" \/><\/a><\/div><\/div><div class=\"su-image-carousel-item\"><div class=\"su-image-carousel-item-content\"><a href=\"https:\/\/www.rwg-bayreuth.de\/home\/wp-content\/uploads\/2023\/02\/22-23-PeterPan.jpg\" data-caption=\"\"><img loading=\"lazy\" decoding=\"async\" width=\"725\" height=\"1024\" src=\"https:\/\/www.rwg-bayreuth.de\/home\/wp-content\/uploads\/2023\/02\/22-23-PeterPan-725x1024.jpg\" class=\"\" alt=\"\" \/><\/a><\/div><\/div><div class=\"su-image-carousel-item\"><div class=\"su-image-carousel-item-content\"><a href=\"https:\/\/www.rwg-bayreuth.de\/home\/wp-content\/uploads\/2023\/02\/22-23-LottesLaestigeLeichen.jpg\" data-caption=\"\"><img loading=\"lazy\" decoding=\"async\" width=\"724\" height=\"1024\" src=\"https:\/\/www.rwg-bayreuth.de\/home\/wp-content\/uploads\/2023\/02\/22-23-LottesLaestigeLeichen-724x1024.jpg\" class=\"\" alt=\"\" \/><\/a><\/div><\/div><\/div>if(window.SUImageCarousel){setTimeout(function() {window.SUImageCarousel.initGallery(document.getElementById(\"su_image_carousel_69f49a7715e7b\"))}, 0);}var su_image_carousel_69f49a7715e7b_script=document.getElementById(\"su_image_carousel_69f49a7715e7b_script\");if(su_image_carousel_69f49a7715e7b_script){su_image_carousel_69f49a7715e7b_script.parentNode.removeChild(su_image_carousel_69f49a7715e7b_script);}<\/div>\r\n\r\n\r\n<div class=\"pdfContainer\">\r\n\r\n<\/div>\r\n\r\n\r\n\r\n<p class=\"clear\">&nbsp;<\/p>\r\n\r\n&lt;!--\r\n\r\n<h2 class=\"clear\">Theaterberichte 2022-23<\/h2>\r\n<div style=\"max-width: 1000px\">\r\n&#091;catlist tags=\"Theater\" template=templateRWG excerpt=yes after_year=2022 before_year=2024 thumbnail=yes posts_morelink=\"\" no_posts_text=\"Es wurden noch keine Theaterberichte ver\u00f6ffentlicht.\"&#093;\r\n<\/div>\r\n--&gt;\r\n\r\n\r\n<\/div><div class=\"su-expand-link su-expand-link-more\" style=\"text-align:left\"><a href=\"javascript:;\" style=\"color:#636363;border-color:#636363\"><span style=\"border-color:#636363\">Inhalte zur Spielzeit 2022-23 einblenden<\/span><\/a><\/div><div class=\"su-expand-link su-expand-link-less\" style=\"text-align:left\"><a href=\"javascript:;\" style=\"color:#636363;border-color:#636363\"><span style=\"border-color:#636363\">Inhalte zur Spielzeit 2022-23 ausblenden<\/span><\/a><\/div><\/div>\r\n\r\n<!--<hr \/>-->\r\n\r\n\r\n\r\n\r\n<!--  ENDE 2023  -->\r\n\r\n\r\n\r\n\r\n\r\n\r\n<div class=\"su-divider su-divider-style-default\" style=\"margin:0px 0;border-width:1px;border-color:#2b2b2b\"><a href=\"#\" style=\"color:#1b1b1b\">Nach oben<\/a><\/div>\r\n\r\n\r\n\r\n\r\n\r\n\r\n\r\n\r\n\r\n\r\n\r\n\r\n\r\n\r\n\r\n\r\n\r\n\r\n\r\n\r\n\r\n\r\n\r\n\r\n\r\n\r\n\r\n\r\n\r\n\r\n\r\n\r\n<a href=\"https:\/\/www.rwg-bayreuth.de\/home\/wp-content\/uploads\/2022\/02\/Theaterflyer-21-22-web_.pdf\"><img decoding=\"async\" src=\"https:\/\/www.rwg-bayreuth.de\/home\/wp-content\/uploads\/2023\/02\/21-22-Theater-Flyer-Titelbild-450x213.jpg\" alt=\"\" width=\"300\" style=\"max-width: 50%; min-width: 150px;\"  class=\"alignright size-medium wp-image-30307\" \/><\/a>\r\n\r\n<h3>Schuljahr 2021-22<\/h3>\r\n\r\n<p><a href=\"https:\/\/www.rwg-bayreuth.de\/home\/wp-content\/uploads\/2022\/02\/Theaterflyer-21-22-web_.pdf\">[zum Theaterflyer 2021-22]<\/a><\/p>\r\n\r\n<div class=\"su-expand su-expand-collapsed su-expand-link-style-default RWG clear\" data-height=\"0\"><div class=\"su-expand-content su-u-trim\" style=\"color:#1a1a1a;max-height:0px;overflow:hidden\">\r\n\r\n<div class=\"RWGrahmen\"><div class=\"su-image-carousel  su-image-carousel-columns-5 su-image-carousel-has-lightbox su-image-carousel-has-outline su-image-carousel-adaptive su-image-carousel-slides-style-minimal su-image-carousel-controls-style-light su-image-carousel-align-none\" data-flickity-options='{\"groupCells\":true,\"cellSelector\":\".su-image-carousel-item\",\"adaptiveHeight\":true,\"cellAlign\":\"left\",\"prevNextButtons\":false,\"pageDots\":false,\"autoPlay\":4000,\"imagesLoaded\":true,\"contain\":false,\"selectedAttraction\":0.025000000000000001,\"friction\":0.28000000000000003}' id=\"su_image_carousel_69f49a77164b6\"><div class=\"su-image-carousel-item\"><div class=\"su-image-carousel-item-content\"><a href=\"https:\/\/www.rwg-bayreuth.de\/home\/wp-content\/uploads\/2022\/02\/21-22-Theater-Nibelungen.jpg\" data-caption=\"\"><img loading=\"lazy\" decoding=\"async\" width=\"724\" height=\"1024\" src=\"https:\/\/www.rwg-bayreuth.de\/home\/wp-content\/uploads\/2022\/02\/21-22-Theater-Nibelungen-724x1024.jpg\" class=\"\" alt=\"\" \/><\/a><\/div><\/div><div class=\"su-image-carousel-item\"><div class=\"su-image-carousel-item-content\"><a href=\"https:\/\/www.rwg-bayreuth.de\/home\/wp-content\/uploads\/2022\/02\/21-22-Theater-HerrDerDiebe.jpg\" data-caption=\"\"><img loading=\"lazy\" decoding=\"async\" width=\"724\" height=\"1024\" src=\"https:\/\/www.rwg-bayreuth.de\/home\/wp-content\/uploads\/2022\/02\/21-22-Theater-HerrDerDiebe-724x1024.jpg\" class=\"\" alt=\"\" \/><\/a><\/div><\/div><div class=\"su-image-carousel-item\"><div class=\"su-image-carousel-item-content\"><a href=\"https:\/\/www.rwg-bayreuth.de\/home\/wp-content\/uploads\/2022\/02\/21-22-Theater-Dinnerkrimi.jpg\" data-caption=\"\"><img loading=\"lazy\" decoding=\"async\" width=\"724\" height=\"1024\" src=\"https:\/\/www.rwg-bayreuth.de\/home\/wp-content\/uploads\/2022\/02\/21-22-Theater-Dinnerkrimi-724x1024.jpg\" class=\"\" alt=\"\" \/><\/a><\/div><\/div><div class=\"su-image-carousel-item\"><div class=\"su-image-carousel-item-content\"><a href=\"https:\/\/www.rwg-bayreuth.de\/home\/wp-content\/uploads\/2022\/02\/21-22-Theater-SchneewittchensKarriere.jpg\" data-caption=\"\"><img loading=\"lazy\" decoding=\"async\" width=\"724\" height=\"1024\" src=\"https:\/\/www.rwg-bayreuth.de\/home\/wp-content\/uploads\/2022\/02\/21-22-Theater-SchneewittchensKarriere-724x1024.jpg\" class=\"\" alt=\"\" \/><\/a><\/div><\/div><div class=\"su-image-carousel-item\"><div class=\"su-image-carousel-item-content\"><a href=\"https:\/\/www.rwg-bayreuth.de\/home\/wp-content\/uploads\/2022\/02\/21-22-Theater-MordUmMord.jpg\" data-caption=\"\"><img loading=\"lazy\" decoding=\"async\" width=\"724\" height=\"1024\" src=\"https:\/\/www.rwg-bayreuth.de\/home\/wp-content\/uploads\/2022\/02\/21-22-Theater-MordUmMord-724x1024.jpg\" class=\"\" alt=\"\" \/><\/a><\/div><\/div><\/div>if(window.SUImageCarousel){setTimeout(function() {window.SUImageCarousel.initGallery(document.getElementById(\"su_image_carousel_69f49a77164b6\"))}, 0);}var su_image_carousel_69f49a77164b6_script=document.getElementById(\"su_image_carousel_69f49a77164b6_script\");if(su_image_carousel_69f49a77164b6_script){su_image_carousel_69f49a77164b6_script.parentNode.removeChild(su_image_carousel_69f49a77164b6_script);}<\/div>\r\n\r\n<div class=\"pdfContainer\">\r\n\r\n<\/div>\r\n\r\n\r\n\r\n<p class=\"clear\">&nbsp;<\/p>\r\n\r\n\r\n<h2 class=\"clear\">Theaterberichte 2021-22<\/h2>\r\n<div style=\"max-width: 1000px\">\r\n<div class=\"rwg_post_list\"><article>\n \t\t<div class=\"entry-thumbnail fadein\"> \t\t\t<a href=\"https:\/\/www.rwg-bayreuth.de\/home\/?p=31430\"><img loading=\"lazy\" decoding=\"async\" width=\"1024\" height=\"683\" src=\"https:\/\/www.rwg-bayreuth.de\/home\/wp-content\/uploads\/2022\/06\/21-22-Theater-MordUmMord-B.jpg\" class=\"attachment-post-thumbnail size-post-thumbnail wp-post-image\" alt=\"\" \/><\/a> \t\t<\/div><!-- end .entry-thumbnail -->\n<div class=\"meta-main-wrap\">\n  <div class=\"\">\n    <header class=\"entry-header\">\n      <div class=\"entry-cats\">\n        <div class=\"kategorie\"><a href=\"https:\/\/www.rwg-bayreuth.de\/home\/?cat=1\" rel=\"category\">Schulleben<\/a><\/div>\n<div class=\"entry-edit\">      <div class=\"entry-date\">\n        <a href=\"https:\/\/www.rwg-bayreuth.de\/home\/?p=31430\">27. Juni 2022<\/a>\n      <\/div><\/div><!-- end .entry-date -->\n      <\/div><!-- end .entry-cats -->\n<h2 class=\"entry-title\"><a href=\"https:\/\/www.rwg-bayreuth.de\/home\/?p=31430\" rel=\"bookmark\">Einladung zur Theaterauff\u00fchrung<\/a><\/h2>\n    <\/header><!-- end .entry-header -->\n    <div class=\"entry-summary\">\n<h2>Mord um Mord \u2013 2.Akt, 4.Szene: Mord!<\/h2>\r\n\r\n<h5 style=\"margin-bottom:10pt\">Kriminalst\u00fcck von Wolfgang Binder<\/h5>\r\n\r\n<strong>Einladung zur Theaterauff\u00fchrung des Krimis gespielt von der Theatergruppe der 10.&nbsp;Jahrgangsstufe am 29.\/30.6.22 jeweils um 19.00&nbsp;Uhr in der Aula<\/strong>\n  <\/div><!-- .entry-summary -->\n  <\/div><!-- .entry-main -->\n<\/div><!-- .meta-main-wrap -->\n<\/article><!-- end post -31430 -->\n<article>\n \t\t<div class=\"entry-thumbnail fadein\"> \t\t\t<a href=\"https:\/\/www.rwg-bayreuth.de\/home\/?p=31438\"><img loading=\"lazy\" decoding=\"async\" width=\"1024\" height=\"682\" src=\"https:\/\/www.rwg-bayreuth.de\/home\/wp-content\/uploads\/2022\/07\/21-22-Theater-SchneewittchensKarriere.jpg\" class=\"attachment-post-thumbnail size-post-thumbnail wp-post-image\" alt=\"\" \/><\/a> \t\t<\/div><!-- end .entry-thumbnail -->\n<div class=\"meta-main-wrap\">\n  <div class=\"\">\n    <header class=\"entry-header\">\n      <div class=\"entry-cats\">\n        <div class=\"kategorie\"><a href=\"https:\/\/www.rwg-bayreuth.de\/home\/?cat=1\" rel=\"category\">Schulleben<\/a><\/div>\n<div class=\"entry-edit\">      <div class=\"entry-date\">\n        <a href=\"https:\/\/www.rwg-bayreuth.de\/home\/?p=31438\">27. Juni 2022<\/a>\n      <\/div><\/div><!-- end .entry-date -->\n      <\/div><!-- end .entry-cats -->\n<h2 class=\"entry-title\"><a href=\"https:\/\/www.rwg-bayreuth.de\/home\/?p=31438\" rel=\"bookmark\">Schneewittchens Karriere<\/a><\/h2>\n    <\/header><!-- end .entry-header -->\n    <div class=\"entry-summary\">\nSchneewittchens b\u00f6se Stiefmutter ist entsetzt: Die beiden Spiegel behaupten tats\u00e4chlich, dass Schneewittchen mehr Twitter-Followers und Facebook Freunde h\u00e4tte und genau 1000 Mal sch\u00f6ner sei als sie. Damit ist es klar: Schneewittchen muss weg! Doch der J\u00e4ger schafft es nicht sie zu ermorden und so flieht das M\u00e4dchen in eine M\u00e4dchen-WG am Rande der Gro\u00dfstadt. Frustriert&hellip;\n  <\/div><!-- .entry-summary -->\n  <\/div><!-- .entry-main -->\n<\/div><!-- .meta-main-wrap -->\n<\/article><!-- end post -31438 -->\n<article>\n \t\t<div class=\"entry-thumbnail fadein\"> \t\t\t<a href=\"https:\/\/www.rwg-bayreuth.de\/home\/?p=31425\"><img loading=\"lazy\" decoding=\"async\" width=\"1694\" height=\"1129\" src=\"https:\/\/www.rwg-bayreuth.de\/home\/wp-content\/uploads\/2022\/07\/21-22-Theater-HerrDerDiebe.jpg\" class=\"attachment-post-thumbnail size-post-thumbnail wp-post-image\" alt=\"\" \/><\/a> \t\t<\/div><!-- end .entry-thumbnail -->\n<div class=\"meta-main-wrap\">\n  <div class=\"\">\n    <header class=\"entry-header\">\n      <div class=\"entry-cats\">\n        <div class=\"kategorie\"><a href=\"https:\/\/www.rwg-bayreuth.de\/home\/?cat=1\" rel=\"category\">Schulleben<\/a><\/div>\n<div class=\"entry-edit\">      <div class=\"entry-date\">\n        <a href=\"https:\/\/www.rwg-bayreuth.de\/home\/?p=31425\">24. Juni 2022<\/a>\n      <\/div><\/div><!-- end .entry-date -->\n      <\/div><!-- end .entry-cats -->\n<h2 class=\"entry-title\"><a href=\"https:\/\/www.rwg-bayreuth.de\/home\/?p=31425\" rel=\"bookmark\">&#8222;Herr der Diebe&#8220;<\/a><\/h2>\n    <\/header><!-- end .entry-header -->\n    <div class=\"entry-summary\">\n(Theatergruppe der 7. Klassen) &nbsp; Der Zauber der Stadt Venedig findet Einzug in die Aula des RWG. Hier lebt und agiert Scipio, der Herr der Diebe und geheimnisvoller Anf\u00fchrer einer Kinderbande, die er mit dem Verkauf der Beute aus seinen Raubz\u00fcgen \u00fcber Wasser h\u00e4lt. Keiner der Kinder kennt seinen Namen, seine Herkunft. Er hat ihnen&hellip;\n  <\/div><!-- .entry-summary -->\n  <\/div><!-- .entry-main -->\n<\/div><!-- .meta-main-wrap -->\n<\/article><!-- end post -31425 -->\n<article>\n \t\t<div class=\"entry-thumbnail fadein\"> \t\t\t<a href=\"https:\/\/www.rwg-bayreuth.de\/home\/?p=31120\"><img loading=\"lazy\" decoding=\"async\" width=\"1024\" height=\"683\" src=\"https:\/\/www.rwg-bayreuth.de\/home\/wp-content\/uploads\/2022\/04\/21-22-AuffuehrungNibelungen-B.jpg\" class=\"attachment-post-thumbnail size-post-thumbnail wp-post-image\" alt=\"\" \/><\/a> \t\t<\/div><!-- end .entry-thumbnail -->\n<div class=\"meta-main-wrap\">\n  <div class=\"\">\n    <header class=\"entry-header\">\n      <div class=\"entry-cats\">\n        <div class=\"kategorie\"><a href=\"https:\/\/www.rwg-bayreuth.de\/home\/?cat=1\" rel=\"category\">Schulleben<\/a><\/div>\n<div class=\"entry-edit\">      <div class=\"entry-date\">\n        <a href=\"https:\/\/www.rwg-bayreuth.de\/home\/?p=31120\">5. Mai 2022<\/a>\n      <\/div><\/div><!-- end .entry-date -->\n      <\/div><!-- end .entry-cats -->\n<h2 class=\"entry-title\"><a href=\"https:\/\/www.rwg-bayreuth.de\/home\/?p=31120\" rel=\"bookmark\">Theaterauff\u00fchrung: Die Nibelungen- eine Gaunerkom\u00f6die<\/a><\/h2>\n    <\/header><!-- end .entry-header -->\n    <div class=\"entry-summary\">\nIm Odenwald treiben drei heitere Hexen ihr Unwesen und versuchen \u00fcber allerlei Tricks sich einen gro\u00dfen Schatz zu ergaunern. Hierbei geht ihnen der bekannte Ritter Dietrich von Bern auf den Leim. Sie nehmen seine Identit\u00e4t an und gehen als Dietrich von Bern, Knappe und Zofe an den Wormser Hof und geraten hier mitten hinein in&hellip;\n  <\/div><!-- .entry-summary -->\n  <\/div><!-- .entry-main -->\n<\/div><!-- .meta-main-wrap -->\n<\/article><!-- end post -31120 -->\n<article>\n \t\t<div class=\"entry-thumbnail fadein\"> \t\t\t<a href=\"https:\/\/www.rwg-bayreuth.de\/home\/?p=30293\"><img loading=\"lazy\" decoding=\"async\" width=\"1024\" height=\"683\" src=\"https:\/\/www.rwg-bayreuth.de\/home\/wp-content\/uploads\/2022\/01\/21-22-Theater-Dinnerkrimi-B.jpg\" class=\"attachment-post-thumbnail size-post-thumbnail wp-post-image\" alt=\"\" \/><\/a> \t\t<\/div><!-- end .entry-thumbnail -->\n<div class=\"meta-main-wrap\">\n  <div class=\"\">\n    <header class=\"entry-header\">\n      <div class=\"entry-cats\">\n        <div class=\"kategorie\"><a href=\"https:\/\/www.rwg-bayreuth.de\/home\/?cat=1\" rel=\"category\">Schulleben<\/a><\/div>\n<div class=\"entry-edit\">      <div class=\"entry-date\">\n        <a href=\"https:\/\/www.rwg-bayreuth.de\/home\/?p=30293\">14. Januar 2022<\/a>\n      <\/div><\/div><!-- end .entry-date -->\n      <\/div><!-- end .entry-cats -->\n<h2 class=\"entry-title\"><a href=\"https:\/\/www.rwg-bayreuth.de\/home\/?p=30293\" rel=\"bookmark\">Einladung zum Dinnerkrimi<\/a><\/h2>\n    <\/header><!-- end .entry-header -->\n    <div class=\"entry-summary\">\nKartenreservierung bitte unter: dinnerkrimi.rwg@gmail.com\r\n\r\n<h3>Zusammenfassung<\/h3>\r\nTheo, der Besitzer eines Grabsteinimperiums, l\u00e4dt seine gesamte Familie zu einem Dinner in das Hotel \u201eAusblick\u201c, gef\u00fchrt von Alba und Susanne ein, um ihnen dort bekannt zu geben, dass er seine Geliebte, Rhea, heiraten und mit ihr sein restliches Leben in der Karibik verbringen m\u00f6chte. Besonders Adelheid, seine langj\u00e4hrige Assistentin, &hellip;\r\n\n  <\/div><!-- .entry-summary -->\n  <\/div><!-- .entry-main -->\n<\/div><!-- .meta-main-wrap -->\n<\/article><!-- end post -30293 -->\n<\/div><!-- end .rwg_post_list -->\r\n<\/div>\r\n\r\n\r\n<\/div><div class=\"su-expand-link su-expand-link-more\" style=\"text-align:left\"><a href=\"javascript:;\" style=\"color:#636363;border-color:#636363\"><span style=\"border-color:#636363\">Inhalte zur Spielzeit 2021-22 einblenden<\/span><\/a><\/div><div class=\"su-expand-link su-expand-link-less\" style=\"text-align:left\"><a href=\"javascript:;\" style=\"color:#636363;border-color:#636363\"><span style=\"border-color:#636363\">Inhalte zur Spielzeit 2021-22 ausblenden<\/span><\/a><\/div><\/div>\r\n\r\n<!--<hr \/>-->\r\n\r\n\r\n\r\n\r\n<!--  ENDE 2022  -->\r\n\r\n\r\n\r\n\r\n\r\n\r\n<div class=\"su-divider su-divider-style-default\" style=\"margin:0px 0;border-width:1px;border-color:#2b2b2b\"><a href=\"#\" style=\"color:#1b1b1b\">Nach oben<\/a><\/div>\r\n\r\n\r\n\r\n\r\n\r\n\r\n\r\n\r\n\r\n\r\n\r\n\r\n\r\n\r\n\r\n\r\n\r\n\r\n\r\n\r\n\r\n\r\n\r\n\r\n\r\n\r\n\r\n\r\n\r\n<a href=\"https:\/\/www.rwg-bayreuth.de\/home\/wp-content\/uploads\/2021\/03\/Theaterflyer-20-21-digiKlein.pdf\"><img decoding=\"async\" src=\"https:\/\/www.rwg-bayreuth.de\/home\/wp-content\/uploads\/2022\/01\/Theater-Flyer-Titelbild-2021-450x213.jpg\" alt=\"\" width=\"300\" style=\"max-width: 50%; min-width: 150px;\"  class=\"alignright size-medium wp-image-30307\" srcset=\"https:\/\/www.rwg-bayreuth.de\/home\/wp-content\/uploads\/2022\/01\/Theater-Flyer-Titelbild-2021-450x213.jpg 450w, https:\/\/www.rwg-bayreuth.de\/home\/wp-content\/uploads\/2022\/01\/Theater-Flyer-Titelbild-2021-768x363.jpg 768w, https:\/\/www.rwg-bayreuth.de\/home\/wp-content\/uploads\/2022\/01\/Theater-Flyer-Titelbild-2021-250x118.jpg 250w, https:\/\/www.rwg-bayreuth.de\/home\/wp-content\/uploads\/2022\/01\/Theater-Flyer-Titelbild-2021.jpg 1024w\" sizes=\"(max-width: 450px) 100vw, 450px\" \/><\/a>\r\n\r\n<h3>Schuljahr 2020-21<\/h3>\r\n\r\n<p><a href=\"https:\/\/www.rwg-bayreuth.de\/home\/wp-content\/uploads\/2021\/03\/Theaterflyer-20-21-digiKlein.pdf\">[zum Theaterflyer 2020-21]<\/a><\/p>\r\n\r\n<div class=\"su-expand su-expand-collapsed su-expand-link-style-default RWG clear\" data-height=\"0\"><div class=\"su-expand-content su-u-trim\" style=\"color:#1a1a1a;max-height:0px;overflow:hidden\">\r\n\r\n<div class=\"RWGrahmen\"><div class=\"su-image-carousel  su-image-carousel-columns-5 su-image-carousel-has-lightbox su-image-carousel-has-outline su-image-carousel-adaptive su-image-carousel-slides-style-minimal su-image-carousel-controls-style-light su-image-carousel-align-none\" data-flickity-options='{\"groupCells\":true,\"cellSelector\":\".su-image-carousel-item\",\"adaptiveHeight\":true,\"cellAlign\":\"left\",\"prevNextButtons\":false,\"pageDots\":false,\"autoPlay\":4000,\"imagesLoaded\":true,\"contain\":false,\"selectedAttraction\":0.025000000000000001,\"friction\":0.28000000000000003}' id=\"su_image_carousel_69f49a77183ca\"><div class=\"su-image-carousel-item\"><div class=\"su-image-carousel-item-content\"><a href=\"https:\/\/www.rwg-bayreuth.de\/home\/wp-content\/uploads\/2021\/03\/20-21-Theater-MordUmMord.jpg\" data-caption=\"\"><img loading=\"lazy\" decoding=\"async\" width=\"724\" height=\"1024\" src=\"https:\/\/www.rwg-bayreuth.de\/home\/wp-content\/uploads\/2021\/03\/20-21-Theater-MordUmMord-724x1024.jpg\" class=\"\" alt=\"\" \/><\/a><\/div><\/div><div class=\"su-image-carousel-item\"><div class=\"su-image-carousel-item-content\"><a href=\"https:\/\/www.rwg-bayreuth.de\/home\/wp-content\/uploads\/2021\/03\/20-21-Theater-Halbpension.jpg\" data-caption=\"\"><img loading=\"lazy\" decoding=\"async\" width=\"724\" height=\"1024\" src=\"https:\/\/www.rwg-bayreuth.de\/home\/wp-content\/uploads\/2021\/03\/20-21-Theater-Halbpension-724x1024.jpg\" class=\"\" alt=\"\" \/><\/a><\/div><\/div><div class=\"su-image-carousel-item\"><div class=\"su-image-carousel-item-content\"><a href=\"https:\/\/www.rwg-bayreuth.de\/home\/wp-content\/uploads\/2021\/03\/20-21-Theater-Nibelungen.jpg\" data-caption=\"\"><img loading=\"lazy\" decoding=\"async\" width=\"724\" height=\"1024\" src=\"https:\/\/www.rwg-bayreuth.de\/home\/wp-content\/uploads\/2021\/03\/20-21-Theater-Nibelungen-724x1024.jpg\" class=\"\" alt=\"\" \/><\/a><\/div><\/div><div class=\"su-image-carousel-item\"><div class=\"su-image-carousel-item-content\"><a href=\"https:\/\/www.rwg-bayreuth.de\/home\/wp-content\/uploads\/2021\/03\/20-21-Theater-Maerchenpromis.jpg\" data-caption=\"\"><img loading=\"lazy\" decoding=\"async\" width=\"724\" height=\"1024\" src=\"https:\/\/www.rwg-bayreuth.de\/home\/wp-content\/uploads\/2021\/03\/20-21-Theater-Maerchenpromis-724x1024.jpg\" class=\"\" alt=\"\" \/><\/a><\/div><\/div><div class=\"su-image-carousel-item\"><div class=\"su-image-carousel-item-content\"><a href=\"https:\/\/www.rwg-bayreuth.de\/home\/wp-content\/uploads\/2021\/03\/20-21-Theater-Sandmann.jpg\" data-caption=\"\"><img loading=\"lazy\" decoding=\"async\" width=\"724\" height=\"1024\" src=\"https:\/\/www.rwg-bayreuth.de\/home\/wp-content\/uploads\/2021\/03\/20-21-Theater-Sandmann-724x1024.jpg\" class=\"\" alt=\"\" \/><\/a><\/div><\/div><\/div>if(window.SUImageCarousel){setTimeout(function() {window.SUImageCarousel.initGallery(document.getElementById(\"su_image_carousel_69f49a77183ca\"))}, 0);}var su_image_carousel_69f49a77183ca_script=document.getElementById(\"su_image_carousel_69f49a77183ca_script\");if(su_image_carousel_69f49a77183ca_script){su_image_carousel_69f49a77183ca_script.parentNode.removeChild(su_image_carousel_69f49a77183ca_script);}<\/div>\r\n\r\n<div class=\"pdfContainer\">\r\n\r\n<\/div>\r\n\r\n<!--\r\n\r\n&#091;su_document url=\"https:\/\/www.rwg-bayreuth.de\/home\/wp-content\/uploads\/2020\/01\/Theaterflyer-2020-web.pdf\"  height=\"960\" title=\"RWG Theater-Flyer\"&#093;\r\n\r\n-->\r\n\r\n<p class=\"clear\">&nbsp;<\/p>\r\n\r\n\r\n<h2 class=\"clear\">Theaterberichte 2020-21<\/h2>\r\n<div style=\"max-width: 1000px\">\r\n<div class=\"rwg_post_list\"><\/div><!-- end .rwg_post_list -->\r\n<\/div>\r\n\r\n\r\n\r\n<\/div><div class=\"su-expand-link su-expand-link-more\" style=\"text-align:left\"><a href=\"javascript:;\" style=\"color:#636363;border-color:#636363\"><span style=\"border-color:#636363\">Inhalte zur Spielzeit 2020-21 einblenden<\/span><\/a><\/div><div class=\"su-expand-link su-expand-link-less\" style=\"text-align:left\"><a href=\"javascript:;\" style=\"color:#636363;border-color:#636363\"><span style=\"border-color:#636363\">Inhalte zur Spielzeit 2020-21 ausblenden<\/span><\/a><\/div><\/div>\r\n\r\n<!--<hr \/>-->\r\n\r\n\r\n<!--  ENDE 2021  -->\r\n\r\n\r\n\r\n\r\n\r\n\r\n<div class=\"su-divider su-divider-style-default\" style=\"margin:0px 0;border-width:1px;border-color:#2b2b2b\"><a href=\"#\" style=\"color:#1b1b1b\">Nach oben<\/a><\/div>\r\n\r\n\r\n\r\n<a href=\"https:\/\/www.rwg-bayreuth.de\/home\/wp-content\/uploads\/2020\/01\/Theaterflyer-2020-web.pdf\"><img decoding=\"async\" src=\"https:\/\/www.rwg-bayreuth.de\/home\/wp-content\/uploads\/2020\/01\/Theater-Flyer-Titelbild-2020-450x212.jpg\" alt=\"\"  width=\"300\" style=\"max-width: 50%; min-width: 150px;\"  class=\"alignright size-medium wp-image-23728\" srcset=\"https:\/\/www.rwg-bayreuth.de\/home\/wp-content\/uploads\/2020\/01\/Theater-Flyer-Titelbild-2020-450x212.jpg 450w, https:\/\/www.rwg-bayreuth.de\/home\/wp-content\/uploads\/2020\/01\/Theater-Flyer-Titelbild-2020-768x362.jpg 768w, https:\/\/www.rwg-bayreuth.de\/home\/wp-content\/uploads\/2020\/01\/Theater-Flyer-Titelbild-2020-250x118.jpg 250w, https:\/\/www.rwg-bayreuth.de\/home\/wp-content\/uploads\/2020\/01\/Theater-Flyer-Titelbild-2020.jpg 1024w\" sizes=\"(max-width: 450px) 100vw, 450px\" \/><\/a>\r\n\r\n<h3>Schuljahr 2019-20<\/h3>\r\n\r\n<p><a href=\"https:\/\/www.rwg-bayreuth.de\/home\/wp-content\/uploads\/2020\/01\/Theaterflyer-2020-web.pdf\">[zum Theaterflyer 2019-20]<\/a><\/p>\r\n\r\n<div class=\"su-expand su-expand-collapsed su-expand-link-style-default RWG clear\" data-height=\"0\"><div class=\"su-expand-content su-u-trim\" style=\"color:#1a1a1a;max-height:0px;overflow:hidden\">\r\n\r\n\r\n\r\n<div class=\"pdfContainer\">\r\n\r\n<\/div>\r\n\r\n<!--\r\n\r\n&#091;su_document url=\"https:\/\/www.rwg-bayreuth.de\/home\/wp-content\/uploads\/2020\/01\/Theaterflyer-2020-web.pdf\"  height=\"960\" title=\"RWG Theater-Flyer\"&#093;\r\n\r\n-->\r\n\r\n<p class=\"clear\">&nbsp;<\/p>\r\n\r\n\r\n<h2 class=\"clear\">Theaterberichte 2019-20<\/h2>\r\n<div style=\"max-width: 1000px\">\r\n<div class=\"rwg_post_list\"><article>\n \t\t<div class=\"entry-thumbnail fadein\"> \t\t\t<a href=\"https:\/\/www.rwg-bayreuth.de\/home\/?p=24906\"><img loading=\"lazy\" decoding=\"async\" width=\"663\" height=\"442\" src=\"https:\/\/www.rwg-bayreuth.de\/home\/wp-content\/uploads\/2020\/03\/M\u00f6rderische-Zahlenspur-B.jpg\" class=\"attachment-post-thumbnail size-post-thumbnail wp-post-image\" alt=\"\" \/><\/a> \t\t<\/div><!-- end .entry-thumbnail -->\n<div class=\"meta-main-wrap\">\n  <div class=\"\">\n    <header class=\"entry-header\">\n      <div class=\"entry-cats\">\n        <div class=\"kategorie\"><a href=\"https:\/\/www.rwg-bayreuth.de\/home\/?cat=1\" rel=\"category\">Schulleben<\/a><\/div>\n<div class=\"entry-edit\">      <div class=\"entry-date\">\n        <a href=\"https:\/\/www.rwg-bayreuth.de\/home\/?p=24906\">26. M\u00e4rz 2020<\/a>\n      <\/div><\/div><!-- end .entry-date -->\n      <\/div><!-- end .entry-cats -->\n<h2 class=\"entry-title\"><a href=\"https:\/\/www.rwg-bayreuth.de\/home\/?p=24906\" rel=\"bookmark\">Wieder steht das RWG im Mittelpunkt einer spannenden Kriminalhandlung<\/a><\/h2>\n    <\/header><!-- end .entry-header -->\n    <div class=\"entry-summary\">\n&#8222;Die Worte erf\u00fcllten den Platz und lie\u00dfen in ihrem Widerhall keinen Zweifel dar\u00fcber zu, dass hier ein Urteil gesprochen wurde, das schon viele Menschen in vielen Jahrhunderten zu Opfern gemacht hatte und dem unerbittlich eine Konsequenz folgen musste. Lisa, Lena und Tanja waren atemlos und v\u00f6llig gebannt vor Entsetzen\u2026&#8220; Die Freundinnen Lisa, Lena und Tanja,&hellip;\n  <\/div><!-- .entry-summary -->\n  <\/div><!-- .entry-main -->\n<\/div><!-- .meta-main-wrap -->\n<\/article><!-- end post -24906 -->\n<article>\n \t\t<div class=\"entry-thumbnail fadein\"> \t\t\t<a href=\"https:\/\/www.rwg-bayreuth.de\/home\/?p=24194\"><img loading=\"lazy\" decoding=\"async\" width=\"1024\" height=\"682\" src=\"https:\/\/www.rwg-bayreuth.de\/home\/wp-content\/uploads\/2020\/02\/19-20-Theater-M\u00f6rderische-Zahlenspur-B\u00fchne.jpg\" class=\"attachment-post-thumbnail size-post-thumbnail wp-post-image\" alt=\"\" \/><\/a> \t\t<\/div><!-- end .entry-thumbnail -->\n<div class=\"meta-main-wrap\">\n  <div class=\"\">\n    <header class=\"entry-header\">\n      <div class=\"entry-cats\">\n        <div class=\"kategorie\"><a href=\"https:\/\/www.rwg-bayreuth.de\/home\/?cat=1\" rel=\"category\">Schulleben<\/a><\/div>\n<div class=\"entry-edit\">      <div class=\"entry-date\">\n        <a href=\"https:\/\/www.rwg-bayreuth.de\/home\/?p=24194\">1. Februar 2020<\/a>\n      <\/div><\/div><!-- end .entry-date -->\n      <\/div><!-- end .entry-cats -->\n<h2 class=\"entry-title\"><a href=\"https:\/\/www.rwg-bayreuth.de\/home\/?p=24194\" rel=\"bookmark\">Die &#8222;M\u00f6rderische Zahlenspur durch Oberfranken&#8220; f\u00fchrt ans RWG<\/a><\/h2>\n    <\/header><!-- end .entry-header -->\n    <div class=\"entry-summary\">\nWieder wird das RWG der Schauplatz eines spannenden Kriminalfalls. Die &#8222;m\u00f6rderische Zahlenspur durch Oberfranken&#8220; wurde am 22.\/23.\/24. Januar in der Aula des RWG uraufgef\u00fchrt. Nachdem die fiktive Kommissarin Doris Lech schon 2017 wegen eines Mordes am RWG vor 100 Jahren in der &#8222;Notenspur in Moll&#8220; an der Schule ermittelt hat, wird sie nun wieder am&hellip;\n  <\/div><!-- .entry-summary -->\n  <\/div><!-- .entry-main -->\n<\/div><!-- .meta-main-wrap -->\n<\/article><!-- end post -24194 -->\n<\/div><!-- end .rwg_post_list -->\r\n<\/div>\r\n\r\n\r\n\r\n<\/div><div class=\"su-expand-link su-expand-link-more\" style=\"text-align:left\"><a href=\"javascript:;\" style=\"color:#636363;border-color:#636363\"><span style=\"border-color:#636363\">Inhalte zur Spielzeit 2019-20 einblenden<\/span><\/a><\/div><div class=\"su-expand-link su-expand-link-less\" style=\"text-align:left\"><a href=\"javascript:;\" style=\"color:#636363;border-color:#636363\"><span style=\"border-color:#636363\">Inhalte zur Spielzeit 2019-20 ausblenden<\/span><\/a><\/div><\/div>\r\n\r\n<!--<hr \/>-->\r\n\r\n\r\n\r\n\r\n\r\n\r\n<div class=\"su-divider su-divider-style-default\" style=\"margin:0px 0;border-width:1px;border-color:#2b2b2b\"><a href=\"#\" style=\"color:#1b1b1b\">Nach oben<\/a><\/div>\r\n\r\n\r\n\r\n\r\n<a href=\"https:\/\/www.rwg-bayreuth.de\/home\/wp-content\/uploads\/2019\/02\/2019-Flyer-web.pdf\"><img decoding=\"async\" src=\"https:\/\/www.rwg-bayreuth.de\/home\/wp-content\/uploads\/2019\/02\/Flyer-Cover-1024-1.jpg\" alt=\"\"  width=\"300\" style=\"max-width: 50%; min-width: 150px;\" class=\"alignright size-full wp-image-23671\" \/><\/a>\r\n\r\n<h3>Schuljahr 2018-19<\/h3>\r\n\r\n\r\n<p><a href=\"https:\/\/www.rwg-bayreuth.de\/home\/wp-content\/uploads\/2019\/02\/2019-Flyer-web.pdf\">[zum Theaterflyer 2018-19]<\/a><\/p>\r\n\r\n\r\n<div class=\"su-expand su-expand-collapsed su-expand-link-style-default RWG clear\" data-height=\"0\"><div class=\"su-expand-content su-u-trim\" style=\"color:#1a1a1a;max-height:0px;overflow:hidden\">\r\n\r\n\r\n\r\n<p><strong>27. und 28.2.2019<\/strong><br \/>Baskerville &#8211; Sherlock Holmes&#8216; erster Fall &#8211; Krimi von Annika Scheffel<br \/>8. und 9. Klassen<br \/>19:00 Uhr &#8211; Aula des RWG &lt;!--<a href=\"https:\/\/www.rwg-bayreuth.de\/home\/?p=21227\"> &#091;zum Auff\u00fchrungsbericht...&#093;<\/a>--&gt;<\/p>\r\n\r\n\r\n\r\n<p><strong>27. und 28.3.2019<\/strong><br \/>Showndown in Sleepy Village &#8211; eine turbulente Westernparodie von Michael Pohlner<br \/>Profilfach Theater der Q11\/12<br \/>19:00 Uhr &#8211; Aula des RWG &lt;!--<a href=\"https:\/\/www.rwg-bayreuth.de\/home\/?p=21363\"> &#091;zum Auff\u00fchrungsbericht...&#093;<\/a>--&gt;<\/p>\r\n\r\n\r\n\r\n<p><strong>30.3.2019<\/strong><br \/>Showndown in Sleepy Village &#8211; eine turbulente Westernparodie von Michael Pohlner<br \/>Profilfach Theater der Q11\/12<br \/>19:00 Uhr &#8211; Reithalle der Montana-Ranch in Lindau bei Trabgast<\/p>\r\n\r\n\r\n\r\n<p><strong>10.4. und 11.4.2019<\/strong><br \/>Die famosen Vier und der lachende Heilige<br \/>Theatergruppe der 6. und 7. Klassen<br \/>19:00 Uhr &#8211; Aula des RWG<\/p>\r\n\r\n\r\n\r\n<p><strong>22. und 23.5.2019<\/strong><br \/>Adel verpachtet &#8211; eine Kom\u00f6die von Klaus Mitschke<br \/>Theatergruppe der Klasse 10b<br \/>19:00 Uhr &#8211; Aula des RWG<\/p>\r\n\r\n\r\n\r\n<p><strong>3. und 4.7.2019<\/strong><br \/>Romy und Julius im Bann des Ger\u00e4teschuppns<br \/>Theastergruppe der Klassen 10acde<br \/>19:00 Uhr &#8211; Aula des RWG<\/p>\r\n\r\n\r\n\r\n<p><strong>12.7.2019<\/strong><br \/>Ein Sommernachtstraum &#8211; nach Shakespeare<br \/>Profilfach Darstellendes Spiel der 5. Klassen<br \/>19:30 Uhr &#8211; Aula des RWG<\/p>\r\n\r\n\r\n<h2>Theaterberichte 2018-19<\/h2>\r\n<div style=\"max-width: 1000px\">\r\n<div class=\"rwg_post_list\"><article>\n \t\t<div class=\"entry-thumbnail fadein\"> \t\t\t<a href=\"https:\/\/www.rwg-bayreuth.de\/home\/?p=22310\"><img loading=\"lazy\" decoding=\"async\" width=\"1024\" height=\"678\" src=\"https:\/\/www.rwg-bayreuth.de\/home\/wp-content\/uploads\/2019\/07\/18-19-Theater-Bild_RJ2.jpg\" class=\"attachment-post-thumbnail size-post-thumbnail wp-post-image\" alt=\"\" \/><\/a> \t\t<\/div><!-- end .entry-thumbnail -->\n<div class=\"meta-main-wrap\">\n  <div class=\"\">\n    <header class=\"entry-header\">\n      <div class=\"entry-cats\">\n        <div class=\"kategorie\"><a href=\"https:\/\/www.rwg-bayreuth.de\/home\/?cat=1\" rel=\"category\">Schulleben<\/a><\/div>\n<div class=\"entry-edit\">      <div class=\"entry-date\">\n        <a href=\"https:\/\/www.rwg-bayreuth.de\/home\/?p=22310\">9. August 2019<\/a>\n      <\/div><\/div><!-- end .entry-date -->\n      <\/div><!-- end .entry-cats -->\n<h2 class=\"entry-title\"><a href=\"https:\/\/www.rwg-bayreuth.de\/home\/?p=22310\" rel=\"bookmark\">Drei Gauner, drei Erben und viele sterben&hellip;<\/a><\/h2>\n    <\/header><!-- end .entry-header -->\n    <div class=\"entry-summary\">\nDer Industrielle Viktor von B\u00e4renstein hat sich sein Verm\u00f6gen hart erarbeitet, in ein sehr edles Haus gesteckt und eine viel j\u00fcngere Frau geheiratet, die zwei faule Kinder mit in die Ehe gebracht hat. Gerade, nachdem er sein Testament ge\u00e4ndert hat, stirbt an einem Herzinfarkt. Wirklich betroffen von seinem Tod ist nur sein treuer Anwalt. Seine&hellip;\n  <\/div><!-- .entry-summary -->\n  <\/div><!-- .entry-main -->\n<\/div><!-- .meta-main-wrap -->\n<\/article><!-- end post -22310 -->\n<article>\n \t\t<div class=\"entry-thumbnail fadein\"> \t\t\t<a href=\"https:\/\/www.rwg-bayreuth.de\/home\/?p=22301\"><img loading=\"lazy\" decoding=\"async\" width=\"1024\" height=\"683\" src=\"https:\/\/www.rwg-bayreuth.de\/home\/wp-content\/uploads\/2019\/07\/18-19-Theater-Bild_S1-B.jpg\" class=\"attachment-post-thumbnail size-post-thumbnail wp-post-image\" alt=\"\" \/><\/a> \t\t<\/div><!-- end .entry-thumbnail -->\n<div class=\"meta-main-wrap\">\n  <div class=\"\">\n    <header class=\"entry-header\">\n      <div class=\"entry-cats\">\n        <div class=\"kategorie\"><a href=\"https:\/\/www.rwg-bayreuth.de\/home\/?cat=1\" rel=\"category\">Schulleben<\/a><\/div>\n<div class=\"entry-edit\">      <div class=\"entry-date\">\n        <a href=\"https:\/\/www.rwg-bayreuth.de\/home\/?p=22301\">26. Juli 2019<\/a>\n      <\/div><\/div><!-- end .entry-date -->\n      <\/div><!-- end .entry-cats -->\n<h2 class=\"entry-title\"><a href=\"https:\/\/www.rwg-bayreuth.de\/home\/?p=22301\" rel=\"bookmark\">Der Fr\u00fchsommer&shy;nachts&shy;traum &#8211; eine gerittene Variante des \u201eSommer&shy;nachtstraums\u201c<\/a><\/h2>\n    <\/header><!-- end .entry-header -->\n    <div class=\"entry-summary\">\nGemeinsam mit dem Waldherrn schweben 12 als Waldelfen verkleidete Sch\u00fclerinnen der Reit-AG in die ganz im Thema des Fr\u00fchsommernachtstraum dekorierte Reithalle in Lindau ein und beginnen zu dem Lied \u201eAvalon\u201c die Leuchtpois in einer von ihnen selbst entworfenen Choreographie zu schwingen. Das Publikum verfolgt diese, wie auch u.a. die Balletteinlage der T\u00e4nzerin Anna-Lena Holzbeierlein, die&hellip;\n  <\/div><!-- .entry-summary -->\n  <\/div><!-- .entry-main -->\n<\/div><!-- .meta-main-wrap -->\n<\/article><!-- end post -22301 -->\n<article>\n \t\t<div class=\"entry-thumbnail fadein\"> \t\t\t<a href=\"https:\/\/www.rwg-bayreuth.de\/home\/?p=22295\"><img loading=\"lazy\" decoding=\"async\" width=\"1024\" height=\"575\" src=\"https:\/\/www.rwg-bayreuth.de\/home\/wp-content\/uploads\/2019\/07\/18-19-Theatertage-Bild-3.jpg\" class=\"attachment-post-thumbnail size-post-thumbnail wp-post-image\" alt=\"\" \/><\/a> \t\t<\/div><!-- end .entry-thumbnail -->\n<div class=\"meta-main-wrap\">\n  <div class=\"\">\n    <header class=\"entry-header\">\n      <div class=\"entry-cats\">\n        <div class=\"kategorie\"><a href=\"https:\/\/www.rwg-bayreuth.de\/home\/?cat=1\" rel=\"category\">Schulleben<\/a><\/div>\n<div class=\"entry-edit\">      <div class=\"entry-date\">\n        <a href=\"https:\/\/www.rwg-bayreuth.de\/home\/?p=22295\">23. Juli 2019<\/a>\n      <\/div><\/div><!-- end .entry-date -->\n      <\/div><!-- end .entry-cats -->\n<h2 class=\"entry-title\"><a href=\"https:\/\/www.rwg-bayreuth.de\/home\/?p=22295\" rel=\"bookmark\">Sherlock Holmes er\u00f6ffnet die Theatertage!<\/a><\/h2>\n    <\/header><!-- end .entry-header -->\n    <div class=\"entry-summary\">\nIn diesem Jahr hatten die Sch\u00fclerInnen der Theatergruppe der 8. \/ 9. Klasse die Ehre, mit ihrer Auff\u00fchrung die 14. Bayreuther Schultheatertage er\u00f6ffnen zu d\u00fcrfen. Schon bevor der Vorhang aufging, konnte das Publikum einen Einblick in die Eingangshalle der Pension \u201eZum tanzenden Pony\u201c, die ganz im viktorianischen Stil gehalten war, werfen. Hier deuten ein flammender&hellip;\n  <\/div><!-- .entry-summary -->\n  <\/div><!-- .entry-main -->\n<\/div><!-- .meta-main-wrap -->\n<\/article><!-- end post -22295 -->\n<article>\n \t\t<div class=\"entry-thumbnail fadein\"> \t\t\t<a href=\"https:\/\/www.rwg-bayreuth.de\/home\/?p=22290\"><img loading=\"lazy\" decoding=\"async\" width=\"1024\" height=\"683\" src=\"https:\/\/www.rwg-bayreuth.de\/home\/wp-content\/uploads\/2019\/08\/18-19-Theater-Bild3-AdelVerpachtet-B.jpg\" class=\"attachment-post-thumbnail size-post-thumbnail wp-post-image\" alt=\"\" \/><\/a> \t\t<\/div><!-- end .entry-thumbnail -->\n<div class=\"meta-main-wrap\">\n  <div class=\"\">\n    <header class=\"entry-header\">\n      <div class=\"entry-cats\">\n        <div class=\"kategorie\"><a href=\"https:\/\/www.rwg-bayreuth.de\/home\/?cat=1\" rel=\"category\">Schulleben<\/a><\/div>\n<div class=\"entry-edit\">      <div class=\"entry-date\">\n        <a href=\"https:\/\/www.rwg-bayreuth.de\/home\/?p=22290\">15. Juni 2019<\/a>\n      <\/div><\/div><!-- end .entry-date -->\n      <\/div><!-- end .entry-cats -->\n<h2 class=\"entry-title\"><a href=\"https:\/\/www.rwg-bayreuth.de\/home\/?p=22290\" rel=\"bookmark\">Heitere Pleite und findige Finanzierungsideen<\/a><\/h2>\n    <\/header><!-- end .entry-header -->\n    <div class=\"entry-summary\">\nDas B\u00fchnenbild verhei\u00dft auf den ersten Blick, dass das St\u00fcck in einem reichen Ambiente spielt. Alte \u00d6lgem\u00e4lde und Stuckm\u00f6bel weisen darauf hin. Doch betrachtet man die Gegenst\u00e4nde genauer, erkennt man, dass der Kronleuchter nur flackert und die edle goldene Putte nur \u00fcber einen Arm verf\u00fcgt. In diesem Schloss, das eindeutig schon bessere Tage gesehen hat,&hellip;\n  <\/div><!-- .entry-summary -->\n  <\/div><!-- .entry-main -->\n<\/div><!-- .meta-main-wrap -->\n<\/article><!-- end post -22290 -->\n<article>\n \t\t<div class=\"entry-thumbnail fadein\"> \t\t\t<a href=\"https:\/\/www.rwg-bayreuth.de\/home\/?p=21363\"><img loading=\"lazy\" decoding=\"async\" width=\"1024\" height=\"693\" src=\"https:\/\/www.rwg-bayreuth.de\/home\/wp-content\/uploads\/2019\/03\/18-19-Western-Saloon-1024.jpg\" class=\"attachment-post-thumbnail size-post-thumbnail wp-post-image\" alt=\"\" \/><\/a> \t\t<\/div><!-- end .entry-thumbnail -->\n<div class=\"meta-main-wrap\">\n  <div class=\"\">\n    <header class=\"entry-header\">\n      <div class=\"entry-cats\">\n        <div class=\"kategorie\"><a href=\"https:\/\/www.rwg-bayreuth.de\/home\/?cat=1\" rel=\"category\">Schulleben<\/a><\/div>\n<div class=\"entry-edit\">      <div class=\"entry-date\">\n        <a href=\"https:\/\/www.rwg-bayreuth.de\/home\/?p=21363\">31. M\u00e4rz 2019<\/a>\n      <\/div><\/div><!-- end .entry-date -->\n      <\/div><!-- end .entry-cats -->\n<h2 class=\"entry-title\"><a href=\"https:\/\/www.rwg-bayreuth.de\/home\/?p=21363\" rel=\"bookmark\">Showdown in Sleepy Village<\/a><\/h2>\n    <\/header><!-- end .entry-header -->\n    <div class=\"entry-summary\">\nDer Western ist eine altehrw\u00fcrdige Gattung, die leider etwas aus der Mode gekommen ist. Das Profilfach Theater unter der Leitung von Angelika Guder-Sp\u00e4th zeigte in der RWG-Aula, wie man ihn wiederbelebt. Es ist klar, dass das nur mit Augenzwinkern geht und das Programmheft versprach mit dem Hinweis, dass es eine \u201eturbulente Westernparodie\u201c geben sollte, nicht&hellip;\n  <\/div><!-- .entry-summary -->\n  <\/div><!-- .entry-main -->\n<\/div><!-- .meta-main-wrap -->\n<\/article><!-- end post -21363 -->\n<article>\n \t\t<div class=\"entry-thumbnail fadein\"> \t\t\t<a href=\"https:\/\/www.rwg-bayreuth.de\/home\/?p=21227\"><img loading=\"lazy\" decoding=\"async\" width=\"450\" height=\"330\" src=\"https:\/\/www.rwg-bayreuth.de\/home\/wp-content\/uploads\/2019\/03\/18-19-Sherlock-Szene3-450.jpg\" class=\"attachment-post-thumbnail size-post-thumbnail wp-post-image\" alt=\"\" \/><\/a> \t\t<\/div><!-- end .entry-thumbnail -->\n<div class=\"meta-main-wrap\">\n  <div class=\"\">\n    <header class=\"entry-header\">\n      <div class=\"entry-cats\">\n        <div class=\"kategorie\"><a href=\"https:\/\/www.rwg-bayreuth.de\/home\/?cat=1\" rel=\"category\">Schulleben<\/a><\/div>\n<div class=\"entry-edit\">      <div class=\"entry-date\">\n        <a href=\"https:\/\/www.rwg-bayreuth.de\/home\/?p=21227\">11. M\u00e4rz 2019<\/a>\n      <\/div><\/div><!-- end .entry-date -->\n      <\/div><!-- end .entry-cats -->\n<h2 class=\"entry-title\"><a href=\"https:\/\/www.rwg-bayreuth.de\/home\/?p=21227\" rel=\"bookmark\">Sherlock Holmes&#8216; erster Fall<\/a><\/h2>\n    <\/header><!-- end .entry-header -->\n    <div class=\"entry-summary\">\nMit einem Krimi er\u00f6ffnete die Theatergruppe der 8. und 9. Klassen die diesj\u00e4hrige RWG-Theatersaison. Sherlock Holmes hatte seinen ersten Fall zu l\u00f6sen. Der Hund von Baskerville ist eigentlich ein Kriminalroman des bekannten englischen Schriftstellers Sir Arthur Conan Doyle. Die Autorin Annika Scheffel hat daraus ein Jugendtheaterst\u00fcck gemacht, das nun in der Aula unserer Schule zu&hellip;\n  <\/div><!-- .entry-summary -->\n  <\/div><!-- .entry-main -->\n<\/div><!-- .meta-main-wrap -->\n<\/article><!-- end post -21227 -->\n<\/div><!-- end .rwg_post_list -->\r\n<\/div>\r\n\r\n\r\n<\/div><div class=\"su-expand-link su-expand-link-more\" style=\"text-align:left\"><a href=\"javascript:;\" style=\"color:#636363;border-color:#636363\"><span style=\"border-color:#636363\">Inhalte zur Spielzeit 2018-19 einblenden<\/span><\/a><\/div><div class=\"su-expand-link su-expand-link-less\" style=\"text-align:left\"><a href=\"javascript:;\" style=\"color:#636363;border-color:#636363\"><span style=\"border-color:#636363\">Inhalte zur Spielzeit 2018-19 ausblenden<\/span><\/a><\/div><\/div>\r\n\r\n\r\n\r\n\r\n\r\n\r\n\r\n<!--<hr \/>-->\r\n<div class=\"su-divider su-divider-style-default\" style=\"margin:0px 0;border-width:1px;border-color:#2b2b2b\"><a href=\"#\" style=\"color:#1b1b1b\">Nach oben<\/a><\/div>\r\n\r\n\r\n\r\n<a href=\"https:\/\/www.rwg-bayreuth.de\/home\/wp-content\/uploads\/2017\/12\/17-18-RWG-Theater-Flyer-web.pdf\"><img decoding=\"async\" src=\"https:\/\/www.rwg-bayreuth.de\/home\/wp-content\/uploads\/2020\/01\/Theater17-18.jpg\" alt=\"\"  width=\"300\" style=\"max-width: 50%; min-width: 150px;\" class=\"alignright size-full wp-image-23671\" srcset=\"https:\/\/www.rwg-bayreuth.de\/home\/wp-content\/uploads\/2020\/01\/Theater17-18.jpg 843w, https:\/\/www.rwg-bayreuth.de\/home\/wp-content\/uploads\/2020\/01\/Theater17-18-450x208.jpg 450w, https:\/\/www.rwg-bayreuth.de\/home\/wp-content\/uploads\/2020\/01\/Theater17-18-768x355.jpg 768w, https:\/\/www.rwg-bayreuth.de\/home\/wp-content\/uploads\/2020\/01\/Theater17-18-250x116.jpg 250w\" sizes=\"(max-width: 843px) 100vw, 843px\" \/><\/a>\r\n\r\n<h3>Schuljahr 2017-18<\/h3>\r\n\r\n\r\n\r\n<p><a href=\"https:\/\/www.rwg-bayreuth.de\/home\/wp-content\/uploads\/2017\/12\/17-18-RWG-Theater-Flyer-web.pdf\">[zum Theaterflyer 2017-18]<\/a><\/p>\r\n\r\n\r\n\r\n<div class=\"su-expand su-expand-collapsed su-expand-link-style-default RWG clear\" data-height=\"0\"><div class=\"su-expand-content su-u-trim\" style=\"color:#1a1a1a;max-height:0px;overflow:hidden\">\r\n\r\n\r\n<p><strong>11. und 12.10. 2017<\/strong><br \/>Notenspur in Moll &#8211; nach dem Krimi von Antje Haugg &#8211; P-Seminar Deutsch<\/p>\r\n\r\n<p><strong>12. und 13.12.2017<\/strong><br \/>M\u00f6rderische Weihnacht \u00fcberall&#8230; &#8211; von Isabell Sp\u00e4th &#8211; Theatergruppe der 10. Klassen<\/p>\r\n\r\n<p><strong>28.2. und 1.3.2018<\/strong><br \/>Der Bann der b\u00f6sen Dreizehn &#8211; von Stephanie Vortisch &#8211; Theatergruppe der 6. Klassen<\/p>\r\n\r\n<p><strong>20. und 21.3.2018<\/strong><br \/>Arsen und Spitzenh\u00e4ubchen &#8211; Profilfach Dramatisches Gestalten der Q11 und Q 12<\/p>\r\n\r\n<p><strong>16. und 17.4.2018<\/strong><br \/>P\u00fcnktchen und Anton &#8211; nach Erich K\u00e4stner &#8211; Theatergruppe der 7. und 8. Klassen<\/p>\r\n\r\n<p><strong>7. und 8.5.2018<\/strong><br \/>M\u00f6rder im Dunkeln &#8211; von Gerlinde W\u00f6hrl &#8211; Theatergruppe der Klasse 9b<\/p>\r\n\r\n<p><strong>6., 7. und 8.6.2018<\/strong><br \/>Faust &#8211; doppelt oder nichts &#8211; Theatergruppe 9acde<\/p>\r\n\r\n<p><strong>4. und 5.7.2018<\/strong><br \/>Der Hexer &#8211; von Matthias Hahn Theatersenioren des RWG<\/p>\r\n\r\n<h2>Theaterberichte 2017-18<\/h2>\r\n<div style=\"max-width: 1000px\">\r\n<div class=\"rwg_post_list\"><article>\n \t\t<div class=\"entry-thumbnail fadein\"> \t\t\t<a href=\"https:\/\/www.rwg-bayreuth.de\/home\/?p=19260\"><img loading=\"lazy\" decoding=\"async\" width=\"450\" height=\"308\" src=\"https:\/\/www.rwg-bayreuth.de\/home\/wp-content\/uploads\/2018\/06\/17-18-Theater-Faust-Gott-450.jpg\" class=\"attachment-post-thumbnail size-post-thumbnail wp-post-image\" alt=\"\" \/><\/a> \t\t<\/div><!-- end .entry-thumbnail -->\n<div class=\"meta-main-wrap\">\n  <div class=\"\">\n    <header class=\"entry-header\">\n      <div class=\"entry-cats\">\n        <div class=\"kategorie\"><a href=\"https:\/\/www.rwg-bayreuth.de\/home\/?cat=1\" rel=\"category\">Schulleben<\/a><\/div>\n<div class=\"entry-edit\">      <div class=\"entry-date\">\n        <a href=\"https:\/\/www.rwg-bayreuth.de\/home\/?p=19260\">26. Juni 2018<\/a>\n      <\/div><\/div><!-- end .entry-date -->\n      <\/div><!-- end .entry-cats -->\n<h2 class=\"entry-title\"><a href=\"https:\/\/www.rwg-bayreuth.de\/home\/?p=19260\" rel=\"bookmark\">Faust &#8211; doppelt oder nichts<\/a><\/h2>\n    <\/header><!-- end .entry-header -->\n    <div class=\"entry-summary\">\nWas w\u00e4re, wenn Mephisto und sein weiblicher Gegenpart Femisto mit Gott zum zweiten Mal in der heutigen Zeit mit den modernen technischen M\u00f6glichkeiten eine Wette um die menschliche Seele abschlie\u00dfen w\u00fcrden und wer w\u00fcrde gewinnen, wenn die Wettopfer nicht ein hochdotierter Wissenschaftler, sondern drei ganz normale Sch\u00fcler kurz vor dem Abitur w\u00e4ren? Diese Frage ist&hellip;\n  <\/div><!-- .entry-summary -->\n  <\/div><!-- .entry-main -->\n<\/div><!-- .meta-main-wrap -->\n<\/article><!-- end post -19260 -->\n<article>\n \t\t<div class=\"entry-thumbnail fadein\"> \t\t\t<a href=\"https:\/\/www.rwg-bayreuth.de\/home\/?p=19160\"><img loading=\"lazy\" decoding=\"async\" width=\"450\" height=\"315\" src=\"https:\/\/www.rwg-bayreuth.de\/home\/wp-content\/uploads\/2018\/05\/17-18-Theater-Mord-Dunkel-450.jpg\" class=\"attachment-post-thumbnail size-post-thumbnail wp-post-image\" alt=\"\" \/><\/a> \t\t<\/div><!-- end .entry-thumbnail -->\n<div class=\"meta-main-wrap\">\n  <div class=\"\">\n    <header class=\"entry-header\">\n      <div class=\"entry-cats\">\n        <div class=\"kategorie\"><a href=\"https:\/\/www.rwg-bayreuth.de\/home\/?cat=1\" rel=\"category\">Schulleben<\/a><\/div>\n<div class=\"entry-edit\">      <div class=\"entry-date\">\n        <a href=\"https:\/\/www.rwg-bayreuth.de\/home\/?p=19160\">9. Mai 2018<\/a>\n      <\/div><\/div><!-- end .entry-date -->\n      <\/div><!-- end .entry-cats -->\n<h2 class=\"entry-title\"><a href=\"https:\/\/www.rwg-bayreuth.de\/home\/?p=19160\" rel=\"bookmark\">Im Dunkeln ist gut morden<\/a><\/h2>\n    <\/header><!-- end .entry-header -->\n    <div class=\"entry-summary\">\n\u201eMord im Dunkeln\u201c ist der Titel des k\u00fchnen Theaterkrimis, den die 9. Klassen in der Aula auff\u00fchrten. Das mit dem Dunkel ist im Theater so seine Sache: Wenn es dunkel ist und alle Lichter aus sind, dann sieht man bekanntlich nichts mehr. Im Zuschauerraum ist es durchaus hilfreich, wenn man von den Nebenleuten nichts mehr&hellip;\n  <\/div><!-- .entry-summary -->\n  <\/div><!-- .entry-main -->\n<\/div><!-- .meta-main-wrap -->\n<\/article><!-- end post -19160 -->\n<article>\n \t\t<div class=\"entry-thumbnail fadein\"> \t\t\t<a href=\"https:\/\/www.rwg-bayreuth.de\/home\/?p=18899\"><img loading=\"lazy\" decoding=\"async\" width=\"1024\" height=\"672\" src=\"https:\/\/www.rwg-bayreuth.de\/home\/wp-content\/uploads\/2018\/04\/17-18-Theater-p\u00fcnktchen-Szene1-1024.jpg\" class=\"attachment-post-thumbnail size-post-thumbnail wp-post-image\" alt=\"\" \/><\/a> \t\t<\/div><!-- end .entry-thumbnail -->\n<div class=\"meta-main-wrap\">\n  <div class=\"\">\n    <header class=\"entry-header\">\n      <div class=\"entry-cats\">\n        <div class=\"kategorie\"><a href=\"https:\/\/www.rwg-bayreuth.de\/home\/?cat=1\" rel=\"category\">Schulleben<\/a><\/div>\n<div class=\"entry-edit\">      <div class=\"entry-date\">\n        <a href=\"https:\/\/www.rwg-bayreuth.de\/home\/?p=18899\">18. April 2018<\/a>\n      <\/div><\/div><!-- end .entry-date -->\n      <\/div><!-- end .entry-cats -->\n<h2 class=\"entry-title\"><a href=\"https:\/\/www.rwg-bayreuth.de\/home\/?p=18899\" rel=\"bookmark\">Eine Freundschaft zwischen Arm und Reich<\/a><\/h2>\n    <\/header><!-- end .entry-header -->\n    <div class=\"entry-summary\">\nVideo: Der Einbrecher wird geschnappt \u201eP\u00fcnktchen und Anton\u201c, die Geschichte einer Kinderfreundschaft \u00fcber die Grenze von Arm und Reich hinweg, ist ein bekannter Jugendbuch-Klassiker von Erich K\u00e4stner. Die Schulspielgruppe der 7. und 8. Klassen zeigte sie als Theaterst\u00fcck. P\u00fcnktchen hat eigentlich alles: Ein gro\u00dfes Haus, ein Kinderm\u00e4dchen und reiche Eltern. Anton hat nichts: Seine Mutter&hellip;\n  <\/div><!-- .entry-summary -->\n  <\/div><!-- .entry-main -->\n<\/div><!-- .meta-main-wrap -->\n<\/article><!-- end post -18899 -->\n<article>\n \t\t<div class=\"entry-thumbnail fadein\"> \t\t\t<a href=\"https:\/\/www.rwg-bayreuth.de\/home\/?p=17632\"><img loading=\"lazy\" decoding=\"async\" width=\"1024\" height=\"738\" src=\"https:\/\/www.rwg-bayreuth.de\/home\/wp-content\/uploads\/2017\/10\/17-18-Krimi-Kommissare-1024.jpg\" class=\"attachment-post-thumbnail size-post-thumbnail wp-post-image\" alt=\"\" \/><\/a> \t\t<\/div><!-- end .entry-thumbnail -->\n<div class=\"meta-main-wrap\">\n  <div class=\"\">\n    <header class=\"entry-header\">\n      <div class=\"entry-cats\">\n        <div class=\"kategorie\"><a href=\"https:\/\/www.rwg-bayreuth.de\/home\/?cat=1\" rel=\"category\">Schulleben<\/a><\/div>\n<div class=\"entry-edit\">      <div class=\"entry-date\">\n        <a href=\"https:\/\/www.rwg-bayreuth.de\/home\/?p=17632\">11. Oktober 2017<\/a>\n      <\/div><\/div><!-- end .entry-date -->\n      <\/div><!-- end .entry-cats -->\n<h2 class=\"entry-title\"><a href=\"https:\/\/www.rwg-bayreuth.de\/home\/?p=17632\" rel=\"bookmark\">Notenspur in Moll<\/a><\/h2>\n    <\/header><!-- end .entry-header -->\n    <div class=\"entry-summary\">\nDer mit Spannung erwartete RWG-Krimi zum Jubil\u00e4umsjahr unserer Schule hatte seine erfolgreiche Premiere in der Schulaula. Der vielversprechende Titel war \u201eNotenspur im Moll &#8211; Wissen kann t\u00f6dlich sein\u201c. Wie es sich f\u00fcr einen Krimi zum Schuljubil\u00e4um geh\u00f6rt, spielte auch das RWG mit, wie das St\u00fcck \u00fcberhaupt gekonnt mit beziehungsreichen Anspielungen auf den verschiedensten Ebenen jonglierte:&hellip;\n  <\/div><!-- .entry-summary -->\n  <\/div><!-- .entry-main -->\n<\/div><!-- .meta-main-wrap -->\n<\/article><!-- end post -17632 -->\n<\/div><!-- end .rwg_post_list -->\r\n<\/div>\r\n\r\n\r\n<\/div><div class=\"su-expand-link su-expand-link-more\" style=\"text-align:left\"><a href=\"javascript:;\" style=\"color:#636363;border-color:#636363\"><span style=\"border-color:#636363\">Inhalte zur Spielzeit 2017-18 einblenden<\/span><\/a><\/div><div class=\"su-expand-link su-expand-link-less\" style=\"text-align:left\"><a href=\"javascript:;\" style=\"color:#636363;border-color:#636363\"><span style=\"border-color:#636363\">Inhalte zur Spielzeit 2017-18 ausblenden<\/span><\/a><\/div><\/div>\r\n\r\n<!--<hr \/>-->\r\n<div class=\"su-divider su-divider-style-default\" style=\"margin:0px 0;border-width:1px;border-color:#2b2b2b\"><a href=\"#\" style=\"color:#1b1b1b\">Nach oben<\/a><\/div>\r\n\r\n<a href=\"https:\/\/www.rwg-bayreuth.de\/home\/wp-content\/uploads\/2017\/02\/16-17-RWG-Theater-Flyer-web2-1.pdf\"><img decoding=\"async\" src=\"https:\/\/www.rwg-bayreuth.de\/home\/wp-content\/uploads\/2020\/01\/Theater16-17.jpg\" alt=\"\" width=\"300\" style=\"max-width: 50%; min-width: 150px;\" class=\"alignright size-full wp-image-23670\" srcset=\"https:\/\/www.rwg-bayreuth.de\/home\/wp-content\/uploads\/2020\/01\/Theater16-17.jpg 921w, https:\/\/www.rwg-bayreuth.de\/home\/wp-content\/uploads\/2020\/01\/Theater16-17-450x213.jpg 450w, https:\/\/www.rwg-bayreuth.de\/home\/wp-content\/uploads\/2020\/01\/Theater16-17-768x363.jpg 768w, https:\/\/www.rwg-bayreuth.de\/home\/wp-content\/uploads\/2020\/01\/Theater16-17-250x118.jpg 250w\" sizes=\"(max-width: 921px) 100vw, 921px\" \/><\/a>\r\n\r\n<h3>Schuljahr 2016-17<\/h3>\r\n\r\n\r\n<p><a href=\"https:\/\/www.rwg-bayreuth.de\/home\/wp-content\/uploads\/2017\/02\/16-17-RWG-Theater-Flyer-web2-1.pdf\">[zum Theaterflyer 2016-17]<\/a><\/p>\r\n\r\n\r\n<div class=\"su-expand su-expand-collapsed su-expand-link-style-default RWG clear\" data-height=\"0\"><div class=\"su-expand-content su-u-trim\" style=\"color:#1a1a1a;max-height:0px;overflow:hidden\">\r\n\r\n\r\n\r\n<p><strong>18.12. und 19.12.2016<\/strong><br \/>Unter Badem\u00e4nteln &#8211; eine Posse in Pl\u00fcschpantoffeln<br \/>Theatersenioren des RWG<br \/>19:00 Uhr &#8211; Aula des RWG<br \/><a href=\"https:\/\/www.rwg-bayreuth.de\/home\/?p=13249\">[zum Auff\u00fchrungsbericht&#8230;]<\/a><\/p>\r\n\r\n\r\n\r\n<p><strong>20.2. und 21.2.2017<\/strong><br \/>Tatort: Lara will absolut nicht sterben!<br \/>von Peter Haus<br \/>Q11\/Q12<br \/>19:30 Uhr &#8211; Zentrum an der Badstra\u00dfe<br \/><a href=\"https:\/\/www.rwg-bayreuth.de\/home\/?p=13967\">[zum Auff\u00fchrungsbericht&#8230;]<\/a><\/p>\r\n\r\n\r\n<\/div><div class=\"su-expand-link su-expand-link-more\" style=\"text-align:left\"><a href=\"javascript:;\" style=\"color:#636363;border-color:#636363\"><span style=\"border-color:#636363\">Inhalte zur Spielzeit 2016-17 einblenden<\/span><\/a><\/div><div class=\"su-expand-link su-expand-link-less\" style=\"text-align:left\"><a href=\"javascript:;\" style=\"color:#636363;border-color:#636363\"><span style=\"border-color:#636363\">Inhalte zur Spielzeit 2016-17 ausblenden<\/span><\/a><\/div><\/div>\r\n\r\n\r\n<!--<hr \/>-->\r\n<div class=\"su-divider su-divider-style-default\" style=\"margin:0px 0;border-width:1px;border-color:#2b2b2b\"><a href=\"#\" style=\"color:#1b1b1b\">Nach oben<\/a><\/div>\r\n\r\n\r\n<figure><img loading=\"lazy\" decoding=\"async\" class=\"alignright size-medium wp-image-9138\" style=\"max-width: 50%; min-width: 150px;\" src=\"https:\/\/www.rwg-bayreuth.de\/home\/wp-content\/uploads\/2014\/03\/Theater_Cover_web250-300x141.jpg\" alt=\"\" width=\"300\" height=\"141\" srcset=\"https:\/\/www.rwg-bayreuth.de\/home\/wp-content\/uploads\/2014\/03\/Theater_Cover_web250-300x141.jpg 300w, https:\/\/www.rwg-bayreuth.de\/home\/wp-content\/uploads\/2014\/03\/Theater_Cover_web250-150x71.jpg 150w, https:\/\/www.rwg-bayreuth.de\/home\/wp-content\/uploads\/2014\/03\/Theater_Cover_web250-250x118.jpg 250w, https:\/\/www.rwg-bayreuth.de\/home\/wp-content\/uploads\/2014\/03\/Theater_Cover_web250.jpg 350w\" sizes=\"(max-width: 300px) 100vw, 300px\" \/><\/figure>\r\n<h3 class=\"wp-block-heading\">Schuljahr 2015-16<\/h3>\r\n\r\n\r\n\r\n<p><a href=\"https:\/\/www.rwg-bayreuth.de\/home\/wp-content\/uploads\/2014\/03\/2015_16_RWG_Theater_Flyer_web.pdf\" rel=\"\">[zum Theaterflyer 2015-16]<\/a><\/p>\r\n\r\n\r\n\r\n<div class=\"su-expand su-expand-collapsed su-expand-link-style-default RWG clear\" data-height=\"0\"><div class=\"su-expand-content su-u-trim\" style=\"color:#1a1a1a;max-height:0px;overflow:hidden\">\r\n\r\n\r\n<p><strong>18. und 21.12.2015<\/strong><br \/>Neue F\u00e4lle f\u00fcr Sherlock Holmes<br \/>P-Seminar der Q12<br \/>19:00 Uhr &#8211; Aula des RWG<br \/><a href=\"https:\/\/www.rwg-bayreuth.de\/home\/?page_id=8774\">[zum Auff\u00fchrungsbericht&#8230;]<\/a><\/p>\r\n\r\n\r\n\r\n<p><strong>17. und 18.2.2016<\/strong><br \/>Die frivole Sommerfische<br \/>Kom\u00f6die nach Goldoni<br \/>Dramatisches Gestalten Q11<br \/>19:30 Uhr &#8211; Kleines Haus<br \/><a href=\"https:\/\/www.rwg-bayreuth.de\/home\/?page_id=9148\">[zum Auff\u00fchrungsbericht&#8230;]<\/a><\/p>\r\n\r\n\r\n\r\n<p><strong>24. und 25.2.2016<\/strong><br \/>Die chinesischen Gartenzwerge<br \/>von Peter Klusen<br \/>8. Klassen<br \/>19:00 Uhr &#8211; Aula des RWG<br \/><a href=\"https:\/\/www.rwg-bayreuth.de\/home\/?page_id=9375\">[zum Auff\u00fchrungsbericht&#8230;]<\/a><\/p>\r\n\r\n\r\n\r\n<p><strong>14.3. &#8211; 19:30 Uhr &#8211; Aula des RWG<br \/>17.3. &#8211; 19:30 Uhr &#8211; Zentrum an der Badstra\u00dfe<\/strong><br \/>Stirb schneller, Liebling<br \/>von Hans Schimmel<br \/>Dramatisches Gestalten Q12<br \/><a href=\"https:\/\/www.rwg-bayreuth.de\/home\/?page_id=9575\">[zum Auff\u00fchrungsbericht&#8230;]<\/a><\/p>\r\n\r\n\r\n\r\n<p><strong>15.3. &#8211; 19:30 Uhr &#8211; Aula des RWG<br \/>18.3. &#8211; 19:30 Uhr &#8211; Zentrum an der Badstra\u00dfe<\/strong><br \/>Die Nervens\u00e4gen<br \/>von Frank Ziegler<br \/>Dramatisches Gestalten Q12<br \/><a href=\"https:\/\/www.rwg-bayreuth.de\/home\/?page_id=9605\">[zum Auff\u00fchrungsbericht&#8230;]<\/a><\/p>\r\n\r\n\r\n\r\n<p><strong>13.4. und 14.4.2016<\/strong><br \/>Die wilden H\u00fchner geben Fuchsalarm<br \/>von Cornelia Funke<br \/>7. Klassen<br \/>19:00 Uhr &#8211; Aula des RWG<br \/><a href=\"https:\/\/www.rwg-bayreuth.de\/home\/?page_id=9820\">[zum Auff\u00fchrungsbericht&#8230;]<\/a><\/p>\r\n\r\n\r\n\r\n<p><strong>27.4. und 28.4.2016<\/strong><br \/>Der B\u00fcrger als Edelmann<br \/>Kom\u00f6die nach Moli\u00e8re<br \/>P-Seminar der Q11<br \/>19:30 Uhr &#8211; Aula des RWG<br \/><a href=\"https:\/\/www.rwg-bayreuth.de\/home\/?page_id=9855\">[zum Auff\u00fchrungsbericht&#8230;]<\/a><\/p>\r\n\r\n\r\n\r\n<p><strong>11.5. und 12.5.2016<\/strong><br \/>Ich liebe diesen Gartenzwerg<br \/>von Brigitte Tobias<br \/>7. Klassen<br \/>19:00 Uhr &#8211; Aula des RWG<br \/><a href=\"https:\/\/www.rwg-bayreuth.de\/home\/?page_id=10058\">[zum Auff\u00fchrungsbericht&#8230;]<\/a><\/p>\r\n\r\n\r\n\r\n<p><strong>13.7. und 14.7.2016<\/strong><br \/>Mein Name ist Hase<br \/>von Willy Honauer und Peter Lodynski<br \/>10. Klassen<br \/>19:00 Uhr &#8211; Aula des RWG<\/p>\r\n\r\n\r\n\r\n<div class=\"wp-block-image\">\r\n<figure class=\"alignright\"><img loading=\"lazy\" decoding=\"async\" width=\"250\" height=\"197\" class=\"wp-image-9146\" src=\"https:\/\/www.rwg-bayreuth.de\/home\/wp-content\/uploads\/2014\/03\/Logo_Gartenschau.jpg\" alt=\"\" srcset=\"https:\/\/www.rwg-bayreuth.de\/home\/wp-content\/uploads\/2014\/03\/Logo_Gartenschau.jpg 250w, https:\/\/www.rwg-bayreuth.de\/home\/wp-content\/uploads\/2014\/03\/Logo_Gartenschau-150x118.jpg 150w\" sizes=\"(max-width: 250px) 100vw, 250px\" \/><\/figure>\r\n<\/div>\r\n\r\n\r\n\r\n<p><strong>15.7.2016 &#8211; 18:00 Uhr<br \/>30.7.2016 &#8211; 10:00 Uhr<\/strong><br \/>Der Traumzauberbaum<br \/>Musical von Reinhard Lakomys<br \/>und Monika Erhardt-Lakomys<br \/><a href=\"https:\/\/www.rwg-bayreuth.de\/home\/?page_id=10204\">[zum Auff\u00fchrungsbericht&#8230;]<\/a><\/p>\r\n\r\n\r\n<\/div><div class=\"su-expand-link su-expand-link-more\" style=\"text-align:left\"><a href=\"javascript:;\" style=\"color:#636363;border-color:#636363\"><span style=\"border-color:#636363\">Inhalte zur Spielzeit 2015-16 einblenden<\/span><\/a><\/div><div class=\"su-expand-link su-expand-link-less\" style=\"text-align:left\"><a href=\"javascript:;\" style=\"color:#636363;border-color:#636363\"><span style=\"border-color:#636363\">Inhalte zur Spielzeit 2015-16 ausblenden<\/span><\/a><\/div><\/div>\r\n\r\n<!--<hr \/>-->\r\n<div class=\"su-divider su-divider-style-default\" style=\"margin:0px 0;border-width:1px;border-color:#2b2b2b\"><a href=\"#\" style=\"color:#1b1b1b\">Nach oben<\/a><\/div>\r\n\r\n\r\n\r\n\r\n\r\n\r\n<figure><img decoding=\"async\" src=\"https:\/\/www.rwg-bayreuth.de\/home\/wp-content\/uploads\/2025\/03\/Flyerbild14.jpg\" alt=\"\" width=\"300\"  class=\"alignright size-full wp-image-38256\" srcset=\"https:\/\/www.rwg-bayreuth.de\/home\/wp-content\/uploads\/2025\/03\/Flyerbild14.jpg 898w, https:\/\/www.rwg-bayreuth.de\/home\/wp-content\/uploads\/2025\/03\/Flyerbild14-150x73.jpg 150w, https:\/\/www.rwg-bayreuth.de\/home\/wp-content\/uploads\/2025\/03\/Flyerbild14-450x219.jpg 450w, https:\/\/www.rwg-bayreuth.de\/home\/wp-content\/uploads\/2025\/03\/Flyerbild14-768x374.jpg 768w, https:\/\/www.rwg-bayreuth.de\/home\/wp-content\/uploads\/2025\/03\/Flyerbild14-250x122.jpg 250w\" sizes=\"(max-width: 898px) 100vw, 898px\" \/><\/figure>\r\n<h3 class=\"wp-block-heading\">Schuljahr 2014-15<\/h3>\r\n\r\n\r\n\r\n<p><a href=\"https:\/\/www.rwg-bayreuth.de\/home\/wp-content\/uploads\/2014\/03\/RWG_Theaterflyer_2015_web.pdf\">[zum Theaterflyer 2014-15]<\/a><\/p>\r\n\r\n\r\n<div class=\"su-expand su-expand-collapsed su-expand-link-style-default RWG clear\" data-height=\"0\"><div class=\"su-expand-content su-u-trim\" style=\"color:#1a1a1a;max-height:0px;overflow:hidden\">\r\n\r\n\r\n\r\n<p><strong>11.\/12.3.2015<\/strong><br \/>&#8222;Der L\u00fcgner&#8220; von Carlo Goldoni<br \/>Auff\u00fchrung des Kurses Dramatisches Gestalten der Q12 &#8211; 19:30 Uhr &#8211; Kleines Haus der Stadthalle<br \/><a title=\"L\u00fcgen haben kurze\u00a0Beine\" href=\"https:\/\/www.rwg-bayreuth.de\/home\/?page_id=6281\">[zum Auff\u00fchrungsbericht&#8230;]<\/a><\/p>\r\n\r\n\r\n\r\n<p><strong>25.\/26.3.2015<\/strong><br \/>&#8222;Die Prinzessin und das Bettelm\u00e4dchen&#8220; nach Mark Twain<br \/>Theatergruppe der 7. Klassen &#8211; 19:00 Uhr &#8211; Aula<br \/><a title=\"Arm und Reich \u2014 anders herum\" href=\"https:\/\/www.rwg-bayreuth.de\/home\/?page_id=6449\">[zum Auff\u00fchrungsbericht&#8230;]<\/a><\/p>\r\n\r\n\r\n\r\n<p><strong>20.\/21.4.2015<\/strong><br \/>&#8222;R\u00e4uber. Schiller f\u00fcr uns&#8220; von Marlene Skala frei nach Schiller<br \/>Auff\u00fchrung des Kurses Dramatisches Gestalten der Q11 &#8211; 19:30 Uhr &#8211; Aula<br \/><a title=\"Theater ohne Illusionen\" href=\"https:\/\/www.rwg-bayreuth.de\/home\/?page_id=6544\">[zum Auff\u00fchrungsbericht&#8230;]<\/a><\/p>\r\n\r\n\r\n\r\n<p><strong>6.\/7.5.2015<\/strong><br \/>&#8222;Tintenblut&#8220; nach dem Roman von Cornelia Funke<br \/>Theatergruppe der 6. Klassen &#8211; 19:00 Uhr &#8211; Aula<br \/><a href=\"https:\/\/www.rwg-bayreuth.de\/home\/?page_id=6732\">[zum Auff\u00fchrungsbericht&#8230;]<\/a><\/p>\r\n\r\n\r\n\r\n<p><strong>16.\/17.6.2015<\/strong><br \/>&#8222;Unter Badem\u00e4nteln &#8211; Eine Posse in Pl\u00fcschpantoffeln&#8220;<br \/>Auff\u00fchrung des Kurses Dramatisches Gestalten der Q11 und der 10. Klassen &#8211; 19:00 Uhr &#8211; Aula<br \/><a href=\"https:\/\/www.rwg-bayreuth.de\/home\/?page_id=7145\">[zum Auff\u00fchrungsbericht&#8230;]<\/a><\/p>\r\n\r\n\r\n\r\n<p><strong>30.6.\/1.7.2015<\/strong><br \/>&#8222;Scherben aus Peru&#8220;<br \/>gespielt von den 9. und 10. Klassen &#8211; 19:00 Uhr &#8211; Aula<br \/><a href=\"https:\/\/www.rwg-bayreuth.de\/home\/?page_id=7311\">[zum Auff\u00fchrungsbericht&#8230;]<\/a><\/p>\r\n\r\n\r\n<hr class=\"wp-block-separator\" \/>\r\n\r\n\r\n<figure><img loading=\"lazy\" decoding=\"async\" class=\"alignright size-medium wp-image-3194\" src=\"https:\/\/www.rwg-bayreuth.de\/home\/wp-content\/uploads\/2014\/03\/RWG_Theaterflyer_2014-Titel-142x300.jpg\" alt=\"\" width=\"142\" height=\"300\" srcset=\"https:\/\/www.rwg-bayreuth.de\/home\/wp-content\/uploads\/2014\/03\/RWG_Theaterflyer_2014-Titel-142x300.jpg 142w, https:\/\/www.rwg-bayreuth.de\/home\/wp-content\/uploads\/2014\/03\/RWG_Theaterflyer_2014-Titel-71x150.jpg 71w, https:\/\/www.rwg-bayreuth.de\/home\/wp-content\/uploads\/2014\/03\/RWG_Theaterflyer_2014-Titel.jpg 150w\" sizes=\"(max-width: 142px) 100vw, 142px\" \/><\/figure>\r\n<h3 class=\"wp-block-heading\">Schuljahr 2013-14<\/h3>\r\n\r\n\r\n\r\n<p><a href=\"https:\/\/www.rwg-bayreuth.de\/home\/wp-content\/uploads\/2014\/03\/RWG_Theaterflyer_2014_web.pdf\">[zum Theaterflyer 2013-14]<\/a><\/p>\r\n\r\n\r\n\r\n<p><strong>19.\/20.3.2014<\/strong><br \/>&#8222;Kom\u00f6die im Dunkeln&#8220; von Peter Shaffer<br \/>Theatergruppe der Q12<br \/><a title=\"Kom\u00f6die im Dunkeln\" href=\"https:\/\/www.rwg-bayreuth.de\/home\/?page_id=3397\">[zum Auff\u00fchrungsbericht&#8230;]<\/a><\/p>\r\n\r\n\r\n\r\n<p><strong>3.\/4.4.2014<\/strong><br \/>&#8222;Die Froschk\u00f6nigin&#8220;<br \/>Ein M\u00e4rchen, gespielt von der Schulspielgruppe der 5. und 7. Klassen<br \/><a title=\"Der Froschk\u00f6nig wollte nicht k\u00fcssen\" href=\"https:\/\/www.rwg-bayreuth.de\/home\/?page_id=3503\">[zum Auff\u00fchrungsbericht&#8230;]<\/a><\/p>\r\n\r\n\r\n\r\n<p><strong>2.\/3.7.2014<\/strong><br \/>&#8222;Lottes l\u00e4stige Leichen&#8220;<br \/>Eine Kriminalkom\u00f6die, gespielt von den 8. Klassen<br \/><a title=\"Lottes l\u00e4stige Leichen\" href=\"https:\/\/www.rwg-bayreuth.de\/home\/?page_id=3724\">[zum Auff\u00fchrungsbericht&#8230;]<\/a><\/p>\r\n\r\n\r\n\r\n<p><strong>17.7.2014<\/strong><br \/>&#8222;Jetzt wo der Sommer kommt&#8230;&#8220;<br \/>nach Frank Wedekinds Trag\u00f6die Fr\u00fchlings Erwachen<br \/>Freie Spielgruppe<br \/><a title=\"Der Spa\u00df endet, wo der Spa\u00df beginnt\" href=\"https:\/\/www.rwg-bayreuth.de\/home\/?page_id=3771\">[zum Auff\u00fchrungsbericht&#8230;]<\/a><\/p>\r\n\r\n\r\n<\/div><div class=\"su-expand-link su-expand-link-more\" style=\"text-align:left\"><a href=\"javascript:;\" style=\"color:#636363;border-color:#636363\"><span style=\"border-color:#636363\">Inhalte zur Spielzeit 2014-15 einblenden<\/span><\/a><\/div><div class=\"su-expand-link su-expand-link-less\" style=\"text-align:left\"><a href=\"javascript:;\" style=\"color:#636363;border-color:#636363\"><span style=\"border-color:#636363\">Inhalte zur Spielzeit 2014-15 ausblenden<\/span><\/a><\/div><\/div>\r\n\r\n<!--<hr \/>-->\r\n<div class=\"su-divider su-divider-style-default\" style=\"margin:0px 0;border-width:1px;border-color:#2b2b2b\"><a href=\"#\" style=\"color:#1b1b1b\">Nach oben<\/a><\/div>\r\n","protected":false},"excerpt":{"rendered":"<p>&nbsp; Ein umfangreiches Angebot an Theaterauff\u00fchrungen geh\u00f6rt zum festen Bestandteil der Aktivit\u00e4ten am RWG. Schuljahr 2024-25 &nbsp; Theaterflyer &nbsp; Aus den vergangenen Spielzeiten Schuljahr 2023-24 [zum Theaterflyer 2023-24] Schuljahr 2022-23 [zum Theaterflyer 2022-23] Schuljahr 2021-22 [zum Theaterflyer 2021-22] Schuljahr 2020-21 [zum Theaterflyer 2020-21] Schuljahr 2019-20 [zum Theaterflyer 2019-20] Schuljahr 2018-19 [zum Theaterflyer 2018-19] Schuljahr 2017-18&hellip;<\/p>\n","protected":false},"author":2,"featured_media":0,"parent":1360,"menu_order":11,"comment_status":"closed","ping_status":"closed","template":"page-templates\/no-sidebar.php","meta":{"footnotes":""},"tags":[54],"_links":{"self":[{"href":"https:\/\/www.rwg-bayreuth.de\/home\/index.php?rest_route=\/wp\/v2\/pages\/3190"}],"collection":[{"href":"https:\/\/www.rwg-bayreuth.de\/home\/index.php?rest_route=\/wp\/v2\/pages"}],"about":[{"href":"https:\/\/www.rwg-bayreuth.de\/home\/index.php?rest_route=\/wp\/v2\/types\/page"}],"author":[{"embeddable":true,"href":"https:\/\/www.rwg-bayreuth.de\/home\/index.php?rest_route=\/wp\/v2\/users\/2"}],"replies":[{"embeddable":true,"href":"https:\/\/www.rwg-bayreuth.de\/home\/index.php?rest_route=%2Fwp%2Fv2%2Fcomments&post=3190"}],"version-history":[{"count":264,"href":"https:\/\/www.rwg-bayreuth.de\/home\/index.php?rest_route=\/wp\/v2\/pages\/3190\/revisions"}],"predecessor-version":[{"id":23686,"href":"https:\/\/www.rwg-bayreuth.de\/home\/index.php?rest_route=\/wp\/v2\/pages\/3190\/revisions\/23686"}],"up":[{"embeddable":true,"href":"https:\/\/www.rwg-bayreuth.de\/home\/index.php?rest_route=\/wp\/v2\/pages\/1360"}],"wp:attachment":[{"href":"https:\/\/www.rwg-bayreuth.de\/home\/index.php?rest_route=%2Fwp%2Fv2%2Fmedia&parent=3190"}],"wp:term":[{"taxonomy":"post_tag","embeddable":true,"href":"https:\/\/www.rwg-bayreuth.de\/home\/index.php?rest_route=%2Fwp%2Fv2%2Ftags&post=3190"}],"curies":[{"name":"wp","href":"https:\/\/api.w.org\/{rel}","templated":true}]}}