{"id":29448,"date":"2021-09-15T13:00:36","date_gmt":"2021-09-15T11:00:36","guid":{"rendered":"http:\/\/www.rwg-bayreuth.de\/home\/?page_id=29448"},"modified":"2023-09-28T17:39:18","modified_gmt":"2023-09-28T15:39:18","slug":"berichte-3","status":"publish","type":"page","link":"https:\/\/www.rwg-bayreuth.de\/home\/?page_id=29448","title":{"rendered":"Berichte"},"content":{"rendered":"<span id=\"seitenanfang\"><\/span><p>Hier finden Sie die Berichte aus dem Schulleben des RWG seit dem Schuljahr 2016\/17. \u00c4ltere Berichte <!--sind im Archiv der Beitr\u00e4ge gesammelt und -->k\u00f6nnen \u00fcber die <!--Startseite und die -->Suchfunktion aufgerufen werden.<\/p>\r\n\r\n<div class=\"grid-container-faecher grid-container-beitragsjahre\"  style=\"margin-bottom: 50px\"><!--\r\n--><a class=\"grid-item-faecher grid-item-beitragsjahre\" href=\"http:\/\/www.rwg-bayreuth.de\/home\/?page_id=3915\">Aktuell<\/a><!--\r\n--><a class=\"grid-item-faecher grid-item-beitragsjahre\" href=\"http:\/\/www.rwg-bayreuth.de\/home\/?page_id=39785\">2024\/25<\/a><!--\r\n--><a class=\"grid-item-faecher grid-item-beitragsjahre\" href=\"http:\/\/www.rwg-bayreuth.de\/home\/?page_id=37075\">2023\/24<\/a><!--\r\n--><a class=\"grid-item-faecher grid-item-beitragsjahre\" href=\"http:\/\/www.rwg-bayreuth.de\/home\/?page_id=34538\">2022\/23<\/a><!--\r\n--><a class=\"grid-item-faecher grid-item-beitragsjahre\" href=\"http:\/\/www.rwg-bayreuth.de\/home\/?page_id=31965\">2021\/22<\/a><!--\r\n--><a class=\"grid-item-faecher grid-item-beitragsjahre\" href=\"http:\/\/www.rwg-bayreuth.de\/home\/?page_id=29448\">2020\/21<\/a><!--\r\n--><a class=\"grid-item-faecher grid-item-beitragsjahre\" href=\"http:\/\/www.rwg-bayreuth.de\/home\/?page_id=26962\">2019\/20<\/a><!--\r\n--><a class=\"grid-item-faecher grid-item-beitragsjahre\" href=\"http:\/\/www.rwg-bayreuth.de\/home\/?page_id=22430\">2018\/19<\/a><!--\r\n--><a class=\"grid-item-faecher grid-item-beitragsjahre\" href=\"http:\/\/www.rwg-bayreuth.de\/home\/?page_id=21895\">2017\/18<\/a><!--\r\n--><a class=\"grid-item-faecher grid-item-beitragsjahre\" href=\"http:\/\/www.rwg-bayreuth.de\/home\/?page_id=21882\">2016\/17<\/a><!--\r\n--><\/div><!--<div class=\"flex-container\"  style=\"margin-bottom: 50px\">\r\n<a class=\"flex-item flex-item-gleicheBreite\" href=\"http:\/\/www.rwg-bayreuth.de\/home\/?page_id=3915\">Aktuell<\/a>\r\n<a class=\"flex-item flex-item-gleicheBreite\" href=\"http:\/\/www.rwg-bayreuth.de\/home\/?page_id=31965\">2021\/22<\/a>\r\n<a class=\"flex-item flex-item-gleicheBreite\" href=\"http:\/\/www.rwg-bayreuth.de\/home\/?page_id=29448\">2020\/21<\/a>\r\n<a class=\"flex-item flex-item-gleicheBreite\" href=\"http:\/\/www.rwg-bayreuth.de\/home\/?page_id=26962\">2019\/20<\/a>\r\n<a class=\"flex-item flex-item-gleicheBreite\" href=\"http:\/\/www.rwg-bayreuth.de\/home\/?page_id=22430\">2018\/19<\/a>\r\n<a class=\"flex-item flex-item-gleicheBreite\" href=\"http:\/\/www.rwg-bayreuth.de\/home\/?page_id=21895\">2017\/18<\/a>\r\n<a class=\"flex-item flex-item-gleicheBreite\" href=\"http:\/\/www.rwg-bayreuth.de\/home\/?page_id=21882\">2016\/17<\/a>\r\n<\/div>-->\n<h1>Berichte aus dem Schuljahr 2020\/21<\/h1>\n<div class=\"rwg_post_list\"><article id=\"post-29372\"class=\"cf post-29372 post type-post status-publish format-standard has-post-thumbnail hentry category-allgemein tag-home\">\n \t\t<div class=\"entry-thumbnail fadein\"> \t\t\t<a href=\"https:\/\/www.rwg-bayreuth.de\/home\/?p=29372\"><img loading=\"lazy\" decoding=\"async\" width=\"1024\" height=\"682\" src=\"https:\/\/www.rwg-bayreuth.de\/home\/wp-content\/uploads\/2021\/07\/20-21-Verabschiedungen-B.jpg\" class=\"attachment-post-thumbnail size-post-thumbnail wp-post-image\" alt=\"\" srcset=\"https:\/\/www.rwg-bayreuth.de\/home\/wp-content\/uploads\/2021\/07\/20-21-Verabschiedungen-B.jpg 1024w, https:\/\/www.rwg-bayreuth.de\/home\/wp-content\/uploads\/2021\/07\/20-21-Verabschiedungen-B-450x300.jpg 450w, https:\/\/www.rwg-bayreuth.de\/home\/wp-content\/uploads\/2021\/07\/20-21-Verabschiedungen-B-768x512.jpg 768w, https:\/\/www.rwg-bayreuth.de\/home\/wp-content\/uploads\/2021\/07\/20-21-Verabschiedungen-B-250x167.jpg 250w, https:\/\/www.rwg-bayreuth.de\/home\/wp-content\/uploads\/2021\/07\/20-21-Verabschiedungen-B-900x600.jpg 900w\" sizes=\"(max-width: 1024px) 100vw, 1024px\" \/><\/a> \t\t<\/div><!-- end .entry-thumbnail -->\n<div class=\"meta-main-wrap\">\n  <div class=\"\">\n    <header class=\"entry-header\">\n      <div class=\"entry-cats\">\n        <div class=\"kategorie\"><a href=\"https:\/\/www.rwg-bayreuth.de\/home\/?cat=1\" rel=\"category\">Schulleben<\/a><\/div>\n<div class=\"entry-edit\" >      <div class=\"entry-date\" >\n        <a href=\"https:\/\/www.rwg-bayreuth.de\/home\/?p=29372\">30. Juli 2021<\/a>\n      <\/div><\/div><!-- end .entry-date -->\n      <\/div><!-- end .entry-cats -->\n<h2 class=\"entry-title\"><a href=\"https:\/\/www.rwg-bayreuth.de\/home\/?p=29372\" rel=\"bookmark\">\u00dcber 200 Jahre Unterrichtserfahrung \u2013 Das RWG verabschiedet sich von sechs Urgesteinen<\/a><\/h2>\n    <\/header><!-- end .entry-header -->\n    <div class=\"entry-summary\">\nGleich sechs Kolleginnen und Kollegen treten am Ende des Schuljahrs 20\/21 aus dem aktiven Dienst in die Pensionsphase \u00fcber. Auf verschiedensten Feldern pr\u00e4gten sie unsere Schule \u00fcber Jahrzehnte tiefgreifend und nachhaltig. Cornelia Bachmann Seit 1999 unterrichtete Pfarrerin Bachmann Evangelische Religionslehre am RWG \u2013 immer sehr anschaulich und sch\u00fclernah. So erarbeitete sie mit Radio Mainwelle zusammen&hellip;\n  <\/div><!-- .entry-summary -->\n  <\/div><!-- .entry-main -->\n<\/div><!-- .meta-main-wrap -->\n<\/article><!-- end post -29372 -->\n<article id=\"post-29331\"class=\"cf post-29331 post type-post status-publish format-standard has-post-thumbnail hentry category-allgemein tag-home\">\n \t\t<div class=\"entry-thumbnail fadein\"> \t\t\t<a href=\"https:\/\/www.rwg-bayreuth.de\/home\/?p=29331\"><img loading=\"lazy\" decoding=\"async\" width=\"1024\" height=\"683\" src=\"https:\/\/www.rwg-bayreuth.de\/home\/wp-content\/uploads\/2021\/07\/20-21-Kreuzertag.jpg\" class=\"attachment-post-thumbnail size-post-thumbnail wp-post-image\" alt=\"\" srcset=\"https:\/\/www.rwg-bayreuth.de\/home\/wp-content\/uploads\/2021\/07\/20-21-Kreuzertag.jpg 1024w, https:\/\/www.rwg-bayreuth.de\/home\/wp-content\/uploads\/2021\/07\/20-21-Kreuzertag-450x300.jpg 450w, https:\/\/www.rwg-bayreuth.de\/home\/wp-content\/uploads\/2021\/07\/20-21-Kreuzertag-768x512.jpg 768w, https:\/\/www.rwg-bayreuth.de\/home\/wp-content\/uploads\/2021\/07\/20-21-Kreuzertag-250x167.jpg 250w, https:\/\/www.rwg-bayreuth.de\/home\/wp-content\/uploads\/2021\/07\/20-21-Kreuzertag-900x600.jpg 900w\" sizes=\"(max-width: 1024px) 100vw, 1024px\" \/><\/a> \t\t<\/div><!-- end .entry-thumbnail -->\n<div class=\"meta-main-wrap\">\n  <div class=\"\">\n    <header class=\"entry-header\">\n      <div class=\"entry-cats\">\n        <div class=\"kategorie\"><a href=\"https:\/\/www.rwg-bayreuth.de\/home\/?cat=1\" rel=\"category\">Schulleben<\/a><\/div>\n<div class=\"entry-edit\" >      <div class=\"entry-date\" >\n        <a href=\"https:\/\/www.rwg-bayreuth.de\/home\/?p=29331\">27. Juli 2021<\/a>\n      <\/div><\/div><!-- end .entry-date -->\n      <\/div><!-- end .entry-cats -->\n<h2 class=\"entry-title\"><a href=\"https:\/\/www.rwg-bayreuth.de\/home\/?p=29331\" rel=\"bookmark\">Endlich wieder Kreuzertag!<\/a><\/h2>\n    <\/header><!-- end .entry-header -->\n    <div class=\"entry-summary\">\nNachdem der letzte Besuch der Schulfamilie im Kreuzsteinbad pandemiebedingt ausfallen musste. Hie\u00df es am 27. Juli endlich wieder: Wir gehen alle ins Kreuzer! Man nehme einen sonnigen Vormittag, viel Wasser und Spa\u00df und schon kann\u2019s losgehen. Bereichert man diese Zutaten noch mit einem Radio Mainwelle-Team, das f\u00fcr die korrekte Musik sorgt und den traditionellen Arschbomben-Contest&hellip;\n  <\/div><!-- .entry-summary -->\n  <\/div><!-- .entry-main -->\n<\/div><!-- .meta-main-wrap -->\n<\/article><!-- end post -29331 -->\n<article id=\"post-29297\"class=\"cf post-29297 post type-post status-publish format-standard has-post-thumbnail hentry category-allgemein tag-home tag-relievangelisch\">\n \t\t<div class=\"entry-thumbnail fadein\"> \t\t\t<a href=\"https:\/\/www.rwg-bayreuth.de\/home\/?p=29297\"><img loading=\"lazy\" decoding=\"async\" width=\"1024\" height=\"683\" src=\"https:\/\/www.rwg-bayreuth.de\/home\/wp-content\/uploads\/2021\/07\/20-21-ZoepfeAb-B.jpg\" class=\"attachment-post-thumbnail size-post-thumbnail wp-post-image\" alt=\"\" srcset=\"https:\/\/www.rwg-bayreuth.de\/home\/wp-content\/uploads\/2021\/07\/20-21-ZoepfeAb-B.jpg 1024w, https:\/\/www.rwg-bayreuth.de\/home\/wp-content\/uploads\/2021\/07\/20-21-ZoepfeAb-B-450x300.jpg 450w, https:\/\/www.rwg-bayreuth.de\/home\/wp-content\/uploads\/2021\/07\/20-21-ZoepfeAb-B-768x512.jpg 768w, https:\/\/www.rwg-bayreuth.de\/home\/wp-content\/uploads\/2021\/07\/20-21-ZoepfeAb-B-250x167.jpg 250w, https:\/\/www.rwg-bayreuth.de\/home\/wp-content\/uploads\/2021\/07\/20-21-ZoepfeAb-B-900x600.jpg 900w\" sizes=\"(max-width: 1024px) 100vw, 1024px\" \/><\/a> \t\t<\/div><!-- end .entry-thumbnail -->\n<div class=\"meta-main-wrap\">\n  <div class=\"\">\n    <header class=\"entry-header\">\n      <div class=\"entry-cats\">\n        <div class=\"kategorie\"><a href=\"https:\/\/www.rwg-bayreuth.de\/home\/?cat=1\" rel=\"category\">Schulleben<\/a><\/div>\n<div class=\"entry-edit\" >      <div class=\"entry-date\" >\n        <a href=\"https:\/\/www.rwg-bayreuth.de\/home\/?p=29297\">26. Juli 2021<\/a>\n      <\/div><\/div><!-- end .entry-date -->\n      <\/div><!-- end .entry-cats -->\n<h2 class=\"entry-title\"><a href=\"https:\/\/www.rwg-bayreuth.de\/home\/?p=29297\" rel=\"bookmark\">Ab mit den alten Z\u00f6pfen!<\/a><\/h2>\n    <\/header><!-- end .entry-header -->\n    <div class=\"entry-summary\">\nIm n\u00e4chsten Schuljahr wird es eine Herausforderung der ganz besonderen Art f\u00fcr euch geben. Wenn ihr euch darauf vorbereiten wollt, lasst euch in den Ferien blo\u00df nicht die Haare abschneiden! Mehr Infos folgen im September&#8230;\n  <\/div><!-- .entry-summary -->\n  <\/div><!-- .entry-main -->\n<\/div><!-- .meta-main-wrap -->\n<\/article><!-- end post -29297 -->\n<article id=\"post-29405\"class=\"cf post-29405 post type-post status-publish format-standard has-post-thumbnail hentry category-allgemein tag-home tag-mint\">\n \t\t<div class=\"entry-thumbnail fadein\"> \t\t\t<a href=\"https:\/\/www.rwg-bayreuth.de\/home\/?p=29405\"><img loading=\"lazy\" decoding=\"async\" width=\"1024\" height=\"683\" src=\"https:\/\/www.rwg-bayreuth.de\/home\/wp-content\/uploads\/2021\/08\/20-21-Teilnehmerinnen-der-GirlsDayAkademie.jpg\" class=\"attachment-post-thumbnail size-post-thumbnail wp-post-image\" alt=\"\" srcset=\"https:\/\/www.rwg-bayreuth.de\/home\/wp-content\/uploads\/2021\/08\/20-21-Teilnehmerinnen-der-GirlsDayAkademie.jpg 1024w, https:\/\/www.rwg-bayreuth.de\/home\/wp-content\/uploads\/2021\/08\/20-21-Teilnehmerinnen-der-GirlsDayAkademie-450x300.jpg 450w, https:\/\/www.rwg-bayreuth.de\/home\/wp-content\/uploads\/2021\/08\/20-21-Teilnehmerinnen-der-GirlsDayAkademie-768x512.jpg 768w, https:\/\/www.rwg-bayreuth.de\/home\/wp-content\/uploads\/2021\/08\/20-21-Teilnehmerinnen-der-GirlsDayAkademie-250x167.jpg 250w, https:\/\/www.rwg-bayreuth.de\/home\/wp-content\/uploads\/2021\/08\/20-21-Teilnehmerinnen-der-GirlsDayAkademie-900x600.jpg 900w\" sizes=\"(max-width: 1024px) 100vw, 1024px\" \/><\/a> \t\t<\/div><!-- end .entry-thumbnail -->\n<div class=\"meta-main-wrap\">\n  <div class=\"\">\n    <header class=\"entry-header\">\n      <div class=\"entry-cats\">\n        <div class=\"kategorie\"><a href=\"https:\/\/www.rwg-bayreuth.de\/home\/?cat=1\" rel=\"category\">Schulleben<\/a><\/div>\n<div class=\"entry-edit\" >      <div class=\"entry-date\" >\n        <a href=\"https:\/\/www.rwg-bayreuth.de\/home\/?p=29405\">26. Juli 2021<\/a>\n      <\/div><\/div><!-- end .entry-date -->\n      <\/div><!-- end .entry-cats -->\n<h2 class=\"entry-title\"><a href=\"https:\/\/www.rwg-bayreuth.de\/home\/?p=29405\" rel=\"bookmark\">Girls&#8217;Day Akademie 2020\/21<\/a><\/h2>\n    <\/header><!-- end .entry-header -->\n    <div class=\"entry-summary\">\nViele kennen den Girls&#8217;Day als Berufsorientierungstag, an dem M\u00e4dchen in MINT-Berufe hineinschnuppern k\u00f6nnen. Mit der Girls&#8217;Day Akademie hatten vier Sch\u00fclerinnen aus den Jahrgangsstufen 8 und 9 im Schuljahr 2020\/21 die Gelegenheit ein ganzes Jahr Girls&#8217;Day zu erleben. Das Ziel der Girls&#8217;Day Akademie Bayreuth war es, M\u00e4dchen f\u00fcr Technik und technische Berufe zu begeistern. Mit Frau&hellip;\n  <\/div><!-- .entry-summary -->\n  <\/div><!-- .entry-main -->\n<\/div><!-- .meta-main-wrap -->\n<\/article><!-- end post -29405 -->\n<article id=\"post-29353\"class=\"cf post-29353 post type-post status-publish format-standard has-post-thumbnail hentry category-allgemein tag-home tag-smv\">\n \t\t<div class=\"entry-thumbnail fadein\"> \t\t\t<a href=\"https:\/\/www.rwg-bayreuth.de\/home\/?p=29353\"><img loading=\"lazy\" decoding=\"async\" width=\"1024\" height=\"683\" src=\"https:\/\/www.rwg-bayreuth.de\/home\/wp-content\/uploads\/2021\/08\/20-21-SMV-Fussballturnier-B.jpg\" class=\"attachment-post-thumbnail size-post-thumbnail wp-post-image\" alt=\"\" srcset=\"https:\/\/www.rwg-bayreuth.de\/home\/wp-content\/uploads\/2021\/08\/20-21-SMV-Fussballturnier-B.jpg 1024w, https:\/\/www.rwg-bayreuth.de\/home\/wp-content\/uploads\/2021\/08\/20-21-SMV-Fussballturnier-B-450x300.jpg 450w, https:\/\/www.rwg-bayreuth.de\/home\/wp-content\/uploads\/2021\/08\/20-21-SMV-Fussballturnier-B-768x512.jpg 768w, https:\/\/www.rwg-bayreuth.de\/home\/wp-content\/uploads\/2021\/08\/20-21-SMV-Fussballturnier-B-250x167.jpg 250w, https:\/\/www.rwg-bayreuth.de\/home\/wp-content\/uploads\/2021\/08\/20-21-SMV-Fussballturnier-B-900x600.jpg 900w\" sizes=\"(max-width: 1024px) 100vw, 1024px\" \/><\/a> \t\t<\/div><!-- end .entry-thumbnail -->\n<div class=\"meta-main-wrap\">\n  <div class=\"\">\n    <header class=\"entry-header\">\n      <div class=\"entry-cats\">\n        <div class=\"kategorie\"><a href=\"https:\/\/www.rwg-bayreuth.de\/home\/?cat=1\" rel=\"category\">Schulleben<\/a><\/div>\n<div class=\"entry-edit\" >      <div class=\"entry-date\" >\n        <a href=\"https:\/\/www.rwg-bayreuth.de\/home\/?p=29353\">26. Juli 2021<\/a>\n      <\/div><\/div><!-- end .entry-date -->\n      <\/div><!-- end .entry-cats -->\n<h2 class=\"entry-title\"><a href=\"https:\/\/www.rwg-bayreuth.de\/home\/?p=29353\" rel=\"bookmark\">Spektakul\u00e4re Sch\u00fcsse \u2013 klasse Paraden der Torh\u00fcter beim SMV-Fu\u00dfballturnier<\/a><\/h2>\n    <\/header><!-- end .entry-header -->\n    <div class=\"entry-summary\">\nEs ist so weit, endlich d\u00fcrfen wieder Turniere im RWG stattfinden, wenn auch in leicht ver\u00e4nderter Form. So konnte am vergangenen Montag die SMV ihr Fu\u00dfballturnier f\u00fcr die Unterstufe durchf\u00fchren. In den ersten beiden Stunden duellierten sich die 6.Kl\u00e4ssler, bei denen das Mixed-Team aus den Klassen 6a und 6b \u201eAbdi\u201c als Sieger hervorging. Hei\u00df her&hellip;\n  <\/div><!-- .entry-summary -->\n  <\/div><!-- .entry-main -->\n<\/div><!-- .meta-main-wrap -->\n<\/article><!-- end post -29353 -->\n<article id=\"post-29282\"class=\"cf post-29282 post type-post status-publish format-standard has-post-thumbnail hentry category-allgemein tag-deutsch tag-home tag-ldl-serie\">\n \t\t<div class=\"entry-thumbnail fadein\"> \t\t\t<a href=\"https:\/\/www.rwg-bayreuth.de\/home\/?p=29282\"><img loading=\"lazy\" decoding=\"async\" width=\"1024\" height=\"683\" src=\"https:\/\/www.rwg-bayreuth.de\/home\/wp-content\/uploads\/2021\/07\/20-21-Deutsch-LdL-Bsp.-Seite.jpg\" class=\"attachment-post-thumbnail size-post-thumbnail wp-post-image\" alt=\"\" srcset=\"https:\/\/www.rwg-bayreuth.de\/home\/wp-content\/uploads\/2021\/07\/20-21-Deutsch-LdL-Bsp.-Seite.jpg 1024w, https:\/\/www.rwg-bayreuth.de\/home\/wp-content\/uploads\/2021\/07\/20-21-Deutsch-LdL-Bsp.-Seite-450x300.jpg 450w, https:\/\/www.rwg-bayreuth.de\/home\/wp-content\/uploads\/2021\/07\/20-21-Deutsch-LdL-Bsp.-Seite-768x512.jpg 768w, https:\/\/www.rwg-bayreuth.de\/home\/wp-content\/uploads\/2021\/07\/20-21-Deutsch-LdL-Bsp.-Seite-250x167.jpg 250w, https:\/\/www.rwg-bayreuth.de\/home\/wp-content\/uploads\/2021\/07\/20-21-Deutsch-LdL-Bsp.-Seite-900x600.jpg 900w\" sizes=\"(max-width: 1024px) 100vw, 1024px\" \/><\/a> \t\t<\/div><!-- end .entry-thumbnail -->\n<div class=\"meta-main-wrap\">\n  <div class=\"\">\n    <header class=\"entry-header\">\n      <div class=\"entry-cats\">\n        <div class=\"kategorie\"><a href=\"https:\/\/www.rwg-bayreuth.de\/home\/?cat=1\" rel=\"category\">Schulleben<\/a><\/div>\n<div class=\"entry-edit\" >      <div class=\"entry-date\" >\n        <a href=\"https:\/\/www.rwg-bayreuth.de\/home\/?p=29282\">25. Juli 2021<\/a>\n      <\/div><\/div><!-- end .entry-date -->\n      <\/div><!-- end .entry-cats -->\n<h2 class=\"entry-title\"><a href=\"https:\/\/www.rwg-bayreuth.de\/home\/?p=29282\" rel=\"bookmark\">&#8218;LdL&#8216; &#8211; Teil 9: Mit Gedichten durch ein ganz besonderes (Corona)-Schuljahr<\/a><\/h2>\n    <\/header><!-- end .entry-header -->\n    <div class=\"entry-summary\">\nMit dem mittlerweile bereits neunten Teil unserer Reihe \u201aLernen [d]trotz Lockdown\u2018 blicken wir zur\u00fcck auf ein sehr turbulentes Schuljahr 2020\/2021, das mit den Monat Juli und den von vielen Sch\u00fcler(inne)n wie Lehrer(inne)n bereits herbeigesehnten, wohlverdienten Sommerferien einen vers\u00f6hnlichen Abschluss findet \u2013 immerhin macht sich langsam, aber sicher vielleicht auch die Vorfreude auf einen gleicherma\u00dfen erholsamen&hellip;\n  <\/div><!-- .entry-summary -->\n  <\/div><!-- .entry-main -->\n<\/div><!-- .meta-main-wrap -->\n<\/article><!-- end post -29282 -->\n<article id=\"post-29238\"class=\"cf post-29238 post type-post status-publish format-standard has-post-thumbnail hentry category-allgemein tag-home tag-sport\">\n \t\t<div class=\"entry-thumbnail fadein\"> \t\t\t<a href=\"https:\/\/www.rwg-bayreuth.de\/home\/?p=29238\"><img loading=\"lazy\" decoding=\"async\" width=\"1024\" height=\"683\" src=\"https:\/\/www.rwg-bayreuth.de\/home\/wp-content\/uploads\/2021\/07\/2021-Sportfest1.jpg\" class=\"attachment-post-thumbnail size-post-thumbnail wp-post-image\" alt=\"\" srcset=\"https:\/\/www.rwg-bayreuth.de\/home\/wp-content\/uploads\/2021\/07\/2021-Sportfest1.jpg 1024w, https:\/\/www.rwg-bayreuth.de\/home\/wp-content\/uploads\/2021\/07\/2021-Sportfest1-450x300.jpg 450w, https:\/\/www.rwg-bayreuth.de\/home\/wp-content\/uploads\/2021\/07\/2021-Sportfest1-768x512.jpg 768w, https:\/\/www.rwg-bayreuth.de\/home\/wp-content\/uploads\/2021\/07\/2021-Sportfest1-250x167.jpg 250w, https:\/\/www.rwg-bayreuth.de\/home\/wp-content\/uploads\/2021\/07\/2021-Sportfest1-900x600.jpg 900w\" sizes=\"(max-width: 1024px) 100vw, 1024px\" \/><\/a> \t\t<\/div><!-- end .entry-thumbnail -->\n<div class=\"meta-main-wrap\">\n  <div class=\"\">\n    <header class=\"entry-header\">\n      <div class=\"entry-cats\">\n        <div class=\"kategorie\"><a href=\"https:\/\/www.rwg-bayreuth.de\/home\/?cat=1\" rel=\"category\">Schulleben<\/a><\/div>\n<div class=\"entry-edit\" >      <div class=\"entry-date\" >\n        <a href=\"https:\/\/www.rwg-bayreuth.de\/home\/?p=29238\">23. Juli 2021<\/a>\n      <\/div><\/div><!-- end .entry-date -->\n      <\/div><!-- end .entry-cats -->\n<h2 class=\"entry-title\"><a href=\"https:\/\/www.rwg-bayreuth.de\/home\/?p=29238\" rel=\"bookmark\">Spiel- und Sportfest der Unterstufe<\/a><\/h2>\n    <\/header><!-- end .entry-header -->\n    <div class=\"entry-summary\">\nWer ist die sportlichste Klasse unserer Jahrgangsstufe? \u2013 dieser Frage stellten sich die 5.-7. Klassen am vergangenen Montag beim Sportfest der Unterstufe. Die Sch\u00fclerinnen und Sch\u00fcler traten bei herrlichem Wetter in verschiedenen Disziplinen gegeneinander an, um Punkte f\u00fcr ihr Team zu sammeln. Begonnen wurde mit den spannenden Staffelwettbewerben der M\u00e4dchen, gefolgt von denen der Jungs.&hellip;\n  <\/div><!-- .entry-summary -->\n  <\/div><!-- .entry-main -->\n<\/div><!-- .meta-main-wrap -->\n<\/article><!-- end post -29238 -->\n<article id=\"post-29458\"class=\"cf post-29458 post type-post status-publish format-standard has-post-thumbnail hentry category-allgemein tag-home tag-sozialkunde\">\n \t\t<div class=\"entry-thumbnail fadein\"> \t\t\t<a href=\"https:\/\/www.rwg-bayreuth.de\/home\/?p=29458\"><img loading=\"lazy\" decoding=\"async\" width=\"1024\" height=\"683\" src=\"https:\/\/www.rwg-bayreuth.de\/home\/wp-content\/uploads\/2021\/09\/21-22-EmS_Badge2020_21-B.jpg\" class=\"attachment-post-thumbnail size-post-thumbnail wp-post-image\" alt=\"\" srcset=\"https:\/\/www.rwg-bayreuth.de\/home\/wp-content\/uploads\/2021\/09\/21-22-EmS_Badge2020_21-B.jpg 1024w, https:\/\/www.rwg-bayreuth.de\/home\/wp-content\/uploads\/2021\/09\/21-22-EmS_Badge2020_21-B-450x300.jpg 450w, https:\/\/www.rwg-bayreuth.de\/home\/wp-content\/uploads\/2021\/09\/21-22-EmS_Badge2020_21-B-768x512.jpg 768w, https:\/\/www.rwg-bayreuth.de\/home\/wp-content\/uploads\/2021\/09\/21-22-EmS_Badge2020_21-B-250x167.jpg 250w, https:\/\/www.rwg-bayreuth.de\/home\/wp-content\/uploads\/2021\/09\/21-22-EmS_Badge2020_21-B-900x600.jpg 900w\" sizes=\"(max-width: 1024px) 100vw, 1024px\" \/><\/a> \t\t<\/div><!-- end .entry-thumbnail -->\n<div class=\"meta-main-wrap\">\n  <div class=\"\">\n    <header class=\"entry-header\">\n      <div class=\"entry-cats\">\n        <div class=\"kategorie\"><a href=\"https:\/\/www.rwg-bayreuth.de\/home\/?cat=1\" rel=\"category\">Schulleben<\/a><\/div>\n<div class=\"entry-edit\" >      <div class=\"entry-date\" >\n        <a href=\"https:\/\/www.rwg-bayreuth.de\/home\/?p=29458\">20. Juli 2021<\/a>\n      <\/div><\/div><!-- end .entry-date -->\n      <\/div><!-- end .entry-cats -->\n<h2 class=\"entry-title\"><a href=\"https:\/\/www.rwg-bayreuth.de\/home\/?p=29458\" rel=\"bookmark\">\u201eEuropa macht Schule\u201c mit dem DAAD in Bayreuth<\/a><\/h2>\n    <\/header><!-- end .entry-header -->\n    <div class=\"entry-summary\">\nIm Schuljahr 2020\/2021 hat der Sozialkundezweig der neunten Klassen im Rahmen des Themas \u201eEuropa\u201c ein Projekt mit dem Deutschen Akademischen Auslandsdienst (DAAD) durchgef\u00fchrt. Begleitet wurde das Projekt von \u201eEuropa macht Schule\u201c, einem Programm des DAAD spezifisch f\u00fcr den schulischen Kontext. \u00dcber diesen Weg konnte der Kontakt mit der Universit\u00e4t Bayreuth hergestellt werden, welche eine Austauschstudentin&hellip;\n  <\/div><!-- .entry-summary -->\n  <\/div><!-- .entry-main -->\n<\/div><!-- .meta-main-wrap -->\n<\/article><!-- end post -29458 -->\n<article id=\"post-29142\"class=\"cf post-29142 post type-post status-publish format-standard has-post-thumbnail hentry category-allgemein tag-home\">\n \t\t<div class=\"entry-thumbnail fadein\"> \t\t\t<a href=\"https:\/\/www.rwg-bayreuth.de\/home\/?p=29142\"><img loading=\"lazy\" decoding=\"async\" width=\"1024\" height=\"683\" src=\"https:\/\/www.rwg-bayreuth.de\/home\/wp-content\/uploads\/2021\/07\/20-21-Abiverabschiedung-B.jpg\" class=\"attachment-post-thumbnail size-post-thumbnail wp-post-image\" alt=\"\" srcset=\"https:\/\/www.rwg-bayreuth.de\/home\/wp-content\/uploads\/2021\/07\/20-21-Abiverabschiedung-B.jpg 1024w, https:\/\/www.rwg-bayreuth.de\/home\/wp-content\/uploads\/2021\/07\/20-21-Abiverabschiedung-B-450x300.jpg 450w, https:\/\/www.rwg-bayreuth.de\/home\/wp-content\/uploads\/2021\/07\/20-21-Abiverabschiedung-B-768x512.jpg 768w, https:\/\/www.rwg-bayreuth.de\/home\/wp-content\/uploads\/2021\/07\/20-21-Abiverabschiedung-B-250x167.jpg 250w, https:\/\/www.rwg-bayreuth.de\/home\/wp-content\/uploads\/2021\/07\/20-21-Abiverabschiedung-B-900x600.jpg 900w\" sizes=\"(max-width: 1024px) 100vw, 1024px\" \/><\/a> \t\t<\/div><!-- end .entry-thumbnail -->\n<div class=\"meta-main-wrap\">\n  <div class=\"\">\n    <header class=\"entry-header\">\n      <div class=\"entry-cats\">\n        <div class=\"kategorie\"><a href=\"https:\/\/www.rwg-bayreuth.de\/home\/?cat=1\" rel=\"category\">Schulleben<\/a><\/div>\n<div class=\"entry-edit\" >      <div class=\"entry-date\" >\n        <a href=\"https:\/\/www.rwg-bayreuth.de\/home\/?p=29142\">20. Juli 2021<\/a>\n      <\/div><\/div><!-- end .entry-date -->\n      <\/div><!-- end .entry-cats -->\n<h2 class=\"entry-title\"><a href=\"https:\/\/www.rwg-bayreuth.de\/home\/?p=29142\" rel=\"bookmark\">\u201eMit Abstand die Besten\u201c \u2013 Der Abi-Jahrgang 2021 verl\u00e4sst das RWG<\/a><\/h2>\n    <\/header><!-- end .entry-header -->\n    <div class=\"entry-summary\">\nDas in der \u00dcberschrift genannte Motto des Abiturjahrgangs 2021 trifft in vielerlei Hinsicht zu, wie in zahlreichen Beitr\u00e4gen bei der feierlichen Verabschiedung immer wieder zu h\u00f6ren war. Aber dazu sp\u00e4ter mehr\u2026 Die Feierlichkeiten am Freitag, den 16.07.21, begannen traditionell am Nachmittag mit einem sehr stimmungsvollen Gottesdienst, den zahlreiche Abiturientinnen mit den Religionslehrerinnen Frau Bachmann und&hellip;\n  <\/div><!-- .entry-summary -->\n  <\/div><!-- .entry-main -->\n<\/div><!-- .meta-main-wrap -->\n<\/article><!-- end post -29142 -->\n<article id=\"post-29227\"class=\"cf post-29227 post type-post status-publish format-standard has-post-thumbnail hentry category-allgemein tag-home tag-latein\">\n \t\t<div class=\"entry-thumbnail fadein\"> \t\t\t<a href=\"https:\/\/www.rwg-bayreuth.de\/home\/?p=29227\"><img loading=\"lazy\" decoding=\"async\" width=\"1024\" height=\"683\" src=\"https:\/\/www.rwg-bayreuth.de\/home\/wp-content\/uploads\/2021\/07\/20-21-Lateinwettbewerb-KLassensieger.jpg\" class=\"attachment-post-thumbnail size-post-thumbnail wp-post-image\" alt=\"\" srcset=\"https:\/\/www.rwg-bayreuth.de\/home\/wp-content\/uploads\/2021\/07\/20-21-Lateinwettbewerb-KLassensieger.jpg 1024w, https:\/\/www.rwg-bayreuth.de\/home\/wp-content\/uploads\/2021\/07\/20-21-Lateinwettbewerb-KLassensieger-450x300.jpg 450w, https:\/\/www.rwg-bayreuth.de\/home\/wp-content\/uploads\/2021\/07\/20-21-Lateinwettbewerb-KLassensieger-768x512.jpg 768w, https:\/\/www.rwg-bayreuth.de\/home\/wp-content\/uploads\/2021\/07\/20-21-Lateinwettbewerb-KLassensieger-250x167.jpg 250w, https:\/\/www.rwg-bayreuth.de\/home\/wp-content\/uploads\/2021\/07\/20-21-Lateinwettbewerb-KLassensieger-900x600.jpg 900w\" sizes=\"(max-width: 1024px) 100vw, 1024px\" \/><\/a> \t\t<\/div><!-- end .entry-thumbnail -->\n<div class=\"meta-main-wrap\">\n  <div class=\"\">\n    <header class=\"entry-header\">\n      <div class=\"entry-cats\">\n        <div class=\"kategorie\"><a href=\"https:\/\/www.rwg-bayreuth.de\/home\/?cat=1\" rel=\"category\">Schulleben<\/a><\/div>\n<div class=\"entry-edit\" >      <div class=\"entry-date\" >\n        <a href=\"https:\/\/www.rwg-bayreuth.de\/home\/?p=29227\">19. Juli 2021<\/a>\n      <\/div><\/div><!-- end .entry-date -->\n      <\/div><!-- end .entry-cats -->\n<h2 class=\"entry-title\"><a href=\"https:\/\/www.rwg-bayreuth.de\/home\/?p=29227\" rel=\"bookmark\">Auszeichnung f\u00fcr die erfolgreiche Teilnahme beim t\u00e4glichen r\u00f6mischen Ratequiz\u2026<\/a><\/h2>\n    <\/header><!-- end .entry-header -->\n    <div class=\"entry-summary\">\nFast einen ganzen Monat lang den R\u00f6mern sowie den antiken Alltagsgewohnheiten etc. auf der Spur waren die Lateinlerner der Jahrgangsstufen 6-12 im vergangenen Dezember gewesen\u2026der lateinische Adventskalender hatte in diesem Schuljahr Premiere gefeiert am RWG! Hinter insgesamt 26 unterschiedlichen \u201aT\u00fcrchen\u2018 \u2013 digital bereitgestellt auf unserer schulinternen Cloud \u2013 verbargen sich in der Adventszeit im Dezember&hellip;\n  <\/div><!-- .entry-summary -->\n  <\/div><!-- .entry-main -->\n<\/div><!-- .meta-main-wrap -->\n<\/article><!-- end post -29227 -->\n<ul class='lcp_paginator'><li class='lcp_currentpage'>1<\/li><li><a href='https:\/\/www.rwg-bayreuth.de\/home\/index.php?rest_route=%2Fwp%2Fv2%2Fpages%2F29448&#038;lcp_page0=2#lcp_instance_0' title='2'>2<\/a><\/li><li><a href='https:\/\/www.rwg-bayreuth.de\/home\/index.php?rest_route=%2Fwp%2Fv2%2Fpages%2F29448&#038;lcp_page0=3#lcp_instance_0' title='3'>3<\/a><\/li><li><a href='https:\/\/www.rwg-bayreuth.de\/home\/index.php?rest_route=%2Fwp%2Fv2%2Fpages%2F29448&#038;lcp_page0=4#lcp_instance_0' title='4'>4<\/a><\/li><li><a href='https:\/\/www.rwg-bayreuth.de\/home\/index.php?rest_route=%2Fwp%2Fv2%2Fpages%2F29448&#038;lcp_page0=5#lcp_instance_0' title='5'>5<\/a><\/li><li><a href='https:\/\/www.rwg-bayreuth.de\/home\/index.php?rest_route=%2Fwp%2Fv2%2Fpages%2F29448&#038;lcp_page0=6#lcp_instance_0' title='6'>6<\/a><\/li><span class='lcp_elipsis'>...<\/span><li><a href='https:\/\/www.rwg-bayreuth.de\/home\/index.php?rest_route=%2Fwp%2Fv2%2Fpages%2F29448&#038;lcp_page0=8#lcp_instance_0' title='8'>8<\/a><\/li><li><a href='https:\/\/www.rwg-bayreuth.de\/home\/index.php?rest_route=%2Fwp%2Fv2%2Fpages%2F29448&#038;lcp_page0=2#lcp_instance_0' title='2' class='lcp_nextlink'>&gt;&gt;<\/a><\/li><\/ul><\/div><!-- end .rwg_post_list -->\n<div class=\"flex-container\"  style=\"margin-bottom: 50px\">\n<a class=\"flex-item\" style=\"flex-grow: 1; flex-basis: auto\" href=\"#seitenanfang\">zum Seitenanfang<\/a>\n<\/div>\n","protected":false},"excerpt":{"rendered":"<p>Berichte aus dem Schuljahr 2020\/21 zum Seitenanfang<\/p>\n","protected":false},"author":11,"featured_media":0,"parent":14662,"menu_order":0,"comment_status":"closed","ping_status":"closed","template":"page-templates\/no-sidebar.php","meta":{"footnotes":""},"tags":[54],"_links":{"self":[{"href":"https:\/\/www.rwg-bayreuth.de\/home\/index.php?rest_route=\/wp\/v2\/pages\/29448"}],"collection":[{"href":"https:\/\/www.rwg-bayreuth.de\/home\/index.php?rest_route=\/wp\/v2\/pages"}],"about":[{"href":"https:\/\/www.rwg-bayreuth.de\/home\/index.php?rest_route=\/wp\/v2\/types\/page"}],"author":[{"embeddable":true,"href":"https:\/\/www.rwg-bayreuth.de\/home\/index.php?rest_route=\/wp\/v2\/users\/11"}],"replies":[{"embeddable":true,"href":"https:\/\/www.rwg-bayreuth.de\/home\/index.php?rest_route=%2Fwp%2Fv2%2Fcomments&post=29448"}],"version-history":[{"count":2,"href":"https:\/\/www.rwg-bayreuth.de\/home\/index.php?rest_route=\/wp\/v2\/pages\/29448\/revisions"}],"predecessor-version":[{"id":31975,"href":"https:\/\/www.rwg-bayreuth.de\/home\/index.php?rest_route=\/wp\/v2\/pages\/29448\/revisions\/31975"}],"up":[{"embeddable":true,"href":"https:\/\/www.rwg-bayreuth.de\/home\/index.php?rest_route=\/wp\/v2\/pages\/14662"}],"wp:attachment":[{"href":"https:\/\/www.rwg-bayreuth.de\/home\/index.php?rest_route=%2Fwp%2Fv2%2Fmedia&parent=29448"}],"wp:term":[{"taxonomy":"post_tag","embeddable":true,"href":"https:\/\/www.rwg-bayreuth.de\/home\/index.php?rest_route=%2Fwp%2Fv2%2Ftags&post=29448"}],"curies":[{"name":"wp","href":"https:\/\/api.w.org\/{rel}","templated":true}]}}