{"id":26962,"date":"2020-09-12T20:35:31","date_gmt":"2020-09-12T18:35:31","guid":{"rendered":"http:\/\/www.rwg-bayreuth.de\/home\/?page_id=26962"},"modified":"2023-09-28T17:40:34","modified_gmt":"2023-09-28T15:40:34","slug":"berichte-2","status":"publish","type":"page","link":"https:\/\/www.rwg-bayreuth.de\/home\/?page_id=26962","title":{"rendered":"Berichte"},"content":{"rendered":"<span id=\"seitenanfang\"><\/span><p>Hier finden Sie die Berichte aus dem Schulleben des RWG seit dem Schuljahr 2016\/17. \u00c4ltere Berichte <!--sind im Archiv der Beitr\u00e4ge gesammelt und -->k\u00f6nnen \u00fcber die <!--Startseite und die -->Suchfunktion aufgerufen werden.<\/p>\r\n\r\n<div class=\"grid-container-faecher grid-container-beitragsjahre\"  style=\"margin-bottom: 50px\"><!--\r\n--><a class=\"grid-item-faecher grid-item-beitragsjahre\" href=\"http:\/\/www.rwg-bayreuth.de\/home\/?page_id=3915\">Aktuell<\/a><!--\r\n--><a class=\"grid-item-faecher grid-item-beitragsjahre\" href=\"http:\/\/www.rwg-bayreuth.de\/home\/?page_id=39785\">2024\/25<\/a><!--\r\n--><a class=\"grid-item-faecher grid-item-beitragsjahre\" href=\"http:\/\/www.rwg-bayreuth.de\/home\/?page_id=37075\">2023\/24<\/a><!--\r\n--><a class=\"grid-item-faecher grid-item-beitragsjahre\" href=\"http:\/\/www.rwg-bayreuth.de\/home\/?page_id=34538\">2022\/23<\/a><!--\r\n--><a class=\"grid-item-faecher grid-item-beitragsjahre\" href=\"http:\/\/www.rwg-bayreuth.de\/home\/?page_id=31965\">2021\/22<\/a><!--\r\n--><a class=\"grid-item-faecher grid-item-beitragsjahre\" href=\"http:\/\/www.rwg-bayreuth.de\/home\/?page_id=29448\">2020\/21<\/a><!--\r\n--><a class=\"grid-item-faecher grid-item-beitragsjahre\" href=\"http:\/\/www.rwg-bayreuth.de\/home\/?page_id=26962\">2019\/20<\/a><!--\r\n--><a class=\"grid-item-faecher grid-item-beitragsjahre\" href=\"http:\/\/www.rwg-bayreuth.de\/home\/?page_id=22430\">2018\/19<\/a><!--\r\n--><a class=\"grid-item-faecher grid-item-beitragsjahre\" href=\"http:\/\/www.rwg-bayreuth.de\/home\/?page_id=21895\">2017\/18<\/a><!--\r\n--><a class=\"grid-item-faecher grid-item-beitragsjahre\" href=\"http:\/\/www.rwg-bayreuth.de\/home\/?page_id=21882\">2016\/17<\/a><!--\r\n--><\/div><!--<div class=\"flex-container\"  style=\"margin-bottom: 50px\">\r\n<a class=\"flex-item flex-item-gleicheBreite\" href=\"http:\/\/www.rwg-bayreuth.de\/home\/?page_id=3915\">Aktuell<\/a>\r\n<a class=\"flex-item flex-item-gleicheBreite\" href=\"http:\/\/www.rwg-bayreuth.de\/home\/?page_id=31965\">2021\/22<\/a>\r\n<a class=\"flex-item flex-item-gleicheBreite\" href=\"http:\/\/www.rwg-bayreuth.de\/home\/?page_id=29448\">2020\/21<\/a>\r\n<a class=\"flex-item flex-item-gleicheBreite\" href=\"http:\/\/www.rwg-bayreuth.de\/home\/?page_id=26962\">2019\/20<\/a>\r\n<a class=\"flex-item flex-item-gleicheBreite\" href=\"http:\/\/www.rwg-bayreuth.de\/home\/?page_id=22430\">2018\/19<\/a>\r\n<a class=\"flex-item flex-item-gleicheBreite\" href=\"http:\/\/www.rwg-bayreuth.de\/home\/?page_id=21895\">2017\/18<\/a>\r\n<a class=\"flex-item flex-item-gleicheBreite\" href=\"http:\/\/www.rwg-bayreuth.de\/home\/?page_id=21882\">2016\/17<\/a>\r\n<\/div>-->\n<h1>Berichte aus dem Schuljahr 2019\/20<\/h1>\n<div class=\"rwg_post_list\"><article id=\"post-26686\"class=\"cf post-26686 post type-post status-publish format-standard has-post-thumbnail hentry category-allgemein tag-home tag-musik\">\n \t\t<div class=\"entry-thumbnail fadein\"> \t\t\t<a href=\"https:\/\/www.rwg-bayreuth.de\/home\/?p=26686\"><img loading=\"lazy\" decoding=\"async\" width=\"1024\" height=\"683\" src=\"https:\/\/www.rwg-bayreuth.de\/home\/wp-content\/uploads\/2020\/06\/19-20-Sommerkonzert2020.jpg\" class=\"attachment-post-thumbnail size-post-thumbnail wp-post-image\" alt=\"\" srcset=\"https:\/\/www.rwg-bayreuth.de\/home\/wp-content\/uploads\/2020\/06\/19-20-Sommerkonzert2020.jpg 1024w, https:\/\/www.rwg-bayreuth.de\/home\/wp-content\/uploads\/2020\/06\/19-20-Sommerkonzert2020-450x300.jpg 450w, https:\/\/www.rwg-bayreuth.de\/home\/wp-content\/uploads\/2020\/06\/19-20-Sommerkonzert2020-768x512.jpg 768w, https:\/\/www.rwg-bayreuth.de\/home\/wp-content\/uploads\/2020\/06\/19-20-Sommerkonzert2020-250x167.jpg 250w, https:\/\/www.rwg-bayreuth.de\/home\/wp-content\/uploads\/2020\/06\/19-20-Sommerkonzert2020-900x600.jpg 900w\" sizes=\"(max-width: 1024px) 100vw, 1024px\" \/><\/a> \t\t<\/div><!-- end .entry-thumbnail -->\n<div class=\"meta-main-wrap\">\n  <div class=\"\">\n    <header class=\"entry-header\">\n      <div class=\"entry-cats\">\n        <div class=\"kategorie\"><a href=\"https:\/\/www.rwg-bayreuth.de\/home\/?cat=1\" rel=\"category\">Schulleben<\/a><\/div>\n<div class=\"entry-edit\" >      <div class=\"entry-date\" >\n        <a href=\"https:\/\/www.rwg-bayreuth.de\/home\/?p=26686\">26. Juli 2020<\/a>\n      <\/div><\/div><!-- end .entry-date -->\n      <\/div><!-- end .entry-cats -->\n<h2 class=\"entry-title\"><a href=\"https:\/\/www.rwg-bayreuth.de\/home\/?p=26686\" rel=\"bookmark\">Sommerkonzert 2020<\/a><\/h2>\n    <\/header><!-- end .entry-header -->\n    <div class=\"entry-summary\">\nLiebe Schulfamilie, Trotz der widrigen Umst\u00e4nde wollten wir uns unser Sommerkonzert nicht von einem Virus nehmen lassen. Und wenn wir es nicht in der Realit\u00e4t geben k\u00f6nnen, dann eben online. Vielen Dank an alle Sch\u00fcler, Lehrer und Eltern, die durch ihr Mitwirken dieses Konzert erst m\u00f6glich gemacht haben! Ein herzlicher Dank gilt auch unseren befreundeten&hellip;\n  <\/div><!-- .entry-summary -->\n  <\/div><!-- .entry-main -->\n<\/div><!-- .meta-main-wrap -->\n<\/article><!-- end post -26686 -->\n<article id=\"post-26762\"class=\"cf post-26762 post type-post status-publish format-standard has-post-thumbnail hentry category-allgemein tag-home\">\n \t\t<div class=\"entry-thumbnail fadein\"> \t\t\t<a href=\"https:\/\/www.rwg-bayreuth.de\/home\/?p=26762\"><img loading=\"lazy\" decoding=\"async\" width=\"1024\" height=\"683\" src=\"https:\/\/www.rwg-bayreuth.de\/home\/wp-content\/uploads\/2020\/07\/Abi2020-B.jpg\" class=\"attachment-post-thumbnail size-post-thumbnail wp-post-image\" alt=\"\" srcset=\"https:\/\/www.rwg-bayreuth.de\/home\/wp-content\/uploads\/2020\/07\/Abi2020-B.jpg 1024w, https:\/\/www.rwg-bayreuth.de\/home\/wp-content\/uploads\/2020\/07\/Abi2020-B-450x300.jpg 450w, https:\/\/www.rwg-bayreuth.de\/home\/wp-content\/uploads\/2020\/07\/Abi2020-B-768x512.jpg 768w, https:\/\/www.rwg-bayreuth.de\/home\/wp-content\/uploads\/2020\/07\/Abi2020-B-250x167.jpg 250w, https:\/\/www.rwg-bayreuth.de\/home\/wp-content\/uploads\/2020\/07\/Abi2020-B-900x600.jpg 900w, https:\/\/www.rwg-bayreuth.de\/home\/wp-content\/uploads\/2020\/07\/Abi2020-B-600x400.jpg 600w\" sizes=\"(max-width: 1024px) 100vw, 1024px\" \/><\/a> \t\t<\/div><!-- end .entry-thumbnail -->\n<div class=\"meta-main-wrap\">\n  <div class=\"\">\n    <header class=\"entry-header\">\n      <div class=\"entry-cats\">\n        <div class=\"kategorie\"><a href=\"https:\/\/www.rwg-bayreuth.de\/home\/?cat=1\" rel=\"category\">Schulleben<\/a><\/div>\n<div class=\"entry-edit\" >      <div class=\"entry-date\" >\n        <a href=\"https:\/\/www.rwg-bayreuth.de\/home\/?p=26762\">16. Juli 2020<\/a>\n      <\/div><\/div><!-- end .entry-date -->\n      <\/div><!-- end .entry-cats -->\n<h2 class=\"entry-title\"><a href=\"https:\/\/www.rwg-bayreuth.de\/home\/?p=26762\" rel=\"bookmark\">Abitur in einem denkw\u00fcrdigen Jahr &#8211; <br> Verabschie&shy;dung der Abi&shy;tu&shy;ri&shy;en&shy;tinnen und Abiturienten 2020<\/a><\/h2>\n    <\/header><!-- end .entry-header -->\n    <div class=\"entry-summary\">\nAm Freitag, dem 17. Juli 2020, war es endlich soweit: Der Abiturjahrgang 2020 des Richard-Wagner-Gymnasiums erhielt die Abschlusszeugnisse...\n  <\/div><!-- .entry-summary -->\n  <\/div><!-- .entry-main -->\n<\/div><!-- .meta-main-wrap -->\n<\/article><!-- end post -26762 -->\n<article id=\"post-26755\"class=\"cf post-26755 post type-post status-publish format-standard has-post-thumbnail hentry category-allgemein tag-home tag-kunst\">\n \t\t<div class=\"entry-thumbnail fadein\"> \t\t\t<a href=\"https:\/\/www.rwg-bayreuth.de\/home\/?p=26755\"><img loading=\"lazy\" decoding=\"async\" width=\"450\" height=\"300\" src=\"https:\/\/www.rwg-bayreuth.de\/home\/wp-content\/uploads\/2020\/07\/19-20-Europ\u00e4ischer-Wettbewerb-B.jpg\" class=\"attachment-post-thumbnail size-post-thumbnail wp-post-image\" alt=\"\" srcset=\"https:\/\/www.rwg-bayreuth.de\/home\/wp-content\/uploads\/2020\/07\/19-20-Europ\u00e4ischer-Wettbewerb-B.jpg 450w, https:\/\/www.rwg-bayreuth.de\/home\/wp-content\/uploads\/2020\/07\/19-20-Europ\u00e4ischer-Wettbewerb-B-250x167.jpg 250w\" sizes=\"(max-width: 450px) 100vw, 450px\" \/><\/a> \t\t<\/div><!-- end .entry-thumbnail -->\n<div class=\"meta-main-wrap\">\n  <div class=\"\">\n    <header class=\"entry-header\">\n      <div class=\"entry-cats\">\n        <div class=\"kategorie\"><a href=\"https:\/\/www.rwg-bayreuth.de\/home\/?cat=1\" rel=\"category\">Schulleben<\/a><\/div>\n<div class=\"entry-edit\" >      <div class=\"entry-date\" >\n        <a href=\"https:\/\/www.rwg-bayreuth.de\/home\/?p=26755\">14. Juli 2020<\/a>\n      <\/div><\/div><!-- end .entry-date -->\n      <\/div><!-- end .entry-cats -->\n<h2 class=\"entry-title\"><a href=\"https:\/\/www.rwg-bayreuth.de\/home\/?p=26755\" rel=\"bookmark\">Europa mit Herz<\/a><\/h2>\n    <\/header><!-- end .entry-header -->\n    <div class=\"entry-summary\">\nGestern gegen 11 Uhr erschien auf dem kleinen Radiosender \u201eEuroherz\u201c ein Podcast, welcher anstelle der Siegerehrung f\u00fcr den diesj\u00e4hrigen Europ\u00e4ischen Wettbewerb steht. Auch unsere Siegerinnen wurden mittels eines Fragebogens interviewt und gaben ihre Antworten per Sprachaufzeichnung weiter. Ihre Ansichten zur Zukunft Europas im Hinblick auf Umwelt- und Klimaschutz, Miteinander und Wertekultur wurden thematisch extrahiert und&hellip;\n  <\/div><!-- .entry-summary -->\n  <\/div><!-- .entry-main -->\n<\/div><!-- .meta-main-wrap -->\n<\/article><!-- end post -26755 -->\n<article id=\"post-26675\"class=\"cf post-26675 post type-post status-publish format-standard has-post-thumbnail hentry category-allgemein tag-home tag-kochen tag-rezepte\">\n \t\t<div class=\"entry-thumbnail fadein\"> \t\t\t<a href=\"https:\/\/www.rwg-bayreuth.de\/home\/?p=26675\"><img loading=\"lazy\" decoding=\"async\" width=\"1024\" height=\"683\" src=\"https:\/\/www.rwg-bayreuth.de\/home\/wp-content\/uploads\/2020\/06\/19-20-Spaghetti-alla-siracusana-und-Crostata-al-limone-B.jpg\" class=\"attachment-post-thumbnail size-post-thumbnail wp-post-image\" alt=\"\" srcset=\"https:\/\/www.rwg-bayreuth.de\/home\/wp-content\/uploads\/2020\/06\/19-20-Spaghetti-alla-siracusana-und-Crostata-al-limone-B.jpg 1024w, https:\/\/www.rwg-bayreuth.de\/home\/wp-content\/uploads\/2020\/06\/19-20-Spaghetti-alla-siracusana-und-Crostata-al-limone-B-450x300.jpg 450w, https:\/\/www.rwg-bayreuth.de\/home\/wp-content\/uploads\/2020\/06\/19-20-Spaghetti-alla-siracusana-und-Crostata-al-limone-B-768x512.jpg 768w, https:\/\/www.rwg-bayreuth.de\/home\/wp-content\/uploads\/2020\/06\/19-20-Spaghetti-alla-siracusana-und-Crostata-al-limone-B-250x167.jpg 250w, https:\/\/www.rwg-bayreuth.de\/home\/wp-content\/uploads\/2020\/06\/19-20-Spaghetti-alla-siracusana-und-Crostata-al-limone-B-900x600.jpg 900w\" sizes=\"(max-width: 1024px) 100vw, 1024px\" \/><\/a> \t\t<\/div><!-- end .entry-thumbnail -->\n<div class=\"meta-main-wrap\">\n  <div class=\"\">\n    <header class=\"entry-header\">\n      <div class=\"entry-cats\">\n        <div class=\"kategorie\"><a href=\"https:\/\/www.rwg-bayreuth.de\/home\/?cat=1\" rel=\"category\">Schulleben<\/a><\/div>\n<div class=\"entry-edit\" >      <div class=\"entry-date\" >\n        <a href=\"https:\/\/www.rwg-bayreuth.de\/home\/?p=26675\">29. Juni 2020<\/a>\n      <\/div><\/div><!-- end .entry-date -->\n      <\/div><!-- end .entry-cats -->\n<h2 class=\"entry-title\"><a href=\"https:\/\/www.rwg-bayreuth.de\/home\/?p=26675\" rel=\"bookmark\">Urlaubsk\u00fcche #3<\/a><\/h2>\n    <\/header><!-- end .entry-header -->\n    <div class=\"entry-summary\">\nOh, wie sch\u00f6n ist &hellip;<br>\r\n - nein, nicht Panama, sondern Italien.<br>\r\nDeshalb bleiben wir noch 'ne Woche. Diesmal gibt's Rezepte aus Kalabrien.\n  <\/div><!-- .entry-summary -->\n  <\/div><!-- .entry-main -->\n<\/div><!-- .meta-main-wrap -->\n<\/article><!-- end post -26675 -->\n<article id=\"post-26661\"class=\"cf post-26661 post type-post status-publish format-standard has-post-thumbnail hentry category-allgemein tag-home tag-wr\">\n \t\t<div class=\"entry-thumbnail fadein\"> \t\t\t<a href=\"https:\/\/www.rwg-bayreuth.de\/home\/?p=26661\"><img loading=\"lazy\" decoding=\"async\" width=\"1024\" height=\"682\" src=\"https:\/\/www.rwg-bayreuth.de\/home\/wp-content\/uploads\/2020\/06\/19-20-WR-Foto_Laden_4-B.jpg\" class=\"attachment-post-thumbnail size-post-thumbnail wp-post-image\" alt=\"\" srcset=\"https:\/\/www.rwg-bayreuth.de\/home\/wp-content\/uploads\/2020\/06\/19-20-WR-Foto_Laden_4-B.jpg 1024w, https:\/\/www.rwg-bayreuth.de\/home\/wp-content\/uploads\/2020\/06\/19-20-WR-Foto_Laden_4-B-450x300.jpg 450w, https:\/\/www.rwg-bayreuth.de\/home\/wp-content\/uploads\/2020\/06\/19-20-WR-Foto_Laden_4-B-768x512.jpg 768w, https:\/\/www.rwg-bayreuth.de\/home\/wp-content\/uploads\/2020\/06\/19-20-WR-Foto_Laden_4-B-250x167.jpg 250w, https:\/\/www.rwg-bayreuth.de\/home\/wp-content\/uploads\/2020\/06\/19-20-WR-Foto_Laden_4-B-900x600.jpg 900w\" sizes=\"(max-width: 1024px) 100vw, 1024px\" \/><\/a> \t\t<\/div><!-- end .entry-thumbnail -->\n<div class=\"meta-main-wrap\">\n  <div class=\"\">\n    <header class=\"entry-header\">\n      <div class=\"entry-cats\">\n        <div class=\"kategorie\"><a href=\"https:\/\/www.rwg-bayreuth.de\/home\/?cat=1\" rel=\"category\">Schulleben<\/a><\/div>\n<div class=\"entry-edit\" >      <div class=\"entry-date\" >\n        <a href=\"https:\/\/www.rwg-bayreuth.de\/home\/?p=26661\">21. Juni 2020<\/a>\n      <\/div><\/div><!-- end .entry-date -->\n      <\/div><!-- end .entry-cats -->\n<h2 class=\"entry-title\"><a href=\"https:\/\/www.rwg-bayreuth.de\/home\/?p=26661\" rel=\"bookmark\">Das RWG in Kooperation mit der Hamsterbacke e.V.<\/a><\/h2>\n    <\/header><!-- end .entry-header -->\n    <div class=\"entry-summary\">\nWir, die 10. Klasse des Wirtschaftszweiges besch\u00e4ftigen uns, wie ihr hoffentlich mitbekommen habt, schon seit einiger Zeit mit den Themen Umweltschutz und Nachhaltigkeit. Um auch dieses Jahr auf das Thema aufmerksam zu machen, haben wir ein Projekt gestartet, bei dem wir die Hamsterbacke e.V. unterst\u00fctzen. Der Verein besch\u00e4ftigt sich explizit mit diesen Themen, wobei wir&hellip;\n  <\/div><!-- .entry-summary -->\n  <\/div><!-- .entry-main -->\n<\/div><!-- .meta-main-wrap -->\n<\/article><!-- end post -26661 -->\n<article id=\"post-26639\"class=\"cf post-26639 post type-post status-publish format-standard has-post-thumbnail hentry category-allgemein tag-home tag-kochen tag-rezepte\">\n \t\t<div class=\"entry-thumbnail fadein\"> \t\t\t<a href=\"https:\/\/www.rwg-bayreuth.de\/home\/?p=26639\"><img loading=\"lazy\" decoding=\"async\" width=\"1024\" height=\"683\" src=\"https:\/\/www.rwg-bayreuth.de\/home\/wp-content\/uploads\/2020\/06\/19-20-Polenta-undSpinatnocken.jpg\" class=\"attachment-post-thumbnail size-post-thumbnail wp-post-image\" alt=\"\" srcset=\"https:\/\/www.rwg-bayreuth.de\/home\/wp-content\/uploads\/2020\/06\/19-20-Polenta-undSpinatnocken.jpg 1024w, https:\/\/www.rwg-bayreuth.de\/home\/wp-content\/uploads\/2020\/06\/19-20-Polenta-undSpinatnocken-450x300.jpg 450w, https:\/\/www.rwg-bayreuth.de\/home\/wp-content\/uploads\/2020\/06\/19-20-Polenta-undSpinatnocken-768x512.jpg 768w, https:\/\/www.rwg-bayreuth.de\/home\/wp-content\/uploads\/2020\/06\/19-20-Polenta-undSpinatnocken-250x167.jpg 250w, https:\/\/www.rwg-bayreuth.de\/home\/wp-content\/uploads\/2020\/06\/19-20-Polenta-undSpinatnocken-900x600.jpg 900w, https:\/\/www.rwg-bayreuth.de\/home\/wp-content\/uploads\/2020\/06\/19-20-Polenta-undSpinatnocken-600x400.jpg 600w\" sizes=\"(max-width: 1024px) 100vw, 1024px\" \/><\/a> \t\t<\/div><!-- end .entry-thumbnail -->\n<div class=\"meta-main-wrap\">\n  <div class=\"\">\n    <header class=\"entry-header\">\n      <div class=\"entry-cats\">\n        <div class=\"kategorie\"><a href=\"https:\/\/www.rwg-bayreuth.de\/home\/?cat=1\" rel=\"category\">Schulleben<\/a><\/div>\n<div class=\"entry-edit\" >      <div class=\"entry-date\" >\n        <a href=\"https:\/\/www.rwg-bayreuth.de\/home\/?p=26639\">17. Juni 2020<\/a>\n      <\/div><\/div><!-- end .entry-date -->\n      <\/div><!-- end .entry-cats -->\n<h2 class=\"entry-title\"><a href=\"https:\/\/www.rwg-bayreuth.de\/home\/?p=26639\" rel=\"bookmark\">Urlaubsk\u00fcche #2<\/a><\/h2>\n    <\/header><!-- end .entry-header -->\n    <div class=\"entry-summary\">\nDiese Woche geht's nach Italien &hellip;\n  <\/div><!-- .entry-summary -->\n  <\/div><!-- .entry-main -->\n<\/div><!-- .meta-main-wrap -->\n<\/article><!-- end post -26639 -->\n<article id=\"post-26600\"class=\"cf post-26600 post type-post status-publish format-standard has-post-thumbnail hentry category-allgemein tag-home tag-kochen tag-rezepte\">\n \t\t<div class=\"entry-thumbnail fadein\"> \t\t\t<a href=\"https:\/\/www.rwg-bayreuth.de\/home\/?p=26600\"><img loading=\"lazy\" decoding=\"async\" width=\"1024\" height=\"682\" src=\"https:\/\/www.rwg-bayreuth.de\/home\/wp-content\/uploads\/2020\/06\/19-20-Moussaka-Ratatouille-Gratin.jpg\" class=\"attachment-post-thumbnail size-post-thumbnail wp-post-image\" alt=\"\" srcset=\"https:\/\/www.rwg-bayreuth.de\/home\/wp-content\/uploads\/2020\/06\/19-20-Moussaka-Ratatouille-Gratin.jpg 1024w, https:\/\/www.rwg-bayreuth.de\/home\/wp-content\/uploads\/2020\/06\/19-20-Moussaka-Ratatouille-Gratin-450x300.jpg 450w, https:\/\/www.rwg-bayreuth.de\/home\/wp-content\/uploads\/2020\/06\/19-20-Moussaka-Ratatouille-Gratin-768x512.jpg 768w, https:\/\/www.rwg-bayreuth.de\/home\/wp-content\/uploads\/2020\/06\/19-20-Moussaka-Ratatouille-Gratin-250x167.jpg 250w, https:\/\/www.rwg-bayreuth.de\/home\/wp-content\/uploads\/2020\/06\/19-20-Moussaka-Ratatouille-Gratin-900x600.jpg 900w\" sizes=\"(max-width: 1024px) 100vw, 1024px\" \/><\/a> \t\t<\/div><!-- end .entry-thumbnail -->\n<div class=\"meta-main-wrap\">\n  <div class=\"\">\n    <header class=\"entry-header\">\n      <div class=\"entry-cats\">\n        <div class=\"kategorie\"><a href=\"https:\/\/www.rwg-bayreuth.de\/home\/?cat=1\" rel=\"category\">Schulleben<\/a><\/div>\n<div class=\"entry-edit\" >      <div class=\"entry-date\" >\n        <a href=\"https:\/\/www.rwg-bayreuth.de\/home\/?p=26600\">8. Juni 2020<\/a>\n      <\/div><\/div><!-- end .entry-date -->\n      <\/div><!-- end .entry-cats -->\n<h2 class=\"entry-title\"><a href=\"https:\/\/www.rwg-bayreuth.de\/home\/?p=26600\" rel=\"bookmark\">Urlaubsk\u00fcche<\/a><\/h2>\n    <\/header><!-- end .entry-header -->\n    <div class=\"entry-summary\">\n<h3 >Hol dir den Urlaub nach Hause!<\/h3>\r\n\r\nDie kulinarische Reise beginnt in Griechenland und f\u00fchrt anschlie\u00dfend nach S\u00fcdfrankreich.\r\n\n  <\/div><!-- .entry-summary -->\n  <\/div><!-- .entry-main -->\n<\/div><!-- .meta-main-wrap -->\n<\/article><!-- end post -26600 -->\n<article id=\"post-26526\"class=\"cf post-26526 post type-post status-publish format-standard has-post-thumbnail hentry category-allgemein tag-bleibfit tag-home tag-sport\">\n \t\t<div class=\"entry-thumbnail fadein\"> \t\t\t<a href=\"https:\/\/www.rwg-bayreuth.de\/home\/?p=26526\"><img loading=\"lazy\" decoding=\"async\" width=\"1024\" height=\"682\" src=\"https:\/\/www.rwg-bayreuth.de\/home\/wp-content\/uploads\/2020\/05\/19-20-Sport-Fit3.jpg\" class=\"attachment-post-thumbnail size-post-thumbnail wp-post-image\" alt=\"\" srcset=\"https:\/\/www.rwg-bayreuth.de\/home\/wp-content\/uploads\/2020\/05\/19-20-Sport-Fit3.jpg 1024w, https:\/\/www.rwg-bayreuth.de\/home\/wp-content\/uploads\/2020\/05\/19-20-Sport-Fit3-450x300.jpg 450w, https:\/\/www.rwg-bayreuth.de\/home\/wp-content\/uploads\/2020\/05\/19-20-Sport-Fit3-768x512.jpg 768w, https:\/\/www.rwg-bayreuth.de\/home\/wp-content\/uploads\/2020\/05\/19-20-Sport-Fit3-250x167.jpg 250w, https:\/\/www.rwg-bayreuth.de\/home\/wp-content\/uploads\/2020\/05\/19-20-Sport-Fit3-900x600.jpg 900w\" sizes=\"(max-width: 1024px) 100vw, 1024px\" \/><\/a> \t\t<\/div><!-- end .entry-thumbnail -->\n<div class=\"meta-main-wrap\">\n  <div class=\"\">\n    <header class=\"entry-header\">\n      <div class=\"entry-cats\">\n        <div class=\"kategorie\"><a href=\"https:\/\/www.rwg-bayreuth.de\/home\/?cat=1\" rel=\"category\">Schulleben<\/a><\/div>\n<div class=\"entry-edit\" >      <div class=\"entry-date\" >\n        <a href=\"https:\/\/www.rwg-bayreuth.de\/home\/?p=26526\">26. Mai 2020<\/a>\n      <\/div><\/div><!-- end .entry-date -->\n      <\/div><!-- end .entry-cats -->\n<h2 class=\"entry-title\"><a href=\"https:\/\/www.rwg-bayreuth.de\/home\/?p=26526\" rel=\"bookmark\">Woche 3 \u2013 sei wieder mit dabei!<\/a><\/h2>\n    <\/header><!-- end .entry-header -->\n    <div class=\"entry-summary\">\nVor den Ferien ist nun auch unser neustes Video in unserer Reihe \u201eMach mit \u2013 bleib fit!\u201c online. Auf der Seite der Fachschaft Sport sind au\u00dferdem zu weiteren Themen kurze Sportvideos, die deine Lehrer f\u00fcr dich gedreht haben. Schau mal rein und probiere dich aus. Bleib in Bewegung und hab Spa\u00df dabei! Aktive und sch\u00f6ne&hellip;\n  <\/div><!-- .entry-summary -->\n  <\/div><!-- .entry-main -->\n<\/div><!-- .meta-main-wrap -->\n<\/article><!-- end post -26526 -->\n<article id=\"post-26493\"class=\"cf post-26493 post type-post status-publish format-standard has-post-thumbnail hentry category-allgemein tag-home tag-kochen tag-rezepte\">\n \t\t<div class=\"entry-thumbnail fadein\"> \t\t\t<a href=\"https:\/\/www.rwg-bayreuth.de\/home\/?p=26493\"><img loading=\"lazy\" decoding=\"async\" width=\"1024\" height=\"683\" src=\"https:\/\/www.rwg-bayreuth.de\/home\/wp-content\/uploads\/2020\/05\/19-20-Rezepte-Fischfilet-mit-Dillgurken-und-Erdbeer-Sahne-Dessert.jpg\" class=\"attachment-post-thumbnail size-post-thumbnail wp-post-image\" alt=\"\" srcset=\"https:\/\/www.rwg-bayreuth.de\/home\/wp-content\/uploads\/2020\/05\/19-20-Rezepte-Fischfilet-mit-Dillgurken-und-Erdbeer-Sahne-Dessert.jpg 1024w, https:\/\/www.rwg-bayreuth.de\/home\/wp-content\/uploads\/2020\/05\/19-20-Rezepte-Fischfilet-mit-Dillgurken-und-Erdbeer-Sahne-Dessert-450x300.jpg 450w, https:\/\/www.rwg-bayreuth.de\/home\/wp-content\/uploads\/2020\/05\/19-20-Rezepte-Fischfilet-mit-Dillgurken-und-Erdbeer-Sahne-Dessert-768x512.jpg 768w, https:\/\/www.rwg-bayreuth.de\/home\/wp-content\/uploads\/2020\/05\/19-20-Rezepte-Fischfilet-mit-Dillgurken-und-Erdbeer-Sahne-Dessert-250x167.jpg 250w, https:\/\/www.rwg-bayreuth.de\/home\/wp-content\/uploads\/2020\/05\/19-20-Rezepte-Fischfilet-mit-Dillgurken-und-Erdbeer-Sahne-Dessert-900x600.jpg 900w\" sizes=\"(max-width: 1024px) 100vw, 1024px\" \/><\/a> \t\t<\/div><!-- end .entry-thumbnail -->\n<div class=\"meta-main-wrap\">\n  <div class=\"\">\n    <header class=\"entry-header\">\n      <div class=\"entry-cats\">\n        <div class=\"kategorie\"><a href=\"https:\/\/www.rwg-bayreuth.de\/home\/?cat=1\" rel=\"category\">Schulleben<\/a><\/div>\n<div class=\"entry-edit\" >      <div class=\"entry-date\" >\n        <a href=\"https:\/\/www.rwg-bayreuth.de\/home\/?p=26493\">24. Mai 2020<\/a>\n      <\/div><\/div><!-- end .entry-date -->\n      <\/div><!-- end .entry-cats -->\n<h2 class=\"entry-title\"><a href=\"https:\/\/www.rwg-bayreuth.de\/home\/?p=26493\" rel=\"bookmark\">Rezept der Woche #6<\/a><\/h2>\n    <\/header><!-- end .entry-header -->\n    <div class=\"entry-summary\">\n<h6>Fischfilet mit Dillgurken  &<\/h6>\r\n<h6>Erdbeer-Sahne-Dessert<\/h6>\n  <\/div><!-- .entry-summary -->\n  <\/div><!-- .entry-main -->\n<\/div><!-- .meta-main-wrap -->\n<\/article><!-- end post -26493 -->\n<article id=\"post-26454\"class=\"cf post-26454 post type-post status-publish format-standard has-post-thumbnail hentry category-allgemein tag-cafepi tag-home tag-mathematik tag-mint tag-p-seminar\">\n \t\t<div class=\"entry-thumbnail fadein\"> \t\t\t<a href=\"https:\/\/www.rwg-bayreuth.de\/home\/?p=26454\"><img loading=\"lazy\" decoding=\"async\" width=\"1025\" height=\"684\" src=\"https:\/\/www.rwg-bayreuth.de\/home\/wp-content\/uploads\/2020\/05\/Cafe-Pi.jpg\" class=\"attachment-post-thumbnail size-post-thumbnail wp-post-image\" alt=\"\" srcset=\"https:\/\/www.rwg-bayreuth.de\/home\/wp-content\/uploads\/2020\/05\/Cafe-Pi.jpg 1025w, https:\/\/www.rwg-bayreuth.de\/home\/wp-content\/uploads\/2020\/05\/Cafe-Pi-450x300.jpg 450w, https:\/\/www.rwg-bayreuth.de\/home\/wp-content\/uploads\/2020\/05\/Cafe-Pi-768x512.jpg 768w, https:\/\/www.rwg-bayreuth.de\/home\/wp-content\/uploads\/2020\/05\/Cafe-Pi-250x167.jpg 250w, https:\/\/www.rwg-bayreuth.de\/home\/wp-content\/uploads\/2020\/05\/Cafe-Pi-900x600.jpg 900w\" sizes=\"(max-width: 1025px) 100vw, 1025px\" \/><\/a> \t\t<\/div><!-- end .entry-thumbnail -->\n<div class=\"meta-main-wrap\">\n  <div class=\"\">\n    <header class=\"entry-header\">\n      <div class=\"entry-cats\">\n        <div class=\"kategorie\"><a href=\"https:\/\/www.rwg-bayreuth.de\/home\/?cat=1\" rel=\"category\">Schulleben<\/a><\/div>\n<div class=\"entry-edit\" >      <div class=\"entry-date\" >\n        <a href=\"https:\/\/www.rwg-bayreuth.de\/home\/?p=26454\">22. Mai 2020<\/a>\n      <\/div><\/div><!-- end .entry-date -->\n      <\/div><!-- end .entry-cats -->\n<h2 class=\"entry-title\"><a href=\"https:\/\/www.rwg-bayreuth.de\/home\/?p=26454\" rel=\"bookmark\">Caf\u00e9&nbsp;\u03c0 trotz(t) Corona<\/a><\/h2>\n    <\/header><!-- end .entry-header -->\n    <div class=\"entry-summary\">\nNachdem die Coronakrise uns erst einmal zwang, den Caf\u00e9&nbsp;\u03c0-Betrieb etwas umzustrukturieren, kann er \u2013 trotz einiger Verz\u00f6gerungen \u2013 nun endlich starten! Deshalb m\u00f6chten wir uns gerne als neues Team vorstellen: Wir sind einige Sch\u00fcler der Q11, die nun bis zum Halbjahr n\u00e4chsten Schuljahres das Caf\u00e9 leiten werden, um euch in Mathe zu unterst\u00fctzen! Wenn ihr&hellip;\n  <\/div><!-- .entry-summary -->\n  <\/div><!-- .entry-main -->\n<\/div><!-- .meta-main-wrap -->\n<\/article><!-- end post -26454 -->\n<ul class='lcp_paginator'><li class='lcp_currentpage'>1<\/li><li><a href='https:\/\/www.rwg-bayreuth.de\/home\/index.php?rest_route=%2Fwp%2Fv2%2Fpages%2F26962&#038;lcp_page0=2#lcp_instance_0' title='2'>2<\/a><\/li><li><a href='https:\/\/www.rwg-bayreuth.de\/home\/index.php?rest_route=%2Fwp%2Fv2%2Fpages%2F26962&#038;lcp_page0=3#lcp_instance_0' title='3'>3<\/a><\/li><li><a href='https:\/\/www.rwg-bayreuth.de\/home\/index.php?rest_route=%2Fwp%2Fv2%2Fpages%2F26962&#038;lcp_page0=4#lcp_instance_0' title='4'>4<\/a><\/li><li><a href='https:\/\/www.rwg-bayreuth.de\/home\/index.php?rest_route=%2Fwp%2Fv2%2Fpages%2F26962&#038;lcp_page0=5#lcp_instance_0' title='5'>5<\/a><\/li><li><a href='https:\/\/www.rwg-bayreuth.de\/home\/index.php?rest_route=%2Fwp%2Fv2%2Fpages%2F26962&#038;lcp_page0=6#lcp_instance_0' title='6'>6<\/a><\/li><span class='lcp_elipsis'>...<\/span><li><a href='https:\/\/www.rwg-bayreuth.de\/home\/index.php?rest_route=%2Fwp%2Fv2%2Fpages%2F26962&#038;lcp_page0=10#lcp_instance_0' title='10'>10<\/a><\/li><li><a href='https:\/\/www.rwg-bayreuth.de\/home\/index.php?rest_route=%2Fwp%2Fv2%2Fpages%2F26962&#038;lcp_page0=2#lcp_instance_0' title='2' class='lcp_nextlink'>&gt;&gt;<\/a><\/li><\/ul><\/div><!-- end .rwg_post_list -->\n<div class=\"flex-container\"  style=\"margin-bottom: 50px\">\n<a class=\"flex-item\" style=\"flex-grow: 1; flex-basis: auto\" href=\"#seitenanfang\">zum Seitenanfang<\/a>\n<\/div>\n","protected":false},"excerpt":{"rendered":"<p>Berichte aus dem Schuljahr 2019\/20 zum Seitenanfang<\/p>\n","protected":false},"author":11,"featured_media":0,"parent":14662,"menu_order":0,"comment_status":"closed","ping_status":"closed","template":"page-templates\/no-sidebar.php","meta":{"footnotes":""},"tags":[54],"_links":{"self":[{"href":"https:\/\/www.rwg-bayreuth.de\/home\/index.php?rest_route=\/wp\/v2\/pages\/26962"}],"collection":[{"href":"https:\/\/www.rwg-bayreuth.de\/home\/index.php?rest_route=\/wp\/v2\/pages"}],"about":[{"href":"https:\/\/www.rwg-bayreuth.de\/home\/index.php?rest_route=\/wp\/v2\/types\/page"}],"author":[{"embeddable":true,"href":"https:\/\/www.rwg-bayreuth.de\/home\/index.php?rest_route=\/wp\/v2\/users\/11"}],"replies":[{"embeddable":true,"href":"https:\/\/www.rwg-bayreuth.de\/home\/index.php?rest_route=%2Fwp%2Fv2%2Fcomments&post=26962"}],"version-history":[{"count":2,"href":"https:\/\/www.rwg-bayreuth.de\/home\/index.php?rest_route=\/wp\/v2\/pages\/26962\/revisions"}],"predecessor-version":[{"id":31976,"href":"https:\/\/www.rwg-bayreuth.de\/home\/index.php?rest_route=\/wp\/v2\/pages\/26962\/revisions\/31976"}],"up":[{"embeddable":true,"href":"https:\/\/www.rwg-bayreuth.de\/home\/index.php?rest_route=\/wp\/v2\/pages\/14662"}],"wp:attachment":[{"href":"https:\/\/www.rwg-bayreuth.de\/home\/index.php?rest_route=%2Fwp%2Fv2%2Fmedia&parent=26962"}],"wp:term":[{"taxonomy":"post_tag","embeddable":true,"href":"https:\/\/www.rwg-bayreuth.de\/home\/index.php?rest_route=%2Fwp%2Fv2%2Ftags&post=26962"}],"curies":[{"name":"wp","href":"https:\/\/api.w.org\/{rel}","templated":true}]}}