{"id":2555,"date":"2013-09-30T10:38:14","date_gmt":"2013-09-30T08:38:14","guid":{"rendered":"http:\/\/www.rwg-bayreuth.de\/home\/?page_id=2555"},"modified":"2026-03-13T16:12:08","modified_gmt":"2026-03-13T15:12:08","slug":"sozialkunde","status":"publish","type":"page","link":"https:\/\/www.rwg-bayreuth.de\/home\/?page_id=2555","title":{"rendered":"Politik und Gesellschaft"},"content":{"rendered":"<p><img decoding=\"async\" class=\"alignnone size-full wp-image-13161\" src=\"https:\/\/www.rwg-bayreuth.de\/home\/wp-content\/uploads\/2017\/01\/Sozi1.jpg\" alt=\"\" width=\"100%\" srcset=\"https:\/\/www.rwg-bayreuth.de\/home\/wp-content\/uploads\/2017\/01\/Sozi1.jpg 720w, https:\/\/www.rwg-bayreuth.de\/home\/wp-content\/uploads\/2017\/01\/Sozi1-150x50.jpg 150w, https:\/\/www.rwg-bayreuth.de\/home\/wp-content\/uploads\/2017\/01\/Sozi1-450x150.jpg 450w, https:\/\/www.rwg-bayreuth.de\/home\/wp-content\/uploads\/2017\/01\/Sozi1-250x83.jpg 250w, https:\/\/www.rwg-bayreuth.de\/home\/wp-content\/uploads\/2017\/01\/Sozi1-600x200.jpg 600w\" sizes=\"(max-width: 720px) 100vw, 720px\" \/><\/p>\n<h2>Fachschaft<\/h2>\n<p><a href=\"https:\/\/www.rwg-bayreuth.de\/home\/wp-content\/uploads\/2020\/03\/Fachschaft-PuG-1.jpg\"><img decoding=\"async\" src=\"https:\/\/www.rwg-bayreuth.de\/home\/wp-content\/uploads\/2020\/03\/Fachschaft-PuG-1.jpg\" alt=\"\" width=\"1024\" height=\"auto\" class=\"alignnone size-full wp-image-24479 fachschaftsbild\" srcset=\"https:\/\/www.rwg-bayreuth.de\/home\/wp-content\/uploads\/2020\/03\/Fachschaft-PuG-1.jpg 1025w, https:\/\/www.rwg-bayreuth.de\/home\/wp-content\/uploads\/2020\/03\/Fachschaft-PuG-1-150x113.jpg 150w, https:\/\/www.rwg-bayreuth.de\/home\/wp-content\/uploads\/2020\/03\/Fachschaft-PuG-1-450x338.jpg 450w, https:\/\/www.rwg-bayreuth.de\/home\/wp-content\/uploads\/2020\/03\/Fachschaft-PuG-1-768x576.jpg 768w, https:\/\/www.rwg-bayreuth.de\/home\/wp-content\/uploads\/2020\/03\/Fachschaft-PuG-1-250x188.jpg 250w, https:\/\/www.rwg-bayreuth.de\/home\/wp-content\/uploads\/2020\/03\/Fachschaft-PuG-1-600x450.jpg 600w\" sizes=\"(max-width: 1025px) 100vw, 1025px\" \/><\/a><\/p>\n<p>Das Fach Politik und Gesellschaft (ehemals <em>Sozialkunde<\/em>) ist als Leitfach der politischen Bildung am Gymnasium Pflichtfach f\u00fcr alle Sch\u00fclerinnen und Sch\u00fcler in den Jahrgangsstufen 10 mit 12, wahlweise auch in Jahrgangsstufe 13. Weiterhin k\u00f6nnen sich Sch\u00fclerinnen und Sch\u00fcler am RWG im Rahmen der Zweigwahl f\u00fcr das Sozialwissenschaftliche Gymnasium entscheiden und haben dann das Fach Politik und Gesellschaft bereits ab Jahrgangsstufe 8 und das Fach Sozialpraktische Grundbildung als Profilfach ab Jahrgangsstufe 9. <\/p>\n<p>Im Zentrum des Fachs Politik und Gesellschaft stehen der Mensch als soziales und politisches Wesen, die wichtigsten Formen des gesellschaftlichen Zusammenlebens, die demokratische Gestaltung der staatlichen Ordnung und die Mitgestaltung der internationalen Politik. Es soll zum Aufbau eines individuellen Wertesystems beitragen, das ethische Ma\u00dfst\u00e4be f\u00fcr die eigene Lebensf\u00fchrung setzt, sich auf Demokratie, Frieden und Freiheit als fundamentale Prinzipien gr\u00fcndet, insbesondere auf die Achtung der Menschenw\u00fcrde sowie der Menschen- und B\u00fcrgerrechte, und die Ablehnung extremistischer Grundhaltungen einschlie\u00dft.<\/p>\n<div id=\"attachment_2557\" style=\"width: 360px\" class=\"wp-caption alignright\"><a href=\"https:\/\/www.rwg-bayreuth.de\/home\/wp-content\/uploads\/2013\/09\/Sk_Startbild-1_web.jpg\"><img loading=\"lazy\" decoding=\"async\" aria-describedby=\"caption-attachment-2557\" class=\"size-full wp-image-2557\" src=\"https:\/\/www.rwg-bayreuth.de\/home\/wp-content\/uploads\/2013\/09\/Sk_Startbild-1_web.jpg\" alt=\"Sch\u00fcler des RWG am Bundestagsgeb\u00e4ude in Berlin\" width=\"350\" height=\"258\" srcset=\"https:\/\/www.rwg-bayreuth.de\/home\/wp-content\/uploads\/2013\/09\/Sk_Startbild-1_web.jpg 350w, https:\/\/www.rwg-bayreuth.de\/home\/wp-content\/uploads\/2013\/09\/Sk_Startbild-1_web-150x111.jpg 150w, https:\/\/www.rwg-bayreuth.de\/home\/wp-content\/uploads\/2013\/09\/Sk_Startbild-1_web-300x221.jpg 300w, https:\/\/www.rwg-bayreuth.de\/home\/wp-content\/uploads\/2013\/09\/Sk_Startbild-1_web-250x184.jpg 250w\" sizes=\"(max-width: 350px) 100vw, 350px\" \/><\/a><p id=\"caption-attachment-2557\" class=\"wp-caption-text\">Sch\u00fcler des RWG am Bundestagsgeb\u00e4ude in Berlin<\/p><\/div>\n<p>Dem Bezug zur Lebenswelt der Sch\u00fclerinnen und Sch\u00fcler kommt in Politik und Gesellschaft eine ganz besondere Bedeutung zu. Im Unterricht werden daher immer wieder Ereignisse und Entwicklungen altersangemessen thematisiert, welche die Sch\u00fcler unmittelbar oder mittelbar betreffen, vom lokalen bzw. regionalen und nationalen Rahmen bis hin zu weltpolitischen Vorg\u00e4ngen.<\/p>\n<p>Die Sch\u00fclerinnen und Sch\u00fcler werden auf ihrem Weg zum m\u00fcndigen, rational handelnden Staatsb\u00fcrger gef\u00f6rdert, um einerseits selbstbewusst eigene Interessen vertreten zu k\u00f6nnen, sich andererseits aber auch verantwortungsbewusst, konsensf\u00e4hig und tolerant zu zeigen und sich in die Schulgemeinschaft und die Gesellschaft insgesamt zu integrieren.<\/p>\n<h2 style=\"margin-bottom: 20px;\"><a href=\"https:\/\/www.rwg-bayreuth.de\/home\/wp-content\/uploads\/2019\/02\/Flyer-SWG-Zweig-1.pdf\">Flyer zum Sozialwissenschaftlichen Zweig<\/a><\/h2>\n<h2>Aktuelles<\/h2>\n<div style=\"max-width: 1000px\">\n<div class=\"rwg_post_list\"><article id=\"post-40753\"class=\"cf post-40753 post type-post status-publish format-standard has-post-thumbnail hentry category-allgemein tag-home tag-sozialkunde\">\n \t\t<div class=\"entry-thumbnail fadein\"> \t\t\t<a href=\"https:\/\/www.rwg-bayreuth.de\/home\/?p=40753\"><img loading=\"lazy\" decoding=\"async\" width=\"1024\" height=\"683\" src=\"https:\/\/www.rwg-bayreuth.de\/home\/wp-content\/uploads\/2026\/02\/25-26-LeistungsfachPuGanUni.jpg\" class=\"attachment-post-thumbnail size-post-thumbnail wp-post-image\" alt=\"\" srcset=\"https:\/\/www.rwg-bayreuth.de\/home\/wp-content\/uploads\/2026\/02\/25-26-LeistungsfachPuGanUni.jpg 1024w, https:\/\/www.rwg-bayreuth.de\/home\/wp-content\/uploads\/2026\/02\/25-26-LeistungsfachPuGanUni-150x100.jpg 150w, https:\/\/www.rwg-bayreuth.de\/home\/wp-content\/uploads\/2026\/02\/25-26-LeistungsfachPuGanUni-450x300.jpg 450w, https:\/\/www.rwg-bayreuth.de\/home\/wp-content\/uploads\/2026\/02\/25-26-LeistungsfachPuGanUni-768x512.jpg 768w, https:\/\/www.rwg-bayreuth.de\/home\/wp-content\/uploads\/2026\/02\/25-26-LeistungsfachPuGanUni-250x167.jpg 250w, https:\/\/www.rwg-bayreuth.de\/home\/wp-content\/uploads\/2026\/02\/25-26-LeistungsfachPuGanUni-900x600.jpg 900w\" sizes=\"(max-width: 1024px) 100vw, 1024px\" \/><\/a> \t\t<\/div><!-- end .entry-thumbnail -->\n<div class=\"meta-main-wrap\">\n  <div class=\"\">\n    <header class=\"entry-header\">\n      <div class=\"entry-cats\">\n        <div class=\"kategorie\"><a href=\"https:\/\/www.rwg-bayreuth.de\/home\/?cat=1\" rel=\"category\">Schulleben<\/a><\/div>\n<div class=\"entry-edit\" >      <div class=\"entry-date\" >\n        <a href=\"https:\/\/www.rwg-bayreuth.de\/home\/?p=40753\">28. Januar 2026<\/a>\n      <\/div><\/div><!-- end .entry-date -->\n      <\/div><!-- end .entry-cats -->\n<h2 class=\"entry-title\"><a href=\"https:\/\/www.rwg-bayreuth.de\/home\/?p=40753\" rel=\"bookmark\">Leistungsfach PuG goes Uni Bayreuth<\/a><\/h2>\n    <\/header><!-- end .entry-header -->\n    <div class=\"entry-summary\">\nSch\u00fclerinnen und Sch\u00fcler des Leistungsfachs Politik und Gesellschaft des Richard-Wagner-Gymnasiums Bayreuth besuchten am 27.01.2026 eine Vorlesung aus der Reihe \u201eEinf\u00fchrung in die Soziologie\u201c an der Universit\u00e4t Bayreuth. Thema der Veranstaltung an diesem Abend waren die Soziale Kreise nach Georg Simmel. Gehalten wurde die Vorlesung von Prof. Dr. Eva-Maria Ziege, die den Teilnehmenden einen umfassenden Einblick&hellip;\n  <\/div><!-- .entry-summary -->\n  <\/div><!-- .entry-main -->\n<\/div><!-- .meta-main-wrap -->\n<\/article><!-- end post -40753 -->\n<article id=\"post-40705\"class=\"cf post-40705 post type-post status-publish format-standard has-post-thumbnail hentry category-allgemein tag-home tag-sozialkunde tag-wr\">\n \t\t<div class=\"entry-thumbnail fadein\"> \t\t\t<a href=\"https:\/\/www.rwg-bayreuth.de\/home\/?p=40705\"><img loading=\"lazy\" decoding=\"async\" width=\"1024\" height=\"683\" src=\"https:\/\/www.rwg-bayreuth.de\/home\/wp-content\/uploads\/2026\/01\/25-26-Ernennung-teen-court.jpg\" class=\"attachment-post-thumbnail size-post-thumbnail wp-post-image\" alt=\"\" srcset=\"https:\/\/www.rwg-bayreuth.de\/home\/wp-content\/uploads\/2026\/01\/25-26-Ernennung-teen-court.jpg 1024w, https:\/\/www.rwg-bayreuth.de\/home\/wp-content\/uploads\/2026\/01\/25-26-Ernennung-teen-court-150x100.jpg 150w, https:\/\/www.rwg-bayreuth.de\/home\/wp-content\/uploads\/2026\/01\/25-26-Ernennung-teen-court-450x300.jpg 450w, https:\/\/www.rwg-bayreuth.de\/home\/wp-content\/uploads\/2026\/01\/25-26-Ernennung-teen-court-768x512.jpg 768w, https:\/\/www.rwg-bayreuth.de\/home\/wp-content\/uploads\/2026\/01\/25-26-Ernennung-teen-court-250x167.jpg 250w, https:\/\/www.rwg-bayreuth.de\/home\/wp-content\/uploads\/2026\/01\/25-26-Ernennung-teen-court-900x600.jpg 900w\" sizes=\"(max-width: 1024px) 100vw, 1024px\" \/><\/a> \t\t<\/div><!-- end .entry-thumbnail -->\n<div class=\"meta-main-wrap\">\n  <div class=\"\">\n    <header class=\"entry-header\">\n      <div class=\"entry-cats\">\n        <div class=\"kategorie\"><a href=\"https:\/\/www.rwg-bayreuth.de\/home\/?cat=1\" rel=\"category\">Schulleben<\/a><\/div>\n<div class=\"entry-edit\" >      <div class=\"entry-date\" >\n        <a href=\"https:\/\/www.rwg-bayreuth.de\/home\/?p=40705\">16. Januar 2026<\/a>\n      <\/div><\/div><!-- end .entry-date -->\n      <\/div><!-- end .entry-cats -->\n<h2 class=\"entry-title\"><a href=\"https:\/\/www.rwg-bayreuth.de\/home\/?p=40705\" rel=\"bookmark\">Rechtsprechung auf Augenh\u00f6he: Vier RWGler Sch\u00fcler-Richter am ersten Bayreuther Teen Court<\/a><\/h2>\n    <\/header><!-- end .entry-header -->\n    <div class=\"entry-summary\">\nIm Jahr 2000 wurde der erste Teen Court in Bayern eingerichtet, genauer gesagt in Aschaffenburg. Bei diesem Projekt geht es darum, dass Jugendliche, die erstmal als Straft\u00e4ter bei geringf\u00fcgigen Delikten auff\u00e4llig werden, nicht direkt vor Gericht gestellt werden, sondern eine Verhandlung auf Augenh\u00f6he mit anderen Jugendlichen stattfindet. Begleitet werden Teen Courts durch die Staatsanwaltschaft und&hellip;\n  <\/div><!-- .entry-summary -->\n  <\/div><!-- .entry-main -->\n<\/div><!-- .meta-main-wrap -->\n<\/article><!-- end post -40705 -->\n<article id=\"post-40203\"class=\"cf post-40203 post type-post status-publish format-standard has-post-thumbnail hentry category-allgemein tag-home tag-sozialkunde\">\n \t\t<div class=\"entry-thumbnail fadein\"> \t\t\t<a href=\"https:\/\/www.rwg-bayreuth.de\/home\/?p=40203\"><img loading=\"lazy\" decoding=\"async\" width=\"1024\" height=\"683\" src=\"https:\/\/www.rwg-bayreuth.de\/home\/wp-content\/uploads\/2025\/11\/25-26-Leistungsfach-PuG-Besuch-Herr-Schuessler-2025-B.jpg\" class=\"attachment-post-thumbnail size-post-thumbnail wp-post-image\" alt=\"\" srcset=\"https:\/\/www.rwg-bayreuth.de\/home\/wp-content\/uploads\/2025\/11\/25-26-Leistungsfach-PuG-Besuch-Herr-Schuessler-2025-B.jpg 1024w, https:\/\/www.rwg-bayreuth.de\/home\/wp-content\/uploads\/2025\/11\/25-26-Leistungsfach-PuG-Besuch-Herr-Schuessler-2025-B-150x100.jpg 150w, https:\/\/www.rwg-bayreuth.de\/home\/wp-content\/uploads\/2025\/11\/25-26-Leistungsfach-PuG-Besuch-Herr-Schuessler-2025-B-450x300.jpg 450w, https:\/\/www.rwg-bayreuth.de\/home\/wp-content\/uploads\/2025\/11\/25-26-Leistungsfach-PuG-Besuch-Herr-Schuessler-2025-B-768x512.jpg 768w, https:\/\/www.rwg-bayreuth.de\/home\/wp-content\/uploads\/2025\/11\/25-26-Leistungsfach-PuG-Besuch-Herr-Schuessler-2025-B-250x167.jpg 250w, https:\/\/www.rwg-bayreuth.de\/home\/wp-content\/uploads\/2025\/11\/25-26-Leistungsfach-PuG-Besuch-Herr-Schuessler-2025-B-900x600.jpg 900w\" sizes=\"(max-width: 1024px) 100vw, 1024px\" \/><\/a> \t\t<\/div><!-- end .entry-thumbnail -->\n<div class=\"meta-main-wrap\">\n  <div class=\"\">\n    <header class=\"entry-header\">\n      <div class=\"entry-cats\">\n        <div class=\"kategorie\"><a href=\"https:\/\/www.rwg-bayreuth.de\/home\/?cat=1\" rel=\"category\">Schulleben<\/a><\/div>\n<div class=\"entry-edit\" >      <div class=\"entry-date\" >\n        <a href=\"https:\/\/www.rwg-bayreuth.de\/home\/?p=40203\">14. November 2025<\/a>\n      <\/div><\/div><!-- end .entry-date -->\n      <\/div><!-- end .entry-cats -->\n<h2 class=\"entry-title\"><a href=\"https:\/\/www.rwg-bayreuth.de\/home\/?p=40203\" rel=\"bookmark\">Kenne deine Rechte!<\/a><\/h2>\n    <\/header><!-- end .entry-header -->\n    <div class=\"entry-summary\">\nAm Donnerstag, den 13.11.2025, war Herr Mathias Sch\u00fc\u00dfler am RWG zu Besuch. Er besuchte das RWG in seiner Funktion Jugendsekret\u00e4r des DGB, um uns Sch\u00fclerinnen und Sch\u00fclern im Leistungsfach Politik und Gesellschaft zu verdeutlichen, warum Gewerkschaften so wichtig sind, auch schon f\u00fcr junge Leute. In einem kurzen Impulsvortrag erkl\u00e4rte er erst einmal, was Gewerkschaften eigentlich&hellip;\n  <\/div><!-- .entry-summary -->\n  <\/div><!-- .entry-main -->\n<\/div><!-- .meta-main-wrap -->\n<\/article><!-- end post -40203 -->\n<article id=\"post-40233\"class=\"cf post-40233 post type-post status-publish format-standard has-post-thumbnail hentry category-allgemein tag-home tag-sozialkunde\">\n \t\t<div class=\"entry-thumbnail fadein\"> \t\t\t<a href=\"https:\/\/www.rwg-bayreuth.de\/home\/?p=40233\"><img loading=\"lazy\" decoding=\"async\" width=\"1024\" height=\"683\" src=\"https:\/\/www.rwg-bayreuth.de\/home\/wp-content\/uploads\/2025\/11\/25-26-PuG-Vortrag-M_Lebershausen.jpg\" class=\"attachment-post-thumbnail size-post-thumbnail wp-post-image\" alt=\"\" srcset=\"https:\/\/www.rwg-bayreuth.de\/home\/wp-content\/uploads\/2025\/11\/25-26-PuG-Vortrag-M_Lebershausen.jpg 1024w, https:\/\/www.rwg-bayreuth.de\/home\/wp-content\/uploads\/2025\/11\/25-26-PuG-Vortrag-M_Lebershausen-150x100.jpg 150w, https:\/\/www.rwg-bayreuth.de\/home\/wp-content\/uploads\/2025\/11\/25-26-PuG-Vortrag-M_Lebershausen-450x300.jpg 450w, https:\/\/www.rwg-bayreuth.de\/home\/wp-content\/uploads\/2025\/11\/25-26-PuG-Vortrag-M_Lebershausen-768x512.jpg 768w, https:\/\/www.rwg-bayreuth.de\/home\/wp-content\/uploads\/2025\/11\/25-26-PuG-Vortrag-M_Lebershausen-250x167.jpg 250w, https:\/\/www.rwg-bayreuth.de\/home\/wp-content\/uploads\/2025\/11\/25-26-PuG-Vortrag-M_Lebershausen-900x600.jpg 900w\" sizes=\"(max-width: 1024px) 100vw, 1024px\" \/><\/a> \t\t<\/div><!-- end .entry-thumbnail -->\n<div class=\"meta-main-wrap\">\n  <div class=\"\">\n    <header class=\"entry-header\">\n      <div class=\"entry-cats\">\n        <div class=\"kategorie\"><a href=\"https:\/\/www.rwg-bayreuth.de\/home\/?cat=1\" rel=\"category\">Schulleben<\/a><\/div>\n<div class=\"entry-edit\" >      <div class=\"entry-date\" >\n        <a href=\"https:\/\/www.rwg-bayreuth.de\/home\/?p=40233\">13. November 2025<\/a>\n      <\/div><\/div><!-- end .entry-date -->\n      <\/div><!-- end .entry-cats -->\n<h2 class=\"entry-title\"><a href=\"https:\/\/www.rwg-bayreuth.de\/home\/?p=40233\" rel=\"bookmark\">Ihr seid unser gr\u00f6\u00dfter Schatz<\/a><\/h2>\n    <\/header><!-- end .entry-header -->\n    <div class=\"entry-summary\">\nAm 12. November hatte der PuG-Kurs 11ab des RWG Bayreuth besonderen Besuch: Margit Lebershausen, Leiterin der Fachstelle Inklusion der Stadt Bayreuth, referierte anschaulich zur demografischen Situation Bayreuths und gab spannende Einblicke in aktuelle gesellschaftliche Herausforderungen direkt in unserer Stadt. Vortrag zur demographischen Situation Bayreuths: \u201eIhr seid unser gr\u00f6\u00dfter Schatz\u201c Wusstet ihr schon, wie viele \u00fcber&hellip;\n  <\/div><!-- .entry-summary -->\n  <\/div><!-- .entry-main -->\n<\/div><!-- .meta-main-wrap -->\n<\/article><!-- end post -40233 -->\n<article id=\"post-40088\"class=\"cf post-40088 post type-post status-publish format-standard has-post-thumbnail hentry category-allgemein tag-home tag-sozialkunde\">\n \t\t<div class=\"entry-thumbnail fadein\"> \t\t\t<a href=\"https:\/\/www.rwg-bayreuth.de\/home\/?p=40088\"><img loading=\"lazy\" decoding=\"async\" width=\"1807\" height=\"1205\" src=\"https:\/\/www.rwg-bayreuth.de\/home\/wp-content\/uploads\/2025\/11\/25-26-PuG-Jugendoffizier-B.jpg\" class=\"attachment-post-thumbnail size-post-thumbnail wp-post-image\" alt=\"\" srcset=\"https:\/\/www.rwg-bayreuth.de\/home\/wp-content\/uploads\/2025\/11\/25-26-PuG-Jugendoffizier-B.jpg 1807w, https:\/\/www.rwg-bayreuth.de\/home\/wp-content\/uploads\/2025\/11\/25-26-PuG-Jugendoffizier-B-1536x1024.jpg 1536w, https:\/\/www.rwg-bayreuth.de\/home\/wp-content\/uploads\/2025\/11\/25-26-PuG-Jugendoffizier-B-150x100.jpg 150w, https:\/\/www.rwg-bayreuth.de\/home\/wp-content\/uploads\/2025\/11\/25-26-PuG-Jugendoffizier-B-450x300.jpg 450w, https:\/\/www.rwg-bayreuth.de\/home\/wp-content\/uploads\/2025\/11\/25-26-PuG-Jugendoffizier-B-768x512.jpg 768w, https:\/\/www.rwg-bayreuth.de\/home\/wp-content\/uploads\/2025\/11\/25-26-PuG-Jugendoffizier-B-1024x683.jpg 1024w, https:\/\/www.rwg-bayreuth.de\/home\/wp-content\/uploads\/2025\/11\/25-26-PuG-Jugendoffizier-B-250x167.jpg 250w, https:\/\/www.rwg-bayreuth.de\/home\/wp-content\/uploads\/2025\/11\/25-26-PuG-Jugendoffizier-B-900x600.jpg 900w\" sizes=\"(max-width: 1807px) 100vw, 1807px\" \/><\/a> \t\t<\/div><!-- end .entry-thumbnail -->\n<div class=\"meta-main-wrap\">\n  <div class=\"\">\n    <header class=\"entry-header\">\n      <div class=\"entry-cats\">\n        <div class=\"kategorie\"><a href=\"https:\/\/www.rwg-bayreuth.de\/home\/?cat=1\" rel=\"category\">Schulleben<\/a><\/div>\n<div class=\"entry-edit\" >      <div class=\"entry-date\" >\n        <a href=\"https:\/\/www.rwg-bayreuth.de\/home\/?p=40088\">2. November 2025<\/a>\n      <\/div><\/div><!-- end .entry-date -->\n      <\/div><!-- end .entry-cats -->\n<h2 class=\"entry-title\"><a href=\"https:\/\/www.rwg-bayreuth.de\/home\/?p=40088\" rel=\"bookmark\">Bundeswehrjugendoffizier Dhany Sahm zu Gast am RWG \u2013 \u00fcber \u201eZeitenwende\u201c und \u201eFriedenst\u00fcchtigkeit\u201c<\/a><\/h2>\n    <\/header><!-- end .entry-header -->\n    <div class=\"entry-summary\">\nAm 31. Oktober 2025 besuchte Jugendoffizier Dhany Sahm, offizieller Referent f\u00fcr politische Bildung der Bundeswehr, das Leistungsfach \u201ePolitik und Gesellschaft\u201c der 12. Klasse des Richard-Wagner-Gymnasiums. In seinem Vortrag mit dem Titel \u201eZeitenwende\u201c und \u201eFriedenst\u00fcchtigkeit\u201c beleuchtete er die Rolle der Bundeswehr im Kontext der internationalen Bedrohungen des 21. Jahrhunderts. Sahm sprach \u00fcber die sicherheitspolitischen Ver\u00e4nderungen seit&hellip;\n  <\/div><!-- .entry-summary -->\n  <\/div><!-- .entry-main -->\n<\/div><!-- .meta-main-wrap -->\n<\/article><!-- end post -40088 -->\n<article id=\"post-40864\"class=\"cf post-40864 post type-post status-publish format-standard has-post-thumbnail hentry category-allgemein tag-europafahrt tag-home tag-sozialkunde\">\n \t\t<div class=\"entry-thumbnail fadein\"> \t\t\t<a href=\"https:\/\/www.rwg-bayreuth.de\/home\/?p=40864\"><img loading=\"lazy\" decoding=\"async\" width=\"1024\" height=\"683\" src=\"https:\/\/www.rwg-bayreuth.de\/home\/wp-content\/uploads\/2025\/02\/24-25-Europafahrt-Bruessel-2025-B.jpg\" class=\"attachment-post-thumbnail size-post-thumbnail wp-post-image\" alt=\"\" srcset=\"https:\/\/www.rwg-bayreuth.de\/home\/wp-content\/uploads\/2025\/02\/24-25-Europafahrt-Bruessel-2025-B.jpg 1024w, https:\/\/www.rwg-bayreuth.de\/home\/wp-content\/uploads\/2025\/02\/24-25-Europafahrt-Bruessel-2025-B-150x100.jpg 150w, https:\/\/www.rwg-bayreuth.de\/home\/wp-content\/uploads\/2025\/02\/24-25-Europafahrt-Bruessel-2025-B-450x300.jpg 450w, https:\/\/www.rwg-bayreuth.de\/home\/wp-content\/uploads\/2025\/02\/24-25-Europafahrt-Bruessel-2025-B-768x512.jpg 768w, https:\/\/www.rwg-bayreuth.de\/home\/wp-content\/uploads\/2025\/02\/24-25-Europafahrt-Bruessel-2025-B-250x167.jpg 250w, https:\/\/www.rwg-bayreuth.de\/home\/wp-content\/uploads\/2025\/02\/24-25-Europafahrt-Bruessel-2025-B-900x600.jpg 900w\" sizes=\"(max-width: 1024px) 100vw, 1024px\" \/><\/a> \t\t<\/div><!-- end .entry-thumbnail -->\n<div class=\"meta-main-wrap\">\n  <div class=\"\">\n    <header class=\"entry-header\">\n      <div class=\"entry-cats\">\n        <div class=\"kategorie\"><a href=\"https:\/\/www.rwg-bayreuth.de\/home\/?cat=1\" rel=\"category\">Schulleben<\/a><\/div>\n<div class=\"entry-edit\" >      <div class=\"entry-date\" >\n        <a href=\"https:\/\/www.rwg-bayreuth.de\/home\/?p=40864\">27. Juli 2025<\/a>\n      <\/div><\/div><!-- end .entry-date -->\n      <\/div><!-- end .entry-cats -->\n<h2 class=\"entry-title\"><a href=\"https:\/\/www.rwg-bayreuth.de\/home\/?p=40864\" rel=\"bookmark\">Europafahrt nach Br\u00fcssel \u2013 Politik, Geschichte und Kultur hautnah erlebt<\/a><\/h2>\n    <\/header><!-- end .entry-header -->\n    <div class=\"entry-summary\">\nVom 20. bis 25. Juli 2025 begaben sich Sch\u00fclerinnen und Sch\u00fcler des RWG im Rahmen einer Studienfahrt nach Br\u00fcssel. Die Fahrt bot zahlreiche M\u00f6glichkeiten, politische Prozesse, europ\u00e4ische Geschichte, die Stadt selbst und die kulturellen Besonderheiten vor Ort kennenzulernen. Treffpunkt war am Sonntagmorgen um 8.00&nbsp;Uhr am Kreuzer, bevor der Bus um 8.30&nbsp;Uhr Richtung belgische Hauptstadt startete.&hellip;\n  <\/div><!-- .entry-summary -->\n  <\/div><!-- .entry-main -->\n<\/div><!-- .meta-main-wrap -->\n<\/article><!-- end post -40864 -->\n<article id=\"post-38781\"class=\"cf post-38781 post type-post status-publish format-standard has-post-thumbnail hentry category-allgemein tag-home tag-sozialkunde\">\n \t\t<div class=\"entry-thumbnail fadein\"> \t\t\t<a href=\"https:\/\/www.rwg-bayreuth.de\/home\/?p=38781\"><img loading=\"lazy\" decoding=\"async\" width=\"1024\" height=\"683\" src=\"https:\/\/www.rwg-bayreuth.de\/home\/wp-content\/uploads\/2025\/05\/24-25-GrundgeSAeTZE-B.jpg\" class=\"attachment-post-thumbnail size-post-thumbnail wp-post-image\" alt=\"\" srcset=\"https:\/\/www.rwg-bayreuth.de\/home\/wp-content\/uploads\/2025\/05\/24-25-GrundgeSAeTZE-B.jpg 1024w, https:\/\/www.rwg-bayreuth.de\/home\/wp-content\/uploads\/2025\/05\/24-25-GrundgeSAeTZE-B-150x100.jpg 150w, https:\/\/www.rwg-bayreuth.de\/home\/wp-content\/uploads\/2025\/05\/24-25-GrundgeSAeTZE-B-450x300.jpg 450w, https:\/\/www.rwg-bayreuth.de\/home\/wp-content\/uploads\/2025\/05\/24-25-GrundgeSAeTZE-B-768x512.jpg 768w, https:\/\/www.rwg-bayreuth.de\/home\/wp-content\/uploads\/2025\/05\/24-25-GrundgeSAeTZE-B-250x167.jpg 250w, https:\/\/www.rwg-bayreuth.de\/home\/wp-content\/uploads\/2025\/05\/24-25-GrundgeSAeTZE-B-900x600.jpg 900w\" sizes=\"(max-width: 1024px) 100vw, 1024px\" \/><\/a> \t\t<\/div><!-- end .entry-thumbnail -->\n<div class=\"meta-main-wrap\">\n  <div class=\"\">\n    <header class=\"entry-header\">\n      <div class=\"entry-cats\">\n        <div class=\"kategorie\"><a href=\"https:\/\/www.rwg-bayreuth.de\/home\/?cat=1\" rel=\"category\">Schulleben<\/a><\/div>\n<div class=\"entry-edit\" >      <div class=\"entry-date\" >\n        <a href=\"https:\/\/www.rwg-bayreuth.de\/home\/?p=38781\">2. Mai 2025<\/a>\n      <\/div><\/div><!-- end .entry-date -->\n      <\/div><!-- end .entry-cats -->\n<h2 class=\"entry-title\"><a href=\"https:\/\/www.rwg-bayreuth.de\/home\/?p=38781\" rel=\"bookmark\">Das RWG schreibt GrundgeS\u00c4TZE<\/a><\/h2>\n    <\/header><!-- end .entry-header -->\n    <div class=\"entry-summary\">\nEin Grundrecht auf freie Meinungs\u00e4u\u00dferung? F\u00fcr Glauben und Gewissen? Und Freiz\u00fcgigkeit? Was hei\u00dft das denn eigentlich? Unsere Grundrechte sind das Fundament einer demokratischen Gesellschaft und stehen in der Verfassung bewusst an erster Stelle. Um den Kindern und Jugendlichen die Bedeutung dieser Rechte n\u00e4herzubringen und inhaltlich verst\u00e4ndlich zu machen, fand in der vergangenen Woche ein Demokratie-Workshop&hellip;\n  <\/div><!-- .entry-summary -->\n  <\/div><!-- .entry-main -->\n<\/div><!-- .meta-main-wrap -->\n<\/article><!-- end post -38781 -->\n<article id=\"post-38294\"class=\"cf post-38294 post type-post status-publish format-standard has-post-thumbnail hentry category-allgemein tag-home tag-sozialkunde\">\n \t\t<div class=\"entry-thumbnail fadein\"> \t\t\t<a href=\"https:\/\/www.rwg-bayreuth.de\/home\/?p=38294\"><img loading=\"lazy\" decoding=\"async\" width=\"1024\" height=\"683\" src=\"https:\/\/www.rwg-bayreuth.de\/home\/wp-content\/uploads\/2025\/03\/24-25-Juniorwahl-2025-B.jpg\" class=\"attachment-post-thumbnail size-post-thumbnail wp-post-image\" alt=\"\" srcset=\"https:\/\/www.rwg-bayreuth.de\/home\/wp-content\/uploads\/2025\/03\/24-25-Juniorwahl-2025-B.jpg 1024w, https:\/\/www.rwg-bayreuth.de\/home\/wp-content\/uploads\/2025\/03\/24-25-Juniorwahl-2025-B-150x100.jpg 150w, https:\/\/www.rwg-bayreuth.de\/home\/wp-content\/uploads\/2025\/03\/24-25-Juniorwahl-2025-B-450x300.jpg 450w, https:\/\/www.rwg-bayreuth.de\/home\/wp-content\/uploads\/2025\/03\/24-25-Juniorwahl-2025-B-768x512.jpg 768w, https:\/\/www.rwg-bayreuth.de\/home\/wp-content\/uploads\/2025\/03\/24-25-Juniorwahl-2025-B-250x167.jpg 250w, https:\/\/www.rwg-bayreuth.de\/home\/wp-content\/uploads\/2025\/03\/24-25-Juniorwahl-2025-B-900x600.jpg 900w\" sizes=\"(max-width: 1024px) 100vw, 1024px\" \/><\/a> \t\t<\/div><!-- end .entry-thumbnail -->\n<div class=\"meta-main-wrap\">\n  <div class=\"\">\n    <header class=\"entry-header\">\n      <div class=\"entry-cats\">\n        <div class=\"kategorie\"><a href=\"https:\/\/www.rwg-bayreuth.de\/home\/?cat=1\" rel=\"category\">Schulleben<\/a><\/div>\n<div class=\"entry-edit\" >      <div class=\"entry-date\" >\n        <a href=\"https:\/\/www.rwg-bayreuth.de\/home\/?p=38294\">17. M\u00e4rz 2025<\/a>\n      <\/div><\/div><!-- end .entry-date -->\n      <\/div><!-- end .entry-cats -->\n<h2 class=\"entry-title\"><a href=\"https:\/\/www.rwg-bayreuth.de\/home\/?p=38294\" rel=\"bookmark\">Juniorwahl am Richard-Wagner-Gymnasium: Demokratie hautnah erleben<\/a><\/h2>\n    <\/header><!-- end .entry-header -->\n    <div class=\"entry-summary\">\nVom 24. bis 26. Februar 2025 fanden am Richard-Wagner-Gymnasium die Juniorwahlen zur vorgezogenen Bundestagswahl statt. Teilnehmen konnten alle Sch\u00fclerinnen und Sch\u00fcler, die das Fach Politik und Gesellschaft belegen. Organisiert wurde die Wahl von Sch\u00fclerinnen und Sch\u00fclern der 11. Jahrgangsstufe des sozialwissenschaftlichen Zweigs, die als Wahlhelferinnen und Wahlhelfer fungierten. Wahlverzeichnisse anlegen, Wahlbenachrichtigungen ausf\u00fcllen und verteilen, Werbung&hellip;\n  <\/div><!-- .entry-summary -->\n  <\/div><!-- .entry-main -->\n<\/div><!-- .meta-main-wrap -->\n<\/article><!-- end post -38294 -->\n<article id=\"post-38144\"class=\"cf post-38144 post type-post status-publish format-standard has-post-thumbnail hentry category-allgemein tag-home tag-sozialkunde\">\n \t\t<div class=\"entry-thumbnail fadein\"> \t\t\t<a href=\"https:\/\/www.rwg-bayreuth.de\/home\/?p=38144\"><img loading=\"lazy\" decoding=\"async\" width=\"1024\" height=\"683\" src=\"https:\/\/www.rwg-bayreuth.de\/home\/wp-content\/uploads\/2025\/02\/24-25-PuG-Juniorwahl-B.jpg\" class=\"attachment-post-thumbnail size-post-thumbnail wp-post-image\" alt=\"\" srcset=\"https:\/\/www.rwg-bayreuth.de\/home\/wp-content\/uploads\/2025\/02\/24-25-PuG-Juniorwahl-B.jpg 1024w, https:\/\/www.rwg-bayreuth.de\/home\/wp-content\/uploads\/2025\/02\/24-25-PuG-Juniorwahl-B-150x100.jpg 150w, https:\/\/www.rwg-bayreuth.de\/home\/wp-content\/uploads\/2025\/02\/24-25-PuG-Juniorwahl-B-450x300.jpg 450w, https:\/\/www.rwg-bayreuth.de\/home\/wp-content\/uploads\/2025\/02\/24-25-PuG-Juniorwahl-B-768x512.jpg 768w, https:\/\/www.rwg-bayreuth.de\/home\/wp-content\/uploads\/2025\/02\/24-25-PuG-Juniorwahl-B-250x167.jpg 250w, https:\/\/www.rwg-bayreuth.de\/home\/wp-content\/uploads\/2025\/02\/24-25-PuG-Juniorwahl-B-900x600.jpg 900w\" sizes=\"(max-width: 1024px) 100vw, 1024px\" \/><\/a> \t\t<\/div><!-- end .entry-thumbnail -->\n<div class=\"meta-main-wrap\">\n  <div class=\"\">\n    <header class=\"entry-header\">\n      <div class=\"entry-cats\">\n        <div class=\"kategorie\"><a href=\"https:\/\/www.rwg-bayreuth.de\/home\/?cat=1\" rel=\"category\">Schulleben<\/a><\/div>\n<div class=\"entry-edit\" >      <div class=\"entry-date\" >\n        <a href=\"https:\/\/www.rwg-bayreuth.de\/home\/?p=38144\">18. Februar 2025<\/a>\n      <\/div><\/div><!-- end .entry-date -->\n      <\/div><!-- end .entry-cats -->\n<h2 class=\"entry-title\"><a href=\"https:\/\/www.rwg-bayreuth.de\/home\/?p=38144\" rel=\"bookmark\">Juniorwahl 2025<\/a><\/h2>\n    <\/header><!-- end .entry-header -->\n    <div class=\"entry-summary\">\nAm 23. Februar 2025 findet die Bundestagswahl statt. Du darfst am kommenden Sonntag vielleicht noch nicht w\u00e4hlen, aber bei der Juniorwahl kannst du schon mal f\u00fcr die n\u00e4chste Wahl \u00fcben und den Erwachsenen zeigen, was der Jugend von heute wichtig ist. Juniorwahl 2025 &#8211; deine Stimme, dein Vibe, dein Move! Die Juniorwahl ist eine realistische&hellip;\n  <\/div><!-- .entry-summary -->\n  <\/div><!-- .entry-main -->\n<\/div><!-- .meta-main-wrap -->\n<\/article><!-- end post -38144 -->\n<article id=\"post-38221\"class=\"cf post-38221 post type-post status-publish format-standard has-post-thumbnail hentry category-allgemein tag-home tag-sozialkunde\">\n \t\t<div class=\"entry-thumbnail fadein\"> \t\t\t<a href=\"https:\/\/www.rwg-bayreuth.de\/home\/?p=38221\"><img loading=\"lazy\" decoding=\"async\" width=\"1024\" height=\"683\" src=\"https:\/\/www.rwg-bayreuth.de\/home\/wp-content\/uploads\/2025\/03\/24-25-Planspiel_PuG_B.jpg\" class=\"attachment-post-thumbnail size-post-thumbnail wp-post-image\" alt=\"\" srcset=\"https:\/\/www.rwg-bayreuth.de\/home\/wp-content\/uploads\/2025\/03\/24-25-Planspiel_PuG_B.jpg 1024w, https:\/\/www.rwg-bayreuth.de\/home\/wp-content\/uploads\/2025\/03\/24-25-Planspiel_PuG_B-150x100.jpg 150w, https:\/\/www.rwg-bayreuth.de\/home\/wp-content\/uploads\/2025\/03\/24-25-Planspiel_PuG_B-450x300.jpg 450w, https:\/\/www.rwg-bayreuth.de\/home\/wp-content\/uploads\/2025\/03\/24-25-Planspiel_PuG_B-768x512.jpg 768w, https:\/\/www.rwg-bayreuth.de\/home\/wp-content\/uploads\/2025\/03\/24-25-Planspiel_PuG_B-250x167.jpg 250w, https:\/\/www.rwg-bayreuth.de\/home\/wp-content\/uploads\/2025\/03\/24-25-Planspiel_PuG_B-900x600.jpg 900w\" sizes=\"(max-width: 1024px) 100vw, 1024px\" \/><\/a> \t\t<\/div><!-- end .entry-thumbnail -->\n<div class=\"meta-main-wrap\">\n  <div class=\"\">\n    <header class=\"entry-header\">\n      <div class=\"entry-cats\">\n        <div class=\"kategorie\"><a href=\"https:\/\/www.rwg-bayreuth.de\/home\/?cat=1\" rel=\"category\">Schulleben<\/a><\/div>\n<div class=\"entry-edit\" >      <div class=\"entry-date\" >\n        <a href=\"https:\/\/www.rwg-bayreuth.de\/home\/?p=38221\">12. Februar 2025<\/a>\n      <\/div><\/div><!-- end .entry-date -->\n      <\/div><!-- end .entry-cats -->\n<h2 class=\"entry-title\"><a href=\"https:\/\/www.rwg-bayreuth.de\/home\/?p=38221\" rel=\"bookmark\">Planspiel \u201eAnti-Plastic Europe\u201c \u2013 Q12 debattiert \u00fcber EU-Gesetze<\/a><\/h2>\n    <\/header><!-- end .entry-header -->\n    <div class=\"entry-summary\">\nWie schwierig ist es eigentlich, ein Gesetz im Europ\u00e4ischen Parlament zu verabschieden? Die Sch\u00fclerinnen und Sch\u00fcler des Leistungsfachs Politik und Gesellschaft in der Q12 konnten das hautnah erleben \u2013 in einem Planspiel zur EU-Gesetzgebung. Das Thema: \u201eAnti-Plastic Europe\u201c. Zwei zentrale Gesetzesvorhaben standen zur Debatte: Ein einheitliches Pfandsystem f\u00fcr Plastikverpackungen in der gesamten EU Eine verbindliche&hellip;\n  <\/div><!-- .entry-summary -->\n  <\/div><!-- .entry-main -->\n<\/div><!-- .meta-main-wrap -->\n<\/article><!-- end post -38221 -->\n<\/div><!-- end .rwg_post_list -->\n<\/div>\n<h2>Besonderheiten des sozialwissenschaftlichen Zweiges<\/h2>\n<ul class=\"linkliste\">\n<li class=\"top\"><a title=\"Sozialpraktische Grundbildung\" href=\"https:\/\/www.rwg-bayreuth.de\/home\/?page_id=2561\">Sozialpraktische Grundbildung<\/a><\/li>\n<li><a href=\"https:\/\/www.rwg-bayreuth.de\/home\/?page_id=2565\">Sozialpraktikum<\/a><\/li>\n<li><a href=\"https:\/\/www.rwg-bayreuth.de\/home\/?page_id=36144\">Lernort Staatsregierung\/Landtag<\/a><\/li>\n<li><a title=\"Berlinfahrt \u2014 ein Bericht\" href=\"https:\/\/www.rwg-bayreuth.de\/home\/?page_id=20436\">Studienfahrt nach Berlin (10. Klassen)<br \/>\n<\/a><\/li>\n<\/ul>\n<h2>Partner des RWG<\/h2>\n<ul class=\"linkliste\">\n<li><a href=\"http:\/\/www.freiwilligen-zentrum-bayreuth.de\/wp\/\" target=\"_blank\" rel=\"noopener noreferrer\">Freiwilligenzentrum Bayreuth<\/a><\/li>\n<li><a href=\"https:\/\/www.rwg-bayreuth.de\/home\/?page_id=33971\" target=\"\" rel=\"noopener noreferrer\">Caritas Bayreuth<\/a><\/li>\n<li><a href=\"http:\/\/www.brk-bayreuth.de\/\" target=\"_blank\" rel=\"noopener noreferrer\">Rotes Kreuz Bayreuth<\/a><\/li>\n<\/ul>\n<h2>Weiterf\u00fchrende Links<\/h2>\n<ul class=\"linkliste\">\n<li><a href=\"https:\/\/www.lehrplanplus.bayern.de\/schulart\/gymnasium\/fach\/sozialkunde%20\/inhalt\/fachlehrplaene?w_schulart=gymnasium&#038;wt_1=schulart&#038;w_fach=pug&#038;wt_2=fach\" target=\"_blank\" rel=\"noopener noreferrer\">LehrplanPLUS Politik und Gesellschaft<\/a><\/li>\n<li><a href=\"https:\/\/www.lehrplanplus.bayern.de\/schulart\/gymnasium\/fach\/sozialkunde%20\/inhalt\/fachlehrplaene?w_schulart=gymnasium&#038;wt_1=schulart&#038;w_fach=sozialpraktische-grundbildung&#038;wt_2=fach\" target=\"_blank\" rel=\"noopener noreferrer\">LehrplanPLUS Sozialpraktische Grundbildung<\/a><\/li>\n<li><a href=\"https:\/\/www.isb.bayern.de\/schularten\/gymnasium\/faecher\/politik-und-gesellschaft-sozialkunde\/illustrierende-pruefungsaufgaben\/\" target=\"_blank\" rel=\"noopener noreferrer\">Informationen zum Abitur<\/a><\/li>\n<p><!--\n\t\n\n<li><a href=\"https:\/\/www.isb.bayern.de\/gymnasium\/materialien\/d\/kombinierte-abitur-geschichte-sozialkunde\/\" target=\"_blank\" rel=\"noopener noreferrer\">Materialien zum Abitur Geschichte-Sozialkunde<\/a><\/li>\n\n-->\n<\/ul>\n<h2>Lehrwerke<\/h2>\n<p>Jahrgangsstufe 8-10: Mensch &#038; Politik (Westermann)<br \/>\nJahrgangsstufe 11: Politik aktuell (C.C. Buchner)<br \/>\nQ12\/Q13: Politik aktuell (C.C. Buchner)<\/p>\n","protected":false},"excerpt":{"rendered":"<p>Fachschaft Das Fach Politik und Gesellschaft (ehemals Sozialkunde) ist als Leitfach der politischen Bildung am Gymnasium Pflichtfach f\u00fcr alle Sch\u00fclerinnen und Sch\u00fcler in den Jahrgangsstufen 10 mit 12, wahlweise auch in Jahrgangsstufe 13. Weiterhin k\u00f6nnen sich Sch\u00fclerinnen und Sch\u00fcler am RWG im Rahmen der Zweigwahl f\u00fcr das Sozialwissenschaftliche Gymnasium entscheiden und haben dann das Fach&hellip;<\/p>\n","protected":false},"author":2,"featured_media":0,"parent":11135,"menu_order":5,"comment_status":"closed","ping_status":"closed","template":"page-templates\/no-sidebar.php","meta":{"footnotes":""},"tags":[54],"_links":{"self":[{"href":"https:\/\/www.rwg-bayreuth.de\/home\/index.php?rest_route=\/wp\/v2\/pages\/2555"}],"collection":[{"href":"https:\/\/www.rwg-bayreuth.de\/home\/index.php?rest_route=\/wp\/v2\/pages"}],"about":[{"href":"https:\/\/www.rwg-bayreuth.de\/home\/index.php?rest_route=\/wp\/v2\/types\/page"}],"author":[{"embeddable":true,"href":"https:\/\/www.rwg-bayreuth.de\/home\/index.php?rest_route=\/wp\/v2\/users\/2"}],"replies":[{"embeddable":true,"href":"https:\/\/www.rwg-bayreuth.de\/home\/index.php?rest_route=%2Fwp%2Fv2%2Fcomments&post=2555"}],"version-history":[{"count":81,"href":"https:\/\/www.rwg-bayreuth.de\/home\/index.php?rest_route=\/wp\/v2\/pages\/2555\/revisions"}],"predecessor-version":[{"id":41075,"href":"https:\/\/www.rwg-bayreuth.de\/home\/index.php?rest_route=\/wp\/v2\/pages\/2555\/revisions\/41075"}],"up":[{"embeddable":true,"href":"https:\/\/www.rwg-bayreuth.de\/home\/index.php?rest_route=\/wp\/v2\/pages\/11135"}],"wp:attachment":[{"href":"https:\/\/www.rwg-bayreuth.de\/home\/index.php?rest_route=%2Fwp%2Fv2%2Fmedia&parent=2555"}],"wp:term":[{"taxonomy":"post_tag","embeddable":true,"href":"https:\/\/www.rwg-bayreuth.de\/home\/index.php?rest_route=%2Fwp%2Fv2%2Ftags&post=2555"}],"curies":[{"name":"wp","href":"https:\/\/api.w.org\/{rel}","templated":true}]}}