{"id":2538,"date":"2013-09-30T09:07:34","date_gmt":"2013-09-30T08:07:34","guid":{"rendered":"http:\/\/www.rwg-bayreuth.de\/home\/?page_id=2538"},"modified":"2024-01-17T20:50:57","modified_gmt":"2024-01-17T19:50:57","slug":"geografie","status":"publish","type":"page","link":"https:\/\/www.rwg-bayreuth.de\/home\/?page_id=2538","title":{"rendered":"Geographie"},"content":{"rendered":"<p><img decoding=\"async\" src=\"https:\/\/www.rwg-bayreuth.de\/home\/wp-content\/uploads\/2024\/01\/Geographie-JosefinLazzaris.jpg\" alt=\"\" width=\"100%\" height=\"auto\" class=\"aligncenter size-full wp-image-35650\" srcset=\"https:\/\/www.rwg-bayreuth.de\/home\/wp-content\/uploads\/2024\/01\/Geographie-JosefinLazzaris.jpg 1920w, https:\/\/www.rwg-bayreuth.de\/home\/wp-content\/uploads\/2024\/01\/Geographie-JosefinLazzaris-1536x512.jpg 1536w, https:\/\/www.rwg-bayreuth.de\/home\/wp-content\/uploads\/2024\/01\/Geographie-JosefinLazzaris-150x50.jpg 150w, https:\/\/www.rwg-bayreuth.de\/home\/wp-content\/uploads\/2024\/01\/Geographie-JosefinLazzaris-450x150.jpg 450w, https:\/\/www.rwg-bayreuth.de\/home\/wp-content\/uploads\/2024\/01\/Geographie-JosefinLazzaris-768x256.jpg 768w, https:\/\/www.rwg-bayreuth.de\/home\/wp-content\/uploads\/2024\/01\/Geographie-JosefinLazzaris-1024x341.jpg 1024w, https:\/\/www.rwg-bayreuth.de\/home\/wp-content\/uploads\/2024\/01\/Geographie-JosefinLazzaris-250x83.jpg 250w\" sizes=\"(max-width: 1920px) 100vw, 1920px\" \/><\/p>\n<p><!--<img decoding=\"async\" class=\"alignnone size-full wp-image-13069\" src=\"https:\/\/www.rwg-bayreuth.de\/home\/wp-content\/uploads\/2017\/01\/Geo5.jpg\" alt=\"\" width=\"100%\" srcset=\"https:\/\/www.rwg-bayreuth.de\/home\/wp-content\/uploads\/2017\/01\/Geo5.jpg 960w, https:\/\/www.rwg-bayreuth.de\/home\/wp-content\/uploads\/2017\/01\/Geo5-150x50.jpg 150w, https:\/\/www.rwg-bayreuth.de\/home\/wp-content\/uploads\/2017\/01\/Geo5-450x150.jpg 450w, https:\/\/www.rwg-bayreuth.de\/home\/wp-content\/uploads\/2017\/01\/Geo5-768x256.jpg 768w, https:\/\/www.rwg-bayreuth.de\/home\/wp-content\/uploads\/2017\/01\/Geo5-250x83.jpg 250w, https:\/\/www.rwg-bayreuth.de\/home\/wp-content\/uploads\/2017\/01\/Geo5-600x200.jpg 600w\" sizes=\"(max-width: 960px) 100vw, 960px\" \/>--><\/p>\n<div class=\"su-quote su-quote-style-default font-size_normal su-quote-has-cite\"><div class=\"su-quote-inner su-u-clearfix su-u-trim\">Die gef\u00e4hrlichste Weltanschauung ist die der Leute, welche die Welt nie angeschaut haben.<span class=\"su-quote-cite\">Alexander von Humboldt (1769-1859), deutscher Naturforscher, Begr\u00fcnder der physischen Geographie<\/span><\/div><\/div>\n<h2>Fachschaft<\/h2>\n<p><a href=\"https:\/\/www.rwg-bayreuth.de\/home\/wp-content\/uploads\/2020\/09\/Fachschaft-Geographie.jpg\"><img decoding=\"async\" src=\"https:\/\/www.rwg-bayreuth.de\/home\/wp-content\/uploads\/2020\/09\/Fachschaft-Geographie.jpg\" alt=\"\" width=\"900\" height=\"auto\" class=\"alignnone size-full wp-image-27102 fachschaftsbild\" srcset=\"https:\/\/www.rwg-bayreuth.de\/home\/wp-content\/uploads\/2020\/09\/Fachschaft-Geographie.jpg 1024w, https:\/\/www.rwg-bayreuth.de\/home\/wp-content\/uploads\/2020\/09\/Fachschaft-Geographie-450x300.jpg 450w, https:\/\/www.rwg-bayreuth.de\/home\/wp-content\/uploads\/2020\/09\/Fachschaft-Geographie-768x512.jpg 768w, https:\/\/www.rwg-bayreuth.de\/home\/wp-content\/uploads\/2020\/09\/Fachschaft-Geographie-250x167.jpg 250w, https:\/\/www.rwg-bayreuth.de\/home\/wp-content\/uploads\/2020\/09\/Fachschaft-Geographie-900x600.jpg 900w, https:\/\/www.rwg-bayreuth.de\/home\/wp-content\/uploads\/2020\/09\/Fachschaft-Geographie-600x400.jpg 600w\" sizes=\"(max-width: 1024px) 100vw, 1024px\" \/><\/a><\/p>\n<p>Nicht nur angesichts solch brandaktueller Themen wie dem Klimawandel oder der Globalisierung kommt der Geographie besondere Bedeutung innerhalb der gymnasialen Bildung zu. Als Integrationsfach schl\u00e4gt es eine Br\u00fccke zwischen Natur\u2010 und Gesellschaftswissenschaften &#8211; von der lokalen bis zur globalen Ebene.<\/p>\n<p>Moderner Geographieunterricht schult sechs zentrale F\u00e4higkeiten:<br \/>\n<!--<a href=\"https:\/\/www.rwg-bayreuth.de\/home\/wp-content\/uploads\/2013\/09\/geographie.gif\"><img loading=\"lazy\" decoding=\"async\" class=\"size-full wp-image-2540 \" src=\"https:\/\/www.rwg-bayreuth.de\/home\/wp-content\/uploads\/2013\/09\/geographie.gif\" alt=\"http:\/\/classe5esch.blogspot.de\/2008_02_01_archive.html\" align=\"alignright\" width=\"200\" height=\"200\" srcset=\"https:\/\/www.rwg-bayreuth.de\/home\/wp-content\/uploads\/2013\/09\/geographie.gif 346w, https:\/\/www.rwg-bayreuth.de\/home\/wp-content\/uploads\/2013\/09\/geographie-150x150.gif 150w, https:\/\/www.rwg-bayreuth.de\/home\/wp-content\/uploads\/2013\/09\/geographie-300x300.gif 300w, https:\/\/www.rwg-bayreuth.de\/home\/wp-content\/uploads\/2013\/09\/geographie-250x250.gif 250w\" sizes=\"(max-width: 200px) 100vw, 200px\" \/><\/a>--><\/p>\n<h6>Fachwissen<\/h6>\n<p>R\u00e4ume als natur\u2010 und humangeographische Systeme erfassen und Wechselbeziehungen zwischen Mensch und Umwelt analysieren k\u00f6nnen.<\/p>\n<h6>R\u00e4umliche Orientierung<\/h6>\n<p>Sich in R\u00e4umen auch mit Hilfe von Karten orientieren k\u00f6nnen.<\/p>\n<h6>Erkenntnisgewinnung \/ Methoden<\/h6>\n<p>Geographisch relevante Informationen aus dem Realraum und aus Medien gewinnen und auswerten k\u00f6nnen.<\/p>\n<h6>Kommunikation<\/h6>\n<p>Geographische Sachverhalte verstehen, versprachlichen und pr\u00e4sentieren k\u00f6nnen.<\/p>\n<h6>Beurteilung \/ Bewertung<\/h6>\n<p>Raumbezogene Sachverhalte und Probleme kriterienorientiert beurteilen k\u00f6nnen.<\/p>\n<h6>Handlung<\/h6>\n<p>Auf verschiedenen Handlungsfeldern natur\u2010 und sozialraumgerecht handeln k\u00f6nnen.<\/p>\n<h2>Besonderheiten des Faches Geographie<\/h2>\n<p>Durch den Fachraum &#8222;Geographie&#8220; bietet das RWG optimale Rahmenbedingungen f\u00fcr die Erkundung unserer Erde. Klassische Medien wie der Atlas oder das Tellurium sind stets einsatzbereit vor Ort. Moderne Pr\u00e4sentationsmittel wie ein Visualizer unterst\u00fctzen einen zeitgem\u00e4\u00dfen, aufgabenorientierten Geographieunterricht, der Sch\u00fclerinnen und Sch\u00fcler zum verantwortungsbewussten raumbezogenen Handeln erziehen will.<\/p>\n<h2>Weiterf\u00fchrende Links<\/h2>\n<ul class=\"linkliste\">\n<li class=\"top\"><a href=\"https:\/\/www.lehrplanplus.bayern.de\/schulart\/gymnasium\/fach\/geographie\/inhalt\/fachlehrplaene\" target=\"_blank\" rel=\"noopener noreferrer\">LehrplanPLUS<\/a><\/li>\n<li><a href=\"http:\/\/www.isb.bayern.de\/gymnasium\/lehrplan\/gymnasium\/fachprofil-ebene-%202\/erdkunde-geographie\/313\/\" target=\"_blank\" rel=\"noopener noreferrer\">Lehrplan (G8)<\/a><\/li>\n<li><a href=\"http:\/\/www.isb.bayern.de\/gymnasium\/materialien\/grundwissen-und-kompetenzorientierung-am-gymnasium\/\" target=\"_blank\" rel=\"noopener noreferrer\">Grundwissen und Kompetenzen einzelner Jahrgangsstufen (ISB)<\/a><\/li>\n<li><a href=\"https:\/\/geographie.de\/wp-content\/uploads\/2014\/09\/geographie_bildungsstandards.pdf\" target=\"_blank\" rel=\"noopener noreferrer\">Bildungsstandards im Fach Geographie f\u00fcr den Mittleren Schulabschluss (DGfG)<\/a><\/li>\n<\/ul>\n<h2>Aktuelles<\/h2>\n<div style=\"max-width: 1000px\">\n<div class=\"rwg_post_list\"><article id=\"post-38486\"class=\"cf post-38486 post type-post status-publish format-standard has-post-thumbnail hentry category-allgemein tag-geographie tag-home tag-p-seminar tag-umweltschule\">\n \t\t<div class=\"entry-thumbnail fadein\"> \t\t\t<a href=\"https:\/\/www.rwg-bayreuth.de\/home\/?p=38486\"><img loading=\"lazy\" decoding=\"async\" width=\"1024\" height=\"683\" src=\"https:\/\/www.rwg-bayreuth.de\/home\/wp-content\/uploads\/2025\/04\/24-25-Zukunftstr-baeume-B.jpg\" class=\"attachment-post-thumbnail size-post-thumbnail wp-post-image\" alt=\"\" srcset=\"https:\/\/www.rwg-bayreuth.de\/home\/wp-content\/uploads\/2025\/04\/24-25-Zukunftstr-baeume-B.jpg 1024w, https:\/\/www.rwg-bayreuth.de\/home\/wp-content\/uploads\/2025\/04\/24-25-Zukunftstr-baeume-B-150x100.jpg 150w, https:\/\/www.rwg-bayreuth.de\/home\/wp-content\/uploads\/2025\/04\/24-25-Zukunftstr-baeume-B-450x300.jpg 450w, https:\/\/www.rwg-bayreuth.de\/home\/wp-content\/uploads\/2025\/04\/24-25-Zukunftstr-baeume-B-768x512.jpg 768w, https:\/\/www.rwg-bayreuth.de\/home\/wp-content\/uploads\/2025\/04\/24-25-Zukunftstr-baeume-B-250x167.jpg 250w, https:\/\/www.rwg-bayreuth.de\/home\/wp-content\/uploads\/2025\/04\/24-25-Zukunftstr-baeume-B-900x600.jpg 900w\" sizes=\"(max-width: 1024px) 100vw, 1024px\" \/><\/a> \t\t<\/div><!-- end .entry-thumbnail -->\n<div class=\"meta-main-wrap\">\n  <div class=\"\">\n    <header class=\"entry-header\">\n      <div class=\"entry-cats\">\n        <div class=\"kategorie\"><a href=\"https:\/\/www.rwg-bayreuth.de\/home\/?cat=1\" rel=\"category\">Schulleben<\/a><\/div>\n<div class=\"entry-edit\" >      <div class=\"entry-date\" >\n        <a href=\"https:\/\/www.rwg-bayreuth.de\/home\/?p=38486\">3. April 2025<\/a>\n      <\/div><\/div><!-- end .entry-date -->\n      <\/div><!-- end .entry-cats -->\n<h2 class=\"entry-title\"><a href=\"https:\/\/www.rwg-bayreuth.de\/home\/?p=38486\" rel=\"bookmark\">Die Zukunftsb\u00e4ume des RWG<\/a><\/h2>\n    <\/header><!-- end .entry-header -->\n    <div class=\"entry-summary\">\nSch\u00fclerinnen und Sch\u00fcler des Richard-Wagner-Gymnasiums pflanzen mit dem Bezirkstagspr\u00e4sidenten Henry Schramm 500 B\u00e4ume im Wald zwischen Geigenreuth und Eckersdorf. \u201eWir wollen ein Zeichen daf\u00fcr setzen, dass jede und jeder seinen Beitrag gegen den Klimawandel leisten kann\u201c, sagte eine Sch\u00fclerin des P-Seminars \u201eZukunfts(tr\/b)\u00e4ume\u201c. Dabei pflanzte sie mit rund 50 Helferinnen und Helfern aus der RWG-Schulfamilie B\u00e4ume,&hellip;\n  <\/div><!-- .entry-summary -->\n  <\/div><!-- .entry-main -->\n<\/div><!-- .meta-main-wrap -->\n<\/article><!-- end post -38486 -->\n<article id=\"post-39031\"class=\"cf post-39031 post type-post status-publish format-standard has-post-thumbnail hentry category-allgemein tag-biologie tag-chemie tag-geographie tag-mint tag-nawigator tag-physik\">\n \t\t<div class=\"entry-thumbnail fadein\"> \t\t\t<a href=\"https:\/\/www.rwg-bayreuth.de\/home\/?p=39031\"><img loading=\"lazy\" decoding=\"async\" width=\"1024\" height=\"678\" src=\"https:\/\/www.rwg-bayreuth.de\/home\/wp-content\/uploads\/2025\/05\/24-25-Herzlichen-Glueckwunsch-an-die-Klasse-7a-Schulsieger-NaWigator-2024.jpg\" class=\"attachment-post-thumbnail size-post-thumbnail wp-post-image\" alt=\"\" srcset=\"https:\/\/www.rwg-bayreuth.de\/home\/wp-content\/uploads\/2025\/05\/24-25-Herzlichen-Glueckwunsch-an-die-Klasse-7a-Schulsieger-NaWigator-2024.jpg 1024w, https:\/\/www.rwg-bayreuth.de\/home\/wp-content\/uploads\/2025\/05\/24-25-Herzlichen-Glueckwunsch-an-die-Klasse-7a-Schulsieger-NaWigator-2024-150x99.jpg 150w, https:\/\/www.rwg-bayreuth.de\/home\/wp-content\/uploads\/2025\/05\/24-25-Herzlichen-Glueckwunsch-an-die-Klasse-7a-Schulsieger-NaWigator-2024-450x298.jpg 450w, https:\/\/www.rwg-bayreuth.de\/home\/wp-content\/uploads\/2025\/05\/24-25-Herzlichen-Glueckwunsch-an-die-Klasse-7a-Schulsieger-NaWigator-2024-768x509.jpg 768w, https:\/\/www.rwg-bayreuth.de\/home\/wp-content\/uploads\/2025\/05\/24-25-Herzlichen-Glueckwunsch-an-die-Klasse-7a-Schulsieger-NaWigator-2024-250x166.jpg 250w\" sizes=\"(max-width: 1024px) 100vw, 1024px\" \/><\/a> \t\t<\/div><!-- end .entry-thumbnail -->\n<div class=\"meta-main-wrap\">\n  <div class=\"\">\n    <header class=\"entry-header\">\n      <div class=\"entry-cats\">\n        <div class=\"kategorie\"><a href=\"https:\/\/www.rwg-bayreuth.de\/home\/?cat=1\" rel=\"category\">Schulleben<\/a><\/div>\n<div class=\"entry-edit\" >      <div class=\"entry-date\" >\n        <a href=\"https:\/\/www.rwg-bayreuth.de\/home\/?p=39031\">23. Oktober 2024<\/a>\n      <\/div><\/div><!-- end .entry-date -->\n      <\/div><!-- end .entry-cats -->\n<h2 class=\"entry-title\"><a href=\"https:\/\/www.rwg-bayreuth.de\/home\/?p=39031\" rel=\"bookmark\">NaWigator-Wettbewerbstag am RWG<\/a><\/h2>\n    <\/header><!-- end .entry-header -->\n    <div class=\"entry-summary\">\nDie Klasse 7a holt sich im Schuljahr 2024\/25 den Schulsieg An unserem Richard-Wagner-Gymnasium fand auch dieses Schuljahr wieder ein besonderer Wettbewerbstag f\u00fcr alle Sch\u00fclerinnen und Sch\u00fcler des 7. Jahrgangs statt. Ein ganzer Schultag stand am 22. Oktober 2024 den Sch\u00fclerinnen und Sch\u00fclern zur Verf\u00fcgung, um in die Welt der Naturwissenschaften einzutauchen. Der NaWigator-Wettbewerbstag dient dazu,&hellip;\n  <\/div><!-- .entry-summary -->\n  <\/div><!-- .entry-main -->\n<\/div><!-- .meta-main-wrap -->\n<\/article><!-- end post -39031 -->\n<\/div><!-- end .rwg_post_list -->\n<\/div>\n<h2>Verwendete Lehrwerke<\/h2>\n<ul>\n<li>Unsere Erde 5-7 (Cornelsen-Verlag)<\/li>\n<li>Seydlitz: Geographie 10 &#8211; 12 (Schroedel-Verlag)<\/li>\n<\/ul>\n<p><!--<span style=\"font-size: xx-small;\">Bildquelle: http:\/\/classe5esch.blogspot.de\/2008_02_01_archive.html<\/span>--><\/p>\n","protected":false},"excerpt":{"rendered":"<p>Fachschaft Nicht nur angesichts solch brandaktueller Themen wie dem Klimawandel oder der Globalisierung kommt der Geographie besondere Bedeutung innerhalb der gymnasialen Bildung zu. Als Integrationsfach schl\u00e4gt es eine Br\u00fccke zwischen Natur\u2010 und Gesellschaftswissenschaften &#8211; von der lokalen bis zur globalen Ebene. Moderner Geographieunterricht schult sechs zentrale F\u00e4higkeiten: Fachwissen R\u00e4ume als natur\u2010 und humangeographische Systeme erfassen&hellip;<\/p>\n","protected":false},"author":2,"featured_media":0,"parent":11135,"menu_order":35,"comment_status":"closed","ping_status":"closed","template":"page-templates\/no-sidebar.php","meta":{"footnotes":""},"tags":[54],"_links":{"self":[{"href":"https:\/\/www.rwg-bayreuth.de\/home\/index.php?rest_route=\/wp\/v2\/pages\/2538"}],"collection":[{"href":"https:\/\/www.rwg-bayreuth.de\/home\/index.php?rest_route=\/wp\/v2\/pages"}],"about":[{"href":"https:\/\/www.rwg-bayreuth.de\/home\/index.php?rest_route=\/wp\/v2\/types\/page"}],"author":[{"embeddable":true,"href":"https:\/\/www.rwg-bayreuth.de\/home\/index.php?rest_route=\/wp\/v2\/users\/2"}],"replies":[{"embeddable":true,"href":"https:\/\/www.rwg-bayreuth.de\/home\/index.php?rest_route=%2Fwp%2Fv2%2Fcomments&post=2538"}],"version-history":[{"count":81,"href":"https:\/\/www.rwg-bayreuth.de\/home\/index.php?rest_route=\/wp\/v2\/pages\/2538\/revisions"}],"predecessor-version":[{"id":35651,"href":"https:\/\/www.rwg-bayreuth.de\/home\/index.php?rest_route=\/wp\/v2\/pages\/2538\/revisions\/35651"}],"up":[{"embeddable":true,"href":"https:\/\/www.rwg-bayreuth.de\/home\/index.php?rest_route=\/wp\/v2\/pages\/11135"}],"wp:attachment":[{"href":"https:\/\/www.rwg-bayreuth.de\/home\/index.php?rest_route=%2Fwp%2Fv2%2Fmedia&parent=2538"}],"wp:term":[{"taxonomy":"post_tag","embeddable":true,"href":"https:\/\/www.rwg-bayreuth.de\/home\/index.php?rest_route=%2Fwp%2Fv2%2Ftags&post=2538"}],"curies":[{"name":"wp","href":"https:\/\/api.w.org\/{rel}","templated":true}]}}