{"id":25071,"date":"2020-03-29T21:54:31","date_gmt":"2020-03-29T19:54:31","guid":{"rendered":"http:\/\/www.rwg-bayreuth.de\/home\/?page_id=25071"},"modified":"2023-09-28T14:54:39","modified_gmt":"2023-09-28T12:54:39","slug":"lebendiges-latein","status":"publish","type":"page","link":"https:\/\/www.rwg-bayreuth.de\/home\/?page_id=25071","title":{"rendered":"Lebend(ig)es Latein"},"content":{"rendered":"<p>Dass Latein weit mehr als eine \u201ealte Sprache\u201c ist, davon zeugen die vielf\u00e4ltigen Projekte in unserem Fach: Gerade das Fach Latein hat dabei eine Menge zu bieten, angefangen beim <strong>kulturellen Leben der R\u00f6mer<\/strong>, das sich dokumentiert findet in der <strong>Religion<\/strong>, der <strong>Politik<\/strong>, aber auch sich in ganz normalen <strong>Alltagsbesch\u00e4ftigungen in der Freizeit<\/strong> spiegelt, gefolgt von <strong>kulinarischen Leckerbissen<\/strong> typisch r\u00f6mischer Speisen bzw. Gew\u00fcrze.<br \/>\nNicht zu vergessen ist dabei auch das <strong>\u201eErbe\u201c der antiken Welt<\/strong>, das bis in die heutige Zeit reicht: Zu denken w\u00e4re dabei etwa an <strong>gefl\u00fcgelte Worte oder bekannte Zitate<\/strong>, die aus dem Lateinischen stammen.<br \/>\nHier finden sich <strong>einige Impressionen (auch ein lateinisches Wort \u00fcbrigens :-)) \u2013 d.h. Eindr\u00fccke \u2013 aus verschiedenen Projekten und Aktivit\u00e4ten rund um den Lateinunterricht:<\/strong><\/p>\n<ul>\n<li><img loading=\"lazy\" decoding=\"async\" src=\"https:\/\/www.rwg-bayreuth.de\/home\/wp-content\/uploads\/2020\/03\/19-20-Latein-01_Schreibt\u00e4felchen-150x150.jpg\" alt=\"\" width=\"150\" height=\"150\" class=\"alignright size-thumbnail wp-image-25076\" style=\"margin-bottom: 4px;\" srcset=\"https:\/\/www.rwg-bayreuth.de\/home\/wp-content\/uploads\/2020\/03\/19-20-Latein-01_Schreibt\u00e4felchen-150x150.jpg 150w, https:\/\/www.rwg-bayreuth.de\/home\/wp-content\/uploads\/2020\/03\/19-20-Latein-01_Schreibt\u00e4felchen.jpg 184w\" sizes=\"(max-width: 150px) 100vw, 150px\" \/>das antike &#8218;Tablet&#8216;, die <strong>Schreibt\u00e4felchen aus Holz<\/strong> \u2013 gar nicht so leicht, darauf zu schreiben, oder? <\/li>\n<li class=\"clear\"><img loading=\"lazy\" decoding=\"async\" src=\"https:\/\/www.rwg-bayreuth.de\/home\/wp-content\/uploads\/2020\/03\/19-20-Latein-02_toga-150x150.jpg\" alt=\"\" width=\"150\" height=\"150\" class=\"alignright size-thumbnail wp-image-25077\" style=\"margin-bottom: 4px;\" srcset=\"https:\/\/www.rwg-bayreuth.de\/home\/wp-content\/uploads\/2020\/03\/19-20-Latein-02_toga-150x150.jpg 150w, https:\/\/www.rwg-bayreuth.de\/home\/wp-content\/uploads\/2020\/03\/19-20-Latein-02_toga-250x250.jpg 250w, https:\/\/www.rwg-bayreuth.de\/home\/wp-content\/uploads\/2020\/03\/19-20-Latein-02_toga.jpg 272w\" sizes=\"(max-width: 150px) 100vw, 150px\" \/>&#8218;gar nicht schief gewickelt&#8216;! \u2013 sich kleiden wie ein(e) echte(r) R\u00f6mer(in) ist alles andere als leicht; denn da muss von Kopf bis Fu\u00df alles stimmen!<br \/>\nUnd schnell wird auch f\u00fcr <strong>das waschechte Toga-Wickeln<\/strong> ein Bettlaken aus dem Kleiderschrank ausgeliehen&hellip;<br \/>\n\u00dcbrigens: Wer hat nicht auch selbst <strong>sog. R\u00f6mersandalen<\/strong> daheim im Schuhschrank stehen? Raus damit&hellip; und schon tr\u00e4gt man das richtige Schuhwerk eines R\u00f6mers!\n<\/li>\n<li class=\"clear\"><a href=\"https:\/\/www.rwg-bayreuth.de\/home\/wp-content\/uploads\/2020\/03\/19-20-Latein-03_Speisekarte.pdf\"><img loading=\"lazy\" decoding=\"async\" src=\"https:\/\/www.rwg-bayreuth.de\/home\/wp-content\/uploads\/2020\/03\/19-20-Latein-04_r\u00f6mische-K\u00f6stlichkeiten-150x150.jpg\" alt=\"\" width=\"150\" height=\"150\" class=\"alignright size-thumbnail wp-image-25079\" style=\"margin-bottom: 4px;\" srcset=\"https:\/\/www.rwg-bayreuth.de\/home\/wp-content\/uploads\/2020\/03\/19-20-Latein-04_r\u00f6mische-K\u00f6stlichkeiten-150x150.jpg 150w, https:\/\/www.rwg-bayreuth.de\/home\/wp-content\/uploads\/2020\/03\/19-20-Latein-04_r\u00f6mische-K\u00f6stlichkeiten-250x250.jpg 250w, https:\/\/www.rwg-bayreuth.de\/home\/wp-content\/uploads\/2020\/03\/19-20-Latein-04_r\u00f6mische-K\u00f6stlichkeiten.jpg 382w\" sizes=\"(max-width: 150px) 100vw, 150px\" \/><\/a>Wer mag schnell einen Blick auf eine <strong>original-r\u00f6mische Speisekarte<\/strong> werfen? Dann Klicke auf das Bild mit den r\u00f6mischen K\u00f6stlichkeiten!<br \/>\nNat\u00fcrlich darf hier als Gew\u00fcrz das <em>garum<\/em> \u2013 die sehr streng riechende Fischsauce \u2013 nicht fehlen: eine kleine Kostprobe gef\u00e4llig? Bittesch\u00f6n&hellip;<br \/>\nZu trinken gab es dazu \u00fcbrigens gerne mulsum, den typisch r\u00f6mischen Honigwein (nat\u00fcrlich allerdings nicht f\u00fcr Kinder!); Ambrosia hingegen, ein ganz besonderer Nektar, das war der Trank, der eigentlich nur f\u00fcr die <strong>G\u00f6tter <\/strong>bestimmt war&hellip;\n<\/li>\n<li>Achtet doch selbst bei einem Gang durch die Bayreuther Innenstadt einmal darauf, welchen <strong>Gottheiten <\/strong>ihr dort &#8218;begegnet&#8216;! Man denke z.B. nur an den Neptunbrunnen in der Maximilianstra\u00dfe oder an die vielen steinernen Figuren, die am Wegrand des Hofgartens zu bestaunen sind!<\/li>\n<li><img loading=\"lazy\" decoding=\"async\" src=\"https:\/\/www.rwg-bayreuth.de\/home\/wp-content\/uploads\/2020\/03\/19-20-Latein-05_-Diana_G\u00f6ttin-der-Jagd-150x150.jpg\" alt=\"\" width=\"150\" height=\"150\" class=\"alignright size-thumbnail wp-image-25073\" style=\"margin-bottom: 4px;\" srcset=\"https:\/\/www.rwg-bayreuth.de\/home\/wp-content\/uploads\/2020\/03\/19-20-Latein-05_-Diana_G\u00f6ttin-der-Jagd-150x150.jpg 150w, https:\/\/www.rwg-bayreuth.de\/home\/wp-content\/uploads\/2020\/03\/19-20-Latein-05_-Diana_G\u00f6ttin-der-Jagd-250x250.jpg 250w, https:\/\/www.rwg-bayreuth.de\/home\/wp-content\/uploads\/2020\/03\/19-20-Latein-05_-Diana_G\u00f6ttin-der-Jagd.jpg 370w\" sizes=\"(max-width: 150px) 100vw, 150px\" \/>Streng darauf bedacht, die G\u00f6tter milde zu stimmen, war typisch f\u00fcr einen R\u00f6mer in der Antike:<strong> Welche Gottheit findet sich in diesem Schattenspiel nachempfunden?<\/strong><br \/>\n(man achte auf Pfeil und Bogen&#8230; es kann also nur Artemis (griech) bzw. Diana (lat.) sein!)<\/li>\n<li>Und auch einen <strong>bekannten Orakelspruch<\/strong> gibt es hier zu h\u00f6ren&hellip;<div class=\"su-audio ohneJedenRand\" data-id=\"su_audio_player_69f550e0420a6\" data-audio=\"https:\/\/www.rwg-bayreuth.de\/home\/wp-content\/uploads\/2020\/03\/06_Orakelspruch.mp3\" data-swf=\"https:\/\/www.rwg-bayreuth.de\/home\/wp-content\/plugins\/shortcodes-ultimate-pro\/vendor\/jplayer\/jplayer.swf\" data-autoplay=\"no\" data-loop=\"no\" style=\"max-width:400px\"><div id=\"su_audio_player_69f550e0420a6\" class=\"jp-jplayer\"><\/div><div id=\"su_audio_player_69f550e0420a6_container\" class=\"jp-audio\"><div class=\"jp-type-single\"><div class=\"jp-gui jp-interface\"><div class=\"jp-controls\"><span class=\"jp-play\"><\/span><span class=\"jp-pause\"><\/span><span class=\"jp-stop\"><\/span><span class=\"jp-mute\"><\/span><span class=\"jp-unmute\"><\/span><span class=\"jp-volume-max\"><\/span><\/div><div class=\"jp-progress\"><div class=\"jp-seek-bar\"><div class=\"jp-play-bar\"><\/div><\/div><\/div><div class=\"jp-volume-bar\"><div class=\"jp-volume-bar-value\"><\/div><\/div><div class=\"jp-current-time\"><\/div><div class=\"jp-duration\"><\/div><\/div><div class=\"jp-title\"><\/div><\/div><\/div><\/div>&hellip; richtig: Er deutet auf den <strong>Mythos von Deukalion und Pyrrha!<\/strong><br \/>\nWer den Mythos \u2013 gelesen aus Gustav Schwabs &#8218;Sagen des klassischen Altertums&#8216; \u2013 (noch) nicht kennt, sollte einmal hier hineinh\u00f6ren:<br \/>\n<div class=\"su-audio ohneJedenRand\" data-id=\"su_audio_player_69f550e0420c3\" data-audio=\"https:\/\/www.rwg-bayreuth.de\/home\/wp-content\/uploads\/2020\/03\/07_-Deukalion-und-Pyrrha_k.mp3\" data-swf=\"https:\/\/www.rwg-bayreuth.de\/home\/wp-content\/plugins\/shortcodes-ultimate-pro\/vendor\/jplayer\/jplayer.swf\" data-autoplay=\"no\" data-loop=\"no\" style=\"max-width:400px\"><div id=\"su_audio_player_69f550e0420c3\" class=\"jp-jplayer\"><\/div><div id=\"su_audio_player_69f550e0420c3_container\" class=\"jp-audio\"><div class=\"jp-type-single\"><div class=\"jp-gui jp-interface\"><div class=\"jp-controls\"><span class=\"jp-play\"><\/span><span class=\"jp-pause\"><\/span><span class=\"jp-stop\"><\/span><span class=\"jp-mute\"><\/span><span class=\"jp-unmute\"><\/span><span class=\"jp-volume-max\"><\/span><\/div><div class=\"jp-progress\"><div class=\"jp-seek-bar\"><div class=\"jp-play-bar\"><\/div><\/div><\/div><div class=\"jp-volume-bar\"><div class=\"jp-volume-bar-value\"><\/div><\/div><div class=\"jp-current-time\"><\/div><div class=\"jp-duration\"><\/div><\/div><div class=\"jp-title\"><\/div><\/div><\/div><\/div><\/li>\n<li>S\u00e4mtliche <strong>Geschichten \u00fcber die antiken G\u00f6tter- und Heldensagen<\/strong> bzw. mythologische Gestalten finden sich als Lesestoff (gerne auch zum Ausleihen!) in unseren Bibliotheken: u.a. gibt es hier selbstverst\u00e4ndlich die Comics von Asterix und Obelix, traditionelle Kinder- und Jugendbuchklassiker, wie z.B. die bekannte Caius-Reihe oder aber die Abenteuer des Percy Jackson, u.v.m.<\/li>\n<li><div class=\"su-image-carousel  su-image-carousel-has-lightbox su-image-carousel-has-outline su-image-carousel-adaptive su-image-carousel-slides-style-minimal su-image-carousel-controls-style-light su-image-carousel-align-right\" style=\"max-width:150px\" data-flickity-options='{\"groupCells\":true,\"cellSelector\":\".su-image-carousel-item\",\"adaptiveHeight\":true,\"cellAlign\":\"left\",\"prevNextButtons\":true,\"pageDots\":false,\"autoPlay\":3000,\"imagesLoaded\":true,\"contain\":false,\"selectedAttraction\":0.025000000000000001,\"friction\":0.28000000000000003}' id=\"su_image_carousel_69f550e0426e4\"><div class=\"su-image-carousel-item\"><div class=\"su-image-carousel-item-content\"><a href=\"https:\/\/www.rwg-bayreuth.de\/home\/wp-content\/uploads\/2020\/03\/19-20-Latein-Deckblatt.jpg\" data-caption=\"\"><img loading=\"lazy\" decoding=\"async\" width=\"768\" height=\"715\" src=\"https:\/\/www.rwg-bayreuth.de\/home\/wp-content\/uploads\/2020\/03\/19-20-Latein-Deckblatt-768x715.jpg\" class=\"\" alt=\"\" srcset=\"https:\/\/www.rwg-bayreuth.de\/home\/wp-content\/uploads\/2020\/03\/19-20-Latein-Deckblatt-768x715.jpg 768w, https:\/\/www.rwg-bayreuth.de\/home\/wp-content\/uploads\/2020\/03\/19-20-Latein-Deckblatt-450x419.jpg 450w, https:\/\/www.rwg-bayreuth.de\/home\/wp-content\/uploads\/2020\/03\/19-20-Latein-Deckblatt-250x233.jpg 250w, https:\/\/www.rwg-bayreuth.de\/home\/wp-content\/uploads\/2020\/03\/19-20-Latein-Deckblatt.jpg 1024w\" sizes=\"(max-width: 768px) 100vw, 768px\" \/><\/a><\/div><\/div><div class=\"su-image-carousel-item\"><div class=\"su-image-carousel-item-content\"><a href=\"https:\/\/www.rwg-bayreuth.de\/home\/wp-content\/uploads\/2020\/03\/19-20-Latein-OrpheusEuridike.jpg\" data-caption=\"\"><img loading=\"lazy\" decoding=\"async\" width=\"768\" height=\"715\" src=\"https:\/\/www.rwg-bayreuth.de\/home\/wp-content\/uploads\/2020\/03\/19-20-Latein-OrpheusEuridike-768x715.jpg\" class=\"\" alt=\"\" srcset=\"https:\/\/www.rwg-bayreuth.de\/home\/wp-content\/uploads\/2020\/03\/19-20-Latein-OrpheusEuridike-768x715.jpg 768w, https:\/\/www.rwg-bayreuth.de\/home\/wp-content\/uploads\/2020\/03\/19-20-Latein-OrpheusEuridike-450x419.jpg 450w, https:\/\/www.rwg-bayreuth.de\/home\/wp-content\/uploads\/2020\/03\/19-20-Latein-OrpheusEuridike-250x233.jpg 250w, https:\/\/www.rwg-bayreuth.de\/home\/wp-content\/uploads\/2020\/03\/19-20-Latein-OrpheusEuridike.jpg 1024w\" sizes=\"(max-width: 768px) 100vw, 768px\" \/><\/a><\/div><\/div><div class=\"su-image-carousel-item\"><div class=\"su-image-carousel-item-content\"><a href=\"https:\/\/www.rwg-bayreuth.de\/home\/wp-content\/uploads\/2020\/03\/19-20-Latein-Tantalus.jpg\" data-caption=\"\"><img loading=\"lazy\" decoding=\"async\" width=\"768\" height=\"714\" src=\"https:\/\/www.rwg-bayreuth.de\/home\/wp-content\/uploads\/2020\/03\/19-20-Latein-Tantalus-768x714.jpg\" class=\"\" alt=\"\" srcset=\"https:\/\/www.rwg-bayreuth.de\/home\/wp-content\/uploads\/2020\/03\/19-20-Latein-Tantalus-768x714.jpg 768w, https:\/\/www.rwg-bayreuth.de\/home\/wp-content\/uploads\/2020\/03\/19-20-Latein-Tantalus-450x418.jpg 450w, https:\/\/www.rwg-bayreuth.de\/home\/wp-content\/uploads\/2020\/03\/19-20-Latein-Tantalus-250x232.jpg 250w, https:\/\/www.rwg-bayreuth.de\/home\/wp-content\/uploads\/2020\/03\/19-20-Latein-Tantalus.jpg 1024w\" sizes=\"(max-width: 768px) 100vw, 768px\" \/><\/a><\/div><\/div><div class=\"su-image-carousel-item\"><div class=\"su-image-carousel-item-content\"><a href=\"https:\/\/www.rwg-bayreuth.de\/home\/wp-content\/uploads\/2020\/03\/19-20-Latein-DaedalusIkarus.jpg\" data-caption=\"\"><img loading=\"lazy\" decoding=\"async\" width=\"768\" height=\"715\" src=\"https:\/\/www.rwg-bayreuth.de\/home\/wp-content\/uploads\/2020\/03\/19-20-Latein-DaedalusIkarus-768x715.jpg\" class=\"\" alt=\"\" srcset=\"https:\/\/www.rwg-bayreuth.de\/home\/wp-content\/uploads\/2020\/03\/19-20-Latein-DaedalusIkarus-768x715.jpg 768w, https:\/\/www.rwg-bayreuth.de\/home\/wp-content\/uploads\/2020\/03\/19-20-Latein-DaedalusIkarus-450x419.jpg 450w, https:\/\/www.rwg-bayreuth.de\/home\/wp-content\/uploads\/2020\/03\/19-20-Latein-DaedalusIkarus-250x233.jpg 250w, https:\/\/www.rwg-bayreuth.de\/home\/wp-content\/uploads\/2020\/03\/19-20-Latein-DaedalusIkarus.jpg 1024w\" sizes=\"(max-width: 768px) 100vw, 768px\" \/><\/a><\/div><\/div><div class=\"su-image-carousel-item\"><div class=\"su-image-carousel-item-content\"><a href=\"https:\/\/www.rwg-bayreuth.de\/home\/wp-content\/uploads\/2020\/03\/19-20-Latein-Latona.jpg\" data-caption=\"\"><img loading=\"lazy\" decoding=\"async\" width=\"768\" height=\"715\" src=\"https:\/\/www.rwg-bayreuth.de\/home\/wp-content\/uploads\/2020\/03\/19-20-Latein-Latona-768x715.jpg\" class=\"\" alt=\"\" srcset=\"https:\/\/www.rwg-bayreuth.de\/home\/wp-content\/uploads\/2020\/03\/19-20-Latein-Latona-768x715.jpg 768w, https:\/\/www.rwg-bayreuth.de\/home\/wp-content\/uploads\/2020\/03\/19-20-Latein-Latona-450x419.jpg 450w, https:\/\/www.rwg-bayreuth.de\/home\/wp-content\/uploads\/2020\/03\/19-20-Latein-Latona-250x233.jpg 250w, https:\/\/www.rwg-bayreuth.de\/home\/wp-content\/uploads\/2020\/03\/19-20-Latein-Latona.jpg 1024w\" sizes=\"(max-width: 768px) 100vw, 768px\" \/><\/a><\/div><\/div><div class=\"su-image-carousel-item\"><div class=\"su-image-carousel-item-content\"><a href=\"https:\/\/www.rwg-bayreuth.de\/home\/wp-content\/uploads\/2020\/03\/19-20-Latein-Minos.jpg\" data-caption=\"\"><img loading=\"lazy\" decoding=\"async\" width=\"768\" height=\"714\" src=\"https:\/\/www.rwg-bayreuth.de\/home\/wp-content\/uploads\/2020\/03\/19-20-Latein-Minos-768x714.jpg\" class=\"\" alt=\"\" srcset=\"https:\/\/www.rwg-bayreuth.de\/home\/wp-content\/uploads\/2020\/03\/19-20-Latein-Minos-768x714.jpg 768w, https:\/\/www.rwg-bayreuth.de\/home\/wp-content\/uploads\/2020\/03\/19-20-Latein-Minos-450x418.jpg 450w, https:\/\/www.rwg-bayreuth.de\/home\/wp-content\/uploads\/2020\/03\/19-20-Latein-Minos-250x232.jpg 250w, https:\/\/www.rwg-bayreuth.de\/home\/wp-content\/uploads\/2020\/03\/19-20-Latein-Minos.jpg 1024w\" sizes=\"(max-width: 768px) 100vw, 768px\" \/><\/a><\/div><\/div><div class=\"su-image-carousel-item\"><div class=\"su-image-carousel-item-content\"><a href=\"https:\/\/www.rwg-bayreuth.de\/home\/wp-content\/uploads\/2020\/03\/19-20-Latein-Proserpina.jpg\" data-caption=\"\"><img loading=\"lazy\" decoding=\"async\" width=\"768\" height=\"715\" src=\"https:\/\/www.rwg-bayreuth.de\/home\/wp-content\/uploads\/2020\/03\/19-20-Latein-Proserpina-768x715.jpg\" class=\"\" alt=\"\" srcset=\"https:\/\/www.rwg-bayreuth.de\/home\/wp-content\/uploads\/2020\/03\/19-20-Latein-Proserpina-768x715.jpg 768w, https:\/\/www.rwg-bayreuth.de\/home\/wp-content\/uploads\/2020\/03\/19-20-Latein-Proserpina-450x419.jpg 450w, https:\/\/www.rwg-bayreuth.de\/home\/wp-content\/uploads\/2020\/03\/19-20-Latein-Proserpina-250x233.jpg 250w, https:\/\/www.rwg-bayreuth.de\/home\/wp-content\/uploads\/2020\/03\/19-20-Latein-Proserpina.jpg 1024w\" sizes=\"(max-width: 768px) 100vw, 768px\" \/><\/a><\/div><\/div><\/div><script id=\"su_image_carousel_69f550e0426e4_script\">if(window.SUImageCarousel){setTimeout(function() {window.SUImageCarousel.initGallery(document.getElementById(\"su_image_carousel_69f550e0426e4\"))}, 0);}var su_image_carousel_69f550e0426e4_script=document.getElementById(\"su_image_carousel_69f550e0426e4_script\");if(su_image_carousel_69f550e0426e4_script){su_image_carousel_69f550e0426e4_script.parentNode.removeChild(su_image_carousel_69f550e0426e4_script);}<\/script>Alternativ l\u00e4sst sich auch die kreative Umsetzung einer 7. Klasse ansehen, die einen Monatskalender zum <strong>Thema Mythos<\/strong> gestaltet hat.<br \/>\nInteressant \u2013 nicht nur f\u00fcr den Deutschunterricht \u2013 sind dabei auch <strong>gefl\u00fcgelte Worte und Zitate<\/strong> aus dem Lateinischen, die bis heute in unserem Sprachgebrauch verwendet werden (<em>z.B. eine Sisyphusarbeit verrichten, Tantalusqualen erleiden, einen Pyrrhussieg erringen etc.<\/em>).<\/li>\n<li class=\"clear\"><span class=\"su-lightbox\" data-mfp-src=\"#ForumRomanum\" data-mfp-type=\"inline\" data-mobile=\"yes\"><img loading=\"lazy\" decoding=\"async\" src=\"https:\/\/www.rwg-bayreuth.de\/home\/wp-content\/uploads\/2020\/03\/19-20-Latein-09_Forum-Romanum-150x150.jpg\" alt=\"\" width=\"150\" height=\"150\" class=\"alignright size-thumbnail wp-image-25074 bilderzoom\" style=\"margin-bottom: 4px;\" srcset=\"https:\/\/www.rwg-bayreuth.de\/home\/wp-content\/uploads\/2020\/03\/19-20-Latein-09_Forum-Romanum-150x150.jpg 150w, https:\/\/www.rwg-bayreuth.de\/home\/wp-content\/uploads\/2020\/03\/19-20-Latein-09_Forum-Romanum-450x450.jpg 450w, https:\/\/www.rwg-bayreuth.de\/home\/wp-content\/uploads\/2020\/03\/19-20-Latein-09_Forum-Romanum-768x768.jpg 768w, https:\/\/www.rwg-bayreuth.de\/home\/wp-content\/uploads\/2020\/03\/19-20-Latein-09_Forum-Romanum-250x250.jpg 250w, https:\/\/www.rwg-bayreuth.de\/home\/wp-content\/uploads\/2020\/03\/19-20-Latein-09_Forum-Romanum.jpg 900w\" sizes=\"(max-width: 150px) 100vw, 150px\" \/><\/span>\n<div class=\"su-lightbox-content su-u-trim \" id=\"ForumRomanum\" style=\"display:none;width:95%;min-width:none;max-width:600px;margin-top:70px;margin-bottom:70px;padding:30px;background:#FFFFFF;color:#2a2a2a;box-shadow:0px 0px 15px #333333;text-align:left\"><img loading=\"lazy\" decoding=\"async\" src=\"https:\/\/www.rwg-bayreuth.de\/home\/wp-content\/uploads\/2020\/03\/19-20-Latein-09_Forum-Romanum-g.jpg\" alt=\"\" width=\"1024\" height=\"577\" class=\"aligncenter size-full wp-image-25093\" style=\"margin-bottom: 4px;\" srcset=\"https:\/\/www.rwg-bayreuth.de\/home\/wp-content\/uploads\/2020\/03\/19-20-Latein-09_Forum-Romanum-g.jpg 1024w, https:\/\/www.rwg-bayreuth.de\/home\/wp-content\/uploads\/2020\/03\/19-20-Latein-09_Forum-Romanum-g-450x254.jpg 450w, https:\/\/www.rwg-bayreuth.de\/home\/wp-content\/uploads\/2020\/03\/19-20-Latein-09_Forum-Romanum-g-768x433.jpg 768w, https:\/\/www.rwg-bayreuth.de\/home\/wp-content\/uploads\/2020\/03\/19-20-Latein-09_Forum-Romanum-g-250x141.jpg 250w, https:\/\/www.rwg-bayreuth.de\/home\/wp-content\/uploads\/2020\/03\/19-20-Latein-09_Forum-Romanum-g-800x450.jpg 800w\" sizes=\"(max-width: 1024px) 100vw, 1024px\" \/><\/div>Und auch f\u00fcr die \u00e4lteren Sch\u00fcler\/innen gibt es eine Reihe von Leseempfehlungen: Bestimmt habt ihr in eurem Lateinunterricht z.B. schon Textstellen aus Robert Harris&#8216; Romanen geh\u00f6rt, der die Lebensgeschichte (Vita) Ciceros in einer spannenden, bis zum Schluss fesselnden Handlung beschreibt \u2013 \u201eein topaktueller Polit-Thriller im historischen Gewand\u201c (Heyne-Verlag)<\/li>\n<li class=\"clear\"><img loading=\"lazy\" decoding=\"async\" src=\"https:\/\/www.rwg-bayreuth.de\/home\/wp-content\/uploads\/2020\/03\/19-20-Latein-10_r\u00f6mische-Spiele-150x150.jpg\" alt=\"\" width=\"150\" height=\"150\" class=\"alignright size-thumbnail wp-image-25075\"  style=\"margin-bottom: 4px;\" srcset=\"https:\/\/www.rwg-bayreuth.de\/home\/wp-content\/uploads\/2020\/03\/19-20-Latein-10_r\u00f6mische-Spiele-150x150.jpg 150w, https:\/\/www.rwg-bayreuth.de\/home\/wp-content\/uploads\/2020\/03\/19-20-Latein-10_r\u00f6mische-Spiele-250x250.jpg 250w, https:\/\/www.rwg-bayreuth.de\/home\/wp-content\/uploads\/2020\/03\/19-20-Latein-10_r\u00f6mische-Spiele.jpg 351w\" sizes=\"(max-width: 150px) 100vw, 150px\" \/>Nicht zuletzt auch <strong>spielerisch <\/strong>hatte bereits die Antike einiges zu bieten: Die Kinder spielten Rundm\u00fchle (als Vorl\u00e4ufer des uns bekannten M\u00fchlespiels) oder das sog. Delta-Spiel, bei dem N\u00fcsse durch geschicktes Werfen bzw. Rollen in einem dreieckigen Spielfeld platziert werden mussten; als Bewegungsspiel gab es z.B. das beliebte <em>muscas captare<\/em> (&#8218;Fliegenfangen&#8216;, vgl. die Darstellung in unserem Lehrbuch Campus CI neu, Kap.13), das in etwa dem heutigen Blinde-Kuh-Spiel gleichzusetzen w\u00e4re.<br \/>\nSowohl im Rahmen eines r\u00f6mischen Abends als auch w\u00e4hrend der Deutschstunden der Unterstufe &#8211; n\u00e4mlich zum Thema Spielbeschreibungen! &#8211; gab es hier schon gen\u00fcgend Praxiserprobungen; der Spa\u00df war da bei allen Beteiligten garantiert!<\/li>\n<\/ul>\n","protected":false},"excerpt":{"rendered":"<p>Dass Latein weit mehr als eine \u201ealte Sprache\u201c ist, davon zeugen die vielf\u00e4ltigen Projekte in unserem Fach: Gerade das Fach Latein hat dabei eine Menge zu bieten, angefangen beim kulturellen Leben der R\u00f6mer, das sich dokumentiert findet in der Religion, der Politik, aber auch sich in ganz normalen Alltagsbesch\u00e4ftigungen in der Freizeit spiegelt, gefolgt von&hellip;<\/p>\n","protected":false},"author":11,"featured_media":0,"parent":1931,"menu_order":10,"comment_status":"closed","ping_status":"closed","template":"page-templates\/no-sidebar.php","meta":{"footnotes":""},"tags":[],"_links":{"self":[{"href":"https:\/\/www.rwg-bayreuth.de\/home\/index.php?rest_route=\/wp\/v2\/pages\/25071"}],"collection":[{"href":"https:\/\/www.rwg-bayreuth.de\/home\/index.php?rest_route=\/wp\/v2\/pages"}],"about":[{"href":"https:\/\/www.rwg-bayreuth.de\/home\/index.php?rest_route=\/wp\/v2\/types\/page"}],"author":[{"embeddable":true,"href":"https:\/\/www.rwg-bayreuth.de\/home\/index.php?rest_route=\/wp\/v2\/users\/11"}],"replies":[{"embeddable":true,"href":"https:\/\/www.rwg-bayreuth.de\/home\/index.php?rest_route=%2Fwp%2Fv2%2Fcomments&post=25071"}],"version-history":[{"count":43,"href":"https:\/\/www.rwg-bayreuth.de\/home\/index.php?rest_route=\/wp\/v2\/pages\/25071\/revisions"}],"predecessor-version":[{"id":25712,"href":"https:\/\/www.rwg-bayreuth.de\/home\/index.php?rest_route=\/wp\/v2\/pages\/25071\/revisions\/25712"}],"up":[{"embeddable":true,"href":"https:\/\/www.rwg-bayreuth.de\/home\/index.php?rest_route=\/wp\/v2\/pages\/1931"}],"wp:attachment":[{"href":"https:\/\/www.rwg-bayreuth.de\/home\/index.php?rest_route=%2Fwp%2Fv2%2Fmedia&parent=25071"}],"wp:term":[{"taxonomy":"post_tag","embeddable":true,"href":"https:\/\/www.rwg-bayreuth.de\/home\/index.php?rest_route=%2Fwp%2Fv2%2Ftags&post=25071"}],"curies":[{"name":"wp","href":"https:\/\/api.w.org\/{rel}","templated":true}]}}