{"id":23903,"date":"2020-02-04T18:36:19","date_gmt":"2020-02-04T17:36:19","guid":{"rendered":"http:\/\/www.rwg-bayreuth.de\/home\/?page_id=23903"},"modified":"2023-09-28T20:07:54","modified_gmt":"2023-09-28T18:07:54","slug":"medientutoren-und-medienscouts","status":"publish","type":"page","link":"https:\/\/www.rwg-bayreuth.de\/home\/?page_id=23903","title":{"rendered":"Medientutoren und Medienscouts"},"content":{"rendered":"<p><img decoding=\"async\" src=\"https:\/\/www.rwg-bayreuth.de\/home\/wp-content\/uploads\/2021\/11\/Medienscouts-tutoren.jpg\" alt=\"\" width=\"1920\" height=\"auto\" class=\"alignnone size-full wp-image-29843\" srcset=\"https:\/\/www.rwg-bayreuth.de\/home\/wp-content\/uploads\/2021\/11\/Medienscouts-tutoren.jpg 1920w, https:\/\/www.rwg-bayreuth.de\/home\/wp-content\/uploads\/2021\/11\/Medienscouts-tutoren-450x156.jpg 450w, https:\/\/www.rwg-bayreuth.de\/home\/wp-content\/uploads\/2021\/11\/Medienscouts-tutoren-1024x355.jpg 1024w, https:\/\/www.rwg-bayreuth.de\/home\/wp-content\/uploads\/2021\/11\/Medienscouts-tutoren-768x266.jpg 768w, https:\/\/www.rwg-bayreuth.de\/home\/wp-content\/uploads\/2021\/11\/Medienscouts-tutoren-1536x533.jpg 1536w, https:\/\/www.rwg-bayreuth.de\/home\/wp-content\/uploads\/2021\/11\/Medienscouts-tutoren-250x87.jpg 250w\" sizes=\"(max-width: 1920px) 100vw, 1920px\" \/><!--\n<img decoding=\"async\" src=\"https:\/\/www.rwg-bayreuth.de\/home\/wp-content\/uploads\/2020\/02\/MedienTutorenScouts.jpg\" alt=\"\" width=\"1920\" height=\"auto\" class=\"alignnone size-full wp-image-23908\" srcset=\"https:\/\/www.rwg-bayreuth.de\/home\/wp-content\/uploads\/2020\/02\/MedienTutorenScouts.jpg 1920w, https:\/\/www.rwg-bayreuth.de\/home\/wp-content\/uploads\/2020\/02\/MedienTutorenScouts-450x150.jpg 450w, https:\/\/www.rwg-bayreuth.de\/home\/wp-content\/uploads\/2020\/02\/MedienTutorenScouts-1024x341.jpg 1024w, https:\/\/www.rwg-bayreuth.de\/home\/wp-content\/uploads\/2020\/02\/MedienTutorenScouts-768x256.jpg 768w, https:\/\/www.rwg-bayreuth.de\/home\/wp-content\/uploads\/2020\/02\/MedienTutorenScouts-1536x512.jpg 1536w, https:\/\/www.rwg-bayreuth.de\/home\/wp-content\/uploads\/2020\/02\/MedienTutorenScouts-250x83.jpg 250w\" sizes=\"(max-width: 1920px) 100vw, 1920px\" \/>--><\/p>\n<h2>Medientutoren<\/h2>\n<p style=\"margin-bottom:0px\">Jede Klasse (5-10) w\u00e4hlt zu Beginn des Schuljahres nach dem Prinzip der Klassensprecherwahl gemeinsam mit ihrem Klassenleiter zwei Sch\u00fcler aus, die f\u00fcr den Aufgabenbereich der Medientutoren besonders geeignet sind. Das Amt wird von den gew\u00e4hlten Sch\u00fclern f\u00fcr ein Schuljahr ausgef\u00fchrt und bei gewissenhafter Umsetzung lobend im Zeugnis vermerkt. Die Medientutoren werden nach der Wahl zu Beginn des Schuljahres von Experten der schulinternen Mediengruppe (Lehrer) sowie den Medienscouts speziell geschult. Zu den Aufgabenbereichen der Medientutoren geh\u00f6ren:<\/p>\n<ul>\n<li>Bedienen der technischen Ausstattung im Klassenzimmer. (Dokumentenkameras, Rechner, Beamer, Lautsprecher oder Panels sollen zu Beginn der Stunde einsatzbereit sein)<\/li>\n<li>Beratende und unterst\u00fctzende Funktion in der Handhabung der medialen Ausstattung f\u00fcr die Lehrkr\u00e4fte.<\/li>\n<li>Melden von Problemen oder Sch\u00e4den an technischen Ger\u00e4ten beim Medienbetreuer und Medienbeauftragten der Schule<!-- Florian Mehling--> mit einer kurzen Beschreibung des Sachverhaltes und Angabe der Raumnummer auf dem vorgefertigten \u201eSchadenmeldungs-Formular\u201c.<\/li>\n<li>Aush\u00e4ngen und besprechen der Schulvereinbarungen zur Mediennutzung am RWG f\u00fcr die jeweilige Stufe (Unter-\/Mittelstufe) im Klassenzimmer.<\/li>\n<\/ul>\n<h2>Medienscouts<\/h2>\n<p>Medienscouts k\u00f6nnen Sch\u00fcler der 9. und 10. Klassen werden, die sich \u00fcber einen l\u00e4ngeren Zeitraum als Medientutoren bew\u00e4hrt oder mindestens zwei Jahre die Medien-AG besucht haben. Besondere Ber\u00fccksichtigung erfahren Sch\u00fcler, die zus\u00e4tzlich noch als Tutoren der 5. Klassen t\u00e4tig sind, da sie bereits soziale Kontakte zu den Unterstufen Sch\u00fclern aufgebaut haben, bevor sie beispielsweise bei den \u201eKennenlerntagen\u201c im Schullandheim Wei\u00dfenstadt als Betreuer und Leiter eines Workshops zum Thema \u201eVerantwortungsbewusster Umgang mit dem Smartphone\u201c fungieren. Die Medienscouts werden unter der Leitung von Herrn Bauer (Medienbeauftragter, Verbindungslehrer und Unterstufenbetreuer) bei einer Fortbildung des externen Partners \u201eOHO \u2013 OpferHilfe Oberfranken e.V.\u201c sowie bei den \u201eNetzg\u00e4ngern 2.0\u201c ausgebildet und speziell in den Bereichen \u201emoderne Medien\u201c und \u201esoziale Netzwerke\u201c geschult. Die Sch\u00fcler erhalten Zug\u00e4nge zu einem Netzwerk von Experten, bei denen sie jederzeit unabh\u00e4ngige Ratschl\u00e4ge sowie auch rechtliche Ausk\u00fcnfte erhalten k\u00f6nnen. Au\u00dferdem erlangen sie Handlungskompetenzen und Konfliktl\u00f6sungsstrategien bei Cybermobbingf\u00e4llen im Klassenverbund oder bei Vergehen am Recht am eigenen Bild. Besonders engagierte Medienscouts haben in der 10. Klasse die M\u00f6glichkeit, an der dreit\u00e4gigen BundesJugendKonferenzMedien (BJKM) in Rostock teilzunehmen, bei der in diversen Workshops und Vortr\u00e4gen internationale Experten ihr Wissen weitergeben. <\/p>\n<h2>Aktuelles<\/h2>\n<div style=\"max-width:1000px\"><div class=\"rwg_post_list\"><article id=\"post-40177\"class=\"cf post-40177 post type-post status-publish format-standard has-post-thumbnail hentry category-allgemein tag-digitaleschule tag-home tag-medientutoren-scouts\">\n \t\t<div class=\"entry-thumbnail fadein\"> \t\t\t<a href=\"https:\/\/www.rwg-bayreuth.de\/home\/?p=40177\"><img loading=\"lazy\" decoding=\"async\" width=\"1024\" height=\"683\" src=\"https:\/\/www.rwg-bayreuth.de\/home\/wp-content\/uploads\/2025\/11\/25-26-BJKM-B.jpg\" class=\"attachment-post-thumbnail size-post-thumbnail wp-post-image\" alt=\"\" srcset=\"https:\/\/www.rwg-bayreuth.de\/home\/wp-content\/uploads\/2025\/11\/25-26-BJKM-B.jpg 1024w, https:\/\/www.rwg-bayreuth.de\/home\/wp-content\/uploads\/2025\/11\/25-26-BJKM-B-150x100.jpg 150w, https:\/\/www.rwg-bayreuth.de\/home\/wp-content\/uploads\/2025\/11\/25-26-BJKM-B-450x300.jpg 450w, https:\/\/www.rwg-bayreuth.de\/home\/wp-content\/uploads\/2025\/11\/25-26-BJKM-B-768x512.jpg 768w, https:\/\/www.rwg-bayreuth.de\/home\/wp-content\/uploads\/2025\/11\/25-26-BJKM-B-250x167.jpg 250w, https:\/\/www.rwg-bayreuth.de\/home\/wp-content\/uploads\/2025\/11\/25-26-BJKM-B-900x600.jpg 900w\" sizes=\"(max-width: 1024px) 100vw, 1024px\" \/><\/a> \t\t<\/div><!-- end .entry-thumbnail -->\n<div class=\"meta-main-wrap\">\n  <div class=\"\">\n    <header class=\"entry-header\">\n      <div class=\"entry-cats\">\n        <div class=\"kategorie\"><a href=\"https:\/\/www.rwg-bayreuth.de\/home\/?cat=1\" rel=\"category\">Schulleben<\/a><\/div>\n<div class=\"entry-edit\" >      <div class=\"entry-date\" >\n        <a href=\"https:\/\/www.rwg-bayreuth.de\/home\/?p=40177\">17. November 2025<\/a>\n      <\/div><\/div><!-- end .entry-date -->\n      <\/div><!-- end .entry-cats -->\n<h2 class=\"entry-title\"><a href=\"https:\/\/www.rwg-bayreuth.de\/home\/?p=40177\" rel=\"bookmark\">Bundesjugendkonferenz Medien (BJKM) 2025 in Rostock<\/a><\/h2>\n    <\/header><!-- end .entry-header -->\n    <div class=\"entry-summary\">\nVom 13. bis 16. November 2025 durften wir, sieben Sch\u00fclerinnen und Sch\u00fcler des RWG in Begleitung von Herrn Babl, an der Bundesjugendkonferenz Medien (BJKM) teilnehmen. Dieses Jahr ging es f\u00fcr uns wieder nach Rostock, das im Herbst eine besonders sch\u00f6ne Stimmung hatte. Untergebracht waren wir im Scan Hotel, das durch seine angenehme Atmosph\u00e4re, sein hervorragendes&hellip;\n  <\/div><!-- .entry-summary -->\n  <\/div><!-- .entry-main -->\n<\/div><!-- .meta-main-wrap -->\n<\/article><!-- end post -40177 -->\n<article id=\"post-39825\"class=\"cf post-39825 post type-post status-publish format-standard has-post-thumbnail hentry category-allgemein tag-digitaleschule tag-home tag-medientutoren-scouts\">\n \t\t<div class=\"entry-thumbnail fadein\"> \t\t\t<a href=\"https:\/\/www.rwg-bayreuth.de\/home\/?p=39825\"><img loading=\"lazy\" decoding=\"async\" width=\"1024\" height=\"683\" src=\"https:\/\/www.rwg-bayreuth.de\/home\/wp-content\/uploads\/2025\/09\/25-26-AusbildungstagMedienscouts-B.jpg\" class=\"attachment-post-thumbnail size-post-thumbnail wp-post-image\" alt=\"\" srcset=\"https:\/\/www.rwg-bayreuth.de\/home\/wp-content\/uploads\/2025\/09\/25-26-AusbildungstagMedienscouts-B.jpg 1024w, https:\/\/www.rwg-bayreuth.de\/home\/wp-content\/uploads\/2025\/09\/25-26-AusbildungstagMedienscouts-B-150x100.jpg 150w, https:\/\/www.rwg-bayreuth.de\/home\/wp-content\/uploads\/2025\/09\/25-26-AusbildungstagMedienscouts-B-450x300.jpg 450w, https:\/\/www.rwg-bayreuth.de\/home\/wp-content\/uploads\/2025\/09\/25-26-AusbildungstagMedienscouts-B-768x512.jpg 768w, https:\/\/www.rwg-bayreuth.de\/home\/wp-content\/uploads\/2025\/09\/25-26-AusbildungstagMedienscouts-B-250x167.jpg 250w, https:\/\/www.rwg-bayreuth.de\/home\/wp-content\/uploads\/2025\/09\/25-26-AusbildungstagMedienscouts-B-900x600.jpg 900w\" sizes=\"(max-width: 1024px) 100vw, 1024px\" \/><\/a> \t\t<\/div><!-- end .entry-thumbnail -->\n<div class=\"meta-main-wrap\">\n  <div class=\"\">\n    <header class=\"entry-header\">\n      <div class=\"entry-cats\">\n        <div class=\"kategorie\"><a href=\"https:\/\/www.rwg-bayreuth.de\/home\/?cat=1\" rel=\"category\">Schulleben<\/a><\/div>\n<div class=\"entry-edit\" >      <div class=\"entry-date\" >\n        <a href=\"https:\/\/www.rwg-bayreuth.de\/home\/?p=39825\">19. September 2025<\/a>\n      <\/div><\/div><!-- end .entry-date -->\n      <\/div><!-- end .entry-cats -->\n<h2 class=\"entry-title\"><a href=\"https:\/\/www.rwg-bayreuth.de\/home\/?p=39825\" rel=\"bookmark\">Ausbildungstag der Medienscouts 2025 \u2013 Ein Tag voller Impulse und Inspiration<\/a><\/h2>\n    <\/header><!-- end .entry-header -->\n    <div class=\"entry-summary\">\nAm 18. September 2025 nahmen unsere neuen sowie erfahrenen Medienscouts am diesj\u00e4hrigen Ausbildungstag der Medienscouts Oberfranken an der Universit\u00e4t Bayreuth teil. Gemeinsam mit vielen engagierten Jugendlichen aus der Region erwartete sie ein abwechslungsreiches und inhaltsstarkes Programm. Nach dem offiziellen Empfang und der Begr\u00fc\u00dfung durch Alfons Hrubesch von der Opferhilfe Oberfranken sowie durch Vertreterinnen und Vertreter&hellip;\n  <\/div><!-- .entry-summary -->\n  <\/div><!-- .entry-main -->\n<\/div><!-- .meta-main-wrap -->\n<\/article><!-- end post -39825 -->\n<article id=\"post-37276\"class=\"cf post-37276 post type-post status-publish format-standard has-post-thumbnail hentry category-allgemein tag-home tag-medientutoren-scouts\">\n \t\t<div class=\"entry-thumbnail fadein\"> \t\t\t<a href=\"https:\/\/www.rwg-bayreuth.de\/home\/?p=37276\"><img loading=\"lazy\" decoding=\"async\" width=\"1024\" height=\"683\" src=\"https:\/\/www.rwg-bayreuth.de\/home\/wp-content\/uploads\/2024\/11\/24-25-Medientag-B.jpg\" class=\"attachment-post-thumbnail size-post-thumbnail wp-post-image\" alt=\"\" srcset=\"https:\/\/www.rwg-bayreuth.de\/home\/wp-content\/uploads\/2024\/11\/24-25-Medientag-B.jpg 1024w, https:\/\/www.rwg-bayreuth.de\/home\/wp-content\/uploads\/2024\/11\/24-25-Medientag-B-150x100.jpg 150w, https:\/\/www.rwg-bayreuth.de\/home\/wp-content\/uploads\/2024\/11\/24-25-Medientag-B-450x300.jpg 450w, https:\/\/www.rwg-bayreuth.de\/home\/wp-content\/uploads\/2024\/11\/24-25-Medientag-B-768x512.jpg 768w, https:\/\/www.rwg-bayreuth.de\/home\/wp-content\/uploads\/2024\/11\/24-25-Medientag-B-250x167.jpg 250w, https:\/\/www.rwg-bayreuth.de\/home\/wp-content\/uploads\/2024\/11\/24-25-Medientag-B-900x600.jpg 900w\" sizes=\"(max-width: 1024px) 100vw, 1024px\" \/><\/a> \t\t<\/div><!-- end .entry-thumbnail -->\n<div class=\"meta-main-wrap\">\n  <div class=\"\">\n    <header class=\"entry-header\">\n      <div class=\"entry-cats\">\n        <div class=\"kategorie\"><a href=\"https:\/\/www.rwg-bayreuth.de\/home\/?cat=1\" rel=\"category\">Schulleben<\/a><\/div>\n<div class=\"entry-edit\" >      <div class=\"entry-date\" >\n        <a href=\"https:\/\/www.rwg-bayreuth.de\/home\/?p=37276\">15. August 2024<\/a>\n      <\/div><\/div><!-- end .entry-date -->\n      <\/div><!-- end .entry-cats -->\n<h2 class=\"entry-title\"><a href=\"https:\/\/www.rwg-bayreuth.de\/home\/?p=37276\" rel=\"bookmark\">Unsere Medienscouts diskutieren mit Ahmad Mansour an der Uni Bayreuth<\/a><\/h2>\n    <\/header><!-- end .entry-header -->\n    <div class=\"entry-summary\">\nUnter den insgesamt 300 Teilnehmerinnen und Teilnehmern am Ausbildungstag f\u00fcr die Medienscouts in Oberfranken waren auch 12 Sch\u00fclerinnen und Sch\u00fcler des RWG. Die Schirmherrschaft f\u00fcr diesen Event \u00fcbernahm der Bezirkstagspr\u00e4sident Henry Schramm, der die Veranstaltung mit anerkennenden Gru\u00dfworten er\u00f6ffnete. Auch viele weitere bedeutende Pers\u00f6nlichkeiten aus Politik, Bildung und dem Polizeipr\u00e4sidium Oberfranken dr\u00fcckten mit Reden und&hellip;\n  <\/div><!-- .entry-summary -->\n  <\/div><!-- .entry-main -->\n<\/div><!-- .meta-main-wrap -->\n<\/article><!-- end post -37276 -->\n<article id=\"post-36546\"class=\"cf post-36546 post type-post status-publish format-standard has-post-thumbnail hentry category-allgemein tag-digitaleschule tag-home tag-medientutoren-scouts\">\n \t\t<div class=\"entry-thumbnail fadein\"> \t\t\t<a href=\"https:\/\/www.rwg-bayreuth.de\/home\/?p=36546\"><img loading=\"lazy\" decoding=\"async\" width=\"1024\" height=\"683\" src=\"https:\/\/www.rwg-bayreuth.de\/home\/wp-content\/uploads\/2024\/05\/23-24-Bundesjugendkonferenz-Medien-1.jpg\" class=\"attachment-post-thumbnail size-post-thumbnail wp-post-image\" alt=\"\" srcset=\"https:\/\/www.rwg-bayreuth.de\/home\/wp-content\/uploads\/2024\/05\/23-24-Bundesjugendkonferenz-Medien-1.jpg 1024w, https:\/\/www.rwg-bayreuth.de\/home\/wp-content\/uploads\/2024\/05\/23-24-Bundesjugendkonferenz-Medien-1-150x100.jpg 150w, https:\/\/www.rwg-bayreuth.de\/home\/wp-content\/uploads\/2024\/05\/23-24-Bundesjugendkonferenz-Medien-1-450x300.jpg 450w, https:\/\/www.rwg-bayreuth.de\/home\/wp-content\/uploads\/2024\/05\/23-24-Bundesjugendkonferenz-Medien-1-768x512.jpg 768w, https:\/\/www.rwg-bayreuth.de\/home\/wp-content\/uploads\/2024\/05\/23-24-Bundesjugendkonferenz-Medien-1-250x167.jpg 250w, https:\/\/www.rwg-bayreuth.de\/home\/wp-content\/uploads\/2024\/05\/23-24-Bundesjugendkonferenz-Medien-1-900x600.jpg 900w\" sizes=\"(max-width: 1024px) 100vw, 1024px\" \/><\/a> \t\t<\/div><!-- end .entry-thumbnail -->\n<div class=\"meta-main-wrap\">\n  <div class=\"\">\n    <header class=\"entry-header\">\n      <div class=\"entry-cats\">\n        <div class=\"kategorie\"><a href=\"https:\/\/www.rwg-bayreuth.de\/home\/?cat=1\" rel=\"category\">Schulleben<\/a><\/div>\n<div class=\"entry-edit\" >      <div class=\"entry-date\" >\n        <a href=\"https:\/\/www.rwg-bayreuth.de\/home\/?p=36546\">7. Mai 2024<\/a>\n      <\/div><\/div><!-- end .entry-date -->\n      <\/div><!-- end .entry-cats -->\n<h2 class=\"entry-title\"><a href=\"https:\/\/www.rwg-bayreuth.de\/home\/?p=36546\" rel=\"bookmark\">Neue Kontakte und gewinnbringende Informationen \u2013 Medienscouts des RWG bei der Bundesjugendkonferenz-Medien in Rostock<\/a><\/h2>\n    <\/header><!-- end .entry-header -->\n    <div class=\"entry-summary\">\nVom 2. bis zum 5. Mai 2024 hatten 7 Sch\u00fclerinnen und Sch\u00fcler des Richard-Wagner-Gymnasiums das Privileg, an der Bundesjugendkonferenz-Medien (BJKM) in Rostock teilzunehmen. Die 4-t\u00e4gige Medienkonferenz fand im 4-Sterne Hotel \u201eRadisson Blu\u201c in Rostock statt und bot nicht nur informative Workshops von hochkar\u00e4tigen Referenten, sondern auch eine exzellente Verpflegung und ein luxuri\u00f6ses Ambiente. Ein H\u00f6hepunkt&hellip;\n  <\/div><!-- .entry-summary -->\n  <\/div><!-- .entry-main -->\n<\/div><!-- .meta-main-wrap -->\n<\/article><!-- end post -36546 -->\n<article id=\"post-34757\"class=\"cf post-34757 post type-post status-publish format-standard has-post-thumbnail hentry category-allgemein tag-5te-klassen tag-fahrt tag-home tag-medientutoren-scouts tag-streitschlichter\">\n \t\t<div class=\"entry-thumbnail fadein\"> \t\t\t<a href=\"https:\/\/www.rwg-bayreuth.de\/home\/?p=34757\"><img loading=\"lazy\" decoding=\"async\" width=\"1024\" height=\"683\" src=\"https:\/\/www.rwg-bayreuth.de\/home\/wp-content\/uploads\/2023\/10\/23-24-Schullandheim-Weissenstadt-B.jpg\" class=\"attachment-post-thumbnail size-post-thumbnail wp-post-image\" alt=\"\" srcset=\"https:\/\/www.rwg-bayreuth.de\/home\/wp-content\/uploads\/2023\/10\/23-24-Schullandheim-Weissenstadt-B.jpg 1024w, https:\/\/www.rwg-bayreuth.de\/home\/wp-content\/uploads\/2023\/10\/23-24-Schullandheim-Weissenstadt-B-450x300.jpg 450w, https:\/\/www.rwg-bayreuth.de\/home\/wp-content\/uploads\/2023\/10\/23-24-Schullandheim-Weissenstadt-B-150x100.jpg 150w, https:\/\/www.rwg-bayreuth.de\/home\/wp-content\/uploads\/2023\/10\/23-24-Schullandheim-Weissenstadt-B-768x512.jpg 768w, https:\/\/www.rwg-bayreuth.de\/home\/wp-content\/uploads\/2023\/10\/23-24-Schullandheim-Weissenstadt-B-250x167.jpg 250w, https:\/\/www.rwg-bayreuth.de\/home\/wp-content\/uploads\/2023\/10\/23-24-Schullandheim-Weissenstadt-B-900x600.jpg 900w\" sizes=\"(max-width: 1024px) 100vw, 1024px\" \/><\/a> \t\t<\/div><!-- end .entry-thumbnail -->\n<div class=\"meta-main-wrap\">\n  <div class=\"\">\n    <header class=\"entry-header\">\n      <div class=\"entry-cats\">\n        <div class=\"kategorie\"><a href=\"https:\/\/www.rwg-bayreuth.de\/home\/?cat=1\" rel=\"category\">Schulleben<\/a><\/div>\n<div class=\"entry-edit\" >      <div class=\"entry-date\" >\n        <a href=\"https:\/\/www.rwg-bayreuth.de\/home\/?p=34757\">16. Oktober 2023<\/a>\n      <\/div><\/div><!-- end .entry-date -->\n      <\/div><!-- end .entry-cats -->\n<h2 class=\"entry-title\"><a href=\"https:\/\/www.rwg-bayreuth.de\/home\/?p=34757\" rel=\"bookmark\">\ufeffHighlights aus dem Schullandheim der 5.&nbsp;Klassen<\/a><\/h2>\n    <\/header><!-- end .entry-header -->\n    <div class=\"entry-summary\">\nSo vielf\u00e4ltig wie das Wetter im Oktober, gestaltete sich auch der Schullandheimaufenthalt der 5.&nbsp;Klassen in Wei\u00dfenstadt. Mit insgesamt 72 Sch\u00fclerInnen der 5.&nbsp;Klassen, 18&nbsp;TutorInnen und zus\u00e4tzlich einigen Medienscouts und Streitschlichtern starteten die Klassleiterinnen, Frau Wagner, Frau Heberle und Frau Wilk-B\u00f6hm, gemeinsam mit dem Unterstufenbetreuer Herrn Bauer in das Abenteuer. Vor Ort wurde sofort mit gro\u00dfer Neugier&hellip;\n  <\/div><!-- .entry-summary -->\n  <\/div><!-- .entry-main -->\n<\/div><!-- .meta-main-wrap -->\n<\/article><!-- end post -34757 -->\n<\/div><!-- end .rwg_post_list -->\n<\/div>\n","protected":false},"excerpt":{"rendered":"<p>Medientutoren Jede Klasse (5-10) w\u00e4hlt zu Beginn des Schuljahres nach dem Prinzip der Klassensprecherwahl gemeinsam mit ihrem Klassenleiter zwei Sch\u00fcler aus, die f\u00fcr den Aufgabenbereich der Medientutoren besonders geeignet sind. Das Amt wird von den gew\u00e4hlten Sch\u00fclern f\u00fcr ein Schuljahr ausgef\u00fchrt und bei gewissenhafter Umsetzung lobend im Zeugnis vermerkt. Die Medientutoren werden nach der Wahl&hellip;<\/p>\n","protected":false},"author":11,"featured_media":0,"parent":34604,"menu_order":30,"comment_status":"closed","ping_status":"closed","template":"page-templates\/no-sidebar.php","meta":{"footnotes":""},"tags":[54],"_links":{"self":[{"href":"https:\/\/www.rwg-bayreuth.de\/home\/index.php?rest_route=\/wp\/v2\/pages\/23903"}],"collection":[{"href":"https:\/\/www.rwg-bayreuth.de\/home\/index.php?rest_route=\/wp\/v2\/pages"}],"about":[{"href":"https:\/\/www.rwg-bayreuth.de\/home\/index.php?rest_route=\/wp\/v2\/types\/page"}],"author":[{"embeddable":true,"href":"https:\/\/www.rwg-bayreuth.de\/home\/index.php?rest_route=\/wp\/v2\/users\/11"}],"replies":[{"embeddable":true,"href":"https:\/\/www.rwg-bayreuth.de\/home\/index.php?rest_route=%2Fwp%2Fv2%2Fcomments&post=23903"}],"version-history":[{"count":9,"href":"https:\/\/www.rwg-bayreuth.de\/home\/index.php?rest_route=\/wp\/v2\/pages\/23903\/revisions"}],"predecessor-version":[{"id":31242,"href":"https:\/\/www.rwg-bayreuth.de\/home\/index.php?rest_route=\/wp\/v2\/pages\/23903\/revisions\/31242"}],"up":[{"embeddable":true,"href":"https:\/\/www.rwg-bayreuth.de\/home\/index.php?rest_route=\/wp\/v2\/pages\/34604"}],"wp:attachment":[{"href":"https:\/\/www.rwg-bayreuth.de\/home\/index.php?rest_route=%2Fwp%2Fv2%2Fmedia&parent=23903"}],"wp:term":[{"taxonomy":"post_tag","embeddable":true,"href":"https:\/\/www.rwg-bayreuth.de\/home\/index.php?rest_route=%2Fwp%2Fv2%2Ftags&post=23903"}],"curies":[{"name":"wp","href":"https:\/\/api.w.org\/{rel}","templated":true}]}}