{"id":20471,"date":"2019-01-26T18:20:38","date_gmt":"2019-01-26T17:20:38","guid":{"rendered":"http:\/\/www.rwg-bayreuth.de\/home\/?page_id=20471"},"modified":"2020-02-19T15:08:23","modified_gmt":"2020-02-19T14:08:23","slug":"austausch-mit-la-spezia","status":"publish","type":"page","link":"https:\/\/www.rwg-bayreuth.de\/home\/?page_id=20471","title":{"rendered":"Austausch mit La Spezia"},"content":{"rendered":"\r\n<p>La Spezia und seine Lage am \u201aGolfo dei Poeti\u2019 \u2013 dem \u201aGolf der Poeten\u2019 in Ligurien begeistert schon seit Jahrzehnten jedes Jahr die Sch\u00fclerinnen und Sch\u00fcler des RWG. Sie sind in Gastfamilien untergebracht. Das Programm beinhaltet neben Aktivit\u00e4ten in La Spezia regelm\u00e4\u00dfig auch Fahrten nach Pisa, Lucca oder Florenz, einen Ausflug in die ber\u00fchmten \u201aCinque terre\u2019 und die Erkundung der n\u00e4heren Umgebung.<\/p>\r\n\r\n\r\n\r\n<h2 class=\"wp-block-heading\">LE FOTO: Bilder aus La&nbsp;Spezia und der wundersch\u00f6nen Umgebung<\/h2>\r\n\r\n\r\n\r\n<ul class=\"wp-block-gallery columns-2 is-cropped wp-block-gallery-1 is-layout-flex wp-block-gallery-is-layout-flex\"><li class=\"blocks-gallery-item\"><figure><a href=\"https:\/\/www.rwg-bayreuth.de\/home\/wp-content\/uploads\/2019\/02\/Italienisch-HafenpromPalmen-1024x683.jpg\"><img loading=\"lazy\" decoding=\"async\" width=\"1024\" height=\"683\" src=\"https:\/\/www.rwg-bayreuth.de\/home\/wp-content\/uploads\/2019\/02\/Italienisch-HafenpromPalmen-1024x683.jpg\" alt=\"\" data-id=\"20806\" data-link=\"https:\/\/www.rwg-bayreuth.de\/home\/?attachment_id=20806\" class=\"wp-image-20806\" srcset=\"https:\/\/www.rwg-bayreuth.de\/home\/wp-content\/uploads\/2019\/02\/Italienisch-HafenpromPalmen-1024x683.jpg 1024w, https:\/\/www.rwg-bayreuth.de\/home\/wp-content\/uploads\/2019\/02\/Italienisch-HafenpromPalmen-450x300.jpg 450w, https:\/\/www.rwg-bayreuth.de\/home\/wp-content\/uploads\/2019\/02\/Italienisch-HafenpromPalmen-768x512.jpg 768w, https:\/\/www.rwg-bayreuth.de\/home\/wp-content\/uploads\/2019\/02\/Italienisch-HafenpromPalmen-250x167.jpg 250w, https:\/\/www.rwg-bayreuth.de\/home\/wp-content\/uploads\/2019\/02\/Italienisch-HafenpromPalmen-600x400.jpg 600w, https:\/\/www.rwg-bayreuth.de\/home\/wp-content\/uploads\/2019\/02\/Italienisch-HafenpromPalmen.jpg 1240w\" sizes=\"(max-width: 1024px) 100vw, 1024px\" \/><\/a><figcaption>Il Molo: Die Hafenpromenade in La Spezia<\/figcaption><\/figure><\/li><li class=\"blocks-gallery-item\"><figure><a href=\"https:\/\/www.rwg-bayreuth.de\/home\/wp-content\/uploads\/2019\/02\/Italienisch-Hafen.jpg\"><img loading=\"lazy\" decoding=\"async\" width=\"977\" height=\"651\" src=\"https:\/\/www.rwg-bayreuth.de\/home\/wp-content\/uploads\/2019\/02\/Italienisch-Hafen.jpg\" alt=\"\" data-id=\"20807\" data-link=\"https:\/\/www.rwg-bayreuth.de\/home\/?attachment_id=20807\" class=\"wp-image-20807\" srcset=\"https:\/\/www.rwg-bayreuth.de\/home\/wp-content\/uploads\/2019\/02\/Italienisch-Hafen.jpg 977w, https:\/\/www.rwg-bayreuth.de\/home\/wp-content\/uploads\/2019\/02\/Italienisch-Hafen-450x300.jpg 450w, https:\/\/www.rwg-bayreuth.de\/home\/wp-content\/uploads\/2019\/02\/Italienisch-Hafen-768x512.jpg 768w, https:\/\/www.rwg-bayreuth.de\/home\/wp-content\/uploads\/2019\/02\/Italienisch-Hafen-250x167.jpg 250w, https:\/\/www.rwg-bayreuth.de\/home\/wp-content\/uploads\/2019\/02\/Italienisch-Hafen-600x400.jpg 600w\" sizes=\"(max-width: 977px) 100vw, 977px\" \/><\/a><figcaption>Il Porto: der Hafen<\/figcaption><\/figure><\/li><li class=\"blocks-gallery-item\"><figure><a href=\"https:\/\/www.rwg-bayreuth.de\/home\/wp-content\/uploads\/2013\/04\/cinque_terre_web.jpg\"><img loading=\"lazy\" decoding=\"async\" width=\"450\" height=\"336\" src=\"https:\/\/www.rwg-bayreuth.de\/home\/wp-content\/uploads\/2013\/04\/cinque_terre_web.jpg\" alt=\"\" data-id=\"8487\" data-link=\"https:\/\/www.rwg-bayreuth.de\/home\/?attachment_id=8487\" class=\"wp-image-8487\" srcset=\"https:\/\/www.rwg-bayreuth.de\/home\/wp-content\/uploads\/2013\/04\/cinque_terre_web.jpg 450w, https:\/\/www.rwg-bayreuth.de\/home\/wp-content\/uploads\/2013\/04\/cinque_terre_web-150x112.jpg 150w, https:\/\/www.rwg-bayreuth.de\/home\/wp-content\/uploads\/2013\/04\/cinque_terre_web-300x224.jpg 300w, https:\/\/www.rwg-bayreuth.de\/home\/wp-content\/uploads\/2013\/04\/cinque_terre_web-250x187.jpg 250w\" sizes=\"(max-width: 450px) 100vw, 450px\" \/><\/a><figcaption>Le Cinque Terre: die f\u00fcnf Fischerd\u00f6rfchen der Umgebung<\/figcaption><\/figure><\/li><li class=\"blocks-gallery-item\"><figure><a href=\"https:\/\/www.rwg-bayreuth.de\/home\/wp-content\/uploads\/2019\/02\/Italienisch-CinqueTerre-1024x768.jpg\"><img loading=\"lazy\" decoding=\"async\" width=\"1024\" height=\"768\" src=\"https:\/\/www.rwg-bayreuth.de\/home\/wp-content\/uploads\/2019\/02\/Italienisch-CinqueTerre-1024x768.jpg\" alt=\"\" data-id=\"20808\" data-link=\"https:\/\/www.rwg-bayreuth.de\/home\/?attachment_id=20808\" class=\"wp-image-20808\" srcset=\"https:\/\/www.rwg-bayreuth.de\/home\/wp-content\/uploads\/2019\/02\/Italienisch-CinqueTerre-1024x768.jpg 1024w, https:\/\/www.rwg-bayreuth.de\/home\/wp-content\/uploads\/2019\/02\/Italienisch-CinqueTerre-450x337.jpg 450w, https:\/\/www.rwg-bayreuth.de\/home\/wp-content\/uploads\/2019\/02\/Italienisch-CinqueTerre-768x576.jpg 768w, https:\/\/www.rwg-bayreuth.de\/home\/wp-content\/uploads\/2019\/02\/Italienisch-CinqueTerre-250x187.jpg 250w, https:\/\/www.rwg-bayreuth.de\/home\/wp-content\/uploads\/2019\/02\/Italienisch-CinqueTerre-600x450.jpg 600w, https:\/\/www.rwg-bayreuth.de\/home\/wp-content\/uploads\/2019\/02\/Italienisch-CinqueTerre.jpg 1094w\" sizes=\"(max-width: 1024px) 100vw, 1024px\" \/><\/a><figcaption>Le Cinque Terre: die f\u00fcnf Fischerd\u00f6rfchen der Umgebung<\/figcaption><\/figure><\/li><\/ul>\r\n\r\n\r\n\r\n<h2 class=\"wp-block-heading\"><strong>I PROGETTI: die Projekte innerhalb des Austausches<\/strong><\/h2>\r\n\r\n\r\n\r\n<h4 class=\"wp-block-heading\"><strong>Fotoausstellungen mit den jeweiligen Besonderheiten von Bayreuth&nbsp;\/ La&nbsp;Spezia &amp; Partnerinterviews<\/strong><\/h4>\r\n\r\n\r\n\r\n<ul class=\"wp-block-gallery columns-3 is-cropped wp-block-gallery-2 is-layout-flex wp-block-gallery-is-layout-flex\"><li class=\"blocks-gallery-item\"><figure><a href=\"https:\/\/www.rwg-bayreuth.de\/home\/wp-content\/uploads\/2019\/02\/Italienisch-FotoausstellFotos.jpg\"><img loading=\"lazy\" decoding=\"async\" width=\"800\" height=\"600\" src=\"https:\/\/www.rwg-bayreuth.de\/home\/wp-content\/uploads\/2019\/02\/Italienisch-FotoausstellFotos.jpg\" alt=\"\" data-id=\"20816\" data-link=\"https:\/\/www.rwg-bayreuth.de\/home\/?attachment_id=20816\" class=\"wp-image-20816\" srcset=\"https:\/\/www.rwg-bayreuth.de\/home\/wp-content\/uploads\/2019\/02\/Italienisch-FotoausstellFotos.jpg 800w, https:\/\/www.rwg-bayreuth.de\/home\/wp-content\/uploads\/2019\/02\/Italienisch-FotoausstellFotos-450x338.jpg 450w, https:\/\/www.rwg-bayreuth.de\/home\/wp-content\/uploads\/2019\/02\/Italienisch-FotoausstellFotos-768x576.jpg 768w, https:\/\/www.rwg-bayreuth.de\/home\/wp-content\/uploads\/2019\/02\/Italienisch-FotoausstellFotos-250x188.jpg 250w, https:\/\/www.rwg-bayreuth.de\/home\/wp-content\/uploads\/2019\/02\/Italienisch-FotoausstellFotos-600x450.jpg 600w\" sizes=\"(max-width: 800px) 100vw, 800px\" \/><\/a><figcaption>Fitoausstellung: Typisch Bayreuth (ausgestellt in La Spezia)<\/figcaption><\/figure><\/li><li class=\"blocks-gallery-item\"><figure><a href=\"https:\/\/www.rwg-bayreuth.de\/home\/wp-content\/uploads\/2019\/02\/Italienisch-FotoausstellLehr.jpg\"><img loading=\"lazy\" decoding=\"async\" width=\"592\" height=\"800\" src=\"https:\/\/www.rwg-bayreuth.de\/home\/wp-content\/uploads\/2019\/02\/Italienisch-FotoausstellLehr.jpg\" alt=\"\" data-id=\"20817\" data-link=\"https:\/\/www.rwg-bayreuth.de\/home\/?attachment_id=20817\" class=\"wp-image-20817\" srcset=\"https:\/\/www.rwg-bayreuth.de\/home\/wp-content\/uploads\/2019\/02\/Italienisch-FotoausstellLehr.jpg 592w, https:\/\/www.rwg-bayreuth.de\/home\/wp-content\/uploads\/2019\/02\/Italienisch-FotoausstellLehr-333x450.jpg 333w, https:\/\/www.rwg-bayreuth.de\/home\/wp-content\/uploads\/2019\/02\/Italienisch-FotoausstellLehr-250x338.jpg 250w, https:\/\/www.rwg-bayreuth.de\/home\/wp-content\/uploads\/2019\/02\/Italienisch-FotoausstellLehr-444x600.jpg 444w\" sizes=\"(max-width: 592px) 100vw, 592px\" \/><\/a><figcaption>Fotoausstellung: Typisch La Spezia (ausgestellt im RW 21 in Bayreuth)<\/figcaption><\/figure><\/li><li class=\"blocks-gallery-item\"><figure><a href=\"https:\/\/www.rwg-bayreuth.de\/home\/wp-content\/uploads\/2019\/02\/Italienisch-Video-e1550008779457.jpg\"><img loading=\"lazy\" decoding=\"async\" width=\"600\" height=\"364\" src=\"https:\/\/www.rwg-bayreuth.de\/home\/wp-content\/uploads\/2019\/02\/Italienisch-Video-e1550008779457.jpg\" alt=\"\" data-id=\"20826\" data-link=\"https:\/\/www.rwg-bayreuth.de\/home\/?attachment_id=20826\" class=\"wp-image-20826\" srcset=\"https:\/\/www.rwg-bayreuth.de\/home\/wp-content\/uploads\/2019\/02\/Italienisch-Video-e1550008779457.jpg 600w, https:\/\/www.rwg-bayreuth.de\/home\/wp-content\/uploads\/2019\/02\/Italienisch-Video-e1550008779457-450x273.jpg 450w, https:\/\/www.rwg-bayreuth.de\/home\/wp-content\/uploads\/2019\/02\/Italienisch-Video-e1550008779457-250x152.jpg 250w\" sizes=\"(max-width: 600px) 100vw, 600px\" \/><\/a><figcaption>Interviste doppie: Partnerinterviews<\/figcaption><\/figure><\/li><\/ul>\r\n\r\n\r\n\r\n<h2 class=\"wp-block-heading\">Aktuelles<\/h2>\r\n\r\n\r\n<div class=\"rwg_post_list\"><article id=\"post-40219\"class=\"cf post-40219 post type-post status-publish format-standard has-post-thumbnail hentry category-allgemein tag-austausch tag-home tag-italienisch\">\n \t\t<div class=\"entry-thumbnail fadein\"> \t\t\t<a href=\"https:\/\/www.rwg-bayreuth.de\/home\/?p=40219\"><img loading=\"lazy\" decoding=\"async\" width=\"1024\" height=\"683\" src=\"https:\/\/www.rwg-bayreuth.de\/home\/wp-content\/uploads\/2025\/11\/25-26-Austausch-LaSpezia-B.jpg\" class=\"attachment-post-thumbnail size-post-thumbnail wp-post-image\" alt=\"\" srcset=\"https:\/\/www.rwg-bayreuth.de\/home\/wp-content\/uploads\/2025\/11\/25-26-Austausch-LaSpezia-B.jpg 1024w, https:\/\/www.rwg-bayreuth.de\/home\/wp-content\/uploads\/2025\/11\/25-26-Austausch-LaSpezia-B-150x100.jpg 150w, https:\/\/www.rwg-bayreuth.de\/home\/wp-content\/uploads\/2025\/11\/25-26-Austausch-LaSpezia-B-450x300.jpg 450w, https:\/\/www.rwg-bayreuth.de\/home\/wp-content\/uploads\/2025\/11\/25-26-Austausch-LaSpezia-B-768x512.jpg 768w, https:\/\/www.rwg-bayreuth.de\/home\/wp-content\/uploads\/2025\/11\/25-26-Austausch-LaSpezia-B-250x167.jpg 250w, https:\/\/www.rwg-bayreuth.de\/home\/wp-content\/uploads\/2025\/11\/25-26-Austausch-LaSpezia-B-900x600.jpg 900w\" sizes=\"(max-width: 1024px) 100vw, 1024px\" \/><\/a> \t\t<\/div><!-- end .entry-thumbnail -->\n<div class=\"meta-main-wrap\">\n  <div class=\"\">\n    <header class=\"entry-header\">\n      <div class=\"entry-cats\">\n        <div class=\"kategorie\"><a href=\"https:\/\/www.rwg-bayreuth.de\/home\/?cat=1\" rel=\"category\">Schulleben<\/a><\/div>\n<div class=\"entry-edit\" >      <div class=\"entry-date\" >\n        <a href=\"https:\/\/www.rwg-bayreuth.de\/home\/?p=40219\">20. Oktober 2025<\/a>\n      <\/div><\/div><!-- end .entry-date -->\n      <\/div><!-- end .entry-cats -->\n<h2 class=\"entry-title\"><a href=\"https:\/\/www.rwg-bayreuth.de\/home\/?p=40219\" rel=\"bookmark\">La Spezia \u2013 Gastfreundschaft, Meer und\u00a0bella Italia<\/a><\/h2>\n    <\/header><!-- end .entry-header -->\n    <div class=\"entry-summary\">\nUnsere Reise nach La Spezia begann fr\u00fch am Morgen am Kreuzsteinbad. Mit Koffern, Vorfreude und einem \u201eandiamo!\u201c starteten wir Richtung S\u00fcden. Nach einigen Stunden auf der\u00a0autostrada\u00a0und dem unvermeidlichen Stau erreichten wir am Abend endlich die ligurische K\u00fcste. Die Gastfamilien empfingen uns herzlich und schon nach wenigen Minuten f\u00fchlte sich alles vertraut an. Manche von uns&hellip;\n  <\/div><!-- .entry-summary -->\n  <\/div><!-- .entry-main -->\n<\/div><!-- .meta-main-wrap -->\n<\/article><!-- end post -40219 -->\n<article id=\"post-38420\"class=\"cf post-38420 post type-post status-publish format-standard has-post-thumbnail hentry category-allgemein tag-austausch tag-home tag-italienisch\">\n \t\t<div class=\"entry-thumbnail fadein\"> \t\t\t<a href=\"https:\/\/www.rwg-bayreuth.de\/home\/?p=38420\"><img loading=\"lazy\" decoding=\"async\" width=\"1024\" height=\"683\" src=\"https:\/\/www.rwg-bayreuth.de\/home\/wp-content\/uploads\/2025\/03\/24-25-AustauschItalienisch-B.jpg\" class=\"attachment-post-thumbnail size-post-thumbnail wp-post-image\" alt=\"\" srcset=\"https:\/\/www.rwg-bayreuth.de\/home\/wp-content\/uploads\/2025\/03\/24-25-AustauschItalienisch-B.jpg 1024w, https:\/\/www.rwg-bayreuth.de\/home\/wp-content\/uploads\/2025\/03\/24-25-AustauschItalienisch-B-150x100.jpg 150w, https:\/\/www.rwg-bayreuth.de\/home\/wp-content\/uploads\/2025\/03\/24-25-AustauschItalienisch-B-450x300.jpg 450w, https:\/\/www.rwg-bayreuth.de\/home\/wp-content\/uploads\/2025\/03\/24-25-AustauschItalienisch-B-768x512.jpg 768w, https:\/\/www.rwg-bayreuth.de\/home\/wp-content\/uploads\/2025\/03\/24-25-AustauschItalienisch-B-250x167.jpg 250w, https:\/\/www.rwg-bayreuth.de\/home\/wp-content\/uploads\/2025\/03\/24-25-AustauschItalienisch-B-900x600.jpg 900w\" sizes=\"(max-width: 1024px) 100vw, 1024px\" \/><\/a> \t\t<\/div><!-- end .entry-thumbnail -->\n<div class=\"meta-main-wrap\">\n  <div class=\"\">\n    <header class=\"entry-header\">\n      <div class=\"entry-cats\">\n        <div class=\"kategorie\"><a href=\"https:\/\/www.rwg-bayreuth.de\/home\/?cat=1\" rel=\"category\">Schulleben<\/a><\/div>\n<div class=\"entry-edit\" >      <div class=\"entry-date\" >\n        <a href=\"https:\/\/www.rwg-bayreuth.de\/home\/?p=38420\">29. M\u00e4rz 2025<\/a>\n      <\/div><\/div><!-- end .entry-date -->\n      <\/div><!-- end .entry-cats -->\n<h2 class=\"entry-title\"><a href=\"https:\/\/www.rwg-bayreuth.de\/home\/?p=38420\" rel=\"bookmark\">Evviva lo scambio!<\/a><\/h2>\n    <\/header><!-- end .entry-header -->\n    <div class=\"entry-summary\">\nItalienische Austauschsch\u00fcler zu Gast am Richard-Wagner-Gymnasium Nach unserem Besuch in Ligurien im Oktober 2024 besuchten vom 22. bis 28. M\u00e4rz 2025 die italienischen Austauschsch\u00fcler aus La Spezia das Richard-Wagner-Gymnasium Bayreuth im Rahmen unseres langj\u00e4hrigen Sch\u00fcleraustausches mit der Hafenstadt. Eine Woche lang erlebten unsere G\u00e4ste ein abwechslungsreiches Programm, das kulturelle Erkundungen, gemeinsame Aktivit\u00e4ten und den echten&hellip;\n  <\/div><!-- .entry-summary -->\n  <\/div><!-- .entry-main -->\n<\/div><!-- .meta-main-wrap -->\n<\/article><!-- end post -38420 -->\n<article id=\"post-34962\"class=\"cf post-34962 post type-post status-publish format-standard has-post-thumbnail hentry category-allgemein tag-austausch tag-home tag-italienisch\">\n \t\t<div class=\"entry-thumbnail fadein\"> \t\t\t<a href=\"https:\/\/www.rwg-bayreuth.de\/home\/?p=34962\"><img loading=\"lazy\" decoding=\"async\" width=\"1024\" height=\"683\" src=\"https:\/\/www.rwg-bayreuth.de\/home\/wp-content\/uploads\/2023\/11\/23-24-Austausch-LaSpezia-B.jpg\" class=\"attachment-post-thumbnail size-post-thumbnail wp-post-image\" alt=\"\" srcset=\"https:\/\/www.rwg-bayreuth.de\/home\/wp-content\/uploads\/2023\/11\/23-24-Austausch-LaSpezia-B.jpg 1024w, https:\/\/www.rwg-bayreuth.de\/home\/wp-content\/uploads\/2023\/11\/23-24-Austausch-LaSpezia-B-450x300.jpg 450w, https:\/\/www.rwg-bayreuth.de\/home\/wp-content\/uploads\/2023\/11\/23-24-Austausch-LaSpezia-B-150x100.jpg 150w, https:\/\/www.rwg-bayreuth.de\/home\/wp-content\/uploads\/2023\/11\/23-24-Austausch-LaSpezia-B-768x512.jpg 768w, https:\/\/www.rwg-bayreuth.de\/home\/wp-content\/uploads\/2023\/11\/23-24-Austausch-LaSpezia-B-250x167.jpg 250w, https:\/\/www.rwg-bayreuth.de\/home\/wp-content\/uploads\/2023\/11\/23-24-Austausch-LaSpezia-B-900x600.jpg 900w\" sizes=\"(max-width: 1024px) 100vw, 1024px\" \/><\/a> \t\t<\/div><!-- end .entry-thumbnail -->\n<div class=\"meta-main-wrap\">\n  <div class=\"\">\n    <header class=\"entry-header\">\n      <div class=\"entry-cats\">\n        <div class=\"kategorie\"><a href=\"https:\/\/www.rwg-bayreuth.de\/home\/?cat=1\" rel=\"category\">Schulleben<\/a><\/div>\n<div class=\"entry-edit\" >      <div class=\"entry-date\" >\n        <a href=\"https:\/\/www.rwg-bayreuth.de\/home\/?p=34962\">8. Oktober 2023<\/a>\n      <\/div><\/div><!-- end .entry-date -->\n      <\/div><!-- end .entry-cats -->\n<h2 class=\"entry-title\"><a href=\"https:\/\/www.rwg-bayreuth.de\/home\/?p=34962\" rel=\"bookmark\">&#8218;Andiamo ragazzi!&#8216;<\/a><\/h2>\n    <\/header><!-- end .entry-header -->\n    <div class=\"entry-summary\">\nDieser Ausruf war ein st\u00e4ndiger Begleiter beim Sch\u00fcleraustausch nach La Spezia. \u2013 Also, auf geht\u2019s Leute! Am 30.09.2023 machten sich die 19 Sch\u00fcler und Sch\u00fclerinnen der 10. Klassen des RWG mit dem Bus auf nach La Spezia, die italienische Partnerstadt Bayreuths. An diesem Samstagabend, nach 14 Stunden Fahrt (auf der bei jedem Tunnel lautstark gesungen&hellip;\n  <\/div><!-- .entry-summary -->\n  <\/div><!-- .entry-main -->\n<\/div><!-- .meta-main-wrap -->\n<\/article><!-- end post -34962 -->\n<article id=\"post-32594\"class=\"cf post-32594 post type-post status-publish format-standard has-post-thumbnail hentry category-allgemein tag-austausch tag-home tag-italienisch\">\n \t\t<div class=\"entry-thumbnail fadein\"> \t\t\t<a href=\"https:\/\/www.rwg-bayreuth.de\/home\/?p=32594\"><img loading=\"lazy\" decoding=\"async\" width=\"1024\" height=\"683\" src=\"https:\/\/www.rwg-bayreuth.de\/home\/wp-content\/uploads\/2022\/11\/22-23-LaSpezia-B.jpg\" class=\"attachment-post-thumbnail size-post-thumbnail wp-post-image\" alt=\"\" srcset=\"https:\/\/www.rwg-bayreuth.de\/home\/wp-content\/uploads\/2022\/11\/22-23-LaSpezia-B.jpg 1024w, https:\/\/www.rwg-bayreuth.de\/home\/wp-content\/uploads\/2022\/11\/22-23-LaSpezia-B-450x300.jpg 450w, https:\/\/www.rwg-bayreuth.de\/home\/wp-content\/uploads\/2022\/11\/22-23-LaSpezia-B-150x100.jpg 150w, https:\/\/www.rwg-bayreuth.de\/home\/wp-content\/uploads\/2022\/11\/22-23-LaSpezia-B-768x512.jpg 768w, https:\/\/www.rwg-bayreuth.de\/home\/wp-content\/uploads\/2022\/11\/22-23-LaSpezia-B-250x167.jpg 250w, https:\/\/www.rwg-bayreuth.de\/home\/wp-content\/uploads\/2022\/11\/22-23-LaSpezia-B-900x600.jpg 900w\" sizes=\"(max-width: 1024px) 100vw, 1024px\" \/><\/a> \t\t<\/div><!-- end .entry-thumbnail -->\n<div class=\"meta-main-wrap\">\n  <div class=\"\">\n    <header class=\"entry-header\">\n      <div class=\"entry-cats\">\n        <div class=\"kategorie\"><a href=\"https:\/\/www.rwg-bayreuth.de\/home\/?cat=1\" rel=\"category\">Schulleben<\/a><\/div>\n<div class=\"entry-edit\" >      <div class=\"entry-date\" >\n        <a href=\"https:\/\/www.rwg-bayreuth.de\/home\/?p=32594\">2. Dezember 2022<\/a>\n      <\/div><\/div><!-- end .entry-date -->\n      <\/div><!-- end .entry-cats -->\n<h2 class=\"entry-title\"><a href=\"https:\/\/www.rwg-bayreuth.de\/home\/?p=32594\" rel=\"bookmark\">Sch\u00fcleraustausch mit La Spezia 2022<\/a><\/h2>\n    <\/header><!-- end .entry-header -->\n    <div class=\"entry-summary\">\nNachdem der traditionsreiche Sch\u00fcleraustausch mit unserer Partnerschule, dem Istituto A. Fossati &#8211; M. Da Passano, in La Spezia 2 Jahre lang pausieren musste, konnten am 24.09.2022 endlich wieder 18 Sch\u00fclerinnen und Sch\u00fcler des RWG in unsere wundersch\u00f6ne Partnerstadt aufbrechen! Begr\u00fc\u00dft wurden wir mit strahlenden italienischen Gesichtern und Regenschirmen, denn leider hatten wir es am Anfang&hellip;\n  <\/div><!-- .entry-summary -->\n  <\/div><!-- .entry-main -->\n<\/div><!-- .meta-main-wrap -->\n<\/article><!-- end post -32594 -->\n<article id=\"post-21527\"class=\"cf post-21527 post type-post status-publish format-standard has-post-thumbnail hentry category-allgemein tag-austausch tag-home tag-italienisch\">\n \t\t<div class=\"entry-thumbnail fadein\"> \t\t\t<a href=\"https:\/\/www.rwg-bayreuth.de\/home\/?p=21527\"><img loading=\"lazy\" decoding=\"async\" width=\"1024\" height=\"626\" src=\"https:\/\/www.rwg-bayreuth.de\/home\/wp-content\/uploads\/2019\/05\/2018-19-Italien-Florenz.jpg\" class=\"attachment-post-thumbnail size-post-thumbnail wp-post-image\" alt=\"\" srcset=\"https:\/\/www.rwg-bayreuth.de\/home\/wp-content\/uploads\/2019\/05\/2018-19-Italien-Florenz.jpg 1024w, https:\/\/www.rwg-bayreuth.de\/home\/wp-content\/uploads\/2019\/05\/2018-19-Italien-Florenz-450x275.jpg 450w, https:\/\/www.rwg-bayreuth.de\/home\/wp-content\/uploads\/2019\/05\/2018-19-Italien-Florenz-768x470.jpg 768w, https:\/\/www.rwg-bayreuth.de\/home\/wp-content\/uploads\/2019\/05\/2018-19-Italien-Florenz-250x153.jpg 250w\" sizes=\"(max-width: 1024px) 100vw, 1024px\" \/><\/a> \t\t<\/div><!-- end .entry-thumbnail -->\n<div class=\"meta-main-wrap\">\n  <div class=\"\">\n    <header class=\"entry-header\">\n      <div class=\"entry-cats\">\n        <div class=\"kategorie\"><a href=\"https:\/\/www.rwg-bayreuth.de\/home\/?cat=1\" rel=\"category\">Schulleben<\/a><\/div>\n<div class=\"entry-edit\" >      <div class=\"entry-date\" >\n        <a href=\"https:\/\/www.rwg-bayreuth.de\/home\/?p=21527\">2. Mai 2019<\/a>\n      <\/div><\/div><!-- end .entry-date -->\n      <\/div><!-- end .entry-cats -->\n<h2 class=\"entry-title\"><a href=\"https:\/\/www.rwg-bayreuth.de\/home\/?p=21527\" rel=\"bookmark\">Mare e sole &#8211; La Spezia Austausch 2019<\/a><\/h2>\n    <\/header><!-- end .entry-header -->\n    <div class=\"entry-summary\">\nAm 06.04.2109 ging es f\u00fcr 22 Sch\u00fclerinnen und Sch\u00fcler der 10. Klassen auf nach Bella Italia. Nach ungef\u00e4hr 12 Stunden Fahrt wurden sie dann in der Hafenstadt in Ligurien herzlich von den Gastfamilien begr\u00fc\u00dft. Nach einem freien Sonntag trafen sich alle am Montag Morgen in der Schule\n  <\/div><!-- .entry-summary -->\n  <\/div><!-- .entry-main -->\n<\/div><!-- .meta-main-wrap -->\n<\/article><!-- end post -21527 -->\n<article id=\"post-15390\"class=\"cf post-15390 post type-post status-publish format-standard has-post-thumbnail hentry category-allgemein tag-austausch tag-home tag-italienisch\">\n \t\t<div class=\"entry-thumbnail fadein\"> \t\t\t<a href=\"https:\/\/www.rwg-bayreuth.de\/home\/?p=15390\"><img loading=\"lazy\" decoding=\"async\" width=\"450\" height=\"338\" src=\"https:\/\/www.rwg-bayreuth.de\/home\/wp-content\/uploads\/2017\/04\/16-17-La-Spezia-Austausch-450.jpg\" class=\"attachment-post-thumbnail size-post-thumbnail wp-post-image\" alt=\"\" srcset=\"https:\/\/www.rwg-bayreuth.de\/home\/wp-content\/uploads\/2017\/04\/16-17-La-Spezia-Austausch-450.jpg 450w, https:\/\/www.rwg-bayreuth.de\/home\/wp-content\/uploads\/2017\/04\/16-17-La-Spezia-Austausch-450-250x188.jpg 250w\" sizes=\"(max-width: 450px) 100vw, 450px\" \/><\/a> \t\t<\/div><!-- end .entry-thumbnail -->\n<div class=\"meta-main-wrap\">\n  <div class=\"\">\n    <header class=\"entry-header\">\n      <div class=\"entry-cats\">\n        <div class=\"kategorie\"><a href=\"https:\/\/www.rwg-bayreuth.de\/home\/?cat=1\" rel=\"category\">Schulleben<\/a><\/div>\n<div class=\"entry-edit\" >      <div class=\"entry-date\" >\n        <a href=\"https:\/\/www.rwg-bayreuth.de\/home\/?p=15390\">30. April 2017<\/a>\n      <\/div><\/div><!-- end .entry-date -->\n      <\/div><!-- end .entry-cats -->\n<h2 class=\"entry-title\"><a href=\"https:\/\/www.rwg-bayreuth.de\/home\/?p=15390\" rel=\"bookmark\">Zu Gast im Land, wo die Zitronen bl\u00fchn<\/a><\/h2>\n    <\/header><!-- end .entry-header -->\n    <div class=\"entry-summary\">\nEine aufregende Zeit verbrachten unsere Sch\u00fcler der Jahrgangsstufe 9 und 10 in La Spezia, als der Besuch bei ihren Austauschfamilien anstand. Hier ist der Bericht von Marie Lischkowitz (10a). Am Samstag der Abfahrt stand der Reisebus um 6:45 Uhr mit dem Ziel La Spezia am Kreuzsteinbad, um nur noch auf das Wichtigste zu warten: Auf&hellip;\n  <\/div><!-- .entry-summary -->\n  <\/div><!-- .entry-main -->\n<\/div><!-- .meta-main-wrap -->\n<\/article><!-- end post -15390 -->\n<\/div><!-- end .rwg_post_list -->\n\r\n\r\n<!-- wp:html \r\n<div class=\"wp-block-button alignright is-style-squared\"><a class=\"wp-block-button__link has-text-color\" href=\"https:\/\/www.rwg-bayreuth.de\/home\/?page_id=1590\" style=\"color:#ffffff; text-decoration: none\">Zur\u00fcck zur Fachschaftsseite Italienisch<\/a><\/div>\r\n \/wp:html -->\r\n<div class=\"flex-container\"  style=\"margin-bottom: 50px, width: 50%\">\r\n<a class=\"flex-item\" style=\"width: 50%\" href=\"https:\/\/www.rwg-bayreuth.de\/home\/?page_id=1590\">Zur\u00fcck zur Fachschaftsseite Italienisch<\/a>\r\n<\/div>","protected":false},"excerpt":{"rendered":"<p>La Spezia und seine Lage am \u201aGolfo dei Poeti\u2019 \u2013 dem \u201aGolf der Poeten\u2019 in Ligurien begeistert schon seit Jahrzehnten jedes Jahr die Sch\u00fclerinnen und Sch\u00fcler des RWG. Sie sind in Gastfamilien untergebracht. Das Programm beinhaltet neben Aktivit\u00e4ten in La Spezia regelm\u00e4\u00dfig auch Fahrten nach Pisa, Lucca oder Florenz, einen Ausflug in die ber\u00fchmten \u201aCinque&hellip;<\/p>\n","protected":false},"author":11,"featured_media":0,"parent":1590,"menu_order":0,"comment_status":"closed","ping_status":"closed","template":"page-templates\/no-sidebar.php","meta":{"footnotes":""},"tags":[54],"_links":{"self":[{"href":"https:\/\/www.rwg-bayreuth.de\/home\/index.php?rest_route=\/wp\/v2\/pages\/20471"}],"collection":[{"href":"https:\/\/www.rwg-bayreuth.de\/home\/index.php?rest_route=\/wp\/v2\/pages"}],"about":[{"href":"https:\/\/www.rwg-bayreuth.de\/home\/index.php?rest_route=\/wp\/v2\/types\/page"}],"author":[{"embeddable":true,"href":"https:\/\/www.rwg-bayreuth.de\/home\/index.php?rest_route=\/wp\/v2\/users\/11"}],"replies":[{"embeddable":true,"href":"https:\/\/www.rwg-bayreuth.de\/home\/index.php?rest_route=%2Fwp%2Fv2%2Fcomments&post=20471"}],"version-history":[{"count":30,"href":"https:\/\/www.rwg-bayreuth.de\/home\/index.php?rest_route=\/wp\/v2\/pages\/20471\/revisions"}],"predecessor-version":[{"id":24225,"href":"https:\/\/www.rwg-bayreuth.de\/home\/index.php?rest_route=\/wp\/v2\/pages\/20471\/revisions\/24225"}],"up":[{"embeddable":true,"href":"https:\/\/www.rwg-bayreuth.de\/home\/index.php?rest_route=\/wp\/v2\/pages\/1590"}],"wp:attachment":[{"href":"https:\/\/www.rwg-bayreuth.de\/home\/index.php?rest_route=%2Fwp%2Fv2%2Fmedia&parent=20471"}],"wp:term":[{"taxonomy":"post_tag","embeddable":true,"href":"https:\/\/www.rwg-bayreuth.de\/home\/index.php?rest_route=%2Fwp%2Fv2%2Ftags&post=20471"}],"curies":[{"name":"wp","href":"https:\/\/api.w.org\/{rel}","templated":true}]}}