{"id":1991,"date":"2013-05-10T10:28:19","date_gmt":"2013-05-10T08:28:19","guid":{"rendered":"http:\/\/www.rwg-bayreuth.de\/home\/?page_id=1991"},"modified":"2020-10-07T08:30:04","modified_gmt":"2020-10-07T06:30:04","slug":"skikurs-im-ahrntal-sudtirol","status":"publish","type":"page","link":"https:\/\/www.rwg-bayreuth.de\/home\/?page_id=1991","title":{"rendered":"Skikurs im Ahrntal"},"content":{"rendered":"<p><img decoding=\"async\" class=\"size-full wp-image-1994\" src=\"https:\/\/www.rwg-bayreuth.de\/home\/wp-content\/uploads\/2013\/05\/Ahrntal_web.jpg\" alt=\"Das Ahrntal in S\u00fcdtirol ist ein schneesicheres Skigebiet.\" width=\"100%\" srcset=\"https:\/\/www.rwg-bayreuth.de\/home\/wp-content\/uploads\/2013\/05\/Ahrntal_web.jpg 700w, https:\/\/www.rwg-bayreuth.de\/home\/wp-content\/uploads\/2013\/05\/Ahrntal_web-150x37.jpg 150w, https:\/\/www.rwg-bayreuth.de\/home\/wp-content\/uploads\/2013\/05\/Ahrntal_web-450x111.jpg 450w, https:\/\/www.rwg-bayreuth.de\/home\/wp-content\/uploads\/2013\/05\/Ahrntal_web-250x61.jpg 250w\" sizes=\"(max-width: 700px) 100vw, 700px\" \/><\/p>\n<p>Der Schulskikurs ist am RWG im Rahmen des Fahrtenkonzepts fest f\u00fcr die 7. Klassen verankert.<br \/>\nIn diesem Zusammenhang wird der Skikurs auch nicht als touristische Veranstaltung, sondern als p\u00e4dagogische Chance zur Entwicklung der Pers\u00f6nlichkeit gesehen. Der Schulskikurs beinhaltet dabei Anforderungen im physischen, psychischen und sozialen Bereich, die Ressourcen schaffen und Kompetenzen ausbilden.<\/p>\n<div id=\"attachment_1995\" style=\"width: 260px\" class=\"wp-caption alignleft\"><a href=\"https:\/\/www.rwg-bayreuth.de\/home\/wp-content\/uploads\/2013\/05\/Ahrntal_gruppe_web.jpg\"><img loading=\"lazy\" decoding=\"async\" aria-describedby=\"caption-attachment-1995\" class=\"size-full wp-image-1995\" src=\"https:\/\/www.rwg-bayreuth.de\/home\/wp-content\/uploads\/2013\/05\/Ahrntal_gruppe_web.jpg\" alt=\"Die Wintersportwoche in der Natur st\u00e4rkt die Gemeinschaft.\" width=\"250\" height=\"187\" srcset=\"https:\/\/www.rwg-bayreuth.de\/home\/wp-content\/uploads\/2013\/05\/Ahrntal_gruppe_web.jpg 300w, https:\/\/www.rwg-bayreuth.de\/home\/wp-content\/uploads\/2013\/05\/Ahrntal_gruppe_web-150x112.jpg 150w, https:\/\/www.rwg-bayreuth.de\/home\/wp-content\/uploads\/2013\/05\/Ahrntal_gruppe_web-250x187.jpg 250w\" sizes=\"(max-width: 250px) 100vw, 250px\" \/><\/a><p id=\"caption-attachment-1995\" class=\"wp-caption-text\">Die Wintersportwoche in der Natur<br \/>st\u00e4rkt die Gemeinschaft.<\/p><\/div>\n<p>Seit 2007 ist das Ziel der Skikurse der 7. Klassen der Klausberg im S\u00fcdtiroler Ahrntal. In der N\u00e4he von Bruneck findet sich ein modernes Skigebiet mit ausschlie\u00dflich Sesselliften und Umlaufkabinenbahnen, das aufgrund seiner \u00dcbersichtlichkeit optimal f\u00fcr den Schulskikurs geeignet ist. Neben der Schneesicherheit (H\u00f6he bis \u00fcber 2500 m) sind insbesondere die kurzen Wege zum Quartier und die optimalen Gel\u00e4ndeeigenschaften sowohl f\u00fcr Fortgeschrittene als auch f\u00fcr Anf\u00e4nger zu nennen.<\/p>\n<h2 class=\"clear\">Berichte:<\/h2>\n<div class=\"rwg_post_list\"><article id=\"post-41081\"class=\"cf post-41081 post type-post status-publish format-standard has-post-thumbnail hentry category-allgemein tag-home tag-skikurs\">\n \t\t<div class=\"entry-thumbnail fadein\"> \t\t\t<a href=\"https:\/\/www.rwg-bayreuth.de\/home\/?p=41081\"><img loading=\"lazy\" decoding=\"async\" width=\"1024\" height=\"683\" src=\"https:\/\/www.rwg-bayreuth.de\/home\/wp-content\/uploads\/2026\/03\/25-26-Skikurs-Titelbild.jpg\" class=\"attachment-post-thumbnail size-post-thumbnail wp-post-image\" alt=\"\" srcset=\"https:\/\/www.rwg-bayreuth.de\/home\/wp-content\/uploads\/2026\/03\/25-26-Skikurs-Titelbild.jpg 1024w, https:\/\/www.rwg-bayreuth.de\/home\/wp-content\/uploads\/2026\/03\/25-26-Skikurs-Titelbild-150x100.jpg 150w, https:\/\/www.rwg-bayreuth.de\/home\/wp-content\/uploads\/2026\/03\/25-26-Skikurs-Titelbild-450x300.jpg 450w, https:\/\/www.rwg-bayreuth.de\/home\/wp-content\/uploads\/2026\/03\/25-26-Skikurs-Titelbild-768x512.jpg 768w, https:\/\/www.rwg-bayreuth.de\/home\/wp-content\/uploads\/2026\/03\/25-26-Skikurs-Titelbild-250x167.jpg 250w, https:\/\/www.rwg-bayreuth.de\/home\/wp-content\/uploads\/2026\/03\/25-26-Skikurs-Titelbild-900x600.jpg 900w\" sizes=\"(max-width: 1024px) 100vw, 1024px\" \/><\/a> \t\t<\/div><!-- end .entry-thumbnail -->\n<div class=\"meta-main-wrap\">\n  <div class=\"\">\n    <header class=\"entry-header\">\n      <div class=\"entry-cats\">\n        <div class=\"kategorie\"><a href=\"https:\/\/www.rwg-bayreuth.de\/home\/?cat=1\" rel=\"category\">Schulleben<\/a><\/div>\n<div class=\"entry-edit\" >      <div class=\"entry-date\" >\n        <a href=\"https:\/\/www.rwg-bayreuth.de\/home\/?p=41081\">22. M\u00e4rz 2026<\/a>\n      <\/div><\/div><!-- end .entry-date -->\n      <\/div><!-- end .entry-cats -->\n<h2 class=\"entry-title\"><a href=\"https:\/\/www.rwg-bayreuth.de\/home\/?p=41081\" rel=\"bookmark\">Skikurs wir vergessen dich nie!<\/a><\/h2>\n    <\/header><!-- end .entry-header -->\n    <div class=\"entry-summary\">\nIm M\u00e4rz verbrachte die 7. Jahrgangsstufe eine erlebnisreiche Woche in den S\u00fcdtiroler Bergen. Dort hatten die Sch\u00fclerinnen und Sch\u00fcler die Gelegenheit, das Skifahren von Grund auf zu lernen oder ihre vorhandenen F\u00e4higkeiten weiter auszubauen \u2013 und das bei strahlendem Sonnenschein am Klausberg. Dank der Unterst\u00fctzung der Lehrkr\u00e4fte fand jede und jeder schnell die passende Skigruppe.&hellip;\n  <\/div><!-- .entry-summary -->\n  <\/div><!-- .entry-main -->\n<\/div><!-- .meta-main-wrap -->\n<\/article><!-- end post -41081 -->\n<article id=\"post-38371\"class=\"cf post-38371 post type-post status-publish format-standard has-post-thumbnail hentry category-allgemein tag-home tag-skikurs tag-sport\">\n \t\t<div class=\"entry-thumbnail fadein\"> \t\t\t<a href=\"https:\/\/www.rwg-bayreuth.de\/home\/?p=38371\"><img loading=\"lazy\" decoding=\"async\" width=\"1024\" height=\"683\" src=\"https:\/\/www.rwg-bayreuth.de\/home\/wp-content\/uploads\/2025\/03\/24-25-Skikurs-Titelbild.jpg\" class=\"attachment-post-thumbnail size-post-thumbnail wp-post-image\" alt=\"\" srcset=\"https:\/\/www.rwg-bayreuth.de\/home\/wp-content\/uploads\/2025\/03\/24-25-Skikurs-Titelbild.jpg 1024w, https:\/\/www.rwg-bayreuth.de\/home\/wp-content\/uploads\/2025\/03\/24-25-Skikurs-Titelbild-150x100.jpg 150w, https:\/\/www.rwg-bayreuth.de\/home\/wp-content\/uploads\/2025\/03\/24-25-Skikurs-Titelbild-450x300.jpg 450w, https:\/\/www.rwg-bayreuth.de\/home\/wp-content\/uploads\/2025\/03\/24-25-Skikurs-Titelbild-768x512.jpg 768w, https:\/\/www.rwg-bayreuth.de\/home\/wp-content\/uploads\/2025\/03\/24-25-Skikurs-Titelbild-250x167.jpg 250w, https:\/\/www.rwg-bayreuth.de\/home\/wp-content\/uploads\/2025\/03\/24-25-Skikurs-Titelbild-900x600.jpg 900w\" sizes=\"(max-width: 1024px) 100vw, 1024px\" \/><\/a> \t\t<\/div><!-- end .entry-thumbnail -->\n<div class=\"meta-main-wrap\">\n  <div class=\"\">\n    <header class=\"entry-header\">\n      <div class=\"entry-cats\">\n        <div class=\"kategorie\"><a href=\"https:\/\/www.rwg-bayreuth.de\/home\/?cat=1\" rel=\"category\">Schulleben<\/a><\/div>\n<div class=\"entry-edit\" >      <div class=\"entry-date\" >\n        <a href=\"https:\/\/www.rwg-bayreuth.de\/home\/?p=38371\">26. M\u00e4rz 2025<\/a>\n      <\/div><\/div><!-- end .entry-date -->\n      <\/div><!-- end .entry-cats -->\n<h2 class=\"entry-title\"><a href=\"https:\/\/www.rwg-bayreuth.de\/home\/?p=38371\" rel=\"bookmark\">Sonne satt, Stimmung top \u2013 Skikurs du warst wunderbar!<\/a><\/h2>\n    <\/header><!-- end .entry-header -->\n    <div class=\"entry-summary\">\nIm M\u00e4rz durften die Sch\u00fclerinnen und Sch\u00fcler der 7. Jahrgangsstufe eine Woche in den S\u00fcdtiroler Alpen verbringen und dabei das Skifahren erlernen oder an ihrer bereits vorhandenen Technik feilen und dabei die Sonne auf dem Klausberg genie\u00dfen. Mit der Unterst\u00fctzung der Sportfachschaft konnten jede und jeder eine geeignete Skigruppe finden. Ob im Klausi-Land auf dem&hellip;\n  <\/div><!-- .entry-summary -->\n  <\/div><!-- .entry-main -->\n<\/div><!-- .meta-main-wrap -->\n<\/article><!-- end post -38371 -->\n<article id=\"post-33661\"class=\"cf post-33661 post type-post status-publish format-standard has-post-thumbnail hentry category-allgemein tag-home tag-skikurs\">\n \t\t<div class=\"entry-thumbnail fadein\"> \t\t\t<a href=\"https:\/\/www.rwg-bayreuth.de\/home\/?p=33661\"><img loading=\"lazy\" decoding=\"async\" width=\"1024\" height=\"683\" src=\"https:\/\/www.rwg-bayreuth.de\/home\/wp-content\/uploads\/2023\/03\/22-23-Skikurs2-B.jpg\" class=\"attachment-post-thumbnail size-post-thumbnail wp-post-image\" alt=\"\" srcset=\"https:\/\/www.rwg-bayreuth.de\/home\/wp-content\/uploads\/2023\/03\/22-23-Skikurs2-B.jpg 1024w, https:\/\/www.rwg-bayreuth.de\/home\/wp-content\/uploads\/2023\/03\/22-23-Skikurs2-B-450x300.jpg 450w, https:\/\/www.rwg-bayreuth.de\/home\/wp-content\/uploads\/2023\/03\/22-23-Skikurs2-B-150x100.jpg 150w, https:\/\/www.rwg-bayreuth.de\/home\/wp-content\/uploads\/2023\/03\/22-23-Skikurs2-B-768x512.jpg 768w, https:\/\/www.rwg-bayreuth.de\/home\/wp-content\/uploads\/2023\/03\/22-23-Skikurs2-B-250x167.jpg 250w, https:\/\/www.rwg-bayreuth.de\/home\/wp-content\/uploads\/2023\/03\/22-23-Skikurs2-B-900x600.jpg 900w\" sizes=\"(max-width: 1024px) 100vw, 1024px\" \/><\/a> \t\t<\/div><!-- end .entry-thumbnail -->\n<div class=\"meta-main-wrap\">\n  <div class=\"\">\n    <header class=\"entry-header\">\n      <div class=\"entry-cats\">\n        <div class=\"kategorie\"><a href=\"https:\/\/www.rwg-bayreuth.de\/home\/?cat=1\" rel=\"category\">Schulleben<\/a><\/div>\n<div class=\"entry-edit\" >      <div class=\"entry-date\" >\n        <a href=\"https:\/\/www.rwg-bayreuth.de\/home\/?p=33661\">2. April 2023<\/a>\n      <\/div><\/div><!-- end .entry-date -->\n      <\/div><!-- end .entry-cats -->\n<h2 class=\"entry-title\"><a href=\"https:\/\/www.rwg-bayreuth.de\/home\/?p=33661\" rel=\"bookmark\">Skikurs im Ahrntal \u2013 Runde 2<\/a><\/h2>\n    <\/header><!-- end .entry-header -->\n    <div class=\"entry-summary\">\nUm alle Eindr\u00fccke von der wunderbaren Zeit im Ahrntal in einem Text zu verpacken, m\u00fcsste man mehrere Seiten f\u00fcllen. Da diese dann aber keiner lesen w\u00fcrde, fasse ich s\u00e4mtliche Highlights in Schlagworten zusammen und man kann sich anschlie\u00dfend durch die Bildergalerie klicken und so einen Eindruck von unseren Erlebnissen bekommen: Klausberg \u2013 Gemeinschaft \u2013 Spiele&hellip;\n  <\/div><!-- .entry-summary -->\n  <\/div><!-- .entry-main -->\n<\/div><!-- .meta-main-wrap -->\n<\/article><!-- end post -33661 -->\n<article id=\"post-33562\"class=\"cf post-33562 post type-post status-publish format-standard has-post-thumbnail hentry category-allgemein tag-home tag-skikurs\">\n \t\t<div class=\"entry-thumbnail fadein\"> \t\t\t<a href=\"https:\/\/www.rwg-bayreuth.de\/home\/?p=33562\"><img loading=\"lazy\" decoding=\"async\" width=\"1024\" height=\"683\" src=\"https:\/\/www.rwg-bayreuth.de\/home\/wp-content\/uploads\/2023\/03\/22-23-Skikurs-7acf-B.jpg\" class=\"attachment-post-thumbnail size-post-thumbnail wp-post-image\" alt=\"\" srcset=\"https:\/\/www.rwg-bayreuth.de\/home\/wp-content\/uploads\/2023\/03\/22-23-Skikurs-7acf-B.jpg 1024w, https:\/\/www.rwg-bayreuth.de\/home\/wp-content\/uploads\/2023\/03\/22-23-Skikurs-7acf-B-450x300.jpg 450w, https:\/\/www.rwg-bayreuth.de\/home\/wp-content\/uploads\/2023\/03\/22-23-Skikurs-7acf-B-150x100.jpg 150w, https:\/\/www.rwg-bayreuth.de\/home\/wp-content\/uploads\/2023\/03\/22-23-Skikurs-7acf-B-768x512.jpg 768w, https:\/\/www.rwg-bayreuth.de\/home\/wp-content\/uploads\/2023\/03\/22-23-Skikurs-7acf-B-250x167.jpg 250w, https:\/\/www.rwg-bayreuth.de\/home\/wp-content\/uploads\/2023\/03\/22-23-Skikurs-7acf-B-900x600.jpg 900w\" sizes=\"(max-width: 1024px) 100vw, 1024px\" \/><\/a> \t\t<\/div><!-- end .entry-thumbnail -->\n<div class=\"meta-main-wrap\">\n  <div class=\"\">\n    <header class=\"entry-header\">\n      <div class=\"entry-cats\">\n        <div class=\"kategorie\"><a href=\"https:\/\/www.rwg-bayreuth.de\/home\/?cat=1\" rel=\"category\">Schulleben<\/a><\/div>\n<div class=\"entry-edit\" >      <div class=\"entry-date\" >\n        <a href=\"https:\/\/www.rwg-bayreuth.de\/home\/?p=33562\">20. M\u00e4rz 2023<\/a>\n      <\/div><\/div><!-- end .entry-date -->\n      <\/div><!-- end .entry-cats -->\n<h2 class=\"entry-title\"><a href=\"https:\/\/www.rwg-bayreuth.de\/home\/?p=33562\" rel=\"bookmark\">Endlich wieder Skilager\u2026<\/a><\/h2>\n    <\/header><!-- end .entry-header -->\n    <div class=\"entry-summary\">\nAls wir am 5. M\u00e4rz 2023 im Ahrntal angekommen waren, durfte die eine H\u00e4lfte der Gruppe schon im Tal aussteigen und ihre Skiausr\u00fcstung ausleihen. Die andere H\u00e4lfte fuhr mit dem Bus noch bis kurz vor das Hotel und konnte alle Koffer und Taschen hoch zum Hotel ziehen\/tragen. An diesem Tag schien die Sonne und man&hellip;\n  <\/div><!-- .entry-summary -->\n  <\/div><!-- .entry-main -->\n<\/div><!-- .meta-main-wrap -->\n<\/article><!-- end post -33562 -->\n<\/div><!-- end .rwg_post_list -->\n","protected":false},"excerpt":{"rendered":"<p>Der Schulskikurs ist am RWG im Rahmen des Fahrtenkonzepts fest f\u00fcr die 7. Klassen verankert. In diesem Zusammenhang wird der Skikurs auch nicht als touristische Veranstaltung, sondern als p\u00e4dagogische Chance zur Entwicklung der Pers\u00f6nlichkeit gesehen. Der Schulskikurs beinhaltet dabei Anforderungen im physischen, psychischen und sozialen Bereich, die Ressourcen schaffen und Kompetenzen ausbilden. Seit 2007 ist&hellip;<\/p>\n","protected":false},"author":2,"featured_media":0,"parent":1629,"menu_order":0,"comment_status":"closed","ping_status":"closed","template":"page-templates\/no-sidebar.php","meta":{"footnotes":""},"tags":[54],"_links":{"self":[{"href":"https:\/\/www.rwg-bayreuth.de\/home\/index.php?rest_route=\/wp\/v2\/pages\/1991"}],"collection":[{"href":"https:\/\/www.rwg-bayreuth.de\/home\/index.php?rest_route=\/wp\/v2\/pages"}],"about":[{"href":"https:\/\/www.rwg-bayreuth.de\/home\/index.php?rest_route=\/wp\/v2\/types\/page"}],"author":[{"embeddable":true,"href":"https:\/\/www.rwg-bayreuth.de\/home\/index.php?rest_route=\/wp\/v2\/users\/2"}],"replies":[{"embeddable":true,"href":"https:\/\/www.rwg-bayreuth.de\/home\/index.php?rest_route=%2Fwp%2Fv2%2Fcomments&post=1991"}],"version-history":[{"count":27,"href":"https:\/\/www.rwg-bayreuth.de\/home\/index.php?rest_route=\/wp\/v2\/pages\/1991\/revisions"}],"predecessor-version":[{"id":24256,"href":"https:\/\/www.rwg-bayreuth.de\/home\/index.php?rest_route=\/wp\/v2\/pages\/1991\/revisions\/24256"}],"up":[{"embeddable":true,"href":"https:\/\/www.rwg-bayreuth.de\/home\/index.php?rest_route=\/wp\/v2\/pages\/1629"}],"wp:attachment":[{"href":"https:\/\/www.rwg-bayreuth.de\/home\/index.php?rest_route=%2Fwp%2Fv2%2Fmedia&parent=1991"}],"wp:term":[{"taxonomy":"post_tag","embeddable":true,"href":"https:\/\/www.rwg-bayreuth.de\/home\/index.php?rest_route=%2Fwp%2Fv2%2Ftags&post=1991"}],"curies":[{"name":"wp","href":"https:\/\/api.w.org\/{rel}","templated":true}]}}