{"id":1937,"date":"2013-05-06T21:02:38","date_gmt":"2013-05-06T20:02:38","guid":{"rendered":"http:\/\/www.rwg-bayreuth.de\/home\/?page_id=1937"},"modified":"2023-09-28T20:30:37","modified_gmt":"2023-09-28T18:30:37","slug":"musik","status":"publish","type":"page","link":"https:\/\/www.rwg-bayreuth.de\/home\/?page_id=1937","title":{"rendered":"Musik"},"content":{"rendered":"<p><img decoding=\"async\" class=\"alignnone size-full wp-image-13099\" src=\"https:\/\/www.rwg-bayreuth.de\/home\/wp-content\/uploads\/2019\/08\/Musik.jpg\" alt=\"\" width=\"100%\"><\/p>\r\n\r\n\r\n<!-- Linkbutton f\u00fcr Projekte\r\n[su_button url=\"https:\/\/www.rwg-bayreuth.de\/home\/?p=27364\" background=\"#ffffff\" color=\"#1a1a1a\" size=\"15\" wide=\"yes\" center=\"yes\" radius=\"0\" icon=\"icon: music\" icon_color=\"#1a1a1a\" title=\"Musik-Projekt 'Wir sind noch da'\"]Hier get's zum Projekt \"Weihnachtskonzert\"[\/su_button]-->\r\n\r\n\r\n<h2>Fachschaft<\/h2>\r\n\r\n<p><a href=\"https:\/\/www.rwg-bayreuth.de\/home\/wp-content\/uploads\/2020\/10\/Fachschaft-Musik.jpg\"><img loading=\"lazy\" decoding=\"async\" src=\"https:\/\/www.rwg-bayreuth.de\/home\/wp-content\/uploads\/2020\/10\/Fachschaft-Musik.jpg\" alt=\"\" width=\"900\" height=\"491\" class=\"alignnone size-full wp-image-27278 fachschaftsbild\" srcset=\"https:\/\/www.rwg-bayreuth.de\/home\/wp-content\/uploads\/2020\/10\/Fachschaft-Musik.jpg 900w, https:\/\/www.rwg-bayreuth.de\/home\/wp-content\/uploads\/2020\/10\/Fachschaft-Musik-450x246.jpg 450w, https:\/\/www.rwg-bayreuth.de\/home\/wp-content\/uploads\/2020\/10\/Fachschaft-Musik-768x419.jpg 768w, https:\/\/www.rwg-bayreuth.de\/home\/wp-content\/uploads\/2020\/10\/Fachschaft-Musik-250x136.jpg 250w\" sizes=\"(max-width: 900px) 100vw, 900px\" \/><\/a><\/p>\r\n\r\n\r\n\r\n<h2 class=\"wp-block-heading\">Musik verstehen und lieben<\/h2>\r\n\r\n\r\n\r\n<p> Seit Anbeginn der Zeit haben die Menschen musiziert. Musikunterricht war fr\u00fcher dem Adel und Klerus vorbehalten. Schon Platon sagt: \u201eDie Musik aber ist der wichtigste Teil der Erziehung\u201c. Heute soll allen Sch\u00fclern erm\u00f6glicht werden, Musik kennenzulernen, Musik zu verstehen und Musik zu machen.  <\/p>\r\n\r\n\r\n\r\n<div class=\"wp-block-image\"><figure class=\"alignleft\"><img loading=\"lazy\" decoding=\"async\" width=\"450\" height=\"354\" src=\"https:\/\/www.rwg-bayreuth.de\/home\/wp-content\/uploads\/2019\/02\/17-18-Konz-11-Schlusschor-450.jpg\" alt=\"\" class=\"wp-image-20716\" srcset=\"https:\/\/www.rwg-bayreuth.de\/home\/wp-content\/uploads\/2019\/02\/17-18-Konz-11-Schlusschor-450.jpg 450w, https:\/\/www.rwg-bayreuth.de\/home\/wp-content\/uploads\/2019\/02\/17-18-Konz-11-Schlusschor-450-250x197.jpg 250w\" sizes=\"(max-width: 450px) 100vw, 450px\" \/><figcaption>Im Jahr des 150. Schuljubil\u00e4ums gab es ein Konzert im Opernhaus.<\/figcaption><\/figure><\/div>\r\n\r\n\r\n\r\n<p>Auf diesen S\u00e4ulen baut der Musikunterricht am RWG auf. Die Sch\u00fcler lernen Werke (die Bedeutung, den Hintergrund, die Genialit\u00e4t dahinter) und deren Komponisten (durchweg interessante Pers\u00f6nlichkeiten) kennen und erhalten somit Zugang zu Welten der Musik, die ihnen zuvor meist verschlossen sind. Bei musiktheoretischem Arbeiten wird das Verst\u00e4ndnis f\u00fcr abstrakte Systeme, Formen und Methoden vermittelt und mit selbst musizierten h\u00f6rbaren Eindr\u00fccken best\u00e4tigt und vertieft. <\/p>\r\n\r\n\r\n\r\n<p>Durch das aktive Singen und Musizieren schlie\u00dflich kommen zu Verstehen und Wertsch\u00e4tzen auch noch Freude und Spa\u00df hinzu. Die Themengebiete der einzelnen Jahrgangsstufen richten sich nach dem Lehrplan f\u00fcr das G8 in Bayern. In die Arbeit werden selbstverst\u00e4ndlich die neuen Medien, wie auch die M\u00f6glichkeiten des Internets f\u00fcr Recherche und Pr\u00e4sentation vielf\u00e4ltig eingebunden, auch unter der Zielsetzung einer Entwicklung und F\u00f6rderung der allgemeinen Medienkompetenz. <\/p>\r\n\r\n\r\n\r\n<h2 class=\"wp-block-heading\">Musikensembles am RWG<\/h2>\r\n\r\n\r\n\r\n<p>Das aktive\r\nSingen und Musizieren ist uns am RWG besonders wichtig, weswegen es nicht nur\r\nim regul\u00e4ren Klassenunterricht, sondern auch in vielen kleinen und gro\u00dfen\r\nEnsembles praktiziert wird. Als Chorensembles gibt es am RWG einen\r\nUnterstufenchor der Klassen 5 bis 7, einen Gro\u00dfen Chor f\u00fcr Sch\u00fcler ab der 8.\r\nKlasse und einen Kammerchor <a href=\"https:\/\/www.rwg-bayreuth.de\/home\/?page_id=1942\">[mehr zu den\r\nVokalensembles\u2026]<\/a> Das RWG bietet vielf\u00e4ltige M\u00f6glichkeiten in einem\r\nder Interumentalensembles aktiv zu werden. Es gibt ein Schulorchester, eine\r\nBigband, eine Schul-Rockband und Ensembles f\u00fcr Gitarre, Block\u2010 und Querfl\u00f6te\r\nund Blechbl\u00e4ser <a href=\"https:\/\/www.rwg-bayreuth.de\/home\/?page_id=1954\">[mehr zu den\r\nInstrumentalensembles\u2026]<\/a> Wer m\u00f6chte, kann am RWG auch ein Instrument\r\nerlernen <a href=\"https:\/\/www.rwg-bayreuth.de\/home\/?page_id=1966\">[mehr zum\r\nInstrumentalunterricht\u2026]<\/a> <\/p>\r\n\r\n\r\n\r\n<h2 class=\"wp-block-heading\">Konzerte<\/h2>\r\n\r\n\r\n\r\n<p>Die Konzerte\r\nder Fachschaft Musik stellen eine wesentliche Bereicherung des Schullebens dar.\r\nSie sind vielf\u00e4ltig in der Ausrichtung und versuchen, ein breites Publikum zu\r\nfinden. Sie sind zugleich eine wichtige Best\u00e4tigung f\u00fcr alle, die aktiv an der\r\nSchule musizieren und bieten ganz unterschiedlichen Talenten die M\u00f6glichkeit,\r\nsich vor einem Publikum zu zeigen <a href=\"https:\/\/www.rwg-bayreuth.de\/home\/?page_id=1971\">[mehr zu den\r\nKonzerten\u2026]<\/a> <\/p>\r\n\r\n\r\n\r\n<h3>Videos<\/h3>\r\n\r\n<div class=\"ohneRahmen schmal\">\r\n<div class=\"postlist withthumb cardview\"><span class=\"thumbmagic\"><a href=\"https:\/\/www.rwg-bayreuth.de\/home\/?p=22471\" title=\"RWG Sommer&shy;konzert 2019 - Das ist Bayreuth\"><img loading=\"lazy\" decoding=\"async\" width=\"450\" height=\"253\" src=\"https:\/\/www.rwg-bayreuth.de\/home\/wp-content\/uploads\/2019\/08\/Video-DasIstBayreuth-450x253.jpg\" class=\"lcp_thumbnail wp-post-image\" alt=\"RWG Sommer&shy;konzert 2019 - Das ist Bayreuth\" srcset=\"https:\/\/www.rwg-bayreuth.de\/home\/wp-content\/uploads\/2019\/08\/Video-DasIstBayreuth-450x253.jpg 450w, https:\/\/www.rwg-bayreuth.de\/home\/wp-content\/uploads\/2019\/08\/Video-DasIstBayreuth-768x431.jpg 768w, https:\/\/www.rwg-bayreuth.de\/home\/wp-content\/uploads\/2019\/08\/Video-DasIstBayreuth.jpg 1024w, https:\/\/www.rwg-bayreuth.de\/home\/wp-content\/uploads\/2019\/08\/Video-DasIstBayreuth-250x140.jpg 250w, https:\/\/www.rwg-bayreuth.de\/home\/wp-content\/uploads\/2019\/08\/Video-DasIstBayreuth-800x450.jpg 800w\" sizes=\"(max-width: 450px) 100vw, 450px\" \/><\/a><\/span><div class=\"lcp-container\"><h3><a href=\"https:\/\/www.rwg-bayreuth.de\/home\/?p=22471\">RWG Sommer&shy;konzert 2019 &#8211; Das ist Bayreuth<\/a><\/h3><div class=\"morelink\"><\/div><\/div><\/div><div class=\"postlist withthumb cardview\"><span class=\"thumbmagic\"><a href=\"https:\/\/www.rwg-bayreuth.de\/home\/?p=22467\" title=\"RWG Sommer&shy;konzert 2019 - Am Nordsee&shy;strand\"><img loading=\"lazy\" decoding=\"async\" width=\"450\" height=\"253\" src=\"https:\/\/www.rwg-bayreuth.de\/home\/wp-content\/uploads\/2019\/08\/Video-Nordseestrand-450x253.jpg\" class=\"lcp_thumbnail wp-post-image\" alt=\"RWG Sommer&shy;konzert 2019 - Am Nordsee&shy;strand\" srcset=\"https:\/\/www.rwg-bayreuth.de\/home\/wp-content\/uploads\/2019\/08\/Video-Nordseestrand-450x253.jpg 450w, https:\/\/www.rwg-bayreuth.de\/home\/wp-content\/uploads\/2019\/08\/Video-Nordseestrand-768x431.jpg 768w, https:\/\/www.rwg-bayreuth.de\/home\/wp-content\/uploads\/2019\/08\/Video-Nordseestrand.jpg 1024w, https:\/\/www.rwg-bayreuth.de\/home\/wp-content\/uploads\/2019\/08\/Video-Nordseestrand-250x140.jpg 250w, https:\/\/www.rwg-bayreuth.de\/home\/wp-content\/uploads\/2019\/08\/Video-Nordseestrand-800x450.jpg 800w\" sizes=\"(max-width: 450px) 100vw, 450px\" \/><\/a><\/span><div class=\"lcp-container\"><h3><a href=\"https:\/\/www.rwg-bayreuth.de\/home\/?p=22467\">RWG Sommer&shy;konzert 2019 &#8211; Am Nordsee&shy;strand<\/a><\/h3><div class=\"morelink\"><\/div><\/div><\/div><div class=\"postlist withthumb cardview\"><span class=\"thumbmagic\"><a href=\"https:\/\/www.rwg-bayreuth.de\/home\/?p=22490\" title=\"RWG-Bigband - &quot;Wir sind das RWG&quot;\"><img loading=\"lazy\" decoding=\"async\" width=\"450\" height=\"253\" src=\"https:\/\/www.rwg-bayreuth.de\/home\/wp-content\/uploads\/2019\/02\/Video-WirSindDasRWG-450x253.jpg\" class=\"lcp_thumbnail wp-post-image\" alt=\"RWG-Bigband - &quot;Wir sind das RWG&quot;\" srcset=\"https:\/\/www.rwg-bayreuth.de\/home\/wp-content\/uploads\/2019\/02\/Video-WirSindDasRWG-450x253.jpg 450w, https:\/\/www.rwg-bayreuth.de\/home\/wp-content\/uploads\/2019\/02\/Video-WirSindDasRWG-768x431.jpg 768w, https:\/\/www.rwg-bayreuth.de\/home\/wp-content\/uploads\/2019\/02\/Video-WirSindDasRWG.jpg 1024w, https:\/\/www.rwg-bayreuth.de\/home\/wp-content\/uploads\/2019\/02\/Video-WirSindDasRWG-250x140.jpg 250w, https:\/\/www.rwg-bayreuth.de\/home\/wp-content\/uploads\/2019\/02\/Video-WirSindDasRWG-800x450.jpg 800w\" sizes=\"(max-width: 450px) 100vw, 450px\" \/><\/a><\/span><div class=\"lcp-container\"><h3><a href=\"https:\/\/www.rwg-bayreuth.de\/home\/?p=22490\">RWG-Bigband &#8211; &#8222;Wir sind das RWG&#8220;<\/a><\/h3><div class=\"morelink\"><\/div><\/div><\/div><div class=\"postlist withthumb cardview\"><span class=\"thumbmagic\"><a href=\"https:\/\/www.rwg-bayreuth.de\/home\/?p=22484\" title=\"RWG Jubil\u00e4ums&shy;gottes&shy;dienst - Die Himmel erz\u00e4hlen\"><img loading=\"lazy\" decoding=\"async\" width=\"450\" height=\"253\" src=\"https:\/\/www.rwg-bayreuth.de\/home\/wp-content\/uploads\/2018\/01\/Video-DieHimmelErz\u00e4hlen-450x253.jpg\" class=\"lcp_thumbnail wp-post-image\" alt=\"RWG Jubil\u00e4ums&shy;gottes&shy;dienst - Die Himmel erz\u00e4hlen\" srcset=\"https:\/\/www.rwg-bayreuth.de\/home\/wp-content\/uploads\/2018\/01\/Video-DieHimmelErz\u00e4hlen-450x253.jpg 450w, https:\/\/www.rwg-bayreuth.de\/home\/wp-content\/uploads\/2018\/01\/Video-DieHimmelErz\u00e4hlen-768x431.jpg 768w, https:\/\/www.rwg-bayreuth.de\/home\/wp-content\/uploads\/2018\/01\/Video-DieHimmelErz\u00e4hlen.jpg 1024w, https:\/\/www.rwg-bayreuth.de\/home\/wp-content\/uploads\/2018\/01\/Video-DieHimmelErz\u00e4hlen-250x140.jpg 250w, https:\/\/www.rwg-bayreuth.de\/home\/wp-content\/uploads\/2018\/01\/Video-DieHimmelErz\u00e4hlen-800x450.jpg 800w\" sizes=\"(max-width: 450px) 100vw, 450px\" \/><\/a><\/span><div class=\"lcp-container\"><h3><a href=\"https:\/\/www.rwg-bayreuth.de\/home\/?p=22484\">RWG Jubil\u00e4ums&shy;gottes&shy;dienst &#8211; Die Himmel erz\u00e4hlen<\/a><\/h3><div class=\"morelink\"><\/div><\/div><\/div><div class=\"postlist withthumb cardview\"><span class=\"thumbmagic\"><a href=\"https:\/\/www.rwg-bayreuth.de\/home\/?p=22475\" title=\"RWG Jubil\u00e4ums&shy;gottes&shy;dienst - &quot;T\u00f6net ihr Pauken&quot;\"><img loading=\"lazy\" decoding=\"async\" width=\"450\" height=\"253\" src=\"https:\/\/www.rwg-bayreuth.de\/home\/wp-content\/uploads\/2018\/01\/Video-T\u00f6netIhrPauken-450x253.jpg\" class=\"lcp_thumbnail wp-post-image\" alt=\"RWG Jubil\u00e4ums&shy;gottes&shy;dienst - &quot;T\u00f6net ihr Pauken&quot;\" srcset=\"https:\/\/www.rwg-bayreuth.de\/home\/wp-content\/uploads\/2018\/01\/Video-T\u00f6netIhrPauken-450x253.jpg 450w, https:\/\/www.rwg-bayreuth.de\/home\/wp-content\/uploads\/2018\/01\/Video-T\u00f6netIhrPauken-768x431.jpg 768w, https:\/\/www.rwg-bayreuth.de\/home\/wp-content\/uploads\/2018\/01\/Video-T\u00f6netIhrPauken.jpg 1024w, https:\/\/www.rwg-bayreuth.de\/home\/wp-content\/uploads\/2018\/01\/Video-T\u00f6netIhrPauken-250x140.jpg 250w, https:\/\/www.rwg-bayreuth.de\/home\/wp-content\/uploads\/2018\/01\/Video-T\u00f6netIhrPauken-800x450.jpg 800w\" sizes=\"(max-width: 450px) 100vw, 450px\" \/><\/a><\/span><div class=\"lcp-container\"><h3><a href=\"https:\/\/www.rwg-bayreuth.de\/home\/?p=22475\">RWG Jubil\u00e4ums&shy;gottes&shy;dienst &#8211; &#8222;T\u00f6net ihr Pauken&#8220;<\/a><\/h3><div class=\"morelink\"><\/div><\/div><\/div><\/div>\r\n\r\n\r\n\r\n\r\n\r\n<h2 class=\"clear wp-block-heading\">Das Musikleben am RWG<\/h2>\r\n\r\n\r\n\r\n<p>Das RWG verf\u00fcgt \u00fcber ein reiches Musikleben. Alle Sch\u00fclerinnen und Sch\u00fcler, die Lust und Interesse am Musizieren und Singen haben, k\u00f6nnen sich einbringen. <a href=\"https:\/\/www.rwg-bayreuth.de\/home\/?page_id=2001\">[mehr zum Musikleben am RWG&#8230;]<\/a><\/p>\r\n\r\n\r\n\r\n<h2 class=\"wp-block-heading\">Aktuelles<\/h2>\r\n\r\n\r\n\r\n<div style=\"max-width: 1000px\">\r\n<div class=\"rwg_post_list\"><article id=\"post-40209\"class=\"cf post-40209 post type-post status-publish format-standard has-post-thumbnail hentry category-allgemein tag-musik\">\n \t\t<div class=\"entry-thumbnail fadein\"> \t\t\t<a href=\"https:\/\/www.rwg-bayreuth.de\/home\/?p=40209\"><img loading=\"lazy\" decoding=\"async\" width=\"1024\" height=\"683\" src=\"https:\/\/www.rwg-bayreuth.de\/home\/wp-content\/uploads\/2025\/11\/25-26-Einladung-Weihnachtskonzert-B.jpg\" class=\"attachment-post-thumbnail size-post-thumbnail wp-post-image\" alt=\"\" srcset=\"https:\/\/www.rwg-bayreuth.de\/home\/wp-content\/uploads\/2025\/11\/25-26-Einladung-Weihnachtskonzert-B.jpg 1024w, https:\/\/www.rwg-bayreuth.de\/home\/wp-content\/uploads\/2025\/11\/25-26-Einladung-Weihnachtskonzert-B-150x100.jpg 150w, https:\/\/www.rwg-bayreuth.de\/home\/wp-content\/uploads\/2025\/11\/25-26-Einladung-Weihnachtskonzert-B-450x300.jpg 450w, https:\/\/www.rwg-bayreuth.de\/home\/wp-content\/uploads\/2025\/11\/25-26-Einladung-Weihnachtskonzert-B-768x512.jpg 768w, https:\/\/www.rwg-bayreuth.de\/home\/wp-content\/uploads\/2025\/11\/25-26-Einladung-Weihnachtskonzert-B-250x167.jpg 250w, https:\/\/www.rwg-bayreuth.de\/home\/wp-content\/uploads\/2025\/11\/25-26-Einladung-Weihnachtskonzert-B-900x600.jpg 900w\" sizes=\"(max-width: 1024px) 100vw, 1024px\" \/><\/a> \t\t<\/div><!-- end .entry-thumbnail -->\n<div class=\"meta-main-wrap\">\n  <div class=\"\">\n    <header class=\"entry-header\">\n      <div class=\"entry-cats\">\n        <div class=\"kategorie\"><a href=\"https:\/\/www.rwg-bayreuth.de\/home\/?cat=1\" rel=\"category\">Schulleben<\/a><\/div>\n<div class=\"entry-edit\" >      <div class=\"entry-date\" >\n        <a href=\"https:\/\/www.rwg-bayreuth.de\/home\/?p=40209\">24. November 2025<\/a>\n      <\/div><\/div><!-- end .entry-date -->\n      <\/div><!-- end .entry-cats -->\n<h2 class=\"entry-title\"><a href=\"https:\/\/www.rwg-bayreuth.de\/home\/?p=40209\" rel=\"bookmark\">Einladung zum Weihnachtskonzert<\/a><\/h2>\n    <\/header><!-- end .entry-header -->\n    <div class=\"entry-summary\">\nLiebe Schulfamilie, in diesem Schuljahr wollen wir das Kalenderjahr einmal etwas anders ausklingen lassen als mit unserem \u00fcblichen Weihnachtskonzert. Deswegen laden wir Sie\/Euch alle am Donnerstag, 18. Dezember um 19 Uhr in der Stadtkirche herzlich zu einem sch\u00f6nen Abend mit Musik, Geschichten und Gedichten ein, der uns alle in die wohlverdienten Ferien und in hoffentlich&hellip;\n  <\/div><!-- .entry-summary -->\n  <\/div><!-- .entry-main -->\n<\/div><!-- .meta-main-wrap -->\n<\/article><!-- end post -40209 -->\n<article id=\"post-38817\"class=\"cf post-38817 post type-post status-publish format-standard has-post-thumbnail hentry category-allgemein tag-musik\">\n \t\t<div class=\"entry-thumbnail fadein\"> \t\t\t<a href=\"https:\/\/www.rwg-bayreuth.de\/home\/?p=38817\"><img loading=\"lazy\" decoding=\"async\" width=\"1024\" height=\"683\" src=\"https:\/\/www.rwg-bayreuth.de\/home\/wp-content\/uploads\/2025\/05\/24-25-Musik-EinladungSommerkonzert-B.jpg\" class=\"attachment-post-thumbnail size-post-thumbnail wp-post-image\" alt=\"\" srcset=\"https:\/\/www.rwg-bayreuth.de\/home\/wp-content\/uploads\/2025\/05\/24-25-Musik-EinladungSommerkonzert-B.jpg 1024w, https:\/\/www.rwg-bayreuth.de\/home\/wp-content\/uploads\/2025\/05\/24-25-Musik-EinladungSommerkonzert-B-150x100.jpg 150w, https:\/\/www.rwg-bayreuth.de\/home\/wp-content\/uploads\/2025\/05\/24-25-Musik-EinladungSommerkonzert-B-450x300.jpg 450w, https:\/\/www.rwg-bayreuth.de\/home\/wp-content\/uploads\/2025\/05\/24-25-Musik-EinladungSommerkonzert-B-768x512.jpg 768w, https:\/\/www.rwg-bayreuth.de\/home\/wp-content\/uploads\/2025\/05\/24-25-Musik-EinladungSommerkonzert-B-250x167.jpg 250w, https:\/\/www.rwg-bayreuth.de\/home\/wp-content\/uploads\/2025\/05\/24-25-Musik-EinladungSommerkonzert-B-900x600.jpg 900w\" sizes=\"(max-width: 1024px) 100vw, 1024px\" \/><\/a> \t\t<\/div><!-- end .entry-thumbnail -->\n<div class=\"meta-main-wrap\">\n  <div class=\"\">\n    <header class=\"entry-header\">\n      <div class=\"entry-cats\">\n        <div class=\"kategorie\"><a href=\"https:\/\/www.rwg-bayreuth.de\/home\/?cat=1\" rel=\"category\">Schulleben<\/a><\/div>\n<div class=\"entry-edit\" >      <div class=\"entry-date\" >\n        <a href=\"https:\/\/www.rwg-bayreuth.de\/home\/?p=38817\">12. Mai 2025<\/a>\n      <\/div><\/div><!-- end .entry-date -->\n      <\/div><!-- end .entry-cats -->\n<h2 class=\"entry-title\"><a href=\"https:\/\/www.rwg-bayreuth.de\/home\/?p=38817\" rel=\"bookmark\">Einladung zum RWG Sommerkonzert<\/a><\/h2>\n    <\/header><!-- end .entry-header -->\n    <div class=\"entry-summary\">\nLiebe Schulfamilie, auch in diesem Jahr wollen unsere musikbegeisterten Sch\u00fclerinnen und Sch\u00fcler sowie die Fachschaft Musik den Sommer musikalisch begr\u00fc\u00dfen. Deshalb laden wir die ganze Schulfamilie herzlich ein zu unserem diesj\u00e4hrigen Sommerkonzert am 5. Juni 2025 um 19 Uhr im Zentrum Bayreuth (\u00c4u\u00dfere Badstra\u00dfe 7a) Kostenlose Karten f\u00fcr das Konzert k\u00f6nnen ab Montag, 2. Juni&hellip;\n  <\/div><!-- .entry-summary -->\n  <\/div><!-- .entry-main -->\n<\/div><!-- .meta-main-wrap -->\n<\/article><!-- end post -38817 -->\n<article id=\"post-37633\"class=\"cf post-37633 post type-post status-publish format-standard has-post-thumbnail hentry category-allgemein tag-home tag-musik\">\n \t\t<div class=\"entry-thumbnail fadein\"> \t\t\t<a href=\"https:\/\/www.rwg-bayreuth.de\/home\/?p=37633\"><img loading=\"lazy\" decoding=\"async\" width=\"1024\" height=\"683\" src=\"https:\/\/www.rwg-bayreuth.de\/home\/wp-content\/uploads\/2024\/12\/24-25-Weihnachtskonzert-B.jpg\" class=\"attachment-post-thumbnail size-post-thumbnail wp-post-image\" alt=\"\" srcset=\"https:\/\/www.rwg-bayreuth.de\/home\/wp-content\/uploads\/2024\/12\/24-25-Weihnachtskonzert-B.jpg 1024w, https:\/\/www.rwg-bayreuth.de\/home\/wp-content\/uploads\/2024\/12\/24-25-Weihnachtskonzert-B-150x100.jpg 150w, https:\/\/www.rwg-bayreuth.de\/home\/wp-content\/uploads\/2024\/12\/24-25-Weihnachtskonzert-B-450x300.jpg 450w, https:\/\/www.rwg-bayreuth.de\/home\/wp-content\/uploads\/2024\/12\/24-25-Weihnachtskonzert-B-768x512.jpg 768w, https:\/\/www.rwg-bayreuth.de\/home\/wp-content\/uploads\/2024\/12\/24-25-Weihnachtskonzert-B-250x167.jpg 250w, https:\/\/www.rwg-bayreuth.de\/home\/wp-content\/uploads\/2024\/12\/24-25-Weihnachtskonzert-B-900x600.jpg 900w\" sizes=\"(max-width: 1024px) 100vw, 1024px\" \/><\/a> \t\t<\/div><!-- end .entry-thumbnail -->\n<div class=\"meta-main-wrap\">\n  <div class=\"\">\n    <header class=\"entry-header\">\n      <div class=\"entry-cats\">\n        <div class=\"kategorie\"><a href=\"https:\/\/www.rwg-bayreuth.de\/home\/?cat=1\" rel=\"category\">Schulleben<\/a><\/div>\n<div class=\"entry-edit\" >      <div class=\"entry-date\" >\n        <a href=\"https:\/\/www.rwg-bayreuth.de\/home\/?p=37633\">21. Dezember 2024<\/a>\n      <\/div><\/div><!-- end .entry-date -->\n      <\/div><!-- end .entry-cats -->\n<h2 class=\"entry-title\"><a href=\"https:\/\/www.rwg-bayreuth.de\/home\/?p=37633\" rel=\"bookmark\">O du fr\u00f6hliche, o du selige, gnadenbringende Weihnachtszeit<\/a><\/h2>\n    <\/header><!-- end .entry-header -->\n    <div class=\"entry-summary\">\nMit dem gemeinsamen Singen des wohl bekanntesten deutschen Weihnachtsliedes endete das diesj\u00e4hrige Weihnachtskonzert in der voll besetzten Christuskirche. Zuvor versetzten die vielen Sch\u00fclerinnen und Sch\u00fcler die Zuh\u00f6rer bereits mit beeindruckenden Auftritten in Weihnachtstimmung. Verschiedene Instrumentalensembles, Ch\u00f6re und Solistinnen begeisterten das Publikum und l\u00e4uteten mit ihren gelungenen Auftritten nun endg\u00fcltig die besinnliche Weihnachtszeit ein. Vielen Dank&hellip;\n  <\/div><!-- .entry-summary -->\n  <\/div><!-- .entry-main -->\n<\/div><!-- .meta-main-wrap -->\n<\/article><!-- end post -37633 -->\n<article id=\"post-37337\"class=\"cf post-37337 post type-post status-publish format-standard has-post-thumbnail hentry category-allgemein tag-musik\">\n \t\t<div class=\"entry-thumbnail fadein\"> \t\t\t<a href=\"https:\/\/www.rwg-bayreuth.de\/home\/?p=37337\"><img loading=\"lazy\" decoding=\"async\" width=\"1025\" height=\"683\" src=\"https:\/\/www.rwg-bayreuth.de\/home\/wp-content\/uploads\/2024\/11\/24-25-Einladung-Weihnachtskonzert-B.jpg\" class=\"attachment-post-thumbnail size-post-thumbnail wp-post-image\" alt=\"\" srcset=\"https:\/\/www.rwg-bayreuth.de\/home\/wp-content\/uploads\/2024\/11\/24-25-Einladung-Weihnachtskonzert-B.jpg 1025w, https:\/\/www.rwg-bayreuth.de\/home\/wp-content\/uploads\/2024\/11\/24-25-Einladung-Weihnachtskonzert-B-150x100.jpg 150w, https:\/\/www.rwg-bayreuth.de\/home\/wp-content\/uploads\/2024\/11\/24-25-Einladung-Weihnachtskonzert-B-450x300.jpg 450w, https:\/\/www.rwg-bayreuth.de\/home\/wp-content\/uploads\/2024\/11\/24-25-Einladung-Weihnachtskonzert-B-768x512.jpg 768w, https:\/\/www.rwg-bayreuth.de\/home\/wp-content\/uploads\/2024\/11\/24-25-Einladung-Weihnachtskonzert-B-250x167.jpg 250w, https:\/\/www.rwg-bayreuth.de\/home\/wp-content\/uploads\/2024\/11\/24-25-Einladung-Weihnachtskonzert-B-900x600.jpg 900w\" sizes=\"(max-width: 1025px) 100vw, 1025px\" \/><\/a> \t\t<\/div><!-- end .entry-thumbnail -->\n<div class=\"meta-main-wrap\">\n  <div class=\"\">\n    <header class=\"entry-header\">\n      <div class=\"entry-cats\">\n        <div class=\"kategorie\"><a href=\"https:\/\/www.rwg-bayreuth.de\/home\/?cat=1\" rel=\"category\">Schulleben<\/a><\/div>\n<div class=\"entry-edit\" >      <div class=\"entry-date\" >\n        <a href=\"https:\/\/www.rwg-bayreuth.de\/home\/?p=37337\">28. November 2024<\/a>\n      <\/div><\/div><!-- end .entry-date -->\n      <\/div><!-- end .entry-cats -->\n<h2 class=\"entry-title\"><a href=\"https:\/\/www.rwg-bayreuth.de\/home\/?p=37337\" rel=\"bookmark\">Einladung zum RWG Weihnachtskonzert<\/a><\/h2>\n    <\/header><!-- end .entry-header -->\n    <div class=\"entry-summary\">\nDonnerstag, 19. Dezember 2024 um 19 Uhr in der Christuskirche Bayreuth &nbsp; Liebe Schulfamilie, in diesem Schuljahr wollen wir am Abend des vorletzten Schultages mit weihnachtlichen Kl\u00e4ngen auf die Ferien und die nahenden Weihnachtstage einstimmen. Zahlreiche mitwirkende Sch\u00fclerinnen und Sch\u00fcler sowie die Fachschaft Musik freuen sich wie immer auf Ihr\/Euer Kommen. Kostenlose Karten f\u00fcr unser&hellip;\n  <\/div><!-- .entry-summary -->\n  <\/div><!-- .entry-main -->\n<\/div><!-- .meta-main-wrap -->\n<\/article><!-- end post -37337 -->\n<article id=\"post-36720\"class=\"cf post-36720 post type-post status-publish format-standard has-post-thumbnail hentry category-allgemein tag-musik\">\n \t\t<div class=\"entry-thumbnail fadein\"> \t\t\t<a href=\"https:\/\/www.rwg-bayreuth.de\/home\/?p=36720\"><img loading=\"lazy\" decoding=\"async\" width=\"1024\" height=\"683\" src=\"https:\/\/www.rwg-bayreuth.de\/home\/wp-content\/uploads\/2024\/06\/23-24-EinladungSommerkonzert-B.jpg\" class=\"attachment-post-thumbnail size-post-thumbnail wp-post-image\" alt=\"\" srcset=\"https:\/\/www.rwg-bayreuth.de\/home\/wp-content\/uploads\/2024\/06\/23-24-EinladungSommerkonzert-B.jpg 1024w, https:\/\/www.rwg-bayreuth.de\/home\/wp-content\/uploads\/2024\/06\/23-24-EinladungSommerkonzert-B-150x100.jpg 150w, https:\/\/www.rwg-bayreuth.de\/home\/wp-content\/uploads\/2024\/06\/23-24-EinladungSommerkonzert-B-450x300.jpg 450w, https:\/\/www.rwg-bayreuth.de\/home\/wp-content\/uploads\/2024\/06\/23-24-EinladungSommerkonzert-B-768x512.jpg 768w, https:\/\/www.rwg-bayreuth.de\/home\/wp-content\/uploads\/2024\/06\/23-24-EinladungSommerkonzert-B-250x167.jpg 250w, https:\/\/www.rwg-bayreuth.de\/home\/wp-content\/uploads\/2024\/06\/23-24-EinladungSommerkonzert-B-900x600.jpg 900w\" sizes=\"(max-width: 1024px) 100vw, 1024px\" \/><\/a> \t\t<\/div><!-- end .entry-thumbnail -->\n<div class=\"meta-main-wrap\">\n  <div class=\"\">\n    <header class=\"entry-header\">\n      <div class=\"entry-cats\">\n        <div class=\"kategorie\"><a href=\"https:\/\/www.rwg-bayreuth.de\/home\/?cat=1\" rel=\"category\">Schulleben<\/a><\/div>\n<div class=\"entry-edit\" >      <div class=\"entry-date\" >\n        <a href=\"https:\/\/www.rwg-bayreuth.de\/home\/?p=36720\">19. Juni 2024<\/a>\n      <\/div><\/div><!-- end .entry-date -->\n      <\/div><!-- end .entry-cats -->\n<h2 class=\"entry-title\"><a href=\"https:\/\/www.rwg-bayreuth.de\/home\/?p=36720\" rel=\"bookmark\">Einladung zum Sommerkonzert<\/a><\/h2>\n    <\/header><!-- end .entry-header -->\n    <div class=\"entry-summary\">\nLiebe Eltern, Kolleginnen und Kollegen, Sch\u00fclerinnen und Sch\u00fcler, liebe Schulfamilie, auch in diesem Jahr wollen wir die sch\u00f6ne, warme Jahreszeit mit unserem SOMMERKONZERT am Mittwoch, 26. Juni um 19 Uhr im Zentrum, \u00c4u\u00dfere Badstra\u00dfe 7a, 95448 Bayreuth begr\u00fc\u00dfen. Unsere mitwirkenden Sch\u00fclerinnen und Sch\u00fcler haben ein gemischtes Gute-Laune-Programm von Klassik bis Pop\/Rock einstudiert und freuen sich&hellip;\n  <\/div><!-- .entry-summary -->\n  <\/div><!-- .entry-main -->\n<\/div><!-- .meta-main-wrap -->\n<\/article><!-- end post -36720 -->\n<article id=\"post-35320\"class=\"cf post-35320 post type-post status-publish format-standard has-post-thumbnail hentry category-allgemein tag-musik\">\n \t\t<div class=\"entry-thumbnail fadein\"> \t\t\t<a href=\"https:\/\/www.rwg-bayreuth.de\/home\/?p=35320\"><img loading=\"lazy\" decoding=\"async\" width=\"1024\" height=\"683\" src=\"https:\/\/www.rwg-bayreuth.de\/home\/wp-content\/uploads\/2023\/12\/23-24-Ankuendigung-Weihnachtskonzert.jpg\" class=\"attachment-post-thumbnail size-post-thumbnail wp-post-image\" alt=\"\" srcset=\"https:\/\/www.rwg-bayreuth.de\/home\/wp-content\/uploads\/2023\/12\/23-24-Ankuendigung-Weihnachtskonzert.jpg 1024w, https:\/\/www.rwg-bayreuth.de\/home\/wp-content\/uploads\/2023\/12\/23-24-Ankuendigung-Weihnachtskonzert-150x100.jpg 150w, https:\/\/www.rwg-bayreuth.de\/home\/wp-content\/uploads\/2023\/12\/23-24-Ankuendigung-Weihnachtskonzert-450x300.jpg 450w, https:\/\/www.rwg-bayreuth.de\/home\/wp-content\/uploads\/2023\/12\/23-24-Ankuendigung-Weihnachtskonzert-768x512.jpg 768w, https:\/\/www.rwg-bayreuth.de\/home\/wp-content\/uploads\/2023\/12\/23-24-Ankuendigung-Weihnachtskonzert-250x167.jpg 250w, https:\/\/www.rwg-bayreuth.de\/home\/wp-content\/uploads\/2023\/12\/23-24-Ankuendigung-Weihnachtskonzert-900x600.jpg 900w\" sizes=\"(max-width: 1024px) 100vw, 1024px\" \/><\/a> \t\t<\/div><!-- end .entry-thumbnail -->\n<div class=\"meta-main-wrap\">\n  <div class=\"\">\n    <header class=\"entry-header\">\n      <div class=\"entry-cats\">\n        <div class=\"kategorie\"><a href=\"https:\/\/www.rwg-bayreuth.de\/home\/?cat=1\" rel=\"category\">Schulleben<\/a><\/div>\n<div class=\"entry-edit\" >      <div class=\"entry-date\" >\n        <a href=\"https:\/\/www.rwg-bayreuth.de\/home\/?p=35320\">13. Dezember 2023<\/a>\n      <\/div><\/div><!-- end .entry-date -->\n      <\/div><!-- end .entry-cats -->\n<h2 class=\"entry-title\"><a href=\"https:\/\/www.rwg-bayreuth.de\/home\/?p=35320\" rel=\"bookmark\">Herzliche Einladung zum Weihnachtskonzert des RWG<\/a><\/h2>\n    <\/header><!-- end .entry-header -->\n    <div class=\"entry-summary\">\nLiebe Sch\u00fclerinnen und Sch\u00fcler, liebe Eltern, liebe Lehrkr\u00e4fte und Mitglieder der Schulfamilie, die musikalischen Ensembles des RWG laden euch\/Sie recht herzlich zum Weihnachtskonzert am Mittwoch, den 20.12.2023 um 19 Uhr in der Christuskirche in Bayreuth ein. Die Musikerinnen und Musiker haben seit Schuljahresbeginn flei\u00dfig geprobt und k\u00f6nnen es kaum erwarten, euch\/Ihnen mit adventlicher Musik einen&hellip;\n  <\/div><!-- .entry-summary -->\n  <\/div><!-- .entry-main -->\n<\/div><!-- .meta-main-wrap -->\n<\/article><!-- end post -35320 -->\n<\/div><!-- end .rwg_post_list -->\r\n<\/div>\r\n\r\n\r\n\r\n<h2 class=\"wp-block-heading\">Weiterf\u00fchrende Links<\/h2>\r\n\r\n\r\n\r\n<ul class=\"linkliste\">\r\n\t<li class=\"top\"><a href=\"https:\/\/www.lehrplanplus.bayern.de\/schulart\/gymnasium\/fach\/musik\/inhalt\/fachlehrplaene\" target=\"_blank\" rel=\"noopener noreferrer\">LehrplanPLUS<\/a><\/li>\r\n\t<li><a rel=\"noreferrer noopener\" href=\"http:\/\/www.isb.bayern.de\/gymnasium\/lehrplan\/gymnasium\/fachprofil-ebene-2\/musik\/324\/\" target=\"_blank\">Lehrplan (G8)<\/a><\/li>\r\n<\/ul>\r\n","protected":false},"excerpt":{"rendered":"<p>Fachschaft Musik verstehen und lieben Seit Anbeginn der Zeit haben die Menschen musiziert. Musikunterricht war fr\u00fcher dem Adel und Klerus vorbehalten. Schon Platon sagt: \u201eDie Musik aber ist der wichtigste Teil der Erziehung\u201c. Heute soll allen Sch\u00fclern erm\u00f6glicht werden, Musik kennenzulernen, Musik zu verstehen und Musik zu machen. Auf diesen S\u00e4ulen baut der Musikunterricht am&hellip;<\/p>\n","protected":false},"author":2,"featured_media":0,"parent":34614,"menu_order":50,"comment_status":"closed","ping_status":"closed","template":"page-templates\/no-sidebar.php","meta":{"footnotes":""},"tags":[54],"_links":{"self":[{"href":"https:\/\/www.rwg-bayreuth.de\/home\/index.php?rest_route=\/wp\/v2\/pages\/1937"}],"collection":[{"href":"https:\/\/www.rwg-bayreuth.de\/home\/index.php?rest_route=\/wp\/v2\/pages"}],"about":[{"href":"https:\/\/www.rwg-bayreuth.de\/home\/index.php?rest_route=\/wp\/v2\/types\/page"}],"author":[{"embeddable":true,"href":"https:\/\/www.rwg-bayreuth.de\/home\/index.php?rest_route=\/wp\/v2\/users\/2"}],"replies":[{"embeddable":true,"href":"https:\/\/www.rwg-bayreuth.de\/home\/index.php?rest_route=%2Fwp%2Fv2%2Fcomments&post=1937"}],"version-history":[{"count":102,"href":"https:\/\/www.rwg-bayreuth.de\/home\/index.php?rest_route=\/wp\/v2\/pages\/1937\/revisions"}],"predecessor-version":[{"id":32208,"href":"https:\/\/www.rwg-bayreuth.de\/home\/index.php?rest_route=\/wp\/v2\/pages\/1937\/revisions\/32208"}],"up":[{"embeddable":true,"href":"https:\/\/www.rwg-bayreuth.de\/home\/index.php?rest_route=\/wp\/v2\/pages\/34614"}],"wp:attachment":[{"href":"https:\/\/www.rwg-bayreuth.de\/home\/index.php?rest_route=%2Fwp%2Fv2%2Fmedia&parent=1937"}],"wp:term":[{"taxonomy":"post_tag","embeddable":true,"href":"https:\/\/www.rwg-bayreuth.de\/home\/index.php?rest_route=%2Fwp%2Fv2%2Ftags&post=1937"}],"curies":[{"name":"wp","href":"https:\/\/api.w.org\/{rel}","templated":true}]}}