{"id":1931,"date":"2013-05-06T20:52:12","date_gmt":"2013-05-06T18:52:12","guid":{"rendered":"http:\/\/www.rwg-bayreuth.de\/home\/?page_id=1931"},"modified":"2024-11-13T22:05:42","modified_gmt":"2024-11-13T21:05:42","slug":"latein","status":"publish","type":"page","link":"https:\/\/www.rwg-bayreuth.de\/home\/?page_id=1931","title":{"rendered":"Latein"},"content":{"rendered":"<p><img decoding=\"async\" src=\"https:\/\/www.rwg-bayreuth.de\/home\/wp-content\/uploads\/2020\/02\/Latein9.jpg\" alt=\"\" width=\"100%\" class=\"alignnone size-full wp-image-23756\" srcset=\"https:\/\/www.rwg-bayreuth.de\/home\/wp-content\/uploads\/2020\/02\/Latein9.jpg 1800w, https:\/\/www.rwg-bayreuth.de\/home\/wp-content\/uploads\/2020\/02\/Latein9-450x150.jpg 450w, https:\/\/www.rwg-bayreuth.de\/home\/wp-content\/uploads\/2020\/02\/Latein9-1024x341.jpg 1024w, https:\/\/www.rwg-bayreuth.de\/home\/wp-content\/uploads\/2020\/02\/Latein9-768x256.jpg 768w, https:\/\/www.rwg-bayreuth.de\/home\/wp-content\/uploads\/2020\/02\/Latein9-1536x512.jpg 1536w, https:\/\/www.rwg-bayreuth.de\/home\/wp-content\/uploads\/2020\/02\/Latein9-250x83.jpg 250w\" sizes=\"(max-width: 1800px) 100vw, 1800px\" \/><!--<img decoding=\"async\" src=\"https:\/\/www.rwg-bayreuth.de\/home\/wp-content\/uploads\/2017\/01\/Latein6-l.jpg\" alt=\"\" width=\"100%\" class=\"alignnone size-full wp-image-13058\" srcset=\"https:\/\/www.rwg-bayreuth.de\/home\/wp-content\/uploads\/2017\/01\/Latein6-l.jpg 960w, https:\/\/www.rwg-bayreuth.de\/home\/wp-content\/uploads\/2017\/01\/Latein6-l-150x50.jpg 150w, https:\/\/www.rwg-bayreuth.de\/home\/wp-content\/uploads\/2017\/01\/Latein6-l-450x150.jpg 450w, https:\/\/www.rwg-bayreuth.de\/home\/wp-content\/uploads\/2017\/01\/Latein6-l-768x256.jpg 768w, https:\/\/www.rwg-bayreuth.de\/home\/wp-content\/uploads\/2017\/01\/Latein6-l-250x83.jpg 250w, https:\/\/www.rwg-bayreuth.de\/home\/wp-content\/uploads\/2017\/01\/Latein6-l-600x200.jpg 600w\" sizes=\"(max-width: 960px) 100vw, 960px\" \/>--><\/p>\n<h2>Fachschaft<\/h2>\n<p><a href=\"https:\/\/www.rwg-bayreuth.de\/home\/wp-content\/uploads\/2020\/09\/Fachschaft-Latein.jpg\"><img decoding=\"async\" src=\"https:\/\/www.rwg-bayreuth.de\/home\/wp-content\/uploads\/2020\/09\/Fachschaft-Latein.jpg\" alt=\"\" width=\"900\" height=\"auto\" class=\"alignnone size-full wp-image-27106 fachschaftsbild\" srcset=\"https:\/\/www.rwg-bayreuth.de\/home\/wp-content\/uploads\/2020\/09\/Fachschaft-Latein.jpg 1024w, https:\/\/www.rwg-bayreuth.de\/home\/wp-content\/uploads\/2020\/09\/Fachschaft-Latein-450x338.jpg 450w, https:\/\/www.rwg-bayreuth.de\/home\/wp-content\/uploads\/2020\/09\/Fachschaft-Latein-768x576.jpg 768w, https:\/\/www.rwg-bayreuth.de\/home\/wp-content\/uploads\/2020\/09\/Fachschaft-Latein-250x188.jpg 250w, https:\/\/www.rwg-bayreuth.de\/home\/wp-content\/uploads\/2020\/09\/Fachschaft-Latein-600x450.jpg 600w\" sizes=\"(max-width: 1024px) 100vw, 1024px\" \/><\/a><\/p>\n<p>Latein, die Sprache der Antike und bis weit in die Neuzeit hinein auch die Sprache der Kunst, Kultur und Wissenschaft, hat auch in der heutigen Zeit nichts von ihrer Bedeutung im Bildungswesen verloren.<\/p>\n<div class=\"clear\"><\/div>\n<h2>Zehn Gr\u00fcnde, warum man Latein lernen sollte<\/h2>\n<div id=\"attachment_1921\" style=\"width: 235px\" class=\"wp-caption alignright\"><img loading=\"lazy\" decoding=\"async\" aria-describedby=\"caption-attachment-1921\" class=\"size-full wp-image-1921\" src=\"https:\/\/www.rwg-bayreuth.de\/home\/wp-content\/uploads\/2013\/05\/sept.sever_.bogen_web.jpg\" alt=\"Latein \u00f6ffnet den Blick \u2013 nicht nur in die Welt der Antike.\" width=\"225\" height=\"250\" \/><p id=\"caption-attachment-1921\" class=\"wp-caption-text\">Latein \u00f6ffnet den Blick \u2013<br \/>nicht nur in die Welt der Antike.<\/p><\/div>\n<ol style=\"padding-left: 25pt;\">\n<li>Latein als \u201eMuttersprache\u201c Europas ist die beste Basis f\u00fcr moderne Fremdsprachen.<\/li>\n<li>Die Wurzeln unserer gemeinsamen europ\u00e4ischen Kultur werden bewusst: Latein ist eine Br\u00fccke zwischen Tradition und Fortschritt.<\/li>\n<li>Latein ist Grundlage der Wissenschaftssprache \u2013 auch im Englischen.<\/li>\n<li>Eine breite Allgemeinbildung wird vermittelt.<\/li>\n<li>Die deutsche Sprache ist reich an lateinischen Ausdr\u00fccken.<\/li>\n<li>Latein unterst\u00fctzt den Deutschunterricht.<\/li>\n<li>Latein ist als logisch aufgebaute Sprache eine Schule des Denkens.<\/li>\n<li>Latein f\u00f6rdert die Lesekompetenz.<\/li>\n<li>Das Latinum ist Zulassungsvoraussetzung f\u00fcr zahlreiche Studienf\u00e4cher.<\/li>\n<li>Latein ist so eine gute Voraussetzung f\u00fcr Studium und Beruf.<\/li>\n<\/ol>\n<h2>Latein als zweite Fremdsprache am Richard-Wagner-Gymnasium<\/h2>\n<p>Latein als zweite Fremdsprache beginnt am RWG in der 6. Jahrgangsstufe. Lateinkenntnisse bieten eine gute Grundlage f\u00fcr das Erlernen von Italienisch oder Spanisch im Sprachlichen Schulzweig, der ab der 8. Klasse beginnt.<\/p>\n<p>Mit den ersten drei Lernjahren ist die Lehrbuchphase abgeschlossen, es folgt der behutsame \u00dcbergang zur Lekt\u00fcrephase und schlie\u00dflich die Originallekt\u00fcre von lateinischen Autoren. <\/p>\n<p>Mit der 10. Klasse kann der Lateinunterricht abgeschlossen werden. Latein wird am RWG jedoch auch regelm\u00e4\u00dfig in der Oberstufe angeboten, sei es als sprachliches Unterrichtsfach in der Q11 und Q12 oder im Rahmen der P- und W-Seminare. Hier gibt es immer interessante Themen (s. \u00dcbersicht an Seminaren).<br \/>\nAuch als m\u00fcndliches oder schriftliches Abiturfach kann Latein gew\u00e4hlt werden: Es bietet dann eine interessante Alternative oder Erg\u00e4nzung zu den modernen Fremdsprachen.<\/p>\n<p>In den Jahrgangsstufen 6\u20138 und in der Oberstufe wird Latein als 2. Fremdsprache 4-st\u00fcndig, in den 9. und 10. Klassen 3-st\u00fcndig unterrichtet. <\/p>\n<h2>\u00dcbersicht: Seminare am RWG (Auswahl der letzten Jahre)<\/h2>\n<ul>\n<li>Die <img loading=\"lazy\" decoding=\"async\" src=\"https:\/\/www.rwg-bayreuth.de\/home\/wp-content\/uploads\/2020\/02\/Latein3-Achill-Q-150x150.jpg\" alt=\"\" width=\"150\" height=\"150\" class=\"alignright size-thumbnail wp-image-23859\" srcset=\"https:\/\/www.rwg-bayreuth.de\/home\/wp-content\/uploads\/2020\/02\/Latein3-Achill-Q-150x150.jpg 150w, https:\/\/www.rwg-bayreuth.de\/home\/wp-content\/uploads\/2020\/02\/Latein3-Achill-Q-450x450.jpg 450w, https:\/\/www.rwg-bayreuth.de\/home\/wp-content\/uploads\/2020\/02\/Latein3-Achill-Q-250x250.jpg 250w, https:\/\/www.rwg-bayreuth.de\/home\/wp-content\/uploads\/2020\/02\/Latein3-Achill-Q.jpg 600w\" sizes=\"(max-width: 150px) 100vw, 150px\" \/>Kaiserzeit von Augustus bis Hadrian (W-Seminar)<\/li>\n<li>Die R\u00f6mer in Film und Fernsehen (W-Seminar)<\/li>\n<li>Die R\u00f6mer in Bayern (W-Seminar)<\/li>\n<li>Merkspr\u00fcche, -verse, Eselsbr\u00fccken und Co. im Latein- und Geschichtsunterricht (Antike) (P-Seminar)<\/li>\n<\/ul>\n<p><!--\n[caption id=\"attachment_1923\" align=\"alignleft\" width=\"300\"]<a href=\"https:\/\/www.rwg-bayreuth.de\/home\/wp-content\/uploads\/2013\/05\/Kipfenberg_web.jpg\"><img loading=\"lazy\" decoding=\"async\" class=\"size-full wp-image-1923\" src=\"https:\/\/www.rwg-bayreuth.de\/home\/wp-content\/uploads\/2013\/05\/Kipfenberg_web.jpg\" alt=\"Exkursionen helfen, einen Einblick in die r\u00f6mische Kultur zu gewinnen.\" width=\"300\" height=\"225\" srcset=\"https:\/\/www.rwg-bayreuth.de\/home\/wp-content\/uploads\/2013\/05\/Kipfenberg_web.jpg 300w, https:\/\/www.rwg-bayreuth.de\/home\/wp-content\/uploads\/2013\/05\/Kipfenberg_web-150x113.jpg 150w, https:\/\/www.rwg-bayreuth.de\/home\/wp-content\/uploads\/2013\/05\/Kipfenberg_web-250x188.jpg 250w\" sizes=\"(max-width: 300px) 100vw, 300px\" \/><\/a> Exkursionen helfen, einen Einblick<br \/>in die r\u00f6mische Kultur zu gewinnen.[\/caption]\n\n\n\n<h2>Projekte und Exkursionen<\/h2>\n\n\n\nOft ist es den Sch\u00fclern nicht bewusst, dass das r\u00f6mische Imperium lange fast vor unserer Haust\u00fcr begann: In Wei\u00dfenburg, nur wenige Kilometer s\u00fcdlich von N\u00fcrnberg, verlief der Limes, der die Welt der r\u00f6mischen Kultur von der der Germanen trennte. Es ist deshalb nicht schwer, in unserer Umgebung die Spuren der R\u00f6mer zu erforschen. Daf\u00fcr gibt es in der 6. Jahrgangsstufe ein f\u00e4cher\u00fcbergreifendes Projekt: \u201eDie R\u00f6mer in Bayern\u201c.\n\nEs wird in Zusammenarbeit insbesondere mit dem Fach Geschichte durchgef\u00fchrt. Ziel der Exkursion ist das Altm\u00fchltal. Es geht nach Kipfenberg ins R\u00f6mer- und Bajuwaren Museum sowie nach  Pf\u00fcnz; das Kastell Pf\u00fcnz (lat. Castra Vetonia) ist Bestandteil des 2005 zum UNESCO-Kulturerbe erhobenen R\u00e4tischen Limes. Hier erlebt man nicht nur kulturelle Sehensw\u00fcrdigkeiten vor Ort, sondern das Wissen um die Antike wird au\u00dferdem auch anschaulich vermittelt, zum Beispiel wenn es um religi\u00f6se Br\u00e4uche im r\u00f6mischen Reich geht oder aber die Ausr\u00fcstung eines r\u00f6mischen Legion\u00e4rs. <a href=\"https:\/\/www.rwg-bayreuth.de\/home\/?p=7603\">[mehr zur R\u00f6mer-Fahrt]<\/a>\n--><\/p>\n<h2>Besondere Aktionen rund um das Fach Latein<\/h2>\n<h4>R\u00f6merfahrt nach Kipfenberg und Pf\u00fcnz (6. Klassen, f\u00e4cher\u00fcbergreifendes Projekt Geschichte, Latein)<\/h4>\n<p>Mehr zur R\u00f6merfahrt findet man in unseren Berichten zu den Aktionen des Fachs Latein unter <a href=\"#Aktuelles\">&#8222;Aktuelles&#8220;<\/a>.<\/p>\n<h4 class=\"clear\">Der Beitrag des Faches Latein zum 150-j\u00e4hrigen Schuljubil\u00e4um&#8230;\u2013 die Gestaltung eines lateinischen Chronogramms!<\/h4>\n<p><a href=\"https:\/\/www.rwg-bayreuth.de\/home\/?page_id=23758\"><img loading=\"lazy\" decoding=\"async\" src=\"https:\/\/www.rwg-bayreuth.de\/home\/wp-content\/uploads\/2020\/02\/Chronogramm-\u00dcberschrift-150x150.jpg\" alt=\"\" width=\"150\" height=\"150\" class=\"alignright size-thumbnail wp-image-23763\" \/><\/a>Die Fachschaft hat sich mit diesem Jubil\u00e4ums-Beitrag zum Ziel gesetzt, das Gr\u00fcndungsjahr des Richard-Wagner-Gymnasiums auf ganz spezielle Art und Weise zu verewigen: Das Besondere an der in diesem Rahmen entstandenen Inschrift ist die Tatsache, dass neben dem eigentlichen Text noch eine zweite Botschaft vermittelt wird \u2013 eben eine Datumsangabe, hier in Form der Jahreszahl 1867&#8230; \t<a href=\"https:\/\/www.rwg-bayreuth.de\/home\/?page_id=23758\">[mehr zum Chronogramm]<\/a><\/p>\n<h4 class=\"clear\">Gestaltung eines r\u00f6mischen Abends (Vesper Latinus)<\/h4>\n<p><!--[Bild Vesper Latinus]--><a href=\"https:\/\/www.rwg-bayreuth.de\/home\/wp-content\/uploads\/2020\/02\/3_Lateinabend-Feldzeichen.jpg\"><img loading=\"lazy\" decoding=\"async\" src=\"https:\/\/www.rwg-bayreuth.de\/home\/wp-content\/uploads\/2020\/02\/3_Lateinabend-Feldzeichen-150x150.jpg\" alt=\"\" width=\"150\" height=\"150\" class=\"alignright size-thumbnail wp-image-23766\" srcset=\"https:\/\/www.rwg-bayreuth.de\/home\/wp-content\/uploads\/2020\/02\/3_Lateinabend-Feldzeichen-150x150.jpg 150w, https:\/\/www.rwg-bayreuth.de\/home\/wp-content\/uploads\/2020\/02\/3_Lateinabend-Feldzeichen-452x450.jpg 452w\" sizes=\"(max-width: 150px) 100vw, 150px\" \/><\/a>In regelm\u00e4\u00dfigen Abst\u00e4nden gestalten die Lateinlehrer mit ihren Lerngruppen der Unterstufe einen &#8218;bunten Abend&#8216; zum Thema &#8218;Leben wie bei den alten R\u00f6mern&#8216;: Das Spektrum an Darbietungen reicht dabei von der klassischen, typisch r\u00f6mischen Kleidung, \u00fcber spezielle kulinarische K\u00f6stlichkeiten, bis hin zum Eintauchen in die Lebenswelt der R\u00f6mer (Spiele, G\u00f6ttergestalten und Heldensagen). (Siehe auch: <a href=\"https:\/\/www.rwg-bayreuth.de\/home\/?page_id=25071\">Lebend(ig)es Latein<\/a>) <\/p>\n<h2>Das Latinum<\/h2>\n<p>Das kleine Latinum gilt als nach der 9. Jahrgangsstufe erworben, das gro\u00dfes Latinum nach der 10. Jahrgangsstufe. Eine gesonderte Pr\u00fcfung ist hierf\u00fcr nicht erforderlich. Die Zeugnisnote in Latein muss mindestens \u201eausreichend\u201c sein.<\/p>\n<p>Das Latinum ist nach wie vor Bedingung f\u00fcr viele Studieng\u00e4nge wie zum Beispiel Deutsch, Geschichte, Kunstgeschichte, Englisch, Franz\u00f6sisch, Italienisch, Spanisch, Theologie und nat\u00fcrlich Latein.<\/p>\n<h2>Intensivierung \/ Lernhilfen \/ Nachhilfe<\/h2>\n<p>Regelm\u00e4\u00dfig wird in der Mittelstufe im Rahmen der zus\u00e4tzlichen F\u00f6rderstunden auch  Intensivierungsunterricht im Fach Latein angeboten.<\/p>\n<p>Als zus\u00e4tzliche Lernhilfe lohnt auch ein Blick in die vom P-Seminar Latein erstellte Brosch\u00fcre <a href=\"https:\/\/www.rwg-bayreuth.de\/home\/?p=16448\">&#8218;Latein aus dem Effeff&#8216;<\/a>  mit einer Sammlung rund um Merkspr\u00fcche, -verse und Eselsbr\u00fccken f\u00fcr den Lateinunterricht!<\/p>\n<p>Eine kosteng\u00fcnstige und einfache L\u00f6sung f\u00fcr individuelle Nachhilfe ist oft durch gute Lateinsch\u00fcler unserer Schule m\u00f6glich. Gerne k\u00f6nnen unsere Lateinlehrer auch Kontakte daf\u00fcr vermitteln und beraten.<\/p>\n<h2>Wettbewerbe<\/h2>\n<ul>\n<li>Bundeswettbewerb Fremdsprachen  [<a href=\"https:\/\/www.rwg-bayreuth.de\/home\/?page_id=1553\">mehr zum Bundeswettbewerb Fremdsprachen<\/a>]\n<p>eine Teilnahme ist u.a. im Fach Latein ab der Mittelstufe m\u00f6glich<\/li>\n<li>Landeswettbewerb Alte Sprachen<br \/>\nder Wettbewerb richtet sich an Sch\u00fcler\/innen des Lateinkurses der Oberstufe (Q11)<\/li>\n<\/ul>\n<h2 id=\"Aktuelles\">Aktuelles<\/h2>\n<div style=\"max-width: 1000px\">\n<div class=\"rwg_post_list\"><article id=\"post-40945\"class=\"cf post-40945 post type-post status-publish format-standard has-post-thumbnail hentry category-allgemein tag-begabtenfoerderung tag-home tag-latein\">\n \t\t<div class=\"entry-thumbnail fadein\"> \t\t\t<a href=\"https:\/\/www.rwg-bayreuth.de\/home\/?p=40945\"><img loading=\"lazy\" decoding=\"async\" width=\"1024\" height=\"683\" src=\"https:\/\/www.rwg-bayreuth.de\/home\/wp-content\/uploads\/2026\/03\/25-26-Begabtenfoerderung-Einstieg.jpg\" class=\"attachment-post-thumbnail size-post-thumbnail wp-post-image\" alt=\"\" srcset=\"https:\/\/www.rwg-bayreuth.de\/home\/wp-content\/uploads\/2026\/03\/25-26-Begabtenfoerderung-Einstieg.jpg 1024w, https:\/\/www.rwg-bayreuth.de\/home\/wp-content\/uploads\/2026\/03\/25-26-Begabtenfoerderung-Einstieg-150x100.jpg 150w, https:\/\/www.rwg-bayreuth.de\/home\/wp-content\/uploads\/2026\/03\/25-26-Begabtenfoerderung-Einstieg-450x300.jpg 450w, https:\/\/www.rwg-bayreuth.de\/home\/wp-content\/uploads\/2026\/03\/25-26-Begabtenfoerderung-Einstieg-768x512.jpg 768w, https:\/\/www.rwg-bayreuth.de\/home\/wp-content\/uploads\/2026\/03\/25-26-Begabtenfoerderung-Einstieg-250x167.jpg 250w, https:\/\/www.rwg-bayreuth.de\/home\/wp-content\/uploads\/2026\/03\/25-26-Begabtenfoerderung-Einstieg-900x600.jpg 900w\" sizes=\"(max-width: 1024px) 100vw, 1024px\" \/><\/a> \t\t<\/div><!-- end .entry-thumbnail -->\n<div class=\"meta-main-wrap\">\n  <div class=\"\">\n    <header class=\"entry-header\">\n      <div class=\"entry-cats\">\n        <div class=\"kategorie\"><a href=\"https:\/\/www.rwg-bayreuth.de\/home\/?cat=1\" rel=\"category\">Schulleben<\/a><\/div>\n<div class=\"entry-edit\" >      <div class=\"entry-date\" >\n        <a href=\"https:\/\/www.rwg-bayreuth.de\/home\/?p=40945\">10. M\u00e4rz 2026<\/a>\n      <\/div><\/div><!-- end .entry-date -->\n      <\/div><!-- end .entry-cats -->\n<h2 class=\"entry-title\"><a href=\"https:\/\/www.rwg-bayreuth.de\/home\/?p=40945\" rel=\"bookmark\">Ein Videodreh in lateinischer Sprache \u2013 echt jetzt?!<\/a><\/h2>\n    <\/header><!-- end .entry-header -->\n    <div class=\"entry-summary\">\nAuch in diesem Schuljahr findet am RWG im Rahmen der regionalen Begabtenf\u00f6rderung Oberfranken wieder ein Kurs zum Thema Latein\/Alte Geschichte statt, der es sich zum Ziel gesetzt hat, die Bedeutsamkeit der lateinischen Sprache genauer zu betrachten. So haben sich seit dem letzten Durchgang im vergangenen Jahr einige sprachentalentierte Sch\u00fcler\/-innen des RWG, aber auch von weiteren&hellip;\n  <\/div><!-- .entry-summary -->\n  <\/div><!-- .entry-main -->\n<\/div><!-- .meta-main-wrap -->\n<\/article><!-- end post -40945 -->\n<article id=\"post-39738\"class=\"cf post-39738 post type-post status-publish format-standard has-post-thumbnail hentry category-allgemein tag-home tag-latein\">\n \t\t<div class=\"entry-thumbnail fadein\"> \t\t\t<a href=\"https:\/\/www.rwg-bayreuth.de\/home\/?p=39738\"><img loading=\"lazy\" decoding=\"async\" width=\"1024\" height=\"683\" src=\"https:\/\/www.rwg-bayreuth.de\/home\/wp-content\/uploads\/2025\/08\/24-25-Roemertage-B.jpg\" class=\"attachment-post-thumbnail size-post-thumbnail wp-post-image\" alt=\"\" srcset=\"https:\/\/www.rwg-bayreuth.de\/home\/wp-content\/uploads\/2025\/08\/24-25-Roemertage-B.jpg 1024w, https:\/\/www.rwg-bayreuth.de\/home\/wp-content\/uploads\/2025\/08\/24-25-Roemertage-B-150x100.jpg 150w, https:\/\/www.rwg-bayreuth.de\/home\/wp-content\/uploads\/2025\/08\/24-25-Roemertage-B-450x300.jpg 450w, https:\/\/www.rwg-bayreuth.de\/home\/wp-content\/uploads\/2025\/08\/24-25-Roemertage-B-768x512.jpg 768w, https:\/\/www.rwg-bayreuth.de\/home\/wp-content\/uploads\/2025\/08\/24-25-Roemertage-B-250x167.jpg 250w, https:\/\/www.rwg-bayreuth.de\/home\/wp-content\/uploads\/2025\/08\/24-25-Roemertage-B-900x600.jpg 900w\" sizes=\"(max-width: 1024px) 100vw, 1024px\" \/><\/a> \t\t<\/div><!-- end .entry-thumbnail -->\n<div class=\"meta-main-wrap\">\n  <div class=\"\">\n    <header class=\"entry-header\">\n      <div class=\"entry-cats\">\n        <div class=\"kategorie\"><a href=\"https:\/\/www.rwg-bayreuth.de\/home\/?cat=1\" rel=\"category\">Schulleben<\/a><\/div>\n<div class=\"entry-edit\" >      <div class=\"entry-date\" >\n        <a href=\"https:\/\/www.rwg-bayreuth.de\/home\/?p=39738\">26. Juli 2025<\/a>\n      <\/div><\/div><!-- end .entry-date -->\n      <\/div><!-- end .entry-cats -->\n<h2 class=\"entry-title\"><a href=\"https:\/\/www.rwg-bayreuth.de\/home\/?p=39738\" rel=\"bookmark\">Auf Zeitreise in die r\u00f6mische Vergangenheit<\/a><\/h2>\n    <\/header><!-- end .entry-header -->\n    <div class=\"entry-summary\">\nF\u00fcr unsere Sechstkl\u00e4ssler\/-innen fand auch in diesem Schuljahr in der Fahrtenwoche im Juli traditionell das f\u00e4cher\u00fcbergreifenden Lehrplanprojekt der F\u00e4cher Latein\/Geschichte statt: Ganze drei Schultage befassten sich die Sch\u00fcler\/-innen dabei mit dem Hintergrund und Aufbau der r\u00f6mischen Provinzverwaltung am Limes, des obergermanisch-r\u00e4tischen Grenzwalls, der heute u.a. noch im Altm\u00fchltal in einzelnen \u00dcberresten zu erkunden und besichtigen&hellip;\n  <\/div><!-- .entry-summary -->\n  <\/div><!-- .entry-main -->\n<\/div><!-- .meta-main-wrap -->\n<\/article><!-- end post -39738 -->\n<article id=\"post-38593\"class=\"cf post-38593 post type-post status-publish format-standard has-post-thumbnail hentry category-allgemein tag-home tag-latein\">\n \t\t<div class=\"entry-thumbnail fadein\"> \t\t\t<a href=\"https:\/\/www.rwg-bayreuth.de\/home\/?p=38593\"><img loading=\"lazy\" decoding=\"async\" width=\"1024\" height=\"683\" src=\"https:\/\/www.rwg-bayreuth.de\/home\/wp-content\/uploads\/2025\/04\/24-25-lateinischeBibeluebersetzung-B.jpg\" class=\"attachment-post-thumbnail size-post-thumbnail wp-post-image\" alt=\"\" srcset=\"https:\/\/www.rwg-bayreuth.de\/home\/wp-content\/uploads\/2025\/04\/24-25-lateinischeBibeluebersetzung-B.jpg 1024w, https:\/\/www.rwg-bayreuth.de\/home\/wp-content\/uploads\/2025\/04\/24-25-lateinischeBibeluebersetzung-B-150x100.jpg 150w, https:\/\/www.rwg-bayreuth.de\/home\/wp-content\/uploads\/2025\/04\/24-25-lateinischeBibeluebersetzung-B-450x300.jpg 450w, https:\/\/www.rwg-bayreuth.de\/home\/wp-content\/uploads\/2025\/04\/24-25-lateinischeBibeluebersetzung-B-768x512.jpg 768w, https:\/\/www.rwg-bayreuth.de\/home\/wp-content\/uploads\/2025\/04\/24-25-lateinischeBibeluebersetzung-B-250x167.jpg 250w, https:\/\/www.rwg-bayreuth.de\/home\/wp-content\/uploads\/2025\/04\/24-25-lateinischeBibeluebersetzung-B-900x600.jpg 900w\" sizes=\"(max-width: 1024px) 100vw, 1024px\" \/><\/a> \t\t<\/div><!-- end .entry-thumbnail -->\n<div class=\"meta-main-wrap\">\n  <div class=\"\">\n    <header class=\"entry-header\">\n      <div class=\"entry-cats\">\n        <div class=\"kategorie\"><a href=\"https:\/\/www.rwg-bayreuth.de\/home\/?cat=1\" rel=\"category\">Schulleben<\/a><\/div>\n<div class=\"entry-edit\" >      <div class=\"entry-date\" >\n        <a href=\"https:\/\/www.rwg-bayreuth.de\/home\/?p=38593\">19. April 2025<\/a>\n      <\/div><\/div><!-- end .entry-date -->\n      <\/div><!-- end .entry-cats -->\n<h2 class=\"entry-title\"><a href=\"https:\/\/www.rwg-bayreuth.de\/home\/?p=38593\" rel=\"bookmark\">Episoden, Gleichnisse &amp; Co. aus der lateinischen Bibel\u00fcbersetzung<\/a><\/h2>\n    <\/header><!-- end .entry-header -->\n    <div class=\"entry-summary\">\nSp\u00e4testens zur Osterzeit r\u00fcckt mit der Auferstehungsgeschichte von Jesus von Nazareth das Buch der B\u00fccher, n\u00e4mlich die Bibel, in den Fokus gl\u00e4ubiger Christen. Auch im Lateinunterricht der 9. Jgst. steht die \u201avolkst\u00fcmliche\u2018 Version der lat. Bibel\u00fcbersetzung, die sog. Vulgata, im Zentrum der \u00dcbergangslekt\u00fcre: So befasste sich die Lateingruppe 9abe bereits in der Zeit vor Weihnachten&hellip;\n  <\/div><!-- .entry-summary -->\n  <\/div><!-- .entry-main -->\n<\/div><!-- .meta-main-wrap -->\n<\/article><!-- end post -38593 -->\n<article id=\"post-38578\"class=\"cf post-38578 post type-post status-publish format-standard has-post-thumbnail hentry category-allgemein tag-home tag-latein\">\n \t\t<div class=\"entry-thumbnail fadein\"> \t\t\t<a href=\"https:\/\/www.rwg-bayreuth.de\/home\/?p=38578\"><img loading=\"lazy\" decoding=\"async\" width=\"1024\" height=\"683\" src=\"https:\/\/www.rwg-bayreuth.de\/home\/wp-content\/uploads\/2025\/04\/24-25-Latein-B.jpg\" class=\"attachment-post-thumbnail size-post-thumbnail wp-post-image\" alt=\"\" srcset=\"https:\/\/www.rwg-bayreuth.de\/home\/wp-content\/uploads\/2025\/04\/24-25-Latein-B.jpg 1024w, https:\/\/www.rwg-bayreuth.de\/home\/wp-content\/uploads\/2025\/04\/24-25-Latein-B-150x100.jpg 150w, https:\/\/www.rwg-bayreuth.de\/home\/wp-content\/uploads\/2025\/04\/24-25-Latein-B-450x300.jpg 450w, https:\/\/www.rwg-bayreuth.de\/home\/wp-content\/uploads\/2025\/04\/24-25-Latein-B-768x512.jpg 768w, https:\/\/www.rwg-bayreuth.de\/home\/wp-content\/uploads\/2025\/04\/24-25-Latein-B-250x167.jpg 250w, https:\/\/www.rwg-bayreuth.de\/home\/wp-content\/uploads\/2025\/04\/24-25-Latein-B-900x600.jpg 900w\" sizes=\"(max-width: 1024px) 100vw, 1024px\" \/><\/a> \t\t<\/div><!-- end .entry-thumbnail -->\n<div class=\"meta-main-wrap\">\n  <div class=\"\">\n    <header class=\"entry-header\">\n      <div class=\"entry-cats\">\n        <div class=\"kategorie\"><a href=\"https:\/\/www.rwg-bayreuth.de\/home\/?cat=1\" rel=\"category\">Schulleben<\/a><\/div>\n<div class=\"entry-edit\" >      <div class=\"entry-date\" >\n        <a href=\"https:\/\/www.rwg-bayreuth.de\/home\/?p=38578\">11. April 2025<\/a>\n      <\/div><\/div><!-- end .entry-date -->\n      <\/div><!-- end .entry-cats -->\n<h2 class=\"entry-title\"><a href=\"https:\/\/www.rwg-bayreuth.de\/home\/?p=38578\" rel=\"bookmark\">Auf Zeitreise zur\u00fcck ins antike Rom \u2013 ein Highlight f\u00fcr alle Lateiner!<\/a><\/h2>\n    <\/header><!-- end .entry-header -->\n    <div class=\"entry-summary\">\nVor den Osterferien gab es f\u00fcr alle Lateinlernenden am Richard-Wagner-Gymnasium noch eine ganz besondere Veranstaltung: Der Kabarettist und B\u00fchnenlateiner Bj\u00f6rn Puscha war zu Gast bei uns und nahm Sch\u00fcler\/-innen sowie (Fach-)Kolleg(inn)en mit auf einen kurzweiligen, unterhaltsamen und zugleich lehrreichen Vormittag, gespickt mit allerlei Anekdoten bzw. seinen eigenen Erfahrungen rund um das Fach Latein. In seinem&hellip;\n  <\/div><!-- .entry-summary -->\n  <\/div><!-- .entry-main -->\n<\/div><!-- .meta-main-wrap -->\n<\/article><!-- end post -38578 -->\n<article id=\"post-38232\"class=\"cf post-38232 post type-post status-publish format-standard has-post-thumbnail hentry category-allgemein tag-begabtenfoerderung tag-home tag-latein\">\n \t\t<div class=\"entry-thumbnail fadein\"> \t\t\t<a href=\"https:\/\/www.rwg-bayreuth.de\/home\/?p=38232\"><img loading=\"lazy\" decoding=\"async\" width=\"1024\" height=\"683\" src=\"https:\/\/www.rwg-bayreuth.de\/home\/wp-content\/uploads\/2025\/03\/24-25-HochschultagLatein-Lateintag2025.jpg\" class=\"attachment-post-thumbnail size-post-thumbnail wp-post-image\" alt=\"\" srcset=\"https:\/\/www.rwg-bayreuth.de\/home\/wp-content\/uploads\/2025\/03\/24-25-HochschultagLatein-Lateintag2025.jpg 1024w, https:\/\/www.rwg-bayreuth.de\/home\/wp-content\/uploads\/2025\/03\/24-25-HochschultagLatein-Lateintag2025-150x100.jpg 150w, https:\/\/www.rwg-bayreuth.de\/home\/wp-content\/uploads\/2025\/03\/24-25-HochschultagLatein-Lateintag2025-450x300.jpg 450w, https:\/\/www.rwg-bayreuth.de\/home\/wp-content\/uploads\/2025\/03\/24-25-HochschultagLatein-Lateintag2025-768x512.jpg 768w, https:\/\/www.rwg-bayreuth.de\/home\/wp-content\/uploads\/2025\/03\/24-25-HochschultagLatein-Lateintag2025-250x167.jpg 250w, https:\/\/www.rwg-bayreuth.de\/home\/wp-content\/uploads\/2025\/03\/24-25-HochschultagLatein-Lateintag2025-900x600.jpg 900w\" sizes=\"(max-width: 1024px) 100vw, 1024px\" \/><\/a> \t\t<\/div><!-- end .entry-thumbnail -->\n<div class=\"meta-main-wrap\">\n  <div class=\"\">\n    <header class=\"entry-header\">\n      <div class=\"entry-cats\">\n        <div class=\"kategorie\"><a href=\"https:\/\/www.rwg-bayreuth.de\/home\/?cat=1\" rel=\"category\">Schulleben<\/a><\/div>\n<div class=\"entry-edit\" >      <div class=\"entry-date\" >\n        <a href=\"https:\/\/www.rwg-bayreuth.de\/home\/?p=38232\">27. Februar 2025<\/a>\n      <\/div><\/div><!-- end .entry-date -->\n      <\/div><!-- end .entry-cats -->\n<h2 class=\"entry-title\"><a href=\"https:\/\/www.rwg-bayreuth.de\/home\/?p=38232\" rel=\"bookmark\">Antike Texte und gender \u2013 Hochschultag Latein 2025<\/a><\/h2>\n    <\/header><!-- end .entry-header -->\n    <div class=\"entry-summary\">\nVor den Faschingsferien durften zwei Sch\u00fclerinnen des RWG, Mia (Q12) und Laura (Jgst.11), im Rahmen der Regionalen Begabtenf\u00f6rderung einen besonderen Tag an der Otto-Friedrich-Universit\u00e4t in Bamberg verbringen. Das Titel der eint\u00e4gigen Pr\u00e4senzveranstaltung rund um das Fach Latein befasste sich dabei mit einem \u00e4u\u00dferst aktuellen Thema \u2013 immerhin steht das Rollenbild von \u201aMann und Frau\u2018 nicht&hellip;\n  <\/div><!-- .entry-summary -->\n  <\/div><!-- .entry-main -->\n<\/div><!-- .meta-main-wrap -->\n<\/article><!-- end post -38232 -->\n<article id=\"post-38127\"class=\"cf post-38127 post type-post status-publish format-standard has-post-thumbnail hentry category-allgemein tag-home tag-latein\">\n \t\t<div class=\"entry-thumbnail fadein\"> \t\t\t<a href=\"https:\/\/www.rwg-bayreuth.de\/home\/?p=38127\"><img loading=\"lazy\" decoding=\"async\" width=\"833\" height=\"555\" src=\"https:\/\/www.rwg-bayreuth.de\/home\/wp-content\/uploads\/2025\/02\/24-25-LatAdventskalender-B.jpg\" class=\"attachment-post-thumbnail size-post-thumbnail wp-post-image\" alt=\"\" srcset=\"https:\/\/www.rwg-bayreuth.de\/home\/wp-content\/uploads\/2025\/02\/24-25-LatAdventskalender-B.jpg 833w, https:\/\/www.rwg-bayreuth.de\/home\/wp-content\/uploads\/2025\/02\/24-25-LatAdventskalender-B-150x100.jpg 150w, https:\/\/www.rwg-bayreuth.de\/home\/wp-content\/uploads\/2025\/02\/24-25-LatAdventskalender-B-450x300.jpg 450w, https:\/\/www.rwg-bayreuth.de\/home\/wp-content\/uploads\/2025\/02\/24-25-LatAdventskalender-B-768x512.jpg 768w, https:\/\/www.rwg-bayreuth.de\/home\/wp-content\/uploads\/2025\/02\/24-25-LatAdventskalender-B-250x167.jpg 250w\" sizes=\"(max-width: 833px) 100vw, 833px\" \/><\/a> \t\t<\/div><!-- end .entry-thumbnail -->\n<div class=\"meta-main-wrap\">\n  <div class=\"\">\n    <header class=\"entry-header\">\n      <div class=\"entry-cats\">\n        <div class=\"kategorie\"><a href=\"https:\/\/www.rwg-bayreuth.de\/home\/?cat=1\" rel=\"category\">Schulleben<\/a><\/div>\n<div class=\"entry-edit\" >      <div class=\"entry-date\" >\n        <a href=\"https:\/\/www.rwg-bayreuth.de\/home\/?p=38127\">14. Februar 2025<\/a>\n      <\/div><\/div><!-- end .entry-date -->\n      <\/div><!-- end .entry-cats -->\n<h2 class=\"entry-title\"><a href=\"https:\/\/www.rwg-bayreuth.de\/home\/?p=38127\" rel=\"bookmark\">Lateinischer Adventskalender &#8211; Die pr\u00e4mierten Sieger stehen fest!<\/a><\/h2>\n    <\/header><!-- end .entry-header -->\n    <div class=\"entry-summary\">\nRund um das Zwischenzeugnis fand die Preisverleihung des \u201aAdventskalenders der modernen lateinischen W\u00f6rter\u2018 statt, den die Fachschaft Latein im Advent 2024 ins Leben gerufen hatte. Diese besondere Aktion erfreute sich insgesamt gro\u00dfer Beliebtheit unter den Sch\u00fcler\/-innen \u2013 wurde damit doch in der Vorweihnachtszeit auch die eine oder andere Unterrichtsstunde mit dem Rezipieren von gleicherma\u00dfen lustigen&hellip;\n  <\/div><!-- .entry-summary -->\n  <\/div><!-- .entry-main -->\n<\/div><!-- .meta-main-wrap -->\n<\/article><!-- end post -38127 -->\n<article id=\"post-37401\"class=\"cf post-37401 post type-post status-publish format-standard has-post-thumbnail hentry category-allgemein tag-home tag-latein\">\n \t\t<div class=\"entry-thumbnail fadein\"> \t\t\t<a href=\"https:\/\/www.rwg-bayreuth.de\/home\/?p=37401\"><img loading=\"lazy\" decoding=\"async\" width=\"826\" height=\"551\" src=\"https:\/\/www.rwg-bayreuth.de\/home\/wp-content\/uploads\/2024\/12\/24-25-Adventskalender-2024-B.jpg\" class=\"attachment-post-thumbnail size-post-thumbnail wp-post-image\" alt=\"\" srcset=\"https:\/\/www.rwg-bayreuth.de\/home\/wp-content\/uploads\/2024\/12\/24-25-Adventskalender-2024-B.jpg 826w, https:\/\/www.rwg-bayreuth.de\/home\/wp-content\/uploads\/2024\/12\/24-25-Adventskalender-2024-B-150x100.jpg 150w, https:\/\/www.rwg-bayreuth.de\/home\/wp-content\/uploads\/2024\/12\/24-25-Adventskalender-2024-B-450x300.jpg 450w, https:\/\/www.rwg-bayreuth.de\/home\/wp-content\/uploads\/2024\/12\/24-25-Adventskalender-2024-B-768x512.jpg 768w, https:\/\/www.rwg-bayreuth.de\/home\/wp-content\/uploads\/2024\/12\/24-25-Adventskalender-2024-B-250x167.jpg 250w\" sizes=\"(max-width: 826px) 100vw, 826px\" \/><\/a> \t\t<\/div><!-- end .entry-thumbnail -->\n<div class=\"meta-main-wrap\">\n  <div class=\"\">\n    <header class=\"entry-header\">\n      <div class=\"entry-cats\">\n        <div class=\"kategorie\"><a href=\"https:\/\/www.rwg-bayreuth.de\/home\/?cat=1\" rel=\"category\">Schulleben<\/a><\/div>\n<div class=\"entry-edit\" >      <div class=\"entry-date\" >\n        <a href=\"https:\/\/www.rwg-bayreuth.de\/home\/?p=37401\">1. Dezember 2024<\/a>\n      <\/div><\/div><!-- end .entry-date -->\n      <\/div><!-- end .entry-cats -->\n<h2 class=\"entry-title\"><a href=\"https:\/\/www.rwg-bayreuth.de\/home\/?p=37401\" rel=\"bookmark\">Quid hoc Latine est? Der etwas andere Latein-Adventskalender &#8230;<\/a><\/h2>\n    <\/header><!-- end .entry-header -->\n    <div class=\"entry-summary\">\nNach den drei Vorl\u00e4ufer-Durchg\u00e4ngen aus den Jahren 2020-2022 wagen wir in der aktuellen Adventszeit 2024 diesmal etwas Neues: Der r\u00f6misch-antike Adventskalender, den alle Kolleg(inn)en der Fachschaft Latein zusammen gestalten wieder, nimmt moderne Vokabeln in den Blick \u2013 gewisserma\u00dfen \u00fcben wir uns diesmal in neulateinischen Begriffen\u2013 es darf aber nat\u00fcrlich wie gewohnt flei\u00dfig mitgeraten und geknobelt&hellip;\n  <\/div><!-- .entry-summary -->\n  <\/div><!-- .entry-main -->\n<\/div><!-- .meta-main-wrap -->\n<\/article><!-- end post -37401 -->\n<article id=\"post-37448\"class=\"cf post-37448 post type-post status-publish format-standard has-post-thumbnail hentry category-allgemein tag-home tag-latein\">\n \t\t<div class=\"entry-thumbnail fadein\"> \t\t\t<a href=\"https:\/\/www.rwg-bayreuth.de\/home\/?p=37448\"><img loading=\"lazy\" decoding=\"async\" width=\"1024\" height=\"683\" src=\"https:\/\/www.rwg-bayreuth.de\/home\/wp-content\/uploads\/2024\/12\/24-25-Begabtenfoerderung-B.jpg\" class=\"attachment-post-thumbnail size-post-thumbnail wp-post-image\" alt=\"\" srcset=\"https:\/\/www.rwg-bayreuth.de\/home\/wp-content\/uploads\/2024\/12\/24-25-Begabtenfoerderung-B.jpg 1024w, https:\/\/www.rwg-bayreuth.de\/home\/wp-content\/uploads\/2024\/12\/24-25-Begabtenfoerderung-B-150x100.jpg 150w, https:\/\/www.rwg-bayreuth.de\/home\/wp-content\/uploads\/2024\/12\/24-25-Begabtenfoerderung-B-450x300.jpg 450w, https:\/\/www.rwg-bayreuth.de\/home\/wp-content\/uploads\/2024\/12\/24-25-Begabtenfoerderung-B-768x512.jpg 768w, https:\/\/www.rwg-bayreuth.de\/home\/wp-content\/uploads\/2024\/12\/24-25-Begabtenfoerderung-B-250x167.jpg 250w, https:\/\/www.rwg-bayreuth.de\/home\/wp-content\/uploads\/2024\/12\/24-25-Begabtenfoerderung-B-900x600.jpg 900w\" sizes=\"(max-width: 1024px) 100vw, 1024px\" \/><\/a> \t\t<\/div><!-- end .entry-thumbnail -->\n<div class=\"meta-main-wrap\">\n  <div class=\"\">\n    <header class=\"entry-header\">\n      <div class=\"entry-cats\">\n        <div class=\"kategorie\"><a href=\"https:\/\/www.rwg-bayreuth.de\/home\/?cat=1\" rel=\"category\">Schulleben<\/a><\/div>\n<div class=\"entry-edit\" >      <div class=\"entry-date\" >\n        <a href=\"https:\/\/www.rwg-bayreuth.de\/home\/?p=37448\">29. November 2024<\/a>\n      <\/div><\/div><!-- end .entry-date -->\n      <\/div><!-- end .entry-cats -->\n<h2 class=\"entry-title\"><a href=\"https:\/\/www.rwg-bayreuth.de\/home\/?p=37448\" rel=\"bookmark\">Latine loquamur! Wir wagen das Experiment<\/a><\/h2>\n    <\/header><!-- end .entry-header -->\n    <div class=\"entry-summary\">\nEnde November fand der erste Kurstag der Begabtenf\u00f6rderung Latein\/Alte Geschichte am RWG statt \u2013 insgesamt 13 Sch\u00fcler\/-innen, mehrheitlich vom RWG sowie zwei externe Teilnehmerinnen aus Bamberg und Pegnitz, kamen einen Vormittag lang im lesenden Klassenzimmer zusammen. Die Altersgruppe der Sch\u00fcler reichte von der 7. bis zur 10.&nbsp;Klasse, was f\u00fcr eine spannende und dynamische Atmosph\u00e4re sorgte.&hellip;\n  <\/div><!-- .entry-summary -->\n  <\/div><!-- .entry-main -->\n<\/div><!-- .meta-main-wrap -->\n<\/article><!-- end post -37448 -->\n<article id=\"post-37026\"class=\"cf post-37026 post type-post status-publish format-standard has-post-thumbnail hentry category-allgemein tag-home tag-latein tag-roemerfahrt\">\n \t\t<div class=\"entry-thumbnail fadein\"> \t\t\t<a href=\"https:\/\/www.rwg-bayreuth.de\/home\/?p=37026\"><img loading=\"lazy\" decoding=\"async\" width=\"1024\" height=\"683\" src=\"https:\/\/www.rwg-bayreuth.de\/home\/wp-content\/uploads\/2024\/11\/23-24-ThementageRoemer-B.jpg\" class=\"attachment-post-thumbnail size-post-thumbnail wp-post-image\" alt=\"\" srcset=\"https:\/\/www.rwg-bayreuth.de\/home\/wp-content\/uploads\/2024\/11\/23-24-ThementageRoemer-B.jpg 1024w, https:\/\/www.rwg-bayreuth.de\/home\/wp-content\/uploads\/2024\/11\/23-24-ThementageRoemer-B-150x100.jpg 150w, https:\/\/www.rwg-bayreuth.de\/home\/wp-content\/uploads\/2024\/11\/23-24-ThementageRoemer-B-450x300.jpg 450w, https:\/\/www.rwg-bayreuth.de\/home\/wp-content\/uploads\/2024\/11\/23-24-ThementageRoemer-B-768x512.jpg 768w, https:\/\/www.rwg-bayreuth.de\/home\/wp-content\/uploads\/2024\/11\/23-24-ThementageRoemer-B-250x167.jpg 250w, https:\/\/www.rwg-bayreuth.de\/home\/wp-content\/uploads\/2024\/11\/23-24-ThementageRoemer-B-900x600.jpg 900w\" sizes=\"(max-width: 1024px) 100vw, 1024px\" \/><\/a> \t\t<\/div><!-- end .entry-thumbnail -->\n<div class=\"meta-main-wrap\">\n  <div class=\"\">\n    <header class=\"entry-header\">\n      <div class=\"entry-cats\">\n        <div class=\"kategorie\"><a href=\"https:\/\/www.rwg-bayreuth.de\/home\/?cat=1\" rel=\"category\">Schulleben<\/a><\/div>\n<div class=\"entry-edit\" >      <div class=\"entry-date\" >\n        <a href=\"https:\/\/www.rwg-bayreuth.de\/home\/?p=37026\">24. Juli 2024<\/a>\n      <\/div><\/div><!-- end .entry-date -->\n      <\/div><!-- end .entry-cats -->\n<h2 class=\"entry-title\"><a href=\"https:\/\/www.rwg-bayreuth.de\/home\/?p=37026\" rel=\"bookmark\">Auf den Spuren der R\u00f6mer im Altm\u00fchltal<\/a><\/h2>\n    <\/header><!-- end .entry-header -->\n    <div class=\"entry-summary\">\nBereits in der 3. Auflage fanden auch am Ende des diesj\u00e4hrigen Schuljahres Thementage f\u00fcr unsere Sechstkl\u00e4ssler\/-innen statt: Jeweils drei vollst\u00e4ndige Schultage waren dabei dem f\u00e4cher\u00fcbergreifenden Projekt gewidmet, das sich mit den Spuren der R\u00f6mer in Bayern befasste \u2013 ein Thema, das also sowohl Teil des Lehrplanes im Fach Geschichte als auch Latein ist: Immerhin erstreckte&hellip;\n  <\/div><!-- .entry-summary -->\n  <\/div><!-- .entry-main -->\n<\/div><!-- .meta-main-wrap -->\n<\/article><!-- end post -37026 -->\n<article id=\"post-37050\"class=\"cf post-37050 post type-post status-publish format-standard has-post-thumbnail hentry category-allgemein tag-begabtenfoerderung tag-home tag-latein\">\n \t\t<div class=\"entry-thumbnail fadein\"> \t\t\t<a href=\"https:\/\/www.rwg-bayreuth.de\/home\/?p=37050\"><img loading=\"lazy\" decoding=\"async\" width=\"1024\" height=\"683\" src=\"https:\/\/www.rwg-bayreuth.de\/home\/wp-content\/uploads\/2024\/11\/23-24-Begabtenfoerderrung-Banz-B.jpg\" class=\"attachment-post-thumbnail size-post-thumbnail wp-post-image\" alt=\"\" srcset=\"https:\/\/www.rwg-bayreuth.de\/home\/wp-content\/uploads\/2024\/11\/23-24-Begabtenfoerderrung-Banz-B.jpg 1024w, https:\/\/www.rwg-bayreuth.de\/home\/wp-content\/uploads\/2024\/11\/23-24-Begabtenfoerderrung-Banz-B-150x100.jpg 150w, https:\/\/www.rwg-bayreuth.de\/home\/wp-content\/uploads\/2024\/11\/23-24-Begabtenfoerderrung-Banz-B-450x300.jpg 450w, https:\/\/www.rwg-bayreuth.de\/home\/wp-content\/uploads\/2024\/11\/23-24-Begabtenfoerderrung-Banz-B-768x512.jpg 768w, https:\/\/www.rwg-bayreuth.de\/home\/wp-content\/uploads\/2024\/11\/23-24-Begabtenfoerderrung-Banz-B-250x167.jpg 250w, https:\/\/www.rwg-bayreuth.de\/home\/wp-content\/uploads\/2024\/11\/23-24-Begabtenfoerderrung-Banz-B-900x600.jpg 900w\" sizes=\"(max-width: 1024px) 100vw, 1024px\" \/><\/a> \t\t<\/div><!-- end .entry-thumbnail -->\n<div class=\"meta-main-wrap\">\n  <div class=\"\">\n    <header class=\"entry-header\">\n      <div class=\"entry-cats\">\n        <div class=\"kategorie\"><a href=\"https:\/\/www.rwg-bayreuth.de\/home\/?cat=1\" rel=\"category\">Schulleben<\/a><\/div>\n<div class=\"entry-edit\" >      <div class=\"entry-date\" >\n        <a href=\"https:\/\/www.rwg-bayreuth.de\/home\/?p=37050\">15. Juli 2024<\/a>\n      <\/div><\/div><!-- end .entry-date -->\n      <\/div><!-- end .entry-cats -->\n<h2 class=\"entry-title\"><a href=\"https:\/\/www.rwg-bayreuth.de\/home\/?p=37050\" rel=\"bookmark\">Tag der Begabtenf\u00f6rderung auf Kloster Banz<\/a><\/h2>\n    <\/header><!-- end .entry-header -->\n    <div class=\"entry-summary\">\nTraditionell Mitte Juli fand auch im zur\u00fcckliegenden Schuljahr 2023\/24 der der allj\u00e4hrliche Tag der Begabtenf\u00f6rderung statt, zu dem mehrere Hundert Sch\u00fcler\/-innen aus den verschiedenen oberfr\u00e4nkischen Begabtenf\u00f6rderungskursen geladen waren \u2013 unter die Teilnehmer\/-innen mischte sich dabei auch eine kleine, aber feine Delegation des RWG! Die f\u00fcnf RWGler\/-innen nutzten den Veranstaltungstag nicht nur, um den eigenen Horizont&hellip;\n  <\/div><!-- .entry-summary -->\n  <\/div><!-- .entry-main -->\n<\/div><!-- .meta-main-wrap -->\n<\/article><!-- end post -37050 -->\n<\/div><!-- end .rwg_post_list -->\n<\/div>\n<h2>Weiterf\u00fchrende Links<\/h2>\n<ul class=\"linkliste\">\n<li class=\"top\"><a href=\"https:\/\/www.lehrplanplus.bayern.de\/schulart\/gymnasium\/fach\/latein\/inhalt\/fachlehrplaene\" target=\"_blank\" rel=\"noopener noreferrer\">LehrplanPLUS<\/a><\/li>\n<li><a href=\"https:\/\/www.isb.bayern.de\/schularten\/gymnasium\/faecher\/latein\/ideen-und-materialien\/\" target=\"_blank\" rel=\"noopener noreferrer\">Ideen und Materialien<\/a><\/li>\n<li><a href=\"https:\/\/www.isb.bayern.de\/schularten\/gymnasium\/faecher\/latein\/linktipps-klasische-sprachen\/\" target=\"_blank\" rel=\"noopener noreferrer\">Linktipps zu den Klassischen Sprachen<\/a><\/li>\n<li><a href=\"https:\/\/www.km.bayern.de\/wettbewerb\/landeswettbewerb-alte-sprachen\" target=\"_blank\" rel=\"noopener noreferrer\">Landeswettbewerb Alte Sprachen<\/a><\/li>\n<li><a href=\"https:\/\/www.bundeswettbewerb-fremdsprachen.de\/\" rel=\"noopener noreferrer\" target=\"_blank\">Bundeswettbewerb Fremdsprachen<\/a><\/li>\n<\/ul>\n<h2>Verwendetes Lehrwerk<\/h2>\n<p>Campus <sup>neu<\/sup>, Ausgabe C, Buchner-Verlag (Jahrg. 6-8)<br \/>\nLesebuch Latein \u2013 Mittelstufe, Buchner-Verlag (Jahrg. 9+10)<br \/>\nverschiedene Lekt\u00fcrehefte zu den jeweiligen Autoren (ab Jahrg. 9)<\/p>\n","protected":false},"excerpt":{"rendered":"<p>Fachschaft Latein, die Sprache der Antike und bis weit in die Neuzeit hinein auch die Sprache der Kunst, Kultur und Wissenschaft, hat auch in der heutigen Zeit nichts von ihrer Bedeutung im Bildungswesen verloren. Zehn Gr\u00fcnde, warum man Latein lernen sollte Latein als \u201eMuttersprache\u201c Europas ist die beste Basis f\u00fcr moderne Fremdsprachen. Die Wurzeln unserer&hellip;<\/p>\n","protected":false},"author":2,"featured_media":0,"parent":11137,"menu_order":4,"comment_status":"closed","ping_status":"closed","template":"page-templates\/no-sidebar.php","meta":{"footnotes":""},"tags":[54],"_links":{"self":[{"href":"https:\/\/www.rwg-bayreuth.de\/home\/index.php?rest_route=\/wp\/v2\/pages\/1931"}],"collection":[{"href":"https:\/\/www.rwg-bayreuth.de\/home\/index.php?rest_route=\/wp\/v2\/pages"}],"about":[{"href":"https:\/\/www.rwg-bayreuth.de\/home\/index.php?rest_route=\/wp\/v2\/types\/page"}],"author":[{"embeddable":true,"href":"https:\/\/www.rwg-bayreuth.de\/home\/index.php?rest_route=\/wp\/v2\/users\/2"}],"replies":[{"embeddable":true,"href":"https:\/\/www.rwg-bayreuth.de\/home\/index.php?rest_route=%2Fwp%2Fv2%2Fcomments&post=1931"}],"version-history":[{"count":68,"href":"https:\/\/www.rwg-bayreuth.de\/home\/index.php?rest_route=\/wp\/v2\/pages\/1931\/revisions"}],"predecessor-version":[{"id":37145,"href":"https:\/\/www.rwg-bayreuth.de\/home\/index.php?rest_route=\/wp\/v2\/pages\/1931\/revisions\/37145"}],"up":[{"embeddable":true,"href":"https:\/\/www.rwg-bayreuth.de\/home\/index.php?rest_route=\/wp\/v2\/pages\/11137"}],"wp:attachment":[{"href":"https:\/\/www.rwg-bayreuth.de\/home\/index.php?rest_route=%2Fwp%2Fv2%2Fmedia&parent=1931"}],"wp:term":[{"taxonomy":"post_tag","embeddable":true,"href":"https:\/\/www.rwg-bayreuth.de\/home\/index.php?rest_route=%2Fwp%2Fv2%2Ftags&post=1931"}],"curies":[{"name":"wp","href":"https:\/\/api.w.org\/{rel}","templated":true}]}}