{"id":18259,"date":"2018-01-13T16:36:48","date_gmt":"2018-01-13T15:36:48","guid":{"rendered":"http:\/\/www.rwg-bayreuth.de\/home\/?p=18259"},"modified":"2026-01-03T14:45:50","modified_gmt":"2026-01-03T13:45:50","slug":"aktionstag-des-rwg-2018","status":"publish","type":"page","link":"https:\/\/www.rwg-bayreuth.de\/home\/?page_id=18259","title":{"rendered":"Aktionstag des RWG: Anmeldeformular"},"content":{"rendered":"<p><!--Am <strong>1. Februar 2024<\/strong> veranstaltet das Richard-Wagner-Gymnasium wieder seinen Aktionstag f\u00fcr Grundsch\u00fclerinnen und Grundsch\u00fcler der vierten Klassen. Unter dem Motto \"Entdecke, was in dir steckt!\" k\u00f6nnen die Kinder ihre individuellen F\u00e4higkeiten und Interessen erkunden. Dazu haben wir wieder Workshops zu unseren <a href=\"https:\/\/www.rwg-bayreuth.de\/home\/?page_id=29773\">f\u00fcnf Profilf\u00e4chern<\/a> vorbereitet. Wir danken f\u00fcr Ihren Besuch!\n\n-->Wir freuen uns \u00fcber Ihr Interesse an unserem Aktionstag am <strong>29. Januar 2026.<\/strong><\/p>\n<p>Der Aktionstag startet f\u00fcr alle Kinder um 15:00\u00a0Uhr im Pausenhof mit der Einteilung in die Workshops und endet dort wieder um 17:00\u00a0Uhr. Sie, liebe Eltern, k\u00f6nnen in dieser Zeit gerne Kaffee und Kuchen in unserer Mensa genie\u00dfen und offene Fragen mit Lehrkr\u00e4ften besprechen. Ihre Kinder sind in guten H\u00e4nden.<\/p>\n<p><!-- \n\n***   Anzeige, wenn Anmeldebeginn bekannt - Datum: Anmeldebeginn   *** \n  \n-->\n\n<p><!--       DATUM in Formular AKTUALISIEREN  !!!!!!!!\n\n***   Anzeige, w\u00e4hrend Anmeldezeitraum - Datum: Anmeldebeginn | Aktionstag  ***   \n\n-->\n\n<p><!-- \n\n***   Anzeige, vor Aktionstag, wenn alles ausgebucht - Datum: Aktionstag  ***   \n\n-->\n\n<p><!-- \n\n***   Anzeige, nach Aktionstag - Datum: Aktionstag  ***   \n\n-->\n<p>Derzeit ist keine Anmeldung m\u00f6glich. Rechtzeitig vor unserem n\u00e4chsten Aktionstag finden Sie hier das Anmeldeformular.<\/p>\n\n\n<p>&nbsp;<\/p>\n<div style=\"text-align: center; margin: 0px 0px 24px 0px; box-shadow: none \">\r\n<a class=\"RWGbutton-blau\" href=\"https:\/\/www.rwg-bayreuth.de\/home\/?page_id=29525#Aktionstag\" target=\"_self\" rel=\u201dnoopener noreferrer\u201d style=\"display:block; width: auto; max-width: 100%; padding:5px 20px; text-align: center; \">\n<h3>zur\u00fcck zu den allgemeinen Infos zum Aktionstag<\/h3>\n<\/a><\/div>\n","protected":false},"excerpt":{"rendered":"<p>Wir freuen uns \u00fcber Ihr Interesse an unserem Aktionstag am . Der Aktionstag startet f\u00fcr alle Kinder um 15:00\u00a0Uhr im Pausenhof mit der Einteilung in die Workshops und endet dort wieder um 17:00\u00a0Uhr. Sie, liebe Eltern, k\u00f6nnen in dieser Zeit gerne Kaffee und Kuchen in unserer Mensa genie\u00dfen und offene Fragen mit Lehrkr\u00e4ften besprechen. Ihre&hellip;<\/p>\n","protected":false},"author":1,"featured_media":0,"parent":0,"menu_order":0,"comment_status":"closed","ping_status":"closed","template":"page-templates\/no-sidebar.php","meta":{"footnotes":""},"tags":[],"_links":{"self":[{"href":"https:\/\/www.rwg-bayreuth.de\/home\/index.php?rest_route=\/wp\/v2\/pages\/18259"}],"collection":[{"href":"https:\/\/www.rwg-bayreuth.de\/home\/index.php?rest_route=\/wp\/v2\/pages"}],"about":[{"href":"https:\/\/www.rwg-bayreuth.de\/home\/index.php?rest_route=\/wp\/v2\/types\/page"}],"author":[{"embeddable":true,"href":"https:\/\/www.rwg-bayreuth.de\/home\/index.php?rest_route=\/wp\/v2\/users\/1"}],"replies":[{"embeddable":true,"href":"https:\/\/www.rwg-bayreuth.de\/home\/index.php?rest_route=%2Fwp%2Fv2%2Fcomments&post=18259"}],"version-history":[{"count":71,"href":"https:\/\/www.rwg-bayreuth.de\/home\/index.php?rest_route=\/wp\/v2\/pages\/18259\/revisions"}],"predecessor-version":[{"id":40447,"href":"https:\/\/www.rwg-bayreuth.de\/home\/index.php?rest_route=\/wp\/v2\/pages\/18259\/revisions\/40447"}],"wp:attachment":[{"href":"https:\/\/www.rwg-bayreuth.de\/home\/index.php?rest_route=%2Fwp%2Fv2%2Fmedia&parent=18259"}],"wp:term":[{"taxonomy":"post_tag","embeddable":true,"href":"https:\/\/www.rwg-bayreuth.de\/home\/index.php?rest_route=%2Fwp%2Fv2%2Ftags&post=18259"}],"curies":[{"name":"wp","href":"https:\/\/api.w.org\/{rel}","templated":true}]}}