{"id":17731,"date":"2017-10-16T15:41:17","date_gmt":"2017-10-16T13:41:17","guid":{"rendered":"http:\/\/www.rwg-bayreuth.de\/home\/?page_id=17731"},"modified":"2022-02-17T11:10:20","modified_gmt":"2022-02-17T10:10:20","slug":"berichte-zu-den-veranstaltungen-unseres-schuljubilaeums","status":"publish","type":"page","link":"https:\/\/www.rwg-bayreuth.de\/home\/?page_id=17731","title":{"rendered":"Alle Berichte zu den Veran&shy;staltungen unseres Schuljubil\u00e4ums"},"content":{"rendered":"<div class=\"rwg_post_list\"><article id=\"post-17999\"class=\"cf post-17999 post type-post status-publish format-standard has-post-thumbnail hentry category-allgemein tag-diakonie tag-home tag-jubilaeum\">\n \t\t<div class=\"entry-thumbnail fadein\"> \t\t\t<a href=\"https:\/\/www.rwg-bayreuth.de\/home\/?p=17999\"><img loading=\"lazy\" decoding=\"async\" width=\"1024\" height=\"513\" src=\"https:\/\/www.rwg-bayreuth.de\/home\/wp-content\/uploads\/2017\/11\/17-18-Spenden\u00fcbergabe-1024.jpg\" class=\"attachment-post-thumbnail size-post-thumbnail wp-post-image\" alt=\"\" srcset=\"https:\/\/www.rwg-bayreuth.de\/home\/wp-content\/uploads\/2017\/11\/17-18-Spenden\u00fcbergabe-1024.jpg 1024w, https:\/\/www.rwg-bayreuth.de\/home\/wp-content\/uploads\/2017\/11\/17-18-Spenden\u00fcbergabe-1024-450x225.jpg 450w, https:\/\/www.rwg-bayreuth.de\/home\/wp-content\/uploads\/2017\/11\/17-18-Spenden\u00fcbergabe-1024-768x385.jpg 768w, https:\/\/www.rwg-bayreuth.de\/home\/wp-content\/uploads\/2017\/11\/17-18-Spenden\u00fcbergabe-1024-250x125.jpg 250w\" sizes=\"(max-width: 1024px) 100vw, 1024px\" \/><\/a> \t\t<\/div><!-- end .entry-thumbnail -->\n<div class=\"meta-main-wrap\">\n  <div class=\"\">\n    <header class=\"entry-header\">\n      <div class=\"entry-cats\">\n        <div class=\"kategorie\"><a href=\"https:\/\/www.rwg-bayreuth.de\/home\/?cat=1\" rel=\"category\">Schulleben<\/a><\/div>\n<div class=\"entry-edit\" >      <div class=\"entry-date\" >\n        <a href=\"https:\/\/www.rwg-bayreuth.de\/home\/?p=17999\">16. November 2017<\/a>\n      <\/div><\/div><!-- end .entry-date -->\n      <\/div><!-- end .entry-cats -->\n<h2 class=\"entry-title\"><a href=\"https:\/\/www.rwg-bayreuth.de\/home\/?p=17999\" rel=\"bookmark\">Spenden f\u00fcr Afrika in Rekordh\u00f6he<\/a><\/h2>\n    <\/header><!-- end .entry-header -->\n    <div class=\"entry-summary\">\nSchier unglaubliche 13.376 Euro umfasst der Spendenbetrag, der bei den verschiedenen Veranstaltungen zum 150. Jubil\u00e4um unserer Schule zusammenkam. Mit dem Geld soll das Pangani Lutheran Children\u2019s Centre (PLCC) in Nairobi unterst\u00fctzt werden. Schulleiterin Ursula Graf zeigte sich bei der \u00dcbergabe eines symbolischen Schecks hoch erfreut \u00fcber die Spendenbereitschaft und stellte heraus, dass der L\u00f6wenanteil auf&hellip;\n  <\/div><!-- .entry-summary -->\n  <\/div><!-- .entry-main -->\n<\/div><!-- .meta-main-wrap -->\n<\/article><!-- end post -17999 -->\n<article id=\"post-17943\"class=\"cf post-17943 post type-post status-publish format-standard has-post-thumbnail hentry category-allgemein tag-home tag-jubilaeum\">\n \t\t<div class=\"entry-thumbnail fadein\"> \t\t\t<a href=\"https:\/\/www.rwg-bayreuth.de\/home\/?p=17943\"><img loading=\"lazy\" decoding=\"async\" width=\"1024\" height=\"648\" src=\"https:\/\/www.rwg-bayreuth.de\/home\/wp-content\/uploads\/2017\/10\/17-18-Jubil-Sport-start-1024jpg.jpg\" class=\"attachment-post-thumbnail size-post-thumbnail wp-post-image\" alt=\"\" srcset=\"https:\/\/www.rwg-bayreuth.de\/home\/wp-content\/uploads\/2017\/10\/17-18-Jubil-Sport-start-1024jpg.jpg 1024w, https:\/\/www.rwg-bayreuth.de\/home\/wp-content\/uploads\/2017\/10\/17-18-Jubil-Sport-start-1024jpg-450x285.jpg 450w, https:\/\/www.rwg-bayreuth.de\/home\/wp-content\/uploads\/2017\/10\/17-18-Jubil-Sport-start-1024jpg-768x486.jpg 768w, https:\/\/www.rwg-bayreuth.de\/home\/wp-content\/uploads\/2017\/10\/17-18-Jubil-Sport-start-1024jpg-250x158.jpg 250w\" sizes=\"(max-width: 1024px) 100vw, 1024px\" \/><\/a> \t\t<\/div><!-- end .entry-thumbnail -->\n<div class=\"meta-main-wrap\">\n  <div class=\"\">\n    <header class=\"entry-header\">\n      <div class=\"entry-cats\">\n        <div class=\"kategorie\"><a href=\"https:\/\/www.rwg-bayreuth.de\/home\/?cat=1\" rel=\"category\">Schulleben<\/a><\/div>\n<div class=\"entry-edit\" >      <div class=\"entry-date\" >\n        <a href=\"https:\/\/www.rwg-bayreuth.de\/home\/?p=17943\">30. Oktober 2017<\/a>\n      <\/div><\/div><!-- end .entry-date -->\n      <\/div><!-- end .entry-cats -->\n<h2 class=\"entry-title\"><a href=\"https:\/\/www.rwg-bayreuth.de\/home\/?p=17943\" rel=\"bookmark\">Eine Zeitreise durch den Sport<\/a><\/h2>\n    <\/header><!-- end .entry-header -->\n    <div class=\"entry-summary\">\nMit einem \u00e4u\u00dferst abwechslungsreichen und kurzweiligen Programm begeisterte die Fachschaft Sport das Publikum beim Festakt zum 150-j\u00e4hrigenSchuljubil\u00e4um. Orientiert an historischen Fotografien des Sportunterrichts am RWG vergangener Tage, wurde eine Gesamtchoreografie erstellt, in der je eine altert\u00fcmliche Version der jeweiligen Sportart einer modernen Version des Sporttreibens gegen\u00fcbergestellt wurde. Diese historischen Bilder wurden auf einer Leinwand im&hellip;\n  <\/div><!-- .entry-summary -->\n  <\/div><!-- .entry-main -->\n<\/div><!-- .meta-main-wrap -->\n<\/article><!-- end post -17943 -->\n<article id=\"post-17891\"class=\"cf post-17891 post type-post status-publish format-standard has-post-thumbnail hentry category-allgemein tag-geschichte tag-home tag-jubilaeum\">\n \t\t<div class=\"entry-thumbnail fadein\"> \t\t\t<a href=\"https:\/\/www.rwg-bayreuth.de\/home\/?p=17891\"><img loading=\"lazy\" decoding=\"async\" width=\"280\" height=\"210\" src=\"https:\/\/www.rwg-bayreuth.de\/home\/wp-content\/uploads\/2017\/10\/17-18-Festschrift-Bild-280.jpg\" class=\"attachment-post-thumbnail size-post-thumbnail wp-post-image\" alt=\"\" srcset=\"https:\/\/www.rwg-bayreuth.de\/home\/wp-content\/uploads\/2017\/10\/17-18-Festschrift-Bild-280.jpg 280w, https:\/\/www.rwg-bayreuth.de\/home\/wp-content\/uploads\/2017\/10\/17-18-Festschrift-Bild-280-250x188.jpg 250w\" sizes=\"(max-width: 280px) 100vw, 280px\" \/><\/a> \t\t<\/div><!-- end .entry-thumbnail -->\n<div class=\"meta-main-wrap\">\n  <div class=\"\">\n    <header class=\"entry-header\">\n      <div class=\"entry-cats\">\n        <div class=\"kategorie\"><a href=\"https:\/\/www.rwg-bayreuth.de\/home\/?cat=1\" rel=\"category\">Schulleben<\/a><\/div>\n<div class=\"entry-edit\" >      <div class=\"entry-date\" >\n        <a href=\"https:\/\/www.rwg-bayreuth.de\/home\/?p=17891\">24. Oktober 2017<\/a>\n      <\/div><\/div><!-- end .entry-date -->\n      <\/div><!-- end .entry-cats -->\n<h2 class=\"entry-title\"><a href=\"https:\/\/www.rwg-bayreuth.de\/home\/?p=17891\" rel=\"bookmark\">Schulgeschichte als Schulgeschichten<\/a><\/h2>\n    <\/header><!-- end .entry-header -->\n    <div class=\"entry-summary\">\nViel gelobt wurde die bei den Feierlichkeiten zum 150-j\u00e4hrigen Schuljubil\u00e4um die Festschrift unserer Schule. Auf \u00fcber 300 Seiten setzt sie sich mit der Schulgeschichte auseinander. Sie tut dies jedoch nicht in trockener Form mit Zitaten und Fu\u00dfnoten, sondern auf lockere und unterhaltsame Weise. Die Schulgeschichte wird mit Schulgeschichten pr\u00e4sentiert. So erf\u00e4hrt der neugierige Leser etwas&hellip;\n  <\/div><!-- .entry-summary -->\n  <\/div><!-- .entry-main -->\n<\/div><!-- .meta-main-wrap -->\n<\/article><!-- end post -17891 -->\n<article id=\"post-17864\"class=\"cf post-17864 post type-post status-publish format-standard has-post-thumbnail hentry category-allgemein tag-home tag-italienisch tag-jubilaeum\">\n \t\t<div class=\"entry-thumbnail fadein\"> \t\t\t<a href=\"https:\/\/www.rwg-bayreuth.de\/home\/?p=17864\"><img loading=\"lazy\" decoding=\"async\" width=\"1024\" height=\"707\" src=\"https:\/\/www.rwg-bayreuth.de\/home\/wp-content\/uploads\/2017\/10\/17-18-ToT\u00fcr-Modenschau8-1024.jpg\" class=\"attachment-post-thumbnail size-post-thumbnail wp-post-image\" alt=\"\" srcset=\"https:\/\/www.rwg-bayreuth.de\/home\/wp-content\/uploads\/2017\/10\/17-18-ToT\u00fcr-Modenschau8-1024.jpg 1024w, https:\/\/www.rwg-bayreuth.de\/home\/wp-content\/uploads\/2017\/10\/17-18-ToT\u00fcr-Modenschau8-1024-450x311.jpg 450w, https:\/\/www.rwg-bayreuth.de\/home\/wp-content\/uploads\/2017\/10\/17-18-ToT\u00fcr-Modenschau8-1024-768x530.jpg 768w, https:\/\/www.rwg-bayreuth.de\/home\/wp-content\/uploads\/2017\/10\/17-18-ToT\u00fcr-Modenschau8-1024-250x173.jpg 250w\" sizes=\"(max-width: 1024px) 100vw, 1024px\" \/><\/a> \t\t<\/div><!-- end .entry-thumbnail -->\n<div class=\"meta-main-wrap\">\n  <div class=\"\">\n    <header class=\"entry-header\">\n      <div class=\"entry-cats\">\n        <div class=\"kategorie\"><a href=\"https:\/\/www.rwg-bayreuth.de\/home\/?cat=1\" rel=\"category\">Schulleben<\/a><\/div>\n<div class=\"entry-edit\" >      <div class=\"entry-date\" >\n        <a href=\"https:\/\/www.rwg-bayreuth.de\/home\/?p=17864\">21. Oktober 2017<\/a>\n      <\/div><\/div><!-- end .entry-date -->\n      <\/div><!-- end .entry-cats -->\n<h2 class=\"entry-title\"><a href=\"https:\/\/www.rwg-bayreuth.de\/home\/?p=17864\" rel=\"bookmark\">Modenschau aus Bella Italia<\/a><\/h2>\n    <\/header><!-- end .entry-header -->\n    <div class=\"entry-summary\">\nUnter dem rei\u00dferischen Titel \u201esfilata di moda 2017\u201c stellte die Fachschaft Italienisch anl\u00e4sslich des 150-j\u00e4hrigen Jubil\u00e4ums unserer Schule unter Leitung von Frau Klamt eine Modenschau auf die Beine. Das Ziel dieses modischen R\u00fcckblicks auf die letzten Jahrzehnte (50er bis 90er Jahre) war zum einen den Anwesenden einen Einblick in damals vorherrschenden Modetrends zu geben, zum&hellip;\n  <\/div><!-- .entry-summary -->\n  <\/div><!-- .entry-main -->\n<\/div><!-- .meta-main-wrap -->\n<\/article><!-- end post -17864 -->\n<article id=\"post-17816\"class=\"cf post-17816 post type-post status-publish format-standard has-post-thumbnail hentry category-allgemein tag-home tag-jubilaeum\">\n \t\t<div class=\"entry-thumbnail fadein\"> \t\t\t<a href=\"https:\/\/www.rwg-bayreuth.de\/home\/?p=17816\"><img loading=\"lazy\" decoding=\"async\" width=\"450\" height=\"333\" src=\"https:\/\/www.rwg-bayreuth.de\/home\/wp-content\/uploads\/2017\/10\/005-Graf-Begr-450.jpg\" class=\"attachment-post-thumbnail size-post-thumbnail wp-post-image\" alt=\"\" srcset=\"https:\/\/www.rwg-bayreuth.de\/home\/wp-content\/uploads\/2017\/10\/005-Graf-Begr-450.jpg 450w, https:\/\/www.rwg-bayreuth.de\/home\/wp-content\/uploads\/2017\/10\/005-Graf-Begr-450-250x185.jpg 250w\" sizes=\"(max-width: 450px) 100vw, 450px\" \/><\/a> \t\t<\/div><!-- end .entry-thumbnail -->\n<div class=\"meta-main-wrap\">\n  <div class=\"\">\n    <header class=\"entry-header\">\n      <div class=\"entry-cats\">\n        <div class=\"kategorie\"><a href=\"https:\/\/www.rwg-bayreuth.de\/home\/?cat=1\" rel=\"category\">Schulleben<\/a><\/div>\n<div class=\"entry-edit\" >      <div class=\"entry-date\" >\n        <a href=\"https:\/\/www.rwg-bayreuth.de\/home\/?p=17816\">18. Oktober 2017<\/a>\n      <\/div><\/div><!-- end .entry-date -->\n      <\/div><!-- end .entry-cats -->\n<h2 class=\"entry-title\"><a href=\"https:\/\/www.rwg-bayreuth.de\/home\/?p=17816\" rel=\"bookmark\">Die Wiedersehensfreude war gro\u00df<\/a><\/h2>\n    <\/header><!-- end .entry-header -->\n    <div class=\"entry-summary\">\nEin freudiges Wiedersehen konnten die ehemaligen Sch\u00fclerinnen und Sch\u00fcler bei den Feierlichkeiten zu unserem 150-j\u00e4hrigen Schuljubil\u00e4um erleben. Gut 1000 m\u00f6gen es gewesen sein, die am 14.&nbsp;Oktober, auf den Tag genau am 150-j\u00e4hrigen Gr\u00fcndungsjubil\u00e4um wieder ans RWG gekommen waren, um sich wieder einmal zu sehen, zu plaudern und Erinnerungen auszutauschen. Schon bei der Begr\u00fc\u00dfung und auch&hellip;\n  <\/div><!-- .entry-summary -->\n  <\/div><!-- .entry-main -->\n<\/div><!-- .meta-main-wrap -->\n<\/article><!-- end post -17816 -->\n<article id=\"post-17767\"class=\"cf post-17767 post type-post status-publish format-standard has-post-thumbnail hentry category-allgemein tag-home tag-jubilaeum\">\n \t\t<div class=\"entry-thumbnail fadein\"> \t\t\t<a href=\"https:\/\/www.rwg-bayreuth.de\/home\/?p=17767\"><img loading=\"lazy\" decoding=\"async\" width=\"450\" height=\"328\" src=\"https:\/\/www.rwg-bayreuth.de\/home\/wp-content\/uploads\/2017\/10\/010-Pr\u00e4bst-quer-450.jpg\" class=\"attachment-post-thumbnail size-post-thumbnail wp-post-image\" alt=\"\" srcset=\"https:\/\/www.rwg-bayreuth.de\/home\/wp-content\/uploads\/2017\/10\/010-Pr\u00e4bst-quer-450.jpg 450w, https:\/\/www.rwg-bayreuth.de\/home\/wp-content\/uploads\/2017\/10\/010-Pr\u00e4bst-quer-450-250x182.jpg 250w\" sizes=\"(max-width: 450px) 100vw, 450px\" \/><\/a> \t\t<\/div><!-- end .entry-thumbnail -->\n<div class=\"meta-main-wrap\">\n  <div class=\"\">\n    <header class=\"entry-header\">\n      <div class=\"entry-cats\">\n        <div class=\"kategorie\"><a href=\"https:\/\/www.rwg-bayreuth.de\/home\/?cat=1\" rel=\"category\">Schulleben<\/a><\/div>\n<div class=\"entry-edit\" >      <div class=\"entry-date\" >\n        <a href=\"https:\/\/www.rwg-bayreuth.de\/home\/?p=17767\">16. Oktober 2017<\/a>\n      <\/div><\/div><!-- end .entry-date -->\n      <\/div><!-- end .entry-cats -->\n<h2 class=\"entry-title\"><a href=\"https:\/\/www.rwg-bayreuth.de\/home\/?p=17767\" rel=\"bookmark\">Ein Hoch auf unsere Schule<\/a><\/h2>\n    <\/header><!-- end .entry-header -->\n    <div class=\"entry-summary\">\nMit einem imposanten und zugleich stimmungsvollen Festakt in der Oberfrankenhalle feierte das RWG seinen 150-j\u00e4hrigen Geburtstag. \u00dcber 2000 G\u00e4ste hatten sich versammelt, um auf den Tag, ja sogar die Stunde genau, an die Gr\u00fcndung der Schule vor 150 Jahren, am 14. Oktober 1867 um 10 Uhr, zu erinnern. 48 Sch\u00fclerinnen in zwei Klassen begannen zu&hellip;\n  <\/div><!-- .entry-summary -->\n  <\/div><!-- .entry-main -->\n<\/div><!-- .meta-main-wrap -->\n<\/article><!-- end post -17767 -->\n<article id=\"post-17740\"class=\"cf post-17740 post type-post status-publish format-standard has-post-thumbnail hentry category-allgemein tag-home tag-jubilaeum tag-p-seminar tag-wr\">\n \t\t<div class=\"entry-thumbnail fadein\"> \t\t\t<a href=\"https:\/\/www.rwg-bayreuth.de\/home\/?p=17740\"><img loading=\"lazy\" decoding=\"async\" width=\"1024\" height=\"683\" src=\"https:\/\/www.rwg-bayreuth.de\/home\/wp-content\/uploads\/2017\/10\/000-Publikum-2-1024.jpg\" class=\"attachment-post-thumbnail size-post-thumbnail wp-post-image\" alt=\"\" srcset=\"https:\/\/www.rwg-bayreuth.de\/home\/wp-content\/uploads\/2017\/10\/000-Publikum-2-1024.jpg 1024w, https:\/\/www.rwg-bayreuth.de\/home\/wp-content\/uploads\/2017\/10\/000-Publikum-2-1024-450x300.jpg 450w, https:\/\/www.rwg-bayreuth.de\/home\/wp-content\/uploads\/2017\/10\/000-Publikum-2-1024-768x512.jpg 768w, https:\/\/www.rwg-bayreuth.de\/home\/wp-content\/uploads\/2017\/10\/000-Publikum-2-1024-250x167.jpg 250w\" sizes=\"(max-width: 1024px) 100vw, 1024px\" \/><\/a> \t\t<\/div><!-- end .entry-thumbnail -->\n<div class=\"meta-main-wrap\">\n  <div class=\"\">\n    <header class=\"entry-header\">\n      <div class=\"entry-cats\">\n        <div class=\"kategorie\"><a href=\"https:\/\/www.rwg-bayreuth.de\/home\/?cat=1\" rel=\"category\">Schulleben<\/a><\/div>\n<div class=\"entry-edit\" >      <div class=\"entry-date\" >\n        <a href=\"https:\/\/www.rwg-bayreuth.de\/home\/?p=17740\">16. Oktober 2017<\/a>\n      <\/div><\/div><!-- end .entry-date -->\n      <\/div><!-- end .entry-cats -->\n<h2 class=\"entry-title\"><a href=\"https:\/\/www.rwg-bayreuth.de\/home\/?p=17740\" rel=\"bookmark\">Eine gigantische Geburtstagsshow<\/a><\/h2>\n    <\/header><!-- end .entry-header -->\n    <div class=\"entry-summary\">\n\u00c4u\u00dferst gelungen und sehr facettenreich pr\u00e4sentierte sich unsere Schule w\u00e4hrend des rund zweieinhalbst\u00fcndigen Festaktes in der Oberfrankenhalle. Umsetzbar war dies allerdings nur durch eine Vielzahl von Mitwirkenden, Organisatoren, Akteuren und Technikern auf und neben der B\u00fchne und nat\u00fcrlich durch all die Kollegen, die diese Gruppen leiteten. Ihnen allen sei an dieser Stelle herzlich gedankt f\u00fcr&hellip;\n  <\/div><!-- .entry-summary -->\n  <\/div><!-- .entry-main -->\n<\/div><!-- .meta-main-wrap -->\n<\/article><!-- end post -17740 -->\n<article id=\"post-17689\"class=\"cf post-17689 post type-post status-publish format-standard has-post-thumbnail hentry category-allgemein tag-home tag-jubilaeum\">\n \t\t<div class=\"entry-thumbnail fadein\"> \t\t\t<a href=\"https:\/\/www.rwg-bayreuth.de\/home\/?p=17689\"><img loading=\"lazy\" decoding=\"async\" width=\"1024\" height=\"597\" src=\"https:\/\/www.rwg-bayreuth.de\/home\/wp-content\/uploads\/2017\/10\/17-18-Jubil-ToT\u00fcr-Modenschau2-1024.jpg\" class=\"attachment-post-thumbnail size-post-thumbnail wp-post-image\" alt=\"\" srcset=\"https:\/\/www.rwg-bayreuth.de\/home\/wp-content\/uploads\/2017\/10\/17-18-Jubil-ToT\u00fcr-Modenschau2-1024.jpg 1024w, https:\/\/www.rwg-bayreuth.de\/home\/wp-content\/uploads\/2017\/10\/17-18-Jubil-ToT\u00fcr-Modenschau2-1024-450x262.jpg 450w, https:\/\/www.rwg-bayreuth.de\/home\/wp-content\/uploads\/2017\/10\/17-18-Jubil-ToT\u00fcr-Modenschau2-1024-768x448.jpg 768w, https:\/\/www.rwg-bayreuth.de\/home\/wp-content\/uploads\/2017\/10\/17-18-Jubil-ToT\u00fcr-Modenschau2-1024-250x146.jpg 250w\" sizes=\"(max-width: 1024px) 100vw, 1024px\" \/><\/a> \t\t<\/div><!-- end .entry-thumbnail -->\n<div class=\"meta-main-wrap\">\n  <div class=\"\">\n    <header class=\"entry-header\">\n      <div class=\"entry-cats\">\n        <div class=\"kategorie\"><a href=\"https:\/\/www.rwg-bayreuth.de\/home\/?cat=1\" rel=\"category\">Schulleben<\/a><\/div>\n<div class=\"entry-edit\" >      <div class=\"entry-date\" >\n        <a href=\"https:\/\/www.rwg-bayreuth.de\/home\/?p=17689\">15. Oktober 2017<\/a>\n      <\/div><\/div><!-- end .entry-date -->\n      <\/div><!-- end .entry-cats -->\n<h2 class=\"entry-title\"><a href=\"https:\/\/www.rwg-bayreuth.de\/home\/?p=17689\" rel=\"bookmark\">Ein fr\u00f6hliches Jubil\u00e4umsschulfest mit tollem Programm<\/a><\/h2>\n    <\/header><!-- end .entry-header -->\n    <div class=\"entry-summary\">\nMit einem bunten, fr\u00f6hlichen Schulfest anl\u00e4sslich des 150-j\u00e4hrigen Schuljubil\u00e4ums erfreute unserer Schule alle Besucher. Im ganzen Haus gab es etwas zu sehen, zu erkunden oder auszuprobieren, sodass sich zu keinem Zeitpunkt Langeweile einstellte. In Gegenteil &#8211; f\u00fcr Jung und Alt hatten die Sch\u00fcler und ihre Lehrer interessante Aktionen vorbereitet und pr\u00e4sentierten sie freudig und mit&hellip;\n  <\/div><!-- .entry-summary -->\n  <\/div><!-- .entry-main -->\n<\/div><!-- .meta-main-wrap -->\n<\/article><!-- end post -17689 -->\n<article id=\"post-17670\"class=\"cf post-17670 post type-post status-publish format-standard has-post-thumbnail hentry category-allgemein tag-home tag-jubilaeum tag-relievangelisch tag-relikatholisch\">\n \t\t<div class=\"entry-thumbnail fadein\"> \t\t\t<a href=\"https:\/\/www.rwg-bayreuth.de\/home\/?p=17670\"><img loading=\"lazy\" decoding=\"async\" width=\"1024\" height=\"501\" src=\"https:\/\/www.rwg-bayreuth.de\/home\/wp-content\/uploads\/2017\/10\/17-18-Festgott-pano-1024.jpg\" class=\"attachment-post-thumbnail size-post-thumbnail wp-post-image\" alt=\"\" srcset=\"https:\/\/www.rwg-bayreuth.de\/home\/wp-content\/uploads\/2017\/10\/17-18-Festgott-pano-1024.jpg 1024w, https:\/\/www.rwg-bayreuth.de\/home\/wp-content\/uploads\/2017\/10\/17-18-Festgott-pano-1024-450x220.jpg 450w, https:\/\/www.rwg-bayreuth.de\/home\/wp-content\/uploads\/2017\/10\/17-18-Festgott-pano-1024-768x376.jpg 768w, https:\/\/www.rwg-bayreuth.de\/home\/wp-content\/uploads\/2017\/10\/17-18-Festgott-pano-1024-250x122.jpg 250w\" sizes=\"(max-width: 1024px) 100vw, 1024px\" \/><\/a> \t\t<\/div><!-- end .entry-thumbnail -->\n<div class=\"meta-main-wrap\">\n  <div class=\"\">\n    <header class=\"entry-header\">\n      <div class=\"entry-cats\">\n        <div class=\"kategorie\"><a href=\"https:\/\/www.rwg-bayreuth.de\/home\/?cat=1\" rel=\"category\">Schulleben<\/a><\/div>\n<div class=\"entry-edit\" >      <div class=\"entry-date\" >\n        <a href=\"https:\/\/www.rwg-bayreuth.de\/home\/?p=17670\">13. Oktober 2017<\/a>\n      <\/div><\/div><!-- end .entry-date -->\n      <\/div><!-- end .entry-cats -->\n<h2 class=\"entry-title\"><a href=\"https:\/\/www.rwg-bayreuth.de\/home\/?p=17670\" rel=\"bookmark\">&#8222;Erschallet, Trompeten&#8230;&#8220;<\/a><\/h2>\n    <\/header><!-- end .entry-header -->\n    <div class=\"entry-summary\">\nMit einem festlichen Gottesdienst in der Stadtkirche er\u00f6ffnete das Richard-Wagner-Gymnasium die Feierlichkeiten zum 150-j\u00e4hrigen Schuljubil\u00e4um. Es war sch\u00f6n zu sehen, dass sich unter den G\u00e4sten im altehrw\u00fcrdigen Gotteshaus, das aufgrund der r\u00e4umlichen N\u00e4he zum RWG irgendwie ein st\u00fcckweit unsere Schule ist, auch viele Ehemalige befanden. Alt und Jung bildeten so eine festliche Gemeinde. Sie wurden&hellip;\n  <\/div><!-- .entry-summary -->\n  <\/div><!-- .entry-main -->\n<\/div><!-- .meta-main-wrap -->\n<\/article><!-- end post -17670 -->\n<article id=\"post-17650\"class=\"cf post-17650 post type-post status-publish format-standard has-post-thumbnail hentry category-allgemein tag-deutsch tag-home tag-jubilaeum\">\n \t\t<div class=\"entry-thumbnail fadein\"> \t\t\t<a href=\"https:\/\/www.rwg-bayreuth.de\/home\/?p=17650\"><img loading=\"lazy\" decoding=\"async\" width=\"1024\" height=\"692\" src=\"https:\/\/www.rwg-bayreuth.de\/home\/wp-content\/uploads\/2017\/10\/17-18-D-Ausst-Er\u00f6ffn-1024.jpg\" class=\"attachment-post-thumbnail size-post-thumbnail wp-post-image\" alt=\"\" srcset=\"https:\/\/www.rwg-bayreuth.de\/home\/wp-content\/uploads\/2017\/10\/17-18-D-Ausst-Er\u00f6ffn-1024.jpg 1024w, https:\/\/www.rwg-bayreuth.de\/home\/wp-content\/uploads\/2017\/10\/17-18-D-Ausst-Er\u00f6ffn-1024-450x304.jpg 450w, https:\/\/www.rwg-bayreuth.de\/home\/wp-content\/uploads\/2017\/10\/17-18-D-Ausst-Er\u00f6ffn-1024-768x519.jpg 768w, https:\/\/www.rwg-bayreuth.de\/home\/wp-content\/uploads\/2017\/10\/17-18-D-Ausst-Er\u00f6ffn-1024-250x169.jpg 250w\" sizes=\"(max-width: 1024px) 100vw, 1024px\" \/><\/a> \t\t<\/div><!-- end .entry-thumbnail -->\n<div class=\"meta-main-wrap\">\n  <div class=\"\">\n    <header class=\"entry-header\">\n      <div class=\"entry-cats\">\n        <div class=\"kategorie\"><a href=\"https:\/\/www.rwg-bayreuth.de\/home\/?cat=1\" rel=\"category\">Schulleben<\/a><\/div>\n<div class=\"entry-edit\" >      <div class=\"entry-date\" >\n        <a href=\"https:\/\/www.rwg-bayreuth.de\/home\/?p=17650\">12. Oktober 2017<\/a>\n      <\/div><\/div><!-- end .entry-date -->\n      <\/div><!-- end .entry-cats -->\n<h2 class=\"entry-title\"><a href=\"https:\/\/www.rwg-bayreuth.de\/home\/?p=17650\" rel=\"bookmark\">Pippi, Trotzkopf, Winnetou &#038; Co.<\/a><\/h2>\n    <\/header><!-- end .entry-header -->\n    <div class=\"entry-summary\">\nWas lasen eigentlich die Eltern unserer Sch\u00fcler, als sie jung waren, und was die Gro\u00dfeltern? Dieser spannenden Frage ging ein klassen\u00fcbergreifendes Projekt der Fachschaft Deutsch nach. Das Ergebnis wurde in einer Ausstellung zusammengetragen. Sie ist in der oberen Pausenhalle zu sehen. In einer umfassenden Fragebogenaktion war die Frage nach dem Lekt\u00fcreverhalten bereits im letzten Schuljahr&hellip;\n  <\/div><!-- .entry-summary -->\n  <\/div><!-- .entry-main -->\n<\/div><!-- .meta-main-wrap -->\n<\/article><!-- end post -17650 -->\n<article id=\"post-17632\"class=\"cf post-17632 post type-post status-publish format-standard has-post-thumbnail hentry category-allgemein tag-home tag-jubilaeum tag-theater\">\n \t\t<div class=\"entry-thumbnail fadein\"> \t\t\t<a href=\"https:\/\/www.rwg-bayreuth.de\/home\/?p=17632\"><img loading=\"lazy\" decoding=\"async\" width=\"1024\" height=\"738\" src=\"https:\/\/www.rwg-bayreuth.de\/home\/wp-content\/uploads\/2017\/10\/17-18-Krimi-Kommissare-1024.jpg\" class=\"attachment-post-thumbnail size-post-thumbnail wp-post-image\" alt=\"\" srcset=\"https:\/\/www.rwg-bayreuth.de\/home\/wp-content\/uploads\/2017\/10\/17-18-Krimi-Kommissare-1024.jpg 1024w, https:\/\/www.rwg-bayreuth.de\/home\/wp-content\/uploads\/2017\/10\/17-18-Krimi-Kommissare-1024-450x324.jpg 450w, https:\/\/www.rwg-bayreuth.de\/home\/wp-content\/uploads\/2017\/10\/17-18-Krimi-Kommissare-1024-768x554.jpg 768w, https:\/\/www.rwg-bayreuth.de\/home\/wp-content\/uploads\/2017\/10\/17-18-Krimi-Kommissare-1024-250x180.jpg 250w\" sizes=\"(max-width: 1024px) 100vw, 1024px\" \/><\/a> \t\t<\/div><!-- end .entry-thumbnail -->\n<div class=\"meta-main-wrap\">\n  <div class=\"\">\n    <header class=\"entry-header\">\n      <div class=\"entry-cats\">\n        <div class=\"kategorie\"><a href=\"https:\/\/www.rwg-bayreuth.de\/home\/?cat=1\" rel=\"category\">Schulleben<\/a><\/div>\n<div class=\"entry-edit\" >      <div class=\"entry-date\" >\n        <a href=\"https:\/\/www.rwg-bayreuth.de\/home\/?p=17632\">11. Oktober 2017<\/a>\n      <\/div><\/div><!-- end .entry-date -->\n      <\/div><!-- end .entry-cats -->\n<h2 class=\"entry-title\"><a href=\"https:\/\/www.rwg-bayreuth.de\/home\/?p=17632\" rel=\"bookmark\">Notenspur in Moll<\/a><\/h2>\n    <\/header><!-- end .entry-header -->\n    <div class=\"entry-summary\">\nDer mit Spannung erwartete RWG-Krimi zum Jubil\u00e4umsjahr unserer Schule hatte seine erfolgreiche Premiere in der Schulaula. Der vielversprechende Titel war \u201eNotenspur im Moll &#8211; Wissen kann t\u00f6dlich sein\u201c. Wie es sich f\u00fcr einen Krimi zum Schuljubil\u00e4um geh\u00f6rt, spielte auch das RWG mit, wie das St\u00fcck \u00fcberhaupt gekonnt mit beziehungsreichen Anspielungen auf den verschiedensten Ebenen jonglierte:&hellip;\n  <\/div><!-- .entry-summary -->\n  <\/div><!-- .entry-main -->\n<\/div><!-- .meta-main-wrap -->\n<\/article><!-- end post -17632 -->\n<article id=\"post-17587\"class=\"cf post-17587 post type-post status-publish format-standard has-post-thumbnail hentry category-allgemein tag-home tag-jubilaeum tag-mint tag-nawigator tag-physik\">\n \t\t<div class=\"entry-thumbnail fadein\"> \t\t\t<a href=\"https:\/\/www.rwg-bayreuth.de\/home\/?p=17587\"><img loading=\"lazy\" decoding=\"async\" width=\"1024\" height=\"669\" src=\"https:\/\/www.rwg-bayreuth.de\/home\/wp-content\/uploads\/2017\/10\/17-18-LNW-Physik-1024.jpg\" class=\"attachment-post-thumbnail size-post-thumbnail wp-post-image\" alt=\"\" srcset=\"https:\/\/www.rwg-bayreuth.de\/home\/wp-content\/uploads\/2017\/10\/17-18-LNW-Physik-1024.jpg 1024w, https:\/\/www.rwg-bayreuth.de\/home\/wp-content\/uploads\/2017\/10\/17-18-LNW-Physik-1024-450x294.jpg 450w, https:\/\/www.rwg-bayreuth.de\/home\/wp-content\/uploads\/2017\/10\/17-18-LNW-Physik-1024-768x502.jpg 768w, https:\/\/www.rwg-bayreuth.de\/home\/wp-content\/uploads\/2017\/10\/17-18-LNW-Physik-1024-250x163.jpg 250w\" sizes=\"(max-width: 1024px) 100vw, 1024px\" \/><\/a> \t\t<\/div><!-- end .entry-thumbnail -->\n<div class=\"meta-main-wrap\">\n  <div class=\"\">\n    <header class=\"entry-header\">\n      <div class=\"entry-cats\">\n        <div class=\"kategorie\"><a href=\"https:\/\/www.rwg-bayreuth.de\/home\/?cat=1\" rel=\"category\">Schulleben<\/a><\/div>\n<div class=\"entry-edit\" >      <div class=\"entry-date\" >\n        <a href=\"https:\/\/www.rwg-bayreuth.de\/home\/?p=17587\">8. Oktober 2017<\/a>\n      <\/div><\/div><!-- end .entry-date -->\n      <\/div><!-- end .entry-cats -->\n<h2 class=\"entry-title\"><a href=\"https:\/\/www.rwg-bayreuth.de\/home\/?p=17587\" rel=\"bookmark\">Naturwissenschaften zum Anfassen und Mitmachen<\/a><\/h2>\n    <\/header><!-- end .entry-header -->\n    <div class=\"entry-summary\">\nDie Natur ist ein vielf\u00e4ltiger Gegenstandsbereich, zu erkunden, nach welchen Gesetzen sie funktioniert, eine spannende Angelegenheit. Deshalb fanden sich viele Besucher zur \u201eLangen Nacht der Wissenschaften\u201c am RWG ein, die Teil der Aktivit\u00e4ten zum 150-j\u00e4hrigen Schuljubil\u00e4um war. Dabei gab es nicht nur Erstaunliches zu sehen und zu h\u00f6ren, sondern auch die Gelegenheit, die Welt der&hellip;\n  <\/div><!-- .entry-summary -->\n  <\/div><!-- .entry-main -->\n<\/div><!-- .meta-main-wrap -->\n<\/article><!-- end post -17587 -->\n<article id=\"post-17546\"class=\"cf post-17546 post type-post status-publish format-standard has-post-thumbnail hentry category-allgemein tag-home tag-jubilaeum tag-physik\">\n \t\t<div class=\"entry-thumbnail fadein\"> \t\t\t<a href=\"https:\/\/www.rwg-bayreuth.de\/home\/?p=17546\"><img loading=\"lazy\" decoding=\"async\" width=\"1024\" height=\"582\" src=\"https:\/\/www.rwg-bayreuth.de\/home\/wp-content\/uploads\/2017\/10\/17-18-LNW-Lesch-Vortragsk\u00fcnstler-b-1024-1.jpg\" class=\"attachment-post-thumbnail size-post-thumbnail wp-post-image\" alt=\"\" srcset=\"https:\/\/www.rwg-bayreuth.de\/home\/wp-content\/uploads\/2017\/10\/17-18-LNW-Lesch-Vortragsk\u00fcnstler-b-1024-1.jpg 1024w, https:\/\/www.rwg-bayreuth.de\/home\/wp-content\/uploads\/2017\/10\/17-18-LNW-Lesch-Vortragsk\u00fcnstler-b-1024-1-450x256.jpg 450w, https:\/\/www.rwg-bayreuth.de\/home\/wp-content\/uploads\/2017\/10\/17-18-LNW-Lesch-Vortragsk\u00fcnstler-b-1024-1-768x437.jpg 768w, https:\/\/www.rwg-bayreuth.de\/home\/wp-content\/uploads\/2017\/10\/17-18-LNW-Lesch-Vortragsk\u00fcnstler-b-1024-1-250x142.jpg 250w\" sizes=\"(max-width: 1024px) 100vw, 1024px\" \/><\/a> \t\t<\/div><!-- end .entry-thumbnail -->\n<div class=\"meta-main-wrap\">\n  <div class=\"\">\n    <header class=\"entry-header\">\n      <div class=\"entry-cats\">\n        <div class=\"kategorie\"><a href=\"https:\/\/www.rwg-bayreuth.de\/home\/?cat=1\" rel=\"category\">Schulleben<\/a><\/div>\n<div class=\"entry-edit\" >      <div class=\"entry-date\" >\n        <a href=\"https:\/\/www.rwg-bayreuth.de\/home\/?p=17546\">7. Oktober 2017<\/a>\n      <\/div><\/div><!-- end .entry-date -->\n      <\/div><!-- end .entry-cats -->\n<h2 class=\"entry-title\"><a href=\"https:\/\/www.rwg-bayreuth.de\/home\/?p=17546\" rel=\"bookmark\">Ein launiger Vortrag \u00fcber Physik, Gott und die Welt<\/a><\/h2>\n    <\/header><!-- end .entry-header -->\n    <div class=\"entry-summary\">\nEine volle Turnhalle bescherte der Vortrag von Prof. Dr. Harald Lesch unserer Schule. Der aus den Medien bestens bekannte Wissenschaftler hielt den Hauptvortrag bei unserer \u201eLangen Nacht der Wissenschaft\u201c und erwies sich als echter Publikumsmagnet. Bereits eine Stunde vor dem Vortrag waren 300 Karten vergriffen und bis zum Beginn &#8211; in akademischer Tradition cum tempore&hellip;\n  <\/div><!-- .entry-summary -->\n  <\/div><!-- .entry-main -->\n<\/div><!-- .meta-main-wrap -->\n<\/article><!-- end post -17546 -->\n<article id=\"post-17529\"class=\"cf post-17529 post type-post status-publish format-standard has-post-thumbnail hentry category-allgemein tag-home tag-jubilaeum\">\n \t\t<div class=\"entry-thumbnail fadein\"> \t\t\t<a href=\"https:\/\/www.rwg-bayreuth.de\/home\/?p=17529\"><img loading=\"lazy\" decoding=\"async\" width=\"450\" height=\"279\" src=\"https:\/\/www.rwg-bayreuth.de\/home\/wp-content\/uploads\/2017\/10\/17-18-Spendenlauf-L\u00e4ufer-450.jpg\" class=\"attachment-post-thumbnail size-post-thumbnail wp-post-image\" alt=\"\" srcset=\"https:\/\/www.rwg-bayreuth.de\/home\/wp-content\/uploads\/2017\/10\/17-18-Spendenlauf-L\u00e4ufer-450.jpg 450w, https:\/\/www.rwg-bayreuth.de\/home\/wp-content\/uploads\/2017\/10\/17-18-Spendenlauf-L\u00e4ufer-450-250x155.jpg 250w\" sizes=\"(max-width: 450px) 100vw, 450px\" \/><\/a> \t\t<\/div><!-- end .entry-thumbnail -->\n<div class=\"meta-main-wrap\">\n  <div class=\"\">\n    <header class=\"entry-header\">\n      <div class=\"entry-cats\">\n        <div class=\"kategorie\"><a href=\"https:\/\/www.rwg-bayreuth.de\/home\/?cat=1\" rel=\"category\">Schulleben<\/a><\/div>\n<div class=\"entry-edit\" >      <div class=\"entry-date\" >\n        <a href=\"https:\/\/www.rwg-bayreuth.de\/home\/?p=17529\">5. Oktober 2017<\/a>\n      <\/div><\/div><!-- end .entry-date -->\n      <\/div><!-- end .entry-cats -->\n<h2 class=\"entry-title\"><a href=\"https:\/\/www.rwg-bayreuth.de\/home\/?p=17529\" rel=\"bookmark\">Rekord beim Spendenlauf<\/a><\/h2>\n    <\/header><!-- end .entry-header -->\n    <div class=\"entry-summary\">\nEin absolutes Wahnsinnergebnis von rund 6000 Euro brachte unser RWG-Spendenlauf ein. Mit dem Geld soll das Pangani Lutheran Children&#8217;s Centre (PLCC) in Nairobi unterst\u00fctzt werden. Bei dem Lauf ging es darum, in 30 Minuten so viele Runden um den R\u00f6hrensee zu laufen wie nur m\u00f6glich. Dabei sah es anfangs gar nicht gut aus: Dicke Regenwolken&hellip;\n  <\/div><!-- .entry-summary -->\n  <\/div><!-- .entry-main -->\n<\/div><!-- .meta-main-wrap -->\n<\/article><!-- end post -17529 -->\n<article id=\"post-17496\"class=\"cf post-17496 post type-post status-publish format-standard has-post-thumbnail hentry category-allgemein tag-home tag-jubilaeum\">\n \t\t<div class=\"entry-thumbnail fadein\"> \t\t\t<a href=\"https:\/\/www.rwg-bayreuth.de\/home\/?p=17496\"><img loading=\"lazy\" decoding=\"async\" width=\"450\" height=\"300\" src=\"https:\/\/www.rwg-bayreuth.de\/home\/wp-content\/uploads\/2017\/10\/17-18-Ritchie-Verleihung-450.jpg\" class=\"attachment-post-thumbnail size-post-thumbnail wp-post-image\" alt=\"\" srcset=\"https:\/\/www.rwg-bayreuth.de\/home\/wp-content\/uploads\/2017\/10\/17-18-Ritchie-Verleihung-450.jpg 450w, https:\/\/www.rwg-bayreuth.de\/home\/wp-content\/uploads\/2017\/10\/17-18-Ritchie-Verleihung-450-250x167.jpg 250w\" sizes=\"(max-width: 450px) 100vw, 450px\" \/><\/a> \t\t<\/div><!-- end .entry-thumbnail -->\n<div class=\"meta-main-wrap\">\n  <div class=\"\">\n    <header class=\"entry-header\">\n      <div class=\"entry-cats\">\n        <div class=\"kategorie\"><a href=\"https:\/\/www.rwg-bayreuth.de\/home\/?cat=1\" rel=\"category\">Schulleben<\/a><\/div>\n<div class=\"entry-edit\" >      <div class=\"entry-date\" >\n        <a href=\"https:\/\/www.rwg-bayreuth.de\/home\/?p=17496\">2. Oktober 2017<\/a>\n      <\/div><\/div><!-- end .entry-date -->\n      <\/div><!-- end .entry-cats -->\n<h2 class=\"entry-title\"><a href=\"https:\/\/www.rwg-bayreuth.de\/home\/?p=17496\" rel=\"bookmark\">Auch die Nominierten d\u00fcrfen stolz sein<\/a><\/h2>\n    <\/header><!-- end .entry-header -->\n    <div class=\"entry-summary\">\nF\u00fcr den Ritchie-Schulpreis des RWG nominiert zu werden ist durchaus etwas Besonders. Nicht allen Sch\u00fclerinnen und Sch\u00fclern wird diese Ehre zuteil; umso stolzer k\u00f6nnen die sein, welche es bis in die Endrunde geschafft haben. Bei der diesj\u00e4hrigen Preisverleihung kamen diese Sch\u00fclerinnen und Sch\u00fcler in die engere Auswahl: Musischer Bereich: Clara Weidmann wurde von der Auswahljury&hellip;\n  <\/div><!-- .entry-summary -->\n  <\/div><!-- .entry-main -->\n<\/div><!-- .meta-main-wrap -->\n<\/article><!-- end post -17496 -->\n<article id=\"post-17460\"class=\"cf post-17460 post type-post status-publish format-standard has-post-thumbnail hentry category-allgemein tag-home tag-jubilaeum\">\n \t\t<div class=\"entry-thumbnail fadein\"> \t\t\t<a href=\"https:\/\/www.rwg-bayreuth.de\/home\/?p=17460\"><img loading=\"lazy\" decoding=\"async\" width=\"1024\" height=\"679\" src=\"https:\/\/www.rwg-bayreuth.de\/home\/wp-content\/uploads\/2017\/09\/17-28-Ritchie-Preistr\u00e4ger-1024.jpg\" class=\"attachment-post-thumbnail size-post-thumbnail wp-post-image\" alt=\"\" srcset=\"https:\/\/www.rwg-bayreuth.de\/home\/wp-content\/uploads\/2017\/09\/17-28-Ritchie-Preistr\u00e4ger-1024.jpg 1024w, https:\/\/www.rwg-bayreuth.de\/home\/wp-content\/uploads\/2017\/09\/17-28-Ritchie-Preistr\u00e4ger-1024-450x298.jpg 450w, https:\/\/www.rwg-bayreuth.de\/home\/wp-content\/uploads\/2017\/09\/17-28-Ritchie-Preistr\u00e4ger-1024-768x509.jpg 768w, https:\/\/www.rwg-bayreuth.de\/home\/wp-content\/uploads\/2017\/09\/17-28-Ritchie-Preistr\u00e4ger-1024-250x166.jpg 250w\" sizes=\"(max-width: 1024px) 100vw, 1024px\" \/><\/a> \t\t<\/div><!-- end .entry-thumbnail -->\n<div class=\"meta-main-wrap\">\n  <div class=\"\">\n    <header class=\"entry-header\">\n      <div class=\"entry-cats\">\n        <div class=\"kategorie\"><a href=\"https:\/\/www.rwg-bayreuth.de\/home\/?cat=1\" rel=\"category\">Schulleben<\/a><\/div>\n<div class=\"entry-edit\" >      <div class=\"entry-date\" >\n        <a href=\"https:\/\/www.rwg-bayreuth.de\/home\/?p=17460\">28. September 2017<\/a>\n      <\/div><\/div><!-- end .entry-date -->\n      <\/div><!-- end .entry-cats -->\n<h2 class=\"entry-title\"><a href=\"https:\/\/www.rwg-bayreuth.de\/home\/?p=17460\" rel=\"bookmark\">Stolze Ritchie-Preistr\u00e4ger 2017<\/a><\/h2>\n    <\/header><!-- end .entry-header -->\n    <div class=\"entry-summary\">\nDie diesj\u00e4hrigen Ritchie-Preistr\u00e4ger stehen fest. Aus den vielen nominierten Sch\u00fclerinnen und Sch\u00fclern hatte das Preiskomitee die sechs Preistr\u00e4ger gek\u00fcrt, die ein herausragendes Engagement gezeigt hatten. Ritchie-Preistr\u00e4ger im musischen Bereich wurde Jannis Wachs, im k\u00fcnstlerischen Bereich Jennifer Hohnstein, beim Sport die RWG-Tennism\u00e4dels, bei der Kategorie Soziales Engangement Jessica Brandt, im mathematisch-naturwissenschaftlichen Bereich das RWG-Jugend-forscht-Team, im sprachlichen&hellip;\n  <\/div><!-- .entry-summary -->\n  <\/div><!-- .entry-main -->\n<\/div><!-- .meta-main-wrap -->\n<\/article><!-- end post -17460 -->\n<article id=\"post-16973\"class=\"cf post-16973 post type-post status-publish format-standard has-post-thumbnail hentry category-allgemein tag-home tag-jubilaeum\">\n \t\t<div class=\"entry-thumbnail fadein\"> \t\t\t<a href=\"https:\/\/www.rwg-bayreuth.de\/home\/?p=16973\"><img loading=\"lazy\" decoding=\"async\" width=\"450\" height=\"304\" src=\"https:\/\/www.rwg-bayreuth.de\/home\/wp-content\/uploads\/2017\/07\/16-17-Schulfest-Halle-450.jpg\" class=\"attachment-post-thumbnail size-post-thumbnail wp-post-image\" alt=\"\" srcset=\"https:\/\/www.rwg-bayreuth.de\/home\/wp-content\/uploads\/2017\/07\/16-17-Schulfest-Halle-450.jpg 450w, https:\/\/www.rwg-bayreuth.de\/home\/wp-content\/uploads\/2017\/07\/16-17-Schulfest-Halle-450-250x169.jpg 250w\" sizes=\"(max-width: 450px) 100vw, 450px\" \/><\/a> \t\t<\/div><!-- end .entry-thumbnail -->\n<div class=\"meta-main-wrap\">\n  <div class=\"\">\n    <header class=\"entry-header\">\n      <div class=\"entry-cats\">\n        <div class=\"kategorie\"><a href=\"https:\/\/www.rwg-bayreuth.de\/home\/?cat=1\" rel=\"category\">Schulleben<\/a><\/div>\n<div class=\"entry-edit\" >      <div class=\"entry-date\" >\n        <a href=\"https:\/\/www.rwg-bayreuth.de\/home\/?p=16973\">27. Juli 2017<\/a>\n      <\/div><\/div><!-- end .entry-date -->\n      <\/div><!-- end .entry-cats -->\n<h2 class=\"entry-title\"><a href=\"https:\/\/www.rwg-bayreuth.de\/home\/?p=16973\" rel=\"bookmark\">Gute Stimmung im ganzen Haus<\/a><\/h2>\n    <\/header><!-- end .entry-header -->\n    <div class=\"entry-summary\">\nWenn der Wettergott gedacht hatte, er k\u00f6nne unserer Schule das Schulfest im Jubil\u00e4umsjahr verderben, dann hatte er sich get\u00e4uscht: Es wurde kurzer Hand ins Haus verlegt, und dort war die Stimmung ausgesprochen gut. F\u00fcr die vielen Aktivit\u00e4ten, die Sch\u00fcler vorbereitet hatten, war die Turnhalle als Ausweichquartier hergenommen worden. Das hatte sogar den gro\u00dfen Vorteil, dass&hellip;\n  <\/div><!-- .entry-summary -->\n  <\/div><!-- .entry-main -->\n<\/div><!-- .meta-main-wrap -->\n<\/article><!-- end post -16973 -->\n<article id=\"post-15550\"class=\"cf post-15550 post type-post status-publish format-standard has-post-thumbnail hentry category-allgemein tag-home tag-jubilaeum tag-musik\">\n \t\t<div class=\"entry-thumbnail fadein\"> \t\t\t<a href=\"https:\/\/www.rwg-bayreuth.de\/home\/?p=15550\"><img loading=\"lazy\" decoding=\"async\" width=\"1024\" height=\"457\" src=\"https:\/\/www.rwg-bayreuth.de\/home\/wp-content\/uploads\/2017\/05\/16-17-Sommerkonz-61-alle-1024.jpg\" class=\"attachment-post-thumbnail size-post-thumbnail wp-post-image\" alt=\"\" srcset=\"https:\/\/www.rwg-bayreuth.de\/home\/wp-content\/uploads\/2017\/05\/16-17-Sommerkonz-61-alle-1024.jpg 1024w, https:\/\/www.rwg-bayreuth.de\/home\/wp-content\/uploads\/2017\/05\/16-17-Sommerkonz-61-alle-1024-450x201.jpg 450w, https:\/\/www.rwg-bayreuth.de\/home\/wp-content\/uploads\/2017\/05\/16-17-Sommerkonz-61-alle-1024-768x343.jpg 768w, https:\/\/www.rwg-bayreuth.de\/home\/wp-content\/uploads\/2017\/05\/16-17-Sommerkonz-61-alle-1024-250x112.jpg 250w\" sizes=\"(max-width: 1024px) 100vw, 1024px\" \/><\/a> \t\t<\/div><!-- end .entry-thumbnail -->\n<div class=\"meta-main-wrap\">\n  <div class=\"\">\n    <header class=\"entry-header\">\n      <div class=\"entry-cats\">\n        <div class=\"kategorie\"><a href=\"https:\/\/www.rwg-bayreuth.de\/home\/?cat=1\" rel=\"category\">Schulleben<\/a><\/div>\n<div class=\"entry-edit\" >      <div class=\"entry-date\" >\n        <a href=\"https:\/\/www.rwg-bayreuth.de\/home\/?p=15550\">4. Mai 2017<\/a>\n      <\/div><\/div><!-- end .entry-date -->\n      <\/div><!-- end .entry-cats -->\n<h2 class=\"entry-title\"><a href=\"https:\/\/www.rwg-bayreuth.de\/home\/?p=15550\" rel=\"bookmark\">Ein gro\u00dfes Konzert mit gro\u00dfem Finale<\/a><\/h2>\n    <\/header><!-- end .entry-header -->\n    <div class=\"entry-summary\">\nDas Finale war grandios: Mit einem Melodienreigen aus dem Musical \u201eWest Side Story\u201c zeigte sich der Gro\u00dfe Chor beim Sommerkonzert zum Schuljubil\u00e4um von seiner besten Seite. Melodien wie \u201eTonight\u201c, \u201eI feel pretty\u201c oder \u201eAmerica\u201c sind l\u00e4ngst Klassiker des Genres geworden. Doch die eing\u00e4ngige Melodien von Leonard Bernstein verf\u00fchren immer noch zum Mitsummen oder zum rhythmischen&hellip;\n  <\/div><!-- .entry-summary -->\n  <\/div><!-- .entry-main -->\n<\/div><!-- .meta-main-wrap -->\n<\/article><!-- end post -15550 -->\n<article id=\"post-13544\"class=\"cf post-13544 post type-post status-publish format-standard has-post-thumbnail hentry category-allgemein tag-home tag-jubilaeum\">\n \t\t<div class=\"entry-thumbnail fadein\"> \t\t\t<a href=\"https:\/\/www.rwg-bayreuth.de\/home\/?p=13544\"><img loading=\"lazy\" decoding=\"async\" width=\"450\" height=\"371\" src=\"https:\/\/www.rwg-bayreuth.de\/home\/wp-content\/uploads\/2009\/11\/16-17-Fahnenhissung450l.jpg\" class=\"attachment-post-thumbnail size-post-thumbnail wp-post-image\" alt=\"\" srcset=\"https:\/\/www.rwg-bayreuth.de\/home\/wp-content\/uploads\/2009\/11\/16-17-Fahnenhissung450l.jpg 450w, https:\/\/www.rwg-bayreuth.de\/home\/wp-content\/uploads\/2009\/11\/16-17-Fahnenhissung450l-150x124.jpg 150w, https:\/\/www.rwg-bayreuth.de\/home\/wp-content\/uploads\/2009\/11\/16-17-Fahnenhissung450l-300x247.jpg 300w, https:\/\/www.rwg-bayreuth.de\/home\/wp-content\/uploads\/2009\/11\/16-17-Fahnenhissung450l-250x206.jpg 250w\" sizes=\"(max-width: 450px) 100vw, 450px\" \/><\/a> \t\t<\/div><!-- end .entry-thumbnail -->\n<div class=\"meta-main-wrap\">\n  <div class=\"\">\n    <header class=\"entry-header\">\n      <div class=\"entry-cats\">\n        <div class=\"kategorie\"><a href=\"https:\/\/www.rwg-bayreuth.de\/home\/?cat=1\" rel=\"category\">Schulleben<\/a><\/div>\n<div class=\"entry-edit\" >      <div class=\"entry-date\" >\n        <a href=\"https:\/\/www.rwg-bayreuth.de\/home\/?p=13544\">8. Februar 2017<\/a>\n      <\/div><\/div><!-- end .entry-date -->\n      <\/div><!-- end .entry-cats -->\n<h2 class=\"entry-title\"><a href=\"https:\/\/www.rwg-bayreuth.de\/home\/?p=13544\" rel=\"bookmark\">Das Festjahr ist er\u00f6ffnet<\/a><\/h2>\n    <\/header><!-- end .entry-header -->\n    <div class=\"entry-summary\">\nUnsere Schule wird in diesem Schuljahr 150 Jahre alt. Am 14. Oktober ist der gro\u00dfe Festakt in der Oberfrankenhalle. Das Fest f\u00e4llt damit genau auf den Schulgeburtstag, denn unsere Schule wurde exakt am 14. Oktober 1867 er\u00f6ffnet. Damals war es eine \u201eH\u00f6here T\u00f6chterschule\u201c, also eine reine M\u00e4dchenschule, haupts\u00e4chlich f\u00fcr M\u00e4dchen aus besserem Hause. Dass die&hellip;\n  <\/div><!-- .entry-summary -->\n  <\/div><!-- .entry-main -->\n<\/div><!-- .meta-main-wrap -->\n<\/article><!-- end post -13544 -->\n<article id=\"post-12041\"class=\"cf post-12041 post type-post status-publish format-standard has-post-thumbnail hentry category-allgemein tag-home tag-jubilaeum\">\n \t\t<div class=\"entry-thumbnail fadein\"> \t\t\t<a href=\"https:\/\/www.rwg-bayreuth.de\/home\/?p=12041\"><img loading=\"lazy\" decoding=\"async\" width=\"450\" height=\"228\" src=\"https:\/\/www.rwg-bayreuth.de\/home\/wp-content\/uploads\/2017\/01\/Schulhaus-alt-450.jpg\" class=\"attachment-post-thumbnail size-post-thumbnail wp-post-image\" alt=\"\" srcset=\"https:\/\/www.rwg-bayreuth.de\/home\/wp-content\/uploads\/2017\/01\/Schulhaus-alt-450.jpg 450w, https:\/\/www.rwg-bayreuth.de\/home\/wp-content\/uploads\/2017\/01\/Schulhaus-alt-450-150x76.jpg 150w, https:\/\/www.rwg-bayreuth.de\/home\/wp-content\/uploads\/2017\/01\/Schulhaus-alt-450-300x152.jpg 300w, https:\/\/www.rwg-bayreuth.de\/home\/wp-content\/uploads\/2017\/01\/Schulhaus-alt-450-250x127.jpg 250w\" sizes=\"(max-width: 450px) 100vw, 450px\" \/><\/a> \t\t<\/div><!-- end .entry-thumbnail -->\n<div class=\"meta-main-wrap\">\n  <div class=\"\">\n    <header class=\"entry-header\">\n      <div class=\"entry-cats\">\n        <div class=\"kategorie\"><a href=\"https:\/\/www.rwg-bayreuth.de\/home\/?cat=1\" rel=\"category\">Schulleben<\/a><\/div>\n<div class=\"entry-edit\" >      <div class=\"entry-date\" >\n        <a href=\"https:\/\/www.rwg-bayreuth.de\/home\/?p=12041\">1. Januar 2017<\/a>\n      <\/div><\/div><!-- end .entry-date -->\n      <\/div><!-- end .entry-cats -->\n<h2 class=\"entry-title\"><a href=\"https:\/\/www.rwg-bayreuth.de\/home\/?p=12041\" rel=\"bookmark\">Das RWG wird 150 Jahre alt<\/a><\/h2>\n    <\/header><!-- end .entry-header -->\n    <div class=\"entry-summary\">\nLiebe Freude des RWG, das Jahr 2017 ist f\u00fcr das RWG ein besonderes, denn es ist das 150. seit Gr\u00fcndung der Schule. Am 14.\u00a0Oktober 1867 wurde unsere Schule aus der Taufe gehoben. Sie hie\u00df \u201eH\u00f6here T\u00f6chterschule\u201c und hatte zun\u00e4chst 48 Sch\u00fclerinnen in zwei Klassen. Seitdem hat unsere Schule die M\u00e4dchenbildung in Bayreuth ma\u00dfgeblich gepr\u00e4gt und&hellip;\n  <\/div><!-- .entry-summary -->\n  <\/div><!-- .entry-main -->\n<\/div><!-- .meta-main-wrap -->\n<\/article><!-- end post -12041 -->\n<\/div><!-- end .rwg_post_list -->\n","protected":false},"excerpt":{"rendered":"","protected":false},"author":11,"featured_media":0,"parent":11141,"menu_order":30,"comment_status":"closed","ping_status":"closed","template":"page-templates\/no-sidebar.php","meta":{"footnotes":""},"tags":[54],"_links":{"self":[{"href":"https:\/\/www.rwg-bayreuth.de\/home\/index.php?rest_route=\/wp\/v2\/pages\/17731"}],"collection":[{"href":"https:\/\/www.rwg-bayreuth.de\/home\/index.php?rest_route=\/wp\/v2\/pages"}],"about":[{"href":"https:\/\/www.rwg-bayreuth.de\/home\/index.php?rest_route=\/wp\/v2\/types\/page"}],"author":[{"embeddable":true,"href":"https:\/\/www.rwg-bayreuth.de\/home\/index.php?rest_route=\/wp\/v2\/users\/11"}],"replies":[{"embeddable":true,"href":"https:\/\/www.rwg-bayreuth.de\/home\/index.php?rest_route=%2Fwp%2Fv2%2Fcomments&post=17731"}],"version-history":[{"count":7,"href":"https:\/\/www.rwg-bayreuth.de\/home\/index.php?rest_route=\/wp\/v2\/pages\/17731\/revisions"}],"predecessor-version":[{"id":23690,"href":"https:\/\/www.rwg-bayreuth.de\/home\/index.php?rest_route=\/wp\/v2\/pages\/17731\/revisions\/23690"}],"up":[{"embeddable":true,"href":"https:\/\/www.rwg-bayreuth.de\/home\/index.php?rest_route=\/wp\/v2\/pages\/11141"}],"wp:attachment":[{"href":"https:\/\/www.rwg-bayreuth.de\/home\/index.php?rest_route=%2Fwp%2Fv2%2Fmedia&parent=17731"}],"wp:term":[{"taxonomy":"post_tag","embeddable":true,"href":"https:\/\/www.rwg-bayreuth.de\/home\/index.php?rest_route=%2Fwp%2Fv2%2Ftags&post=17731"}],"curies":[{"name":"wp","href":"https:\/\/api.w.org\/{rel}","templated":true}]}}