{"id":1720,"date":"2013-04-12T10:55:46","date_gmt":"2013-04-12T09:55:46","guid":{"rendered":"http:\/\/www.rwg-bayreuth.de\/home\/?page_id=1720"},"modified":"2026-03-13T16:11:49","modified_gmt":"2026-03-13T15:11:49","slug":"wirtschaft-und-recht","status":"publish","type":"page","link":"https:\/\/www.rwg-bayreuth.de\/home\/?page_id=1720","title":{"rendered":"Wirtschaft und Recht"},"content":{"rendered":"<p><img decoding=\"async\" src=\"https:\/\/www.rwg-bayreuth.de\/home\/wp-content\/uploads\/2024\/01\/WR-DavidPeach.jpg\" alt=\"\" width=\"100%\" height=\"auto\" class=\"aligncenter size-full wp-image-35662\" srcset=\"https:\/\/www.rwg-bayreuth.de\/home\/wp-content\/uploads\/2024\/01\/WR-DavidPeach.jpg 1320w, https:\/\/www.rwg-bayreuth.de\/home\/wp-content\/uploads\/2024\/01\/WR-DavidPeach-150x50.jpg 150w, https:\/\/www.rwg-bayreuth.de\/home\/wp-content\/uploads\/2024\/01\/WR-DavidPeach-450x150.jpg 450w, https:\/\/www.rwg-bayreuth.de\/home\/wp-content\/uploads\/2024\/01\/WR-DavidPeach-768x256.jpg 768w, https:\/\/www.rwg-bayreuth.de\/home\/wp-content\/uploads\/2024\/01\/WR-DavidPeach-1024x341.jpg 1024w, https:\/\/www.rwg-bayreuth.de\/home\/wp-content\/uploads\/2024\/01\/WR-DavidPeach-250x83.jpg 250w\" sizes=\"(max-width: 1320px) 100vw, 1320px\" \/><\/p>\n<p><!--<img decoding=\"async\" class=\"alignnone size-full wp-image-13063\" src=\"https:\/\/www.rwg-bayreuth.de\/home\/wp-content\/uploads\/2017\/01\/WR1.jpg\" alt=\"\" width=\"100%\" srcset=\"https:\/\/www.rwg-bayreuth.de\/home\/wp-content\/uploads\/2017\/01\/WR1.jpg 1203w, https:\/\/www.rwg-bayreuth.de\/home\/wp-content\/uploads\/2017\/01\/WR1-150x50.jpg 150w, https:\/\/www.rwg-bayreuth.de\/home\/wp-content\/uploads\/2017\/01\/WR1-450x150.jpg 450w, https:\/\/www.rwg-bayreuth.de\/home\/wp-content\/uploads\/2017\/01\/WR1-768x256.jpg 768w, https:\/\/www.rwg-bayreuth.de\/home\/wp-content\/uploads\/2017\/01\/WR1-1024x341.jpg 1024w, https:\/\/www.rwg-bayreuth.de\/home\/wp-content\/uploads\/2017\/01\/WR1-250x83.jpg 250w, https:\/\/www.rwg-bayreuth.de\/home\/wp-content\/uploads\/2017\/01\/WR1-600x200.jpg 600w\" sizes=\"(max-width: 1203px) 100vw, 1203px\" \/>--><\/p>\n<h2>Fachschaft<\/h2>\n<p><a href=\"https:\/\/www.rwg-bayreuth.de\/home\/wp-content\/uploads\/2017\/03\/WR-Fachschaft.jpg\"><img decoding=\"async\" src=\"https:\/\/www.rwg-bayreuth.de\/home\/wp-content\/uploads\/2017\/03\/WR-Fachschaft.jpg\" alt=\"\" width=\"900\" height=\"auto\" class=\"alignnone size-full wp-image-14953 fachschaftsbild\" srcset=\"https:\/\/www.rwg-bayreuth.de\/home\/wp-content\/uploads\/2017\/03\/WR-Fachschaft.jpg 1024w, https:\/\/www.rwg-bayreuth.de\/home\/wp-content\/uploads\/2017\/03\/WR-Fachschaft-450x338.jpg 450w, https:\/\/www.rwg-bayreuth.de\/home\/wp-content\/uploads\/2017\/03\/WR-Fachschaft-768x576.jpg 768w, https:\/\/www.rwg-bayreuth.de\/home\/wp-content\/uploads\/2017\/03\/WR-Fachschaft-250x188.jpg 250w, https:\/\/www.rwg-bayreuth.de\/home\/wp-content\/uploads\/2017\/03\/WR-Fachschaft-600x450.jpg 600w\" sizes=\"(max-width: 1024px) 100vw, 1024px\" \/><\/a><\/p>\n<h2 class=\"clear\">Fachprofil<\/h2>\n<p>Der Wirtschaftsunterricht ist seit mehr als 100 Jahren auch an h\u00f6heren Schulen in Bayern pr\u00e4sent. Die Zielsetzungen des Faches, das fr\u00fcher meist als \u201eWirtschaftslehre\u201c oder auch \u201eHandelskunde\u201c bezeichnet wurde, ergeben sich aus dem gegenw\u00e4rtigen Namen des Faches \u201eWirtschaft und Recht\u201c.<\/p>\n<h2>Allgemeines zum Fach<\/h2>\n<p>Das Fach Wirtschaft und Recht ist Pflichtfach in den Jahrgangsstufen 10 bis 11 (WWG: 8 bis 11). Hier erhalten die Sch\u00fclerInnen, Einblicke in die Welt der Wirtschaft und erfahren, dass das allt\u00e4gliche Leben von zahlreichen rechtlichen Regelungen bestimmt wird. Vorg\u00e4nge aus dem Erfahrungsbereich der Jugendlichen stehen auf dem Programm, zum Beispiel:<\/p>\n<ul>\n<li>\u00dcberlegte und nachhaltige Konsumentscheidung <\/li>\n<li>Kaufvertrag<\/li>\n<li>\u00c4rger mit Anschaffungen (Verbraucherschutz, Sachm\u00e4ngel, versp\u00e4tete Lieferung etc.)<\/li>\n<li>Rechtliche Stellung Minderj\u00e4hriger<\/li>\n<\/ul>\n<p>Dazu kommen Fragen, wie: Wie funktioniert ein Betrieb? Bilanz \u2013 was ist das eigentlich? <\/p>\n<p>Ab der 11. Jahrgangsstufe folgen dann auch wichtige und interessante Inhalte zu gesamtwirtschaftlichen Zusammenh\u00e4ngen und zu wirtschaftspolitischen Aspekten. <\/p>\n<p>Als Leitfach f\u00fcr die berufliche Orientierung besch\u00e4ftigt sich das Fach au\u00dferdem mit Themen wie Berufswelt, Bewerbung und Ausbildungs- bzw. Studienwahl. Dazu findet nach dem neuen Lehrplan f\u00fcr das neunstufige Gymnasium in der 9. Jahrgangsstufe in einer halben Wochenstunde ein, f\u00fcr alle Zweige verpflichtendes, Modul zur beruflichen Orientierung statt. In diesem Zusammenhang steht auch das einw\u00f6chige Betriebspraktikum, das die Sch\u00fclerInnen am Ende der 9. Klasse absolvieren.<\/p>\n<h2>Wirtschaftswissenschaftlicher Zweig<\/h2>\n<p><a href=\"https:\/\/www.rwg-bayreuth.de\/home\/wp-content\/uploads\/2013\/04\/RWG-Flyer-WWG-web-1.pdf\"><img loading=\"lazy\" decoding=\"async\" src=\"https:\/\/www.rwg-bayreuth.de\/home\/wp-content\/uploads\/2020\/10\/20-21-WWG-Bild-450x374.jpg\" alt=\"\" width=\"450\" height=\"374\" class=\"alignright size-medium wp-image-27139\" style=\"max-width: 30%\" srcset=\"https:\/\/www.rwg-bayreuth.de\/home\/wp-content\/uploads\/2020\/10\/20-21-WWG-Bild-450x374.jpg 450w, https:\/\/www.rwg-bayreuth.de\/home\/wp-content\/uploads\/2020\/10\/20-21-WWG-Bild-768x639.jpg 768w, https:\/\/www.rwg-bayreuth.de\/home\/wp-content\/uploads\/2020\/10\/20-21-WWG-Bild-250x208.jpg 250w, https:\/\/www.rwg-bayreuth.de\/home\/wp-content\/uploads\/2020\/10\/20-21-WWG-Bild.jpg 1024w\" sizes=\"(max-width: 450px) 100vw, 450px\" \/><\/a>Das Richard-Wagner-Gymnasium bietet ab der 8. Jahrgangsstufe auch die M\u00f6glichkeit der wirtschaftswissenschaftlichen Ausbildungsrichtung, die neben dem Kernfach \u201eWirtschaft und Recht\u201c ab der 9. Klasse zus\u00e4tzlich das Profilfach \u201eWirtschaftsinformatik\u201c beinhaltet. <\/p>\n<p>Die Digitalisierung entwickelt sich kontinuierlich weiter und ist mittlerweile in allen Lebensbereichen sehr pr\u00e4sent. Dies gilt in besonderem Ma\u00dfe f\u00fcr Wirtschaft und Verwaltung, aber auch f\u00fcr die Gesellschaft und das private Lebensumfeld.  <\/p>\n<p>Im Mittelpunkt des Faches Wirtschaftsinformatik steht der verantwortungsvolle Einsatz von Informations- und Kommunikationssystemen sowohl im betrieblichen als auch im privaten Bereich. Die Sch\u00fclerInnen erlangen dabei Grundf\u00e4higkeiten f\u00fcr einen effizienten, strukturierten und nat\u00fcrlich sicheren Umgang mit Daten und Informationen. Dabei besch\u00e4ftigen wir uns auch mit hochaktuellen Themen wie der K\u00fcnstlichen Intelligenz und deren Anwendung.<\/p>\n<h3 style=\"margin-bottom: 15px;\">Stundentafel des wirtschaftswissenschaftlichen Zweigs<\/h3>\n<table style=\"line-height: 1;\">\n<tbody>\n<tr>\n<th>F\u00e4cher<\/th>\n<th style=\"text-align: center;\" colspan=\"4\">Wochenstunden in Jahrgangsstufe<\/th>\n<\/tr>\n<tr>\n<th><\/th>\n<th style=\"text-align: center;\" width=15%>8<\/th>\n<th style=\"text-align: center;\" width=15%>9<\/th>\n<th style=\"text-align: center;\" width=15%>10<\/th>\n<th style=\"text-align: center;\" width=15%>11<\/th>\n<\/tr>\n<tr>\n<td>Wirtschaft und Recht<\/td>\n<td style=\"text-align: center;\">3<\/td>\n<td style=\"text-align: center;\">2<\/td>\n<td style=\"text-align: center;\">2<\/td>\n<td style=\"text-align: center;\">3<\/td>\n<\/tr>\n<tr>\n<td>Wirtschaftsinformatik<\/td>\n<td style=\"text-align: center;\"><\/td>\n<td style=\"text-align: center;\">2<\/td>\n<td style=\"text-align: center;\">2<\/td>\n<td style=\"text-align: center;\">2<\/td>\n<\/tr>\n<tr>\n<td>Profilstunden<\/td>\n<td style=\"text-align: center;\">1<\/td>\n<td style=\"text-align: center;\"><\/td>\n<td style=\"text-align: center;\">1<\/td>\n<td style=\"text-align: center;\">2<\/td>\n<\/tr>\n<tr>\n<td>Politik und Gesellschaft<\/td>\n<td style=\"text-align: center;\"><\/td>\n<td style=\"text-align: center;\"><\/td>\n<td style=\"text-align: center;\">1<\/td>\n<td style=\"text-align: center;\">2<\/td>\n<\/tr>\n<\/tbody>\n<\/table>\n<h2>Besonderheiten des Wirtschaftszweiges am RWG<\/h2>\n<p>Die zus\u00e4tzliche Unterrichtszeit f\u00fcr das Fach wird vor allem f\u00fcr den Kontakt mit au\u00dferschulischen Einrichtungen, Betrieben und Beh\u00f6rden genutzt. Die Sch\u00fclerInnen sollen erfahren, wie die im Unterricht gelernten Zusammenh\u00e4nge in der Praxis Anwendung finden. Beispiele hierf\u00fcr sind Betriebserkundungen bei Faber Castell oder Audi, Besuche von Gerichtsverhandlungen und eine Exkursion in das Ludwig-Erhard-Zentrum in F\u00fcrth, in dem wir die Geschichte und die Bedeutung unserer Sozialen Marktwirtschaft vor Augen gef\u00fchrt bekommen.  Wir holen uns au\u00dferdem Experten in den Unterricht, z.&nbsp;B von der Schuldnerberatung der Caritas, der Universit\u00e4t Bayreuth oder Banken.<\/p>\n<p>Unser Fach lebt aber nat\u00fcrlich vor allem von der Aktualit\u00e4t. Deswegen werden im Unterricht immer wieder aktuelle wirtschaftliche Entwicklungen (wie die Haushaltsl\u00fccke im Bundeshaushalt durch das Urteil des Bundesverfassungsgerichts, Fachkr\u00e4ftemangel, B\u00fcrgergeld) aufgegriffen, erkl\u00e4rt und mit den Sch\u00fclerinnen diskutiert. <\/p>\n<p>Sehr gro\u00dfen Wert legen wir darauf, dass die Kompetenzen der Jugendlichen durch selbstst\u00e4ndiges Arbeiten in diversen Projekten ausgebaut werden. Diese reichen von kleinen Gruppenarbeiten, \u00fcber die Teilnahme an Planspielen bis hin zu umfangreichen Projekten wie die Einf\u00fchrung der RWG-Schulprodukte, einer Kooperation mit dem eingetragenen Verein Hamsterbacke und ihrem ersten Bayreuther Unverpacktladen und ein bilinguales Projekt mit Maisel &#038; friends.<\/p>\n<ul class=\"linkliste\">\n<li><a href=\"https:\/\/www.rwg-bayreuth.de\/home\/wp-content\/uploads\/2013\/04\/RWG-Flyer-WWG-web-1.pdf\">Mehr Informationen zum Wirtschaftszweig am RWG&#8230;<\/a><\/li>\n<li><a href=\"https:\/\/www.rwg-bayreuth.de\/home\/?page_id=28391\">Infos zur Zweigwahl<\/a><\/li>\n<li><a href=\"https:\/\/www.rwg-bayreuth.de\/home\/wp-content\/uploads\/2013\/04\/WR_Umfrage.pdf\">Meinungen der Sch\u00fcler zum wirschaftswissenschaftlichen Zweig am RWG<\/a><\/li>\n<\/ul>\n<h2>Aktuelles<\/h2>\n<div style=\"max-width: 1000px\">\n<div class=\"rwg_post_list\"><article id=\"post-40705\"class=\"cf post-40705 post type-post status-publish format-standard has-post-thumbnail hentry category-allgemein tag-home tag-sozialkunde tag-wr\">\n \t\t<div class=\"entry-thumbnail fadein\"> \t\t\t<a href=\"https:\/\/www.rwg-bayreuth.de\/home\/?p=40705\"><img loading=\"lazy\" decoding=\"async\" width=\"1024\" height=\"683\" src=\"https:\/\/www.rwg-bayreuth.de\/home\/wp-content\/uploads\/2026\/01\/25-26-Ernennung-teen-court.jpg\" class=\"attachment-post-thumbnail size-post-thumbnail wp-post-image\" alt=\"\" srcset=\"https:\/\/www.rwg-bayreuth.de\/home\/wp-content\/uploads\/2026\/01\/25-26-Ernennung-teen-court.jpg 1024w, https:\/\/www.rwg-bayreuth.de\/home\/wp-content\/uploads\/2026\/01\/25-26-Ernennung-teen-court-150x100.jpg 150w, https:\/\/www.rwg-bayreuth.de\/home\/wp-content\/uploads\/2026\/01\/25-26-Ernennung-teen-court-450x300.jpg 450w, https:\/\/www.rwg-bayreuth.de\/home\/wp-content\/uploads\/2026\/01\/25-26-Ernennung-teen-court-768x512.jpg 768w, https:\/\/www.rwg-bayreuth.de\/home\/wp-content\/uploads\/2026\/01\/25-26-Ernennung-teen-court-250x167.jpg 250w, https:\/\/www.rwg-bayreuth.de\/home\/wp-content\/uploads\/2026\/01\/25-26-Ernennung-teen-court-900x600.jpg 900w\" sizes=\"(max-width: 1024px) 100vw, 1024px\" \/><\/a> \t\t<\/div><!-- end .entry-thumbnail -->\n<div class=\"meta-main-wrap\">\n  <div class=\"\">\n    <header class=\"entry-header\">\n      <div class=\"entry-cats\">\n        <div class=\"kategorie\"><a href=\"https:\/\/www.rwg-bayreuth.de\/home\/?cat=1\" rel=\"category\">Schulleben<\/a><\/div>\n<div class=\"entry-edit\" >      <div class=\"entry-date\" >\n        <a href=\"https:\/\/www.rwg-bayreuth.de\/home\/?p=40705\">16. Januar 2026<\/a>\n      <\/div><\/div><!-- end .entry-date -->\n      <\/div><!-- end .entry-cats -->\n<h2 class=\"entry-title\"><a href=\"https:\/\/www.rwg-bayreuth.de\/home\/?p=40705\" rel=\"bookmark\">Rechtsprechung auf Augenh\u00f6he: Vier RWGler Sch\u00fcler-Richter am ersten Bayreuther Teen Court<\/a><\/h2>\n    <\/header><!-- end .entry-header -->\n    <div class=\"entry-summary\">\nIm Jahr 2000 wurde der erste Teen Court in Bayern eingerichtet, genauer gesagt in Aschaffenburg. Bei diesem Projekt geht es darum, dass Jugendliche, die erstmal als Straft\u00e4ter bei geringf\u00fcgigen Delikten auff\u00e4llig werden, nicht direkt vor Gericht gestellt werden, sondern eine Verhandlung auf Augenh\u00f6he mit anderen Jugendlichen stattfindet. Begleitet werden Teen Courts durch die Staatsanwaltschaft und&hellip;\n  <\/div><!-- .entry-summary -->\n  <\/div><!-- .entry-main -->\n<\/div><!-- .meta-main-wrap -->\n<\/article><!-- end post -40705 -->\n<article id=\"post-39884\"class=\"cf post-39884 post type-post status-publish format-standard has-post-thumbnail hentry category-allgemein tag-home tag-wr\">\n \t\t<div class=\"entry-thumbnail fadein\"> \t\t\t<a href=\"https:\/\/www.rwg-bayreuth.de\/home\/?p=39884\"><img loading=\"lazy\" decoding=\"async\" width=\"1024\" height=\"683\" src=\"https:\/\/www.rwg-bayreuth.de\/home\/wp-content\/uploads\/2025\/10\/25-26-WR-FruechteDerArbeit-B.jpg\" class=\"attachment-post-thumbnail size-post-thumbnail wp-post-image\" alt=\"\" srcset=\"https:\/\/www.rwg-bayreuth.de\/home\/wp-content\/uploads\/2025\/10\/25-26-WR-FruechteDerArbeit-B.jpg 1024w, https:\/\/www.rwg-bayreuth.de\/home\/wp-content\/uploads\/2025\/10\/25-26-WR-FruechteDerArbeit-B-150x100.jpg 150w, https:\/\/www.rwg-bayreuth.de\/home\/wp-content\/uploads\/2025\/10\/25-26-WR-FruechteDerArbeit-B-450x300.jpg 450w, https:\/\/www.rwg-bayreuth.de\/home\/wp-content\/uploads\/2025\/10\/25-26-WR-FruechteDerArbeit-B-768x512.jpg 768w, https:\/\/www.rwg-bayreuth.de\/home\/wp-content\/uploads\/2025\/10\/25-26-WR-FruechteDerArbeit-B-250x167.jpg 250w, https:\/\/www.rwg-bayreuth.de\/home\/wp-content\/uploads\/2025\/10\/25-26-WR-FruechteDerArbeit-B-900x600.jpg 900w\" sizes=\"(max-width: 1024px) 100vw, 1024px\" \/><\/a> \t\t<\/div><!-- end .entry-thumbnail -->\n<div class=\"meta-main-wrap\">\n  <div class=\"\">\n    <header class=\"entry-header\">\n      <div class=\"entry-cats\">\n        <div class=\"kategorie\"><a href=\"https:\/\/www.rwg-bayreuth.de\/home\/?cat=1\" rel=\"category\">Schulleben<\/a><\/div>\n<div class=\"entry-edit\" >      <div class=\"entry-date\" >\n        <a href=\"https:\/\/www.rwg-bayreuth.de\/home\/?p=39884\">5. Oktober 2025<\/a>\n      <\/div><\/div><!-- end .entry-date -->\n      <\/div><!-- end .entry-cats -->\n<h2 class=\"entry-title\"><a href=\"https:\/\/www.rwg-bayreuth.de\/home\/?p=39884\" rel=\"bookmark\">Die Fr\u00fcchte der Arbeit \u2013 Zu Besuch bei Maisel&#038;Friends<\/a><\/h2>\n    <\/header><!-- end .entry-header -->\n    <div class=\"entry-summary\">\nIm letzten Schuljahr erstellten unsere Sch\u00fclerinnen und Sch\u00fcler des Wirtschaftszweigs der 11. Klassen ein Marketing Konzept f\u00fcr das neue Conference Center bei Maisel&#038;Friends. Als Dank f\u00fcr die getane Arbeit luden uns Michael Feuerstein,\u00a0Gesch\u00e4ftsfeldleiter Kultur &#038; Tourismus, und Julia Burkhardt, Leiterin des Conference Centers, zu einem Besuch in den Eventr\u00e4umen des Unternehmens ein. Hier konnte die&hellip;\n  <\/div><!-- .entry-summary -->\n  <\/div><!-- .entry-main -->\n<\/div><!-- .meta-main-wrap -->\n<\/article><!-- end post -39884 -->\n<article id=\"post-39190\"class=\"cf post-39190 post type-post status-publish format-standard has-post-thumbnail hentry category-allgemein tag-home tag-wr\">\n \t\t<div class=\"entry-thumbnail fadein\"> \t\t\t<a href=\"https:\/\/www.rwg-bayreuth.de\/home\/?p=39190\"><img loading=\"lazy\" decoding=\"async\" width=\"1717\" height=\"1145\" src=\"https:\/\/www.rwg-bayreuth.de\/home\/wp-content\/uploads\/2025\/07\/24-25-WR-Maisel-Titelfoto.jpg\" class=\"attachment-post-thumbnail size-post-thumbnail wp-post-image\" alt=\"\" srcset=\"https:\/\/www.rwg-bayreuth.de\/home\/wp-content\/uploads\/2025\/07\/24-25-WR-Maisel-Titelfoto.jpg 1717w, https:\/\/www.rwg-bayreuth.de\/home\/wp-content\/uploads\/2025\/07\/24-25-WR-Maisel-Titelfoto-1536x1024.jpg 1536w, https:\/\/www.rwg-bayreuth.de\/home\/wp-content\/uploads\/2025\/07\/24-25-WR-Maisel-Titelfoto-150x100.jpg 150w, https:\/\/www.rwg-bayreuth.de\/home\/wp-content\/uploads\/2025\/07\/24-25-WR-Maisel-Titelfoto-450x300.jpg 450w, https:\/\/www.rwg-bayreuth.de\/home\/wp-content\/uploads\/2025\/07\/24-25-WR-Maisel-Titelfoto-768x512.jpg 768w, https:\/\/www.rwg-bayreuth.de\/home\/wp-content\/uploads\/2025\/07\/24-25-WR-Maisel-Titelfoto-1024x683.jpg 1024w, https:\/\/www.rwg-bayreuth.de\/home\/wp-content\/uploads\/2025\/07\/24-25-WR-Maisel-Titelfoto-250x167.jpg 250w, https:\/\/www.rwg-bayreuth.de\/home\/wp-content\/uploads\/2025\/07\/24-25-WR-Maisel-Titelfoto-900x600.jpg 900w\" sizes=\"(max-width: 1717px) 100vw, 1717px\" \/><\/a> \t\t<\/div><!-- end .entry-thumbnail -->\n<div class=\"meta-main-wrap\">\n  <div class=\"\">\n    <header class=\"entry-header\">\n      <div class=\"entry-cats\">\n        <div class=\"kategorie\"><a href=\"https:\/\/www.rwg-bayreuth.de\/home\/?cat=1\" rel=\"category\">Schulleben<\/a><\/div>\n<div class=\"entry-edit\" >      <div class=\"entry-date\" >\n        <a href=\"https:\/\/www.rwg-bayreuth.de\/home\/?p=39190\">19. Juli 2025<\/a>\n      <\/div><\/div><!-- end .entry-date -->\n      <\/div><!-- end .entry-cats -->\n<h2 class=\"entry-title\"><a href=\"https:\/\/www.rwg-bayreuth.de\/home\/?p=39190\" rel=\"bookmark\">Wirtschaft live erleben \u2013 Kooperation mit Maisel&#038;Friends<\/a><\/h2>\n    <\/header><!-- end .entry-header -->\n    <div class=\"entry-summary\">\nEin besonderes Highlight des Schuljahres f\u00fcr den Wirtschaftszweig der 11. Klassen war die Kooperation mit Maisel&#038;Friends. Michael Feuerstein, Gesch\u00e4ftsfeldleiter Kultur &#038; Tourismus, sowie Julia Burkhardt, Leiterin des Conference Centers, stellten unseren Sch\u00fclerinnen und Sch\u00fclern zu Beginn des Schuljahres die Aufgabe, ein Marketingkonzept f\u00fcr das Conference Center zu erstellen. Die Gruppe erarbeitete Produktideen f\u00fcr private sowie&hellip;\n  <\/div><!-- .entry-summary -->\n  <\/div><!-- .entry-main -->\n<\/div><!-- .meta-main-wrap -->\n<\/article><!-- end post -39190 -->\n<article id=\"post-39317\"class=\"cf post-39317 post type-post status-publish format-standard has-post-thumbnail hentry category-allgemein tag-home tag-wr\">\n \t\t<div class=\"entry-thumbnail fadein\"> \t\t\t<a href=\"https:\/\/www.rwg-bayreuth.de\/home\/?p=39317\"><img loading=\"lazy\" decoding=\"async\" width=\"1024\" height=\"683\" src=\"https:\/\/www.rwg-bayreuth.de\/home\/wp-content\/uploads\/2025\/07\/24-25-WR-Staeubli-B.jpg\" class=\"attachment-post-thumbnail size-post-thumbnail wp-post-image\" alt=\"\" srcset=\"https:\/\/www.rwg-bayreuth.de\/home\/wp-content\/uploads\/2025\/07\/24-25-WR-Staeubli-B.jpg 1024w, https:\/\/www.rwg-bayreuth.de\/home\/wp-content\/uploads\/2025\/07\/24-25-WR-Staeubli-B-150x100.jpg 150w, https:\/\/www.rwg-bayreuth.de\/home\/wp-content\/uploads\/2025\/07\/24-25-WR-Staeubli-B-450x300.jpg 450w, https:\/\/www.rwg-bayreuth.de\/home\/wp-content\/uploads\/2025\/07\/24-25-WR-Staeubli-B-768x512.jpg 768w, https:\/\/www.rwg-bayreuth.de\/home\/wp-content\/uploads\/2025\/07\/24-25-WR-Staeubli-B-250x167.jpg 250w, https:\/\/www.rwg-bayreuth.de\/home\/wp-content\/uploads\/2025\/07\/24-25-WR-Staeubli-B-900x600.jpg 900w\" sizes=\"(max-width: 1024px) 100vw, 1024px\" \/><\/a> \t\t<\/div><!-- end .entry-thumbnail -->\n<div class=\"meta-main-wrap\">\n  <div class=\"\">\n    <header class=\"entry-header\">\n      <div class=\"entry-cats\">\n        <div class=\"kategorie\"><a href=\"https:\/\/www.rwg-bayreuth.de\/home\/?cat=1\" rel=\"category\">Schulleben<\/a><\/div>\n<div class=\"entry-edit\" >      <div class=\"entry-date\" >\n        <a href=\"https:\/\/www.rwg-bayreuth.de\/home\/?p=39317\">11. Juli 2025<\/a>\n      <\/div><\/div><!-- end .entry-date -->\n      <\/div><!-- end .entry-cats -->\n<h2 class=\"entry-title\"><a href=\"https:\/\/www.rwg-bayreuth.de\/home\/?p=39317\" rel=\"bookmark\">Unser Besuch bei der Firma St\u00e4ubli in Bayreuth \u2013 Technik zum Anfassen<\/a><\/h2>\n    <\/header><!-- end .entry-header -->\n    <div class=\"entry-summary\">\nIm Fach Wirtschaft und Recht haben wir uns im Wirtschaftszweig nicht nur mit Theorie besch\u00e4ftigt, sondern durften auch einen echten Einblick in die Arbeitswelt bekommen \u2013 bei der Firma St\u00e4ubli in Bayreuth. Der Besuch war super spannend und hat uns gezeigt, wie viele verschiedene Bereiche es in einem gro\u00dfen, internationalen Unternehmen geben kann. Bei der&hellip;\n  <\/div><!-- .entry-summary -->\n  <\/div><!-- .entry-main -->\n<\/div><!-- .meta-main-wrap -->\n<\/article><!-- end post -39317 -->\n<article id=\"post-39092\"class=\"cf post-39092 post type-post status-publish format-standard has-post-thumbnail hentry category-allgemein tag-home tag-wr\">\n \t\t<div class=\"entry-thumbnail fadein\"> \t\t\t<a href=\"https:\/\/www.rwg-bayreuth.de\/home\/?p=39092\"><img loading=\"lazy\" decoding=\"async\" width=\"1024\" height=\"683\" src=\"https:\/\/www.rwg-bayreuth.de\/home\/wp-content\/uploads\/2025\/06\/24-25-WR-Audi-Fahrt.jpg\" class=\"attachment-post-thumbnail size-post-thumbnail wp-post-image\" alt=\"\" srcset=\"https:\/\/www.rwg-bayreuth.de\/home\/wp-content\/uploads\/2025\/06\/24-25-WR-Audi-Fahrt.jpg 1024w, https:\/\/www.rwg-bayreuth.de\/home\/wp-content\/uploads\/2025\/06\/24-25-WR-Audi-Fahrt-150x100.jpg 150w, https:\/\/www.rwg-bayreuth.de\/home\/wp-content\/uploads\/2025\/06\/24-25-WR-Audi-Fahrt-450x300.jpg 450w, https:\/\/www.rwg-bayreuth.de\/home\/wp-content\/uploads\/2025\/06\/24-25-WR-Audi-Fahrt-768x512.jpg 768w, https:\/\/www.rwg-bayreuth.de\/home\/wp-content\/uploads\/2025\/06\/24-25-WR-Audi-Fahrt-250x167.jpg 250w, https:\/\/www.rwg-bayreuth.de\/home\/wp-content\/uploads\/2025\/06\/24-25-WR-Audi-Fahrt-900x600.jpg 900w\" sizes=\"(max-width: 1024px) 100vw, 1024px\" \/><\/a> \t\t<\/div><!-- end .entry-thumbnail -->\n<div class=\"meta-main-wrap\">\n  <div class=\"\">\n    <header class=\"entry-header\">\n      <div class=\"entry-cats\">\n        <div class=\"kategorie\"><a href=\"https:\/\/www.rwg-bayreuth.de\/home\/?cat=1\" rel=\"category\">Schulleben<\/a><\/div>\n<div class=\"entry-edit\" >      <div class=\"entry-date\" >\n        <a href=\"https:\/\/www.rwg-bayreuth.de\/home\/?p=39092\">21. Mai 2025<\/a>\n      <\/div><\/div><!-- end .entry-date -->\n      <\/div><!-- end .entry-cats -->\n<h2 class=\"entry-title\"><a href=\"https:\/\/www.rwg-bayreuth.de\/home\/?p=39092\" rel=\"bookmark\">Wirtschaft \u2013 Live, was l\u00e4uft hinter den Kulissen?<\/a><\/h2>\n    <\/header><!-- end .entry-header -->\n    <div class=\"entry-summary\">\nAm Dienstag, den 20.05.25 war f\u00fcr die RWGler mal wieder Wirtschaft-live angesagt. Am fr\u00fchen Morgen schon machten sich die Zehntkl\u00e4ssler des Wirtschaftszweiges und die Sch\u00fcler des Leistungsfaches Wirtschaft der Q12 mit ihren Lehrern Herrn Schill und Herrn Arzberger auf den Weg. Zusammen ging es nach Ingolstadt. Und f\u00fcr welche Marke kennt man diese Stadt? Richtig,&hellip;\n  <\/div><!-- .entry-summary -->\n  <\/div><!-- .entry-main -->\n<\/div><!-- .meta-main-wrap -->\n<\/article><!-- end post -39092 -->\n<article id=\"post-38409\"class=\"cf post-38409 post type-post status-publish format-standard has-post-thumbnail hentry category-allgemein tag-home tag-wr\">\n \t\t<div class=\"entry-thumbnail fadein\"> \t\t\t<a href=\"https:\/\/www.rwg-bayreuth.de\/home\/?p=38409\"><img loading=\"lazy\" decoding=\"async\" width=\"1024\" height=\"683\" src=\"https:\/\/www.rwg-bayreuth.de\/home\/wp-content\/uploads\/2025\/03\/24-25-WR-Bewaehrungshilfe.jpg\" class=\"attachment-post-thumbnail size-post-thumbnail wp-post-image\" alt=\"\" srcset=\"https:\/\/www.rwg-bayreuth.de\/home\/wp-content\/uploads\/2025\/03\/24-25-WR-Bewaehrungshilfe.jpg 1024w, https:\/\/www.rwg-bayreuth.de\/home\/wp-content\/uploads\/2025\/03\/24-25-WR-Bewaehrungshilfe-150x100.jpg 150w, https:\/\/www.rwg-bayreuth.de\/home\/wp-content\/uploads\/2025\/03\/24-25-WR-Bewaehrungshilfe-450x300.jpg 450w, https:\/\/www.rwg-bayreuth.de\/home\/wp-content\/uploads\/2025\/03\/24-25-WR-Bewaehrungshilfe-768x512.jpg 768w, https:\/\/www.rwg-bayreuth.de\/home\/wp-content\/uploads\/2025\/03\/24-25-WR-Bewaehrungshilfe-250x167.jpg 250w, https:\/\/www.rwg-bayreuth.de\/home\/wp-content\/uploads\/2025\/03\/24-25-WR-Bewaehrungshilfe-900x600.jpg 900w\" sizes=\"(max-width: 1024px) 100vw, 1024px\" \/><\/a> \t\t<\/div><!-- end .entry-thumbnail -->\n<div class=\"meta-main-wrap\">\n  <div class=\"\">\n    <header class=\"entry-header\">\n      <div class=\"entry-cats\">\n        <div class=\"kategorie\"><a href=\"https:\/\/www.rwg-bayreuth.de\/home\/?cat=1\" rel=\"category\">Schulleben<\/a><\/div>\n<div class=\"entry-edit\" >      <div class=\"entry-date\" >\n        <a href=\"https:\/\/www.rwg-bayreuth.de\/home\/?p=38409\">28. Februar 2025<\/a>\n      <\/div><\/div><!-- end .entry-date -->\n      <\/div><!-- end .entry-cats -->\n<h2 class=\"entry-title\"><a href=\"https:\/\/www.rwg-bayreuth.de\/home\/?p=38409\" rel=\"bookmark\">Oh Oh,  Bew\u00e4hrungshilfe in der Schule?<\/a><\/h2>\n    <\/header><!-- end .entry-header -->\n    <div class=\"entry-summary\">\nKeine Sorge, die beiden Damen von der Bew\u00e4hrungshilfe Bayreuth kamen nicht ans RWG wegen einer ihrer rund 600 Probanden, sondern besuchten passend zum aktuellen Unterrichtsinhalt, die Wirtschaftsklasse 10ad. Auf Vorschlag ihres Lehrers Herrn Schill hin, hatte eine Sch\u00fclerin mit den Bew\u00e4hrungshelfern Kontakt aufgenommen und eine spannende Pr\u00e4sentation f\u00fcr den 27. Februar, vereinbart. In den beiden&hellip;\n  <\/div><!-- .entry-summary -->\n  <\/div><!-- .entry-main -->\n<\/div><!-- .meta-main-wrap -->\n<\/article><!-- end post -38409 -->\n<article id=\"post-38181\"class=\"cf post-38181 post type-post status-publish format-standard has-post-thumbnail hentry category-allgemein tag-home tag-wr\">\n \t\t<div class=\"entry-thumbnail fadein\"> \t\t\t<a href=\"https:\/\/www.rwg-bayreuth.de\/home\/?p=38181\"><img loading=\"lazy\" decoding=\"async\" width=\"1024\" height=\"683\" src=\"https:\/\/www.rwg-bayreuth.de\/home\/wp-content\/uploads\/2025\/02\/24-25-WR-WOW-Effekt-B.jpg\" class=\"attachment-post-thumbnail size-post-thumbnail wp-post-image\" alt=\"\" srcset=\"https:\/\/www.rwg-bayreuth.de\/home\/wp-content\/uploads\/2025\/02\/24-25-WR-WOW-Effekt-B.jpg 1024w, https:\/\/www.rwg-bayreuth.de\/home\/wp-content\/uploads\/2025\/02\/24-25-WR-WOW-Effekt-B-150x100.jpg 150w, https:\/\/www.rwg-bayreuth.de\/home\/wp-content\/uploads\/2025\/02\/24-25-WR-WOW-Effekt-B-450x300.jpg 450w, https:\/\/www.rwg-bayreuth.de\/home\/wp-content\/uploads\/2025\/02\/24-25-WR-WOW-Effekt-B-768x512.jpg 768w, https:\/\/www.rwg-bayreuth.de\/home\/wp-content\/uploads\/2025\/02\/24-25-WR-WOW-Effekt-B-250x167.jpg 250w, https:\/\/www.rwg-bayreuth.de\/home\/wp-content\/uploads\/2025\/02\/24-25-WR-WOW-Effekt-B-900x600.jpg 900w\" sizes=\"(max-width: 1024px) 100vw, 1024px\" \/><\/a> \t\t<\/div><!-- end .entry-thumbnail -->\n<div class=\"meta-main-wrap\">\n  <div class=\"\">\n    <header class=\"entry-header\">\n      <div class=\"entry-cats\">\n        <div class=\"kategorie\"><a href=\"https:\/\/www.rwg-bayreuth.de\/home\/?cat=1\" rel=\"category\">Schulleben<\/a><\/div>\n<div class=\"entry-edit\" >      <div class=\"entry-date\" >\n        <a href=\"https:\/\/www.rwg-bayreuth.de\/home\/?p=38181\">22. Februar 2025<\/a>\n      <\/div><\/div><!-- end .entry-date -->\n      <\/div><!-- end .entry-cats -->\n<h2 class=\"entry-title\"><a href=\"https:\/\/www.rwg-bayreuth.de\/home\/?p=38181\" rel=\"bookmark\">Auf der Suche nach dem WOW-Effekt \u2013 Prof. Dr. Germelmann steigt mit uns in den Ring<\/a><\/h2>\n    <\/header><!-- end .entry-header -->\n    <div class=\"entry-summary\">\n\u201eWie k\u00f6nnen wir einen passenden Preis bestimmen?\u201c und \u201eWas halten Sie von einem Ugly Brother?\u201c Die Sch\u00fclerinnen und Sch\u00fcler des Wirtschaftszweigs der 11. Klassen hatten viele Fragen an Prof. Dr. Claas Germelmann und seine Mitarbeiterin Lisa Ross, die unsere Schule im Rahmen des Wirtschaftsprojekts besuchten. Prof. Germelmann leitet den Lehrstuhls f\u00fcr Marketing und Konsumentenverhalten an&hellip;\n  <\/div><!-- .entry-summary -->\n  <\/div><!-- .entry-main -->\n<\/div><!-- .meta-main-wrap -->\n<\/article><!-- end post -38181 -->\n<article id=\"post-38173\"class=\"cf post-38173 post type-post status-publish format-standard has-post-thumbnail hentry category-allgemein tag-home tag-wr\">\n \t\t<div class=\"entry-thumbnail fadein\"> \t\t\t<a href=\"https:\/\/www.rwg-bayreuth.de\/home\/?p=38173\"><img loading=\"lazy\" decoding=\"async\" width=\"1024\" height=\"683\" src=\"https:\/\/www.rwg-bayreuth.de\/home\/wp-content\/uploads\/2025\/02\/24-25-WR-Gerichtsbesuch-B.jpg\" class=\"attachment-post-thumbnail size-post-thumbnail wp-post-image\" alt=\"\" srcset=\"https:\/\/www.rwg-bayreuth.de\/home\/wp-content\/uploads\/2025\/02\/24-25-WR-Gerichtsbesuch-B.jpg 1024w, https:\/\/www.rwg-bayreuth.de\/home\/wp-content\/uploads\/2025\/02\/24-25-WR-Gerichtsbesuch-B-150x100.jpg 150w, https:\/\/www.rwg-bayreuth.de\/home\/wp-content\/uploads\/2025\/02\/24-25-WR-Gerichtsbesuch-B-450x300.jpg 450w, https:\/\/www.rwg-bayreuth.de\/home\/wp-content\/uploads\/2025\/02\/24-25-WR-Gerichtsbesuch-B-768x512.jpg 768w, https:\/\/www.rwg-bayreuth.de\/home\/wp-content\/uploads\/2025\/02\/24-25-WR-Gerichtsbesuch-B-250x167.jpg 250w, https:\/\/www.rwg-bayreuth.de\/home\/wp-content\/uploads\/2025\/02\/24-25-WR-Gerichtsbesuch-B-900x600.jpg 900w\" sizes=\"(max-width: 1024px) 100vw, 1024px\" \/><\/a> \t\t<\/div><!-- end .entry-thumbnail -->\n<div class=\"meta-main-wrap\">\n  <div class=\"\">\n    <header class=\"entry-header\">\n      <div class=\"entry-cats\">\n        <div class=\"kategorie\"><a href=\"https:\/\/www.rwg-bayreuth.de\/home\/?cat=1\" rel=\"category\">Schulleben<\/a><\/div>\n<div class=\"entry-edit\" >      <div class=\"entry-date\" >\n        <a href=\"https:\/\/www.rwg-bayreuth.de\/home\/?p=38173\">7. Februar 2025<\/a>\n      <\/div><\/div><!-- end .entry-date -->\n      <\/div><!-- end .entry-cats -->\n<h2 class=\"entry-title\"><a href=\"https:\/\/www.rwg-bayreuth.de\/home\/?p=38173\" rel=\"bookmark\">Ein sehr interessanter Tag am Amtsgericht Bayreuth<\/a><\/h2>\n    <\/header><!-- end .entry-header -->\n    <div class=\"entry-summary\">\nAm Donnerstag, dem 06.02.2025 besuchten wir, die Sch\u00fclerinnen und Sch\u00fcler der Klasse 10 a\/d des Wirtschaftszweiges, in Begleitung unseres Lehrers Herr Schill, das Amtsgericht. Wir hatten eine super Gelegenheit, uns verschiedene, f\u00fcr uns interessante Gerichtsverhandlungen zu erleben und Neues zu lernen. Es war mal eine ganz andere Erfahrung, das alles in der Realit\u00e4t zu erleben,&hellip;\n  <\/div><!-- .entry-summary -->\n  <\/div><!-- .entry-main -->\n<\/div><!-- .meta-main-wrap -->\n<\/article><!-- end post -38173 -->\n<article id=\"post-36861\"class=\"cf post-36861 post type-post status-publish format-standard has-post-thumbnail hentry category-allgemein tag-home tag-wr\">\n \t\t<div class=\"entry-thumbnail fadein\"> \t\t\t<a href=\"https:\/\/www.rwg-bayreuth.de\/home\/?p=36861\"><img loading=\"lazy\" decoding=\"async\" width=\"1024\" height=\"683\" src=\"https:\/\/www.rwg-bayreuth.de\/home\/wp-content\/uploads\/2024\/07\/23-24-WR-Faber-Castell-B.jpg\" class=\"attachment-post-thumbnail size-post-thumbnail wp-post-image\" alt=\"\" srcset=\"https:\/\/www.rwg-bayreuth.de\/home\/wp-content\/uploads\/2024\/07\/23-24-WR-Faber-Castell-B.jpg 1024w, https:\/\/www.rwg-bayreuth.de\/home\/wp-content\/uploads\/2024\/07\/23-24-WR-Faber-Castell-B-150x100.jpg 150w, https:\/\/www.rwg-bayreuth.de\/home\/wp-content\/uploads\/2024\/07\/23-24-WR-Faber-Castell-B-450x300.jpg 450w, https:\/\/www.rwg-bayreuth.de\/home\/wp-content\/uploads\/2024\/07\/23-24-WR-Faber-Castell-B-768x512.jpg 768w, https:\/\/www.rwg-bayreuth.de\/home\/wp-content\/uploads\/2024\/07\/23-24-WR-Faber-Castell-B-250x167.jpg 250w, https:\/\/www.rwg-bayreuth.de\/home\/wp-content\/uploads\/2024\/07\/23-24-WR-Faber-Castell-B-900x600.jpg 900w\" sizes=\"(max-width: 1024px) 100vw, 1024px\" \/><\/a> \t\t<\/div><!-- end .entry-thumbnail -->\n<div class=\"meta-main-wrap\">\n  <div class=\"\">\n    <header class=\"entry-header\">\n      <div class=\"entry-cats\">\n        <div class=\"kategorie\"><a href=\"https:\/\/www.rwg-bayreuth.de\/home\/?cat=1\" rel=\"category\">Schulleben<\/a><\/div>\n<div class=\"entry-edit\" >      <div class=\"entry-date\" >\n        <a href=\"https:\/\/www.rwg-bayreuth.de\/home\/?p=36861\">27. Juli 2024<\/a>\n      <\/div><\/div><!-- end .entry-date -->\n      <\/div><!-- end .entry-cats -->\n<h2 class=\"entry-title\"><a href=\"https:\/\/www.rwg-bayreuth.de\/home\/?p=36861\" rel=\"bookmark\">Wie sieht Wirtschaftsunterricht in der Praxis aus?<\/a><\/h2>\n    <\/header><!-- end .entry-header -->\n    <div class=\"entry-summary\">\nDas konnten die Sch\u00fclerinnen und Sch\u00fcler des Wirschaftszweiges der 9.&nbsp;Klassen gleich zweimal in diesem Schuljahr erleben. Ausflug zu Faber-Castell nach Stein Am 4.12.23 hie\u00df es f\u00fcr den Wirschaftszweig der neunten Jahrgangsstufe auf nach Stein. Nach einer nie langweilig werdenden Bus- und Bahnfahrt und einem kurzen Spaziergang sind alle RWG-Sch\u00fclerinnen und Sch\u00fcler in der Werkfertigung von&hellip;\n  <\/div><!-- .entry-summary -->\n  <\/div><!-- .entry-main -->\n<\/div><!-- .meta-main-wrap -->\n<\/article><!-- end post -36861 -->\n<article id=\"post-36795\"class=\"cf post-36795 post type-post status-publish format-standard has-post-thumbnail hentry category-allgemein tag-home tag-wr\">\n \t\t<div class=\"entry-thumbnail fadein\"> \t\t\t<a href=\"https:\/\/www.rwg-bayreuth.de\/home\/?p=36795\"><img loading=\"lazy\" decoding=\"async\" width=\"1024\" height=\"683\" src=\"https:\/\/www.rwg-bayreuth.de\/home\/wp-content\/uploads\/2024\/07\/23-24-WR-Audi-B.jpg\" class=\"attachment-post-thumbnail size-post-thumbnail wp-post-image\" alt=\"\" srcset=\"https:\/\/www.rwg-bayreuth.de\/home\/wp-content\/uploads\/2024\/07\/23-24-WR-Audi-B.jpg 1024w, https:\/\/www.rwg-bayreuth.de\/home\/wp-content\/uploads\/2024\/07\/23-24-WR-Audi-B-150x100.jpg 150w, https:\/\/www.rwg-bayreuth.de\/home\/wp-content\/uploads\/2024\/07\/23-24-WR-Audi-B-450x300.jpg 450w, https:\/\/www.rwg-bayreuth.de\/home\/wp-content\/uploads\/2024\/07\/23-24-WR-Audi-B-768x512.jpg 768w, https:\/\/www.rwg-bayreuth.de\/home\/wp-content\/uploads\/2024\/07\/23-24-WR-Audi-B-250x167.jpg 250w, https:\/\/www.rwg-bayreuth.de\/home\/wp-content\/uploads\/2024\/07\/23-24-WR-Audi-B-900x600.jpg 900w\" sizes=\"(max-width: 1024px) 100vw, 1024px\" \/><\/a> \t\t<\/div><!-- end .entry-thumbnail -->\n<div class=\"meta-main-wrap\">\n  <div class=\"\">\n    <header class=\"entry-header\">\n      <div class=\"entry-cats\">\n        <div class=\"kategorie\"><a href=\"https:\/\/www.rwg-bayreuth.de\/home\/?cat=1\" rel=\"category\">Schulleben<\/a><\/div>\n<div class=\"entry-edit\" >      <div class=\"entry-date\" >\n        <a href=\"https:\/\/www.rwg-bayreuth.de\/home\/?p=36795\">7. Juli 2024<\/a>\n      <\/div><\/div><!-- end .entry-date -->\n      <\/div><!-- end .entry-cats -->\n<h2 class=\"entry-title\"><a href=\"https:\/\/www.rwg-bayreuth.de\/home\/?p=36795\" rel=\"bookmark\">Vorsprung durch Technik? \u2013 Unser Besuch bei AUDI<\/a><\/h2>\n    <\/header><!-- end .entry-header -->\n    <div class=\"entry-summary\">\nMit dem Bus starteten wir fr\u00fch morgens, um uns auf den Weg zu AUDI in Ingolstadt zu machen. Nach der Ankunft im Audi Zentrum erhielten wir eine faszinierende F\u00fchrung durch die Produktionslinien, bei der wir den kompletten Herstellungsprozess eines Autos miterleben konnten. Anschlie\u00dfend besuchten wir das Audi Museum, wo wir die Geschichte und Entwicklung der&hellip;\n  <\/div><!-- .entry-summary -->\n  <\/div><!-- .entry-main -->\n<\/div><!-- .meta-main-wrap -->\n<\/article><!-- end post -36795 -->\n<\/div><!-- end .rwg_post_list -->\n<\/div>\n<h2>Wirtschaft und Recht in der Oberstufe<\/h2>\n<h3>Kurse<\/h3>\n<p>Wird WR in der Oberstufe zwei Jahre belegt, kann es als schriftliches oder m\u00fcndliches Abiturfach gew\u00e4hlt werden.<br \/>\nWirtschaftsinformatik kann \u2013 bei entsprechender Nachfrage \u2013 von Sch\u00fclerinnen und Sch\u00fclern der wirtschaftswissenschaftlichen Ausbildungsrichtung als Kurs bis zum (m\u00fcndlichen) Abitur belegt werden.<\/p>\n<p><!--\n\n\n<h3>W-Seminare<\/h3>\n\n\n&nbsp;\n--><\/p>\n<h3>P-Seminare<\/h3>\n<ul>\n<li>22\/23 Zukunftstr\/b\u00e4ume<br \/>\n<a href=\"https:\/\/www.rwg-bayreuth.de\/home\/?p=35080\">P-Seminar Zukunfts(tr\/b)\u00e4ume pflanzt 1. RWG-Wald<\/a><\/li>\n<li>21\/22: JUNIOR \u201e!ss was?!\u201c<br \/>\n<a href=\"https:\/\/www.rwg-bayreuth.de\/home\/?p=31641\">Das neue Sch\u00fclunternehmen \u201e!ss was?!\u201c stellt sich vor<\/a><\/li>\n<li>20\/21: JUNIOR \u201eThe GreeneBeene\u201c<br \/>\n<a href=\"https:\/\/www.rwg-bayreuth.de\/home\/?p=27080\">The GreeneBeene \u2013 DAS neue RWG-Unternehmen<\/a><\/li>\n<p><!-- \t\n\n\n\n<li>\n\n\n<h6>Von der Schulbibliothek zum \u201eMeet-and-Read\u201c 2017\/19<\/h6>\n\n\n\n\n<div style=\"width: 80%; margin-left: auto; margin-right: auto;\">[catlist tags=\"P-Seminar+WR\" template=templateRWG excerpt=full thumbnail=yes posts_morelink=\"\" after='2018\/03\/01' before='2019\/08\/31']<\/div>\n\n<\/li>\n\n\n \t\n\n<li>\n\n\n<h6>Planung, Organisation und Durchf\u00fchrung des Festakts zur 150-Jahrfeier des RWG 2016\/18<\/h6>\n\n\n[su_expand more_text=\"Beitr\u00e4ge zum P-Seminar anzeigen\" less_text=\"Beitr\u00e4ge verbergen\" height=\"0\" text_color=\"#1a1a1a\" link_color=\"#2b2b2b\" link_style=\"default\"]\n\n<div class=\"scroll-beitraege breite80\">[catlist tags=\"P-Seminar+WR\" template=templateRWG excerpt=full thumbnail=yes posts_morelink=\"\" after='2017\/07\/01' before='2017\/12\/31']<\/div>\n\n[\/su_expand]\n<\/li>\n\n\n \t\n\n<li>\n\n\n<h6>Junior-Unternehmensgr\u00fcndung: BastelSchere 2015\/17<\/h6>\n\n\n[su_expand more_text=\"Beitr\u00e4ge zum P-Seminar anzeigen\" less_text=\"Beitr\u00e4ge verbergen\" height=\"0\" text_color=\"#1a1a1a\" link_color=\"#2b2b2b\" link_style=\"default\"]\n\n<div class=\"scroll-beitraege breite80\">[catlist tags=\"P-Seminar+WR\" template=templateRWG excerpt=full thumbnail=yes posts_morelink=\"\" after='2015\/09\/01' before='2017\/06\/01']<\/div>\n\n[\/su_expand]\n<\/li>\n\n\n \t\n\n<li>\n\n\n<h6>Junior-Unternehmensgr\u00fcndung: Kunterp\u00fcnktchen 2014\/16<\/h6>\n\n\n[su_expand more_text=\"Beitr\u00e4ge zum P-Seminar anzeigen\" less_text=\"Beitr\u00e4ge verbergen\" height=\"0\" text_color=\"#1a1a1a\" link_color=\"#2b2b2b\" link_style=\"default\"]\n\n<div class=\"scroll-beitraege breite80\">[catlist tags=\"P-Seminar+WR\" template=templateRWG excerpt=full thumbnail=yes posts_morelink=\"mehr\" after='2014\/09\/01' before='2015\/08\/31']<\/div>\n\n[\/su_expand]\n<!--<a href=\"https:\/\/www.rwg-bayreuth.de\/home\/?p=7167\">Ein klasse Unternehmen<\/a>\n<a href=\"https:\/\/www.rwg-bayreuth.de\/home\/?p=5391\">Spende an die Kinderklinik<\/a>\n<a href=\"https:\/\/www.rwg-bayreuth.de\/home\/?p=4419\">Award f\u00fcr den besten Werbespot<\/a>\n<a href=\"https:\/\/www.rwg-bayreuth.de\/home\/?p=4365\">Endspurt der Geburtstagsprofis<\/a>--><\/li>\n<\/ul>\n<h2>Weiterf\u00fchrende Links:<\/h2>\n<ul class=\"linkliste\">\n<li class=\"top\"><a href=\"https:\/\/www.lehrplanplus.bayern.de\/schulart\/gymnasium\/inhalt\/fachlehrplaene?w_schulart=gymnasium&#038;wt_1=schulart&#038;w_fach=wirtschaftsinformatik&#038;wt_2=fach\" target=\"_blank\" rel=\"noopener noreferrer\">Lehrplan WR am Wirtschaftswissenschaftlichen Gymnasium<\/a><\/li>\n<li><a href=\"https:\/\/www.lehrplanplus.bayern.de\/schulart\/gymnasium\/inhalt\/fachlehrplaene?w_schulart=gymnasium&#038;wt_1=schulart&#038;w_fach=wirtschaft-und-recht&#038;wt_2=fach\" target=\"_blank\" rel=\"noopener noreferrer\">Lehrplan WR am Sprachlichen und am Sozialwissenschaftlichen Gymnasium<\/a><\/li>\n<li><a href=\"http:\/\/www.isb.bayern.de\/gymnasium\/lehrplan\/gymnasium\/fachprofil-ebene-2\/wirtschaftsinformatik\/333\/\" target=\"_blank\" rel=\"noopener noreferrer\">Lehrplan Wirtschaftsinformatik<\/a><\/li>\n<\/ul>\n","protected":false},"excerpt":{"rendered":"<p>Fachschaft Fachprofil Der Wirtschaftsunterricht ist seit mehr als 100 Jahren auch an h\u00f6heren Schulen in Bayern pr\u00e4sent. Die Zielsetzungen des Faches, das fr\u00fcher meist als \u201eWirtschaftslehre\u201c oder auch \u201eHandelskunde\u201c bezeichnet wurde, ergeben sich aus dem gegenw\u00e4rtigen Namen des Faches \u201eWirtschaft und Recht\u201c. Allgemeines zum Fach Das Fach Wirtschaft und Recht ist Pflichtfach in den Jahrgangsstufen&hellip;<\/p>\n","protected":false},"author":2,"featured_media":0,"parent":11135,"menu_order":10,"comment_status":"closed","ping_status":"closed","template":"page-templates\/no-sidebar.php","meta":{"footnotes":""},"tags":[54],"_links":{"self":[{"href":"https:\/\/www.rwg-bayreuth.de\/home\/index.php?rest_route=\/wp\/v2\/pages\/1720"}],"collection":[{"href":"https:\/\/www.rwg-bayreuth.de\/home\/index.php?rest_route=\/wp\/v2\/pages"}],"about":[{"href":"https:\/\/www.rwg-bayreuth.de\/home\/index.php?rest_route=\/wp\/v2\/types\/page"}],"author":[{"embeddable":true,"href":"https:\/\/www.rwg-bayreuth.de\/home\/index.php?rest_route=\/wp\/v2\/users\/2"}],"replies":[{"embeddable":true,"href":"https:\/\/www.rwg-bayreuth.de\/home\/index.php?rest_route=%2Fwp%2Fv2%2Fcomments&post=1720"}],"version-history":[{"count":187,"href":"https:\/\/www.rwg-bayreuth.de\/home\/index.php?rest_route=\/wp\/v2\/pages\/1720\/revisions"}],"predecessor-version":[{"id":38331,"href":"https:\/\/www.rwg-bayreuth.de\/home\/index.php?rest_route=\/wp\/v2\/pages\/1720\/revisions\/38331"}],"up":[{"embeddable":true,"href":"https:\/\/www.rwg-bayreuth.de\/home\/index.php?rest_route=\/wp\/v2\/pages\/11135"}],"wp:attachment":[{"href":"https:\/\/www.rwg-bayreuth.de\/home\/index.php?rest_route=%2Fwp%2Fv2%2Fmedia&parent=1720"}],"wp:term":[{"taxonomy":"post_tag","embeddable":true,"href":"https:\/\/www.rwg-bayreuth.de\/home\/index.php?rest_route=%2Fwp%2Fv2%2Ftags&post=1720"}],"curies":[{"name":"wp","href":"https:\/\/api.w.org\/{rel}","templated":true}]}}