{"id":1682,"date":"2013-04-10T18:59:11","date_gmt":"2013-04-10T17:59:11","guid":{"rendered":"http:\/\/www.rwg-bayreuth.de\/home\/?page_id=1682"},"modified":"2026-03-13T16:11:32","modified_gmt":"2026-03-13T15:11:32","slug":"evangelsiche-religionslehre","status":"publish","type":"page","link":"https:\/\/www.rwg-bayreuth.de\/home\/?page_id=1682","title":{"rendered":"Evangelische Religionslehre"},"content":{"rendered":"<p><img decoding=\"async\" class=\"alignnone size-full wp-image-13061\" src=\"https:\/\/www.rwg-bayreuth.de\/home\/wp-content\/uploads\/2017\/01\/Reli11.jpg\" alt=\"\" width=\"100%\" srcset=\"https:\/\/www.rwg-bayreuth.de\/home\/wp-content\/uploads\/2017\/01\/Reli11.jpg 960w, https:\/\/www.rwg-bayreuth.de\/home\/wp-content\/uploads\/2017\/01\/Reli11-150x50.jpg 150w, https:\/\/www.rwg-bayreuth.de\/home\/wp-content\/uploads\/2017\/01\/Reli11-450x150.jpg 450w, https:\/\/www.rwg-bayreuth.de\/home\/wp-content\/uploads\/2017\/01\/Reli11-768x256.jpg 768w, https:\/\/www.rwg-bayreuth.de\/home\/wp-content\/uploads\/2017\/01\/Reli11-250x83.jpg 250w, https:\/\/www.rwg-bayreuth.de\/home\/wp-content\/uploads\/2017\/01\/Reli11-600x200.jpg 600w\" sizes=\"(max-width: 960px) 100vw, 960px\" \/><\/p>\n<p><a href=\"https:\/\/www.rwg-bayreuth.de\/home\/wp-content\/uploads\/2013\/04\/Reli_Schruiftlogo_R.jpg\"><img loading=\"lazy\" decoding=\"async\" class=\"alignleft size-full wp-image-1684\" src=\"https:\/\/www.rwg-bayreuth.de\/home\/wp-content\/uploads\/2013\/04\/Reli_Schruiftlogo_R.jpg\" alt=\"\" width=\"150\" height=\"62\"><\/a>Das Fach Evangelische Religionslehre versteht sich als das \u201eSalz in der Suppe\u201c inmitten von anderen F\u00e4chern. Das macht dieses Fach so besonders: Wir wollen bei den Kindern und Jugendlichen das Bewusstsein daf\u00fcr sch\u00e4rfen, dass das Leben aus mehr besteht als aus dem Wunsch nach materiellen Dingen. Ein Kreuz in jedem Klassenzimmer symbolisiert: Die frohe Botschaft von Jesus Christus zeigt, dass Leben auch inmitten von Krisen, Leid und Versagen sinnvoll und sinnhaft sein kann: Eine Botschaft, die unser Miteinander in der  Gesellschaft barmherziger machen k\u00f6nnte.<\/p>\n<p><a href=\"https:\/\/www.rwg-bayreuth.de\/home\/wp-content\/uploads\/2013\/04\/Reli_Schruiftlogo_w.jpg\"><img loading=\"lazy\" decoding=\"async\" class=\"alignleft size-full wp-image-1685\" src=\"https:\/\/www.rwg-bayreuth.de\/home\/wp-content\/uploads\/2013\/04\/Reli_Schruiftlogo_w.jpg\" alt=\"\" width=\"150\" height=\"62\"><\/a>Die Prinzipien der allgemeinen Menschenrechte und das Grundgesetz Deutschlands greifen auf ethische Werte zur\u00fcck, die in der Bibel ihren Ursprung haben: Die 10 Gebote und das Gebot der N\u00e4chstenliebe. Wir wollen Sch\u00fclerinnen und Sch\u00fcler daf\u00fcr begeistern, sich mit uns auf die Suche nach diesen Werten und diesem Wissen in der Welt zu begeben. Der Blick aus jedem Fenster der Schule auf die Stadt symbolisiert: Wir wollen die Aktualit\u00e4t der christlichen Botschaft weiter tragen und selber als Zeugen daf\u00fcr einstehen mit unserem Unterricht und unserem Leben.<\/p>\n<p><a href=\"https:\/\/www.rwg-bayreuth.de\/home\/wp-content\/uploads\/2013\/04\/Reli_Schruiftlogo_G.jpg\"><img loading=\"lazy\" decoding=\"async\" class=\"alignleft size-full wp-image-1686\" src=\"https:\/\/www.rwg-bayreuth.de\/home\/wp-content\/uploads\/2013\/04\/Reli_Schruiftlogo_G.jpg\" alt=\"\" width=\"150\" height=\"62\"><\/a>Aus vielen Klassenzimmern im RWG kann man auch auf die evangelische Stadtkirche blicken: Ein Symbol daf\u00fcr, dass Martin Luthers Lehre von der Gnade Gottes, die er uns schenkt, in der Welt umgesetzt werden kann: F\u00fcr den Menschen kaum fassbar ist das reformatorische Kernst\u00fcck des Glaubens, die umfassende Gnade Gottes uns Menschen gegen\u00fcber. Neben  der Stadtkirche ist weiter links der Turm der r\u00f6misch-katholischen Schlosskirche zu sehen: So gibt es ein gutes, \u00f6kumenisches Miteinander am RWG.<\/p>\n<p><a href=\"https:\/\/www.rwg-bayreuth.de\/home\/wp-content\/uploads\/2013\/04\/Fachschaft-Evang-religion-kirche.jpg\"><img decoding=\"async\" class=\"alignright size-full wp-image-1694\" src=\"https:\/\/www.rwg-bayreuth.de\/home\/wp-content\/uploads\/2013\/04\/Fachschaft-Evang-religion-kirche.jpg\" alt=\"\" width=\"200\" srcset=\"https:\/\/www.rwg-bayreuth.de\/home\/wp-content\/uploads\/2013\/04\/Fachschaft-Evang-religion-kirche.jpg 159w, https:\/\/www.rwg-bayreuth.de\/home\/wp-content\/uploads\/2013\/04\/Fachschaft-Evang-religion-kirche-150x131.jpg 150w\" sizes=\"(max-width: 159px) 100vw, 159px\" \/><\/a><\/p>\n<p>Sie bestimmen auch den Kurs unseres Unterrichts und unserer Aktivit\u00e4ten am Richard-Wagner-Gymnasium:<\/p>\n<h3>Besondere Aktivit\u00e4ten des Fachs Evangelische Religionslehre am RWG<\/h3>\n<ul>\n<li>Schulpatenschaft mit dem Pangani Lutheran Children Center Nairobi <a href=\"http:\/\/www.PLCC-Nairobi.org\" target=\"_blank\" rel=\"noopener noreferrer\">[mehr&#8230;]<\/a><\/li>\n<li>F\u00f6rderung des respektvollen und h\u00f6flichen Umgangs miteinander<\/li>\n<li>Achtung vor der Sch\u00f6pfung Gottes<\/li>\n<li>\u00f6kumenische Schulgottesdienste<\/li>\n<li>Partnerschaft zwischen dem RWG und der Diakonie Bayreuth<\/li>\n<li>Teilnahme an Sammlungen des Diakonischen Werkes<\/li>\n<li>Unterst\u00fctzung von diakonischen Projekten, z.B. \u201eMNT\u201c ( Medizinische Notversorgung Tansania) oder \u201eBrot f\u00fcr die Welt\u201c<\/li>\n<li>Durchf\u00fchrung von W-Seminaren in der Oberstufe<\/li>\n<li>Angebot einer seelsorgerlicher Beratung<\/li>\n<\/ul>\n<h2>Fachschaft<\/h2>\n<p><a href=\"https:\/\/www.rwg-bayreuth.de\/home\/wp-content\/uploads\/2020\/09\/Fachschaft-EvReligion.jpg\"><img decoding=\"async\" src=\"https:\/\/www.rwg-bayreuth.de\/home\/wp-content\/uploads\/2020\/09\/Fachschaft-EvReligion.jpg\" alt=\"\" width=\"900\" height=\"auto\" class=\"alignnone size-full wp-image-27101 fachschaftsbild\" srcset=\"https:\/\/www.rwg-bayreuth.de\/home\/wp-content\/uploads\/2020\/09\/Fachschaft-EvReligion.jpg 900w, https:\/\/www.rwg-bayreuth.de\/home\/wp-content\/uploads\/2020\/09\/Fachschaft-EvReligion-450x338.jpg 450w, https:\/\/www.rwg-bayreuth.de\/home\/wp-content\/uploads\/2020\/09\/Fachschaft-EvReligion-768x576.jpg 768w, https:\/\/www.rwg-bayreuth.de\/home\/wp-content\/uploads\/2020\/09\/Fachschaft-EvReligion-250x188.jpg 250w, https:\/\/www.rwg-bayreuth.de\/home\/wp-content\/uploads\/2020\/09\/Fachschaft-EvReligion-600x450.jpg 600w\" sizes=\"(max-width: 900px) 100vw, 900px\" \/><\/a><\/p>\n<h2>Grundwissen<\/h2>\n<ul class=\"linkliste\">\n<li><a href=\"https:\/\/www.rwg-bayreuth.de\/home\/wp-content\/uploads\/2020\/09\/Grundwissen-evReligion.pdf\">Grundwissen 5\/6\/7<\/a><\/li>\n<\/ul>\n<h2>Aktuelles<\/h2>\n<div style=\"max-width: 1000px\">\n<div class=\"rwg_post_list\"><article id=\"post-41211\"class=\"cf post-41211 post type-post status-publish format-standard has-post-thumbnail hentry category-allgemein tag-home tag-relievangelisch\">\n \t\t<div class=\"entry-thumbnail fadein\"> \t\t\t<a href=\"https:\/\/www.rwg-bayreuth.de\/home\/?p=41211\"><img loading=\"lazy\" decoding=\"async\" width=\"1024\" height=\"683\" src=\"https:\/\/www.rwg-bayreuth.de\/home\/wp-content\/uploads\/2026\/04\/25-26-RWGonAir-B.jpg\" class=\"attachment-post-thumbnail size-post-thumbnail wp-post-image\" alt=\"\" srcset=\"https:\/\/www.rwg-bayreuth.de\/home\/wp-content\/uploads\/2026\/04\/25-26-RWGonAir-B.jpg 1024w, https:\/\/www.rwg-bayreuth.de\/home\/wp-content\/uploads\/2026\/04\/25-26-RWGonAir-B-150x100.jpg 150w, https:\/\/www.rwg-bayreuth.de\/home\/wp-content\/uploads\/2026\/04\/25-26-RWGonAir-B-450x300.jpg 450w, https:\/\/www.rwg-bayreuth.de\/home\/wp-content\/uploads\/2026\/04\/25-26-RWGonAir-B-768x512.jpg 768w, https:\/\/www.rwg-bayreuth.de\/home\/wp-content\/uploads\/2026\/04\/25-26-RWGonAir-B-250x167.jpg 250w, https:\/\/www.rwg-bayreuth.de\/home\/wp-content\/uploads\/2026\/04\/25-26-RWGonAir-B-900x600.jpg 900w\" sizes=\"(max-width: 1024px) 100vw, 1024px\" \/><\/a> \t\t<\/div><!-- end .entry-thumbnail -->\n<div class=\"meta-main-wrap\">\n  <div class=\"\">\n    <header class=\"entry-header\">\n      <div class=\"entry-cats\">\n        <div class=\"kategorie\"><a href=\"https:\/\/www.rwg-bayreuth.de\/home\/?cat=1\" rel=\"category\">Schulleben<\/a><\/div>\n<div class=\"entry-edit\" >      <div class=\"entry-date\" >\n        <a href=\"https:\/\/www.rwg-bayreuth.de\/home\/?p=41211\">22. April 2026<\/a>\n      <\/div><\/div><!-- end .entry-date -->\n      <\/div><!-- end .entry-cats -->\n<h2 class=\"entry-title\"><a href=\"https:\/\/www.rwg-bayreuth.de\/home\/?p=41211\" rel=\"bookmark\">RWG on Air: Gedanken zum Tag bei Radio Mainwelle<\/a><\/h2>\n    <\/header><!-- end .entry-header -->\n    <div class=\"entry-summary\">\nW\u00e4hrend aktuell die Beitr\u00e4ge unserer Elftkl\u00e4ssler zum Thema \u201eBibel\u201c schon jeden Morgen auf der Mainwelle zu h\u00f6ren sind, haben elf Sch\u00fclerinnen und Sch\u00fcler der Klassen 10b und c am 21.4. ihre Andachten zum Thema \u201eGl\u00fcck\u201c im Studio von Radio Mainwelle einsprechen d\u00fcrfen. Es war eine ganz besondere Erfahrung, im Studio mit Profi Martin Sollik zusammenzuarbeiten.&hellip;\n  <\/div><!-- .entry-summary -->\n  <\/div><!-- .entry-main -->\n<\/div><!-- .meta-main-wrap -->\n<\/article><!-- end post -41211 -->\n<article id=\"post-40314\"class=\"cf post-40314 post type-post status-publish format-standard has-post-thumbnail hentry category-allgemein tag-ethik tag-home tag-relievangelisch tag-relikatholisch\">\n \t\t<div class=\"entry-thumbnail fadein\"> \t\t\t<a href=\"https:\/\/www.rwg-bayreuth.de\/home\/?p=40314\"><img loading=\"lazy\" decoding=\"async\" width=\"1200\" height=\"800\" src=\"https:\/\/www.rwg-bayreuth.de\/home\/wp-content\/uploads\/2025\/12\/25-26-Reli-WeihnachtspostMitHerz-B.jpg\" class=\"attachment-post-thumbnail size-post-thumbnail wp-post-image\" alt=\"\" srcset=\"https:\/\/www.rwg-bayreuth.de\/home\/wp-content\/uploads\/2025\/12\/25-26-Reli-WeihnachtspostMitHerz-B.jpg 1200w, https:\/\/www.rwg-bayreuth.de\/home\/wp-content\/uploads\/2025\/12\/25-26-Reli-WeihnachtspostMitHerz-B-150x100.jpg 150w, https:\/\/www.rwg-bayreuth.de\/home\/wp-content\/uploads\/2025\/12\/25-26-Reli-WeihnachtspostMitHerz-B-450x300.jpg 450w, https:\/\/www.rwg-bayreuth.de\/home\/wp-content\/uploads\/2025\/12\/25-26-Reli-WeihnachtspostMitHerz-B-768x512.jpg 768w, https:\/\/www.rwg-bayreuth.de\/home\/wp-content\/uploads\/2025\/12\/25-26-Reli-WeihnachtspostMitHerz-B-1024x683.jpg 1024w, https:\/\/www.rwg-bayreuth.de\/home\/wp-content\/uploads\/2025\/12\/25-26-Reli-WeihnachtspostMitHerz-B-250x167.jpg 250w, https:\/\/www.rwg-bayreuth.de\/home\/wp-content\/uploads\/2025\/12\/25-26-Reli-WeihnachtspostMitHerz-B-900x600.jpg 900w\" sizes=\"(max-width: 1200px) 100vw, 1200px\" \/><\/a> \t\t<\/div><!-- end .entry-thumbnail -->\n<div class=\"meta-main-wrap\">\n  <div class=\"\">\n    <header class=\"entry-header\">\n      <div class=\"entry-cats\">\n        <div class=\"kategorie\"><a href=\"https:\/\/www.rwg-bayreuth.de\/home\/?cat=1\" rel=\"category\">Schulleben<\/a><\/div>\n<div class=\"entry-edit\" >      <div class=\"entry-date\" >\n        <a href=\"https:\/\/www.rwg-bayreuth.de\/home\/?p=40314\">9. Dezember 2025<\/a>\n      <\/div><\/div><!-- end .entry-date -->\n      <\/div><!-- end .entry-cats -->\n<h2 class=\"entry-title\"><a href=\"https:\/\/www.rwg-bayreuth.de\/home\/?p=40314\" rel=\"bookmark\">\u201eWeihnachtspost mit Herz\u201c \u2013 ein besonderes Projekt am RWG<\/a><\/h2>\n    <\/header><!-- end .entry-header -->\n    <div class=\"entry-summary\">\nDie Weihnachtszeit hat f\u00fcr uns am RWG einen besonderen Stellenwert: Sie erinnert uns daran, innezuhalten, f\u00fcreinander da zu sein und anderen etwas zur\u00fcckzugeben. Aus diesem Gedanken heraus entstand in den Fachschaften Religion und Ethik der Wunsch, ein Projekt umzusetzen, das genau diesen Geist der N\u00e4chstenliebe sichtbar macht. So entstand die Idee, an der Aktion \u201eWeihnachtspost&hellip;\n  <\/div><!-- .entry-summary -->\n  <\/div><!-- .entry-main -->\n<\/div><!-- .meta-main-wrap -->\n<\/article><!-- end post -40314 -->\n<article id=\"post-40274\"class=\"cf post-40274 post type-post status-publish format-standard has-post-thumbnail hentry category-allgemein tag-ethik tag-home tag-relievangelisch tag-relikatholisch\">\n \t\t<div class=\"entry-thumbnail fadein\"> \t\t\t<a href=\"https:\/\/www.rwg-bayreuth.de\/home\/?p=40274\"><img loading=\"lazy\" decoding=\"async\" width=\"1024\" height=\"683\" src=\"https:\/\/www.rwg-bayreuth.de\/home\/wp-content\/uploads\/2025\/11\/25-26-AktionLichtblick-B.jpg\" class=\"attachment-post-thumbnail size-post-thumbnail wp-post-image\" alt=\"\" srcset=\"https:\/\/www.rwg-bayreuth.de\/home\/wp-content\/uploads\/2025\/11\/25-26-AktionLichtblick-B.jpg 1024w, https:\/\/www.rwg-bayreuth.de\/home\/wp-content\/uploads\/2025\/11\/25-26-AktionLichtblick-B-150x100.jpg 150w, https:\/\/www.rwg-bayreuth.de\/home\/wp-content\/uploads\/2025\/11\/25-26-AktionLichtblick-B-450x300.jpg 450w, https:\/\/www.rwg-bayreuth.de\/home\/wp-content\/uploads\/2025\/11\/25-26-AktionLichtblick-B-768x512.jpg 768w, https:\/\/www.rwg-bayreuth.de\/home\/wp-content\/uploads\/2025\/11\/25-26-AktionLichtblick-B-250x167.jpg 250w, https:\/\/www.rwg-bayreuth.de\/home\/wp-content\/uploads\/2025\/11\/25-26-AktionLichtblick-B-900x600.jpg 900w\" sizes=\"(max-width: 1024px) 100vw, 1024px\" \/><\/a> \t\t<\/div><!-- end .entry-thumbnail -->\n<div class=\"meta-main-wrap\">\n  <div class=\"\">\n    <header class=\"entry-header\">\n      <div class=\"entry-cats\">\n        <div class=\"kategorie\"><a href=\"https:\/\/www.rwg-bayreuth.de\/home\/?cat=1\" rel=\"category\">Schulleben<\/a><\/div>\n<div class=\"entry-edit\" >      <div class=\"entry-date\" >\n        <a href=\"https:\/\/www.rwg-bayreuth.de\/home\/?p=40274\">30. November 2025<\/a>\n      <\/div><\/div><!-- end .entry-date -->\n      <\/div><!-- end .entry-cats -->\n<h2 class=\"entry-title\"><a href=\"https:\/\/www.rwg-bayreuth.de\/home\/?p=40274\" rel=\"bookmark\">Aktion Lichtblick<\/a><\/h2>\n    <\/header><!-- end .entry-header -->\n    <div class=\"entry-summary\">\nLiebe Eltern, liebe Sch\u00fclerinnen und Sch\u00fcler! Die dunkle Zeit ist da \u2013 kurz vor der Wintersonnwende verlassen wir oft im Dunklen unser Zuhause und kehren nach der Arbeit oder dem Unterricht auch erst wieder dorthin zur\u00fcck, wenn die Sonne schon wieder untergegangen ist. Auch in unseren Herzen wird es in dieser Zeit manchmal dunkel: Sorgen&hellip;\n  <\/div><!-- .entry-summary -->\n  <\/div><!-- .entry-main -->\n<\/div><!-- .meta-main-wrap -->\n<\/article><!-- end post -40274 -->\n<article id=\"post-37682\"class=\"cf post-37682 post type-post status-publish format-standard has-post-thumbnail hentry category-allgemein tag-home tag-relievangelisch tag-sport\">\n \t\t<div class=\"entry-thumbnail fadein\"> \t\t\t<a href=\"https:\/\/www.rwg-bayreuth.de\/home\/?p=37682\"><img loading=\"lazy\" decoding=\"async\" width=\"2016\" height=\"1344\" src=\"https:\/\/www.rwg-bayreuth.de\/home\/wp-content\/uploads\/2024\/12\/24-25-ParalympicsTeilnehmerin-B.jpg\" class=\"attachment-post-thumbnail size-post-thumbnail wp-post-image\" alt=\"\" srcset=\"https:\/\/www.rwg-bayreuth.de\/home\/wp-content\/uploads\/2024\/12\/24-25-ParalympicsTeilnehmerin-B.jpg 2016w, https:\/\/www.rwg-bayreuth.de\/home\/wp-content\/uploads\/2024\/12\/24-25-ParalympicsTeilnehmerin-B-1536x1024.jpg 1536w, https:\/\/www.rwg-bayreuth.de\/home\/wp-content\/uploads\/2024\/12\/24-25-ParalympicsTeilnehmerin-B-150x100.jpg 150w, https:\/\/www.rwg-bayreuth.de\/home\/wp-content\/uploads\/2024\/12\/24-25-ParalympicsTeilnehmerin-B-450x300.jpg 450w, https:\/\/www.rwg-bayreuth.de\/home\/wp-content\/uploads\/2024\/12\/24-25-ParalympicsTeilnehmerin-B-768x512.jpg 768w, https:\/\/www.rwg-bayreuth.de\/home\/wp-content\/uploads\/2024\/12\/24-25-ParalympicsTeilnehmerin-B-1024x683.jpg 1024w, https:\/\/www.rwg-bayreuth.de\/home\/wp-content\/uploads\/2024\/12\/24-25-ParalympicsTeilnehmerin-B-250x167.jpg 250w, https:\/\/www.rwg-bayreuth.de\/home\/wp-content\/uploads\/2024\/12\/24-25-ParalympicsTeilnehmerin-B-900x600.jpg 900w\" sizes=\"(max-width: 2016px) 100vw, 2016px\" \/><\/a> \t\t<\/div><!-- end .entry-thumbnail -->\n<div class=\"meta-main-wrap\">\n  <div class=\"\">\n    <header class=\"entry-header\">\n      <div class=\"entry-cats\">\n        <div class=\"kategorie\"><a href=\"https:\/\/www.rwg-bayreuth.de\/home\/?cat=1\" rel=\"category\">Schulleben<\/a><\/div>\n<div class=\"entry-edit\" >      <div class=\"entry-date\" >\n        <a href=\"https:\/\/www.rwg-bayreuth.de\/home\/?p=37682\">13. Dezember 2024<\/a>\n      <\/div><\/div><!-- end .entry-date -->\n      <\/div><!-- end .entry-cats -->\n<h2 class=\"entry-title\"><a href=\"https:\/\/www.rwg-bayreuth.de\/home\/?p=37682\" rel=\"bookmark\">Sport mit Paralympics-Star: Medaillengewinnerin leitet RWG-Sch\u00fclerinnen durch Parcours<\/a><\/h2>\n    <\/header><!-- end .entry-header -->\n    <div class=\"entry-summary\">\nMaria Paulig ist Guide \u2013 also Begleitperson \u2013 f\u00fcr die paralympische Triathletin Anja Renner. Sie ist damit eine von f\u00fcnf im deutschen Kader, die in Paris dabei waren und unterst\u00fctzte ihre sehbehinderte Partnerin dabei, 750 Meter zu schwimmen, 20 Kilometer Rad zu fahren und f\u00fcnf Kilometer zu laufen. Eine Stunde und acht Minuten brauchten Renner&hellip;\n  <\/div><!-- .entry-summary -->\n  <\/div><!-- .entry-main -->\n<\/div><!-- .meta-main-wrap -->\n<\/article><!-- end post -37682 -->\n<article id=\"post-37386\"class=\"cf post-37386 post type-post status-publish format-standard has-post-thumbnail hentry category-allgemein tag-ethik tag-home tag-relievangelisch tag-relikatholisch\">\n \t\t<div class=\"entry-thumbnail fadein\"> \t\t\t<a href=\"https:\/\/www.rwg-bayreuth.de\/home\/?p=37386\"><img loading=\"lazy\" decoding=\"async\" width=\"1024\" height=\"683\" src=\"https:\/\/www.rwg-bayreuth.de\/home\/wp-content\/uploads\/2024\/12\/24-25-Weihnachtskugelverkauf-PLCC-B.jpg\" class=\"attachment-post-thumbnail size-post-thumbnail wp-post-image\" alt=\"\" srcset=\"https:\/\/www.rwg-bayreuth.de\/home\/wp-content\/uploads\/2024\/12\/24-25-Weihnachtskugelverkauf-PLCC-B.jpg 1024w, https:\/\/www.rwg-bayreuth.de\/home\/wp-content\/uploads\/2024\/12\/24-25-Weihnachtskugelverkauf-PLCC-B-150x100.jpg 150w, https:\/\/www.rwg-bayreuth.de\/home\/wp-content\/uploads\/2024\/12\/24-25-Weihnachtskugelverkauf-PLCC-B-450x300.jpg 450w, https:\/\/www.rwg-bayreuth.de\/home\/wp-content\/uploads\/2024\/12\/24-25-Weihnachtskugelverkauf-PLCC-B-768x512.jpg 768w, https:\/\/www.rwg-bayreuth.de\/home\/wp-content\/uploads\/2024\/12\/24-25-Weihnachtskugelverkauf-PLCC-B-250x167.jpg 250w, https:\/\/www.rwg-bayreuth.de\/home\/wp-content\/uploads\/2024\/12\/24-25-Weihnachtskugelverkauf-PLCC-B-900x600.jpg 900w\" sizes=\"(max-width: 1024px) 100vw, 1024px\" \/><\/a> \t\t<\/div><!-- end .entry-thumbnail -->\n<div class=\"meta-main-wrap\">\n  <div class=\"\">\n    <header class=\"entry-header\">\n      <div class=\"entry-cats\">\n        <div class=\"kategorie\"><a href=\"https:\/\/www.rwg-bayreuth.de\/home\/?cat=1\" rel=\"category\">Schulleben<\/a><\/div>\n<div class=\"entry-edit\" >      <div class=\"entry-date\" >\n        <a href=\"https:\/\/www.rwg-bayreuth.de\/home\/?p=37386\">2. Dezember 2024<\/a>\n      <\/div><\/div><!-- end .entry-date -->\n      <\/div><!-- end .entry-cats -->\n<h2 class=\"entry-title\"><a href=\"https:\/\/www.rwg-bayreuth.de\/home\/?p=37386\" rel=\"bookmark\">Weihnachtskugelverkauf f\u00fcrs PLCC<\/a><\/h2>\n    <\/header><!-- end .entry-header -->\n    <div class=\"entry-summary\">\nLiebe Eltern, liebe Sch\u00fclerinnen und Sch\u00fcler! in vielen Familien werden sie derzeit wieder aus dem Keller oder vom Dachboden hervorgekramt, auch unseren sch\u00f6nen Schul-Christbaum schm\u00fccken sie immer: die Weihnachtskugeln. Urspr\u00fcnglich mit \u00c4pfeln und anderen Leckereien dekoriert, ziert die klassische Weihnachtskugel aus Glas wohl aus Gr\u00fcnden der Armut den Christbaum \u2013 wer sich f\u00fcr die Geschichte&hellip;\n  <\/div><!-- .entry-summary -->\n  <\/div><!-- .entry-main -->\n<\/div><!-- .meta-main-wrap -->\n<\/article><!-- end post -37386 -->\n<\/div><!-- end .rwg_post_list -->\n<\/div>\n<h2>Weiterf\u00fchrende Links<\/h2>\n<ul class=\"linkliste\">\n<li class=\"top\"><a href=\"https:\/\/www.lehrplanplus.bayern.de\/schulart\/gymnasium\/fach\/evangelische-religionslehre\/inhalt\/fachlehrplaene\" target=\"_blank\" rel=\"noopener noreferrer\">LehrplanPLUS<\/a><\/li>\n<li><a href=\"http:\/\/www.isb.bayern.de\/gymnasium\/lehrplan\/gymnasium\/fachprofil-ebene-2\/evangelische-religionslehre\/311\/\" target=\"_blank\" rel=\"noopener noreferrer\">Lehrplan (G8)<\/a><\/li>\n<\/ul>\n","protected":false},"excerpt":{"rendered":"<p>Das Fach Evangelische Religionslehre versteht sich als das \u201eSalz in der Suppe\u201c inmitten von anderen F\u00e4chern. Das macht dieses Fach so besonders: Wir wollen bei den Kindern und Jugendlichen das Bewusstsein daf\u00fcr sch\u00e4rfen, dass das Leben aus mehr besteht als aus dem Wunsch nach materiellen Dingen. Ein Kreuz in jedem Klassenzimmer symbolisiert: Die frohe Botschaft&hellip;<\/p>\n","protected":false},"author":2,"featured_media":0,"parent":11135,"menu_order":15,"comment_status":"closed","ping_status":"closed","template":"page-templates\/no-sidebar.php","meta":{"footnotes":""},"tags":[54],"_links":{"self":[{"href":"https:\/\/www.rwg-bayreuth.de\/home\/index.php?rest_route=\/wp\/v2\/pages\/1682"}],"collection":[{"href":"https:\/\/www.rwg-bayreuth.de\/home\/index.php?rest_route=\/wp\/v2\/pages"}],"about":[{"href":"https:\/\/www.rwg-bayreuth.de\/home\/index.php?rest_route=\/wp\/v2\/types\/page"}],"author":[{"embeddable":true,"href":"https:\/\/www.rwg-bayreuth.de\/home\/index.php?rest_route=\/wp\/v2\/users\/2"}],"replies":[{"embeddable":true,"href":"https:\/\/www.rwg-bayreuth.de\/home\/index.php?rest_route=%2Fwp%2Fv2%2Fcomments&post=1682"}],"version-history":[{"count":45,"href":"https:\/\/www.rwg-bayreuth.de\/home\/index.php?rest_route=\/wp\/v2\/pages\/1682\/revisions"}],"predecessor-version":[{"id":22131,"href":"https:\/\/www.rwg-bayreuth.de\/home\/index.php?rest_route=\/wp\/v2\/pages\/1682\/revisions\/22131"}],"up":[{"embeddable":true,"href":"https:\/\/www.rwg-bayreuth.de\/home\/index.php?rest_route=\/wp\/v2\/pages\/11135"}],"wp:attachment":[{"href":"https:\/\/www.rwg-bayreuth.de\/home\/index.php?rest_route=%2Fwp%2Fv2%2Fmedia&parent=1682"}],"wp:term":[{"taxonomy":"post_tag","embeddable":true,"href":"https:\/\/www.rwg-bayreuth.de\/home\/index.php?rest_route=%2Fwp%2Fv2%2Ftags&post=1682"}],"curies":[{"name":"wp","href":"https:\/\/api.w.org\/{rel}","templated":true}]}}