{"id":1598,"date":"2013-04-09T21:01:36","date_gmt":"2013-04-09T20:01:36","guid":{"rendered":"http:\/\/www.rwg-bayreuth.de\/home\/?page_id=1598"},"modified":"2024-01-17T20:49:31","modified_gmt":"2024-01-17T19:49:31","slug":"1598-2","status":"publish","type":"page","link":"https:\/\/www.rwg-bayreuth.de\/home\/?page_id=1598","title":{"rendered":"Franz\u00f6sisch"},"content":{"rendered":"<p><img decoding=\"async\" src=\"https:\/\/www.rwg-bayreuth.de\/home\/wp-content\/uploads\/2024\/01\/Franzoesisch-FranziskaWolf.jpg\" alt=\"\" width=\"100%\" height=\"auto\" class=\"aligncenter size-full wp-image-35648\" srcset=\"https:\/\/www.rwg-bayreuth.de\/home\/wp-content\/uploads\/2024\/01\/Franzoesisch-FranziskaWolf.jpg 1920w, https:\/\/www.rwg-bayreuth.de\/home\/wp-content\/uploads\/2024\/01\/Franzoesisch-FranziskaWolf-1536x512.jpg 1536w, https:\/\/www.rwg-bayreuth.de\/home\/wp-content\/uploads\/2024\/01\/Franzoesisch-FranziskaWolf-150x50.jpg 150w, https:\/\/www.rwg-bayreuth.de\/home\/wp-content\/uploads\/2024\/01\/Franzoesisch-FranziskaWolf-450x150.jpg 450w, https:\/\/www.rwg-bayreuth.de\/home\/wp-content\/uploads\/2024\/01\/Franzoesisch-FranziskaWolf-768x256.jpg 768w, https:\/\/www.rwg-bayreuth.de\/home\/wp-content\/uploads\/2024\/01\/Franzoesisch-FranziskaWolf-1024x341.jpg 1024w, https:\/\/www.rwg-bayreuth.de\/home\/wp-content\/uploads\/2024\/01\/Franzoesisch-FranziskaWolf-250x83.jpg 250w\" sizes=\"(max-width: 1920px) 100vw, 1920px\" \/><\/p>\n<p><!--<img decoding=\"async\" src=\"https:\/\/www.rwg-bayreuth.de\/home\/wp-content\/uploads\/2017\/01\/Franz\u00f6sisch1.jpg\" alt=\"\" width=\"100%\"  class=\"alignnone size-full wp-image-13068\" srcset=\"https:\/\/www.rwg-bayreuth.de\/home\/wp-content\/uploads\/2017\/01\/Franz\u00f6sisch1.jpg 960w, https:\/\/www.rwg-bayreuth.de\/home\/wp-content\/uploads\/2017\/01\/Franz\u00f6sisch1-150x50.jpg 150w, https:\/\/www.rwg-bayreuth.de\/home\/wp-content\/uploads\/2017\/01\/Franz\u00f6sisch1-450x150.jpg 450w, https:\/\/www.rwg-bayreuth.de\/home\/wp-content\/uploads\/2017\/01\/Franz\u00f6sisch1-768x256.jpg 768w, https:\/\/www.rwg-bayreuth.de\/home\/wp-content\/uploads\/2017\/01\/Franz\u00f6sisch1-250x83.jpg 250w, https:\/\/www.rwg-bayreuth.de\/home\/wp-content\/uploads\/2017\/01\/Franz\u00f6sisch1-600x200.jpg 600w\" sizes=\"(max-width: 960px) 100vw, 960px\" \/>\n--><\/p>\n<h2>Fachschaft<\/h2>\n<p><a href=\"https:\/\/www.rwg-bayreuth.de\/home\/wp-content\/uploads\/2020\/10\/Fachschaft-Franzoesisch.jpg\"><img decoding=\"async\" src=\"https:\/\/www.rwg-bayreuth.de\/home\/wp-content\/uploads\/2020\/10\/Fachschaft-Franzoesisch.jpg\" alt=\"\" width=\"900\" height=\"auto\" class=\"alignnone size-full wp-image-27168  fachschaftsbild\" srcset=\"https:\/\/www.rwg-bayreuth.de\/home\/wp-content\/uploads\/2020\/10\/Fachschaft-Franzoesisch.jpg 900w, https:\/\/www.rwg-bayreuth.de\/home\/wp-content\/uploads\/2020\/10\/Fachschaft-Franzoesisch-450x300.jpg 450w, https:\/\/www.rwg-bayreuth.de\/home\/wp-content\/uploads\/2020\/10\/Fachschaft-Franzoesisch-768x511.jpg 768w, https:\/\/www.rwg-bayreuth.de\/home\/wp-content\/uploads\/2020\/10\/Fachschaft-Franzoesisch-250x166.jpg 250w\" sizes=\"(max-width: 900px) 100vw, 900px\" \/><\/a><\/p>\n<p>Franz\u00f6sisch ist immer noch eine wichtige Weltsprache. Es ist kein Zufall, dass \u201eKultur\u201c, \u201eEsprit\u201c und \u201eFlair\u201c dem Franz\u00f6sischen entlehnt sind. Wer in Europa seinen Weg machen will, braucht die Sprachen der europ\u00e4ischen Partner.<\/p>\n<p>Die Annahme, dass die Kenntnis des Englischen daf\u00fcr ausreiche, ist ein Irrtum, denn \u00fcber 50% der EG-Bev\u00f6lkerung spricht eine romanische Muttersprache. Die romanischen Sprachen fungieren f\u00fcreinander als \u201aBr\u00fcckensprachen\u2019: Wer Franz\u00f6sisch kann, kennt bereits die Grundgrammatiken und sehr weite Wortschatzbereiche des Spanischen, Italienischen und Portugiesischen. Im Unterschied zu den alten Sprachen schult Franz\u00f6sisch F\u00e4higkeiten, die f\u00fcr das Erlernen weiterer lebender Sprachen wichtig sind. Dies betrifft die H\u00f6r-, Sprech- und Schreibf\u00e4higkeit in der Zielsprache, den Umgang mit modernen Lerntechniken. Kurz: Das Erlernen lebender Sprachen schafft Lernkompetenz f\u00fcr das Erlernen weiterer lebender Sprachen.<\/p>\n<p>Franz\u00f6sisch ist die Sprache unseres wichtigsten Partners in Politik und Handel. Franz\u00f6sisch ist zudem die Sprache mehrerer Nachbarn: Frankreich, Schweiz und Belgien.<\/p>\n<p>Deutsche und franz\u00f6sische Universit\u00e4ten bieten zunehmend integrierte Studieng\u00e4nge an, die einen berufsqualifizierenden Abschluss f\u00fcr den franz\u00f6sischen und den deutschen Arbeitsmarkt vermitteln, und zwar in sehr vielen Bereichen, von den Ingenieurwissenschaften und den Rechtswissenschaften bis hin zur Kunst. Voraussetzung: gute Kenntnis der Partnersprache.<\/p>\n<p>Mehr als jede andere lebende fremdsprachige Kultur hat Frankreich jahrhundertelang Deutschland in engster Weise beeinflusst. Franz\u00f6sisches wurde so ein wichtiger Bestandteil der deutschen Kultur selbst. Descartes, Montesquieu, Rousseau, Voltaire, Victor Hugo, Paul Val\u00e9ry, Jean-Paul Sartre, die Menschenrechte, Revolution und Republik, die Freiheit des Denkens, Paris \u2013 Stadt der Kunst\u2026 Wer in Deutschland als gebildet gelten will, tut gut daran, Franz\u00f6sisch zu k\u00f6nnen.<\/p>\n<h2>Franz\u00f6sisch am RWG<\/h2>\n<div id=\"attachment_22617\" style=\"width: 460px\" class=\"wp-caption alignright\"><a href=\"https:\/\/www.rwg-bayreuth.de\/home\/wp-content\/uploads\/2019\/09\/19-20-VorlesewettbewerbFranz\u00f6sisch.jpg\"><img loading=\"lazy\" decoding=\"async\" aria-describedby=\"caption-attachment-22617\" src=\"https:\/\/www.rwg-bayreuth.de\/home\/wp-content\/uploads\/2019\/09\/19-20-VorlesewettbewerbFranz\u00f6sisch-450x300.jpg\" alt=\"\" width=\"450\" height=\"300\" class=\"size-medium wp-image-22617\" srcset=\"https:\/\/www.rwg-bayreuth.de\/home\/wp-content\/uploads\/2019\/09\/19-20-VorlesewettbewerbFranz\u00f6sisch-450x300.jpg 450w, https:\/\/www.rwg-bayreuth.de\/home\/wp-content\/uploads\/2019\/09\/19-20-VorlesewettbewerbFranz\u00f6sisch-768x512.jpg 768w, https:\/\/www.rwg-bayreuth.de\/home\/wp-content\/uploads\/2019\/09\/19-20-VorlesewettbewerbFranz\u00f6sisch.jpg 1024w, https:\/\/www.rwg-bayreuth.de\/home\/wp-content\/uploads\/2019\/09\/19-20-VorlesewettbewerbFranz\u00f6sisch-250x167.jpg 250w, https:\/\/www.rwg-bayreuth.de\/home\/wp-content\/uploads\/2019\/09\/19-20-VorlesewettbewerbFranz\u00f6sisch-900x600.jpg 900w\" sizes=\"(max-width: 450px) 100vw, 450px\" \/><\/a><p id=\"caption-attachment-22617\" class=\"wp-caption-text\">Die Siegerin beim franz\u00f6sischen Vorlesewettbewerb: Nora Vogl vom RWG<\/p><\/div>\n<p>Franz\u00f6sisch hat am Richard-Wagner-Gymnasium eine lange Tradition: An der ehemaligen \u201eH\u00f6heren T\u00f6chterschule\u201c war es die wichtigste Fremdsprache in einer Zeit, in der es einfach zum guten Ton geh\u00f6rte, franz\u00f6sisch zu \u201eparlieren\u201c. \u00dcber Jahrzehnte hinweg, bis einige Jahre ins 21. Jahrhundert hinein, wurde Franz\u00f6sisch wahlweise als zweite oder dritte Fremdsprache angeboten.<\/p>\n<p>Heute kann Franz\u00f6sisch am RWG als 2. Fremdsprache mit Beginn der 6. Jahrgangsstufe gew\u00e4hlt werden.<br \/>\nEine entsprechende Nachfrage vorausgesetzt, kann Franz\u00f6sisch am RWG auch als 3. Fremdsprache im sprachlichen Zweig (nach Englisch und Latein und in Alternative zu Italienisch und Spanisch) gew\u00e4hlt werden. Leider wird diese M\u00f6glichkeit zur Zeit wegen mangelnder Teilnehmerzahlen nicht angeboten \u2013 aber das kann sich ja wieder \u00e4ndern\u2026<\/p>\n<p>In den Jahrgangsstufen 6 \u2013 8 und in der Oberstufe wird Franz\u00f6sisch als 2. Fremdsprache 4-st\u00fcndig, in den 9. und 10. Klassen 3-st\u00fcndig unterrichtet.<\/p>\n<h2 class=\"clear\">Aktuelles<\/h2>\n<div style=\"max-width: 1000px\">\n<div class=\"rwg_post_list\"><article id=\"post-38892\"class=\"cf post-38892 post type-post status-publish format-standard has-post-thumbnail hentry category-allgemein tag-franzoesisch tag-home\">\n \t\t<div class=\"entry-thumbnail fadein\"> \t\t\t<a href=\"https:\/\/www.rwg-bayreuth.de\/home\/?p=38892\"><img loading=\"lazy\" decoding=\"async\" width=\"1024\" height=\"683\" src=\"https:\/\/www.rwg-bayreuth.de\/home\/wp-content\/uploads\/2025\/05\/24-25-Franzoesisch-CrepeParty-B.jpg\" class=\"attachment-post-thumbnail size-post-thumbnail wp-post-image\" alt=\"\" srcset=\"https:\/\/www.rwg-bayreuth.de\/home\/wp-content\/uploads\/2025\/05\/24-25-Franzoesisch-CrepeParty-B.jpg 1024w, https:\/\/www.rwg-bayreuth.de\/home\/wp-content\/uploads\/2025\/05\/24-25-Franzoesisch-CrepeParty-B-150x100.jpg 150w, https:\/\/www.rwg-bayreuth.de\/home\/wp-content\/uploads\/2025\/05\/24-25-Franzoesisch-CrepeParty-B-450x300.jpg 450w, https:\/\/www.rwg-bayreuth.de\/home\/wp-content\/uploads\/2025\/05\/24-25-Franzoesisch-CrepeParty-B-768x512.jpg 768w, https:\/\/www.rwg-bayreuth.de\/home\/wp-content\/uploads\/2025\/05\/24-25-Franzoesisch-CrepeParty-B-250x167.jpg 250w, https:\/\/www.rwg-bayreuth.de\/home\/wp-content\/uploads\/2025\/05\/24-25-Franzoesisch-CrepeParty-B-900x600.jpg 900w\" sizes=\"(max-width: 1024px) 100vw, 1024px\" \/><\/a> \t\t<\/div><!-- end .entry-thumbnail -->\n<div class=\"meta-main-wrap\">\n  <div class=\"\">\n    <header class=\"entry-header\">\n      <div class=\"entry-cats\">\n        <div class=\"kategorie\"><a href=\"https:\/\/www.rwg-bayreuth.de\/home\/?cat=1\" rel=\"category\">Schulleben<\/a><\/div>\n<div class=\"entry-edit\" >      <div class=\"entry-date\" >\n        <a href=\"https:\/\/www.rwg-bayreuth.de\/home\/?p=38892\">30. Mai 2025<\/a>\n      <\/div><\/div><!-- end .entry-date -->\n      <\/div><!-- end .entry-cats -->\n<h2 class=\"entry-title\"><a href=\"https:\/\/www.rwg-bayreuth.de\/home\/?p=38892\" rel=\"bookmark\">Cr\u00eape-Partyyyyy !!!<\/a><\/h2>\n    <\/header><!-- end .entry-header -->\n    <div class=\"entry-summary\">\nDass Franz\u00f6sischlernen nicht nur Vokabeln und Grammatik lernen bedeutet, wissen die Sch\u00fclerinnen und Sch\u00fcler der Franz\u00f6sischlerngruppe 6ab ganz genau. Nachdem sie in diesem Schuljahr nicht nur das eine oder andere franz\u00f6sische Fr\u00fchst\u00fcck mit knusprigem Baguette und leckeren Croissants organisiert haben und in den Genuss original franz\u00f6sischer Madeleines gekommen sind, war es nun an der Zeit&hellip;\n  <\/div><!-- .entry-summary -->\n  <\/div><!-- .entry-main -->\n<\/div><!-- .meta-main-wrap -->\n<\/article><!-- end post -38892 -->\n<article id=\"post-39028\"class=\"cf post-39028 post type-post status-publish format-standard has-post-thumbnail hentry category-allgemein tag-franzoesisch tag-home tag-wettbewerb\">\n \t\t<div class=\"entry-thumbnail fadein\"> \t\t\t<a href=\"https:\/\/www.rwg-bayreuth.de\/home\/?p=39028\"><img loading=\"lazy\" decoding=\"async\" width=\"1024\" height=\"683\" src=\"https:\/\/www.rwg-bayreuth.de\/home\/wp-content\/uploads\/2025\/05\/24-25-Franzoesisch-Vorlesewettbewerb.jpg\" class=\"attachment-post-thumbnail size-post-thumbnail wp-post-image\" alt=\"\" srcset=\"https:\/\/www.rwg-bayreuth.de\/home\/wp-content\/uploads\/2025\/05\/24-25-Franzoesisch-Vorlesewettbewerb.jpg 1024w, https:\/\/www.rwg-bayreuth.de\/home\/wp-content\/uploads\/2025\/05\/24-25-Franzoesisch-Vorlesewettbewerb-150x100.jpg 150w, https:\/\/www.rwg-bayreuth.de\/home\/wp-content\/uploads\/2025\/05\/24-25-Franzoesisch-Vorlesewettbewerb-450x300.jpg 450w, https:\/\/www.rwg-bayreuth.de\/home\/wp-content\/uploads\/2025\/05\/24-25-Franzoesisch-Vorlesewettbewerb-768x512.jpg 768w, https:\/\/www.rwg-bayreuth.de\/home\/wp-content\/uploads\/2025\/05\/24-25-Franzoesisch-Vorlesewettbewerb-250x167.jpg 250w, https:\/\/www.rwg-bayreuth.de\/home\/wp-content\/uploads\/2025\/05\/24-25-Franzoesisch-Vorlesewettbewerb-900x600.jpg 900w\" sizes=\"(max-width: 1024px) 100vw, 1024px\" \/><\/a> \t\t<\/div><!-- end .entry-thumbnail -->\n<div class=\"meta-main-wrap\">\n  <div class=\"\">\n    <header class=\"entry-header\">\n      <div class=\"entry-cats\">\n        <div class=\"kategorie\"><a href=\"https:\/\/www.rwg-bayreuth.de\/home\/?cat=1\" rel=\"category\">Schulleben<\/a><\/div>\n<div class=\"entry-edit\" >      <div class=\"entry-date\" >\n        <a href=\"https:\/\/www.rwg-bayreuth.de\/home\/?p=39028\">9. Mai 2025<\/a>\n      <\/div><\/div><!-- end .entry-date -->\n      <\/div><!-- end .entry-cats -->\n<h2 class=\"entry-title\"><a href=\"https:\/\/www.rwg-bayreuth.de\/home\/?p=39028\" rel=\"bookmark\">Unsere Teilnahme am franz\u00f6sischen Vorlesewettbewerb<\/a><\/h2>\n    <\/header><!-- end .entry-header -->\n    <div class=\"entry-summary\">\nNach gr\u00fcndlicher Vorbereitung, den Klassenentscheiden und einem knappen Schulentscheid stand eine Woche vor den Osterferien die Gewinnerin fest: Margarete Lauterbach (8e) w\u00fcrde das RWG beim 28. Vorlesewettbewerb der Deutsch-Franz\u00f6sischen Gesellschaft Bayreuth am 7. Mai im \u201eZentrum\u201c vertreten. Die Teilnehmerinnen und Teilnehmer bereiten f\u00fcr den Wettbewerb einen ungef\u00e4hr dreimin\u00fctigen Vorlesetext aus einem \u201eechten\u201c franz\u00f6sischen Werk vor&hellip;\n  <\/div><!-- .entry-summary -->\n  <\/div><!-- .entry-main -->\n<\/div><!-- .meta-main-wrap -->\n<\/article><!-- end post -39028 -->\n<article id=\"post-36514\"class=\"cf post-36514 post type-post status-publish format-standard has-post-thumbnail hentry category-allgemein tag-franzoesisch tag-home tag-wettbewerb\">\n \t\t<div class=\"entry-thumbnail fadein\"> \t\t\t<a href=\"https:\/\/www.rwg-bayreuth.de\/home\/?p=36514\"><img loading=\"lazy\" decoding=\"async\" width=\"1024\" height=\"683\" src=\"https:\/\/www.rwg-bayreuth.de\/home\/wp-content\/uploads\/2024\/04\/23-24-Franzoesisch-Vorlesewettbewerb-B.jpg\" class=\"attachment-post-thumbnail size-post-thumbnail wp-post-image\" alt=\"\" srcset=\"https:\/\/www.rwg-bayreuth.de\/home\/wp-content\/uploads\/2024\/04\/23-24-Franzoesisch-Vorlesewettbewerb-B.jpg 1024w, https:\/\/www.rwg-bayreuth.de\/home\/wp-content\/uploads\/2024\/04\/23-24-Franzoesisch-Vorlesewettbewerb-B-150x100.jpg 150w, https:\/\/www.rwg-bayreuth.de\/home\/wp-content\/uploads\/2024\/04\/23-24-Franzoesisch-Vorlesewettbewerb-B-450x300.jpg 450w, https:\/\/www.rwg-bayreuth.de\/home\/wp-content\/uploads\/2024\/04\/23-24-Franzoesisch-Vorlesewettbewerb-B-768x512.jpg 768w, https:\/\/www.rwg-bayreuth.de\/home\/wp-content\/uploads\/2024\/04\/23-24-Franzoesisch-Vorlesewettbewerb-B-250x167.jpg 250w, https:\/\/www.rwg-bayreuth.de\/home\/wp-content\/uploads\/2024\/04\/23-24-Franzoesisch-Vorlesewettbewerb-B-900x600.jpg 900w\" sizes=\"(max-width: 1024px) 100vw, 1024px\" \/><\/a> \t\t<\/div><!-- end .entry-thumbnail -->\n<div class=\"meta-main-wrap\">\n  <div class=\"\">\n    <header class=\"entry-header\">\n      <div class=\"entry-cats\">\n        <div class=\"kategorie\"><a href=\"https:\/\/www.rwg-bayreuth.de\/home\/?cat=1\" rel=\"category\">Schulleben<\/a><\/div>\n<div class=\"entry-edit\" >      <div class=\"entry-date\" >\n        <a href=\"https:\/\/www.rwg-bayreuth.de\/home\/?p=36514\">2. Mai 2024<\/a>\n      <\/div><\/div><!-- end .entry-date -->\n      <\/div><!-- end .entry-cats -->\n<h2 class=\"entry-title\"><a href=\"https:\/\/www.rwg-bayreuth.de\/home\/?p=36514\" rel=\"bookmark\">Dritter Platz beim franz\u00f6sischen Vorlesewettbewerb<\/a><\/h2>\n    <\/header><!-- end .entry-header -->\n    <div class=\"entry-summary\">\nDieses Jahr wurde das RWG beim Vorlesewettbewerb der Deutsch-Franz\u00f6sischen Gesellschaft Bayreuth erfolgreich von Johann G\u00f6tz (8c) vertreten. Gratulation zum wohlverdienten dritten Platz! Der Vorlesewettbewerb fand nun bereits zum 27. Mal statt und es nahmen neben dem RWG jeweils eine Kandidatin oder ein Kandidat des GMG, WWG, MWG, der Alexander-von-Humboldt-Realschule und der Gesamtschule Hollfeld teil. Die&hellip;\n  <\/div><!-- .entry-summary -->\n  <\/div><!-- .entry-main -->\n<\/div><!-- .meta-main-wrap -->\n<\/article><!-- end post -36514 -->\n<article id=\"post-34259\"class=\"cf post-34259 post type-post status-publish format-standard has-post-thumbnail hentry category-allgemein tag-franzoesisch tag-home tag-p-seminar\">\n \t\t<div class=\"entry-thumbnail fadein\"> \t\t\t<a href=\"https:\/\/www.rwg-bayreuth.de\/home\/?p=34259\"><img loading=\"lazy\" decoding=\"async\" width=\"1024\" height=\"683\" src=\"https:\/\/www.rwg-bayreuth.de\/home\/wp-content\/uploads\/2023\/07\/22-23-Franzoesisch-Boule-B.jpg\" class=\"attachment-post-thumbnail size-post-thumbnail wp-post-image\" alt=\"\" srcset=\"https:\/\/www.rwg-bayreuth.de\/home\/wp-content\/uploads\/2023\/07\/22-23-Franzoesisch-Boule-B.jpg 1024w, https:\/\/www.rwg-bayreuth.de\/home\/wp-content\/uploads\/2023\/07\/22-23-Franzoesisch-Boule-B-450x300.jpg 450w, https:\/\/www.rwg-bayreuth.de\/home\/wp-content\/uploads\/2023\/07\/22-23-Franzoesisch-Boule-B-150x100.jpg 150w, https:\/\/www.rwg-bayreuth.de\/home\/wp-content\/uploads\/2023\/07\/22-23-Franzoesisch-Boule-B-768x512.jpg 768w, https:\/\/www.rwg-bayreuth.de\/home\/wp-content\/uploads\/2023\/07\/22-23-Franzoesisch-Boule-B-250x167.jpg 250w, https:\/\/www.rwg-bayreuth.de\/home\/wp-content\/uploads\/2023\/07\/22-23-Franzoesisch-Boule-B-900x600.jpg 900w\" sizes=\"(max-width: 1024px) 100vw, 1024px\" \/><\/a> \t\t<\/div><!-- end .entry-thumbnail -->\n<div class=\"meta-main-wrap\">\n  <div class=\"\">\n    <header class=\"entry-header\">\n      <div class=\"entry-cats\">\n        <div class=\"kategorie\"><a href=\"https:\/\/www.rwg-bayreuth.de\/home\/?cat=1\" rel=\"category\">Schulleben<\/a><\/div>\n<div class=\"entry-edit\" >      <div class=\"entry-date\" >\n        <a href=\"https:\/\/www.rwg-bayreuth.de\/home\/?p=34259\">12. Juli 2023<\/a>\n      <\/div><\/div><!-- end .entry-date -->\n      <\/div><!-- end .entry-cats -->\n<h2 class=\"entry-title\"><a href=\"https:\/\/www.rwg-bayreuth.de\/home\/?p=34259\" rel=\"bookmark\">Boule-Aktionstag des P-Seminars \u201edeutsch-franz\u00f6sischer Tag\u201c<\/a><\/h2>\n    <\/header><!-- end .entry-header -->\n    <div class=\"entry-summary\">\nDas P-Seminar \u201edeutsch-franz\u00f6sischer Tag\u201c veranstaltete am 10. Juli 2023 einen kleinen Spieletag f\u00fcr die Franz\u00f6sischlernenden der 7. Klassen am Neuen Schloss. Wir stellten den Sch\u00fclerInnen gemeinsam mit unserem externen Partner Herr Lindner, der langj\u00e4hriger und erfahrener Boulespieler ist, das franz\u00f6sische Kugelspiel vor. Die Sch\u00fclerInnen durften dann nat\u00fcrlich auch sofort selbst Boule spielen und wurden mit&hellip;\n  <\/div><!-- .entry-summary -->\n  <\/div><!-- .entry-main -->\n<\/div><!-- .meta-main-wrap -->\n<\/article><!-- end post -34259 -->\n<article id=\"post-34267\"class=\"cf post-34267 post type-post status-publish format-standard has-post-thumbnail hentry category-allgemein tag-franzoesisch tag-home tag-p-seminar\">\n \t\t<div class=\"entry-thumbnail fadein\"> \t\t\t<a href=\"https:\/\/www.rwg-bayreuth.de\/home\/?p=34267\"><img loading=\"lazy\" decoding=\"async\" width=\"1024\" height=\"683\" src=\"https:\/\/www.rwg-bayreuth.de\/home\/wp-content\/uploads\/2023\/07\/22-23-Franzoesisch-Maerchenstunde-B.jpg\" class=\"attachment-post-thumbnail size-post-thumbnail wp-post-image\" alt=\"\" srcset=\"https:\/\/www.rwg-bayreuth.de\/home\/wp-content\/uploads\/2023\/07\/22-23-Franzoesisch-Maerchenstunde-B.jpg 1024w, https:\/\/www.rwg-bayreuth.de\/home\/wp-content\/uploads\/2023\/07\/22-23-Franzoesisch-Maerchenstunde-B-450x300.jpg 450w, https:\/\/www.rwg-bayreuth.de\/home\/wp-content\/uploads\/2023\/07\/22-23-Franzoesisch-Maerchenstunde-B-150x100.jpg 150w, https:\/\/www.rwg-bayreuth.de\/home\/wp-content\/uploads\/2023\/07\/22-23-Franzoesisch-Maerchenstunde-B-768x512.jpg 768w, https:\/\/www.rwg-bayreuth.de\/home\/wp-content\/uploads\/2023\/07\/22-23-Franzoesisch-Maerchenstunde-B-250x167.jpg 250w, https:\/\/www.rwg-bayreuth.de\/home\/wp-content\/uploads\/2023\/07\/22-23-Franzoesisch-Maerchenstunde-B-900x600.jpg 900w\" sizes=\"(max-width: 1024px) 100vw, 1024px\" \/><\/a> \t\t<\/div><!-- end .entry-thumbnail -->\n<div class=\"meta-main-wrap\">\n  <div class=\"\">\n    <header class=\"entry-header\">\n      <div class=\"entry-cats\">\n        <div class=\"kategorie\"><a href=\"https:\/\/www.rwg-bayreuth.de\/home\/?cat=1\" rel=\"category\">Schulleben<\/a><\/div>\n<div class=\"entry-edit\" >      <div class=\"entry-date\" >\n        <a href=\"https:\/\/www.rwg-bayreuth.de\/home\/?p=34267\">8. Juli 2023<\/a>\n      <\/div><\/div><!-- end .entry-date -->\n      <\/div><!-- end .entry-cats -->\n<h2 class=\"entry-title\"><a href=\"https:\/\/www.rwg-bayreuth.de\/home\/?p=34267\" rel=\"bookmark\">Die 6. Klassen treffen in franz\u00f6sischer M\u00e4rchenstunde auf den Froschk\u00f6nig<\/a><\/h2>\n    <\/header><!-- end .entry-header -->\n    <div class=\"entry-summary\">\nWir, die M\u00e4rchengruppe des P-Seminars \u201eDeutsch-Franz\u00f6sischer Tag\u201c, haben am 06.07.23 f\u00fcr die Franz\u00f6sischklassen der 6. Jahrgangsstufe eine M\u00e4rchenstunde organisiert. In dieser wurde das M\u00e4rchen \u201eDer Froschk\u00f6nig\u201c, oder auf Franz\u00f6sisch \u201eLe Roi Grenouille\u201c, von Fatiya, einer aus dem Niger stammenden Muttersprachlerin, auf Franz\u00f6sisch vorgelesen. Wir haben das M\u00e4rchen mit passenden Bildern begleitet und es immer wieder&hellip;\n  <\/div><!-- .entry-summary -->\n  <\/div><!-- .entry-main -->\n<\/div><!-- .meta-main-wrap -->\n<\/article><!-- end post -34267 -->\n<article id=\"post-34054\"class=\"cf post-34054 post type-post status-publish format-standard has-post-thumbnail hentry category-allgemein tag-buwettfremdsprachen tag-franzoesisch tag-home tag-latein\">\n \t\t<div class=\"entry-thumbnail fadein\"> \t\t\t<a href=\"https:\/\/www.rwg-bayreuth.de\/home\/?p=34054\"><img loading=\"lazy\" decoding=\"async\" width=\"1024\" height=\"683\" src=\"https:\/\/www.rwg-bayreuth.de\/home\/wp-content\/uploads\/2023\/07\/22-23-Urkundenverleihung_BW-FS-23-B.jpg\" class=\"attachment-post-thumbnail size-post-thumbnail wp-post-image\" alt=\"\" srcset=\"https:\/\/www.rwg-bayreuth.de\/home\/wp-content\/uploads\/2023\/07\/22-23-Urkundenverleihung_BW-FS-23-B.jpg 1024w, https:\/\/www.rwg-bayreuth.de\/home\/wp-content\/uploads\/2023\/07\/22-23-Urkundenverleihung_BW-FS-23-B-450x300.jpg 450w, https:\/\/www.rwg-bayreuth.de\/home\/wp-content\/uploads\/2023\/07\/22-23-Urkundenverleihung_BW-FS-23-B-150x100.jpg 150w, https:\/\/www.rwg-bayreuth.de\/home\/wp-content\/uploads\/2023\/07\/22-23-Urkundenverleihung_BW-FS-23-B-768x512.jpg 768w, https:\/\/www.rwg-bayreuth.de\/home\/wp-content\/uploads\/2023\/07\/22-23-Urkundenverleihung_BW-FS-23-B-250x167.jpg 250w, https:\/\/www.rwg-bayreuth.de\/home\/wp-content\/uploads\/2023\/07\/22-23-Urkundenverleihung_BW-FS-23-B-900x600.jpg 900w\" sizes=\"(max-width: 1024px) 100vw, 1024px\" \/><\/a> \t\t<\/div><!-- end .entry-thumbnail -->\n<div class=\"meta-main-wrap\">\n  <div class=\"\">\n    <header class=\"entry-header\">\n      <div class=\"entry-cats\">\n        <div class=\"kategorie\"><a href=\"https:\/\/www.rwg-bayreuth.de\/home\/?cat=1\" rel=\"category\">Schulleben<\/a><\/div>\n<div class=\"entry-edit\" >      <div class=\"entry-date\" >\n        <a href=\"https:\/\/www.rwg-bayreuth.de\/home\/?p=34054\">2. Juli 2023<\/a>\n      <\/div><\/div><!-- end .entry-date -->\n      <\/div><!-- end .entry-cats -->\n<h2 class=\"entry-title\"><a href=\"https:\/\/www.rwg-bayreuth.de\/home\/?p=34054\" rel=\"bookmark\">Bundeswettbewerb Fremdsprachen<\/a><\/h2>\n    <\/header><!-- end .entry-header -->\n    <div class=\"entry-summary\">\nIm diesj\u00e4hrigen Bundeswettbewerb Fremdsprachen wurde das RWG von zwei Sprachtalenten, n\u00e4mlich Jule Christ aus der Klasse 9d und Noah Schneider aus der Klasse 10b, erfolgreich vertreten. Sie nahmen in der Kategorie SOLO 8.-10. Klasse teil. Jule w\u00e4hlte das Fach Latein. Ihre Aufgabe war es, einen modernen Gegenstand, den es in der Antike nicht gab, und&hellip;\n  <\/div><!-- .entry-summary -->\n  <\/div><!-- .entry-main -->\n<\/div><!-- .meta-main-wrap -->\n<\/article><!-- end post -34054 -->\n<\/div><!-- end .rwg_post_list -->\n<\/div>\n<h2>Besonderheiten des Faches Franz\u00f6sisch am RWG<\/h2>\n<ul class=\"linkliste\">\n<li class=\"top\"><a href=\"https:\/\/www.rwg-bayreuth.de\/home\/?page_id=1611\">Sprachdiplom DELF<\/a><\/li>\n<li><a href=\"https:\/\/www.rwg-bayreuth.de\/home\/?page_id=1615\">Schulpartnerschaft mit Annecy<\/a><\/li>\n<li><a href=\"https:\/\/www.rwg-bayreuth.de\/home\/?p=1619\">Studienfahrten nach Paris<\/a><\/li>\n<li>\n<a href=\"https:\/\/www.rwg-bayreuth.de\/home\/?page_id=10151\">Bundeswettbewerb Fremdsprachen<\/a><\/li>\n<\/ul>\n<h2>Weiterf\u00fchrende Links<\/h2>\n<ul class=\"linkliste\">\n<li class=\"top\"><a href=\"https:\/\/www.lehrplanplus.bayern.de\/schulart\/gymnasium\/fach\/franzoesisch\/inhalt\/fachlehrplaene\" target=\"_blank\" rel=\"noopener noreferrer\">LehrplanPLUS<\/a><\/li>\n<li><a title=\"Lehrplan 2. FS (G8)\" href=\"http:\/\/www.isb.bayern.de\/gymnasium\/lehrplan\/gymnasium\/fachprofil-ebene-2\/franzoesisch-zweite-fremdsprache\/312\/\" target=\"_blank\" rel=\"noopener noreferrer\">Lehrplan (G8)<\/a><\/li>\n<\/ul>\n<h2>Verwendetes Lehrwerk<\/h2>\n<p>D\u00e9couvertes, Klett-Verlag (Kl. 6-10)<br \/>\nParcours plus, Cornelsen-Verlag (Oberstufe)<\/p>\n","protected":false},"excerpt":{"rendered":"<p>Fachschaft Franz\u00f6sisch ist immer noch eine wichtige Weltsprache. Es ist kein Zufall, dass \u201eKultur\u201c, \u201eEsprit\u201c und \u201eFlair\u201c dem Franz\u00f6sischen entlehnt sind. Wer in Europa seinen Weg machen will, braucht die Sprachen der europ\u00e4ischen Partner. Die Annahme, dass die Kenntnis des Englischen daf\u00fcr ausreiche, ist ein Irrtum, denn \u00fcber 50% der EG-Bev\u00f6lkerung spricht eine romanische Muttersprache.&hellip;<\/p>\n","protected":false},"author":2,"featured_media":0,"parent":11137,"menu_order":3,"comment_status":"closed","ping_status":"closed","template":"page-templates\/no-sidebar.php","meta":{"footnotes":""},"tags":[54],"_links":{"self":[{"href":"https:\/\/www.rwg-bayreuth.de\/home\/index.php?rest_route=\/wp\/v2\/pages\/1598"}],"collection":[{"href":"https:\/\/www.rwg-bayreuth.de\/home\/index.php?rest_route=\/wp\/v2\/pages"}],"about":[{"href":"https:\/\/www.rwg-bayreuth.de\/home\/index.php?rest_route=\/wp\/v2\/types\/page"}],"author":[{"embeddable":true,"href":"https:\/\/www.rwg-bayreuth.de\/home\/index.php?rest_route=\/wp\/v2\/users\/2"}],"replies":[{"embeddable":true,"href":"https:\/\/www.rwg-bayreuth.de\/home\/index.php?rest_route=%2Fwp%2Fv2%2Fcomments&post=1598"}],"version-history":[{"count":60,"href":"https:\/\/www.rwg-bayreuth.de\/home\/index.php?rest_route=\/wp\/v2\/pages\/1598\/revisions"}],"predecessor-version":[{"id":35649,"href":"https:\/\/www.rwg-bayreuth.de\/home\/index.php?rest_route=\/wp\/v2\/pages\/1598\/revisions\/35649"}],"up":[{"embeddable":true,"href":"https:\/\/www.rwg-bayreuth.de\/home\/index.php?rest_route=\/wp\/v2\/pages\/11137"}],"wp:attachment":[{"href":"https:\/\/www.rwg-bayreuth.de\/home\/index.php?rest_route=%2Fwp%2Fv2%2Fmedia&parent=1598"}],"wp:term":[{"taxonomy":"post_tag","embeddable":true,"href":"https:\/\/www.rwg-bayreuth.de\/home\/index.php?rest_route=%2Fwp%2Fv2%2Ftags&post=1598"}],"curies":[{"name":"wp","href":"https:\/\/api.w.org\/{rel}","templated":true}]}}