{"id":1590,"date":"2013-04-09T07:58:45","date_gmt":"2013-04-09T05:58:45","guid":{"rendered":"http:\/\/www.rwg-bayreuth.de\/home\/?page_id=1590"},"modified":"2026-02-25T17:01:03","modified_gmt":"2026-02-25T16:01:03","slug":"italienisch","status":"publish","type":"page","link":"https:\/\/www.rwg-bayreuth.de\/home\/?page_id=1590","title":{"rendered":"Italianissimo am RWG"},"content":{"rendered":"\r\n<figure class=\"wp-block-image\" style=\"width: 100%\"><img loading=\"lazy\" decoding=\"async\" width=\"960\" height=\"320\" src=\"https:\/\/www.rwg-bayreuth.de\/home\/wp-content\/uploads\/2017\/01\/Ital1.jpg\" alt=\"\" class=\"wp-image-13160\"  style=\"width: 100%\" srcset=\"https:\/\/www.rwg-bayreuth.de\/home\/wp-content\/uploads\/2017\/01\/Ital1.jpg 960w, https:\/\/www.rwg-bayreuth.de\/home\/wp-content\/uploads\/2017\/01\/Ital1-150x50.jpg 150w, https:\/\/www.rwg-bayreuth.de\/home\/wp-content\/uploads\/2017\/01\/Ital1-450x150.jpg 450w, https:\/\/www.rwg-bayreuth.de\/home\/wp-content\/uploads\/2017\/01\/Ital1-768x256.jpg 768w, https:\/\/www.rwg-bayreuth.de\/home\/wp-content\/uploads\/2017\/01\/Ital1-250x83.jpg 250w, https:\/\/www.rwg-bayreuth.de\/home\/wp-content\/uploads\/2017\/01\/Ital1-600x200.jpg 600w\" sizes=\"(max-width: 960px) 100vw, 960px\" \/><\/figure>\r\n\r\n\r\n\r\n<h2 class=\"wp-block-heading\">L&#8217;italiano come lingua universale &#8211; Italienisch als Universalsprache<\/h2>\r\n\r\n\r\n\r\n<div class=\"wp-block-image\"><figure class=\"alignright is-resized\"><img loading=\"lazy\" decoding=\"async\" src=\"https:\/\/www.rwg-bayreuth.de\/home\/wp-content\/uploads\/2019\/02\/Italienisch-Welt.png\" alt=\"\" class=\"wp-image-20796\" width=\"400\" height=\"400\"\/><\/figure><\/div>\r\n\r\n\r\n\r\n<p style=\"margin-bottom: 0\">Italienisch<\/p>\r\n\r\n\r\n\r\n<ul>\r\n<li>ist die Sprache der Kunst, Musik und Kultur<\/li>\r\n<li>ist Ausdruck purer Lebensfreude und italienischen Lebensgef\u00fchls<\/li>\r\n<li>ist melodi\u00f6s, gef\u00e4llig und temperamentvoll<\/li>\r\n<li>klingt einfach sch\u00f6n und weckt positive Assoziationen<\/li>\r\n<li>ist als Sprache der hervorragenden italienischen Kulinarik in aller Munde<\/li>\r\n<li>ist eine wichtige Zusatzqualifikation und daher ein Alleinstellungsmerkmal und Pluspunkt in jedem Lebenslauf<\/li>\r\n<\/ul>\r\n\r\n\r\n\r\n\r\n\r\n\r\n<p style=\"margin-bottom: 0\">Italien<\/p>\r\n\r\n\r\n\r\n<ul>\r\n<li>ist das Lieblingsland von uns Deutschen<\/li>\r\n<li>ist ein wichtiger Handelspartner Bayerns<\/li>\r\n<li>setzt Ma\u00dfst\u00e4be in Kultur und Design<\/li>\r\n<\/ul>\r\n\r\n\r\n\r\n\r\n<h2 class=\"wp-block-heading\">Italienisch am Richard-Wagner-Gymnasium Bayreuth<\/h2>\r\n\r\n\r\n\r\n<ul>\r\n<li>Italienisch als dritte fortgef\u00fchrte FS im sprachlichen Zweig ab der 8. Jahrgangsstufe [nach Englisch (5. Klasse), Latein oder Franz\u00f6sisch (6.)]<\/li>\r\n<li>Stundentafel im G9: 8 und 9. Klasse 4 Wochenstunden, 10. und 11. Klasse 3 Wochenstunden<\/li>\r\n<li>bei ausreichender Sch\u00fclerzahl: Belegung des Faches Italienisch auch in der Oberstufe (Qualifikationsphase) m\u00f6glich (Jahrgangsstufe 12 und 13) als Kurs mit grundlegendem oder erh\u00f6htem Anforderungsniveau (gA oder eA) mit Option des m\u00fcndlichen oder schriftlichen Abiturs<\/li>\r\n<li>m\u00fcndliche Schulaufgabe in der 8. und 11. Jahrgangsstufe<\/li>\r\n<li>Italienisch baut auf den Vorg\u00e4ngersprachen (Frz\/Latein) auf und wird als moderne Fremdsprache unterrichtet; das Hauptziel des Unterrichts liegt auf der Kommunikation<\/li>\r\n<li>leichter \u201eZugang\u201c zu Italienisch durch einfache Aussprache, Schreibung divergiert nicht stark von der Aussprache<\/li>\r\n<\/ul>\r\n\r\n\r\n<div class=\"su-row\"><div class=\"su-column su-column-size-1-2\"><div class=\"su-column-inner su-u-clearfix su-u-trim\">\r\n<a href=\"https:\/\/www.rwg-bayreuth.de\/home\/wp-content\/uploads\/2021\/03\/Folder_Italianissimo.pdf\"><img loading=\"lazy\" decoding=\"async\" src=\"https:\/\/www.rwg-bayreuth.de\/home\/wp-content\/uploads\/2021\/03\/Button-Italienischflyer.jpg\" alt=\"\" width=\"1024\" height=\"342\" class=\"alignnone size-full wp-image-28468\" srcset=\"https:\/\/www.rwg-bayreuth.de\/home\/wp-content\/uploads\/2021\/03\/Button-Italienischflyer.jpg 1024w, https:\/\/www.rwg-bayreuth.de\/home\/wp-content\/uploads\/2021\/03\/Button-Italienischflyer-450x150.jpg 450w, https:\/\/www.rwg-bayreuth.de\/home\/wp-content\/uploads\/2021\/03\/Button-Italienischflyer-768x257.jpg 768w, https:\/\/www.rwg-bayreuth.de\/home\/wp-content\/uploads\/2021\/03\/Button-Italienischflyer-250x83.jpg 250w\" sizes=\"(max-width: 1024px) 100vw, 1024px\" \/><\/a>\r\n<\/div><\/div>\r\n<div class=\"su-column su-column-size-1-2\"><div class=\"su-column-inner su-u-clearfix su-u-trim\">\r\n<a href=\"https:\/\/www.rwg-bayreuth.de\/home\/wp-content\/uploads\/2019\/07\/Folder_LaSpezia_Quiz.pdf\"><img loading=\"lazy\" decoding=\"async\" src=\"https:\/\/www.rwg-bayreuth.de\/home\/wp-content\/uploads\/2021\/03\/Button-La-Spezia-Quiz.jpg\" alt=\"\" width=\"1024\" height=\"342\" class=\"alignnone size-full wp-image-28467\" srcset=\"https:\/\/www.rwg-bayreuth.de\/home\/wp-content\/uploads\/2021\/03\/Button-La-Spezia-Quiz.jpg 1024w, https:\/\/www.rwg-bayreuth.de\/home\/wp-content\/uploads\/2021\/03\/Button-La-Spezia-Quiz-450x150.jpg 450w, https:\/\/www.rwg-bayreuth.de\/home\/wp-content\/uploads\/2021\/03\/Button-La-Spezia-Quiz-768x257.jpg 768w, https:\/\/www.rwg-bayreuth.de\/home\/wp-content\/uploads\/2021\/03\/Button-La-Spezia-Quiz-250x83.jpg 250w\" sizes=\"(max-width: 1024px) 100vw, 1024px\" \/><\/a>\r\n<\/div><\/div><\/div>\r\n\r\n\r\n\r\n<!--<div class=\"wp-block-image\"><figure class=\"alignright\"><a href=\"https:\/\/www.rwg-bayreuth.de\/home\/wp-content\/uploads\/2013\/04\/Golfo_dei_Poeti_web.jpg\"><img loading=\"lazy\" decoding=\"async\" width=\"300\" height=\"396\" src=\"https:\/\/www.rwg-bayreuth.de\/home\/wp-content\/uploads\/2013\/04\/Golfo_dei_Poeti_web.jpg\" alt=\"Am Golfo dei Poeti\" class=\"wp-image-8491\" srcset=\"https:\/\/www.rwg-bayreuth.de\/home\/wp-content\/uploads\/2013\/04\/Golfo_dei_Poeti_web.jpg 300w, https:\/\/www.rwg-bayreuth.de\/home\/wp-content\/uploads\/2013\/04\/Golfo_dei_Poeti_web-114x150.jpg 114w, https:\/\/www.rwg-bayreuth.de\/home\/wp-content\/uploads\/2013\/04\/Golfo_dei_Poeti_web-227x300.jpg 227w, https:\/\/www.rwg-bayreuth.de\/home\/wp-content\/uploads\/2013\/04\/Golfo_dei_Poeti_web-250x330.jpg 250w\" sizes=\"(max-width: 300px) 100vw, 300px\" \/><\/a><figcaption>Am Golfo dei Poeti<\/figcaption><\/figure><\/div>-->\r\n\r\n\r\n\r\n<h2 class=\"clear wp-block-heading\">Austausch mit dem Liceo Mazzini in La Spezia<\/h2>\r\n\r\n\r\n<div class=\"su-image-carousel  clear su-image-carousel-has-spacing su-image-carousel-crop su-image-carousel-crop-21-9 su-image-carousel-has-lightbox su-image-carousel-has-outline su-image-carousel-slides-style-minimal su-image-carousel-controls-style-light su-image-carousel-align-none\" style=\"\" data-flickity-options='{\"groupCells\":true,\"cellSelector\":\".su-image-carousel-item\",\"adaptiveHeight\":false,\"cellAlign\":\"left\",\"prevNextButtons\":true,\"pageDots\":false,\"autoPlay\":4000,\"imagesLoaded\":true,\"contain\":true,\"selectedAttraction\":0.025000000000000001,\"friction\":0.28000000000000003}' id=\"su_image_carousel_69f5b2bd039a5\"><div class=\"su-image-carousel-item\"><div class=\"su-image-carousel-item-content\"><a href=\"https:\/\/www.rwg-bayreuth.de\/home\/wp-content\/uploads\/2025\/11\/25-26-Austausch-LaSpezia-1.jpg\" data-caption=\"\"><img loading=\"lazy\" decoding=\"async\" width=\"1024\" height=\"768\" src=\"https:\/\/www.rwg-bayreuth.de\/home\/wp-content\/uploads\/2025\/11\/25-26-Austausch-LaSpezia-1.jpg\" class=\"\" alt=\"\" srcset=\"https:\/\/www.rwg-bayreuth.de\/home\/wp-content\/uploads\/2025\/11\/25-26-Austausch-LaSpezia-1.jpg 1024w, https:\/\/www.rwg-bayreuth.de\/home\/wp-content\/uploads\/2025\/11\/25-26-Austausch-LaSpezia-1-150x113.jpg 150w, https:\/\/www.rwg-bayreuth.de\/home\/wp-content\/uploads\/2025\/11\/25-26-Austausch-LaSpezia-1-450x338.jpg 450w, https:\/\/www.rwg-bayreuth.de\/home\/wp-content\/uploads\/2025\/11\/25-26-Austausch-LaSpezia-1-768x576.jpg 768w, https:\/\/www.rwg-bayreuth.de\/home\/wp-content\/uploads\/2025\/11\/25-26-Austausch-LaSpezia-1-250x188.jpg 250w\" sizes=\"(max-width: 1024px) 100vw, 1024px\" \/><\/a><\/div><\/div><div class=\"su-image-carousel-item\"><div class=\"su-image-carousel-item-content\"><a href=\"https:\/\/www.rwg-bayreuth.de\/home\/wp-content\/uploads\/2025\/11\/25-26-Austausch-LaSpezia-3.jpg\" data-caption=\"\"><img loading=\"lazy\" decoding=\"async\" width=\"1024\" height=\"768\" src=\"https:\/\/www.rwg-bayreuth.de\/home\/wp-content\/uploads\/2025\/11\/25-26-Austausch-LaSpezia-3.jpg\" class=\"\" alt=\"\" srcset=\"https:\/\/www.rwg-bayreuth.de\/home\/wp-content\/uploads\/2025\/11\/25-26-Austausch-LaSpezia-3.jpg 1024w, https:\/\/www.rwg-bayreuth.de\/home\/wp-content\/uploads\/2025\/11\/25-26-Austausch-LaSpezia-3-150x113.jpg 150w, https:\/\/www.rwg-bayreuth.de\/home\/wp-content\/uploads\/2025\/11\/25-26-Austausch-LaSpezia-3-450x338.jpg 450w, https:\/\/www.rwg-bayreuth.de\/home\/wp-content\/uploads\/2025\/11\/25-26-Austausch-LaSpezia-3-768x576.jpg 768w, https:\/\/www.rwg-bayreuth.de\/home\/wp-content\/uploads\/2025\/11\/25-26-Austausch-LaSpezia-3-250x188.jpg 250w\" sizes=\"(max-width: 1024px) 100vw, 1024px\" \/><\/a><\/div><\/div><\/div><script id=\"su_image_carousel_69f5b2bd039a5_script\">if(window.SUImageCarousel){setTimeout(function() {window.SUImageCarousel.initGallery(document.getElementById(\"su_image_carousel_69f5b2bd039a5\"))}, 0);}var su_image_carousel_69f5b2bd039a5_script=document.getElementById(\"su_image_carousel_69f5b2bd039a5_script\");if(su_image_carousel_69f5b2bd039a5_script){su_image_carousel_69f5b2bd039a5_script.parentNode.removeChild(su_image_carousel_69f5b2bd039a5_script);}<\/script>\r\n\r\n<p>Ein Sch\u00fcleraustausch mit Italien ist eine einmalige Chance, ein neues Land hautnah zu erleben. Du lernst nicht nur die italienische Sprache im Alltag, sondern entdeckst auch die Kultur, Traditionen und das ber\u00fchmte italienische Lebensgef\u00fchl. Gemeinsam mit deiner Partnerin besuchst du die Schule vor Ort, kn\u00fcpfst internationale Freundschaften und sammelst unvergessliche Erfahrungen.\r\nOb beeindruckende St\u00e4dte, k\u00f6stliches Essen oder sonniges Klima \u2013 Italien bietet dir die perfekte Mischung aus Lernen und Abenteuer. Ein Sch\u00fcleraustausch st\u00e4rkt deine Selbstst\u00e4ndigkeit, dein Selbstbewusstsein und erweitert deinen Horizont. Nutze diese Gelegenheit und werde Teil eines spannenden Austauschs mit Italien.\r\nF\u00fcr mehr Infos zu unser Partnerschule: <a href=\"http:\/\/liceomazzinilaspezia.it\" target=\"_blank\" rel=\"noopener\">liceomazzinilaspezia.it<\/a><\/p>\r\n\r\n<h2>Sommerpraktikum in La Spezia<\/h2>\r\n\r\n<p>Des weiteren bietet die Stadt Bayreuth auch f\u00fcr vollj\u00e4hrige Sch\u00fcler (ab 18 Jahre!) die Vermittlung eines Praktikums in La Spezia an, welches jeweils im Monat August stattfindet.<\/p>\r\n\r\n\r\n<ul>\r\n<li><a rel=\"noreferrer noopener\" aria-label=\" (\u00f6ffnet in neuem Tab)\" href=\"http:\/\/familien-in-bayreuth.de\/freizeit-kultur\/austauschprogramme\" target=\"_blank\">Mehr&nbsp;zum Internationalen Jugendaustausch der Stadt Bayreuth<\/a><\/li>\r\n\t<li>Wie gut kennst du unsere Partnerstadt? Teste dein Wissen mit unserem <a href=\"https:\/\/www.rwg-bayreuth.de\/home\/wp-content\/uploads\/2019\/07\/Folder_LaSpezia_Quiz.pdf\">La&nbsp;Spezia-Quiz<\/a>.\r\n\t<li>Teste dein Wissen \u00fcber Italien im Kahoot-Quiz: <a href=\"https:\/\/kahoot.it\/challenge\/?quiz-id=ad8e67af-fedd-414a-8747-090697dd7060&#038;single-player=true\" target=\"_blank\" rel=\"noopener\">klassischer Spielmodus<\/a> oder <a href=\"https:\/\/kahoot.it\/solo\/?quizId=ad8e67af-fedd-414a-8747-090697dd7060\" target=\"_blank\" rel=\"noopener\">frei w\u00e4hlbarer Spielmodus<\/a><\/li>\r\n<\/ul>\r\n\r\n\r\n\r\n<h2 class=\"clear wp-block-heading\">Inhalte aus dem Unterricht<\/h2>\r\n\r\n\r\n<p>(kurze Ausz\u00fcge aus dem Lehrplanplus ohne Anspruch auf Vollst\u00e4ndigkeit)<\/p>\r\n\r\n\r\n<ul class=\"wp-block-gallery columns-4 is-cropped wp-block-gallery-1 is-layout-flex wp-block-gallery-is-layout-flex\"><li class=\"blocks-gallery-item\"><figure><a href=\"https:\/\/www.rwg-bayreuth.de\/home\/wp-content\/uploads\/2019\/02\/Italienisch-PiazSanPedro.jpg\"><img loading=\"lazy\" decoding=\"async\" width=\"929\" height=\"696\" src=\"https:\/\/www.rwg-bayreuth.de\/home\/wp-content\/uploads\/2019\/02\/Italienisch-PiazSanPedro.jpg\" alt=\"\" data-id=\"20879\" data-link=\"https:\/\/www.rwg-bayreuth.de\/home\/?attachment_id=20879\" class=\"wp-image-20879\" srcset=\"https:\/\/www.rwg-bayreuth.de\/home\/wp-content\/uploads\/2019\/02\/Italienisch-PiazSanPedro.jpg 929w, https:\/\/www.rwg-bayreuth.de\/home\/wp-content\/uploads\/2019\/02\/Italienisch-PiazSanPedro-450x337.jpg 450w, https:\/\/www.rwg-bayreuth.de\/home\/wp-content\/uploads\/2019\/02\/Italienisch-PiazSanPedro-768x575.jpg 768w, https:\/\/www.rwg-bayreuth.de\/home\/wp-content\/uploads\/2019\/02\/Italienisch-PiazSanPedro-250x187.jpg 250w, https:\/\/www.rwg-bayreuth.de\/home\/wp-content\/uploads\/2019\/02\/Italienisch-PiazSanPedro-600x450.jpg 600w\" sizes=\"(max-width: 929px) 100vw, 929px\" \/><\/a><figcaption>Piazza San Pietro, Basilica San Pietro, il Vaticano<\/figcaption><\/figure><\/li><li class=\"blocks-gallery-item\"><figure><a href=\"https:\/\/www.rwg-bayreuth.de\/home\/wp-content\/uploads\/2019\/02\/Italienisch-GallVittEman.jpg\"><img loading=\"lazy\" decoding=\"async\" width=\"450\" height=\"600\" src=\"https:\/\/www.rwg-bayreuth.de\/home\/wp-content\/uploads\/2019\/02\/Italienisch-GallVittEman.jpg\" alt=\"\" data-id=\"20878\" data-link=\"https:\/\/www.rwg-bayreuth.de\/home\/?attachment_id=20878\" class=\"wp-image-20878\" srcset=\"https:\/\/www.rwg-bayreuth.de\/home\/wp-content\/uploads\/2019\/02\/Italienisch-GallVittEman.jpg 450w, https:\/\/www.rwg-bayreuth.de\/home\/wp-content\/uploads\/2019\/02\/Italienisch-GallVittEman-338x450.jpg 338w, https:\/\/www.rwg-bayreuth.de\/home\/wp-content\/uploads\/2019\/02\/Italienisch-GallVittEman-250x333.jpg 250w\" sizes=\"(max-width: 450px) 100vw, 450px\" \/><\/a><figcaption>Die weltbekannte Galleria Vittorio Emanuele in Mailand<\/figcaption><\/figure><\/li><li class=\"blocks-gallery-item\"><figure><a href=\"https:\/\/www.rwg-bayreuth.de\/home\/wp-content\/uploads\/2019\/02\/Italienisch-PalioSiena-1024x683.jpg\"><img loading=\"lazy\" decoding=\"async\" width=\"1024\" height=\"683\" src=\"https:\/\/www.rwg-bayreuth.de\/home\/wp-content\/uploads\/2019\/02\/Italienisch-PalioSiena-1024x683.jpg\" alt=\"\" data-id=\"20915\" data-link=\"https:\/\/www.rwg-bayreuth.de\/home\/?attachment_id=20915\" class=\"wp-image-20915\" srcset=\"https:\/\/www.rwg-bayreuth.de\/home\/wp-content\/uploads\/2019\/02\/Italienisch-PalioSiena.jpg 1024w, https:\/\/www.rwg-bayreuth.de\/home\/wp-content\/uploads\/2019\/02\/Italienisch-PalioSiena-450x300.jpg 450w, https:\/\/www.rwg-bayreuth.de\/home\/wp-content\/uploads\/2019\/02\/Italienisch-PalioSiena-768x512.jpg 768w, https:\/\/www.rwg-bayreuth.de\/home\/wp-content\/uploads\/2019\/02\/Italienisch-PalioSiena-250x167.jpg 250w, https:\/\/www.rwg-bayreuth.de\/home\/wp-content\/uploads\/2019\/02\/Italienisch-PalioSiena-600x400.jpg 600w\" sizes=\"(max-width: 1024px) 100vw, 1024px\" \/><\/a><figcaption>Palio in Siena &#8211; mehr als ein Pferderennen<\/figcaption><\/figure><\/li><li class=\"blocks-gallery-item\"><figure><a href=\"https:\/\/www.rwg-bayreuth.de\/home\/wp-content\/uploads\/2019\/02\/Italienisch-Venedig-1024x682.jpg\"><img loading=\"lazy\" decoding=\"async\" width=\"1024\" height=\"682\" src=\"https:\/\/www.rwg-bayreuth.de\/home\/wp-content\/uploads\/2019\/02\/Italienisch-Venedig-1024x682.jpg\" alt=\"\" data-id=\"20933\" data-link=\"https:\/\/www.rwg-bayreuth.de\/home\/?attachment_id=20933\" class=\"wp-image-20933\" srcset=\"https:\/\/www.rwg-bayreuth.de\/home\/wp-content\/uploads\/2019\/02\/Italienisch-Venedig.jpg 1024w, https:\/\/www.rwg-bayreuth.de\/home\/wp-content\/uploads\/2019\/02\/Italienisch-Venedig-450x300.jpg 450w, https:\/\/www.rwg-bayreuth.de\/home\/wp-content\/uploads\/2019\/02\/Italienisch-Venedig-768x512.jpg 768w, https:\/\/www.rwg-bayreuth.de\/home\/wp-content\/uploads\/2019\/02\/Italienisch-Venedig-250x167.jpg 250w, https:\/\/www.rwg-bayreuth.de\/home\/wp-content\/uploads\/2019\/02\/Italienisch-Venedig-600x400.jpg 600w\" sizes=\"(max-width: 1024px) 100vw, 1024px\" \/><\/a><figcaption>Ponte di Rialto &#8211; Venedig<\/figcaption><\/figure><\/li><\/ul>\r\n\r\n\r\n<p>Unser Buch Scambio Plus erz\u00e4hlt u.a. vom Austausch des dt. Jungen Max mit Giuliano aus Rom. In den Jahrgangsstufen 8-11 scambio plus 1 bis scambio plus 3<\/p>\r\n\r\n\r\n<ul>\r\n<li><strong>In der 8. Klasse (1 LJ):<\/strong><br> Alltagsleben in der Familie, Freizeitgestaltung, schulischer Alltag, die Hauptstadt Rom, erste Einblicke in die Geographie Italiens; die m\u00fcndliche SA ersetzt eine schriftliche SA<\/li>\r\n<li><strong>In der 9.Klasse (2. LJ):<\/strong><br>Berufe kennenlernen, Zukunftsperspektiven, Einblick in Nord- und S\u00fcditalien, Made in Italy, ber\u00fchmte italienische Naturwissenschaftler<\/li>\r\n<li><strong>In der 10. Klasse (3. LJ):<\/strong><br>Jahr des Sch\u00fcleraustausches mit unserer Partnerschule in La Spezia, ber\u00fchmte italienische Feste (der Palio in Siena, der Karneval in Venedig), das Individuum und die Gesellschaft, ehrenamtliches Engagement, ber\u00fchmte italienische Pers\u00f6nlichkeiten, die Renaissance<\/li>\r\n<li><strong>In der 11. Klasse (4. LJ):<\/strong><br>Kunst und Dialekte, Nord- S\u00fcd -Gef\u00e4lle, Migration und Emigration,  aktuelle gesellschaftliche Tendenzen, Chance und Risiken der Digitalisierung, Italien in Film, Musik und bildender Kunst, das Risorgimento; die m\u00fcndliche SA ersetzt eine schriftliche SA<\/li>\r\n<li><strong>In der Qualifikationsphase Q12\/Q13:<\/strong><br>Arbeit mit dem Buch Nuovi Incontri; Lekt\u00fcre  zeitgen\u00f6ssischer Autoren (Literatur vs. Film), Zeitungstexte zu aktuellen (politischen) Ereignissen, Blick auf die italienische Geschichte, Einblicke in Wissenschaft und Technik<\/li>\r\n<\/ul>\r\n\r\n\r\n\r\n<h2 class=\"clear wp-block-heading\">Fachschaft<\/h2>\r\n\r\n\r\n<p><a href=\"https:\/\/www.rwg-bayreuth.de\/home\/wp-content\/uploads\/2020\/09\/Fachschaft-Italienisch.jpg\"><img decoding=\"async\" src=\"https:\/\/www.rwg-bayreuth.de\/home\/wp-content\/uploads\/2020\/09\/Fachschaft-Italienisch.jpg\" alt=\"\" width=\"900\" height=\"auto\" class=\"alignnone size-full wp-image-27109 fachschaftsbild\" srcset=\"https:\/\/www.rwg-bayreuth.de\/home\/wp-content\/uploads\/2020\/09\/Fachschaft-Italienisch.jpg 1024w, https:\/\/www.rwg-bayreuth.de\/home\/wp-content\/uploads\/2020\/09\/Fachschaft-Italienisch-150x100.jpg 150w, https:\/\/www.rwg-bayreuth.de\/home\/wp-content\/uploads\/2020\/09\/Fachschaft-Italienisch-450x301.jpg 450w, https:\/\/www.rwg-bayreuth.de\/home\/wp-content\/uploads\/2020\/09\/Fachschaft-Italienisch-768x513.jpg 768w, https:\/\/www.rwg-bayreuth.de\/home\/wp-content\/uploads\/2020\/09\/Fachschaft-Italienisch-250x167.jpg 250w, https:\/\/www.rwg-bayreuth.de\/home\/wp-content\/uploads\/2020\/09\/Fachschaft-Italienisch-900x600.jpg 900w, https:\/\/www.rwg-bayreuth.de\/home\/wp-content\/uploads\/2020\/09\/Fachschaft-Italienisch-600x401.jpg 600w\" sizes=\"(max-width: 1024px) 100vw, 1024px\" \/><\/a><\/p>\r\n\r\n\r\n\r\n\r\n\r\n\r\n\r\n\r\n\r\n<h2 class=\"wp-block-heading\">Materialien<\/h2>\r\n\r\n\r\n\r\n<p class=\"ohne\"><strong>Lehrwerke<\/strong><\/p>\r\n<ul>\r\n\t<li>C.C. Buchner Verlag scambio plus 1-3: Jahrgangsstufen 8-11<\/li>\r\n\t<li>C.C Buchner Verlag: Nuovi incontri 1 und 2 (Qualifikationsphase 12 und 13)<\/li>\r\n<\/ul>\r\n\r\n\r\n\r\n<h2 class=\"clear wp-block-heading\">Szenen aus dem Schulleben<\/h2>\r\n\r\n\r\n\r\n<div style=\"max-width: 1000px\">\r\n<div class=\"rwg_post_list\"><article id=\"post-41142\"class=\"cf post-41142 post type-post status-publish format-standard has-post-thumbnail hentry category-allgemein tag-home tag-italienisch tag-temp\">\n \t\t<div class=\"entry-thumbnail fadein\"> \t\t\t<a href=\"https:\/\/www.rwg-bayreuth.de\/home\/?p=41142\"><img loading=\"lazy\" decoding=\"async\" width=\"1024\" height=\"683\" src=\"https:\/\/www.rwg-bayreuth.de\/home\/wp-content\/uploads\/2026\/04\/25-26-Italienisch-BarItaliano-B.jpg\" class=\"attachment-post-thumbnail size-post-thumbnail wp-post-image\" alt=\"\" srcset=\"https:\/\/www.rwg-bayreuth.de\/home\/wp-content\/uploads\/2026\/04\/25-26-Italienisch-BarItaliano-B.jpg 1024w, https:\/\/www.rwg-bayreuth.de\/home\/wp-content\/uploads\/2026\/04\/25-26-Italienisch-BarItaliano-B-150x100.jpg 150w, https:\/\/www.rwg-bayreuth.de\/home\/wp-content\/uploads\/2026\/04\/25-26-Italienisch-BarItaliano-B-450x300.jpg 450w, https:\/\/www.rwg-bayreuth.de\/home\/wp-content\/uploads\/2026\/04\/25-26-Italienisch-BarItaliano-B-768x512.jpg 768w, https:\/\/www.rwg-bayreuth.de\/home\/wp-content\/uploads\/2026\/04\/25-26-Italienisch-BarItaliano-B-250x167.jpg 250w, https:\/\/www.rwg-bayreuth.de\/home\/wp-content\/uploads\/2026\/04\/25-26-Italienisch-BarItaliano-B-900x600.jpg 900w\" sizes=\"(max-width: 1024px) 100vw, 1024px\" \/><\/a> \t\t<\/div><!-- end .entry-thumbnail -->\n<div class=\"meta-main-wrap\">\n  <div class=\"\">\n    <header class=\"entry-header\">\n      <div class=\"entry-cats\">\n        <div class=\"kategorie\"><a href=\"https:\/\/www.rwg-bayreuth.de\/home\/?cat=1\" rel=\"category\">Schulleben<\/a><\/div>\n<div class=\"entry-edit\" >      <div class=\"entry-date\" >\n        <a href=\"https:\/\/www.rwg-bayreuth.de\/home\/?p=41142\">28. M\u00e4rz 2026<\/a>\n      <\/div><\/div><!-- end .entry-date -->\n      <\/div><!-- end .entry-cats -->\n<h2 class=\"entry-title\"><a href=\"https:\/\/www.rwg-bayreuth.de\/home\/?p=41142\" rel=\"bookmark\">Bar Italiano \u2013 Ein voller Erfolg!\ud83c\udf55<\/a><\/h2>\n    <\/header><!-- end .entry-header -->\n    <div class=\"entry-summary\">\nMit viel Engagement und gro\u00dfer Begeisterung haben die 8. Klassen unsere\u00a0Bar Italiano\u00a0organisiert. Es wurde geplant, vorbereitet und gemeinsam gearbeitet. Die Sch\u00fclerinnen und Sch\u00fcler haben zahlreiche italienische Leckereien selbst hergestellt \u2013 darunter Pizza, Tramezzini, Brioche, Tiramisu und viele weitere Spezialit\u00e4ten. \ud83c\udf70\ud83e\udd6a Am Verkaufstag herrschte eine tolle Stimmung: Viele Besucherinnen und Besucher kamen vorbei, probierten die frisch&hellip;\n  <\/div><!-- .entry-summary -->\n  <\/div><!-- .entry-main -->\n<\/div><!-- .meta-main-wrap -->\n<\/article><!-- end post -41142 -->\n<article id=\"post-40415\"class=\"cf post-40415 post type-post status-publish format-standard has-post-thumbnail hentry category-allgemein tag-home tag-italienisch\">\n \t\t<div class=\"entry-thumbnail fadein\"> \t\t\t<a href=\"https:\/\/www.rwg-bayreuth.de\/home\/?p=40415\"><img loading=\"lazy\" decoding=\"async\" width=\"540\" height=\"360\" src=\"https:\/\/www.rwg-bayreuth.de\/home\/wp-content\/uploads\/2025\/12\/25-26-Italienisch-Barista-Workshop-B.jpg\" class=\"attachment-post-thumbnail size-post-thumbnail wp-post-image\" alt=\"\" srcset=\"https:\/\/www.rwg-bayreuth.de\/home\/wp-content\/uploads\/2025\/12\/25-26-Italienisch-Barista-Workshop-B.jpg 540w, https:\/\/www.rwg-bayreuth.de\/home\/wp-content\/uploads\/2025\/12\/25-26-Italienisch-Barista-Workshop-B-150x100.jpg 150w, https:\/\/www.rwg-bayreuth.de\/home\/wp-content\/uploads\/2025\/12\/25-26-Italienisch-Barista-Workshop-B-450x300.jpg 450w, https:\/\/www.rwg-bayreuth.de\/home\/wp-content\/uploads\/2025\/12\/25-26-Italienisch-Barista-Workshop-B-250x167.jpg 250w\" sizes=\"(max-width: 540px) 100vw, 540px\" \/><\/a> \t\t<\/div><!-- end .entry-thumbnail -->\n<div class=\"meta-main-wrap\">\n  <div class=\"\">\n    <header class=\"entry-header\">\n      <div class=\"entry-cats\">\n        <div class=\"kategorie\"><a href=\"https:\/\/www.rwg-bayreuth.de\/home\/?cat=1\" rel=\"category\">Schulleben<\/a><\/div>\n<div class=\"entry-edit\" >      <div class=\"entry-date\" >\n        <a href=\"https:\/\/www.rwg-bayreuth.de\/home\/?p=40415\">16. Dezember 2025<\/a>\n      <\/div><\/div><!-- end .entry-date -->\n      <\/div><!-- end .entry-cats -->\n<h2 class=\"entry-title\"><a href=\"https:\/\/www.rwg-bayreuth.de\/home\/?p=40415\" rel=\"bookmark\">Barista-Workshop<\/a><\/h2>\n    <\/header><!-- end .entry-header -->\n    <div class=\"entry-summary\">\nAm Montag, 15.12.2025, lag ein Hauch von Italia in der Luft: Die Italienischstunde der 10abcd verwandelte sich in einen Barista-Workshop, der die italienische Kaffeekultur lebendig, duftend und vor allem k\u00f6stlich erlebbar machte. Schon beim Betreten des Raums war klar: Che giornata speciale! In bew\u00e4hrter Tradition erschienen die Sch\u00fclerinnen und Sch\u00fcler elegant gekleidet \u2013 Kleider und&hellip;\n  <\/div><!-- .entry-summary -->\n  <\/div><!-- .entry-main -->\n<\/div><!-- .meta-main-wrap -->\n<\/article><!-- end post -40415 -->\n<article id=\"post-40112\"class=\"cf post-40112 post type-post status-publish format-standard has-post-thumbnail hentry category-allgemein tag-home tag-italienisch\">\n \t\t<div class=\"entry-thumbnail fadein\"> \t\t\t<a href=\"https:\/\/www.rwg-bayreuth.de\/home\/?p=40112\"><img loading=\"lazy\" decoding=\"async\" width=\"1024\" height=\"683\" src=\"https:\/\/www.rwg-bayreuth.de\/home\/wp-content\/uploads\/2021\/12\/ItalienischAdventskalender2021-B.jpg\" class=\"attachment-post-thumbnail size-post-thumbnail wp-post-image\" alt=\"\" srcset=\"https:\/\/www.rwg-bayreuth.de\/home\/wp-content\/uploads\/2021\/12\/ItalienischAdventskalender2021-B.jpg 1024w, https:\/\/www.rwg-bayreuth.de\/home\/wp-content\/uploads\/2021\/12\/ItalienischAdventskalender2021-B-450x300.jpg 450w, https:\/\/www.rwg-bayreuth.de\/home\/wp-content\/uploads\/2021\/12\/ItalienischAdventskalender2021-B-768x512.jpg 768w, https:\/\/www.rwg-bayreuth.de\/home\/wp-content\/uploads\/2021\/12\/ItalienischAdventskalender2021-B-250x167.jpg 250w, https:\/\/www.rwg-bayreuth.de\/home\/wp-content\/uploads\/2021\/12\/ItalienischAdventskalender2021-B-900x600.jpg 900w\" sizes=\"(max-width: 1024px) 100vw, 1024px\" \/><\/a> \t\t<\/div><!-- end .entry-thumbnail -->\n<div class=\"meta-main-wrap\">\n  <div class=\"\">\n    <header class=\"entry-header\">\n      <div class=\"entry-cats\">\n        <div class=\"kategorie\"><a href=\"https:\/\/www.rwg-bayreuth.de\/home\/?cat=1\" rel=\"category\">Schulleben<\/a><\/div>\n<div class=\"entry-edit\" >      <div class=\"entry-date\" >\n        <a href=\"https:\/\/www.rwg-bayreuth.de\/home\/?p=40112\">30. November 2025<\/a>\n      <\/div><\/div><!-- end .entry-date -->\n      <\/div><!-- end .entry-cats -->\n<h2 class=\"entry-title\"><a href=\"https:\/\/www.rwg-bayreuth.de\/home\/?p=40112\" rel=\"bookmark\">calendario dell&#8217;avvento<\/a><\/h2>\n    <\/header><!-- end .entry-header -->\n    <div class=\"entry-summary\">\nEin Adventskalender nicht nur f\u00fcr \"Italiener\"!\n  <\/div><!-- .entry-summary -->\n  <\/div><!-- .entry-main -->\n<\/div><!-- .meta-main-wrap -->\n<\/article><!-- end post -40112 -->\n<article id=\"post-40131\"class=\"cf post-40131 post type-post status-publish format-standard has-post-thumbnail hentry category-allgemein tag-home tag-italienisch\">\n \t\t<div class=\"entry-thumbnail fadein\"> \t\t\t<a href=\"https:\/\/www.rwg-bayreuth.de\/home\/?p=40131\"><img loading=\"lazy\" decoding=\"async\" width=\"1600\" height=\"1067\" src=\"https:\/\/www.rwg-bayreuth.de\/home\/wp-content\/uploads\/2025\/11\/25-26-Italienisch-Bar-B.jpg\" class=\"attachment-post-thumbnail size-post-thumbnail wp-post-image\" alt=\"\" srcset=\"https:\/\/www.rwg-bayreuth.de\/home\/wp-content\/uploads\/2025\/11\/25-26-Italienisch-Bar-B.jpg 1600w, https:\/\/www.rwg-bayreuth.de\/home\/wp-content\/uploads\/2025\/11\/25-26-Italienisch-Bar-B-1536x1024.jpg 1536w, https:\/\/www.rwg-bayreuth.de\/home\/wp-content\/uploads\/2025\/11\/25-26-Italienisch-Bar-B-150x100.jpg 150w, https:\/\/www.rwg-bayreuth.de\/home\/wp-content\/uploads\/2025\/11\/25-26-Italienisch-Bar-B-450x300.jpg 450w, https:\/\/www.rwg-bayreuth.de\/home\/wp-content\/uploads\/2025\/11\/25-26-Italienisch-Bar-B-768x512.jpg 768w, https:\/\/www.rwg-bayreuth.de\/home\/wp-content\/uploads\/2025\/11\/25-26-Italienisch-Bar-B-1024x683.jpg 1024w, https:\/\/www.rwg-bayreuth.de\/home\/wp-content\/uploads\/2025\/11\/25-26-Italienisch-Bar-B-250x167.jpg 250w, https:\/\/www.rwg-bayreuth.de\/home\/wp-content\/uploads\/2025\/11\/25-26-Italienisch-Bar-B-900x600.jpg 900w\" sizes=\"(max-width: 1600px) 100vw, 1600px\" \/><\/a> \t\t<\/div><!-- end .entry-thumbnail -->\n<div class=\"meta-main-wrap\">\n  <div class=\"\">\n    <header class=\"entry-header\">\n      <div class=\"entry-cats\">\n        <div class=\"kategorie\"><a href=\"https:\/\/www.rwg-bayreuth.de\/home\/?cat=1\" rel=\"category\">Schulleben<\/a><\/div>\n<div class=\"entry-edit\" >      <div class=\"entry-date\" >\n        <a href=\"https:\/\/www.rwg-bayreuth.de\/home\/?p=40131\">13. November 2025<\/a>\n      <\/div><\/div><!-- end .entry-date -->\n      <\/div><!-- end .entry-cats -->\n<h2 class=\"entry-title\"><a href=\"https:\/\/www.rwg-bayreuth.de\/home\/?p=40131\" rel=\"bookmark\">Andiamo al bar &#8211; o no: in cucina!<\/a><\/h2>\n    <\/header><!-- end .entry-header -->\n    <div class=\"entry-summary\">\nLa seconda colazione al bar: das zweite Fr\u00fchst\u00fcck in der Bar (espresso, tramezzini und Co). Passend zu der ersten Lektion unseres Lehrwerkes Scambio Plus durften die ragazzi der 8. Klasse Italienisch das italienische Bar-Flair live erleben. Dazu ging es in unsere Schulk\u00fcche! Die italienische Bar spielt n\u00e4mlich eine wichtige Rolle im italienischen Alltag als der&hellip;\n  <\/div><!-- .entry-summary -->\n  <\/div><!-- .entry-main -->\n<\/div><!-- .meta-main-wrap -->\n<\/article><!-- end post -40131 -->\n<article id=\"post-39904\"class=\"cf post-39904 post type-post status-publish format-standard has-post-thumbnail hentry category-schuelerzeitung category-allgemein tag-home tag-italienisch tag-schuelerzeitung\">\n \t\t<div class=\"entry-thumbnail fadein\"> \t\t\t<a href=\"https:\/\/www.rwg-bayreuth.de\/home\/?p=39904\"><img loading=\"lazy\" decoding=\"async\" width=\"1200\" height=\"800\" src=\"https:\/\/www.rwg-bayreuth.de\/home\/wp-content\/uploads\/2025\/10\/25-26-StipendiumTrient-B.jpg\" class=\"attachment-post-thumbnail size-post-thumbnail wp-post-image\" alt=\"\" srcset=\"https:\/\/www.rwg-bayreuth.de\/home\/wp-content\/uploads\/2025\/10\/25-26-StipendiumTrient-B.jpg 1200w, https:\/\/www.rwg-bayreuth.de\/home\/wp-content\/uploads\/2025\/10\/25-26-StipendiumTrient-B-150x100.jpg 150w, https:\/\/www.rwg-bayreuth.de\/home\/wp-content\/uploads\/2025\/10\/25-26-StipendiumTrient-B-450x300.jpg 450w, https:\/\/www.rwg-bayreuth.de\/home\/wp-content\/uploads\/2025\/10\/25-26-StipendiumTrient-B-768x512.jpg 768w, https:\/\/www.rwg-bayreuth.de\/home\/wp-content\/uploads\/2025\/10\/25-26-StipendiumTrient-B-1024x683.jpg 1024w, https:\/\/www.rwg-bayreuth.de\/home\/wp-content\/uploads\/2025\/10\/25-26-StipendiumTrient-B-250x167.jpg 250w, https:\/\/www.rwg-bayreuth.de\/home\/wp-content\/uploads\/2025\/10\/25-26-StipendiumTrient-B-900x600.jpg 900w\" sizes=\"(max-width: 1200px) 100vw, 1200px\" \/><\/a> \t\t<\/div><!-- end .entry-thumbnail -->\n<div class=\"meta-main-wrap\">\n  <div class=\"\">\n    <header class=\"entry-header\">\n      <div class=\"entry-cats\">\n        <div class=\"kategorie\"><a href=\"https:\/\/www.rwg-bayreuth.de\/home\/?cat=149\" rel=\"category\">Sch\u00fclerzeitung<\/a> <a href=\"https:\/\/www.rwg-bayreuth.de\/home\/?cat=1\" rel=\"category\">Schulleben<\/a><\/div>\n<div class=\"entry-edit\" >      <div class=\"entry-date\" >\n        <a href=\"https:\/\/www.rwg-bayreuth.de\/home\/?p=39904\">11. Oktober 2025<\/a>\n      <\/div><\/div><!-- end .entry-date -->\n      <\/div><!-- end .entry-cats -->\n<h2 class=\"entry-title\"><a href=\"https:\/\/www.rwg-bayreuth.de\/home\/?p=39904\" rel=\"bookmark\">Mein Abenteuer Trient: Lernen, Erleben, Wachsen \u2013 eine Stipendiatin des PAD im Fach Italienisch berichtet<\/a><\/h2>\n    <\/header><!-- end .entry-header -->\n    <div class=\"entry-summary\">\nDank eines Stipendiums des P\u00e4dagogischen Austauschdiensts (PAD) der Kultusminister Konferenz bekam ich die Chance, gegen Ende der Sommerferien zwei Wochen mit weiteren Jugendlichen in Trient und Umgebung zu verbringen &#8211; eine Zeit, die f\u00fcr mich nicht nur spannend, sondern auch sehr lehrreich war. Am Samstag, den 6. September, begann meine Reise am M\u00fcnchner Hauptbahnhof, wo&hellip;\n  <\/div><!-- .entry-summary -->\n  <\/div><!-- .entry-main -->\n<\/div><!-- .meta-main-wrap -->\n<\/article><!-- end post -39904 -->\n<article id=\"post-38873\"class=\"cf post-38873 post type-post status-publish format-standard has-post-thumbnail hentry category-allgemein tag-home tag-italienisch\">\n \t\t<div class=\"entry-thumbnail fadein\"> \t\t\t<a href=\"https:\/\/www.rwg-bayreuth.de\/home\/?p=38873\"><img loading=\"lazy\" decoding=\"async\" width=\"1536\" height=\"1024\" src=\"https:\/\/www.rwg-bayreuth.de\/home\/wp-content\/uploads\/2025\/05\/24-25-Italiensch-Kinobesuch-Filmszene-ChatGPT.jpg\" class=\"attachment-post-thumbnail size-post-thumbnail wp-post-image\" alt=\"\" srcset=\"https:\/\/www.rwg-bayreuth.de\/home\/wp-content\/uploads\/2025\/05\/24-25-Italiensch-Kinobesuch-Filmszene-ChatGPT.jpg 1536w, https:\/\/www.rwg-bayreuth.de\/home\/wp-content\/uploads\/2025\/05\/24-25-Italiensch-Kinobesuch-Filmszene-ChatGPT-150x100.jpg 150w, https:\/\/www.rwg-bayreuth.de\/home\/wp-content\/uploads\/2025\/05\/24-25-Italiensch-Kinobesuch-Filmszene-ChatGPT-450x300.jpg 450w, https:\/\/www.rwg-bayreuth.de\/home\/wp-content\/uploads\/2025\/05\/24-25-Italiensch-Kinobesuch-Filmszene-ChatGPT-768x512.jpg 768w, https:\/\/www.rwg-bayreuth.de\/home\/wp-content\/uploads\/2025\/05\/24-25-Italiensch-Kinobesuch-Filmszene-ChatGPT-1024x683.jpg 1024w, https:\/\/www.rwg-bayreuth.de\/home\/wp-content\/uploads\/2025\/05\/24-25-Italiensch-Kinobesuch-Filmszene-ChatGPT-250x167.jpg 250w, https:\/\/www.rwg-bayreuth.de\/home\/wp-content\/uploads\/2025\/05\/24-25-Italiensch-Kinobesuch-Filmszene-ChatGPT-900x600.jpg 900w\" sizes=\"(max-width: 1536px) 100vw, 1536px\" \/><\/a> \t\t<\/div><!-- end .entry-thumbnail -->\n<div class=\"meta-main-wrap\">\n  <div class=\"\">\n    <header class=\"entry-header\">\n      <div class=\"entry-cats\">\n        <div class=\"kategorie\"><a href=\"https:\/\/www.rwg-bayreuth.de\/home\/?cat=1\" rel=\"category\">Schulleben<\/a><\/div>\n<div class=\"entry-edit\" >      <div class=\"entry-date\" >\n        <a href=\"https:\/\/www.rwg-bayreuth.de\/home\/?p=38873\">24. Mai 2025<\/a>\n      <\/div><\/div><!-- end .entry-date -->\n      <\/div><!-- end .entry-cats -->\n<h2 class=\"entry-title\"><a href=\"https:\/\/www.rwg-bayreuth.de\/home\/?p=38873\" rel=\"bookmark\">Cinema Italiano live erlebt: Italienischzweige besuchen \u201eWelcome Venice\u201c im Original!<\/a><\/h2>\n    <\/header><!-- end .entry-header -->\n    <div class=\"entry-summary\">\nAm Nachmittag des 9. Mai 2025 hie\u00df es f\u00fcr den Italienischzweig des Richard-Wagner-Gymnasiums und des Wirtschaftswissenschaftlichen Gymnasiums Bayreuth: Benvenuti al cinema! Im Kunst- und Kulturhaus Neuneinhalb tauchten unsere Italienischsch\u00fcler \u2013 bereits zum zweiten Mal in diesem Schuljahr und in ihrer Freizeit \u2013 mit gro\u00dfer Neugier in die Welt des aktuellen italienischen Films ein. Auf dem&hellip;\n  <\/div><!-- .entry-summary -->\n  <\/div><!-- .entry-main -->\n<\/div><!-- .meta-main-wrap -->\n<\/article><!-- end post -38873 -->\n<\/div><!-- end .rwg_post_list -->\r\n<\/div>\r\n\r\n\r\n\r\n<h2 class=\"wp-block-heading\">Italienische Lekt\u00fcre<\/h2>\r\n\r\n\r\n\r\n<p>In unserer Schulbibliothek gibt es die aktuellen Ausgabe der italienischen Sprachzeitschrift ADESSO sowie die zugeh\u00f6rigen audio-CDs zum Ausleihen. Desweiteren finden sich interessante, landeskundliche Werke, aber auch Sprachquiz und \u00dcbungsgrammatiken. Auch sind dort W\u00f6rterb\u00fccher deponiert zum Arbeiten an der Schule.<\/p>\r\n","protected":false},"excerpt":{"rendered":"<p>L&#8217;italiano come lingua universale &#8211; Italienisch als Universalsprache Italienisch ist die Sprache der Kunst, Musik und Kultur ist Ausdruck purer Lebensfreude und italienischen Lebensgef\u00fchls ist melodi\u00f6s, gef\u00e4llig und temperamentvoll klingt einfach sch\u00f6n und weckt positive Assoziationen ist als Sprache der hervorragenden italienischen Kulinarik in aller Munde ist eine wichtige Zusatzqualifikation und daher ein Alleinstellungsmerkmal und&hellip;<\/p>\n","protected":false},"author":2,"featured_media":0,"parent":11137,"menu_order":5,"comment_status":"closed","ping_status":"closed","template":"page-templates\/no-sidebar.php","meta":{"footnotes":""},"tags":[54],"_links":{"self":[{"href":"https:\/\/www.rwg-bayreuth.de\/home\/index.php?rest_route=\/wp\/v2\/pages\/1590"}],"collection":[{"href":"https:\/\/www.rwg-bayreuth.de\/home\/index.php?rest_route=\/wp\/v2\/pages"}],"about":[{"href":"https:\/\/www.rwg-bayreuth.de\/home\/index.php?rest_route=\/wp\/v2\/types\/page"}],"author":[{"embeddable":true,"href":"https:\/\/www.rwg-bayreuth.de\/home\/index.php?rest_route=\/wp\/v2\/users\/2"}],"replies":[{"embeddable":true,"href":"https:\/\/www.rwg-bayreuth.de\/home\/index.php?rest_route=%2Fwp%2Fv2%2Fcomments&post=1590"}],"version-history":[{"count":148,"href":"https:\/\/www.rwg-bayreuth.de\/home\/index.php?rest_route=\/wp\/v2\/pages\/1590\/revisions"}],"predecessor-version":[{"id":40902,"href":"https:\/\/www.rwg-bayreuth.de\/home\/index.php?rest_route=\/wp\/v2\/pages\/1590\/revisions\/40902"}],"up":[{"embeddable":true,"href":"https:\/\/www.rwg-bayreuth.de\/home\/index.php?rest_route=\/wp\/v2\/pages\/11137"}],"wp:attachment":[{"href":"https:\/\/www.rwg-bayreuth.de\/home\/index.php?rest_route=%2Fwp%2Fv2%2Fmedia&parent=1590"}],"wp:term":[{"taxonomy":"post_tag","embeddable":true,"href":"https:\/\/www.rwg-bayreuth.de\/home\/index.php?rest_route=%2Fwp%2Fv2%2Ftags&post=1590"}],"curies":[{"name":"wp","href":"https:\/\/api.w.org\/{rel}","templated":true}]}}