{"id":154,"date":"2012-01-17T20:38:34","date_gmt":"2012-01-17T19:38:34","guid":{"rendered":"http:\/\/www.rwg-bayreuth.de\/home\/?page_id=154"},"modified":"2026-02-22T17:37:07","modified_gmt":"2026-02-22T16:37:07","slug":"smv","status":"publish","type":"page","link":"https:\/\/www.rwg-bayreuth.de\/home\/?page_id=154","title":{"rendered":"SMV"},"content":{"rendered":"<p><img decoding=\"async\" id=\"seitenanfang\" src=\"https:\/\/www.rwg-bayreuth.de\/home\/wp-content\/uploads\/2017\/03\/Netzwerk2-l.jpg\" alt=\"\" width=\"100%\" class=\"alignnone size-full wp-image-14112\" srcset=\"https:\/\/www.rwg-bayreuth.de\/home\/wp-content\/uploads\/2017\/03\/Netzwerk2-l.jpg 960w, https:\/\/www.rwg-bayreuth.de\/home\/wp-content\/uploads\/2017\/03\/Netzwerk2-l-150x50.jpg 150w, https:\/\/www.rwg-bayreuth.de\/home\/wp-content\/uploads\/2017\/03\/Netzwerk2-l-450x150.jpg 450w, https:\/\/www.rwg-bayreuth.de\/home\/wp-content\/uploads\/2017\/03\/Netzwerk2-l-768x256.jpg 768w, https:\/\/www.rwg-bayreuth.de\/home\/wp-content\/uploads\/2017\/03\/Netzwerk2-l-250x83.jpg 250w, https:\/\/www.rwg-bayreuth.de\/home\/wp-content\/uploads\/2017\/03\/Netzwerk2-l-600x200.jpg 600w\" sizes=\"(max-width: 960px) 100vw, 960px\" \/><\/p>\n<ul  class=\"linkliste\">\n<li class=\"top\"><a href=\"#schuelersprecher\">Die SMV stellt sich vor<\/a><\/li>\n<li><a href=\"#verbindungslehrer\">Verbindungslehrkr\u00e4fte<\/a><\/li>\n<li><a href=\"#planer\">SMV-Events<\/a><\/li>\n<li><a href=\"#newsletter\">SMV-Newsletter<\/a><\/li>\n<li><a href=\"#aktionen\">Aktionen<\/a><\/li>\n<li><a href=\"#aufgUndRechte\">Aufgaben und Rechte der SMV<\/a><\/li>\n<\/ul>\n<h1 id=\"schuelersprecher\"><\/h1>\n<p>Liebe Sch\u00fclerinnen und Sch\u00fcler,<\/p>\n<p>wir freuen uns, euch mitteilen zu k\u00f6nnen, dass die Sch\u00fclersprecher und Verbindungslehrer f\u00fcr das Schuljahr 2025\/26 gew\u00e4hlt wurden! Hier stellen wir euch die neuen Mitglieder der SMV vor:<\/p>\n<div class=\"su-image-carousel  clear su-image-carousel-columns-3 su-image-carousel-has-spacing su-image-carousel-crop su-image-carousel-crop-4-3 su-image-carousel-has-lightbox su-image-carousel-has-outline su-image-carousel-slides-style-minimal su-image-carousel-controls-style-light su-image-carousel-align-center\" style=\"\" data-flickity-options='{\"groupCells\":true,\"cellSelector\":\".su-image-carousel-item\",\"adaptiveHeight\":false,\"cellAlign\":\"left\",\"prevNextButtons\":true,\"pageDots\":false,\"autoPlay\":4000,\"imagesLoaded\":true,\"contain\":true,\"selectedAttraction\":0.025000000000000001,\"friction\":0.28000000000000003}' id=\"su_image_carousel_69f4367b6af82\"><div class=\"su-image-carousel-item\"><div class=\"su-image-carousel-item-content\"><a href=\"https:\/\/www.rwg-bayreuth.de\/home\/wp-content\/uploads\/2025\/10\/25-26-SMV-Seite-SMV_2025.26.jpg\" data-caption=\"\"><img loading=\"lazy\" decoding=\"async\" width=\"1024\" height=\"683\" src=\"https:\/\/www.rwg-bayreuth.de\/home\/wp-content\/uploads\/2025\/10\/25-26-SMV-Seite-SMV_2025.26.jpg\" class=\"\" alt=\"\" srcset=\"https:\/\/www.rwg-bayreuth.de\/home\/wp-content\/uploads\/2025\/10\/25-26-SMV-Seite-SMV_2025.26.jpg 1024w, https:\/\/www.rwg-bayreuth.de\/home\/wp-content\/uploads\/2025\/10\/25-26-SMV-Seite-SMV_2025.26-150x100.jpg 150w, https:\/\/www.rwg-bayreuth.de\/home\/wp-content\/uploads\/2025\/10\/25-26-SMV-Seite-SMV_2025.26-450x300.jpg 450w, https:\/\/www.rwg-bayreuth.de\/home\/wp-content\/uploads\/2025\/10\/25-26-SMV-Seite-SMV_2025.26-768x512.jpg 768w, https:\/\/www.rwg-bayreuth.de\/home\/wp-content\/uploads\/2025\/10\/25-26-SMV-Seite-SMV_2025.26-250x167.jpg 250w, https:\/\/www.rwg-bayreuth.de\/home\/wp-content\/uploads\/2025\/10\/25-26-SMV-Seite-SMV_2025.26-900x600.jpg 900w\" sizes=\"(max-width: 1024px) 100vw, 1024px\" \/><\/a><\/div><\/div><div class=\"su-image-carousel-item\"><div class=\"su-image-carousel-item-content\"><a href=\"https:\/\/www.rwg-bayreuth.de\/home\/wp-content\/uploads\/2025\/10\/25-26-SMV-Seite-3.jpg\" data-caption=\"\"><img loading=\"lazy\" decoding=\"async\" width=\"1024\" height=\"683\" src=\"https:\/\/www.rwg-bayreuth.de\/home\/wp-content\/uploads\/2025\/10\/25-26-SMV-Seite-3.jpg\" class=\"\" alt=\"\" srcset=\"https:\/\/www.rwg-bayreuth.de\/home\/wp-content\/uploads\/2025\/10\/25-26-SMV-Seite-3.jpg 1024w, https:\/\/www.rwg-bayreuth.de\/home\/wp-content\/uploads\/2025\/10\/25-26-SMV-Seite-3-150x100.jpg 150w, https:\/\/www.rwg-bayreuth.de\/home\/wp-content\/uploads\/2025\/10\/25-26-SMV-Seite-3-450x300.jpg 450w, https:\/\/www.rwg-bayreuth.de\/home\/wp-content\/uploads\/2025\/10\/25-26-SMV-Seite-3-768x512.jpg 768w, https:\/\/www.rwg-bayreuth.de\/home\/wp-content\/uploads\/2025\/10\/25-26-SMV-Seite-3-250x167.jpg 250w, https:\/\/www.rwg-bayreuth.de\/home\/wp-content\/uploads\/2025\/10\/25-26-SMV-Seite-3-900x600.jpg 900w\" sizes=\"(max-width: 1024px) 100vw, 1024px\" \/><\/a><\/div><\/div><div class=\"su-image-carousel-item\"><div class=\"su-image-carousel-item-content\"><a href=\"https:\/\/www.rwg-bayreuth.de\/home\/wp-content\/uploads\/2025\/10\/25-26-SMV-Seite-4.jpg\" data-caption=\"\"><img loading=\"lazy\" decoding=\"async\" width=\"1024\" height=\"683\" src=\"https:\/\/www.rwg-bayreuth.de\/home\/wp-content\/uploads\/2025\/10\/25-26-SMV-Seite-4.jpg\" class=\"\" alt=\"\" srcset=\"https:\/\/www.rwg-bayreuth.de\/home\/wp-content\/uploads\/2025\/10\/25-26-SMV-Seite-4.jpg 1024w, https:\/\/www.rwg-bayreuth.de\/home\/wp-content\/uploads\/2025\/10\/25-26-SMV-Seite-4-150x100.jpg 150w, https:\/\/www.rwg-bayreuth.de\/home\/wp-content\/uploads\/2025\/10\/25-26-SMV-Seite-4-450x300.jpg 450w, https:\/\/www.rwg-bayreuth.de\/home\/wp-content\/uploads\/2025\/10\/25-26-SMV-Seite-4-768x512.jpg 768w, https:\/\/www.rwg-bayreuth.de\/home\/wp-content\/uploads\/2025\/10\/25-26-SMV-Seite-4-250x167.jpg 250w, https:\/\/www.rwg-bayreuth.de\/home\/wp-content\/uploads\/2025\/10\/25-26-SMV-Seite-4-900x600.jpg 900w\" sizes=\"(max-width: 1024px) 100vw, 1024px\" \/><\/a><\/div><\/div><div class=\"su-image-carousel-item\"><div class=\"su-image-carousel-item-content\"><a href=\"https:\/\/www.rwg-bayreuth.de\/home\/wp-content\/uploads\/2025\/10\/25-26-SMV-Seite-5.jpg\" data-caption=\"\"><img loading=\"lazy\" decoding=\"async\" width=\"1024\" height=\"683\" src=\"https:\/\/www.rwg-bayreuth.de\/home\/wp-content\/uploads\/2025\/10\/25-26-SMV-Seite-5.jpg\" class=\"\" alt=\"\" srcset=\"https:\/\/www.rwg-bayreuth.de\/home\/wp-content\/uploads\/2025\/10\/25-26-SMV-Seite-5.jpg 1024w, https:\/\/www.rwg-bayreuth.de\/home\/wp-content\/uploads\/2025\/10\/25-26-SMV-Seite-5-150x100.jpg 150w, https:\/\/www.rwg-bayreuth.de\/home\/wp-content\/uploads\/2025\/10\/25-26-SMV-Seite-5-450x300.jpg 450w, https:\/\/www.rwg-bayreuth.de\/home\/wp-content\/uploads\/2025\/10\/25-26-SMV-Seite-5-768x512.jpg 768w, https:\/\/www.rwg-bayreuth.de\/home\/wp-content\/uploads\/2025\/10\/25-26-SMV-Seite-5-250x167.jpg 250w, https:\/\/www.rwg-bayreuth.de\/home\/wp-content\/uploads\/2025\/10\/25-26-SMV-Seite-5-900x600.jpg 900w\" sizes=\"(max-width: 1024px) 100vw, 1024px\" \/><\/a><\/div><\/div><div class=\"su-image-carousel-item\"><div class=\"su-image-carousel-item-content\"><a href=\"https:\/\/www.rwg-bayreuth.de\/home\/wp-content\/uploads\/2025\/10\/25-26-SMV-Seite-6.jpg\" data-caption=\"\"><img loading=\"lazy\" decoding=\"async\" width=\"1024\" height=\"683\" src=\"https:\/\/www.rwg-bayreuth.de\/home\/wp-content\/uploads\/2025\/10\/25-26-SMV-Seite-6.jpg\" class=\"\" alt=\"\" srcset=\"https:\/\/www.rwg-bayreuth.de\/home\/wp-content\/uploads\/2025\/10\/25-26-SMV-Seite-6.jpg 1024w, https:\/\/www.rwg-bayreuth.de\/home\/wp-content\/uploads\/2025\/10\/25-26-SMV-Seite-6-150x100.jpg 150w, https:\/\/www.rwg-bayreuth.de\/home\/wp-content\/uploads\/2025\/10\/25-26-SMV-Seite-6-450x300.jpg 450w, https:\/\/www.rwg-bayreuth.de\/home\/wp-content\/uploads\/2025\/10\/25-26-SMV-Seite-6-768x512.jpg 768w, https:\/\/www.rwg-bayreuth.de\/home\/wp-content\/uploads\/2025\/10\/25-26-SMV-Seite-6-250x167.jpg 250w, https:\/\/www.rwg-bayreuth.de\/home\/wp-content\/uploads\/2025\/10\/25-26-SMV-Seite-6-900x600.jpg 900w\" sizes=\"(max-width: 1024px) 100vw, 1024px\" \/><\/a><\/div><\/div><div class=\"su-image-carousel-item\"><div class=\"su-image-carousel-item-content\"><a href=\"https:\/\/www.rwg-bayreuth.de\/home\/wp-content\/uploads\/2025\/10\/25-26-SMV-Seite-7.jpg\" data-caption=\"\"><img loading=\"lazy\" decoding=\"async\" width=\"1024\" height=\"683\" src=\"https:\/\/www.rwg-bayreuth.de\/home\/wp-content\/uploads\/2025\/10\/25-26-SMV-Seite-7.jpg\" class=\"\" alt=\"\" srcset=\"https:\/\/www.rwg-bayreuth.de\/home\/wp-content\/uploads\/2025\/10\/25-26-SMV-Seite-7.jpg 1024w, https:\/\/www.rwg-bayreuth.de\/home\/wp-content\/uploads\/2025\/10\/25-26-SMV-Seite-7-150x100.jpg 150w, https:\/\/www.rwg-bayreuth.de\/home\/wp-content\/uploads\/2025\/10\/25-26-SMV-Seite-7-450x300.jpg 450w, https:\/\/www.rwg-bayreuth.de\/home\/wp-content\/uploads\/2025\/10\/25-26-SMV-Seite-7-768x512.jpg 768w, https:\/\/www.rwg-bayreuth.de\/home\/wp-content\/uploads\/2025\/10\/25-26-SMV-Seite-7-250x167.jpg 250w, https:\/\/www.rwg-bayreuth.de\/home\/wp-content\/uploads\/2025\/10\/25-26-SMV-Seite-7-900x600.jpg 900w\" sizes=\"(max-width: 1024px) 100vw, 1024px\" \/><\/a><\/div><\/div><div class=\"su-image-carousel-item\"><div class=\"su-image-carousel-item-content\"><a href=\"https:\/\/www.rwg-bayreuth.de\/home\/wp-content\/uploads\/2025\/10\/25-26-SMV-Seite-8.jpg\" data-caption=\"\"><img loading=\"lazy\" decoding=\"async\" width=\"1024\" height=\"683\" src=\"https:\/\/www.rwg-bayreuth.de\/home\/wp-content\/uploads\/2025\/10\/25-26-SMV-Seite-8.jpg\" class=\"\" alt=\"\" srcset=\"https:\/\/www.rwg-bayreuth.de\/home\/wp-content\/uploads\/2025\/10\/25-26-SMV-Seite-8.jpg 1024w, https:\/\/www.rwg-bayreuth.de\/home\/wp-content\/uploads\/2025\/10\/25-26-SMV-Seite-8-150x100.jpg 150w, https:\/\/www.rwg-bayreuth.de\/home\/wp-content\/uploads\/2025\/10\/25-26-SMV-Seite-8-450x300.jpg 450w, https:\/\/www.rwg-bayreuth.de\/home\/wp-content\/uploads\/2025\/10\/25-26-SMV-Seite-8-768x512.jpg 768w, https:\/\/www.rwg-bayreuth.de\/home\/wp-content\/uploads\/2025\/10\/25-26-SMV-Seite-8-250x167.jpg 250w, https:\/\/www.rwg-bayreuth.de\/home\/wp-content\/uploads\/2025\/10\/25-26-SMV-Seite-8-900x600.jpg 900w\" sizes=\"(max-width: 1024px) 100vw, 1024px\" \/><\/a><\/div><\/div><div class=\"su-image-carousel-item\"><div class=\"su-image-carousel-item-content\"><a href=\"https:\/\/www.rwg-bayreuth.de\/home\/wp-content\/uploads\/2025\/10\/25-26-SMV-Seite-9.jpg\" data-caption=\"\"><img loading=\"lazy\" decoding=\"async\" width=\"1024\" height=\"683\" src=\"https:\/\/www.rwg-bayreuth.de\/home\/wp-content\/uploads\/2025\/10\/25-26-SMV-Seite-9.jpg\" class=\"\" alt=\"\" srcset=\"https:\/\/www.rwg-bayreuth.de\/home\/wp-content\/uploads\/2025\/10\/25-26-SMV-Seite-9.jpg 1024w, https:\/\/www.rwg-bayreuth.de\/home\/wp-content\/uploads\/2025\/10\/25-26-SMV-Seite-9-150x100.jpg 150w, https:\/\/www.rwg-bayreuth.de\/home\/wp-content\/uploads\/2025\/10\/25-26-SMV-Seite-9-450x300.jpg 450w, https:\/\/www.rwg-bayreuth.de\/home\/wp-content\/uploads\/2025\/10\/25-26-SMV-Seite-9-768x512.jpg 768w, https:\/\/www.rwg-bayreuth.de\/home\/wp-content\/uploads\/2025\/10\/25-26-SMV-Seite-9-250x167.jpg 250w, https:\/\/www.rwg-bayreuth.de\/home\/wp-content\/uploads\/2025\/10\/25-26-SMV-Seite-9-900x600.jpg 900w\" sizes=\"(max-width: 1024px) 100vw, 1024px\" \/><\/a><\/div><\/div><div class=\"su-image-carousel-item\"><div class=\"su-image-carousel-item-content\"><a href=\"https:\/\/www.rwg-bayreuth.de\/home\/wp-content\/uploads\/2025\/10\/25-26-SMV-Seite-10.jpg\" data-caption=\"\"><img loading=\"lazy\" decoding=\"async\" width=\"1024\" height=\"683\" src=\"https:\/\/www.rwg-bayreuth.de\/home\/wp-content\/uploads\/2025\/10\/25-26-SMV-Seite-10.jpg\" class=\"\" alt=\"\" srcset=\"https:\/\/www.rwg-bayreuth.de\/home\/wp-content\/uploads\/2025\/10\/25-26-SMV-Seite-10.jpg 1024w, https:\/\/www.rwg-bayreuth.de\/home\/wp-content\/uploads\/2025\/10\/25-26-SMV-Seite-10-150x100.jpg 150w, https:\/\/www.rwg-bayreuth.de\/home\/wp-content\/uploads\/2025\/10\/25-26-SMV-Seite-10-450x300.jpg 450w, https:\/\/www.rwg-bayreuth.de\/home\/wp-content\/uploads\/2025\/10\/25-26-SMV-Seite-10-768x512.jpg 768w, https:\/\/www.rwg-bayreuth.de\/home\/wp-content\/uploads\/2025\/10\/25-26-SMV-Seite-10-250x167.jpg 250w, https:\/\/www.rwg-bayreuth.de\/home\/wp-content\/uploads\/2025\/10\/25-26-SMV-Seite-10-900x600.jpg 900w\" sizes=\"(max-width: 1024px) 100vw, 1024px\" \/><\/a><\/div><\/div><div class=\"su-image-carousel-item\"><div class=\"su-image-carousel-item-content\"><a href=\"https:\/\/www.rwg-bayreuth.de\/home\/wp-content\/uploads\/2025\/10\/25-26-SMV-Seite-1.jpg\" data-caption=\"\"><img loading=\"lazy\" decoding=\"async\" width=\"1024\" height=\"683\" src=\"https:\/\/www.rwg-bayreuth.de\/home\/wp-content\/uploads\/2025\/10\/25-26-SMV-Seite-1.jpg\" class=\"\" alt=\"\" srcset=\"https:\/\/www.rwg-bayreuth.de\/home\/wp-content\/uploads\/2025\/10\/25-26-SMV-Seite-1.jpg 1024w, https:\/\/www.rwg-bayreuth.de\/home\/wp-content\/uploads\/2025\/10\/25-26-SMV-Seite-1-150x100.jpg 150w, https:\/\/www.rwg-bayreuth.de\/home\/wp-content\/uploads\/2025\/10\/25-26-SMV-Seite-1-450x300.jpg 450w, https:\/\/www.rwg-bayreuth.de\/home\/wp-content\/uploads\/2025\/10\/25-26-SMV-Seite-1-768x512.jpg 768w, https:\/\/www.rwg-bayreuth.de\/home\/wp-content\/uploads\/2025\/10\/25-26-SMV-Seite-1-250x167.jpg 250w, https:\/\/www.rwg-bayreuth.de\/home\/wp-content\/uploads\/2025\/10\/25-26-SMV-Seite-1-900x600.jpg 900w\" sizes=\"(max-width: 1024px) 100vw, 1024px\" \/><\/a><\/div><\/div><div class=\"su-image-carousel-item\"><div class=\"su-image-carousel-item-content\"><a href=\"https:\/\/www.rwg-bayreuth.de\/home\/wp-content\/uploads\/2025\/10\/25-26-SMV-Seite-2.jpg\" data-caption=\"\"><img loading=\"lazy\" decoding=\"async\" width=\"1024\" height=\"683\" src=\"https:\/\/www.rwg-bayreuth.de\/home\/wp-content\/uploads\/2025\/10\/25-26-SMV-Seite-2.jpg\" class=\"\" alt=\"\" srcset=\"https:\/\/www.rwg-bayreuth.de\/home\/wp-content\/uploads\/2025\/10\/25-26-SMV-Seite-2.jpg 1024w, https:\/\/www.rwg-bayreuth.de\/home\/wp-content\/uploads\/2025\/10\/25-26-SMV-Seite-2-150x100.jpg 150w, https:\/\/www.rwg-bayreuth.de\/home\/wp-content\/uploads\/2025\/10\/25-26-SMV-Seite-2-450x300.jpg 450w, https:\/\/www.rwg-bayreuth.de\/home\/wp-content\/uploads\/2025\/10\/25-26-SMV-Seite-2-768x512.jpg 768w, https:\/\/www.rwg-bayreuth.de\/home\/wp-content\/uploads\/2025\/10\/25-26-SMV-Seite-2-250x167.jpg 250w, https:\/\/www.rwg-bayreuth.de\/home\/wp-content\/uploads\/2025\/10\/25-26-SMV-Seite-2-900x600.jpg 900w\" sizes=\"(max-width: 1024px) 100vw, 1024px\" \/><\/a><\/div><\/div><div class=\"su-image-carousel-item\"><div class=\"su-image-carousel-item-content\"><a href=\"https:\/\/www.rwg-bayreuth.de\/home\/wp-content\/uploads\/2025\/10\/25-26-SMV-Seite-11.jpg\" data-caption=\"\"><img loading=\"lazy\" decoding=\"async\" width=\"1024\" height=\"683\" src=\"https:\/\/www.rwg-bayreuth.de\/home\/wp-content\/uploads\/2025\/10\/25-26-SMV-Seite-11.jpg\" class=\"\" alt=\"\" srcset=\"https:\/\/www.rwg-bayreuth.de\/home\/wp-content\/uploads\/2025\/10\/25-26-SMV-Seite-11.jpg 1024w, https:\/\/www.rwg-bayreuth.de\/home\/wp-content\/uploads\/2025\/10\/25-26-SMV-Seite-11-150x100.jpg 150w, https:\/\/www.rwg-bayreuth.de\/home\/wp-content\/uploads\/2025\/10\/25-26-SMV-Seite-11-450x300.jpg 450w, https:\/\/www.rwg-bayreuth.de\/home\/wp-content\/uploads\/2025\/10\/25-26-SMV-Seite-11-768x512.jpg 768w, https:\/\/www.rwg-bayreuth.de\/home\/wp-content\/uploads\/2025\/10\/25-26-SMV-Seite-11-250x167.jpg 250w, https:\/\/www.rwg-bayreuth.de\/home\/wp-content\/uploads\/2025\/10\/25-26-SMV-Seite-11-900x600.jpg 900w\" sizes=\"(max-width: 1024px) 100vw, 1024px\" \/><\/a><\/div><\/div><div class=\"su-image-carousel-item\"><div class=\"su-image-carousel-item-content\"><a href=\"https:\/\/www.rwg-bayreuth.de\/home\/wp-content\/uploads\/2025\/10\/25-26-SMV-Seite-12.jpg\" data-caption=\"\"><img loading=\"lazy\" decoding=\"async\" width=\"1024\" height=\"683\" src=\"https:\/\/www.rwg-bayreuth.de\/home\/wp-content\/uploads\/2025\/10\/25-26-SMV-Seite-12.jpg\" class=\"\" alt=\"\" srcset=\"https:\/\/www.rwg-bayreuth.de\/home\/wp-content\/uploads\/2025\/10\/25-26-SMV-Seite-12.jpg 1024w, https:\/\/www.rwg-bayreuth.de\/home\/wp-content\/uploads\/2025\/10\/25-26-SMV-Seite-12-150x100.jpg 150w, https:\/\/www.rwg-bayreuth.de\/home\/wp-content\/uploads\/2025\/10\/25-26-SMV-Seite-12-450x300.jpg 450w, https:\/\/www.rwg-bayreuth.de\/home\/wp-content\/uploads\/2025\/10\/25-26-SMV-Seite-12-768x512.jpg 768w, https:\/\/www.rwg-bayreuth.de\/home\/wp-content\/uploads\/2025\/10\/25-26-SMV-Seite-12-250x167.jpg 250w, https:\/\/www.rwg-bayreuth.de\/home\/wp-content\/uploads\/2025\/10\/25-26-SMV-Seite-12-900x600.jpg 900w\" sizes=\"(max-width: 1024px) 100vw, 1024px\" \/><\/a><\/div><\/div><div class=\"su-image-carousel-item\"><div class=\"su-image-carousel-item-content\"><a href=\"https:\/\/www.rwg-bayreuth.de\/home\/wp-content\/uploads\/2025\/10\/25-26-SMV-Seite-13.jpg\" data-caption=\"\"><img loading=\"lazy\" decoding=\"async\" width=\"1024\" height=\"683\" src=\"https:\/\/www.rwg-bayreuth.de\/home\/wp-content\/uploads\/2025\/10\/25-26-SMV-Seite-13.jpg\" class=\"\" alt=\"\" srcset=\"https:\/\/www.rwg-bayreuth.de\/home\/wp-content\/uploads\/2025\/10\/25-26-SMV-Seite-13.jpg 1024w, https:\/\/www.rwg-bayreuth.de\/home\/wp-content\/uploads\/2025\/10\/25-26-SMV-Seite-13-150x100.jpg 150w, https:\/\/www.rwg-bayreuth.de\/home\/wp-content\/uploads\/2025\/10\/25-26-SMV-Seite-13-450x300.jpg 450w, https:\/\/www.rwg-bayreuth.de\/home\/wp-content\/uploads\/2025\/10\/25-26-SMV-Seite-13-768x512.jpg 768w, https:\/\/www.rwg-bayreuth.de\/home\/wp-content\/uploads\/2025\/10\/25-26-SMV-Seite-13-250x167.jpg 250w, https:\/\/www.rwg-bayreuth.de\/home\/wp-content\/uploads\/2025\/10\/25-26-SMV-Seite-13-900x600.jpg 900w\" sizes=\"(max-width: 1024px) 100vw, 1024px\" \/><\/a><\/div><\/div><div class=\"su-image-carousel-item\"><div class=\"su-image-carousel-item-content\"><a href=\"https:\/\/www.rwg-bayreuth.de\/home\/wp-content\/uploads\/2025\/10\/25-26-SMV-Seite-14.jpg\" data-caption=\"\"><img loading=\"lazy\" decoding=\"async\" width=\"1024\" height=\"683\" src=\"https:\/\/www.rwg-bayreuth.de\/home\/wp-content\/uploads\/2025\/10\/25-26-SMV-Seite-14.jpg\" class=\"\" alt=\"\" srcset=\"https:\/\/www.rwg-bayreuth.de\/home\/wp-content\/uploads\/2025\/10\/25-26-SMV-Seite-14.jpg 1024w, https:\/\/www.rwg-bayreuth.de\/home\/wp-content\/uploads\/2025\/10\/25-26-SMV-Seite-14-150x100.jpg 150w, https:\/\/www.rwg-bayreuth.de\/home\/wp-content\/uploads\/2025\/10\/25-26-SMV-Seite-14-450x300.jpg 450w, https:\/\/www.rwg-bayreuth.de\/home\/wp-content\/uploads\/2025\/10\/25-26-SMV-Seite-14-768x512.jpg 768w, https:\/\/www.rwg-bayreuth.de\/home\/wp-content\/uploads\/2025\/10\/25-26-SMV-Seite-14-250x167.jpg 250w, https:\/\/www.rwg-bayreuth.de\/home\/wp-content\/uploads\/2025\/10\/25-26-SMV-Seite-14-900x600.jpg 900w\" sizes=\"(max-width: 1024px) 100vw, 1024px\" \/><\/a><\/div><\/div><div class=\"su-image-carousel-item\"><div class=\"su-image-carousel-item-content\"><a href=\"https:\/\/www.rwg-bayreuth.de\/home\/wp-content\/uploads\/2025\/10\/25-26-SMV-Seite-15.jpg\" data-caption=\"\"><img loading=\"lazy\" decoding=\"async\" width=\"683\" height=\"1024\" src=\"https:\/\/www.rwg-bayreuth.de\/home\/wp-content\/uploads\/2025\/10\/25-26-SMV-Seite-15.jpg\" class=\"\" alt=\"\" srcset=\"https:\/\/www.rwg-bayreuth.de\/home\/wp-content\/uploads\/2025\/10\/25-26-SMV-Seite-15.jpg 683w, https:\/\/www.rwg-bayreuth.de\/home\/wp-content\/uploads\/2025\/10\/25-26-SMV-Seite-15-100x150.jpg 100w, https:\/\/www.rwg-bayreuth.de\/home\/wp-content\/uploads\/2025\/10\/25-26-SMV-Seite-15-300x450.jpg 300w, https:\/\/www.rwg-bayreuth.de\/home\/wp-content\/uploads\/2025\/10\/25-26-SMV-Seite-15-250x375.jpg 250w\" sizes=\"(max-width: 683px) 100vw, 683px\" \/><\/a><\/div><\/div><\/div><script id=\"su_image_carousel_69f4367b6af82_script\">if(window.SUImageCarousel){setTimeout(function() {window.SUImageCarousel.initGallery(document.getElementById(\"su_image_carousel_69f4367b6af82\"))}, 0);}var su_image_carousel_69f4367b6af82_script=document.getElementById(\"su_image_carousel_69f4367b6af82_script\");if(su_image_carousel_69f4367b6af82_script){su_image_carousel_69f4367b6af82_script.parentNode.removeChild(su_image_carousel_69f4367b6af82_script);}<\/script>\n<p>&nbsp;<\/p>\n<h1>Eure RWG-Sch\u00fclersprecher<\/h1>\n<div class=\"su-row\"><div class=\"su-column su-column-size-1-2\"><div class=\"su-column-inner su-u-clearfix su-u-trim\">\n<a href=\"https:\/\/www.rwg-bayreuth.de\/home\/wp-content\/uploads\/2025\/10\/25-26-SMV-Seite-Schuelersprecher_2025.26.jpg\"><img loading=\"lazy\" decoding=\"async\" src=\"https:\/\/www.rwg-bayreuth.de\/home\/wp-content\/uploads\/2025\/10\/25-26-SMV-Seite-Schuelersprecher_2025.26.jpg\" alt=\"\" width=\"1024\" height=\"683\" class=\"aligncenter size-full wp-image-39935\" srcset=\"https:\/\/www.rwg-bayreuth.de\/home\/wp-content\/uploads\/2025\/10\/25-26-SMV-Seite-Schuelersprecher_2025.26.jpg 1024w, https:\/\/www.rwg-bayreuth.de\/home\/wp-content\/uploads\/2025\/10\/25-26-SMV-Seite-Schuelersprecher_2025.26-150x100.jpg 150w, https:\/\/www.rwg-bayreuth.de\/home\/wp-content\/uploads\/2025\/10\/25-26-SMV-Seite-Schuelersprecher_2025.26-450x300.jpg 450w, https:\/\/www.rwg-bayreuth.de\/home\/wp-content\/uploads\/2025\/10\/25-26-SMV-Seite-Schuelersprecher_2025.26-768x512.jpg 768w, https:\/\/www.rwg-bayreuth.de\/home\/wp-content\/uploads\/2025\/10\/25-26-SMV-Seite-Schuelersprecher_2025.26-250x167.jpg 250w, https:\/\/www.rwg-bayreuth.de\/home\/wp-content\/uploads\/2025\/10\/25-26-SMV-Seite-Schuelersprecher_2025.26-900x600.jpg 900w\" sizes=\"(max-width: 1024px) 100vw, 1024px\" \/><\/a><br \/>\n<\/div><\/div>\n<div class=\"su-column su-column-size-1-2\"><div class=\"su-column-inner su-u-clearfix su-u-trim\">\n1. Sch\u00fclersprecher: Jakob Kessler (10a)<br \/>\n2. Sch\u00fclersprecherin: Pola Partyka (9b)<br \/>\n3. Sch\u00fclersprecher: Lukas Jahn (10a)<br \/>\nJuniorsch\u00fclersprecherin: Jana Berger (6d)<br \/>\n<\/div><\/div><\/div>\n<div id=\"verbindungslehrer\" align=\"right\"><!--[button link=\"https:\/\/www.rwg-bayreuth.de\/home\/?page_id=154\/#seitenanfang\" ]nach oben zur \u00dcbersicht[\/button]--><\/div>\n<p><!-- \n\n --><\/p>\n<h1>Eure Verbindungslehrkr\u00e4fte<\/h1>\n<div class=\"su-row\"><div class=\"su-column su-column-size-1-2\"><div class=\"su-column-inner su-u-clearfix su-u-trim\">\n<div class=\"su-image-carousel  clear su-image-carousel-has-spacing su-image-carousel-crop su-image-carousel-crop-4-3 su-image-carousel-has-lightbox su-image-carousel-has-outline su-image-carousel-slides-style-minimal su-image-carousel-controls-style-light su-image-carousel-align-center\" style=\"\" data-flickity-options='{\"groupCells\":true,\"cellSelector\":\".su-image-carousel-item\",\"adaptiveHeight\":false,\"cellAlign\":\"left\",\"prevNextButtons\":true,\"pageDots\":false,\"autoPlay\":4000,\"imagesLoaded\":true,\"contain\":true,\"selectedAttraction\":0.025000000000000001,\"friction\":0.28000000000000003}' id=\"su_image_carousel_69f4367b6b41b\"><div class=\"su-image-carousel-item\"><div class=\"su-image-carousel-item-content\"><a href=\"https:\/\/www.rwg-bayreuth.de\/home\/wp-content\/uploads\/2025\/10\/25-26-SMV-Seite-Verbindungslehrer_1.jpg\" data-caption=\"\"><img loading=\"lazy\" decoding=\"async\" width=\"1024\" height=\"683\" src=\"https:\/\/www.rwg-bayreuth.de\/home\/wp-content\/uploads\/2025\/10\/25-26-SMV-Seite-Verbindungslehrer_1.jpg\" class=\"\" alt=\"\" srcset=\"https:\/\/www.rwg-bayreuth.de\/home\/wp-content\/uploads\/2025\/10\/25-26-SMV-Seite-Verbindungslehrer_1.jpg 1024w, https:\/\/www.rwg-bayreuth.de\/home\/wp-content\/uploads\/2025\/10\/25-26-SMV-Seite-Verbindungslehrer_1-150x100.jpg 150w, https:\/\/www.rwg-bayreuth.de\/home\/wp-content\/uploads\/2025\/10\/25-26-SMV-Seite-Verbindungslehrer_1-450x300.jpg 450w, https:\/\/www.rwg-bayreuth.de\/home\/wp-content\/uploads\/2025\/10\/25-26-SMV-Seite-Verbindungslehrer_1-768x512.jpg 768w, https:\/\/www.rwg-bayreuth.de\/home\/wp-content\/uploads\/2025\/10\/25-26-SMV-Seite-Verbindungslehrer_1-250x167.jpg 250w, https:\/\/www.rwg-bayreuth.de\/home\/wp-content\/uploads\/2025\/10\/25-26-SMV-Seite-Verbindungslehrer_1-900x600.jpg 900w\" sizes=\"(max-width: 1024px) 100vw, 1024px\" \/><\/a><\/div><\/div><div class=\"su-image-carousel-item\"><div class=\"su-image-carousel-item-content\"><a href=\"https:\/\/www.rwg-bayreuth.de\/home\/wp-content\/uploads\/2025\/10\/25-26-SMV-Seite-Verbindungslehrer_2.jpg\" data-caption=\"\"><img loading=\"lazy\" decoding=\"async\" width=\"1024\" height=\"683\" src=\"https:\/\/www.rwg-bayreuth.de\/home\/wp-content\/uploads\/2025\/10\/25-26-SMV-Seite-Verbindungslehrer_2.jpg\" class=\"\" alt=\"\" srcset=\"https:\/\/www.rwg-bayreuth.de\/home\/wp-content\/uploads\/2025\/10\/25-26-SMV-Seite-Verbindungslehrer_2.jpg 1024w, https:\/\/www.rwg-bayreuth.de\/home\/wp-content\/uploads\/2025\/10\/25-26-SMV-Seite-Verbindungslehrer_2-150x100.jpg 150w, https:\/\/www.rwg-bayreuth.de\/home\/wp-content\/uploads\/2025\/10\/25-26-SMV-Seite-Verbindungslehrer_2-450x300.jpg 450w, https:\/\/www.rwg-bayreuth.de\/home\/wp-content\/uploads\/2025\/10\/25-26-SMV-Seite-Verbindungslehrer_2-768x512.jpg 768w, https:\/\/www.rwg-bayreuth.de\/home\/wp-content\/uploads\/2025\/10\/25-26-SMV-Seite-Verbindungslehrer_2-250x167.jpg 250w, https:\/\/www.rwg-bayreuth.de\/home\/wp-content\/uploads\/2025\/10\/25-26-SMV-Seite-Verbindungslehrer_2-900x600.jpg 900w\" sizes=\"(max-width: 1024px) 100vw, 1024px\" \/><\/a><\/div><\/div><\/div><script id=\"su_image_carousel_69f4367b6b41b_script\">if(window.SUImageCarousel){setTimeout(function() {window.SUImageCarousel.initGallery(document.getElementById(\"su_image_carousel_69f4367b6b41b\"))}, 0);}var su_image_carousel_69f4367b6b41b_script=document.getElementById(\"su_image_carousel_69f4367b6b41b_script\");if(su_image_carousel_69f4367b6b41b_script){su_image_carousel_69f4367b6b41b_script.parentNode.removeChild(su_image_carousel_69f4367b6b41b_script);}<\/script>\n<p style=\"text-align: center\">Dr. Fred Thiele und Frau Jurenka<\/p>\n<\/div><\/div>\n<\/div>\n<p>Das SMV-Team hat spannende Pl\u00e4ne f\u00fcr das kommende Jahr, darunter abwechslungsreiche Veranstaltungen, informative Newsletter und kreative Projekte. <\/p>\n<p>Bleibt auf dem Laufenden und besucht regelm\u00e4\u00dfig unsere Schulhomepage. Folgt uns auch auf Instagram, um keine Neuigkeiten zu verpassen!<\/p>\n<p>Euer SMV-Team<\/p>\n<div id=\"planer\" align=\"right\"><a class=\"standard-btn\" href=\"https:\/\/www.rwg-bayreuth.de\/home\/?page_id=154\/#seitenanfang\"><span>nach oben zur \u00dcbersicht<\/span><\/a><\/div>\n<p><!-- \n\n --><\/p>\n<h1>Auf welche SMV-Aktionen ihr euch im Schuljahr freuen d\u00fcrft<\/h1>\n<table style=\"text-align: center; margin-top:10px;\">\n<tbody>\n<tr>\n<td><strong>Oktober<\/strong><\/td>\n<td>Halloweenparty<\/td>\n<\/tr>\n<tr>\n<td><strong>Dezember<\/strong><\/td>\n<td>Nikolausaktion<\/td>\n<\/tr>\n<tr>\n<td><strong>Februar<\/strong><\/td>\n<td>Fasching f\u00fcr die 5. Klassen<\/td>\n<\/tr>\n<tr>\n<td><strong>Februar<\/strong><\/td>\n<td>Valentins- \/ Gru\u00dfaktion<\/td>\n<\/tr>\n<tr>\n<td><strong>M\u00e4rz<\/strong><\/td>\n<td>Basketball-Turnier<\/td>\n<\/tr>\n<tr>\n<td><strong>Juli<\/strong><\/td>\n<td>Fu\u00dfball-Turnier<\/td>\n<\/tr>\n<tr>\n<td><strong>Juli<\/strong><\/td>\n<td>RWG-Sommerfest<\/td>\n<\/tr>\n<\/tbody>\n<\/table>\n<div id=\"newsletter\" align=\"right\"><a class=\"standard-btn\" href=\"https:\/\/www.rwg-bayreuth.de\/home\/?page_id=154\/#seitenanfang\"><span>nach oben zur \u00dcbersicht<\/span><\/a><\/div>\n<p><!-- \n\n --><\/p>\n<h1>SMV-Newsletter<\/h1>\n<p><object \ndata=\"https:\/\/www.rwg-bayreuth.de\/home\/wp-content\/uploads\/2026\/02\/2025_Newsletter_1.pdf#page=1\"\n\ttype=\"application\/pdf\"\n\twidth=\"100%\"\n\theight=\"100%\"\n><br \/>\n\t<iframe\n\t\tsrc=\"https:\/\/www.rwg-bayreuth.de\/home\/wp-content\/uploads\/2026\/02\/2025_Newsletter_1.pdf#page=1\"\n\t\twidth=\"100%\"\n\t\theight=\"100%\"\n\t\tstyle=\"border: none;\"\n\t><\/p>\n<p>\n\t\t\tYour browser does not support PDFs.<br \/>\n\t\t\t<a href=\"https:\/\/www.rwg-bayreuth.de\/home\/wp-content\/uploads\/2026\/02\/2025_Newsletter_1.pdf\">Download the PDF<\/a><br \/>\n\t\t\t.\n\t\t<\/p>\n<p>\t<\/iframe><\/object><\/p>\n<ul class=\"linkliste\">\n<li><a href=\"https:\/\/www.rwg-bayreuth.de\/home\/wp-content\/uploads\/2026\/02\/2025_Newsletter_1.pdf\">2025\/26 Newsletter 1<\/a><\/li>\n<li><a href=\"https:\/\/www.rwg-bayreuth.de\/home\/wp-content\/uploads\/2025\/07\/2024_Newsletter_2_Homepage.pdf\">2024\/25 Newsletter 2<\/a><\/li>\n<li><a href=\"https:\/\/www.rwg-bayreuth.de\/home\/wp-content\/uploads\/2024\/11\/2024_SMV-Newsletter.pdf\">2024\/25 Newsletter 1<\/a><\/li>\n<\/ul>\n<div id=\"aktionen\" align=\"right\"><a class=\"standard-btn\" href=\"https:\/\/www.rwg-bayreuth.de\/home\/?page_id=154\/#seitenanfang\"><span>nach oben zur \u00dcbersicht<\/span><\/a><\/div>\n<p><!-- \n\n --><\/p>\n<h1>Aktionen<\/h1>\n<div class=\"rwg_post_list\"><article id=\"post-40831\"class=\"cf post-40831 post type-post status-publish format-standard has-post-thumbnail hentry category-allgemein tag-home tag-smv\">\n \t\t<div class=\"entry-thumbnail fadein\"> \t\t\t<a href=\"https:\/\/www.rwg-bayreuth.de\/home\/?p=40831\"><img loading=\"lazy\" decoding=\"async\" width=\"1206\" height=\"804\" src=\"https:\/\/www.rwg-bayreuth.de\/home\/wp-content\/uploads\/2026\/02\/25-26-Unterstufenfasching-Titelfoto.jpg\" class=\"attachment-post-thumbnail size-post-thumbnail wp-post-image\" alt=\"\" srcset=\"https:\/\/www.rwg-bayreuth.de\/home\/wp-content\/uploads\/2026\/02\/25-26-Unterstufenfasching-Titelfoto.jpg 1206w, https:\/\/www.rwg-bayreuth.de\/home\/wp-content\/uploads\/2026\/02\/25-26-Unterstufenfasching-Titelfoto-150x100.jpg 150w, https:\/\/www.rwg-bayreuth.de\/home\/wp-content\/uploads\/2026\/02\/25-26-Unterstufenfasching-Titelfoto-450x300.jpg 450w, https:\/\/www.rwg-bayreuth.de\/home\/wp-content\/uploads\/2026\/02\/25-26-Unterstufenfasching-Titelfoto-768x512.jpg 768w, https:\/\/www.rwg-bayreuth.de\/home\/wp-content\/uploads\/2026\/02\/25-26-Unterstufenfasching-Titelfoto-1024x683.jpg 1024w, https:\/\/www.rwg-bayreuth.de\/home\/wp-content\/uploads\/2026\/02\/25-26-Unterstufenfasching-Titelfoto-250x167.jpg 250w, https:\/\/www.rwg-bayreuth.de\/home\/wp-content\/uploads\/2026\/02\/25-26-Unterstufenfasching-Titelfoto-900x600.jpg 900w\" sizes=\"(max-width: 1206px) 100vw, 1206px\" \/><\/a> \t\t<\/div><!-- end .entry-thumbnail -->\n<div class=\"meta-main-wrap\">\n  <div class=\"\">\n    <header class=\"entry-header\">\n      <div class=\"entry-cats\">\n        <div class=\"kategorie\"><a href=\"https:\/\/www.rwg-bayreuth.de\/home\/?cat=1\" rel=\"category\">Schulleben<\/a><\/div>\n<div class=\"entry-edit\" >      <div class=\"entry-date\" >\n        <a href=\"https:\/\/www.rwg-bayreuth.de\/home\/?p=40831\">13. Februar 2026<\/a>\n      <\/div><\/div><!-- end .entry-date -->\n      <\/div><!-- end .entry-cats -->\n<h2 class=\"entry-title\"><a href=\"https:\/\/www.rwg-bayreuth.de\/home\/?p=40831\" rel=\"bookmark\">Bunte Kost\u00fcme, strahlende Gesichter \u2013 Unterstufenfasching am RWG<\/a><\/h2>\n    <\/header><!-- end .entry-header -->\n    <div class=\"entry-summary\">\nIn der Faschingszeit verwandelte unser SMV-Partyteam die Aula in eine bunte Faschingsmeile. Die Sch\u00fclerinnen und Sch\u00fcler der f\u00fcnften Klassen duften ausgelassen feiern, sich bei kreativen Spielen miteinander messen und leckere Krapfen genie\u00dfen. Viele kreative Kost\u00fcme schm\u00fcckten das Fest sowie die G\u00e4nge unserer Schule. Unser Dank geht an die vielen Helferinnen und Helfer sowie das Orga-Team&hellip;\n  <\/div><!-- .entry-summary -->\n  <\/div><!-- .entry-main -->\n<\/div><!-- .meta-main-wrap -->\n<\/article><!-- end post -40831 -->\n<article id=\"post-39378\"class=\"cf post-39378 post type-post status-publish format-standard has-post-thumbnail hentry category-allgemein tag-home tag-smv\">\n \t\t<div class=\"entry-thumbnail fadein\"> \t\t\t<a href=\"https:\/\/www.rwg-bayreuth.de\/home\/?p=39378\"><img loading=\"lazy\" decoding=\"async\" width=\"2093\" height=\"1395\" src=\"https:\/\/www.rwg-bayreuth.de\/home\/wp-content\/uploads\/2025\/08\/24-25-Fussballturnier-Titelfoto.jpg\" class=\"attachment-post-thumbnail size-post-thumbnail wp-post-image\" alt=\"\" srcset=\"https:\/\/www.rwg-bayreuth.de\/home\/wp-content\/uploads\/2025\/08\/24-25-Fussballturnier-Titelfoto.jpg 2093w, https:\/\/www.rwg-bayreuth.de\/home\/wp-content\/uploads\/2025\/08\/24-25-Fussballturnier-Titelfoto-1536x1024.jpg 1536w, https:\/\/www.rwg-bayreuth.de\/home\/wp-content\/uploads\/2025\/08\/24-25-Fussballturnier-Titelfoto-2048x1365.jpg 2048w, https:\/\/www.rwg-bayreuth.de\/home\/wp-content\/uploads\/2025\/08\/24-25-Fussballturnier-Titelfoto-150x100.jpg 150w, https:\/\/www.rwg-bayreuth.de\/home\/wp-content\/uploads\/2025\/08\/24-25-Fussballturnier-Titelfoto-450x300.jpg 450w, https:\/\/www.rwg-bayreuth.de\/home\/wp-content\/uploads\/2025\/08\/24-25-Fussballturnier-Titelfoto-768x512.jpg 768w, https:\/\/www.rwg-bayreuth.de\/home\/wp-content\/uploads\/2025\/08\/24-25-Fussballturnier-Titelfoto-1024x683.jpg 1024w, https:\/\/www.rwg-bayreuth.de\/home\/wp-content\/uploads\/2025\/08\/24-25-Fussballturnier-Titelfoto-250x167.jpg 250w, https:\/\/www.rwg-bayreuth.de\/home\/wp-content\/uploads\/2025\/08\/24-25-Fussballturnier-Titelfoto-900x600.jpg 900w\" sizes=\"(max-width: 2093px) 100vw, 2093px\" \/><\/a> \t\t<\/div><!-- end .entry-thumbnail -->\n<div class=\"meta-main-wrap\">\n  <div class=\"\">\n    <header class=\"entry-header\">\n      <div class=\"entry-cats\">\n        <div class=\"kategorie\"><a href=\"https:\/\/www.rwg-bayreuth.de\/home\/?cat=1\" rel=\"category\">Schulleben<\/a><\/div>\n<div class=\"entry-edit\" >      <div class=\"entry-date\" >\n        <a href=\"https:\/\/www.rwg-bayreuth.de\/home\/?p=39378\">29. Juli 2025<\/a>\n      <\/div><\/div><!-- end .entry-date -->\n      <\/div><!-- end .entry-cats -->\n<h2 class=\"entry-title\"><a href=\"https:\/\/www.rwg-bayreuth.de\/home\/?p=39378\" rel=\"bookmark\">Tore, Teamgeist und Top-Stimmung!<\/a><\/h2>\n    <\/header><!-- end .entry-header -->\n    <div class=\"entry-summary\">\nBeim Fu\u00dfballturnier der 5. bis 7. Klassen am RWG ging\u2019s ordentlich zur Sache \u2013 mit lautstarker Unterst\u00fctzung von den Trib\u00fcnen. Gl\u00fcckwunsch an die Bananenbrotbande, die sich souver\u00e4n den Sieg geholt hat! Ein gro\u00dfer Dank geht an die SMV f\u00fcr die Organisation \u2013 das war ein Volltreffer!\n  <\/div><!-- .entry-summary -->\n  <\/div><!-- .entry-main -->\n<\/div><!-- .meta-main-wrap -->\n<\/article><!-- end post -39378 -->\n<article id=\"post-39235\"class=\"cf post-39235 post type-post status-publish format-standard has-post-thumbnail hentry category-allgemein tag-home tag-smv\">\n \t\t<div class=\"entry-thumbnail fadein\"> \t\t\t<a href=\"https:\/\/www.rwg-bayreuth.de\/home\/?p=39235\"><img loading=\"lazy\" decoding=\"async\" width=\"1536\" height=\"1024\" src=\"https:\/\/www.rwg-bayreuth.de\/home\/wp-content\/uploads\/2025\/07\/24-25-SMV-Basketballturnier-Titelfoto.jpg\" class=\"attachment-post-thumbnail size-post-thumbnail wp-post-image\" alt=\"\" srcset=\"https:\/\/www.rwg-bayreuth.de\/home\/wp-content\/uploads\/2025\/07\/24-25-SMV-Basketballturnier-Titelfoto.jpg 1536w, https:\/\/www.rwg-bayreuth.de\/home\/wp-content\/uploads\/2025\/07\/24-25-SMV-Basketballturnier-Titelfoto-150x100.jpg 150w, https:\/\/www.rwg-bayreuth.de\/home\/wp-content\/uploads\/2025\/07\/24-25-SMV-Basketballturnier-Titelfoto-450x300.jpg 450w, https:\/\/www.rwg-bayreuth.de\/home\/wp-content\/uploads\/2025\/07\/24-25-SMV-Basketballturnier-Titelfoto-768x512.jpg 768w, https:\/\/www.rwg-bayreuth.de\/home\/wp-content\/uploads\/2025\/07\/24-25-SMV-Basketballturnier-Titelfoto-1024x683.jpg 1024w, https:\/\/www.rwg-bayreuth.de\/home\/wp-content\/uploads\/2025\/07\/24-25-SMV-Basketballturnier-Titelfoto-250x167.jpg 250w, https:\/\/www.rwg-bayreuth.de\/home\/wp-content\/uploads\/2025\/07\/24-25-SMV-Basketballturnier-Titelfoto-900x600.jpg 900w\" sizes=\"(max-width: 1536px) 100vw, 1536px\" \/><\/a> \t\t<\/div><!-- end .entry-thumbnail -->\n<div class=\"meta-main-wrap\">\n  <div class=\"\">\n    <header class=\"entry-header\">\n      <div class=\"entry-cats\">\n        <div class=\"kategorie\"><a href=\"https:\/\/www.rwg-bayreuth.de\/home\/?cat=1\" rel=\"category\">Schulleben<\/a><\/div>\n<div class=\"entry-edit\" >      <div class=\"entry-date\" >\n        <a href=\"https:\/\/www.rwg-bayreuth.de\/home\/?p=39235\">15. Juli 2025<\/a>\n      <\/div><\/div><!-- end .entry-date -->\n      <\/div><!-- end .entry-cats -->\n<h2 class=\"entry-title\"><a href=\"https:\/\/www.rwg-bayreuth.de\/home\/?p=39235\" rel=\"bookmark\">Dribbeln, Punkten, Jubeln \u2013 Teamgeist und Spielspa\u00df beim SMV Basketballturnier<\/a><\/h2>\n    <\/header><!-- end .entry-header -->\n    <div class=\"entry-summary\">\nHei\u00df her ging es beim Basketballturnier der 8. und 9. Klassen. Es gab spannende Spiele, starke Teams und viele sehenswerte Momente. Im Finale standen sich das Team der Six\u2019Seven und die Ninja Turtles gegen\u00fcber. Die Ninja Turtles waren am Ende das st\u00e4rkste Team und gewann das Finale verdient! Danke an die SMV und die Schiedsrichter&hellip;\n  <\/div><!-- .entry-summary -->\n  <\/div><!-- .entry-main -->\n<\/div><!-- .meta-main-wrap -->\n<\/article><!-- end post -39235 -->\n<article id=\"post-39136\"class=\"cf post-39136 post type-post status-publish format-standard has-post-thumbnail hentry category-allgemein tag-home tag-smv\">\n \t\t<div class=\"entry-thumbnail fadein\"> \t\t\t<a href=\"https:\/\/www.rwg-bayreuth.de\/home\/?p=39136\"><img loading=\"lazy\" decoding=\"async\" width=\"1770\" height=\"1180\" src=\"https:\/\/www.rwg-bayreuth.de\/home\/wp-content\/uploads\/2025\/07\/24-25-SMV-Fahrt-Weidenberg-B.jpg\" class=\"attachment-post-thumbnail size-post-thumbnail wp-post-image\" alt=\"\" srcset=\"https:\/\/www.rwg-bayreuth.de\/home\/wp-content\/uploads\/2025\/07\/24-25-SMV-Fahrt-Weidenberg-B.jpg 1770w, https:\/\/www.rwg-bayreuth.de\/home\/wp-content\/uploads\/2025\/07\/24-25-SMV-Fahrt-Weidenberg-B-1536x1024.jpg 1536w, https:\/\/www.rwg-bayreuth.de\/home\/wp-content\/uploads\/2025\/07\/24-25-SMV-Fahrt-Weidenberg-B-150x100.jpg 150w, https:\/\/www.rwg-bayreuth.de\/home\/wp-content\/uploads\/2025\/07\/24-25-SMV-Fahrt-Weidenberg-B-450x300.jpg 450w, https:\/\/www.rwg-bayreuth.de\/home\/wp-content\/uploads\/2025\/07\/24-25-SMV-Fahrt-Weidenberg-B-768x512.jpg 768w, https:\/\/www.rwg-bayreuth.de\/home\/wp-content\/uploads\/2025\/07\/24-25-SMV-Fahrt-Weidenberg-B-1024x683.jpg 1024w, https:\/\/www.rwg-bayreuth.de\/home\/wp-content\/uploads\/2025\/07\/24-25-SMV-Fahrt-Weidenberg-B-250x167.jpg 250w, https:\/\/www.rwg-bayreuth.de\/home\/wp-content\/uploads\/2025\/07\/24-25-SMV-Fahrt-Weidenberg-B-900x600.jpg 900w\" sizes=\"(max-width: 1770px) 100vw, 1770px\" \/><\/a> \t\t<\/div><!-- end .entry-thumbnail -->\n<div class=\"meta-main-wrap\">\n  <div class=\"\">\n    <header class=\"entry-header\">\n      <div class=\"entry-cats\">\n        <div class=\"kategorie\"><a href=\"https:\/\/www.rwg-bayreuth.de\/home\/?cat=1\" rel=\"category\">Schulleben<\/a><\/div>\n<div class=\"entry-edit\" >      <div class=\"entry-date\" >\n        <a href=\"https:\/\/www.rwg-bayreuth.de\/home\/?p=39136\">12. Juli 2025<\/a>\n      <\/div><\/div><!-- end .entry-date -->\n      <\/div><!-- end .entry-cats -->\n<h2 class=\"entry-title\"><a href=\"https:\/\/www.rwg-bayreuth.de\/home\/?p=39136\" rel=\"bookmark\">Ideen, Teamgeist, SMV \u2013 Gemeinsam nach Weidenberg<\/a><\/h2>\n    <\/header><!-- end .entry-header -->\n    <div class=\"entry-summary\">\nMit Vorfreude reisten unsere Sch\u00fclerinnen und Sch\u00fcler der SMV gemeinsam mit den Klassensprecherinnen und Klassensprechern sowie den Verbindungslehrkr\u00e4ften nach Weidenberg. Wir verbrachten dort zwei vielf\u00e4ltige Tage, reflektierten die durchgef\u00fchrten SMV-Aktionen, sammelten neue Ideen f\u00fcr das kommende Schuljahr und bereiteten das Schulfest vor. Nach getaner Arbeit verabschiedeten wir uns von Weidenberg mit Spiel und Spa\u00df im&hellip;\n  <\/div><!-- .entry-summary -->\n  <\/div><!-- .entry-main -->\n<\/div><!-- .meta-main-wrap -->\n<\/article><!-- end post -39136 -->\n<article id=\"post-38445\"class=\"cf post-38445 post type-post status-publish format-standard has-post-thumbnail hentry category-allgemein tag-home tag-smv\">\n \t\t<div class=\"entry-thumbnail fadein\"> \t\t\t<a href=\"https:\/\/www.rwg-bayreuth.de\/home\/?p=38445\"><img loading=\"lazy\" decoding=\"async\" width=\"2357\" height=\"1571\" src=\"https:\/\/www.rwg-bayreuth.de\/home\/wp-content\/uploads\/2025\/04\/24-25-WerteUndWir-B.jpg\" class=\"attachment-post-thumbnail size-post-thumbnail wp-post-image\" alt=\"\" srcset=\"https:\/\/www.rwg-bayreuth.de\/home\/wp-content\/uploads\/2025\/04\/24-25-WerteUndWir-B.jpg 2357w, https:\/\/www.rwg-bayreuth.de\/home\/wp-content\/uploads\/2025\/04\/24-25-WerteUndWir-B-1536x1024.jpg 1536w, https:\/\/www.rwg-bayreuth.de\/home\/wp-content\/uploads\/2025\/04\/24-25-WerteUndWir-B-2048x1365.jpg 2048w, https:\/\/www.rwg-bayreuth.de\/home\/wp-content\/uploads\/2025\/04\/24-25-WerteUndWir-B-150x100.jpg 150w, https:\/\/www.rwg-bayreuth.de\/home\/wp-content\/uploads\/2025\/04\/24-25-WerteUndWir-B-450x300.jpg 450w, https:\/\/www.rwg-bayreuth.de\/home\/wp-content\/uploads\/2025\/04\/24-25-WerteUndWir-B-768x512.jpg 768w, https:\/\/www.rwg-bayreuth.de\/home\/wp-content\/uploads\/2025\/04\/24-25-WerteUndWir-B-1024x683.jpg 1024w, https:\/\/www.rwg-bayreuth.de\/home\/wp-content\/uploads\/2025\/04\/24-25-WerteUndWir-B-250x167.jpg 250w, https:\/\/www.rwg-bayreuth.de\/home\/wp-content\/uploads\/2025\/04\/24-25-WerteUndWir-B-900x600.jpg 900w\" sizes=\"(max-width: 2357px) 100vw, 2357px\" \/><\/a> \t\t<\/div><!-- end .entry-thumbnail -->\n<div class=\"meta-main-wrap\">\n  <div class=\"\">\n    <header class=\"entry-header\">\n      <div class=\"entry-cats\">\n        <div class=\"kategorie\"><a href=\"https:\/\/www.rwg-bayreuth.de\/home\/?cat=1\" rel=\"category\">Schulleben<\/a><\/div>\n<div class=\"entry-edit\" >      <div class=\"entry-date\" >\n        <a href=\"https:\/\/www.rwg-bayreuth.de\/home\/?p=38445\">29. M\u00e4rz 2025<\/a>\n      <\/div><\/div><!-- end .entry-date -->\n      <\/div><!-- end .entry-cats -->\n<h2 class=\"entry-title\"><a href=\"https:\/\/www.rwg-bayreuth.de\/home\/?p=38445\" rel=\"bookmark\">&#8222;Werte und Wir&#8220; \u2013 Ein inspirierender Tag voller Austausch und neuer Ideen<\/a><\/h2>\n    <\/header><!-- end .entry-header -->\n    <div class=\"entry-summary\">\nAls betreuende Lehrkraft durfte ich, Frau Jurenka, gemeinsam mit drei engagierten Sch\u00fclerinnen der 9. Klassen am Austauschtreffen &#8222;Werte und Wir&#8220; teilnehmen. Die Veranstaltung brachte Werte&shy;bot&shy;schaf&shy;te&shy;rinnen und -botschafter sowie Betreuungs&shy;lehr&shy;kr\u00e4fte aus ganz Bayern zusammen und bot wertvollen Input f\u00fcr unsere k\u00fcnftige Arbeit an der Schule. Der Tag begann mit einem Impulsvortrag von Dr. Ludwig Spaenle, dem&hellip;\n  <\/div><!-- .entry-summary -->\n  <\/div><!-- .entry-main -->\n<\/div><!-- .meta-main-wrap -->\n<\/article><!-- end post -38445 -->\n<article id=\"post-38052\"class=\"cf post-38052 post type-post status-publish format-standard has-post-thumbnail hentry category-allgemein tag-home tag-smv\">\n \t\t<div class=\"entry-thumbnail fadein\"> \t\t\t<a href=\"https:\/\/www.rwg-bayreuth.de\/home\/?p=38052\"><img loading=\"lazy\" decoding=\"async\" width=\"1024\" height=\"683\" src=\"https:\/\/www.rwg-bayreuth.de\/home\/wp-content\/uploads\/2025\/02\/24-25-Filmpremiere-B.jpg\" class=\"attachment-post-thumbnail size-post-thumbnail wp-post-image\" alt=\"\" srcset=\"https:\/\/www.rwg-bayreuth.de\/home\/wp-content\/uploads\/2025\/02\/24-25-Filmpremiere-B.jpg 1024w, https:\/\/www.rwg-bayreuth.de\/home\/wp-content\/uploads\/2025\/02\/24-25-Filmpremiere-B-150x100.jpg 150w, https:\/\/www.rwg-bayreuth.de\/home\/wp-content\/uploads\/2025\/02\/24-25-Filmpremiere-B-450x300.jpg 450w, https:\/\/www.rwg-bayreuth.de\/home\/wp-content\/uploads\/2025\/02\/24-25-Filmpremiere-B-768x512.jpg 768w, https:\/\/www.rwg-bayreuth.de\/home\/wp-content\/uploads\/2025\/02\/24-25-Filmpremiere-B-250x167.jpg 250w, https:\/\/www.rwg-bayreuth.de\/home\/wp-content\/uploads\/2025\/02\/24-25-Filmpremiere-B-900x600.jpg 900w\" sizes=\"(max-width: 1024px) 100vw, 1024px\" \/><\/a> \t\t<\/div><!-- end .entry-thumbnail -->\n<div class=\"meta-main-wrap\">\n  <div class=\"\">\n    <header class=\"entry-header\">\n      <div class=\"entry-cats\">\n        <div class=\"kategorie\"><a href=\"https:\/\/www.rwg-bayreuth.de\/home\/?cat=1\" rel=\"category\">Schulleben<\/a><\/div>\n<div class=\"entry-edit\" >      <div class=\"entry-date\" >\n        <a href=\"https:\/\/www.rwg-bayreuth.de\/home\/?p=38052\">25. Januar 2025<\/a>\n      <\/div><\/div><!-- end .entry-date -->\n      <\/div><!-- end .entry-cats -->\n<h2 class=\"entry-title\"><a href=\"https:\/\/www.rwg-bayreuth.de\/home\/?p=38052\" rel=\"bookmark\">Filmpremiere am RWG<\/a><\/h2>\n    <\/header><!-- end .entry-header -->\n    <div class=\"entry-summary\">\nSch\u00fclerinnen und Sch\u00fcler als Schauspieler und Regisseure \u2013 klingt nach Theater AG \u2013 aber nicht in diesem Fall! \u00dcber die letzten drei Jahren haben Felix und Tom Junod, mit Unterst\u00fctzung vieler weiterer Sch\u00fclerinnen und Sch\u00fcler unserer Schule und mit Hilfe vieler Eltern, ein beeindruckendes Filmprojekt auf die Beine gestellt. Der Film \u201eBomben \u00fcber Bayreuth\u201c wurde&hellip;\n  <\/div><!-- .entry-summary -->\n  <\/div><!-- .entry-main -->\n<\/div><!-- .meta-main-wrap -->\n<\/article><!-- end post -38052 -->\n<\/div><!-- end .rwg_post_list -->\n<div id=\"aufgUndRechte\" align=\"right\"><a class=\"standard-btn\" href=\"https:\/\/www.rwg-bayreuth.de\/home\/?page_id=154\/#seitenanfang\"><span>nach oben zur \u00dcbersicht<\/span><\/a><\/div>\n<p><!-- \n\n --><\/p>\n<h1>Aufgaben und Rechte der SMV<\/h1>\n<p>Die Sch\u00fclermitverwaltung (SMV) sind die Klassensprecher, die Kurssprecher und die Schulsprecher. Ihre Aufgaben und ihre Rechte sind im Bayerischen Erziehungs\u2010 und Unterrichtsgesetz (BayEUG) festgelegt.<\/p>\n<p style=\"margin-bottom: 0;\">Zu den Aufgaben der Sch\u00fclermitverantwortung geh\u00f6ren insbesondere<\/p>\n<ul style=\"padding-left: 5px;\">\n<li>die Durchf\u00fchrung gemeinsamer Veranstaltungen<\/li>\n<li>die \u00dcbernahme von Ordnungsaufgaben<\/li>\n<li>die Wahrnehmung schulischer Interessen der Sch\u00fclerinnen und Sch\u00fcler und<\/li>\n<li>die Mithilfe bei der L\u00f6sung von Konflikten.<\/li>\n<\/ul>\n<p style=\"margin-bottom: 0;\">Zu den Rechten der Sch\u00fclermitverantwortung geh\u00f6rt es,<\/p>\n<ul style=\"padding-left: 5px;\">\n<li>in allen sie betreffenden Angelegenheiten durch die Schule informiert zu werden (Informationsrecht),<\/li>\n<li>W\u00fcnsche und Anregungen der Sch\u00fclerinnen und Sch\u00fcler an Lehrkr\u00e4fte, die Leiterin oder den Leiter der Schule und den Elternbeirat zu \u00fcbermitteln (Anh\u00f6rungs- und Vorschlagsrecht),<\/li>\n<li>auf Antrag der betroffenen Sch\u00fclerinnen und Sch\u00fcler ihre Hilfe und Vermittlung einzusetzen, wenn diese glauben, es sei ihnen Unrecht geschehen (Vermittlungsrecht),<\/li>\n<li>Beschwerden allgemeiner Art bei Lehrkr\u00e4ften, bei der Leiterin oder beim Leiter der Schule und im Schulforum vorzubringen (Beschwerderecht),<\/li>\n<li>bei der Aufstellung und Durchf\u00fchrung der Hausordnung, der Organisation und Betreuung von besonderen Veranstaltungen und im Schulforum mitzuwirken,<\/li>\n<li>zur Gestaltung von Kursen und Schulveranstaltungen und im Rahmen der Lehrpl\u00e4ne zum Unterricht Anregungen zu geben und Vorschl\u00e4ge zu unterbreiten.<\/li>\n<\/ul>\n<p>&nbsp;<\/p>\n<p>Die Rechte einzelner Sch\u00fclerinnen und Sch\u00fcler nach Art. 56 bleiben unber\u00fchrt.<\/p>\n<p>Diese Rechte der Sch\u00fclerinnen und Sch\u00fcler finden sich in Art. 56 BayEUG.<\/p>\n<div id=\"aktionen\" align=\"right\"><a class=\"standard-btn\" href=\"https:\/\/www.rwg-bayreuth.de\/home\/?page_id=154\/#seitenanfang\"><span>nach oben zur \u00dcbersicht<\/span><\/a><\/div>\n","protected":false},"excerpt":{"rendered":"<p>Die SMV stellt sich vor Verbindungslehrkr\u00e4fte SMV-Events SMV-Newsletter Aktionen Aufgaben und Rechte der SMV Liebe Sch\u00fclerinnen und Sch\u00fcler, wir freuen uns, euch mitteilen zu k\u00f6nnen, dass die Sch\u00fclersprecher und Verbindungslehrer f\u00fcr das Schuljahr 2025\/26 gew\u00e4hlt wurden! Hier stellen wir euch die neuen Mitglieder der SMV vor: &nbsp; Eure RWG-Sch\u00fclersprecher Eure Verbindungslehrkr\u00e4fte Das SMV-Team hat spannende&hellip;<\/p>\n","protected":false},"author":1,"featured_media":0,"parent":2,"menu_order":60,"comment_status":"closed","ping_status":"closed","template":"page-templates\/no-sidebar.php","meta":{"footnotes":""},"tags":[54],"_links":{"self":[{"href":"https:\/\/www.rwg-bayreuth.de\/home\/index.php?rest_route=\/wp\/v2\/pages\/154"}],"collection":[{"href":"https:\/\/www.rwg-bayreuth.de\/home\/index.php?rest_route=\/wp\/v2\/pages"}],"about":[{"href":"https:\/\/www.rwg-bayreuth.de\/home\/index.php?rest_route=\/wp\/v2\/types\/page"}],"author":[{"embeddable":true,"href":"https:\/\/www.rwg-bayreuth.de\/home\/index.php?rest_route=\/wp\/v2\/users\/1"}],"replies":[{"embeddable":true,"href":"https:\/\/www.rwg-bayreuth.de\/home\/index.php?rest_route=%2Fwp%2Fv2%2Fcomments&post=154"}],"version-history":[{"count":153,"href":"https:\/\/www.rwg-bayreuth.de\/home\/index.php?rest_route=\/wp\/v2\/pages\/154\/revisions"}],"predecessor-version":[{"id":40841,"href":"https:\/\/www.rwg-bayreuth.de\/home\/index.php?rest_route=\/wp\/v2\/pages\/154\/revisions\/40841"}],"up":[{"embeddable":true,"href":"https:\/\/www.rwg-bayreuth.de\/home\/index.php?rest_route=\/wp\/v2\/pages\/2"}],"wp:attachment":[{"href":"https:\/\/www.rwg-bayreuth.de\/home\/index.php?rest_route=%2Fwp%2Fv2%2Fmedia&parent=154"}],"wp:term":[{"taxonomy":"post_tag","embeddable":true,"href":"https:\/\/www.rwg-bayreuth.de\/home\/index.php?rest_route=%2Fwp%2Fv2%2Ftags&post=154"}],"curies":[{"name":"wp","href":"https:\/\/api.w.org\/{rel}","templated":true}]}}