{"id":14929,"date":"2017-03-23T18:27:27","date_gmt":"2017-03-23T17:27:27","guid":{"rendered":"http:\/\/www.rwg-bayreuth.de\/home\/?p=14929"},"modified":"2020-10-07T08:40:02","modified_gmt":"2020-10-07T06:40:02","slug":"austausch-mit-tschechien","status":"publish","type":"page","link":"https:\/\/www.rwg-bayreuth.de\/home\/?page_id=14929","title":{"rendered":"Austausch mit Tschechien"},"content":{"rendered":"<p><img decoding=\"async\" src=\"https:\/\/www.rwg-bayreuth.de\/home\/wp-content\/uploads\/2020\/06\/Tschechien-Austausch.jpg\" alt=\"\" width=\"100%\" height=\"auto\" class=\"alignnone size-full wp-image-26593\" srcset=\"https:\/\/www.rwg-bayreuth.de\/home\/wp-content\/uploads\/2020\/06\/Tschechien-Austausch.jpg 1920w, https:\/\/www.rwg-bayreuth.de\/home\/wp-content\/uploads\/2020\/06\/Tschechien-Austausch-450x150.jpg 450w, https:\/\/www.rwg-bayreuth.de\/home\/wp-content\/uploads\/2020\/06\/Tschechien-Austausch-1024x341.jpg 1024w, https:\/\/www.rwg-bayreuth.de\/home\/wp-content\/uploads\/2020\/06\/Tschechien-Austausch-768x256.jpg 768w, https:\/\/www.rwg-bayreuth.de\/home\/wp-content\/uploads\/2020\/06\/Tschechien-Austausch-1536x511.jpg 1536w, https:\/\/www.rwg-bayreuth.de\/home\/wp-content\/uploads\/2020\/06\/Tschechien-Austausch-250x83.jpg 250w\" sizes=\"(max-width: 1920px) 100vw, 1920px\" \/><\/p>\n<p>Das RWG hat eine Schulpartnerschaft mit Tschechien: Partnerschule ist das Gymn\u00e1zium Nad Kaval\u00edrou in Prag.<\/p>\n<div id=\"attachment_6256\" style=\"width: 360px\" class=\"wp-caption alignright\"><a href=\"https:\/\/www.rwg-bayreuth.de\/home\/wp-content\/uploads\/2015\/03\/2015_Pragaustausch_Begr_web.jpg\"><img loading=\"lazy\" decoding=\"async\" aria-describedby=\"caption-attachment-6256\" src=\"https:\/\/www.rwg-bayreuth.de\/home\/wp-content\/uploads\/2015\/03\/2015_Pragaustausch_Begr_web.jpg\" alt=\"Schulleiterin Ursula Graf (rechts) begr\u00fc\u00dfte die tschechischen Sch\u00fcler und ihre Begleitlehrerin auf das herzlichste.\" width=\"350\" height=\"239\" class=\"size-full wp-image-6256\" srcset=\"https:\/\/www.rwg-bayreuth.de\/home\/wp-content\/uploads\/2015\/03\/2015_Pragaustausch_Begr_web.jpg 350w, https:\/\/www.rwg-bayreuth.de\/home\/wp-content\/uploads\/2015\/03\/2015_Pragaustausch_Begr_web-150x102.jpg 150w, https:\/\/www.rwg-bayreuth.de\/home\/wp-content\/uploads\/2015\/03\/2015_Pragaustausch_Begr_web-300x205.jpg 300w, https:\/\/www.rwg-bayreuth.de\/home\/wp-content\/uploads\/2015\/03\/2015_Pragaustausch_Begr_web-250x171.jpg 250w\" sizes=\"(max-width: 350px) 100vw, 350px\" \/><\/a><p id=\"caption-attachment-6256\" class=\"wp-caption-text\">Schulleiterin Ursula Graf (rechts) begr\u00fc\u00dfte die<br \/>\ntschechischen Sch\u00fcler und ihre Begleitlehrerin Alena<br \/>\nSmlsalov\u00e1 (links) auf das herzlichste.<\/p><\/div>\n<p>Durch die Erweiterung der Europ\u00e4ischen Union ist Bayreuth aus der Zonenrandlage pl\u00f6tzlich in das Zentrum des zusammenwachsenden Europas ger\u00fcckt: Die Entfernung nach Tallin in Estland ist genauso weit wie nach Barcelona, nach Warschau ist es nicht weiter als an die Kanalk\u00fcste. Bayreuth ist im Mittelpunkt eines Kreises, der nicht nur Frankfurt, M\u00fcnchen oder Leipzig ber\u00fchrt, sondern auch Prag. Was liegt also n\u00e4her, als auch in diese Richtung die F\u00fchler auszustrecken, um zusammenwachsen zu lassen, was kulturell und wirtschaftlich zusammengeh\u00f6rt?<\/p>\n<p>Einer Initiative von Frau Gerdes ist es zu danken, dass Kontakte reaktiviert wurden, die bereits einmal vor etlichen Jahren bestanden: Bereits damals war eine Sch\u00fclergruppe des Gymn\u00e1zium Nad Kaval\u00edrou zu Gast. <\/p>\n<h2 class=\"clear\">Aktuelles<\/h2>\n<div style=\"max-width: 1000px\">\n<div class=\"rwg_post_list\"><article id=\"post-40025\"class=\"cf post-40025 post type-post status-publish format-standard has-post-thumbnail hentry category-allgemein tag-home tag-prag\">\n \t\t<div class=\"entry-thumbnail fadein\"> \t\t\t<a href=\"https:\/\/www.rwg-bayreuth.de\/home\/?p=40025\"><img loading=\"lazy\" decoding=\"async\" width=\"1295\" height=\"863\" src=\"https:\/\/www.rwg-bayreuth.de\/home\/wp-content\/uploads\/2025\/10\/25-26-AustauschTschechien-B.jpg\" class=\"attachment-post-thumbnail size-post-thumbnail wp-post-image\" alt=\"\" srcset=\"https:\/\/www.rwg-bayreuth.de\/home\/wp-content\/uploads\/2025\/10\/25-26-AustauschTschechien-B.jpg 1295w, https:\/\/www.rwg-bayreuth.de\/home\/wp-content\/uploads\/2025\/10\/25-26-AustauschTschechien-B-150x100.jpg 150w, https:\/\/www.rwg-bayreuth.de\/home\/wp-content\/uploads\/2025\/10\/25-26-AustauschTschechien-B-450x300.jpg 450w, https:\/\/www.rwg-bayreuth.de\/home\/wp-content\/uploads\/2025\/10\/25-26-AustauschTschechien-B-768x512.jpg 768w, https:\/\/www.rwg-bayreuth.de\/home\/wp-content\/uploads\/2025\/10\/25-26-AustauschTschechien-B-1024x682.jpg 1024w, https:\/\/www.rwg-bayreuth.de\/home\/wp-content\/uploads\/2025\/10\/25-26-AustauschTschechien-B-250x167.jpg 250w, https:\/\/www.rwg-bayreuth.de\/home\/wp-content\/uploads\/2025\/10\/25-26-AustauschTschechien-B-900x600.jpg 900w\" sizes=\"(max-width: 1295px) 100vw, 1295px\" \/><\/a> \t\t<\/div><!-- end .entry-thumbnail -->\n<div class=\"meta-main-wrap\">\n  <div class=\"\">\n    <header class=\"entry-header\">\n      <div class=\"entry-cats\">\n        <div class=\"kategorie\"><a href=\"https:\/\/www.rwg-bayreuth.de\/home\/?cat=1\" rel=\"category\">Schulleben<\/a><\/div>\n<div class=\"entry-edit\" >      <div class=\"entry-date\" >\n        <a href=\"https:\/\/www.rwg-bayreuth.de\/home\/?p=40025\">15. Oktober 2025<\/a>\n      <\/div><\/div><!-- end .entry-date -->\n      <\/div><!-- end .entry-cats -->\n<h2 class=\"entry-title\"><a href=\"https:\/\/www.rwg-bayreuth.de\/home\/?p=40025\" rel=\"bookmark\">Tschechien-Austausch im Oktober 2025<\/a><\/h2>\n    <\/header><!-- end .entry-header -->\n    <div class=\"entry-summary\">\nMontag \u2013 Ankunft der G\u00e4ste Am vergangenen Montag, den 6.10.2025 ging es endlich los: Unsere tschechischen G\u00e4ste kamen am Flixbusbahnhof an und wurden herzlich von den Gastfamilien empfangen. Nach den ersten Kennenlern-Momenten im famili\u00e4ren Alltag startete die Woche direkt voller Spannung und Vorfreude. Dienstag \u2013 Empfang und Sprachanimation Dienstagmorgen ging es dann offiziell los: Frau&hellip;\n  <\/div><!-- .entry-summary -->\n  <\/div><!-- .entry-main -->\n<\/div><!-- .meta-main-wrap -->\n<\/article><!-- end post -40025 -->\n<article id=\"post-38649\"class=\"cf post-38649 post type-post status-publish format-standard has-post-thumbnail hentry category-allgemein tag-home tag-prag\">\n \t\t<div class=\"entry-thumbnail fadein\"> \t\t\t<a href=\"https:\/\/www.rwg-bayreuth.de\/home\/?p=38649\"><img loading=\"lazy\" decoding=\"async\" width=\"1024\" height=\"683\" src=\"https:\/\/www.rwg-bayreuth.de\/home\/wp-content\/uploads\/2025\/04\/24-25-Tschechienaustausch-B.jpg\" class=\"attachment-post-thumbnail size-post-thumbnail wp-post-image\" alt=\"\" srcset=\"https:\/\/www.rwg-bayreuth.de\/home\/wp-content\/uploads\/2025\/04\/24-25-Tschechienaustausch-B.jpg 1024w, https:\/\/www.rwg-bayreuth.de\/home\/wp-content\/uploads\/2025\/04\/24-25-Tschechienaustausch-B-150x100.jpg 150w, https:\/\/www.rwg-bayreuth.de\/home\/wp-content\/uploads\/2025\/04\/24-25-Tschechienaustausch-B-450x300.jpg 450w, https:\/\/www.rwg-bayreuth.de\/home\/wp-content\/uploads\/2025\/04\/24-25-Tschechienaustausch-B-768x512.jpg 768w, https:\/\/www.rwg-bayreuth.de\/home\/wp-content\/uploads\/2025\/04\/24-25-Tschechienaustausch-B-250x167.jpg 250w, https:\/\/www.rwg-bayreuth.de\/home\/wp-content\/uploads\/2025\/04\/24-25-Tschechienaustausch-B-900x600.jpg 900w\" sizes=\"(max-width: 1024px) 100vw, 1024px\" \/><\/a> \t\t<\/div><!-- end .entry-thumbnail -->\n<div class=\"meta-main-wrap\">\n  <div class=\"\">\n    <header class=\"entry-header\">\n      <div class=\"entry-cats\">\n        <div class=\"kategorie\"><a href=\"https:\/\/www.rwg-bayreuth.de\/home\/?cat=1\" rel=\"category\">Schulleben<\/a><\/div>\n<div class=\"entry-edit\" >      <div class=\"entry-date\" >\n        <a href=\"https:\/\/www.rwg-bayreuth.de\/home\/?p=38649\">9. April 2025<\/a>\n      <\/div><\/div><!-- end .entry-date -->\n      <\/div><!-- end .entry-cats -->\n<h2 class=\"entry-title\"><a href=\"https:\/\/www.rwg-bayreuth.de\/home\/?p=38649\" rel=\"bookmark\">Tschechienaustausch mit der Partnerschule Dasick\u00e1 in Pardubice<\/a><\/h2>\n    <\/header><!-- end .entry-header -->\n    <div class=\"entry-summary\">\nDer vorliegende Bericht wurde von allen Sch\u00fclerinnen unseres Austausches in diesem Jahr verfasst, der vom Montag den 31. M\u00e4rz bis zum Montag dem 7. April 2025 dauerte. Montags gingen wir zun\u00e4chst in unseren ganz normalen Unterricht. Gegen 14 Uhr fuhr uns der Flixbus nach Prag. Dort reisten wir weiter mit U-Bahn und dem Regiojet nach&hellip;\n  <\/div><!-- .entry-summary -->\n  <\/div><!-- .entry-main -->\n<\/div><!-- .meta-main-wrap -->\n<\/article><!-- end post -38649 -->\n<article id=\"post-37217\"class=\"cf post-37217 post type-post status-publish format-standard has-post-thumbnail hentry category-allgemein tag-home tag-prag\">\n \t\t<div class=\"entry-thumbnail fadein\"> \t\t\t<a href=\"https:\/\/www.rwg-bayreuth.de\/home\/?p=37217\"><img loading=\"lazy\" decoding=\"async\" width=\"1024\" height=\"683\" src=\"https:\/\/www.rwg-bayreuth.de\/home\/wp-content\/uploads\/2024\/10\/24-25-Tschechienaustausch-B.jpg\" class=\"attachment-post-thumbnail size-post-thumbnail wp-post-image\" alt=\"\" srcset=\"https:\/\/www.rwg-bayreuth.de\/home\/wp-content\/uploads\/2024\/10\/24-25-Tschechienaustausch-B.jpg 1024w, https:\/\/www.rwg-bayreuth.de\/home\/wp-content\/uploads\/2024\/10\/24-25-Tschechienaustausch-B-150x100.jpg 150w, https:\/\/www.rwg-bayreuth.de\/home\/wp-content\/uploads\/2024\/10\/24-25-Tschechienaustausch-B-450x300.jpg 450w, https:\/\/www.rwg-bayreuth.de\/home\/wp-content\/uploads\/2024\/10\/24-25-Tschechienaustausch-B-768x512.jpg 768w, https:\/\/www.rwg-bayreuth.de\/home\/wp-content\/uploads\/2024\/10\/24-25-Tschechienaustausch-B-250x167.jpg 250w, https:\/\/www.rwg-bayreuth.de\/home\/wp-content\/uploads\/2024\/10\/24-25-Tschechienaustausch-B-900x600.jpg 900w\" sizes=\"(max-width: 1024px) 100vw, 1024px\" \/><\/a> \t\t<\/div><!-- end .entry-thumbnail -->\n<div class=\"meta-main-wrap\">\n  <div class=\"\">\n    <header class=\"entry-header\">\n      <div class=\"entry-cats\">\n        <div class=\"kategorie\"><a href=\"https:\/\/www.rwg-bayreuth.de\/home\/?cat=1\" rel=\"category\">Schulleben<\/a><\/div>\n<div class=\"entry-edit\" >      <div class=\"entry-date\" >\n        <a href=\"https:\/\/www.rwg-bayreuth.de\/home\/?p=37217\">17. Oktober 2024<\/a>\n      <\/div><\/div><!-- end .entry-date -->\n      <\/div><!-- end .entry-cats -->\n<h2 class=\"entry-title\"><a href=\"https:\/\/www.rwg-bayreuth.de\/home\/?p=37217\" rel=\"bookmark\">Besuch von unserer Partnerschule aus Pardubitz<\/a><\/h2>\n    <\/header><!-- end .entry-header -->\n    <div class=\"entry-summary\">\nUnsere 22 Partnersch\u00fcler und Sch\u00fclerinnen besuchten uns vom 7. bis 14. Oktober 2024 in Bayreuth Auch in diesem Jahr kamen unsere Austauschpartner aus dem sch\u00f6nen Pardubitz an der Elbe zu Besuch. Bereits am Montagabend wurden die G\u00e4ste von unseren Sch\u00fclern am Flixbus in Empfang genommen. Nachdem sie am Dienstag von der Schulleiterin Frau Graf in&hellip;\n  <\/div><!-- .entry-summary -->\n  <\/div><!-- .entry-main -->\n<\/div><!-- .meta-main-wrap -->\n<\/article><!-- end post -37217 -->\n<article id=\"post-36488\"class=\"cf post-36488 post type-post status-publish format-standard has-post-thumbnail hentry category-allgemein tag-home tag-prag\">\n \t\t<div class=\"entry-thumbnail fadein\"> \t\t\t<a href=\"https:\/\/www.rwg-bayreuth.de\/home\/?p=36488\"><img loading=\"lazy\" decoding=\"async\" width=\"1024\" height=\"683\" src=\"https:\/\/www.rwg-bayreuth.de\/home\/wp-content\/uploads\/2024\/04\/23-24-Austausch-Tschechien-B.jpg\" class=\"attachment-post-thumbnail size-post-thumbnail wp-post-image\" alt=\"\" srcset=\"https:\/\/www.rwg-bayreuth.de\/home\/wp-content\/uploads\/2024\/04\/23-24-Austausch-Tschechien-B.jpg 1024w, https:\/\/www.rwg-bayreuth.de\/home\/wp-content\/uploads\/2024\/04\/23-24-Austausch-Tschechien-B-150x100.jpg 150w, https:\/\/www.rwg-bayreuth.de\/home\/wp-content\/uploads\/2024\/04\/23-24-Austausch-Tschechien-B-450x300.jpg 450w, https:\/\/www.rwg-bayreuth.de\/home\/wp-content\/uploads\/2024\/04\/23-24-Austausch-Tschechien-B-768x512.jpg 768w, https:\/\/www.rwg-bayreuth.de\/home\/wp-content\/uploads\/2024\/04\/23-24-Austausch-Tschechien-B-250x167.jpg 250w, https:\/\/www.rwg-bayreuth.de\/home\/wp-content\/uploads\/2024\/04\/23-24-Austausch-Tschechien-B-900x600.jpg 900w\" sizes=\"(max-width: 1024px) 100vw, 1024px\" \/><\/a> \t\t<\/div><!-- end .entry-thumbnail -->\n<div class=\"meta-main-wrap\">\n  <div class=\"\">\n    <header class=\"entry-header\">\n      <div class=\"entry-cats\">\n        <div class=\"kategorie\"><a href=\"https:\/\/www.rwg-bayreuth.de\/home\/?cat=1\" rel=\"category\">Schulleben<\/a><\/div>\n<div class=\"entry-edit\" >      <div class=\"entry-date\" >\n        <a href=\"https:\/\/www.rwg-bayreuth.de\/home\/?p=36488\">17. April 2024<\/a>\n      <\/div><\/div><!-- end .entry-date -->\n      <\/div><!-- end .entry-cats -->\n<h2 class=\"entry-title\"><a href=\"https:\/\/www.rwg-bayreuth.de\/home\/?p=36488\" rel=\"bookmark\">Aufenthalt in Pardubice vom 8. bis 15. April 2024<\/a><\/h2>\n    <\/header><!-- end .entry-header -->\n    <div class=\"entry-summary\">\nDer Montag nach den Ferien begann f\u00fcr die am Austausch teilnehmenden Sch\u00fclerinnen und Sch\u00fcler in der Schule. Nachdem die ersten f\u00fcnf Stunden Unterricht am RWG \u00fcberstanden waren, ging es endlich los. Gegen 14.00 Uhr begann die Reise mit dem Flixbus. Am Nachmittag kamen wir in Prag an. Danach fuhren wir mit dem Zug nach Pardubice,&hellip;\n  <\/div><!-- .entry-summary -->\n  <\/div><!-- .entry-main -->\n<\/div><!-- .meta-main-wrap -->\n<\/article><!-- end post -36488 -->\n<article id=\"post-34712\"class=\"cf post-34712 post type-post status-publish format-standard has-post-thumbnail hentry category-allgemein tag-home tag-prag\">\n \t\t<div class=\"entry-thumbnail fadein\"> \t\t\t<a href=\"https:\/\/www.rwg-bayreuth.de\/home\/?p=34712\"><img loading=\"lazy\" decoding=\"async\" width=\"1024\" height=\"683\" src=\"https:\/\/www.rwg-bayreuth.de\/home\/wp-content\/uploads\/2023\/10\/23-24-Tschechienaustausch-B.jpg\" class=\"attachment-post-thumbnail size-post-thumbnail wp-post-image\" alt=\"\" srcset=\"https:\/\/www.rwg-bayreuth.de\/home\/wp-content\/uploads\/2023\/10\/23-24-Tschechienaustausch-B.jpg 1024w, https:\/\/www.rwg-bayreuth.de\/home\/wp-content\/uploads\/2023\/10\/23-24-Tschechienaustausch-B-450x300.jpg 450w, https:\/\/www.rwg-bayreuth.de\/home\/wp-content\/uploads\/2023\/10\/23-24-Tschechienaustausch-B-150x100.jpg 150w, https:\/\/www.rwg-bayreuth.de\/home\/wp-content\/uploads\/2023\/10\/23-24-Tschechienaustausch-B-768x512.jpg 768w, https:\/\/www.rwg-bayreuth.de\/home\/wp-content\/uploads\/2023\/10\/23-24-Tschechienaustausch-B-250x167.jpg 250w, https:\/\/www.rwg-bayreuth.de\/home\/wp-content\/uploads\/2023\/10\/23-24-Tschechienaustausch-B-900x600.jpg 900w\" sizes=\"(max-width: 1024px) 100vw, 1024px\" \/><\/a> \t\t<\/div><!-- end .entry-thumbnail -->\n<div class=\"meta-main-wrap\">\n  <div class=\"\">\n    <header class=\"entry-header\">\n      <div class=\"entry-cats\">\n        <div class=\"kategorie\"><a href=\"https:\/\/www.rwg-bayreuth.de\/home\/?cat=1\" rel=\"category\">Schulleben<\/a><\/div>\n<div class=\"entry-edit\" >      <div class=\"entry-date\" >\n        <a href=\"https:\/\/www.rwg-bayreuth.de\/home\/?p=34712\">26. September 2023<\/a>\n      <\/div><\/div><!-- end .entry-date -->\n      <\/div><!-- end .entry-cats -->\n<h2 class=\"entry-title\"><a href=\"https:\/\/www.rwg-bayreuth.de\/home\/?p=34712\" rel=\"bookmark\">Eine wundervolle Woche mit den G\u00e4sten aus Pardubitz bei herrlichem Sp\u00e4tsommerwetter<\/a><\/h2>\n    <\/header><!-- end .entry-header -->\n    <div class=\"entry-summary\">\nMontag, 18.9.23 Ankunft im RWG Nachdem die Gruppe der Pardubitzer am Sonntagnachmittag ankam, wurde sie in der Mensa von der Schulleiterin Frau Graf herzlich in Empfang genommen. Bei einer gemeinsamen englischsprachigen Schulhausf\u00fchrung in Kooperation zwischen unseren Sch\u00fclerinnen der ILV und Frau Gerdes besichtigte die G\u00e4stegruppe das hauseigene Schulmuseum neben der Aula und staunte \u00fcber die&hellip;\n  <\/div><!-- .entry-summary -->\n  <\/div><!-- .entry-main -->\n<\/div><!-- .meta-main-wrap -->\n<\/article><!-- end post -34712 -->\n<article id=\"post-34555\"class=\"cf post-34555 post type-post status-publish format-standard has-post-thumbnail hentry category-allgemein tag-home tag-prag\">\n \t\t<div class=\"entry-thumbnail fadein\"> \t\t\t<a href=\"https:\/\/www.rwg-bayreuth.de\/home\/?p=34555\"><img loading=\"lazy\" decoding=\"async\" width=\"1024\" height=\"683\" src=\"https:\/\/www.rwg-bayreuth.de\/home\/wp-content\/uploads\/2023\/09\/23-24-Austausch-Tschechien-B.jpg\" class=\"attachment-post-thumbnail size-post-thumbnail wp-post-image\" alt=\"\" srcset=\"https:\/\/www.rwg-bayreuth.de\/home\/wp-content\/uploads\/2023\/09\/23-24-Austausch-Tschechien-B.jpg 1024w, https:\/\/www.rwg-bayreuth.de\/home\/wp-content\/uploads\/2023\/09\/23-24-Austausch-Tschechien-B-450x300.jpg 450w, https:\/\/www.rwg-bayreuth.de\/home\/wp-content\/uploads\/2023\/09\/23-24-Austausch-Tschechien-B-150x100.jpg 150w, https:\/\/www.rwg-bayreuth.de\/home\/wp-content\/uploads\/2023\/09\/23-24-Austausch-Tschechien-B-768x512.jpg 768w, https:\/\/www.rwg-bayreuth.de\/home\/wp-content\/uploads\/2023\/09\/23-24-Austausch-Tschechien-B-250x167.jpg 250w, https:\/\/www.rwg-bayreuth.de\/home\/wp-content\/uploads\/2023\/09\/23-24-Austausch-Tschechien-B-900x600.jpg 900w\" sizes=\"(max-width: 1024px) 100vw, 1024px\" \/><\/a> \t\t<\/div><!-- end .entry-thumbnail -->\n<div class=\"meta-main-wrap\">\n  <div class=\"\">\n    <header class=\"entry-header\">\n      <div class=\"entry-cats\">\n        <div class=\"kategorie\"><a href=\"https:\/\/www.rwg-bayreuth.de\/home\/?cat=1\" rel=\"category\">Schulleben<\/a><\/div>\n<div class=\"entry-edit\" >      <div class=\"entry-date\" >\n        <a href=\"https:\/\/www.rwg-bayreuth.de\/home\/?p=34555\">18. September 2023<\/a>\n      <\/div><\/div><!-- end .entry-date -->\n      <\/div><!-- end .entry-cats -->\n<h2 class=\"entry-title\"><a href=\"https:\/\/www.rwg-bayreuth.de\/home\/?p=34555\" rel=\"bookmark\">Unsere G\u00e4ste aus Pardubice sind angekommen<\/a><\/h2>\n    <\/header><!-- end .entry-header -->\n    <div class=\"entry-summary\">\nWir begr\u00fc\u00dfen unsere tschechischen Freunde aus der neuen Partnerschule in Pardubice. Zum Auftakt haben unsere Sch\u00fcler eine Schulhausf\u00fchrung vorbereitet. In der Stadt vermittelt Frau Stock den G\u00e4sten einen Einblick in die Stadtgeschichte von Bayreuth. Zum Nachmittag lernen unsere Sch\u00fcler erste tschechische Worte und man erf\u00e4hrt etwas \u00fcber die Gemeinsamkeiten der beiden Sprachen.\n  <\/div><!-- .entry-summary -->\n  <\/div><!-- .entry-main -->\n<\/div><!-- .meta-main-wrap -->\n<\/article><!-- end post -34555 -->\n<\/div><!-- end .rwg_post_list -->\n<\/div>\n","protected":false},"excerpt":{"rendered":"<p>Das RWG hat eine Schulpartnerschaft mit Tschechien: Partnerschule ist das Gymn\u00e1zium Nad Kaval\u00edrou in Prag. Durch die Erweiterung der Europ\u00e4ischen Union ist Bayreuth aus der Zonenrandlage pl\u00f6tzlich in das Zentrum des zusammenwachsenden Europas ger\u00fcckt: Die Entfernung nach Tallin in Estland ist genauso weit wie nach Barcelona, nach Warschau ist es nicht weiter als an die&hellip;<\/p>\n","protected":false},"author":2,"featured_media":0,"parent":11137,"menu_order":7,"comment_status":"closed","ping_status":"closed","template":"page-templates\/no-sidebar.php","meta":{"footnotes":""},"tags":[54],"_links":{"self":[{"href":"https:\/\/www.rwg-bayreuth.de\/home\/index.php?rest_route=\/wp\/v2\/pages\/14929"}],"collection":[{"href":"https:\/\/www.rwg-bayreuth.de\/home\/index.php?rest_route=\/wp\/v2\/pages"}],"about":[{"href":"https:\/\/www.rwg-bayreuth.de\/home\/index.php?rest_route=\/wp\/v2\/types\/page"}],"author":[{"embeddable":true,"href":"https:\/\/www.rwg-bayreuth.de\/home\/index.php?rest_route=\/wp\/v2\/users\/2"}],"replies":[{"embeddable":true,"href":"https:\/\/www.rwg-bayreuth.de\/home\/index.php?rest_route=%2Fwp%2Fv2%2Fcomments&post=14929"}],"version-history":[{"count":9,"href":"https:\/\/www.rwg-bayreuth.de\/home\/index.php?rest_route=\/wp\/v2\/pages\/14929\/revisions"}],"predecessor-version":[{"id":26596,"href":"https:\/\/www.rwg-bayreuth.de\/home\/index.php?rest_route=\/wp\/v2\/pages\/14929\/revisions\/26596"}],"up":[{"embeddable":true,"href":"https:\/\/www.rwg-bayreuth.de\/home\/index.php?rest_route=\/wp\/v2\/pages\/11137"}],"wp:attachment":[{"href":"https:\/\/www.rwg-bayreuth.de\/home\/index.php?rest_route=%2Fwp%2Fv2%2Fmedia&parent=14929"}],"wp:term":[{"taxonomy":"post_tag","embeddable":true,"href":"https:\/\/www.rwg-bayreuth.de\/home\/index.php?rest_route=%2Fwp%2Fv2%2Ftags&post=14929"}],"curies":[{"name":"wp","href":"https:\/\/api.w.org\/{rel}","templated":true}]}}