{"id":1477,"date":"2013-04-06T18:45:37","date_gmt":"2013-04-06T17:45:37","guid":{"rendered":"http:\/\/www.rwg-bayreuth.de\/home\/?page_id=1477"},"modified":"2025-11-19T17:56:53","modified_gmt":"2025-11-19T16:56:53","slug":"mathematik","status":"publish","type":"page","link":"https:\/\/www.rwg-bayreuth.de\/home\/?page_id=1477","title":{"rendered":"Mathematik"},"content":{"rendered":"\r\n<!--<figure class=\"wp-block-image\">--><img loading=\"lazy\" decoding=\"async\" width=\"3405\" height=\"1135\" class=\"wp-image-12875\" src=\"https:\/\/www.rwg-bayreuth.de\/home\/wp-content\/uploads\/2017\/01\/Pi3zu1.png\" alt=\"\" srcset=\"https:\/\/www.rwg-bayreuth.de\/home\/wp-content\/uploads\/2017\/01\/Pi3zu1.png 3405w, https:\/\/www.rwg-bayreuth.de\/home\/wp-content\/uploads\/2017\/01\/Pi3zu1-150x50.png 150w, https:\/\/www.rwg-bayreuth.de\/home\/wp-content\/uploads\/2017\/01\/Pi3zu1-450x150.png 450w, https:\/\/www.rwg-bayreuth.de\/home\/wp-content\/uploads\/2017\/01\/Pi3zu1-768x256.png 768w, https:\/\/www.rwg-bayreuth.de\/home\/wp-content\/uploads\/2017\/01\/Pi3zu1-1024x341.png 1024w, https:\/\/www.rwg-bayreuth.de\/home\/wp-content\/uploads\/2017\/01\/Pi3zu1-250x83.png 250w, https:\/\/www.rwg-bayreuth.de\/home\/wp-content\/uploads\/2017\/01\/Pi3zu1-600x200.png 600w\" sizes=\"(max-width: 3405px) 100vw, 3405px\" \/><!--<\/figure>-->\r\n\r\n\r\n\r\n<h2 class=\"wp-block-heading\">Fachschaft<\/h2>\r\n\r\n\r\n<p><a href=\"https:\/\/www.rwg-bayreuth.de\/home\/wp-content\/uploads\/2020\/09\/Fachschaft-Mathematik.jpg\"><img decoding=\"async\" src=\"https:\/\/www.rwg-bayreuth.de\/home\/wp-content\/uploads\/2020\/09\/Fachschaft-Mathematik.jpg\" alt=\"\" width=\"900\" height=\"auto\" class=\"alignnone size-full wp-image-27107 fachschaftsbild\" srcset=\"https:\/\/www.rwg-bayreuth.de\/home\/wp-content\/uploads\/2020\/09\/Fachschaft-Mathematik.jpg 900w, https:\/\/www.rwg-bayreuth.de\/home\/wp-content\/uploads\/2020\/09\/Fachschaft-Mathematik-450x282.jpg 450w, https:\/\/www.rwg-bayreuth.de\/home\/wp-content\/uploads\/2020\/09\/Fachschaft-Mathematik-768x480.jpg 768w, https:\/\/www.rwg-bayreuth.de\/home\/wp-content\/uploads\/2020\/09\/Fachschaft-Mathematik-250x156.jpg 250w, https:\/\/www.rwg-bayreuth.de\/home\/wp-content\/uploads\/2020\/09\/Fachschaft-Mathematik-600x375.jpg 600w\" sizes=\"(max-width: 900px) 100vw, 900px\" \/><\/a><\/p>\r\n\r\n\r\n\r\n\r\n\r\n\r\n<h2 class=\"clear wp-block-heading\">Fachprofil<\/h2>\r\n\r\n\r\n\r\n<p>Dem Fach Mathematik kommt im F\u00e4cherkanon des Gymnasiums eine zentrale Bedeutung zu: Es ist eines der zentralen MINT-F\u00e4cher, Kernfach und je nach Jahrgangsstufe mit drei, vier bzw. f\u00fcnf Wochenstunden im Stundenplan vertreten. Es gibt in Bayern keine mathematischen Gymnasien mehr; der Lernstoff und die vermittelten F\u00e4higkeiten sind an allen Gymnasien gleich.<\/p>\r\n\r\n\r\n\r\n<h3 class=\"wp-block-heading\">Mathematik am RWG<\/h3>\r\n\r\n\r\n\r\n<p>Vielf\u00e4ltige F\u00f6rderangebote von der f\u00fcnften Klasse bis hin zum Abiturjahrgang erm\u00f6glichen uns eine individuelle F\u00f6rderung aller Sch\u00fcler: Von den schw\u00e4cheren bis hin zu den besonders naturwissenschaftlich begabten gibt es passende Angebote: Das Profilfach \u201eForschen und Experimentieren\u201c f\u00fcr die 5. Klassen, das Caf\u00e9 \u03c0 f\u00fcr Unter- und Mittelstufe oder der Ferien-Abiturkurs f\u00fcr die Q12 bieten nur einen Teil der interessanten M\u00f6glichkeiten sich \u00fcber den Fachunterricht hinaus mit Mathematik zu besch\u00e4ftigen.<\/p>\r\n\r\n\r\n\r\n<p>Wettbewerbe, wie der K\u00e4nguru-Wettbewerb oder der Tag der Mathematik an der Uni Bayreuth laden Unter- und Mittelstufensch\u00fcler zum T\u00fcfteln und Knobeln ein und f\u00f6rdern damit vielf\u00e4ltige mathematische Denkweisen. Interessierte Sch\u00fcler k\u00f6nnen dann in der Oberstufe ein Mathe-Seminar belegen und sich dort mit einem selbst gew\u00e4hlten Thema mit Praxisbezug intensiver besch\u00e4ftigen.<\/p>\r\n\r\n\r\n\r\n<p>Zwei gut ausgestattete Computerr\u00e4ume erm\u00f6glichen den Sch\u00fclern \u00fcber alle Jahrgangsstufen hinweg auch die Nutzung digitaler Lernprogramme wie GeoGebra, Mathegrafix oder Mathegym.<\/p>\r\n\r\n\r\n\r\n<h4 class=\"wp-block-heading\">Dadurch f\u00f6rdern wir<\/h4>\r\n\r\n\r\n\r\n<ul>\r\n<li>die ganze Vielfalt der Kompetenzen, die man zum Umgang mit mathematischen Fragestellungen braucht<\/li>\r\n<li>mathematische F\u00e4higkeiten, individuell und gewinnbringend<\/li>\r\n<li>sowohl schwache als auch besonders begabte Sch\u00fcler durch geeignete F\u00f6rderschwerpunkte<\/li>\r\n<li>ein sicheres Grundwissen um eine gute Nachhaltigkeit zu erreichen<\/li>\r\n<li>das Ein\u00fcben wichtiger Rechenverfahren<\/li>\r\n<li>vielf\u00e4ltige mathematische Denkweisen<\/li>\r\n<\/ul>\r\n\r\n\r\n\r\n<h3 class=\"wp-block-heading\">Hier die Angebote im Einzelnen:<\/h3>\r\n\r\n\r\n\r\n<div style=\"position:relative;\">\r\n    <div id=\"CafePi\" style=\"position:absolute; top:-80px;\"><\/div>\r\n    <h4 class=\"wp-block-heading\">Caf\u00e9 \u03c0<\/h4>\r\n<\/div>\r\n\r\n\r\n\r\n<div class=\"wp-block-image\"><figure class=\"alignright\"><img loading=\"lazy\" decoding=\"async\" width=\"450\" height=\"253\" class=\"wp-image-20959\" src=\"https:\/\/www.rwg-bayreuth.de\/home\/wp-content\/uploads\/2019\/02\/Cafe-Pi-450x253.jpg\" alt=\"\" srcset=\"https:\/\/www.rwg-bayreuth.de\/home\/wp-content\/uploads\/2019\/02\/Cafe-Pi-450x253.jpg 450w, https:\/\/www.rwg-bayreuth.de\/home\/wp-content\/uploads\/2019\/02\/Cafe-Pi-768x431.jpg 768w, https:\/\/www.rwg-bayreuth.de\/home\/wp-content\/uploads\/2019\/02\/Cafe-Pi-250x140.jpg 250w, https:\/\/www.rwg-bayreuth.de\/home\/wp-content\/uploads\/2019\/02\/Cafe-Pi.jpg 800w, https:\/\/www.rwg-bayreuth.de\/home\/wp-content\/uploads\/2019\/02\/Cafe-Pi-600x337.jpg 600w\" sizes=\"(max-width: 450px) 100vw, 450px\" \/><\/figure><\/div>\r\n\r\n\r\n\r\n<p>Seit Beginn des Schuljahres 2017\/18 hat das Caf\u00e9 \u03c0 im RWG seine T\u00fcren ge\u00f6ffnet: Unter dem Motto \u201evon Sch\u00fclern f\u00fcr Sch\u00fcler erkl\u00e4rt\u201c gibt es an mehreren Tagen pro Woche in der Mittagspause eine Hausaufgabenbetreuung und offene Fragestunde in Mathematik bei Caf\u00e9-Atmosph\u00e4re. Betreut wird das Caf\u00e9 durch mathematisch begabte Sch\u00fclerinnen und Sch\u00fcler der Q11 und Q12. Man kann Fragen kl\u00e4ren, sich auf Schulaufgaben vorbereiten oder einfach Mathe \u00fcben. Gegen geringes Entgelt gibt es auch Getr\u00e4nke und Kleinigkeiten zu essen. Zus\u00e4tzlich werden im Caf\u00e9 \u03c0 verschiedene Projektnachmittage f\u00fcr die Unter-und Mittelstufe angeboten.<\/p>\r\n\r\n\r\n<!--\r\n<h3>Das Caf\u00e9 \u03c0 ist leider derzeit geschlossen!<\/h3>\r\n\r\n[su_lightbox type=\"inline\" src=\"#CafePiSchliessung\"]\r\n<p style=\"text-decoration: underline;\">Gr\u00fcnde f\u00fcr die vor\u00fcbergehende Schlie\u00dfung<\/p>\r\n[\/su_lightbox]\r\n[su_lightbox_content id=\"CafePiSchliessung\" width=\"90%\" max_width=\"500px\" margin=\"70\" padding=\"80\" text_align=\"left\" color=\"#2a2a2a\" class=\"lightbox-max-width\"]\r\n\r\n\r\nDas Sch\u00fclerteam der Q12, das in diesem Schuljahr das Caf\u00e9 \u03c0 betretreut hat, steuert nun in gro\u00dfen Schritten auf das Abitur zu. Daher muss sich das derzeitige Team nun aus der Betreuung zur\u00fcckziehen. In wenigen Wochen werden wir mit neuer Besetzung aus der Q11 den Betrieb wieder aufnehmen. <\/br>\r\n \r\nBitte beachten Sie daher, dass das Caf\u00e9 \u03c0 ab sofort ein paar Wochen geschlossen bleiben muss. Vor der Wieder\u00f6ffnung werden wir sie rechtzeitig informieren.<br\/>\r\n\r\nWir bedanken uns f\u00fcr Ihr Vertrauen und hoffen, Ihre Kinder nach der Umstrukturierung wieder im Caf\u00e9 \u03c0 begr\u00fc\u00dfen zu d\u00fcrfen. [\/su_lightbox_content]\r\n\r\n&nbsp;\r\n\r\n&nbsp;\r\n\r\n--><!--\r\n\r\n\r\n<h6>Besetzung<\/h6>\r\n\r\n<a href=\"https:\/\/www.rwg-bayreuth.de\/home\/wp-content\/uploads\/2023\/04\/Cafe-Pi-Team-2023.jpg\"><img loading=\"lazy\" decoding=\"async\" src=\"https:\/\/www.rwg-bayreuth.de\/home\/wp-content\/uploads\/2023\/04\/Cafe-Pi-Team-2023-450x300.jpg\" alt=\"\" width=\"450\" height=\"300\" class=\"alignleft size-medium wp-image-33768\" srcset=\"https:\/\/www.rwg-bayreuth.de\/home\/wp-content\/uploads\/2023\/04\/Cafe-Pi-Team-2023-450x300.jpg 450w, https:\/\/www.rwg-bayreuth.de\/home\/wp-content\/uploads\/2023\/04\/Cafe-Pi-Team-2023-150x100.jpg 150w, https:\/\/www.rwg-bayreuth.de\/home\/wp-content\/uploads\/2023\/04\/Cafe-Pi-Team-2023-768x512.jpg 768w, https:\/\/www.rwg-bayreuth.de\/home\/wp-content\/uploads\/2023\/04\/Cafe-Pi-Team-2023-250x167.jpg 250w, https:\/\/www.rwg-bayreuth.de\/home\/wp-content\/uploads\/2023\/04\/Cafe-Pi-Team-2023-900x600.jpg 900w, https:\/\/www.rwg-bayreuth.de\/home\/wp-content\/uploads\/2023\/04\/Cafe-Pi-Team-2023.jpg 1024w\" sizes=\"(max-width: 450px) 100vw, 450px\" \/><\/a>\r\n\r\n-->\r\n\r\n\r\n<h6 class=\"clear\">\u00d6ffnungszeiten<\/h6>\r\n\r\n\r\n<!--\r\n\r\n<p style=\"font-weight: bold; color: #cc0000\">Bitte beachten!<\/br>\r\nDas Caf\u00e9 \u03c0 geht am 10. Juli in die Sommerpause. Ab Ende September sind wir dann wieder f\u00fcr euch da!<\/p>\r\n\r\n\r\n\r\n--><!--\r\n\r\n<p>Ab dem 5.10. ist das Caf\u00e9 \u03c0 wieder f\u00fcr euch da.<\/p>\r\n-->\r\n\r\n<table class=\"eng\">\r\n<!--<tr>\r\n\t<td>Montag<\/td>\r\n\t<td>12.45 \u2013 13.30 Uhr<\/td>\r\n<\/tr>\r\n<tr>\r\n\t<td>Dienstag<\/td>\r\n\t<td>12.45 \u2013 13.30 Uhr<\/td>\r\n<\/tr>-->\r\n<tr>\r\n\t<td>Mittwoch<\/td>\r\n\t<td>12.45 \u2013 13.30 Uhr<\/td>\r\n<\/tr>\r\n<\/table>\r\n\r\n\r\n\r\n<!--<h3>Achtung! Verk\u00fcrzte \u00d6ffnungszeiten ab dem 19. Januar<\/h3>\r\n\r\n[su_lightbox type=\"inline\" src=\"#CafePiNeueZeiten\"]\r\n<p style=\"text-decoration: underline;\">Hier geht's zu den ge\u00e4nderten \u00d6ffnungszeiten!<\/p>\r\n[\/su_lightbox]\r\n[su_lightbox_content id=\"CafePiNeueZeiten\" width=\"90%\" max_width=\"600px\" margin=\"70\" padding=\"80\" text_align=\"left\" color=\"#2a2a2a\" class=\"lightbox-max-width\"]\r\n\r\n\r\nF\u00fcr das aktuelle P-Seminar 'Caf\u00e9 Pi' der Q12 endet nun das Projekt. Im M\u00e4rz wird ein neues Team aus der Q11 das Caf\u00e9 weiterf\u00fchren. F\u00fcr die Zwischenzeit haben sich einige Sch\u00fclerinnen und Sch\u00fcler des Q12-Teams bereiterkl\u00e4rt den Betrieb freiwillig und in ihrer Freizeit weiterzuf\u00fchren. So m\u00fcssen wir das Caf\u00e9 nicht f\u00fcr mehrere Wochen schlie\u00dfen. <\/br><\/br>\r\n \r\nBitte beachten Sie die neuen \u00d6ffnungszeiten ab Donnerstag, den 19.1.:<\/br>\r\n \r\nDonnerstag 19.1. kein Caf\u00e9 Pi-Betrieb<\/br>\r\n \r\nAb Montag, den 23.1. gelten folgende \u00d6ffnungszeiten:<\/br>\r\n \r\nMontags und Donnerstags   12.45 - 13.30 Uhr <\/br><\/br>\r\n \r\nIm M\u00e4rz werden wir Sie \u00fcber die \u00d6ffnungszeiten im Sommerhalbjahr informieren. \r\n\r\n[\/su_lightbox_content]\r\n\r\n&nbsp;\r\n\r\n&nbsp;\r\n\r\n\r\n\r\n\r\n-->\r\n\r\n\r\n\r\n\r\n\r\n\r\n\r\n\r\n\r\n\r\n\r\n\r\n<p>Das Caf\u00e9 \u03c0 befindet sich in Raum 218 im Altbau, direkt neben dem Geographieraum. <\/p>\r\n\r\n\r\n<p>Es ist keine Anmeldung erforderlich, wer Bedarf hat, kann einfach kommen.<\/p>\r\n\r\n<h6 class=\"clear\">Materialien<\/h6>\r\n\r\n<a href=\"https:\/\/www.rwg-bayreuth.de\/home\/?page_id=26795\"><img loading=\"lazy\" decoding=\"async\" src=\"https:\/\/www.rwg-bayreuth.de\/home\/wp-content\/uploads\/2020\/07\/Cafe-Pi-Erkl\u00e4rvideos-o-450x178.png\" alt=\"\" width=\"450\" height=\"178\" class=\"alignleft size-medium wp-image-26807 bilderzoom\" srcset=\"https:\/\/www.rwg-bayreuth.de\/home\/wp-content\/uploads\/2020\/07\/Cafe-Pi-Erkl\u00e4rvideos-o-450x178.png 450w, https:\/\/www.rwg-bayreuth.de\/home\/wp-content\/uploads\/2020\/07\/Cafe-Pi-Erkl\u00e4rvideos-o-768x304.png 768w, https:\/\/www.rwg-bayreuth.de\/home\/wp-content\/uploads\/2020\/07\/Cafe-Pi-Erkl\u00e4rvideos-o-250x99.png 250w, https:\/\/www.rwg-bayreuth.de\/home\/wp-content\/uploads\/2020\/07\/Cafe-Pi-Erkl\u00e4rvideos-o-600x237.png 600w, https:\/\/www.rwg-bayreuth.de\/home\/wp-content\/uploads\/2020\/07\/Cafe-Pi-Erkl\u00e4rvideos-o.png 1024w\" sizes=\"(max-width: 450px) 100vw, 450px\" \/><\/a>\r\n\r\n\r\n<h6 class=\"clear\">Aktuelles<\/h6>\r\n\r\n<div class=\"clear\" style=\"max-width: 800px\">\r\n<div class=\"rwg_post_list\"><article id=\"post-40739\"class=\"cf post-40739 post type-post status-publish format-standard has-post-thumbnail hentry category-allgemein tag-home tag-matheimadvent tag-mathematik tag-mint\">\n \t\t<div class=\"entry-thumbnail fadein\"> \t\t\t<a href=\"https:\/\/www.rwg-bayreuth.de\/home\/?p=40739\"><img loading=\"lazy\" decoding=\"async\" width=\"1024\" height=\"683\" src=\"https:\/\/www.rwg-bayreuth.de\/home\/wp-content\/uploads\/2026\/01\/25-26-MatheImAdvent.jpg\" class=\"attachment-post-thumbnail size-post-thumbnail wp-post-image\" alt=\"\" srcset=\"https:\/\/www.rwg-bayreuth.de\/home\/wp-content\/uploads\/2026\/01\/25-26-MatheImAdvent.jpg 1024w, https:\/\/www.rwg-bayreuth.de\/home\/wp-content\/uploads\/2026\/01\/25-26-MatheImAdvent-150x100.jpg 150w, https:\/\/www.rwg-bayreuth.de\/home\/wp-content\/uploads\/2026\/01\/25-26-MatheImAdvent-450x300.jpg 450w, https:\/\/www.rwg-bayreuth.de\/home\/wp-content\/uploads\/2026\/01\/25-26-MatheImAdvent-768x512.jpg 768w, https:\/\/www.rwg-bayreuth.de\/home\/wp-content\/uploads\/2026\/01\/25-26-MatheImAdvent-250x167.jpg 250w, https:\/\/www.rwg-bayreuth.de\/home\/wp-content\/uploads\/2026\/01\/25-26-MatheImAdvent-900x600.jpg 900w\" sizes=\"(max-width: 1024px) 100vw, 1024px\" \/><\/a> \t\t<\/div><!-- end .entry-thumbnail -->\n<div class=\"meta-main-wrap\">\n  <div class=\"\">\n    <header class=\"entry-header\">\n      <div class=\"entry-cats\">\n        <div class=\"kategorie\"><a href=\"https:\/\/www.rwg-bayreuth.de\/home\/?cat=1\" rel=\"category\">Schulleben<\/a><\/div>\n<div class=\"entry-edit\" >      <div class=\"entry-date\" >\n        <a href=\"https:\/\/www.rwg-bayreuth.de\/home\/?p=40739\">28. Januar 2026<\/a>\n      <\/div><\/div><!-- end .entry-date -->\n      <\/div><!-- end .entry-cats -->\n<h2 class=\"entry-title\"><a href=\"https:\/\/www.rwg-bayreuth.de\/home\/?p=40739\" rel=\"bookmark\">Viele Gewinner bei Mathe im Advent<\/a><\/h2>\n    <\/header><!-- end .entry-header -->\n    <div class=\"entry-summary\">\nInsgesamt 92 Sch\u00fclerinnen und Sch\u00fcler gingen im Dezember f\u00fcr das RWG mit den PowerWichteln \u201eAuf Mathe-Mission zur Energie der Zukunft\u201c. Die Mathe-Wichtel waren in diesem Jahr unter anderem auf solarbetriebenen E-Bikes unterwegs und hatten Fragen dazu, wie lange die geladen werden m\u00fcssen. 24 Aufgaben mit netten Geschichten und ganz unterschiedlichen mathematischen Herausforderungen gab es zu&hellip;\n  <\/div><!-- .entry-summary -->\n  <\/div><!-- .entry-main -->\n<\/div><!-- .meta-main-wrap -->\n<\/article><!-- end post -40739 -->\n<article id=\"post-39078\"class=\"cf post-39078 post type-post status-publish format-standard has-post-thumbnail hentry category-allgemein tag-home tag-kaenguru tag-mathematik tag-mint tag-wettbewerb\">\n \t\t<div class=\"entry-thumbnail fadein\"> \t\t\t<a href=\"https:\/\/www.rwg-bayreuth.de\/home\/?p=39078\"><img loading=\"lazy\" decoding=\"async\" width=\"1024\" height=\"683\" src=\"https:\/\/www.rwg-bayreuth.de\/home\/wp-content\/uploads\/2025\/06\/24-25-KaenguruWettbewerb-Gruppenbild-B.jpg\" class=\"attachment-post-thumbnail size-post-thumbnail wp-post-image\" alt=\"\" srcset=\"https:\/\/www.rwg-bayreuth.de\/home\/wp-content\/uploads\/2025\/06\/24-25-KaenguruWettbewerb-Gruppenbild-B.jpg 1024w, https:\/\/www.rwg-bayreuth.de\/home\/wp-content\/uploads\/2025\/06\/24-25-KaenguruWettbewerb-Gruppenbild-B-150x100.jpg 150w, https:\/\/www.rwg-bayreuth.de\/home\/wp-content\/uploads\/2025\/06\/24-25-KaenguruWettbewerb-Gruppenbild-B-450x300.jpg 450w, https:\/\/www.rwg-bayreuth.de\/home\/wp-content\/uploads\/2025\/06\/24-25-KaenguruWettbewerb-Gruppenbild-B-768x512.jpg 768w, https:\/\/www.rwg-bayreuth.de\/home\/wp-content\/uploads\/2025\/06\/24-25-KaenguruWettbewerb-Gruppenbild-B-250x167.jpg 250w, https:\/\/www.rwg-bayreuth.de\/home\/wp-content\/uploads\/2025\/06\/24-25-KaenguruWettbewerb-Gruppenbild-B-900x600.jpg 900w\" sizes=\"(max-width: 1024px) 100vw, 1024px\" \/><\/a> \t\t<\/div><!-- end .entry-thumbnail -->\n<div class=\"meta-main-wrap\">\n  <div class=\"\">\n    <header class=\"entry-header\">\n      <div class=\"entry-cats\">\n        <div class=\"kategorie\"><a href=\"https:\/\/www.rwg-bayreuth.de\/home\/?cat=1\" rel=\"category\">Schulleben<\/a><\/div>\n<div class=\"entry-edit\" >      <div class=\"entry-date\" >\n        <a href=\"https:\/\/www.rwg-bayreuth.de\/home\/?p=39078\">23. Mai 2025<\/a>\n      <\/div><\/div><!-- end .entry-date -->\n      <\/div><!-- end .entry-cats -->\n<h2 class=\"entry-title\"><a href=\"https:\/\/www.rwg-bayreuth.de\/home\/?p=39078\" rel=\"bookmark\">Gl\u00fcckw\u00fcnsche an die Preistr\u00e4ger beim K\u00e4nguru-Wettbewerb<\/a><\/h2>\n    <\/header><!-- end .entry-header -->\n    <div class=\"entry-summary\">\nAm 20. M\u00e4rz 2025 haben sich wieder viele unserer Sch\u00fclerinnen und Sch\u00fcler am internationalen Wettbewerb &#8222;K\u00e4nguru der Mathematik&#8220; beteiligt. Wir freuen uns, dass auch in diesem Jahr wieder etliche unsere Sch\u00fclerinnen und Sch\u00fcler die Preisr\u00e4nge erreichen konnten. Herzliche Gl\u00fcckw\u00fcnsche an die Preistr\u00e4ger: 3. Preise erzielten Elisa Schr\u00f6del (5b), Carlotta Achenbach (5c), Ben Kl\u00e4r (6a) und&hellip;\n  <\/div><!-- .entry-summary -->\n  <\/div><!-- .entry-main -->\n<\/div><!-- .meta-main-wrap -->\n<\/article><!-- end post -39078 -->\n<article id=\"post-37966\"class=\"cf post-37966 post type-post status-publish format-standard has-post-thumbnail hentry category-allgemein tag-home tag-matheimadvent tag-mathematik tag-mint tag-wettbewerb\">\n \t\t<div class=\"entry-thumbnail fadein\"> \t\t\t<a href=\"https:\/\/www.rwg-bayreuth.de\/home\/?p=37966\"><img loading=\"lazy\" decoding=\"async\" width=\"1024\" height=\"683\" src=\"https:\/\/www.rwg-bayreuth.de\/home\/wp-content\/uploads\/2025\/01\/24-25-MatheImAdvent-B.jpg\" class=\"attachment-post-thumbnail size-post-thumbnail wp-post-image\" alt=\"\" srcset=\"https:\/\/www.rwg-bayreuth.de\/home\/wp-content\/uploads\/2025\/01\/24-25-MatheImAdvent-B.jpg 1024w, https:\/\/www.rwg-bayreuth.de\/home\/wp-content\/uploads\/2025\/01\/24-25-MatheImAdvent-B-150x100.jpg 150w, https:\/\/www.rwg-bayreuth.de\/home\/wp-content\/uploads\/2025\/01\/24-25-MatheImAdvent-B-450x300.jpg 450w, https:\/\/www.rwg-bayreuth.de\/home\/wp-content\/uploads\/2025\/01\/24-25-MatheImAdvent-B-768x512.jpg 768w, https:\/\/www.rwg-bayreuth.de\/home\/wp-content\/uploads\/2025\/01\/24-25-MatheImAdvent-B-250x167.jpg 250w, https:\/\/www.rwg-bayreuth.de\/home\/wp-content\/uploads\/2025\/01\/24-25-MatheImAdvent-B-900x600.jpg 900w\" sizes=\"(max-width: 1024px) 100vw, 1024px\" \/><\/a> \t\t<\/div><!-- end .entry-thumbnail -->\n<div class=\"meta-main-wrap\">\n  <div class=\"\">\n    <header class=\"entry-header\">\n      <div class=\"entry-cats\">\n        <div class=\"kategorie\"><a href=\"https:\/\/www.rwg-bayreuth.de\/home\/?cat=1\" rel=\"category\">Schulleben<\/a><\/div>\n<div class=\"entry-edit\" >      <div class=\"entry-date\" >\n        <a href=\"https:\/\/www.rwg-bayreuth.de\/home\/?p=37966\">16. Januar 2025<\/a>\n      <\/div><\/div><!-- end .entry-date -->\n      <\/div><!-- end .entry-cats -->\n<h2 class=\"entry-title\"><a href=\"https:\/\/www.rwg-bayreuth.de\/home\/?p=37966\" rel=\"bookmark\">Strahlende Sieger bei Mathe im Advent<\/a><\/h2>\n    <\/header><!-- end .entry-header -->\n    <div class=\"entry-summary\">\n\u201eZur\u00fcck zu den Wurzeln\u201c hie\u00df diesmal das Motto des mathematischen Adventskalenders. 24 kreative R\u00e4tsel und Probleme aus der Welt der Weihnachtswichtel warteten im Dezember 2024 auf die Sch\u00fclerinnen und Sch\u00fcler. Die besonders Erfolgreichen unter Ihnen begl\u00fcckw\u00fcnschte Frau Graf bei der Siegerehrung am 15.01.2025 pers\u00f6nlich und h\u00e4ndigte elf Goldmedaillen und elf Silbermedaillen aus. Beste Klasse wurde&hellip;\n  <\/div><!-- .entry-summary -->\n  <\/div><!-- .entry-main -->\n<\/div><!-- .meta-main-wrap -->\n<\/article><!-- end post -37966 -->\n<article id=\"post-36810\"class=\"cf post-36810 post type-post status-publish format-standard has-post-thumbnail hentry category-allgemein tag-home tag-kaenguru tag-mathematik tag-mint tag-wettbewerb\">\n \t\t<div class=\"entry-thumbnail fadein\"> \t\t\t<a href=\"https:\/\/www.rwg-bayreuth.de\/home\/?p=36810\"><img loading=\"lazy\" decoding=\"async\" width=\"1024\" height=\"683\" src=\"https:\/\/www.rwg-bayreuth.de\/home\/wp-content\/uploads\/2024\/07\/2023-24-Mathematikwettbewerbe-B.jpg\" class=\"attachment-post-thumbnail size-post-thumbnail wp-post-image\" alt=\"\" srcset=\"https:\/\/www.rwg-bayreuth.de\/home\/wp-content\/uploads\/2024\/07\/2023-24-Mathematikwettbewerbe-B.jpg 1024w, https:\/\/www.rwg-bayreuth.de\/home\/wp-content\/uploads\/2024\/07\/2023-24-Mathematikwettbewerbe-B-150x100.jpg 150w, https:\/\/www.rwg-bayreuth.de\/home\/wp-content\/uploads\/2024\/07\/2023-24-Mathematikwettbewerbe-B-450x300.jpg 450w, https:\/\/www.rwg-bayreuth.de\/home\/wp-content\/uploads\/2024\/07\/2023-24-Mathematikwettbewerbe-B-768x512.jpg 768w, https:\/\/www.rwg-bayreuth.de\/home\/wp-content\/uploads\/2024\/07\/2023-24-Mathematikwettbewerbe-B-250x167.jpg 250w, https:\/\/www.rwg-bayreuth.de\/home\/wp-content\/uploads\/2024\/07\/2023-24-Mathematikwettbewerbe-B-900x600.jpg 900w\" sizes=\"(max-width: 1024px) 100vw, 1024px\" \/><\/a> \t\t<\/div><!-- end .entry-thumbnail -->\n<div class=\"meta-main-wrap\">\n  <div class=\"\">\n    <header class=\"entry-header\">\n      <div class=\"entry-cats\">\n        <div class=\"kategorie\"><a href=\"https:\/\/www.rwg-bayreuth.de\/home\/?cat=1\" rel=\"category\">Schulleben<\/a><\/div>\n<div class=\"entry-edit\" >      <div class=\"entry-date\" >\n        <a href=\"https:\/\/www.rwg-bayreuth.de\/home\/?p=36810\">13. Juli 2024<\/a>\n      <\/div><\/div><!-- end .entry-date -->\n      <\/div><!-- end .entry-cats -->\n<h2 class=\"entry-title\"><a href=\"https:\/\/www.rwg-bayreuth.de\/home\/?p=36810\" rel=\"bookmark\">K\u00e4nguru trifft Adam Ries<\/a><\/h2>\n    <\/header><!-- end .entry-header -->\n    <div class=\"entry-summary\">\nAuch in diesem Jahr nahmen wieder zahlreiche Sch\u00fcler und Sch\u00fclerinnen an verschiedenen Mathematik Wettbewerben teil und erzielten erfreuliche Ergebnisse. In den 5.&nbsp;Klassen stellten sich in der ersten Runde erfolgreich Tiana Asarow (5c) und Emma Ibler (5c) den Aufgaben des Adam Ries Wettbewerbs. Hierbei mussten sie sich mit den W\u00e4hrungsumrechnungen aus dem Mittelalter und Wahrscheinlichkeitsrechnung auseinandersetzen.&hellip;\n  <\/div><!-- .entry-summary -->\n  <\/div><!-- .entry-main -->\n<\/div><!-- .meta-main-wrap -->\n<\/article><!-- end post -36810 -->\n<article id=\"post-36566\"class=\"cf post-36566 post type-post status-publish format-standard has-post-thumbnail hentry category-allgemein tag-begabtenfoerderung tag-home tag-mathematik tag-mint\">\n \t\t<div class=\"entry-thumbnail fadein\"> \t\t\t<a href=\"https:\/\/www.rwg-bayreuth.de\/home\/?p=36566\"><img loading=\"lazy\" decoding=\"async\" width=\"1024\" height=\"683\" src=\"https:\/\/www.rwg-bayreuth.de\/home\/wp-content\/uploads\/2024\/05\/23-24-Mathematik-Drehtuermodell-B.jpg\" class=\"attachment-post-thumbnail size-post-thumbnail wp-post-image\" alt=\"\" srcset=\"https:\/\/www.rwg-bayreuth.de\/home\/wp-content\/uploads\/2024\/05\/23-24-Mathematik-Drehtuermodell-B.jpg 1024w, https:\/\/www.rwg-bayreuth.de\/home\/wp-content\/uploads\/2024\/05\/23-24-Mathematik-Drehtuermodell-B-150x100.jpg 150w, https:\/\/www.rwg-bayreuth.de\/home\/wp-content\/uploads\/2024\/05\/23-24-Mathematik-Drehtuermodell-B-450x300.jpg 450w, https:\/\/www.rwg-bayreuth.de\/home\/wp-content\/uploads\/2024\/05\/23-24-Mathematik-Drehtuermodell-B-768x512.jpg 768w, https:\/\/www.rwg-bayreuth.de\/home\/wp-content\/uploads\/2024\/05\/23-24-Mathematik-Drehtuermodell-B-250x167.jpg 250w, https:\/\/www.rwg-bayreuth.de\/home\/wp-content\/uploads\/2024\/05\/23-24-Mathematik-Drehtuermodell-B-900x600.jpg 900w\" sizes=\"(max-width: 1024px) 100vw, 1024px\" \/><\/a> \t\t<\/div><!-- end .entry-thumbnail -->\n<div class=\"meta-main-wrap\">\n  <div class=\"\">\n    <header class=\"entry-header\">\n      <div class=\"entry-cats\">\n        <div class=\"kategorie\"><a href=\"https:\/\/www.rwg-bayreuth.de\/home\/?cat=1\" rel=\"category\">Schulleben<\/a><\/div>\n<div class=\"entry-edit\" >      <div class=\"entry-date\" >\n        <a href=\"https:\/\/www.rwg-bayreuth.de\/home\/?p=36566\">15. Mai 2024<\/a>\n      <\/div><\/div><!-- end .entry-date -->\n      <\/div><!-- end .entry-cats -->\n<h2 class=\"entry-title\"><a href=\"https:\/\/www.rwg-bayreuth.de\/home\/?p=36566\" rel=\"bookmark\">Mathebegabtenf\u00f6rderung im Dreht\u00fcrmodell<\/a><\/h2>\n    <\/header><!-- end .entry-header -->\n    <div class=\"entry-summary\">\nAnfang des Jahres haben knapp 20 Sch\u00fclerinnen und Sch\u00fcler aus verschiedenen Klassen der 5., 6. und 7. Jahrgangsstufe am Dreht\u00fcrprojekt teilgenommen. Sie durften dazu pro Woche eine Stunde ihres Matheunterrichts verlassen und in der Oberen Bibliothek mit anderen Mathematikbegeisterten Fermi-, Knobel- und R\u00e4tselaufgaben l\u00f6sen. \u201eWie oft hat dein Herz schon geschlagen? Wie viele Noten werden&hellip;\n  <\/div><!-- .entry-summary -->\n  <\/div><!-- .entry-main -->\n<\/div><!-- .meta-main-wrap -->\n<\/article><!-- end post -36566 -->\n<\/div><!-- end .rwg_post_list -->\r\n<\/div>\r\n\r\n\r\n\r\n<h4 class=\"clear wp-block-heading\">Zus\u00e4tzliche \u00dcbungsangebote<\/h4>\r\n\r\n\r\n\r\n<p>\u00dcber den Pflichtunterricht hinaus bieten wir in vielen Jahrgangsstufen zus\u00e4tzliche \u00dcbungsm\u00f6glichkeiten an, die von einer Lehrkraft betreut werden:<br \/><!--\r\n8. Klasse: Vierte w\u00f6chentliche Mathematikstunde im Klassenverband, die in den Stundenplan integriert ist<br \/>-->8. bis 10. Klasse: Flexible freiwillige Intensivierungsstunden, die nach Bedarf f\u00fcr einzelne Klassen angeboten werden<br \/>11. und 12. Klasse: Flexible freiwillige Intensivierungsstunden zur gezielten Klausur\u2010 und Abiturvorbereitung<\/p>\r\n\r\n\r\n\r\n<h4 class=\"wp-block-heading\">Grundwissen<\/h4>\r\n\r\n\r\n\r\n<p>Zur Sicherung des Grundwissens stehen den Sch\u00fclern am Ende des Schuljahres Grundwissenhefte zur Verf\u00fcgung, in denen die wesentlichen Lerninhalte, sowie einschl\u00e4gige Aufgaben und L\u00f6sungen zusammengefasst sind. Am Schuljahresende wird das Grundwissen des Jahres im Unterricht besonders thematisiert.<br \/><!-- --><\/p>\r\n\r\n\r\n\r\n<h4 class=\"wp-block-heading\">Teilnahme am Nawigator-Projekt<\/h4>\r\n\r\n\r\n\r\n<p>Das Richard-Wagner-Gymnasium wurde 2013 aus zahlreichen Bewerbungen von Schulen aus ganz Deutschland als Starterschule in das F\u00f6rderprogramm \u201eNaWigator im IJSO-Schulnetz\u201c aufgenommen.<br \/>Ziel des F\u00f6rderprogrammes ist es, Schulen auf dem Weg zur Wettbewerbsschule in naturwissenschaftlichen F\u00e4chern zu begleiten und zu vernetzen. Im Fokus steht eine st\u00e4rkere Einbindung von Sch\u00fclerwettbewerben im Unterricht und im Schulprogramm.<\/p>\r\n\r\n\r\n\r\n<p>Dazu wird in jedem Schuljahr ein NaWigatortag am Richard-Wagner-Gymnasium durchgef\u00fchrt: Die 7 Klassen stellten sich zuerst einem Quiz im Stil \u201eWer wird Million\u00e4r\u201c. Anschlie\u00dfend wurden in Kleingruppen 6 bis 8 Experimentierstationen abgelaufen. Hier besch\u00e4ftigten sich die Sch\u00fcler\/-innen mit interessanten Themen wie z.B. \u201eKugellager\u201c, \u201eKatapult\u201c, \u201eDas Auge isst mit\u201c oder \u201eLotus-Effekt\u201c.<br \/><!-- --><\/p>\r\n\r\n\r\n\r\n<h4 class=\"wp-block-heading\">Seminare<\/h4>\r\n\r\n\r\n\r\n<p>Mathematik wird in der Oberstufe auch als W\u2010 und P-Seminar angeboten: Hier verschiedene Themen der vergangenen Jahre am RWG:<\/p>\r\n\r\n\r\n\r\n<h5 class=\"wp-block-heading\">P-Seminare<\/h5>\r\n\r\n\r\n\r\n<h6>Mathematik zum Anfassen<\/h6>\r\n\r\n\r\n\r\n<div class=\"wp-block-image\"><figure class=\"alignleft\"><a href=\"https:\/\/www.rwg-bayreuth.de\/home\/wp-content\/uploads\/2013\/04\/2015_Mathematik-zum-Anfassen_web.jpg\"><img loading=\"lazy\" decoding=\"async\" width=\"350\" height=\"243\" class=\"wp-image-6716\" src=\"https:\/\/www.rwg-bayreuth.de\/home\/wp-content\/uploads\/2013\/04\/2015_Mathematik-zum-Anfassen_web.jpg\" alt=\"Mathematik ist auch ein praktisches Fach.\" srcset=\"https:\/\/www.rwg-bayreuth.de\/home\/wp-content\/uploads\/2013\/04\/2015_Mathematik-zum-Anfassen_web.jpg 350w, https:\/\/www.rwg-bayreuth.de\/home\/wp-content\/uploads\/2013\/04\/2015_Mathematik-zum-Anfassen_web-150x104.jpg 150w, https:\/\/www.rwg-bayreuth.de\/home\/wp-content\/uploads\/2013\/04\/2015_Mathematik-zum-Anfassen_web-300x208.jpg 300w, https:\/\/www.rwg-bayreuth.de\/home\/wp-content\/uploads\/2013\/04\/2015_Mathematik-zum-Anfassen_web-250x174.jpg 250w\" sizes=\"(max-width: 350px) 100vw, 350px\" \/><\/a>\r\n<figcaption>Mathematik ist auch ein praktisches Fach.<\/figcaption>\r\n<\/figure>\r\n<\/div>\r\n\r\n\r\n\r\n<p>Mathematik hat oftmals einen ungemein spielerischen und haptischen Charakter. Gerade \u00fcber diesen kann man viele Menschen f\u00fcr die Mathematik begeistern, da die formale Theorie zun\u00e4chst au\u00dfen vor bleibt. Die Sch\u00fcler\/innen sollen sich kreativ und mathematisch mit Ideen zu Exponaten, die auch auf bekannten Exponaten der Wanderausstellung \u201eMathematik zum Anfassen\u201c aufbauen k\u00f6nnen, auseinandersetzen und diese selbst gestalten, so dass am Ende, eine eigene kleine \u201eWanderausstellung\u201c pr\u00e4sentiert werden kann.<br \/><!-- --><\/p>\r\n\r\n\r\n\r\n<h6 class=\"clear wp-block-heading\">Caf\u00e9 \u03c0: Von Sch\u00fclern f\u00fcr Sch\u00fcler erkl\u00e4rt: Spielen, Knobeln, Mathe lernen bei Keks und Kakao<\/h6>\r\n\r\n\r\n\r\n<p>Ziel dieses Projektseminars ist es, Sch\u00fcler der Unter- und Mittelstufe im Fach Mathematik auf ihrem Weg durch das Gymnasium zu begleiten und das Interesse an Mathematik zu f\u00f6rdern. Es gibt drei Arbeitsbereiche im Caf\u00e9 \u03c0: Die Betreuung des Caf\u00e9s w\u00e4hrend der \u00d6ffnungszeiten, die Weiterentwicklung der Einrichtung \u201eCaf\u00e9 \u03c0\u201c und die Planung und Durchf\u00fchrung besonderer Veranstaltungen. Die Seminarteilnehmer gewinnen so nicht nur Einblicke in den Berufsalltag des Bildungsbereichs, sondern auch des sozialen Bereichs.<\/p>\r\n\r\n\r\n\r\n<h5 class=\"wp-block-heading\">W-Seminare<\/h5>\r\n\r\n\r\n\r\n<div style=\"position:relative;\">\r\n    <div id=\"SchaetzeDerGeometrie\" style=\"position:absolute; top:-80px;\"><\/div>\r\n    <h6 class=\"wp-block-heading\" >S(ch)\u00e4tze der Geometrie<\/h6>\r\n<\/div>\r\n\r\n\r\n\r\n<p>In der Geometrie gibt eine riesige Anzahl an S\u00e4tzen und Zusammenh\u00e4ngen, die eine wahre Schatzsammlung darstellen. Die zugeh\u00f6rigen Zusammenh\u00e4nge werden alle mathematisch bewiesen, anhand einiger Aufgaben vertieft und mit Hilfe einer dynamischen Geometriesoftware (z.B. GeoGebra oder CAS-Rechner, CAS-Software) veranschaulicht. Wo es m\u00f6glich ist, werden auch Anwendungsbez\u00fcge aufgezeigt.<br \/><!-- --><\/p>\r\n\r\n\r\n\r\n<div style=\"position:relative;\">\r\n    <div id=\"SeminarLaTeX\" style=\"position:absolute; top:-80px;\"><\/div>\r\n    <h6 class=\"wp-block-heading\" >Hilfe zur Selbsthilfe &#8211; \u00dcbungsmaterialien f\u00fcr die Unterstufe erstellt mit LaTeX<\/h6>\r\n<\/div>\r\n\r\n\r\n\r\n<p>Ziel des Seminars ist einerseits, den Seminarteilnehmern die Verwendung des Textsatzsystems LaTeX n\u00e4herzubringen. Anders als bei den bekannten WYSIWYG-Programmen wie Word ist hier ein Code einzugeben, aus dem dann das eigentliche Dokument erstellt wird. LaTeX wird h\u00e4ufig f\u00fcr (Natur-)Wissenschaftliche Arbeiten verwendet &#8211; von manchen Lehrst\u00fchlen wird das Erstellen der Arbeiten mit LaTeX sogar gefordert.\r\nAndererseits sollen auf diese Weise Aufgabenbl\u00e4tter mit L\u00f6sungen gefertigt werden, die es Unterstufensch\u00fclern erleichtern sollen, sich auf Klassenarbeiten vorzubereiten oder den behandelten Stoff nachzubereiten, indem zus\u00e4tzliches \u00dcbungsmaterial passend zu den Kapiteln des verwendeten Schulbuchs zur Verf\u00fcgung gestellt wird. Nach Abschluss des Seminars werden die Aufgabenbl\u00e4tter \u00fcber die Homepage des RWG abrufbar sein.<\/p>\r\n\r\n\r\n\r\n<h4 class=\"wp-block-heading\">Wettbewerbsangebote:<\/h4>\r\n\r\n\r\n\r\n<p>\u00dcber den Unterricht hinaus bieten wir verschiedene Wettbewerbsangebote an, die zum T\u00fcfteln und Knobeln einladen wollen:<br \/><!-- --><\/p>\r\n\r\n\r\n\r\n<h5>K\u00e4nguru der Mathematik:<\/h5>\r\n<a href=\"https:\/\/www.rwg-bayreuth.de\/home\/?p=12254\"><img loading=\"lazy\" decoding=\"async\" src=\"https:\/\/www.rwg-bayreuth.de\/home\/wp-content\/uploads\/2017\/01\/K\u00e4ngurugrafik2-136x150.jpg\" alt=\"\" width=\"136\" height=\"150\" class=\"alignright size-thumbnail wp-image-12262\" style=\"max-width:30%\" srcset=\"https:\/\/www.rwg-bayreuth.de\/home\/wp-content\/uploads\/2017\/01\/K\u00e4ngurugrafik2-136x150.jpg 136w, https:\/\/www.rwg-bayreuth.de\/home\/wp-content\/uploads\/2017\/01\/K\u00e4ngurugrafik2-407x450.jpg 407w, https:\/\/www.rwg-bayreuth.de\/home\/wp-content\/uploads\/2017\/01\/K\u00e4ngurugrafik2-768x849.jpg 768w, https:\/\/www.rwg-bayreuth.de\/home\/wp-content\/uploads\/2017\/01\/K\u00e4ngurugrafik2-926x1024.jpg 926w, https:\/\/www.rwg-bayreuth.de\/home\/wp-content\/uploads\/2017\/01\/K\u00e4ngurugrafik2-250x277.jpg 250w, https:\/\/www.rwg-bayreuth.de\/home\/wp-content\/uploads\/2017\/01\/K\u00e4ngurugrafik2-542x600.jpg 542w, https:\/\/www.rwg-bayreuth.de\/home\/wp-content\/uploads\/2017\/01\/K\u00e4ngurugrafik2.jpg 971w\" sizes=\"(max-width: 136px) 100vw, 136px\" \/><\/a><p>Das RWG beteiligt sich seit einigen Jahren mit allen 5. und 6. Klassen sowie interessierten Sch\u00fclern h\u00f6herer Jahrgangsstufen am internationalen \u201eK\u00e4nguru-Wettbewerb\u201c. Es ist ein Wettbewerb zum Knobeln und Gr\u00fcbeln, zum Rechnen und Sch\u00e4tzen, der die Ernsthaftigkeit und Strenge der Mathematik etwas aufbricht und dadurch vielleicht noch etwas mehr Freude an der Mathematik weckt. Jedes Jahr k\u00f6nnen wir erfreulich viele Sieger begl\u00fcckw\u00fcnschen.\r\n\r\n\r\n<ul class=\"linkliste clear\">\r\n<li class=\"top\"><a href=\"https:\/\/www.rwg-bayreuth.de\/home\/?p=12254\">Informationen zum K\u00e4nguru der Mathematik am RWG<\/a><\/li>\r\n\t<li><a href=\"http:\/\/www.mathe-kaenguru.de\/\">Allgemeine Informationen zum K\u00e4nguru der Mathematik (Wettbewerbshomepage)<\/a><\/li>\r\n\t<li><a href=\"http:\/\/www.mathe-kaenguru.de\/chronik\/aufgaben\/index.html\">Aufgaben der vergangenen Jahre<\/a><\/li>\r\n<\/ul><!-- -->\r\n<\/p>\r\n\r\n\r\n<h5 class=\"wp-block-heading\">Tag der Mathematik der Uni Bayreuth:<\/h5>\r\n\r\n\r\n\r\n<p>Eingeladen zu diesem Wettbewerb sind alle Mathematik-Interessierten, die erfahren m\u00f6chten, wie spannend und vielf\u00e4ltig die alte aber gar nicht altmodische Wissenschaft Mathematik heutzutage ist &#8211; und nat\u00fcrlich alle Sch\u00fclerinnen und Sch\u00fcler, die ihre mathematischen F\u00e4higkeiten im Mathematik-Wettbewerb der Uni Bayreuth unter Beweis stellen wollen.<br \/>Das RWG nimmt jedes Jahr mit mehreren Teams daran teil. <a href=\"https:\/\/www.tdm.uni-bayreuth.de\/de\/index.html\">[mehr\u2026]<\/a><br \/><!-- --><\/p>\r\n\r\n\r\n\r\n<h5 class=\"wp-block-heading\">Adam-Ries-Wettbewerb<\/h5>\r\n\r\n\r\n\r\n<div class=\"wp-block-image\"><figure class=\"alignleft\"><a href=\"https:\/\/www.rwg-bayreuth.de\/home\/wp-content\/uploads\/2013\/04\/2015_Adam-Ries-Wettbewerb_web.jpg\"><img loading=\"lazy\" decoding=\"async\" width=\"350\" height=\"263\" class=\"wp-image-6718\" src=\"https:\/\/www.rwg-bayreuth.de\/home\/wp-content\/uploads\/2013\/04\/2015_Adam-Ries-Wettbewerb_web.jpg\" alt=\"Adam Ries ist aus Staffelstein.\" srcset=\"https:\/\/www.rwg-bayreuth.de\/home\/wp-content\/uploads\/2013\/04\/2015_Adam-Ries-Wettbewerb_web.jpg 350w, https:\/\/www.rwg-bayreuth.de\/home\/wp-content\/uploads\/2013\/04\/2015_Adam-Ries-Wettbewerb_web-150x113.jpg 150w, https:\/\/www.rwg-bayreuth.de\/home\/wp-content\/uploads\/2013\/04\/2015_Adam-Ries-Wettbewerb_web-300x225.jpg 300w, https:\/\/www.rwg-bayreuth.de\/home\/wp-content\/uploads\/2013\/04\/2015_Adam-Ries-Wettbewerb_web-250x188.jpg 250w\" sizes=\"(max-width: 350px) 100vw, 350px\" \/><\/a>\r\n<figcaption>Adam Ries ist aus Staffelstein.<\/figcaption>\r\n<\/figure>\r\n<\/div>\r\n\r\n\r\n\r\n<p>Rechnen kann Spa\u00df machen: Es ist sch\u00f6n, wenn man eine Aufgabe richtig gel\u00f6st hat und alles wunderbar aufgeht. Sch\u00f6n ist es aber auch, zu t\u00fcfteln und zu knobeln, wie es denn gehen kann, ein Problem mathematisch zu l\u00f6sen. Und am sch\u00f6nsten ist es, wenn man das im Vergleich mit anderen macht und sich einem Wettbewerb stellt, bei dem man merkt, dass man richtig gut ist.<\/p>\r\n\r\n\r\n\r\n<p>Deshalb nehmen unsere F\u00fcnfkl\u00e4sser an dem Adam Ries Wettbewerb teil. Dieser beginnt mit einer Hausaufgabenrunde \u00fcber die Weihnachtsferien und einer anschlie\u00dfenden Klausur f\u00fcr die Sch\u00fcler, die die Hausaufgabenrunde gut bearbeitet haben.<\/p>\r\n\r\n\r\n\r\n<p>Von der MB-Dienstelle werden dann die erfolgreichsten Sch\u00fcler\/-innen ausgew\u00e4hlt, um in Staffelstein die zehn besten in Oberfranken zu ermitteln, die in der letzten Runde sich mit Sch\u00fclern aus Tschechien, Sachsen und Th\u00fcringen in Annaberg, der gro\u00dfen Wirkungsst\u00e4tte von Adam Ries, messen.<br \/><!-- --><\/p>\r\n\r\n\r\n\r\n<h4 class=\"wp-block-heading\">Material zur Vorbereitung des Bayerischen Mathematiktests in Jahrgangsstufe 8 und 10:<\/h4>\r\n\r\n\r\n\r\n<p>Zur Vorbereitung des BMT gibt nach Themen sortierte Aufgaben mit ausf\u00fchrlichen L\u00f6sungen <a href=\"http:\/\/www.rwg-bayreuth.de\/bmt\/\">[mehr&#8230;]<\/a><br \/><!-- --><\/p>\r\n\r\n\r\n\r\n<h4 class=\"wp-block-heading\">\u00dcbungsmaterialien und Lernprogramme:<\/h4>\r\n\r\n\r\n\r\n<p>F\u00fcr das Fach Mathematik gibt es au\u00dferdem eine Vielzahl an \u00dcbungsmaterialien und Lernprogrammen. Hier eine kleine Auswahl, mit der am RWG gearbeitet wird:<\/p>\r\n\r\n\r\n\r\n<h6 class=\"wp-block-heading\">Mathegym<\/h6>\r\n\r\n\r\n\r\n<p>Mit dem Programm kann man gut von zu Hause aus online arbeiten. <a href=\"https:\/\/www.rwg-bayreuth.de\/home\/?page_id=6804\">[mehr&#8230;]<\/a><\/p>\r\n\r\n\r\n\r\n<h6 class=\"wp-block-heading\">Sch\u00fclerbibliothek<\/h6>\r\n\r\n\r\n\r\n<p>In der Sch\u00fclerbibliothek gibt es viele \u00dcbungsb\u00fccher.<\/p>\r\n\r\n\r\n\r\n<h6 class=\"wp-block-heading\">Klett Lernsoftware<\/h6>\r\n\r\n\r\n\r\n<p>Die Lernsoftware des Verlages passt genau zu den Schulb\u00fcchern der Klassen 5 bis 8.<\/p>\r\n\r\n\r\n\r\n<h6 class=\"wp-block-heading\">Aufgabensammlung \u201eSmart\u201c<\/h6>\r\n\r\n\r\n\r\n<p>Die Uni Bayreuth bietet eine Aufgabenbank mit einer Sammlung mathematischer Aufgaben an. Es gibt auch die passenden L\u00f6sungen. <a title=\"Smart\" href=\"https:\/\/smart.uni-bayreuth.de\/data\/gym\/Mathematik\/Mathematik.html\" target=\"_blank\" rel=\"noopener noreferrer\">[Weblink zur Aufgabensammlung Smart\u2026]<\/a><\/p>\r\n\r\n\r\n\r\n<h4 class=\"wp-block-heading\">Weiterf\u00fchrende Links:<\/h4>\r\n\r\n\r\n\r\n<ul class=\"linkliste\">\r\n<li class=\"top\"><a title=\"Lehrplan Mathematik G9\" href=\"https:\/\/www.lehrplanplus.bayern.de\/schulart\/gymnasium\/fach\/mathematik\/inhalt\/fachlehrplaene\" target=\"_blank\" rel=\"noopener noreferrer\">LehrplanPLUS<\/a><\/li>\r\n<li><a title=\"Lehrplan Mathematik G8\" href=\"http:\/\/www.isb.bayern.de\/gymnasium\/lehrplan\/gymnasium\/fachprofil-ebene-2\/mathematik\/322\/\" target=\"_blank\" rel=\"noopener noreferrer\">Lehrplan (G8)<\/a><\/li>\r\n<li><a title=\"Abiaufgaben Mathematik\" href=\"http:\/\/www.isb.bayern.de\/gymnasium\/leistungserhebungen\/abiturpruefung-gymnasium\/mathematik\/\" target=\"_blank\" rel=\"noopener noreferrer\">Abituraufgaben<\/a><\/li>\r\n<li><a title=\"Formeldokument Mathematik\" href=\"https:\/\/www.isb.bayern.de\/fileadmin\/user_upload\/Gymnasium\/Faecher\/Mathematik\/Hilfsmittel\/formeldokument.pdf\" target=\"_blank\" rel=\"noopener noreferrer\">Formeldokument Mathematik<\/a><\/li>\r\n<li><a title=\"Jahrgangstests Mathematik (BMT&nbsp;8 &#038; BMT&nbsp;10)\" href=\"https:\/\/www.isb.bayern.de\/schularten\/gymnasium\/leistungserhebungen\/jahrgangsstufentests\/mathematik\/\" target=\"_blank\" rel=\"noopener noreferrer\">Jahrgangstests (BMT&nbsp;8 &#038; BMT&nbsp;10)<\/a><\/li>\r\n<li><a title=\"Mathegym\" href=\"http:\/\/www.mathegym.de\" target=\"_blank\" rel=\"noopener noreferrer\">Mathegym<\/a><\/li>\r\n<li><a title=\"Probeunterricht Mathe\" href=\"https:\/\/www.isb.bayern.de\/schularten\/gymnasium\/leistungserhebungen\/probeunterricht\/mathematik\/\" target=\"_blank\" rel=\"noopener noreferrer\">Probeunterricht<\/a><\/li>\r\n<\/ul>\r\n\r\n\r\n\r\n<h5 class=\"wp-block-heading\">Verwendetes Lehrwerk:<\/h5>\r\n\r\n\r\n\r\n<p>Lambacher-Schweizer 5 &#8211; 10 (Klett)<br \/>delta 11, 12 (Buchner)<\/p>\r\n","protected":false},"excerpt":{"rendered":"<p>Fachschaft Fachprofil Dem Fach Mathematik kommt im F\u00e4cherkanon des Gymnasiums eine zentrale Bedeutung zu: Es ist eines der zentralen MINT-F\u00e4cher, Kernfach und je nach Jahrgangsstufe mit drei, vier bzw. f\u00fcnf Wochenstunden im Stundenplan vertreten. Es gibt in Bayern keine mathematischen Gymnasien mehr; der Lernstoff und die vermittelten F\u00e4higkeiten sind an allen Gymnasien gleich. Mathematik am&hellip;<\/p>\n","protected":false},"author":2,"featured_media":0,"parent":11139,"menu_order":3,"comment_status":"closed","ping_status":"closed","template":"page-templates\/no-sidebar.php","meta":{"footnotes":""},"tags":[54],"_links":{"self":[{"href":"https:\/\/www.rwg-bayreuth.de\/home\/index.php?rest_route=\/wp\/v2\/pages\/1477"}],"collection":[{"href":"https:\/\/www.rwg-bayreuth.de\/home\/index.php?rest_route=\/wp\/v2\/pages"}],"about":[{"href":"https:\/\/www.rwg-bayreuth.de\/home\/index.php?rest_route=\/wp\/v2\/types\/page"}],"author":[{"embeddable":true,"href":"https:\/\/www.rwg-bayreuth.de\/home\/index.php?rest_route=\/wp\/v2\/users\/2"}],"replies":[{"embeddable":true,"href":"https:\/\/www.rwg-bayreuth.de\/home\/index.php?rest_route=%2Fwp%2Fv2%2Fcomments&post=1477"}],"version-history":[{"count":264,"href":"https:\/\/www.rwg-bayreuth.de\/home\/index.php?rest_route=\/wp\/v2\/pages\/1477\/revisions"}],"predecessor-version":[{"id":40201,"href":"https:\/\/www.rwg-bayreuth.de\/home\/index.php?rest_route=\/wp\/v2\/pages\/1477\/revisions\/40201"}],"up":[{"embeddable":true,"href":"https:\/\/www.rwg-bayreuth.de\/home\/index.php?rest_route=\/wp\/v2\/pages\/11139"}],"wp:attachment":[{"href":"https:\/\/www.rwg-bayreuth.de\/home\/index.php?rest_route=%2Fwp%2Fv2%2Fmedia&parent=1477"}],"wp:term":[{"taxonomy":"post_tag","embeddable":true,"href":"https:\/\/www.rwg-bayreuth.de\/home\/index.php?rest_route=%2Fwp%2Fv2%2Ftags&post=1477"}],"curies":[{"name":"wp","href":"https:\/\/api.w.org\/{rel}","templated":true}]}}