{"id":137,"date":"2012-01-17T20:33:29","date_gmt":"2012-01-17T19:33:29","guid":{"rendered":"http:\/\/www.rwg-bayreuth.de\/home\/?page_id=137"},"modified":"2024-01-17T20:57:40","modified_gmt":"2024-01-17T19:57:40","slug":"schulsanitater","status":"publish","type":"page","link":"https:\/\/www.rwg-bayreuth.de\/home\/?page_id=137","title":{"rendered":"Schulsanit\u00e4ter"},"content":{"rendered":"<p><img decoding=\"async\" src=\"https:\/\/www.rwg-bayreuth.de\/home\/wp-content\/uploads\/2024\/01\/Schulsanitaeter-Parchent_Johanna.jpg\" alt=\"\" width=\"100%\" height=\"auto\" class=\"aligncenter size-full wp-image-35658\" srcset=\"https:\/\/www.rwg-bayreuth.de\/home\/wp-content\/uploads\/2024\/01\/Schulsanitaeter-Parchent_Johanna.jpg 1920w, https:\/\/www.rwg-bayreuth.de\/home\/wp-content\/uploads\/2024\/01\/Schulsanitaeter-Parchent_Johanna-1536x512.jpg 1536w, https:\/\/www.rwg-bayreuth.de\/home\/wp-content\/uploads\/2024\/01\/Schulsanitaeter-Parchent_Johanna-150x50.jpg 150w, https:\/\/www.rwg-bayreuth.de\/home\/wp-content\/uploads\/2024\/01\/Schulsanitaeter-Parchent_Johanna-450x150.jpg 450w, https:\/\/www.rwg-bayreuth.de\/home\/wp-content\/uploads\/2024\/01\/Schulsanitaeter-Parchent_Johanna-768x256.jpg 768w, https:\/\/www.rwg-bayreuth.de\/home\/wp-content\/uploads\/2024\/01\/Schulsanitaeter-Parchent_Johanna-1024x341.jpg 1024w, https:\/\/www.rwg-bayreuth.de\/home\/wp-content\/uploads\/2024\/01\/Schulsanitaeter-Parchent_Johanna-250x83.jpg 250w\" sizes=\"(max-width: 1920px) 100vw, 1920px\" \/><\/p>\n<p><!--<img decoding=\"async\" src=\"https:\/\/www.rwg-bayreuth.de\/home\/wp-content\/uploads\/2017\/02\/Sani2.jpg\" alt=\"\" width=\"100%\" class=\"alignnone size-full wp-image-13389\" srcset=\"https:\/\/www.rwg-bayreuth.de\/home\/wp-content\/uploads\/2017\/02\/Sani2.jpg 903w, https:\/\/www.rwg-bayreuth.de\/home\/wp-content\/uploads\/2017\/02\/Sani2-150x50.jpg 150w, https:\/\/www.rwg-bayreuth.de\/home\/wp-content\/uploads\/2017\/02\/Sani2-450x150.jpg 450w, https:\/\/www.rwg-bayreuth.de\/home\/wp-content\/uploads\/2017\/02\/Sani2-768x256.jpg 768w, https:\/\/www.rwg-bayreuth.de\/home\/wp-content\/uploads\/2017\/02\/Sani2-250x83.jpg 250w, https:\/\/www.rwg-bayreuth.de\/home\/wp-content\/uploads\/2017\/02\/Sani2-600x200.jpg 600w, https:\/\/www.rwg-bayreuth.de\/home\/wp-content\/uploads\/2017\/02\/Sani2-900x301.jpg 900w\" sizes=\"(max-width: 903px) 100vw, 903px\" \/>--><\/p>\n<div id=\"attachment_1053\" style=\"width: 205px\" class=\"wp-caption alignleft\"><a href=\"https:\/\/www.rwg-bayreuth.de\/home\/wp-content\/uploads\/2012\/01\/Sanikoffer_web.jpg\"><img loading=\"lazy\" decoding=\"async\" aria-describedby=\"caption-attachment-1053\" src=\"https:\/\/www.rwg-bayreuth.de\/home\/wp-content\/uploads\/2012\/01\/Sanikoffer_web.jpg\" alt=\"Sanitasche\" width=\"195\" height=\"227\" class=\"size-full wp-image-1053\" srcset=\"https:\/\/www.rwg-bayreuth.de\/home\/wp-content\/uploads\/2012\/01\/Sanikoffer_web.jpg 195w, https:\/\/www.rwg-bayreuth.de\/home\/wp-content\/uploads\/2012\/01\/Sanikoffer_web-129x150.jpg 129w\" sizes=\"(max-width: 195px) 100vw, 195px\" \/><\/a><p id=\"caption-attachment-1053\" class=\"wp-caption-text\">Die Sanitasche<br \/>\nist ein wichtiges Utensil<\/p><\/div>\n<p>Der Schulsanit\u00e4tsdienst am RWG wurde 2008 ins Leben gerufen: Er verbindet soziales Engagement mit einer praktischen Ausbildung, die in verschiedenen Stufen bis hin zur Ausbildung f\u00fcr den Sanit\u00e4tsschein A f\u00fchren. Die Gruppe organisiert ihre Dienstverantwortlichkeiten selbstst\u00e4ndig.<\/p>\n<p>Wer Tagesdienst hat, holt die Sanit\u00e4tstasche und das Diensthandy aus dem Sekretariat, mit dem der Sanit\u00e4tsdienst w\u00e4hrend der Schulzeit erreichbar ist. Bei gr\u00f6\u00dferen oder kleineren Wehwehchen wissen die Sanit\u00e4ter Rat. <\/p>\n<h2 class=\"clear\">Aktuelles<\/h2>\n<div style=\"max-width: 1000px\">\n<div class=\"rwg_post_list\"><article id=\"post-39194\"class=\"cf post-39194 post type-post status-publish format-standard has-post-thumbnail hentry category-allgemein tag-home tag-schulsanitaeter\">\n \t\t<div class=\"entry-thumbnail fadein\"> \t\t\t<a href=\"https:\/\/www.rwg-bayreuth.de\/home\/?p=39194\"><img loading=\"lazy\" decoding=\"async\" width=\"1536\" height=\"1024\" src=\"https:\/\/www.rwg-bayreuth.de\/home\/wp-content\/uploads\/2025\/07\/24-25-Schulsani-B.jpg\" class=\"attachment-post-thumbnail size-post-thumbnail wp-post-image\" alt=\"\" srcset=\"https:\/\/www.rwg-bayreuth.de\/home\/wp-content\/uploads\/2025\/07\/24-25-Schulsani-B.jpg 1536w, https:\/\/www.rwg-bayreuth.de\/home\/wp-content\/uploads\/2025\/07\/24-25-Schulsani-B-150x100.jpg 150w, https:\/\/www.rwg-bayreuth.de\/home\/wp-content\/uploads\/2025\/07\/24-25-Schulsani-B-450x300.jpg 450w, https:\/\/www.rwg-bayreuth.de\/home\/wp-content\/uploads\/2025\/07\/24-25-Schulsani-B-768x512.jpg 768w, https:\/\/www.rwg-bayreuth.de\/home\/wp-content\/uploads\/2025\/07\/24-25-Schulsani-B-1024x683.jpg 1024w, https:\/\/www.rwg-bayreuth.de\/home\/wp-content\/uploads\/2025\/07\/24-25-Schulsani-B-250x167.jpg 250w, https:\/\/www.rwg-bayreuth.de\/home\/wp-content\/uploads\/2025\/07\/24-25-Schulsani-B-900x600.jpg 900w\" sizes=\"(max-width: 1536px) 100vw, 1536px\" \/><\/a> \t\t<\/div><!-- end .entry-thumbnail -->\n<div class=\"meta-main-wrap\">\n  <div class=\"\">\n    <header class=\"entry-header\">\n      <div class=\"entry-cats\">\n        <div class=\"kategorie\"><a href=\"https:\/\/www.rwg-bayreuth.de\/home\/?cat=1\" rel=\"category\">Schulleben<\/a><\/div>\n<div class=\"entry-edit\" >      <div class=\"entry-date\" >\n        <a href=\"https:\/\/www.rwg-bayreuth.de\/home\/?p=39194\">5. Juli 2025<\/a>\n      <\/div><\/div><!-- end .entry-date -->\n      <\/div><!-- end .entry-cats -->\n<h2 class=\"entry-title\"><a href=\"https:\/\/www.rwg-bayreuth.de\/home\/?p=39194\" rel=\"bookmark\">Einsatzbereit f\u00fcr die letzten Schultage<\/a><\/h2>\n    <\/header><!-- end .entry-header -->\n    <div class=\"entry-summary\">\nAktionstag der Schulsanit\u00e4ter beim BRK Am 4. Juli 2025 hie\u00df es f\u00fcr unsere Schulsanit\u00e4terinnen und -sanit\u00e4ter: ran an die Praxis! Sieben engagierte Sch\u00fclerinnen und Sch\u00fcler unserer Schule nahmen am Aktionstag des Bayerischen Roten Kreuzes in Bayreuth teil \u2013 und das mit vollem Einsatz. In einem abwechslungsreichen Stationstraining konnten die Teilnehmerinnen und Teilnehmer ihr Wissen auffrischen,&hellip;\n  <\/div><!-- .entry-summary -->\n  <\/div><!-- .entry-main -->\n<\/div><!-- .meta-main-wrap -->\n<\/article><!-- end post -39194 -->\n<article id=\"post-20051\"class=\"cf post-20051 post type-post status-publish format-standard has-post-thumbnail hentry category-allgemein tag-home tag-schulsanitaeter tag-streitschlichter tag-vereinderfreunde\">\n \t\t<div class=\"entry-thumbnail fadein\"> \t\t\t<a href=\"https:\/\/www.rwg-bayreuth.de\/home\/?p=20051\"><img loading=\"lazy\" decoding=\"async\" width=\"450\" height=\"299\" src=\"https:\/\/www.rwg-bayreuth.de\/home\/wp-content\/uploads\/2018\/12\/18-19-Streitschlichter-T-Shirts-450.jpg\" class=\"attachment-post-thumbnail size-post-thumbnail wp-post-image\" alt=\"\" srcset=\"https:\/\/www.rwg-bayreuth.de\/home\/wp-content\/uploads\/2018\/12\/18-19-Streitschlichter-T-Shirts-450.jpg 450w, https:\/\/www.rwg-bayreuth.de\/home\/wp-content\/uploads\/2018\/12\/18-19-Streitschlichter-T-Shirts-450-250x166.jpg 250w\" sizes=\"(max-width: 450px) 100vw, 450px\" \/><\/a> \t\t<\/div><!-- end .entry-thumbnail -->\n<div class=\"meta-main-wrap\">\n  <div class=\"\">\n    <header class=\"entry-header\">\n      <div class=\"entry-cats\">\n        <div class=\"kategorie\"><a href=\"https:\/\/www.rwg-bayreuth.de\/home\/?cat=1\" rel=\"category\">Schulleben<\/a><\/div>\n<div class=\"entry-edit\" >      <div class=\"entry-date\" >\n        <a href=\"https:\/\/www.rwg-bayreuth.de\/home\/?p=20051\">5. Dezember 2018<\/a>\n      <\/div><\/div><!-- end .entry-date -->\n      <\/div><!-- end .entry-cats -->\n<h2 class=\"entry-title\"><a href=\"https:\/\/www.rwg-bayreuth.de\/home\/?p=20051\" rel=\"bookmark\">Vorweihnachtliche \u00dcberraschung<\/a><\/h2>\n    <\/header><!-- end .entry-header -->\n    <div class=\"entry-summary\">\nAls ein verfr\u00fchtes Weihnachtsgeschenk hat sich der Verein der Freunde des Richard-Wagner-Gymnasiums eine sch\u00f6ne \u00dcberraschung f\u00fcr die Schulsanit\u00e4ter und die Streitschlichter des RWG \u00fcberlegt. Um deren ehrenamtliches Engagement f\u00fcr ein gutes und gesundes Schulklima zu unterst\u00fctzen \u2013 aber vor allem damit die Sch\u00fcler\/innen auch gut erkennbar sind \u2013 gab es jeweils drei rote T- Shirts&hellip;\n  <\/div><!-- .entry-summary -->\n  <\/div><!-- .entry-main -->\n<\/div><!-- .meta-main-wrap -->\n<\/article><!-- end post -20051 -->\n<article id=\"post-19395\"class=\"cf post-19395 post type-post status-publish format-standard has-post-thumbnail hentry category-allgemein tag-home tag-schulsanitaeter\">\n \t\t<div class=\"entry-thumbnail fadein\"> \t\t\t<a href=\"https:\/\/www.rwg-bayreuth.de\/home\/?p=19395\"><img loading=\"lazy\" decoding=\"async\" width=\"450\" height=\"299\" src=\"https:\/\/www.rwg-bayreuth.de\/home\/wp-content\/uploads\/2018\/07\/17-18-Schulsanis-Ausbildung1-450.jpg\" class=\"attachment-post-thumbnail size-post-thumbnail wp-post-image\" alt=\"\" srcset=\"https:\/\/www.rwg-bayreuth.de\/home\/wp-content\/uploads\/2018\/07\/17-18-Schulsanis-Ausbildung1-450.jpg 450w, https:\/\/www.rwg-bayreuth.de\/home\/wp-content\/uploads\/2018\/07\/17-18-Schulsanis-Ausbildung1-450-250x166.jpg 250w\" sizes=\"(max-width: 450px) 100vw, 450px\" \/><\/a> \t\t<\/div><!-- end .entry-thumbnail -->\n<div class=\"meta-main-wrap\">\n  <div class=\"\">\n    <header class=\"entry-header\">\n      <div class=\"entry-cats\">\n        <div class=\"kategorie\"><a href=\"https:\/\/www.rwg-bayreuth.de\/home\/?cat=1\" rel=\"category\">Schulleben<\/a><\/div>\n<div class=\"entry-edit\" >      <div class=\"entry-date\" >\n        <a href=\"https:\/\/www.rwg-bayreuth.de\/home\/?p=19395\">17. Juli 2018<\/a>\n      <\/div><\/div><!-- end .entry-date -->\n      <\/div><!-- end .entry-cats -->\n<h2 class=\"entry-title\"><a href=\"https:\/\/www.rwg-bayreuth.de\/home\/?p=19395\" rel=\"bookmark\">Bereit f\u00fcr den Einsatz<\/a><\/h2>\n    <\/header><!-- end .entry-header -->\n    <div class=\"entry-summary\">\nDie neuen Schulsanit\u00e4terInnen haben ihre Ausbildung absolviert und sind somit in Amt und W\u00fcrden. Die neuen Schulsanit\u00e4terInnen unserer Schule kommen aus der 6. und 7. Jahrgangsstufe und durchliefen eine einw\u00f6chige Ausbildung, die sie f\u00fcr alle m\u00f6glichen Notf\u00e4lle bereit macht. Gleich 10 Sch\u00fclerinnen und ein Sch\u00fcler haben in insgesamt 16 Unterrichtsstunden die erforderlichen Qualifikationen erworben. In&hellip;\n  <\/div><!-- .entry-summary -->\n  <\/div><!-- .entry-main -->\n<\/div><!-- .meta-main-wrap -->\n<\/article><!-- end post -19395 -->\n<article id=\"post-11889\"class=\"cf post-11889 post type-post status-publish format-standard has-post-thumbnail hentry category-allgemein tag-home tag-schulsanitaeter\">\n \t\t<div class=\"entry-thumbnail fadein\"> \t\t\t<a href=\"https:\/\/www.rwg-bayreuth.de\/home\/?p=11889\"><img loading=\"lazy\" decoding=\"async\" width=\"450\" height=\"275\" src=\"https:\/\/www.rwg-bayreuth.de\/home\/wp-content\/uploads\/2009\/11\/16-17-Sanis-Beatmung-450.jpg\" class=\"attachment-post-thumbnail size-post-thumbnail wp-post-image\" alt=\"\" srcset=\"https:\/\/www.rwg-bayreuth.de\/home\/wp-content\/uploads\/2009\/11\/16-17-Sanis-Beatmung-450.jpg 450w, https:\/\/www.rwg-bayreuth.de\/home\/wp-content\/uploads\/2009\/11\/16-17-Sanis-Beatmung-450-150x92.jpg 150w, https:\/\/www.rwg-bayreuth.de\/home\/wp-content\/uploads\/2009\/11\/16-17-Sanis-Beatmung-450-300x183.jpg 300w, https:\/\/www.rwg-bayreuth.de\/home\/wp-content\/uploads\/2009\/11\/16-17-Sanis-Beatmung-450-250x153.jpg 250w\" sizes=\"(max-width: 450px) 100vw, 450px\" \/><\/a> \t\t<\/div><!-- end .entry-thumbnail -->\n<div class=\"meta-main-wrap\">\n  <div class=\"\">\n    <header class=\"entry-header\">\n      <div class=\"entry-cats\">\n        <div class=\"kategorie\"><a href=\"https:\/\/www.rwg-bayreuth.de\/home\/?cat=1\" rel=\"category\">Schulleben<\/a><\/div>\n<div class=\"entry-edit\" >      <div class=\"entry-date\" >\n        <a href=\"https:\/\/www.rwg-bayreuth.de\/home\/?p=11889\">4. Dezember 2016<\/a>\n      <\/div><\/div><!-- end .entry-date -->\n      <\/div><!-- end .entry-cats -->\n<h2 class=\"entry-title\"><a href=\"https:\/\/www.rwg-bayreuth.de\/home\/?p=11889\" rel=\"bookmark\">Wissensauffrischung f\u00fcr die Schulsanis<\/a><\/h2>\n    <\/header><!-- end .entry-header -->\n    <div class=\"entry-summary\">\nIn ihrer Freizeit nahm mehr als die H\u00e4lfte unserer Schulsanis an einer Wissensauffrischung und Fortbildung beim Bayrischen Roten Kreuz in der Hindenburgstra\u00dfe teil. Bei diesem Training, zu dem Schulsanit\u00e4ter aus allen Gymnasien und Realschulen aus Bayreuth eingeladen waren, war das RWG mit 11 Teilnehmern vertreten. Nach einer herzlichen Begr\u00fc\u00dfung durften unsere Schulsanit\u00e4ter an mehreren Stationen&hellip;\n  <\/div><!-- .entry-summary -->\n  <\/div><!-- .entry-main -->\n<\/div><!-- .meta-main-wrap -->\n<\/article><!-- end post -11889 -->\n<article id=\"post-8318\"class=\"cf post-8318 post type-post status-publish format-standard has-post-thumbnail hentry category-allgemein tag-schulsanitaeter\">\n \t\t<div class=\"entry-thumbnail fadein\"> \t\t\t<a href=\"https:\/\/www.rwg-bayreuth.de\/home\/?p=8318\"><img loading=\"lazy\" decoding=\"async\" width=\"250\" height=\"192\" src=\"https:\/\/www.rwg-bayreuth.de\/home\/wp-content\/uploads\/2015\/10\/Klinikum_web.jpg\" class=\"attachment-post-thumbnail size-post-thumbnail wp-post-image\" alt=\"\" srcset=\"https:\/\/www.rwg-bayreuth.de\/home\/wp-content\/uploads\/2015\/10\/Klinikum_web.jpg 250w, https:\/\/www.rwg-bayreuth.de\/home\/wp-content\/uploads\/2015\/10\/Klinikum_web-150x115.jpg 150w\" sizes=\"(max-width: 250px) 100vw, 250px\" \/><\/a> \t\t<\/div><!-- end .entry-thumbnail -->\n<div class=\"meta-main-wrap\">\n  <div class=\"\">\n    <header class=\"entry-header\">\n      <div class=\"entry-cats\">\n        <div class=\"kategorie\"><a href=\"https:\/\/www.rwg-bayreuth.de\/home\/?cat=1\" rel=\"category\">Schulleben<\/a><\/div>\n<div class=\"entry-edit\" >      <div class=\"entry-date\" >\n        <a href=\"https:\/\/www.rwg-bayreuth.de\/home\/?p=8318\">25. Oktober 2015<\/a>\n      <\/div><\/div><!-- end .entry-date -->\n      <\/div><!-- end .entry-cats -->\n<h2 class=\"entry-title\"><a href=\"https:\/\/www.rwg-bayreuth.de\/home\/?p=8318\" rel=\"bookmark\">Aktion &#8222;Sch\u00fcler retten Leben&#8220;<\/a><\/h2>\n    <\/header><!-- end .entry-header -->\n    <div class=\"entry-summary\">\nEiner Ausbildung zum Lebensretter im Rahmen der Aktion \u201eSch\u00fcler retten Leben, 100 Pro Reanimation\u201c unterzogen sich die Schulsanit\u00e4ter des Richard-Wagner-Gymnasium. Carina Seyferth und Elisa Ruckdeschel berichten: \u201eZu Beginn der Veranstaltung trafen wir uns in einem Versammlungsraum mit drei Fachkr\u00e4ften des Klinikum, welche uns als Olli, Kalle und Florian vorgestellt wurden. Hier frischten wir unsere Kenntnisse&hellip;\n  <\/div><!-- .entry-summary -->\n  <\/div><!-- .entry-main -->\n<\/div><!-- .meta-main-wrap -->\n<\/article><!-- end post -8318 -->\n<\/div><!-- end .rwg_post_list -->\n<\/div>\n","protected":false},"excerpt":{"rendered":"<p>Der Schulsanit\u00e4tsdienst am RWG wurde 2008 ins Leben gerufen: Er verbindet soziales Engagement mit einer praktischen Ausbildung, die in verschiedenen Stufen bis hin zur Ausbildung f\u00fcr den Sanit\u00e4tsschein A f\u00fchren. Die Gruppe organisiert ihre Dienstverantwortlichkeiten selbstst\u00e4ndig. Wer Tagesdienst hat, holt die Sanit\u00e4tstasche und das Diensthandy aus dem Sekretariat, mit dem der Sanit\u00e4tsdienst w\u00e4hrend der Schulzeit&hellip;<\/p>\n","protected":false},"author":1,"featured_media":0,"parent":34604,"menu_order":40,"comment_status":"closed","ping_status":"open","template":"page-templates\/no-sidebar.php","meta":{"footnotes":""},"tags":[54],"_links":{"self":[{"href":"https:\/\/www.rwg-bayreuth.de\/home\/index.php?rest_route=\/wp\/v2\/pages\/137"}],"collection":[{"href":"https:\/\/www.rwg-bayreuth.de\/home\/index.php?rest_route=\/wp\/v2\/pages"}],"about":[{"href":"https:\/\/www.rwg-bayreuth.de\/home\/index.php?rest_route=\/wp\/v2\/types\/page"}],"author":[{"embeddable":true,"href":"https:\/\/www.rwg-bayreuth.de\/home\/index.php?rest_route=\/wp\/v2\/users\/1"}],"replies":[{"embeddable":true,"href":"https:\/\/www.rwg-bayreuth.de\/home\/index.php?rest_route=%2Fwp%2Fv2%2Fcomments&post=137"}],"version-history":[{"count":61,"href":"https:\/\/www.rwg-bayreuth.de\/home\/index.php?rest_route=\/wp\/v2\/pages\/137\/revisions"}],"predecessor-version":[{"id":35659,"href":"https:\/\/www.rwg-bayreuth.de\/home\/index.php?rest_route=\/wp\/v2\/pages\/137\/revisions\/35659"}],"up":[{"embeddable":true,"href":"https:\/\/www.rwg-bayreuth.de\/home\/index.php?rest_route=\/wp\/v2\/pages\/34604"}],"wp:attachment":[{"href":"https:\/\/www.rwg-bayreuth.de\/home\/index.php?rest_route=%2Fwp%2Fv2%2Fmedia&parent=137"}],"wp:term":[{"taxonomy":"post_tag","embeddable":true,"href":"https:\/\/www.rwg-bayreuth.de\/home\/index.php?rest_route=%2Fwp%2Fv2%2Ftags&post=137"}],"curies":[{"name":"wp","href":"https:\/\/api.w.org\/{rel}","templated":true}]}}