{"id":1360,"date":"2013-03-19T09:07:24","date_gmt":"2013-03-19T08:07:24","guid":{"rendered":"http:\/\/www.rwg-bayreuth.de\/home\/?page_id=1360"},"modified":"2024-11-13T21:41:00","modified_gmt":"2024-11-13T20:41:00","slug":"deutsch","status":"publish","type":"page","link":"https:\/\/www.rwg-bayreuth.de\/home\/?page_id=1360","title":{"rendered":"Deutsch"},"content":{"rendered":"<p><img decoding=\"async\" src=\"https:\/\/www.rwg-bayreuth.de\/home\/wp-content\/uploads\/2024\/01\/Deutsch-FranziskaWolf.jpg\" alt=\"\" width=\"100%\" height=\"auto\" class=\"aligncenter size-full wp-image-35644\" srcset=\"https:\/\/www.rwg-bayreuth.de\/home\/wp-content\/uploads\/2024\/01\/Deutsch-FranziskaWolf.jpg 1920w, https:\/\/www.rwg-bayreuth.de\/home\/wp-content\/uploads\/2024\/01\/Deutsch-FranziskaWolf-1536x512.jpg 1536w, https:\/\/www.rwg-bayreuth.de\/home\/wp-content\/uploads\/2024\/01\/Deutsch-FranziskaWolf-150x50.jpg 150w, https:\/\/www.rwg-bayreuth.de\/home\/wp-content\/uploads\/2024\/01\/Deutsch-FranziskaWolf-450x150.jpg 450w, https:\/\/www.rwg-bayreuth.de\/home\/wp-content\/uploads\/2024\/01\/Deutsch-FranziskaWolf-768x256.jpg 768w, https:\/\/www.rwg-bayreuth.de\/home\/wp-content\/uploads\/2024\/01\/Deutsch-FranziskaWolf-1024x341.jpg 1024w, https:\/\/www.rwg-bayreuth.de\/home\/wp-content\/uploads\/2024\/01\/Deutsch-FranziskaWolf-250x83.jpg 250w, https:\/\/www.rwg-bayreuth.de\/home\/wp-content\/uploads\/2024\/01\/Deutsch-FranziskaWolf-600x200.jpg 600w\" sizes=\"(max-width: 1920px) 100vw, 1920px\" \/><\/p>\n<p><!--<img decoding=\"async\" class=\"alignnone size-full wp-image-13065\" src=\"https:\/\/www.rwg-bayreuth.de\/home\/wp-content\/uploads\/2017\/01\/Deutsch1-ll-1024x341.jpg\" alt=\"\" width=\"100%\" srcset=\"https:\/\/www.rwg-bayreuth.de\/home\/wp-content\/uploads\/2017\/01\/Deutsch1-ll-1024x341.jpg 1024w, https:\/\/www.rwg-bayreuth.de\/home\/wp-content\/uploads\/2017\/01\/Deutsch1-ll-150x50.jpg 150w, https:\/\/www.rwg-bayreuth.de\/home\/wp-content\/uploads\/2017\/01\/Deutsch1-ll-450x150.jpg 450w, https:\/\/www.rwg-bayreuth.de\/home\/wp-content\/uploads\/2017\/01\/Deutsch1-ll-768x256.jpg 768w, https:\/\/www.rwg-bayreuth.de\/home\/wp-content\/uploads\/2017\/01\/Deutsch1-ll-250x83.jpg 250w, https:\/\/www.rwg-bayreuth.de\/home\/wp-content\/uploads\/2017\/01\/Deutsch1-ll-600x200.jpg 600w, https:\/\/www.rwg-bayreuth.de\/home\/wp-content\/uploads\/2017\/01\/Deutsch1-ll.jpg 1800w\" sizes=\"(max-width: 1024px) 100vw, 1024px\" \/>\n--><\/p>\n<h2>Fachschaft<\/h2>\n<p><a href=\"https:\/\/www.rwg-bayreuth.de\/home\/wp-content\/uploads\/2020\/09\/Fachschaft-Deutsch.jpg\"><img decoding=\"async\" src=\"https:\/\/www.rwg-bayreuth.de\/home\/wp-content\/uploads\/2020\/09\/Fachschaft-Deutsch.jpg\" alt=\"\" width=\"900\" height=\"auto\" class=\"alignnone size-full wp-image-27105 fachschaftsbild\" srcset=\"https:\/\/www.rwg-bayreuth.de\/home\/wp-content\/uploads\/2020\/09\/Fachschaft-Deutsch.jpg 1024w, https:\/\/www.rwg-bayreuth.de\/home\/wp-content\/uploads\/2020\/09\/Fachschaft-Deutsch-450x281.jpg 450w, https:\/\/www.rwg-bayreuth.de\/home\/wp-content\/uploads\/2020\/09\/Fachschaft-Deutsch-768x480.jpg 768w, https:\/\/www.rwg-bayreuth.de\/home\/wp-content\/uploads\/2020\/09\/Fachschaft-Deutsch-250x156.jpg 250w, https:\/\/www.rwg-bayreuth.de\/home\/wp-content\/uploads\/2020\/09\/Fachschaft-Deutsch-600x375.jpg 600w\" sizes=\"(max-width: 1024px) 100vw, 1024px\" \/><\/a><\/p>\n<p>Im muttersprachlichen Unterricht kommt dem Fach Deutsch eine <strong>Leitfachfunktion<\/strong> zu. Alle F\u00e4cher sind sprachlich vermittelt, ebenso sind es alle Aufgaben, und auch das Lernen vollzieht sich sprachlich. Wer sprachlich kompetent ist, tut sich deshalb in der Schule leichter.<\/p>\n<div id=\"attachment_1361\" style=\"width: 407px\" class=\"wp-caption alignright\"><a href=\"https:\/\/www.rwg-bayreuth.de\/home\/wp-content\/uploads\/2013\/03\/2013_Les_Klassenzimmer.jpg\"><img loading=\"lazy\" decoding=\"async\" aria-describedby=\"caption-attachment-1361\" class=\"size-full wp-image-1361\" src=\"https:\/\/www.rwg-bayreuth.de\/home\/wp-content\/uploads\/2013\/03\/2013_Les_Klassenzimmer.jpg\" alt=\"Wer liest, hat mehr vom Leben: Das \u201eLesende Klassenzimmer\u201c ist ein Ort zum Schm\u00f6kern, aber auch zum Arbeiten.\" width=\"397\" height=\"282\" srcset=\"https:\/\/www.rwg-bayreuth.de\/home\/wp-content\/uploads\/2013\/03\/2013_Les_Klassenzimmer.jpg 397w, https:\/\/www.rwg-bayreuth.de\/home\/wp-content\/uploads\/2013\/03\/2013_Les_Klassenzimmer-150x107.jpg 150w, https:\/\/www.rwg-bayreuth.de\/home\/wp-content\/uploads\/2013\/03\/2013_Les_Klassenzimmer-300x213.jpg 300w, https:\/\/www.rwg-bayreuth.de\/home\/wp-content\/uploads\/2013\/03\/2013_Les_Klassenzimmer-250x178.jpg 250w\" sizes=\"(max-width: 397px) 100vw, 397px\" \/><\/a><p id=\"caption-attachment-1361\" class=\"wp-caption-text\">Wer liest, hat mehr vom Leben: Das \u201eLesende Klassenzimmer\u201c<br \/>ist ein Ort zum Schm\u00f6kern, aber auch zum Arbeiten.<\/p><\/div>\n<p>Zu den Gegenstandsbereichen des Deutschunterrichts geh\u00f6rt deshalb ganz selbstverst\u00e4ndlich das Sprechen und Schreiben auf der Ebene des <strong>Informierens, Argumentierens und Gestaltens<\/strong>. In besonderem Ma\u00dfe ist der Umgang mit Texten ein wichtiges Anliegen des Deutschunterrichtes: Die Auseinandersetzung mit literarischen Texten \u00f6ffnet das Bewusstsein f\u00fcr Situationen und Werthaltungen und macht empf\u00e4nglich f\u00fcr das Sch\u00f6ne. Bei der Aneignung von Sachtexten geht es darum, geeignete Lesestrategien zu entwickeln, die eine zielgerichtete Informationsentnahme erlauben.<\/p>\n<p>In der modernen Zeit ist auch die <strong>Auseinandersetzung mit den Medien<\/strong> ein Anliegen des Faches: Dazu geh\u00f6rt nicht nur eine zielgerichtete Anwendung der Medien, zum Beispiel durch das Verf\u00fcgen \u00fcber entsprechende Pr\u00e4sentationstechniken, sondern auch eine medienkritische Einstellung und der selbstbestimmte Medienkonsum.<\/p>\n<h2>Besondere Schwerpunkte des Faches Deutsch am RWG sind<\/h2>\n<ul class=\"linkliste\">\n<li class=\"top\"><a title=\"Lesef\u00f6rderung\" href=\"https:\/\/www.rwg-bayreuth.de\/home\/?page_id=89\">Lesef\u00f6rderung<\/a><\/li>\n<li><a title=\"Medienerziehung\" href=\"https:\/\/www.rwg-bayreuth.de\/home\/?page_id=23806\">Medienerziehung<\/a><\/li>\n<li><a title=\"Fit in Deutsch!\" href=\"https:\/\/www.rwg-bayreuth.de\/home\/?page_id=23809\">&#8218;Fit in Deutsch!&#8216;<\/a><\/li>\n<li><a title=\"Bibliotheken bzw. Lesendes Klassenzimmer\" href=\"https:\/\/www.rwg-bayreuth.de\/home\/?page_id=95\">Bibliotheken bzw. Lesendes Klassenzimmer<\/a><\/li>\n<li><a title=\"Sch\u00fclerzeitung\" href=\"https:\/\/www.rwg-bayreuth.de\/home\/?page_id=141\">Sch\u00fclerzeitung<\/a><\/li>\n<li><a title=\"Schulspiel\" href=\"https:\/\/www.rwg-bayreuth.de\/home\/?page_id=3190\">Schulspiel<\/a><\/li>\n<p>\t<!--\n\n<li><a title=\"Deutschwettbewerbe\" href=\"https:\/\/www.rwg-bayreuth.de\/home\/?page_id=2030\">Wettbewerbe<\/a><\/li>\n\n-->\n<\/ul>\n<p>Auf all diesen Ebenen leistet das Fach einen Beitrag zur <strong>Pers\u00f6nlichkeitsentwicklung<\/strong>, die sich auch in einem breiten Spektrum an <strong>Seminarangeboten bzw. Profilf\u00e4chern in der Oberstufe<\/strong> zeigt:<\/p>\n<h2>\u00dcbersicht: Seminare am RWG (Auswahl der letzten Jahre) <\/h2>\n<h4>P-Seminare<\/h4>\n<ul>\n<li>Von der Schulbibliothek zum &#8222;Meet-and-read&#8220;<\/li>\n<li>Tatort Bayreuth &#8211; Spurensuche am RWG<\/li>\n<li>Feste feiern &#8211; Inszenierung eines barocken Events im Rahmen der Landesgartenschau<\/li>\n<li>Sherlock Holmes &#8211; interaktive L\u00f6sungen<\/li>\n<li>Literaturcaf\u00e9: Die 100 Besten des RWG &#8211; Lust machen aufs Lesen<\/li>\n<\/ul>\n<h4>W-Seminare<\/h4>\n<ul>\n<li>Thomas Mann, &#8222;Die Buddenbrooks&#8220;- ein Jahrhundertroman<\/li>\n<li>\u201eTod in Bayreuth&#8220; &#8211; dem Erfolgsgeheimnis des Regionalkrimis auf der Spur<\/li>\n<li>Wirklichkeitserfahrungen u. Lebensgef\u00fchle Jugendlicher &#8211; Literatur von der<br \/>\nNachkriegszeit bis in die Gegenwart<\/li>\n<li>Menschen in Inselsituationen: Verhaltensweisen und \u00dcberlebens-Strategien<\/li>\n<\/ul>\n<h4>Profilf\u00e4cher<\/h4>\n<p>Dramatisches Gestalten, Rhetorik, Literatur <\/p>\n<div style=\"position:relative;\">\n<div id=\"Deutsch-LdL\" style=\"position:absolute; top:-80px;\"><\/div>\n<h2>LdL \u2013 \u201aLernen <span style=\"text-decoration: line-through;\">[d]<\/span>trotz Lockdown\u2019: Unterrichtsideen (nicht nur!) f\u00fcr den Distanzunterricht<\/h2>\n<\/div>\n<div  class=\"linkliste linklisteDvi\">\n<ul class=\"lcp_catlist\" id=\"lcp_instance_0\"><li><a href=\"https:\/\/www.rwg-bayreuth.de\/home\/?p=27968\">LdL \u2013 Lernen <del>[d]<\/del>trotz Lockdown: Kreative Unterrichtsgestaltung im Fach Deutsch<\/a><\/li><li><a href=\"https:\/\/www.rwg-bayreuth.de\/home\/?p=28171\">\u201aLdL\u2018 \u2013 Teil 1: Gestaltung von Lapbooks zum Thema Balladen<\/a><\/li><li><a href=\"https:\/\/www.rwg-bayreuth.de\/home\/?p=28195\">\u201aLdL&#8216; &#8211; Teil 2: Fremdw\u00f6rter, Anglizismen und Co. &#8211; auf Spurensuche w\u00e4hrend der Coronapandemie&#8230;<\/a><\/li><li><a href=\"https:\/\/www.rwg-bayreuth.de\/home\/?p=28321\">&#8218;LdL&#8216; &#8211; Teil 3: Aufregung in der Unterstufe \u2013 Sch\u00fcler\/innen mit einem ganzen Lehrerteam auf der Suche nach dem Nasob\u0113m!<\/a><\/li><li><a href=\"https:\/\/www.rwg-bayreuth.de\/home\/?p=28346\">&#8218;LdL&#8216; &#8211; Teil 4: Hier gibt&#8217;s was auf die Ohren! Gedichtpr\u00e4sentationen in der 5c<\/a><\/li><li><a href=\"https:\/\/www.rwg-bayreuth.de\/home\/?p=28547\">&#8218;LdL&#8216; &#8211; Teil 5: Erz\u00e4hl doch mal\u2026 \u2013 in den \u201aFu\u00dfstapfen\u2018 der Gebr\u00fcder Grimm<\/a><\/li><li><a href=\"https:\/\/www.rwg-bayreuth.de\/home\/?p=28776\">&#8218;LdL&#8216; &#8211; Teil 6: Abiturvorbereitung in Corona-Zeiten&hellip;<\/a><\/li><li><a href=\"https:\/\/www.rwg-bayreuth.de\/home\/?p=28858\">&#8218;LdL&#8216; &#8211; Teil 7: Reisen um die Welt \u2013 trotz Lockdown?!<\/a><\/li><li><a href=\"https:\/\/www.rwg-bayreuth.de\/home\/?p=29123\">,LdL\u00b4 &#8211; Teil 8: \u201eFaust I\u201c, interpretiert anhand von Lekt\u00fcreportfolios in der Q11<\/a><\/li><li><a href=\"https:\/\/www.rwg-bayreuth.de\/home\/?p=29282\">&#8218;LdL&#8216; &#8211; Teil 9: Mit Gedichten durch ein ganz besonderes (Corona)-Schuljahr<\/a><\/li><\/ul>\n<\/div>\n<h2>Aktuelles aus dem Unterricht<\/h2>\n<div style=\"max-width: 800px\">\n<div class=\"rwg_post_list\"><article id=\"post-41267\"class=\"cf post-41267 post type-post status-publish format-standard has-post-thumbnail hentry category-allgemein tag-deutsch tag-home tag-temp\">\n \t\t<div class=\"entry-thumbnail fadein\"> \t\t\t<a href=\"https:\/\/www.rwg-bayreuth.de\/home\/?p=41267\"><img loading=\"lazy\" decoding=\"async\" width=\"1024\" height=\"683\" src=\"https:\/\/www.rwg-bayreuth.de\/home\/wp-content\/uploads\/2026\/04\/25-26-5b-Welttag-des-Buches.jpg\" class=\"attachment-post-thumbnail size-post-thumbnail wp-post-image\" alt=\"\" srcset=\"https:\/\/www.rwg-bayreuth.de\/home\/wp-content\/uploads\/2026\/04\/25-26-5b-Welttag-des-Buches.jpg 1024w, https:\/\/www.rwg-bayreuth.de\/home\/wp-content\/uploads\/2026\/04\/25-26-5b-Welttag-des-Buches-150x100.jpg 150w, https:\/\/www.rwg-bayreuth.de\/home\/wp-content\/uploads\/2026\/04\/25-26-5b-Welttag-des-Buches-450x300.jpg 450w, https:\/\/www.rwg-bayreuth.de\/home\/wp-content\/uploads\/2026\/04\/25-26-5b-Welttag-des-Buches-768x512.jpg 768w, https:\/\/www.rwg-bayreuth.de\/home\/wp-content\/uploads\/2026\/04\/25-26-5b-Welttag-des-Buches-250x167.jpg 250w, https:\/\/www.rwg-bayreuth.de\/home\/wp-content\/uploads\/2026\/04\/25-26-5b-Welttag-des-Buches-900x600.jpg 900w\" sizes=\"(max-width: 1024px) 100vw, 1024px\" \/><\/a> \t\t<\/div><!-- end .entry-thumbnail -->\n<div class=\"meta-main-wrap\">\n  <div class=\"\">\n    <header class=\"entry-header\">\n      <div class=\"entry-cats\">\n        <div class=\"kategorie\"><a href=\"https:\/\/www.rwg-bayreuth.de\/home\/?cat=1\" rel=\"category\">Schulleben<\/a><\/div>\n<div class=\"entry-edit\" >      <div class=\"entry-date\" >\n        <a href=\"https:\/\/www.rwg-bayreuth.de\/home\/?p=41267\">25. April 2026<\/a>\n      <\/div><\/div><!-- end .entry-date -->\n      <\/div><!-- end .entry-cats -->\n<h2 class=\"entry-title\"><a href=\"https:\/\/www.rwg-bayreuth.de\/home\/?p=41267\" rel=\"bookmark\">Welttag des Buches \u2013 wir feiern das Lesen!<\/a><\/h2>\n    <\/header><!-- end .entry-header -->\n    <div class=\"entry-summary\">\nAm 23.&nbsp;April wird allj\u00e4hrlich der Welttag des Buches gefeiert. Unsere 5.&nbsp;Klassen haben auch dieses Jahr wieder mit verschiedenen Aktionen mitgemischt: So holten sich die Sch\u00fcler der 5b bereits am 21.&nbsp;April ihre Exemplare von \u201eDer fliegende Klassenscooter\u201c in der Buchhandlung Rupprecht ab. Dieser Comicroman wurde extra f\u00fcr den Welttag des Buches geschrieben und gedruckt und \u00fcber&hellip;\n  <\/div><!-- .entry-summary -->\n  <\/div><!-- .entry-main -->\n<\/div><!-- .meta-main-wrap -->\n<\/article><!-- end post -41267 -->\n<article id=\"post-41124\"class=\"cf post-41124 post type-post status-publish format-standard has-post-thumbnail hentry category-allgemein tag-deutsch tag-home\">\n \t\t<div class=\"entry-thumbnail fadein\"> \t\t\t<a href=\"https:\/\/www.rwg-bayreuth.de\/home\/?p=41124\"><img loading=\"lazy\" decoding=\"async\" width=\"1024\" height=\"683\" src=\"https:\/\/www.rwg-bayreuth.de\/home\/wp-content\/uploads\/2026\/03\/25-26-Osterprojektt-Deutsch-B.jpg\" class=\"attachment-post-thumbnail size-post-thumbnail wp-post-image\" alt=\"\" srcset=\"https:\/\/www.rwg-bayreuth.de\/home\/wp-content\/uploads\/2026\/03\/25-26-Osterprojektt-Deutsch-B.jpg 1024w, https:\/\/www.rwg-bayreuth.de\/home\/wp-content\/uploads\/2026\/03\/25-26-Osterprojektt-Deutsch-B-150x100.jpg 150w, https:\/\/www.rwg-bayreuth.de\/home\/wp-content\/uploads\/2026\/03\/25-26-Osterprojektt-Deutsch-B-450x300.jpg 450w, https:\/\/www.rwg-bayreuth.de\/home\/wp-content\/uploads\/2026\/03\/25-26-Osterprojektt-Deutsch-B-768x512.jpg 768w, https:\/\/www.rwg-bayreuth.de\/home\/wp-content\/uploads\/2026\/03\/25-26-Osterprojektt-Deutsch-B-250x167.jpg 250w, https:\/\/www.rwg-bayreuth.de\/home\/wp-content\/uploads\/2026\/03\/25-26-Osterprojektt-Deutsch-B-900x600.jpg 900w\" sizes=\"(max-width: 1024px) 100vw, 1024px\" \/><\/a> \t\t<\/div><!-- end .entry-thumbnail -->\n<div class=\"meta-main-wrap\">\n  <div class=\"\">\n    <header class=\"entry-header\">\n      <div class=\"entry-cats\">\n        <div class=\"kategorie\"><a href=\"https:\/\/www.rwg-bayreuth.de\/home\/?cat=1\" rel=\"category\">Schulleben<\/a><\/div>\n<div class=\"entry-edit\" >      <div class=\"entry-date\" >\n        <a href=\"https:\/\/www.rwg-bayreuth.de\/home\/?p=41124\">28. M\u00e4rz 2026<\/a>\n      <\/div><\/div><!-- end .entry-date -->\n      <\/div><!-- end .entry-cats -->\n<h2 class=\"entry-title\"><a href=\"https:\/\/www.rwg-bayreuth.de\/home\/?p=41124\" rel=\"bookmark\">Osterprojekt der 6. Klasse: Kreative Osterk\u00f6rbe und gemeinsames Lernen<\/a><\/h2>\n    <\/header><!-- end .entry-header -->\n    <div class=\"entry-summary\">\nIm Deutschunterricht der 6. Klasse drehte sich vor den Osterferien alles um das Thema \u201eVorgangsbeschreibung\u201c. Die Sch\u00fclerinnen und Sch\u00fcler gestalteten eigene Osterk\u00f6rbe und schrieben dazu passende Anleitungen. Dabei \u00fcbten sie, die Vorg\u00e4nge klar und verst\u00e4ndlich zu formulieren. Dieses Wissen konnten sie direkt anwenden, indem sie ihre Bastelarbeiten Schritt f\u00fcr Schritt beschrieben. Unterst\u00fctzt wurden sie von&hellip;\n  <\/div><!-- .entry-summary -->\n  <\/div><!-- .entry-main -->\n<\/div><!-- .meta-main-wrap -->\n<\/article><!-- end post -41124 -->\n<article id=\"post-40963\"class=\"cf post-40963 post type-post status-publish format-standard has-post-thumbnail hentry category-allgemein tag-deutsch tag-home\">\n \t\t<div class=\"entry-thumbnail fadein\"> \t\t\t<a href=\"https:\/\/www.rwg-bayreuth.de\/home\/?p=40963\"><img loading=\"lazy\" decoding=\"async\" width=\"1024\" height=\"683\" src=\"https:\/\/www.rwg-bayreuth.de\/home\/wp-content\/uploads\/2026\/03\/25-26-NeueWerkbuehneMuenchen-Einstieg.jpg\" class=\"attachment-post-thumbnail size-post-thumbnail wp-post-image\" alt=\"\" srcset=\"https:\/\/www.rwg-bayreuth.de\/home\/wp-content\/uploads\/2026\/03\/25-26-NeueWerkbuehneMuenchen-Einstieg.jpg 1024w, https:\/\/www.rwg-bayreuth.de\/home\/wp-content\/uploads\/2026\/03\/25-26-NeueWerkbuehneMuenchen-Einstieg-150x100.jpg 150w, https:\/\/www.rwg-bayreuth.de\/home\/wp-content\/uploads\/2026\/03\/25-26-NeueWerkbuehneMuenchen-Einstieg-450x300.jpg 450w, https:\/\/www.rwg-bayreuth.de\/home\/wp-content\/uploads\/2026\/03\/25-26-NeueWerkbuehneMuenchen-Einstieg-768x512.jpg 768w, https:\/\/www.rwg-bayreuth.de\/home\/wp-content\/uploads\/2026\/03\/25-26-NeueWerkbuehneMuenchen-Einstieg-250x167.jpg 250w, https:\/\/www.rwg-bayreuth.de\/home\/wp-content\/uploads\/2026\/03\/25-26-NeueWerkbuehneMuenchen-Einstieg-900x600.jpg 900w\" sizes=\"(max-width: 1024px) 100vw, 1024px\" \/><\/a> \t\t<\/div><!-- end .entry-thumbnail -->\n<div class=\"meta-main-wrap\">\n  <div class=\"\">\n    <header class=\"entry-header\">\n      <div class=\"entry-cats\">\n        <div class=\"kategorie\"><a href=\"https:\/\/www.rwg-bayreuth.de\/home\/?cat=1\" rel=\"category\">Schulleben<\/a><\/div>\n<div class=\"entry-edit\" >      <div class=\"entry-date\" >\n        <a href=\"https:\/\/www.rwg-bayreuth.de\/home\/?p=40963\">13. M\u00e4rz 2026<\/a>\n      <\/div><\/div><!-- end .entry-date -->\n      <\/div><!-- end .entry-cats -->\n<h2 class=\"entry-title\"><a href=\"https:\/\/www.rwg-bayreuth.de\/home\/?p=40963\" rel=\"bookmark\">Kleists \u201aZerbrochener Krug\u2018 als Gastspiel auf der RWG-B\u00fchne<\/a><\/h2>\n    <\/header><!-- end .entry-header -->\n    <div class=\"entry-summary\">\nRund ums Zwischenzeugnis gastierte die Neue Werkb\u00fchne M\u00fcnchen am RWG, um f\u00fcr die Sch\u00fcler\/-innen der Oberstufe Heinrich von Kleists Werk \u201eDer zerbrochne Krug\u201c aufzuf\u00fchren. Das St\u00fcck, das als einaktiges Lustspiel bzw. dramatische Justizkom\u00f6die bezeichnet werden k\u00f6nnte, stellt dabei richterliche Korruption bzw. Willk\u00fcr in einem fiktiven niederl\u00e4ndischen Dorf in den Mittelpunkt. Dass das f\u00fcr den Titel&hellip;\n  <\/div><!-- .entry-summary -->\n  <\/div><!-- .entry-main -->\n<\/div><!-- .meta-main-wrap -->\n<\/article><!-- end post -40963 -->\n<article id=\"post-40842\"class=\"cf post-40842 post type-post status-publish format-standard has-post-thumbnail hentry category-allgemein tag-deutsch tag-home\">\n \t\t<div class=\"entry-thumbnail fadein\"> \t\t\t<a href=\"https:\/\/www.rwg-bayreuth.de\/home\/?p=40842\"><img loading=\"lazy\" decoding=\"async\" width=\"1024\" height=\"683\" src=\"https:\/\/www.rwg-bayreuth.de\/home\/wp-content\/uploads\/2026\/02\/25-26-LyrischerKalender-B.jpg\" class=\"attachment-post-thumbnail size-post-thumbnail wp-post-image\" alt=\"\" srcset=\"https:\/\/www.rwg-bayreuth.de\/home\/wp-content\/uploads\/2026\/02\/25-26-LyrischerKalender-B.jpg 1024w, https:\/\/www.rwg-bayreuth.de\/home\/wp-content\/uploads\/2026\/02\/25-26-LyrischerKalender-B-150x100.jpg 150w, https:\/\/www.rwg-bayreuth.de\/home\/wp-content\/uploads\/2026\/02\/25-26-LyrischerKalender-B-450x300.jpg 450w, https:\/\/www.rwg-bayreuth.de\/home\/wp-content\/uploads\/2026\/02\/25-26-LyrischerKalender-B-768x512.jpg 768w, https:\/\/www.rwg-bayreuth.de\/home\/wp-content\/uploads\/2026\/02\/25-26-LyrischerKalender-B-250x167.jpg 250w, https:\/\/www.rwg-bayreuth.de\/home\/wp-content\/uploads\/2026\/02\/25-26-LyrischerKalender-B-900x600.jpg 900w\" sizes=\"(max-width: 1024px) 100vw, 1024px\" \/><\/a> \t\t<\/div><!-- end .entry-thumbnail -->\n<div class=\"meta-main-wrap\">\n  <div class=\"\">\n    <header class=\"entry-header\">\n      <div class=\"entry-cats\">\n        <div class=\"kategorie\"><a href=\"https:\/\/www.rwg-bayreuth.de\/home\/?cat=1\" rel=\"category\">Schulleben<\/a><\/div>\n<div class=\"entry-edit\" >      <div class=\"entry-date\" >\n        <a href=\"https:\/\/www.rwg-bayreuth.de\/home\/?p=40842\">1. M\u00e4rz 2026<\/a>\n      <\/div><\/div><!-- end .entry-date -->\n      <\/div><!-- end .entry-cats -->\n<h2 class=\"entry-title\"><a href=\"https:\/\/www.rwg-bayreuth.de\/home\/?p=40842\" rel=\"bookmark\">Mit Gedichten durch das Jahr \u2013 ein selbstgestalteter Kalender (nicht nur!) f\u00fcrs Klassenzimmer!<\/a><\/h2>\n    <\/header><!-- end .entry-header -->\n    <div class=\"entry-summary\">\nDer Beginn eines neuen Aufsatzthemas im Fach Deutsch startete durchaus kreativ im Klassenzimmer der 6a:\u00a0 Die Sch\u00fcler\/-innen bastelten zum Thema Gedichte einen lyrischen Monatskalender, den die sie als Projekt w\u00e4hrend der Deutsch\u00adstun\u00adden erarbeiteten und gestalteten. Als erster Schritt war bereits eine Vorauswahl an kurzen Gedichten un\u00adterschiedlicher Autoren getroffen worden; das Thema lautete \u201eJahreszeiten\u201c. Da die&hellip;\n  <\/div><!-- .entry-summary -->\n  <\/div><!-- .entry-main -->\n<\/div><!-- .meta-main-wrap -->\n<\/article><!-- end post -40842 -->\n<article id=\"post-40743\"class=\"cf post-40743 post type-post status-publish format-standard has-post-thumbnail hentry category-allgemein tag-deutsch tag-home tag-wettbewerb\">\n \t\t<div class=\"entry-thumbnail fadein\"> \t\t\t<a href=\"https:\/\/www.rwg-bayreuth.de\/home\/?p=40743\"><img loading=\"lazy\" decoding=\"async\" width=\"1024\" height=\"683\" src=\"https:\/\/www.rwg-bayreuth.de\/home\/wp-content\/uploads\/2026\/02\/25-26-Vorlesewettbewerb-Lesesiegerinnen-vereint.jpg\" class=\"attachment-post-thumbnail size-post-thumbnail wp-post-image\" alt=\"\" srcset=\"https:\/\/www.rwg-bayreuth.de\/home\/wp-content\/uploads\/2026\/02\/25-26-Vorlesewettbewerb-Lesesiegerinnen-vereint.jpg 1024w, https:\/\/www.rwg-bayreuth.de\/home\/wp-content\/uploads\/2026\/02\/25-26-Vorlesewettbewerb-Lesesiegerinnen-vereint-150x100.jpg 150w, https:\/\/www.rwg-bayreuth.de\/home\/wp-content\/uploads\/2026\/02\/25-26-Vorlesewettbewerb-Lesesiegerinnen-vereint-450x300.jpg 450w, https:\/\/www.rwg-bayreuth.de\/home\/wp-content\/uploads\/2026\/02\/25-26-Vorlesewettbewerb-Lesesiegerinnen-vereint-768x512.jpg 768w, https:\/\/www.rwg-bayreuth.de\/home\/wp-content\/uploads\/2026\/02\/25-26-Vorlesewettbewerb-Lesesiegerinnen-vereint-250x167.jpg 250w, https:\/\/www.rwg-bayreuth.de\/home\/wp-content\/uploads\/2026\/02\/25-26-Vorlesewettbewerb-Lesesiegerinnen-vereint-900x600.jpg 900w\" sizes=\"(max-width: 1024px) 100vw, 1024px\" \/><\/a> \t\t<\/div><!-- end .entry-thumbnail -->\n<div class=\"meta-main-wrap\">\n  <div class=\"\">\n    <header class=\"entry-header\">\n      <div class=\"entry-cats\">\n        <div class=\"kategorie\"><a href=\"https:\/\/www.rwg-bayreuth.de\/home\/?cat=1\" rel=\"category\">Schulleben<\/a><\/div>\n<div class=\"entry-edit\" >      <div class=\"entry-date\" >\n        <a href=\"https:\/\/www.rwg-bayreuth.de\/home\/?p=40743\">29. Januar 2026<\/a>\n      <\/div><\/div><!-- end .entry-date -->\n      <\/div><!-- end .entry-cats -->\n<h2 class=\"entry-title\"><a href=\"https:\/\/www.rwg-bayreuth.de\/home\/?p=40743\" rel=\"bookmark\">Unsere Lesesiegerin auf dem Weg zum Stadtentscheid<\/a><\/h2>\n    <\/header><!-- end .entry-header -->\n    <div class=\"entry-summary\">\nDer schulinterne Vorlesewettbewerb der 6. Klassen liegt mittlerweile fast zwei Monate zur\u00fcck \u2013 somit steht unsere Schulsiegerin Lara-Sophie Fischer (Klasse 6d) in den \u201aStartl\u00f6chern\u2018 f\u00fcr das n\u00e4chste Level\u2026hinter ihr liegt bereits ein erfolgreich absolvierter Wettbewerb am RWG selbst, bei dem sich die Sch\u00fclerin knapp gegen\u00fcber ihren drei Mitstreiterinnen aus den Klassen 6a, 6b und 6c&hellip;\n  <\/div><!-- .entry-summary -->\n  <\/div><!-- .entry-main -->\n<\/div><!-- .meta-main-wrap -->\n<\/article><!-- end post -40743 -->\n<article id=\"post-40408\"class=\"cf post-40408 post type-post status-publish format-standard has-post-thumbnail hentry category-allgemein tag-deutsch tag-home\">\n \t\t<div class=\"entry-thumbnail fadein\"> \t\t\t<a href=\"https:\/\/www.rwg-bayreuth.de\/home\/?p=40408\"><img loading=\"lazy\" decoding=\"async\" width=\"751\" height=\"501\" src=\"https:\/\/www.rwg-bayreuth.de\/home\/wp-content\/uploads\/2025\/12\/25-26-Vorleseprojekt-B.jpg\" class=\"attachment-post-thumbnail size-post-thumbnail wp-post-image\" alt=\"\" srcset=\"https:\/\/www.rwg-bayreuth.de\/home\/wp-content\/uploads\/2025\/12\/25-26-Vorleseprojekt-B.jpg 751w, https:\/\/www.rwg-bayreuth.de\/home\/wp-content\/uploads\/2025\/12\/25-26-Vorleseprojekt-B-150x100.jpg 150w, https:\/\/www.rwg-bayreuth.de\/home\/wp-content\/uploads\/2025\/12\/25-26-Vorleseprojekt-B-450x300.jpg 450w, https:\/\/www.rwg-bayreuth.de\/home\/wp-content\/uploads\/2025\/12\/25-26-Vorleseprojekt-B-250x167.jpg 250w\" sizes=\"(max-width: 751px) 100vw, 751px\" \/><\/a> \t\t<\/div><!-- end .entry-thumbnail -->\n<div class=\"meta-main-wrap\">\n  <div class=\"\">\n    <header class=\"entry-header\">\n      <div class=\"entry-cats\">\n        <div class=\"kategorie\"><a href=\"https:\/\/www.rwg-bayreuth.de\/home\/?cat=1\" rel=\"category\">Schulleben<\/a><\/div>\n<div class=\"entry-edit\" >      <div class=\"entry-date\" >\n        <a href=\"https:\/\/www.rwg-bayreuth.de\/home\/?p=40408\">22. November 2025<\/a>\n      <\/div><\/div><!-- end .entry-date -->\n      <\/div><!-- end .entry-cats -->\n<h2 class=\"entry-title\"><a href=\"https:\/\/www.rwg-bayreuth.de\/home\/?p=40408\" rel=\"bookmark\">Vorleseprojekt<\/a><\/h2>\n    <\/header><!-- end .entry-header -->\n    <div class=\"entry-summary\">\nAm 21. November 2025 war im Richard-Wagner-Gymnasium viel los: Die Klasse 2c der Grundschule Bindlach kam gemeinsam mit ihrem Maskottchen in die Aula des RWG und wurde dort herzlich von der Klasse 10d empfangen. Anlass war ein besonderes Vorleseprojekt, das bei Gro\u00df und Klein f\u00fcr Begeisterung sorgte. Mit sp\u00fcrbarer Freude las die 10d in einer&hellip;\n  <\/div><!-- .entry-summary -->\n  <\/div><!-- .entry-main -->\n<\/div><!-- .meta-main-wrap -->\n<\/article><!-- end post -40408 -->\n<article id=\"post-40148\"class=\"cf post-40148 post type-post status-publish format-standard has-post-thumbnail hentry category-allgemein tag-deutsch tag-home\">\n \t\t<div class=\"entry-thumbnail fadein\"> \t\t\t<a href=\"https:\/\/www.rwg-bayreuth.de\/home\/?p=40148\"><img loading=\"lazy\" decoding=\"async\" width=\"1024\" height=\"683\" src=\"https:\/\/www.rwg-bayreuth.de\/home\/wp-content\/uploads\/2025\/11\/25-26-Weimarfahrt-B.jpg\" class=\"attachment-post-thumbnail size-post-thumbnail wp-post-image\" alt=\"\" srcset=\"https:\/\/www.rwg-bayreuth.de\/home\/wp-content\/uploads\/2025\/11\/25-26-Weimarfahrt-B.jpg 1024w, https:\/\/www.rwg-bayreuth.de\/home\/wp-content\/uploads\/2025\/11\/25-26-Weimarfahrt-B-150x100.jpg 150w, https:\/\/www.rwg-bayreuth.de\/home\/wp-content\/uploads\/2025\/11\/25-26-Weimarfahrt-B-450x300.jpg 450w, https:\/\/www.rwg-bayreuth.de\/home\/wp-content\/uploads\/2025\/11\/25-26-Weimarfahrt-B-768x512.jpg 768w, https:\/\/www.rwg-bayreuth.de\/home\/wp-content\/uploads\/2025\/11\/25-26-Weimarfahrt-B-250x167.jpg 250w, https:\/\/www.rwg-bayreuth.de\/home\/wp-content\/uploads\/2025\/11\/25-26-Weimarfahrt-B-900x600.jpg 900w\" sizes=\"(max-width: 1024px) 100vw, 1024px\" \/><\/a> \t\t<\/div><!-- end .entry-thumbnail -->\n<div class=\"meta-main-wrap\">\n  <div class=\"\">\n    <header class=\"entry-header\">\n      <div class=\"entry-cats\">\n        <div class=\"kategorie\"><a href=\"https:\/\/www.rwg-bayreuth.de\/home\/?cat=1\" rel=\"category\">Schulleben<\/a><\/div>\n<div class=\"entry-edit\" >      <div class=\"entry-date\" >\n        <a href=\"https:\/\/www.rwg-bayreuth.de\/home\/?p=40148\">25. Oktober 2025<\/a>\n      <\/div><\/div><!-- end .entry-date -->\n      <\/div><!-- end .entry-cats -->\n<h2 class=\"entry-title\"><a href=\"https:\/\/www.rwg-bayreuth.de\/home\/?p=40148\" rel=\"bookmark\">Deutsche Literatur(geschichte) kompakt in Weimar<\/a><\/h2>\n    <\/header><!-- end .entry-header -->\n    <div class=\"entry-summary\">\nTraditionell ging es auch im aktuellen Schuljahr Ende Oktober f\u00fcr alle Sch\u00fcler\/-innen mitsamt den Kursleiterinnen der Q12 in die Stadt an der Ilm: Das th\u00fcringische Weimar ist dabei eng mit den Literaten Herder und Wieland und insbesondere Goethe und Schiller verbunden, die als \u201aklassische\u2018 Autoren die gleichnamige literarische Epoche ma\u00dfgeblich durch ihre Schaffenszeit (inkl. ihrer&hellip;\n  <\/div><!-- .entry-summary -->\n  <\/div><!-- .entry-main -->\n<\/div><!-- .meta-main-wrap -->\n<\/article><!-- end post -40148 -->\n<article id=\"post-39271\"class=\"cf post-39271 post type-post status-publish format-standard has-post-thumbnail hentry category-allgemein tag-deutsch tag-home\">\n \t\t<div class=\"entry-thumbnail fadein\"> \t\t\t<a href=\"https:\/\/www.rwg-bayreuth.de\/home\/?p=39271\"><img loading=\"lazy\" decoding=\"async\" width=\"1024\" height=\"683\" src=\"https:\/\/www.rwg-bayreuth.de\/home\/wp-content\/uploads\/2025\/08\/24-25-Theater_Trebgast-B.jpg\" class=\"attachment-post-thumbnail size-post-thumbnail wp-post-image\" alt=\"\" srcset=\"https:\/\/www.rwg-bayreuth.de\/home\/wp-content\/uploads\/2025\/08\/24-25-Theater_Trebgast-B.jpg 1024w, https:\/\/www.rwg-bayreuth.de\/home\/wp-content\/uploads\/2025\/08\/24-25-Theater_Trebgast-B-150x100.jpg 150w, https:\/\/www.rwg-bayreuth.de\/home\/wp-content\/uploads\/2025\/08\/24-25-Theater_Trebgast-B-450x300.jpg 450w, https:\/\/www.rwg-bayreuth.de\/home\/wp-content\/uploads\/2025\/08\/24-25-Theater_Trebgast-B-768x512.jpg 768w, https:\/\/www.rwg-bayreuth.de\/home\/wp-content\/uploads\/2025\/08\/24-25-Theater_Trebgast-B-250x167.jpg 250w, https:\/\/www.rwg-bayreuth.de\/home\/wp-content\/uploads\/2025\/08\/24-25-Theater_Trebgast-B-900x600.jpg 900w\" sizes=\"(max-width: 1024px) 100vw, 1024px\" \/><\/a> \t\t<\/div><!-- end .entry-thumbnail -->\n<div class=\"meta-main-wrap\">\n  <div class=\"\">\n    <header class=\"entry-header\">\n      <div class=\"entry-cats\">\n        <div class=\"kategorie\"><a href=\"https:\/\/www.rwg-bayreuth.de\/home\/?cat=1\" rel=\"category\">Schulleben<\/a><\/div>\n<div class=\"entry-edit\" >      <div class=\"entry-date\" >\n        <a href=\"https:\/\/www.rwg-bayreuth.de\/home\/?p=39271\">18. Juli 2025<\/a>\n      <\/div><\/div><!-- end .entry-date -->\n      <\/div><!-- end .entry-cats -->\n<h2 class=\"entry-title\"><a href=\"https:\/\/www.rwg-bayreuth.de\/home\/?p=39271\" rel=\"bookmark\">Theaterbesuch auf der Naturb\u00fchne Trebgast<\/a><\/h2>\n    <\/header><!-- end .entry-header -->\n    <div class=\"entry-summary\">\nDie Naturb\u00fchne Trebgast ist bekannt f\u00fcr ihre beeindruckende Kulisse im Freien, die eine einzigartige Atmosph\u00e4re schafft. Am 17. Juli kamen auch wir, die Klassen 9a und 9b mit ihren beiden Lehrerinnen, in den Genuss, eine Vorstellung zu besuchen. Auf dem Spielplan stand Krabat, eine Inszenierung des bekannten Jugendromans von Otfried Preu\u00dfler, mit einer ganz deutlichen&hellip;\n  <\/div><!-- .entry-summary -->\n  <\/div><!-- .entry-main -->\n<\/div><!-- .meta-main-wrap -->\n<\/article><!-- end post -39271 -->\n<article id=\"post-39288\"class=\"cf post-39288 post type-post status-publish format-standard has-post-thumbnail hentry category-allgemein tag-deutsch tag-home\">\n \t\t<div class=\"entry-thumbnail fadein\"> \t\t\t<a href=\"https:\/\/www.rwg-bayreuth.de\/home\/?p=39288\"><img loading=\"lazy\" decoding=\"async\" width=\"1314\" height=\"876\" src=\"https:\/\/www.rwg-bayreuth.de\/home\/wp-content\/uploads\/2025\/07\/24-25-Endprodukt-Vorleseprojekt-B.jpg\" class=\"attachment-post-thumbnail size-post-thumbnail wp-post-image\" alt=\"\" srcset=\"https:\/\/www.rwg-bayreuth.de\/home\/wp-content\/uploads\/2025\/07\/24-25-Endprodukt-Vorleseprojekt-B.jpg 1314w, https:\/\/www.rwg-bayreuth.de\/home\/wp-content\/uploads\/2025\/07\/24-25-Endprodukt-Vorleseprojekt-B-150x100.jpg 150w, https:\/\/www.rwg-bayreuth.de\/home\/wp-content\/uploads\/2025\/07\/24-25-Endprodukt-Vorleseprojekt-B-450x300.jpg 450w, https:\/\/www.rwg-bayreuth.de\/home\/wp-content\/uploads\/2025\/07\/24-25-Endprodukt-Vorleseprojekt-B-768x512.jpg 768w, https:\/\/www.rwg-bayreuth.de\/home\/wp-content\/uploads\/2025\/07\/24-25-Endprodukt-Vorleseprojekt-B-1024x683.jpg 1024w, https:\/\/www.rwg-bayreuth.de\/home\/wp-content\/uploads\/2025\/07\/24-25-Endprodukt-Vorleseprojekt-B-250x167.jpg 250w, https:\/\/www.rwg-bayreuth.de\/home\/wp-content\/uploads\/2025\/07\/24-25-Endprodukt-Vorleseprojekt-B-900x600.jpg 900w\" sizes=\"(max-width: 1314px) 100vw, 1314px\" \/><\/a> \t\t<\/div><!-- end .entry-thumbnail -->\n<div class=\"meta-main-wrap\">\n  <div class=\"\">\n    <header class=\"entry-header\">\n      <div class=\"entry-cats\">\n        <div class=\"kategorie\"><a href=\"https:\/\/www.rwg-bayreuth.de\/home\/?cat=1\" rel=\"category\">Schulleben<\/a><\/div>\n<div class=\"entry-edit\" >      <div class=\"entry-date\" >\n        <a href=\"https:\/\/www.rwg-bayreuth.de\/home\/?p=39288\">16. Juli 2025<\/a>\n      <\/div><\/div><!-- end .entry-date -->\n      <\/div><!-- end .entry-cats -->\n<h2 class=\"entry-title\"><a href=\"https:\/\/www.rwg-bayreuth.de\/home\/?p=39288\" rel=\"bookmark\"><em>Gemeinsam stark<\/em> &#8211; Vorlesen in der Grundschule Meyernberg<\/a><\/h2>\n    <\/header><!-- end .entry-header -->\n    <div class=\"entry-summary\">\nAm 15. Juli 2025 besuchte die Klasse 7b die Grundschule Meyernberg \u2013 im Gep\u00e4ck: eine fantasievolle Geschichte mit dem Titel \u201eWas niemand allein schafft\u201c \u00fcber eine graue Welt, in der die Farben verschwunden sind. Die von einer Sch\u00fclerin selbst verfasste Erz\u00e4hlung f\u00fchrte auf eine spannende Reise, bei der sich Rot, Orange, Gelb, Gr\u00fcn, T\u00fcrkis, Hellblau,&hellip;\n  <\/div><!-- .entry-summary -->\n  <\/div><!-- .entry-main -->\n<\/div><!-- .meta-main-wrap -->\n<\/article><!-- end post -39288 -->\n<article id=\"post-38610\"class=\"cf post-38610 post type-post status-publish format-standard has-post-thumbnail hentry category-allgemein tag-deutsch tag-home\">\n \t\t<div class=\"entry-thumbnail fadein\"> \t\t\t<a href=\"https:\/\/www.rwg-bayreuth.de\/home\/?p=38610\"><img loading=\"lazy\" decoding=\"async\" width=\"1024\" height=\"683\" src=\"https:\/\/www.rwg-bayreuth.de\/home\/wp-content\/uploads\/2025\/04\/24-25-Deutsch-FabelProjekt-B.jpg\" class=\"attachment-post-thumbnail size-post-thumbnail wp-post-image\" alt=\"\" srcset=\"https:\/\/www.rwg-bayreuth.de\/home\/wp-content\/uploads\/2025\/04\/24-25-Deutsch-FabelProjekt-B.jpg 1024w, https:\/\/www.rwg-bayreuth.de\/home\/wp-content\/uploads\/2025\/04\/24-25-Deutsch-FabelProjekt-B-150x100.jpg 150w, https:\/\/www.rwg-bayreuth.de\/home\/wp-content\/uploads\/2025\/04\/24-25-Deutsch-FabelProjekt-B-450x300.jpg 450w, https:\/\/www.rwg-bayreuth.de\/home\/wp-content\/uploads\/2025\/04\/24-25-Deutsch-FabelProjekt-B-768x512.jpg 768w, https:\/\/www.rwg-bayreuth.de\/home\/wp-content\/uploads\/2025\/04\/24-25-Deutsch-FabelProjekt-B-250x167.jpg 250w, https:\/\/www.rwg-bayreuth.de\/home\/wp-content\/uploads\/2025\/04\/24-25-Deutsch-FabelProjekt-B-900x600.jpg 900w\" sizes=\"(max-width: 1024px) 100vw, 1024px\" \/><\/a> \t\t<\/div><!-- end .entry-thumbnail -->\n<div class=\"meta-main-wrap\">\n  <div class=\"\">\n    <header class=\"entry-header\">\n      <div class=\"entry-cats\">\n        <div class=\"kategorie\"><a href=\"https:\/\/www.rwg-bayreuth.de\/home\/?cat=1\" rel=\"category\">Schulleben<\/a><\/div>\n<div class=\"entry-edit\" >      <div class=\"entry-date\" >\n        <a href=\"https:\/\/www.rwg-bayreuth.de\/home\/?p=38610\">19. M\u00e4rz 2025<\/a>\n      <\/div><\/div><!-- end .entry-date -->\n      <\/div><!-- end .entry-cats -->\n<h2 class=\"entry-title\"><a href=\"https:\/\/www.rwg-bayreuth.de\/home\/?p=38610\" rel=\"bookmark\">(Oster-)Hase und Co. zu Besuch im Klassenzimmer?!<\/a><\/h2>\n    <\/header><!-- end .entry-header -->\n    <div class=\"entry-summary\">\nIn den letzten Wochen vor den Osterferien herrschte wahrhaft tierisches Vergn\u00fcgen im Deutschunterricht der 5a \u2013 allerdings ging es hierbei weniger um den Hasen, Osterbr\u00e4uche und Co. als vielmehr um literarische Kurzformen, wie sie u.a. im Gedicht und\/oder in der Fabel zur Anwendung kommen. Handlungstr\u00e4ger der letztgenannten Textsorte sind bekanntlich Tiere, die als sprechende Protagonisten&hellip;\n  <\/div><!-- .entry-summary -->\n  <\/div><!-- .entry-main -->\n<\/div><!-- .meta-main-wrap -->\n<\/article><!-- end post -38610 -->\n<\/div><!-- end .rwg_post_list -->\n<\/div>\n<h2>Weiterf\u00fchrende Links<\/h2>\n<ul class=\"linkliste\">\n<li class=\"top\"><a href=\"https:\/\/www.lehrplanplus.bayern.de\/schulart\/gymnasium\/fach\/deutwsch\/inhalt\/fachlehrplaene?w_schulart=gymnasium&#038;wt_1=schulart&#038;w_fach=deutsch&#038;wt_2=fach\" target=\"_blank\" rel=\"noopener noreferrer\">LehrplanPLUS<\/a><\/li>\n<li><a href=\"https:\/\/www.isb.bayern.de\/schularten\/gymnasium\/leistungserhebungen\/abiturpruefung\/deutsch\/\" target=\"_blank\" rel=\"noopener noreferrer\">Abiturpr\u00fcfung im Fach Deutsch (G8)<\/a><\/li>\n<li><a href=\"https:\/\/www.isb.bayern.de\/schularten\/gymnasium\/leistungserhebungen\/jahrgangsstufentests\/deutsch\/\" target=\"_blank\" rel=\"noopener noreferrer\">Jahrgangsstufentests (Klasse 6 bzw. 8):<\/a><\/li>\n<li><a href=\"https:\/\/www.isb.bayern.de\/schularten\/gymnasium\/leistungserhebungen\/probeunterricht\/deutsch\/\" target=\"_blank\" rel=\"noopener noreferrer\">Probeunterricht<\/a><\/li>\n<\/ul>\n<h2>Verwendetes Lehrwerk<\/h2>\n<p>Deutschbuch 5-12 (Cornelsen-Verlag)<\/p>\n","protected":false},"excerpt":{"rendered":"<p>Fachschaft Im muttersprachlichen Unterricht kommt dem Fach Deutsch eine Leitfachfunktion zu. Alle F\u00e4cher sind sprachlich vermittelt, ebenso sind es alle Aufgaben, und auch das Lernen vollzieht sich sprachlich. Wer sprachlich kompetent ist, tut sich deshalb in der Schule leichter. Zu den Gegenstandsbereichen des Deutschunterrichts geh\u00f6rt deshalb ganz selbstverst\u00e4ndlich das Sprechen und Schreiben auf der Ebene&hellip;<\/p>\n","protected":false},"author":2,"featured_media":0,"parent":11137,"menu_order":1,"comment_status":"closed","ping_status":"closed","template":"page-templates\/no-sidebar.php","meta":{"footnotes":""},"tags":[54],"_links":{"self":[{"href":"https:\/\/www.rwg-bayreuth.de\/home\/index.php?rest_route=\/wp\/v2\/pages\/1360"}],"collection":[{"href":"https:\/\/www.rwg-bayreuth.de\/home\/index.php?rest_route=\/wp\/v2\/pages"}],"about":[{"href":"https:\/\/www.rwg-bayreuth.de\/home\/index.php?rest_route=\/wp\/v2\/types\/page"}],"author":[{"embeddable":true,"href":"https:\/\/www.rwg-bayreuth.de\/home\/index.php?rest_route=\/wp\/v2\/users\/2"}],"replies":[{"embeddable":true,"href":"https:\/\/www.rwg-bayreuth.de\/home\/index.php?rest_route=%2Fwp%2Fv2%2Fcomments&post=1360"}],"version-history":[{"count":72,"href":"https:\/\/www.rwg-bayreuth.de\/home\/index.php?rest_route=\/wp\/v2\/pages\/1360\/revisions"}],"predecessor-version":[{"id":37141,"href":"https:\/\/www.rwg-bayreuth.de\/home\/index.php?rest_route=\/wp\/v2\/pages\/1360\/revisions\/37141"}],"up":[{"embeddable":true,"href":"https:\/\/www.rwg-bayreuth.de\/home\/index.php?rest_route=\/wp\/v2\/pages\/11137"}],"wp:attachment":[{"href":"https:\/\/www.rwg-bayreuth.de\/home\/index.php?rest_route=%2Fwp%2Fv2%2Fmedia&parent=1360"}],"wp:term":[{"taxonomy":"post_tag","embeddable":true,"href":"https:\/\/www.rwg-bayreuth.de\/home\/index.php?rest_route=%2Fwp%2Fv2%2Ftags&post=1360"}],"curies":[{"name":"wp","href":"https:\/\/api.w.org\/{rel}","templated":true}]}}