{"id":125,"date":"2012-01-17T20:25:59","date_gmt":"2012-01-17T19:25:59","guid":{"rendered":"http:\/\/www.rwg-bayreuth.de\/home\/?page_id=125"},"modified":"2023-09-28T20:10:32","modified_gmt":"2023-09-28T18:10:32","slug":"fahrten","status":"publish","type":"page","link":"https:\/\/www.rwg-bayreuth.de\/home\/?page_id=125","title":{"rendered":"Fahrtenprogramm"},"content":{"rendered":"<div class=\"su-image-carousel  su-image-carousel-has-spacing su-image-carousel-has-outline su-image-carousel-adaptive su-image-carousel-slides-style-default su-image-carousel-controls-style-light su-image-carousel-align-center\" style=\"max-width:90%\" data-flickity-options='{\"groupCells\":true,\"cellSelector\":\".su-image-carousel-item\",\"adaptiveHeight\":true,\"cellAlign\":\"left\",\"prevNextButtons\":true,\"pageDots\":false,\"autoPlay\":5000,\"imagesLoaded\":true,\"contain\":false,\"selectedAttraction\":0.025000000000000001,\"friction\":0.28000000000000003}' id=\"su_image_carousel_69f3f593ad95e\"><div class=\"su-image-carousel-item\"><div class=\"su-image-carousel-item-content\"><img loading=\"lazy\" decoding=\"async\" width=\"1024\" height=\"640\" src=\"https:\/\/www.rwg-bayreuth.de\/home\/wp-content\/uploads\/2020\/02\/Schullandheim-Wei\u00dfenstadt-Auf-dem-Gipfel-des-Waldsteins.jpg\" class=\"\" alt=\"\" srcset=\"https:\/\/www.rwg-bayreuth.de\/home\/wp-content\/uploads\/2020\/02\/Schullandheim-Wei\u00dfenstadt-Auf-dem-Gipfel-des-Waldsteins.jpg 1024w, https:\/\/www.rwg-bayreuth.de\/home\/wp-content\/uploads\/2020\/02\/Schullandheim-Wei\u00dfenstadt-Auf-dem-Gipfel-des-Waldsteins-450x281.jpg 450w, https:\/\/www.rwg-bayreuth.de\/home\/wp-content\/uploads\/2020\/02\/Schullandheim-Wei\u00dfenstadt-Auf-dem-Gipfel-des-Waldsteins-768x480.jpg 768w, https:\/\/www.rwg-bayreuth.de\/home\/wp-content\/uploads\/2020\/02\/Schullandheim-Wei\u00dfenstadt-Auf-dem-Gipfel-des-Waldsteins-250x156.jpg 250w\" sizes=\"(max-width: 1024px) 100vw, 1024px\" \/><span>Schullandheim Wei\u00dfenstadt - Auf dem Gipfel des Waldsteins<\/span><\/div><\/div><div class=\"su-image-carousel-item\"><div class=\"su-image-carousel-item-content\"><img loading=\"lazy\" decoding=\"async\" width=\"600\" height=\"375\" src=\"https:\/\/www.rwg-bayreuth.de\/home\/wp-content\/uploads\/2020\/02\/England-Austausch-Besuch-bei-Harry-Potter.jpg\" class=\"\" alt=\"\" srcset=\"https:\/\/www.rwg-bayreuth.de\/home\/wp-content\/uploads\/2020\/02\/England-Austausch-Besuch-bei-Harry-Potter.jpg 600w, https:\/\/www.rwg-bayreuth.de\/home\/wp-content\/uploads\/2020\/02\/England-Austausch-Besuch-bei-Harry-Potter-450x281.jpg 450w, https:\/\/www.rwg-bayreuth.de\/home\/wp-content\/uploads\/2020\/02\/England-Austausch-Besuch-bei-Harry-Potter-250x156.jpg 250w\" sizes=\"(max-width: 600px) 100vw, 600px\" \/><span>England-Austausch - Zu Besuch bei Harry Potter<\/span><\/div><\/div><div class=\"su-image-carousel-item\"><div class=\"su-image-carousel-item-content\"><img loading=\"lazy\" decoding=\"async\" width=\"1024\" height=\"640\" src=\"https:\/\/www.rwg-bayreuth.de\/home\/wp-content\/uploads\/2020\/02\/Fahrt-nach-T\u00f6nning-Besuch-der-Seehundstation-in-Friedrichskoog.jpg\" class=\"\" alt=\"\" srcset=\"https:\/\/www.rwg-bayreuth.de\/home\/wp-content\/uploads\/2020\/02\/Fahrt-nach-T\u00f6nning-Besuch-der-Seehundstation-in-Friedrichskoog.jpg 1024w, https:\/\/www.rwg-bayreuth.de\/home\/wp-content\/uploads\/2020\/02\/Fahrt-nach-T\u00f6nning-Besuch-der-Seehundstation-in-Friedrichskoog-450x281.jpg 450w, https:\/\/www.rwg-bayreuth.de\/home\/wp-content\/uploads\/2020\/02\/Fahrt-nach-T\u00f6nning-Besuch-der-Seehundstation-in-Friedrichskoog-768x480.jpg 768w, https:\/\/www.rwg-bayreuth.de\/home\/wp-content\/uploads\/2020\/02\/Fahrt-nach-T\u00f6nning-Besuch-der-Seehundstation-in-Friedrichskoog-250x156.jpg 250w\" sizes=\"(max-width: 1024px) 100vw, 1024px\" \/><span>Fahrt nach T\u00f6nning - Besuch der Seehundstation in Friedrichskoog<\/span><\/div><\/div><div class=\"su-image-carousel-item\"><div class=\"su-image-carousel-item-content\"><img loading=\"lazy\" decoding=\"async\" width=\"1024\" height=\"640\" src=\"https:\/\/www.rwg-bayreuth.de\/home\/wp-content\/uploads\/2020\/02\/Abi-Fahrt-Wandern-Das-Ziel-vor-Augen.jpg\" class=\"\" alt=\"\" srcset=\"https:\/\/www.rwg-bayreuth.de\/home\/wp-content\/uploads\/2020\/02\/Abi-Fahrt-Wandern-Das-Ziel-vor-Augen.jpg 1024w, https:\/\/www.rwg-bayreuth.de\/home\/wp-content\/uploads\/2020\/02\/Abi-Fahrt-Wandern-Das-Ziel-vor-Augen-450x281.jpg 450w, https:\/\/www.rwg-bayreuth.de\/home\/wp-content\/uploads\/2020\/02\/Abi-Fahrt-Wandern-Das-Ziel-vor-Augen-768x480.jpg 768w, https:\/\/www.rwg-bayreuth.de\/home\/wp-content\/uploads\/2020\/02\/Abi-Fahrt-Wandern-Das-Ziel-vor-Augen-250x156.jpg 250w\" sizes=\"(max-width: 1024px) 100vw, 1024px\" \/><span>Abi-Fahrt Wandern - Das Ziel vor Augen<\/span><\/div><\/div><div class=\"su-image-carousel-item\"><div class=\"su-image-carousel-item-content\"><img loading=\"lazy\" decoding=\"async\" width=\"1024\" height=\"640\" src=\"https:\/\/www.rwg-bayreuth.de\/home\/wp-content\/uploads\/2020\/02\/Tschechien-Austausch-Eine-Reise-nach-Prag.jpg\" class=\"\" alt=\"\" srcset=\"https:\/\/www.rwg-bayreuth.de\/home\/wp-content\/uploads\/2020\/02\/Tschechien-Austausch-Eine-Reise-nach-Prag.jpg 1024w, https:\/\/www.rwg-bayreuth.de\/home\/wp-content\/uploads\/2020\/02\/Tschechien-Austausch-Eine-Reise-nach-Prag-450x281.jpg 450w, https:\/\/www.rwg-bayreuth.de\/home\/wp-content\/uploads\/2020\/02\/Tschechien-Austausch-Eine-Reise-nach-Prag-768x480.jpg 768w, https:\/\/www.rwg-bayreuth.de\/home\/wp-content\/uploads\/2020\/02\/Tschechien-Austausch-Eine-Reise-nach-Prag-250x156.jpg 250w\" sizes=\"(max-width: 1024px) 100vw, 1024px\" \/><span>Tschechien-Austausch - Eine Reise nach Prag<\/span><\/div><\/div><div class=\"su-image-carousel-item\"><div class=\"su-image-carousel-item-content\"><img loading=\"lazy\" decoding=\"async\" width=\"1024\" height=\"640\" src=\"https:\/\/www.rwg-bayreuth.de\/home\/wp-content\/uploads\/2020\/02\/NuT-Fahrt-nach-N\u00fcrnberg-verschnaufen-vor-dem-n\u00e4chsten-Programmpunkt.jpg\" class=\"\" alt=\"\" srcset=\"https:\/\/www.rwg-bayreuth.de\/home\/wp-content\/uploads\/2020\/02\/NuT-Fahrt-nach-N\u00fcrnberg-verschnaufen-vor-dem-n\u00e4chsten-Programmpunkt.jpg 1024w, https:\/\/www.rwg-bayreuth.de\/home\/wp-content\/uploads\/2020\/02\/NuT-Fahrt-nach-N\u00fcrnberg-verschnaufen-vor-dem-n\u00e4chsten-Programmpunkt-450x281.jpg 450w, https:\/\/www.rwg-bayreuth.de\/home\/wp-content\/uploads\/2020\/02\/NuT-Fahrt-nach-N\u00fcrnberg-verschnaufen-vor-dem-n\u00e4chsten-Programmpunkt-768x480.jpg 768w, https:\/\/www.rwg-bayreuth.de\/home\/wp-content\/uploads\/2020\/02\/NuT-Fahrt-nach-N\u00fcrnberg-verschnaufen-vor-dem-n\u00e4chsten-Programmpunkt-250x156.jpg 250w\" sizes=\"(max-width: 1024px) 100vw, 1024px\" \/><span>NuT-Fahrt nach N\u00fcrnberg - Kurze Erholungspause vor dem n\u00e4chsten Programmpunkt<\/span><\/div><\/div><div class=\"su-image-carousel-item\"><div class=\"su-image-carousel-item-content\"><img loading=\"lazy\" decoding=\"async\" width=\"2560\" height=\"1599\" src=\"https:\/\/www.rwg-bayreuth.de\/home\/wp-content\/uploads\/2020\/02\/Italienisch-Austausch-Ein-Tag-in-Florenz-scaled.jpg\" class=\"\" alt=\"\" srcset=\"https:\/\/www.rwg-bayreuth.de\/home\/wp-content\/uploads\/2020\/02\/Italienisch-Austausch-Ein-Tag-in-Florenz-scaled.jpg 2560w, https:\/\/www.rwg-bayreuth.de\/home\/wp-content\/uploads\/2020\/02\/Italienisch-Austausch-Ein-Tag-in-Florenz-450x281.jpg 450w, https:\/\/www.rwg-bayreuth.de\/home\/wp-content\/uploads\/2020\/02\/Italienisch-Austausch-Ein-Tag-in-Florenz-1024x640.jpg 1024w, https:\/\/www.rwg-bayreuth.de\/home\/wp-content\/uploads\/2020\/02\/Italienisch-Austausch-Ein-Tag-in-Florenz-768x480.jpg 768w, https:\/\/www.rwg-bayreuth.de\/home\/wp-content\/uploads\/2020\/02\/Italienisch-Austausch-Ein-Tag-in-Florenz-1536x959.jpg 1536w, https:\/\/www.rwg-bayreuth.de\/home\/wp-content\/uploads\/2020\/02\/Italienisch-Austausch-Ein-Tag-in-Florenz-2048x1279.jpg 2048w, https:\/\/www.rwg-bayreuth.de\/home\/wp-content\/uploads\/2020\/02\/Italienisch-Austausch-Ein-Tag-in-Florenz-250x156.jpg 250w\" sizes=\"(max-width: 2560px) 100vw, 2560px\" \/><span>Italienisch-Austausch - Ein Tag in Florenz<\/span><\/div><\/div><div class=\"su-image-carousel-item\"><div class=\"su-image-carousel-item-content\"><img loading=\"lazy\" decoding=\"async\" width=\"1024\" height=\"640\" src=\"https:\/\/www.rwg-bayreuth.de\/home\/wp-content\/uploads\/2020\/02\/Abi-Fahrt-Segeln-Unterwegs-auf-dem-Ijsselmeer.jpg\" class=\"\" alt=\"\" srcset=\"https:\/\/www.rwg-bayreuth.de\/home\/wp-content\/uploads\/2020\/02\/Abi-Fahrt-Segeln-Unterwegs-auf-dem-Ijsselmeer.jpg 1024w, https:\/\/www.rwg-bayreuth.de\/home\/wp-content\/uploads\/2020\/02\/Abi-Fahrt-Segeln-Unterwegs-auf-dem-Ijsselmeer-450x281.jpg 450w, https:\/\/www.rwg-bayreuth.de\/home\/wp-content\/uploads\/2020\/02\/Abi-Fahrt-Segeln-Unterwegs-auf-dem-Ijsselmeer-768x480.jpg 768w, https:\/\/www.rwg-bayreuth.de\/home\/wp-content\/uploads\/2020\/02\/Abi-Fahrt-Segeln-Unterwegs-auf-dem-Ijsselmeer-250x156.jpg 250w\" sizes=\"(max-width: 1024px) 100vw, 1024px\" \/><span>Abi-Fahrt Segeln - Unterwegs auf dem Ijsselmeer<\/span><\/div><\/div><div class=\"su-image-carousel-item\"><div class=\"su-image-carousel-item-content\"><img loading=\"lazy\" decoding=\"async\" width=\"1024\" height=\"640\" src=\"https:\/\/www.rwg-bayreuth.de\/home\/wp-content\/uploads\/2020\/02\/Skikurs-im-Ahrntal-Pistenspa\u00df-garantiert.jpg\" class=\"\" alt=\"\" srcset=\"https:\/\/www.rwg-bayreuth.de\/home\/wp-content\/uploads\/2020\/02\/Skikurs-im-Ahrntal-Pistenspa\u00df-garantiert.jpg 1024w, https:\/\/www.rwg-bayreuth.de\/home\/wp-content\/uploads\/2020\/02\/Skikurs-im-Ahrntal-Pistenspa\u00df-garantiert-450x281.jpg 450w, https:\/\/www.rwg-bayreuth.de\/home\/wp-content\/uploads\/2020\/02\/Skikurs-im-Ahrntal-Pistenspa\u00df-garantiert-768x480.jpg 768w, https:\/\/www.rwg-bayreuth.de\/home\/wp-content\/uploads\/2020\/02\/Skikurs-im-Ahrntal-Pistenspa\u00df-garantiert-250x156.jpg 250w\" sizes=\"(max-width: 1024px) 100vw, 1024px\" \/><span>Skikurs im Ahrntal - Pistenspa\u00df garantiert<\/span><\/div><\/div><div class=\"su-image-carousel-item\"><div class=\"su-image-carousel-item-content\"><img loading=\"lazy\" decoding=\"async\" width=\"1024\" height=\"640\" src=\"https:\/\/www.rwg-bayreuth.de\/home\/wp-content\/uploads\/2020\/02\/Abi-Fahrt-Wandern-Die-Faszination-der-Berge.jpg\" class=\"\" alt=\"\" srcset=\"https:\/\/www.rwg-bayreuth.de\/home\/wp-content\/uploads\/2020\/02\/Abi-Fahrt-Wandern-Die-Faszination-der-Berge.jpg 1024w, https:\/\/www.rwg-bayreuth.de\/home\/wp-content\/uploads\/2020\/02\/Abi-Fahrt-Wandern-Die-Faszination-der-Berge-450x281.jpg 450w, https:\/\/www.rwg-bayreuth.de\/home\/wp-content\/uploads\/2020\/02\/Abi-Fahrt-Wandern-Die-Faszination-der-Berge-768x480.jpg 768w, https:\/\/www.rwg-bayreuth.de\/home\/wp-content\/uploads\/2020\/02\/Abi-Fahrt-Wandern-Die-Faszination-der-Berge-250x156.jpg 250w\" sizes=\"(max-width: 1024px) 100vw, 1024px\" \/><span>Abi-Fahrt Wandern - Die Faszination der Berge<\/span><\/div><\/div><div class=\"su-image-carousel-item\"><div class=\"su-image-carousel-item-content\"><img loading=\"lazy\" decoding=\"async\" width=\"1024\" height=\"640\" src=\"https:\/\/www.rwg-bayreuth.de\/home\/wp-content\/uploads\/2020\/02\/Berlin-Fahrt-Der-Besuch-des-Bundestages-ist-Pflicht.jpg\" class=\"\" alt=\"\" srcset=\"https:\/\/www.rwg-bayreuth.de\/home\/wp-content\/uploads\/2020\/02\/Berlin-Fahrt-Der-Besuch-des-Bundestages-ist-Pflicht.jpg 1024w, https:\/\/www.rwg-bayreuth.de\/home\/wp-content\/uploads\/2020\/02\/Berlin-Fahrt-Der-Besuch-des-Bundestages-ist-Pflicht-450x281.jpg 450w, https:\/\/www.rwg-bayreuth.de\/home\/wp-content\/uploads\/2020\/02\/Berlin-Fahrt-Der-Besuch-des-Bundestages-ist-Pflicht-768x480.jpg 768w, https:\/\/www.rwg-bayreuth.de\/home\/wp-content\/uploads\/2020\/02\/Berlin-Fahrt-Der-Besuch-des-Bundestages-ist-Pflicht-250x156.jpg 250w\" sizes=\"(max-width: 1024px) 100vw, 1024px\" \/><span>Berlin-Fahrt - Der Besuch des Bundestages ist Pflicht<\/span><\/div><\/div><\/div><script id=\"su_image_carousel_69f3f593ad95e_script\">if(window.SUImageCarousel){setTimeout(function() {window.SUImageCarousel.initGallery(document.getElementById(\"su_image_carousel_69f3f593ad95e\"))}, 0);}var su_image_carousel_69f3f593ad95e_script=document.getElementById(\"su_image_carousel_69f3f593ad95e_script\");if(su_image_carousel_69f3f593ad95e_script){su_image_carousel_69f3f593ad95e_script.parentNode.removeChild(su_image_carousel_69f3f593ad95e_script);}<\/script>\n<p><!--[caption id=\"attachment_1057\" align=\"alignleft\" width=\"340\"]<img loading=\"lazy\" decoding=\"async\" src=\"https:\/\/www.rwg-bayreuth.de\/home\/wp-content\/uploads\/2012\/01\/Holland_web.jpg\" alt=\"Eine Segelexkursion im Ijsselmeer st\u00e4rkt den Zusammenhalt\" width=\"280\" height=\"210\" class=\"size-full wp-image-1057\" srcset=\"https:\/\/www.rwg-bayreuth.de\/home\/wp-content\/uploads\/2012\/01\/Holland_web.jpg 340w, https:\/\/www.rwg-bayreuth.de\/home\/wp-content\/uploads\/2012\/01\/Holland_web-150x113.jpg 150w, https:\/\/www.rwg-bayreuth.de\/home\/wp-content\/uploads\/2012\/01\/Holland_web-300x225.jpg 300w, https:\/\/www.rwg-bayreuth.de\/home\/wp-content\/uploads\/2012\/01\/Holland_web-250x188.jpg 250w\" sizes=\"(max-width: 280px) 100vw, 280px\" \/> Eine Segelexkursion im Ijsselmeer \nst\u00e4rkt den Zusammenhalt[\/caption] \n\n-->Studienfahrten und Exkursionen sind nicht nur gut f\u00fcr das Lernen, sondern f\u00f6rdern auch das soziale Lernen innerhalb der Gruppe und sind deshalb Bestandteil des Konzeptes f\u00fcr die Werteerziehung der Schule. <\/p>\n<p>Zugleich \u00f6ff\u00adnen sie den Blick f\u00fcr die au\u00dfer\u00adschu\u00adli\u00adsche Wirk\u00adlich\u00adkeit und erm\u00f6g\u00adli\u00adchen dort, wo es um Aus\u00adlands\u00adauf\u00adent\u00adhalte geht, das Ver\u00adst\u00e4nd\u00adnis f\u00fcr andere Kulturen. <\/p>\n<p class=\"clear\">Das Fahrtenkonzept des Richard-Wagner-Gymnasiums sieht in Abstimmung mit dem Elternbeirat folgende Fahrten vor:<\/p>\n<h5>Schullandheimaufenthalte<\/h5>\n<ul>\n<li>Schullandheimaufenthalt der 5. Klassen in Wei\u00dfenstadt am Schuljahresanfang<\/li>\n<li>Schullandheimaufenthalt der 5. Klassen an der Nordsee am Schuljahresende <a href=\"https:\/\/www.rwg-bayreuth.de\/home\/?page_id=2690\">[mehr]<\/a><\/li>\n<\/ul>\n<h5>Skikurs<\/h5>\n<ul>\n<li>F\u00fcr die Sch\u00fcler und Sch\u00fclerinnen der der 7. Klassen wird ein einw\u00f6chiger Skikurs durchgef\u00fchrt <a href=\"https:\/\/www.rwg-bayreuth.de\/home\/?page_id=1991\">[mehr]<\/a><\/li>\n<\/ul>\n<h5>Sch\u00fcleraustauschfahrten<\/h5>\n<ul>\n<li>Sch\u00fcleraustausch von Sch\u00fclern der 8. Klassen Englisch mit Market Harborough <a href=\"https:\/\/www.rwg-bayreuth.de\/home\/?page_id=14887\">[mehr]<\/a><\/li>\n<li>Sch\u00fcleraustausch von Sch\u00fclern der 9. Klassen Franz\u00f6sisch mit Annecy <a href=\"https:\/\/www.rwg-bayreuth.de\/home\/?page_id=1615\">[mehr]<\/a><\/li>\n<li>Sch\u00fcleraustausch von Sch\u00fclern der 10. Klassen Italienisch mit La Spezia <a href=\"https:\/\/www.rwg-bayreuth.de\/home\/?page_id=20471\">[mehr]<\/a><\/li>\n<\/ul>\n<h5>Studienfahrten<\/h5>\n<ul>\n<li>Exkursion nach Berlin f\u00fcr Sch\u00fcler der 10. Klassen <a href=\"https:\/\/www.rwg-bayreuth.de\/home\/?page_id=20436\">[mehr]<\/a><\/li>\n<li>Studienfahrt Oberstufe (Abschlussfahrt)<\/li>\n<\/ul>\n<h5>Sonstige Fahrten<\/h5>\n<ul>\n<li>F\u00fcr die Teilnehmer der Wahlkurse Chor und Orchester gibt es eine Fahrt zur Intensivierung der Konzertproben<\/li>\n<li>Die Teilnahme der Spanisch-Sch\u00fcler an einer schul\u00fcbergreifenden Studienfahrt nach Spanien wird erlaubt.<\/li>\n<\/ul>\n<h5>Eint\u00e4gige Fahrten<\/h5>\n<div class=\"absatzfolge\">\n<p>Neben den Vielen individuell geplanten Aktionen, die im Rahmen des Unterrichts stattfinden gibt es auch eine Reihe von Tagesfahrten die fest zum Fahrtenprogramm des RWG geh\u00f6ren.<\/p>\n<\/div>\n<ul>\n<li>R\u00f6merfahrt der 6.&nbsp;Klassen nach Kipfenberg und Pf\u00fcnz <a href=\"https:\/\/www.rwg-bayreuth.de\/home\/?page_id=23772\">[mehr]<\/a><\/li>\n<li>NuT-Fahrt der 7.&nbsp;Klassen zum Turm der Sinne und ins Planetarium N\u00fcrnberg<\/li>\n<li id=\"Berichtekopf\">Exkursion der 9.&nbsp;Klassen zur KZ-Gedenkst\u00e4tte Flossenb\u00fcrg <a href=\"https:\/\/www.rwg-bayreuth.de\/home\/?p=2584\">[mehr]<\/a><\/li>\n<li>Fahrt der 9.&nbsp;Klassen-Wirtschaftszweig zu Audi nach Ingolstadt<\/li>\n<li>Weimarfahrt der Q11-Deutschkurse<\/li>\n<\/ul>\n<h5>Fahrtenberichte<\/h5>\n<div style=\"max-width: 800px\">\n<div class=\"rwg_post_list\"><article id=\"post-41081\"class=\"cf post-41081 post type-post status-publish format-standard has-post-thumbnail hentry category-allgemein tag-home tag-skikurs\">\n \t\t<div class=\"entry-thumbnail fadein\"> \t\t\t<a href=\"https:\/\/www.rwg-bayreuth.de\/home\/?p=41081\"><img loading=\"lazy\" decoding=\"async\" width=\"1024\" height=\"683\" src=\"https:\/\/www.rwg-bayreuth.de\/home\/wp-content\/uploads\/2026\/03\/25-26-Skikurs-Titelbild.jpg\" class=\"attachment-post-thumbnail size-post-thumbnail wp-post-image\" alt=\"\" srcset=\"https:\/\/www.rwg-bayreuth.de\/home\/wp-content\/uploads\/2026\/03\/25-26-Skikurs-Titelbild.jpg 1024w, https:\/\/www.rwg-bayreuth.de\/home\/wp-content\/uploads\/2026\/03\/25-26-Skikurs-Titelbild-150x100.jpg 150w, https:\/\/www.rwg-bayreuth.de\/home\/wp-content\/uploads\/2026\/03\/25-26-Skikurs-Titelbild-450x300.jpg 450w, https:\/\/www.rwg-bayreuth.de\/home\/wp-content\/uploads\/2026\/03\/25-26-Skikurs-Titelbild-768x512.jpg 768w, https:\/\/www.rwg-bayreuth.de\/home\/wp-content\/uploads\/2026\/03\/25-26-Skikurs-Titelbild-250x167.jpg 250w, https:\/\/www.rwg-bayreuth.de\/home\/wp-content\/uploads\/2026\/03\/25-26-Skikurs-Titelbild-900x600.jpg 900w\" sizes=\"(max-width: 1024px) 100vw, 1024px\" \/><\/a> \t\t<\/div><!-- end .entry-thumbnail -->\n<div class=\"meta-main-wrap\">\n  <div class=\"\">\n    <header class=\"entry-header\">\n      <div class=\"entry-cats\">\n        <div class=\"kategorie\"><a href=\"https:\/\/www.rwg-bayreuth.de\/home\/?cat=1\" rel=\"category\">Schulleben<\/a><\/div>\n<div class=\"entry-edit\" >      <div class=\"entry-date\" >\n        <a href=\"https:\/\/www.rwg-bayreuth.de\/home\/?p=41081\">22. M\u00e4rz 2026<\/a>\n      <\/div><\/div><!-- end .entry-date -->\n      <\/div><!-- end .entry-cats -->\n<h2 class=\"entry-title\"><a href=\"https:\/\/www.rwg-bayreuth.de\/home\/?p=41081\" rel=\"bookmark\">Skikurs wir vergessen dich nie!<\/a><\/h2>\n    <\/header><!-- end .entry-header -->\n    <div class=\"entry-summary\">\nIm M\u00e4rz verbrachte die 7. Jahrgangsstufe eine erlebnisreiche Woche in den S\u00fcdtiroler Bergen. Dort hatten die Sch\u00fclerinnen und Sch\u00fcler die Gelegenheit, das Skifahren von Grund auf zu lernen oder ihre vorhandenen F\u00e4higkeiten weiter auszubauen \u2013 und das bei strahlendem Sonnenschein am Klausberg. Dank der Unterst\u00fctzung der Lehrkr\u00e4fte fand jede und jeder schnell die passende Skigruppe.&hellip;\n  <\/div><!-- .entry-summary -->\n  <\/div><!-- .entry-main -->\n<\/div><!-- .meta-main-wrap -->\n<\/article><!-- end post -41081 -->\n<article id=\"post-40219\"class=\"cf post-40219 post type-post status-publish format-standard has-post-thumbnail hentry category-allgemein tag-austausch tag-home tag-italienisch\">\n \t\t<div class=\"entry-thumbnail fadein\"> \t\t\t<a href=\"https:\/\/www.rwg-bayreuth.de\/home\/?p=40219\"><img loading=\"lazy\" decoding=\"async\" width=\"1024\" height=\"683\" src=\"https:\/\/www.rwg-bayreuth.de\/home\/wp-content\/uploads\/2025\/11\/25-26-Austausch-LaSpezia-B.jpg\" class=\"attachment-post-thumbnail size-post-thumbnail wp-post-image\" alt=\"\" srcset=\"https:\/\/www.rwg-bayreuth.de\/home\/wp-content\/uploads\/2025\/11\/25-26-Austausch-LaSpezia-B.jpg 1024w, https:\/\/www.rwg-bayreuth.de\/home\/wp-content\/uploads\/2025\/11\/25-26-Austausch-LaSpezia-B-150x100.jpg 150w, https:\/\/www.rwg-bayreuth.de\/home\/wp-content\/uploads\/2025\/11\/25-26-Austausch-LaSpezia-B-450x300.jpg 450w, https:\/\/www.rwg-bayreuth.de\/home\/wp-content\/uploads\/2025\/11\/25-26-Austausch-LaSpezia-B-768x512.jpg 768w, https:\/\/www.rwg-bayreuth.de\/home\/wp-content\/uploads\/2025\/11\/25-26-Austausch-LaSpezia-B-250x167.jpg 250w, https:\/\/www.rwg-bayreuth.de\/home\/wp-content\/uploads\/2025\/11\/25-26-Austausch-LaSpezia-B-900x600.jpg 900w\" sizes=\"(max-width: 1024px) 100vw, 1024px\" \/><\/a> \t\t<\/div><!-- end .entry-thumbnail -->\n<div class=\"meta-main-wrap\">\n  <div class=\"\">\n    <header class=\"entry-header\">\n      <div class=\"entry-cats\">\n        <div class=\"kategorie\"><a href=\"https:\/\/www.rwg-bayreuth.de\/home\/?cat=1\" rel=\"category\">Schulleben<\/a><\/div>\n<div class=\"entry-edit\" >      <div class=\"entry-date\" >\n        <a href=\"https:\/\/www.rwg-bayreuth.de\/home\/?p=40219\">20. Oktober 2025<\/a>\n      <\/div><\/div><!-- end .entry-date -->\n      <\/div><!-- end .entry-cats -->\n<h2 class=\"entry-title\"><a href=\"https:\/\/www.rwg-bayreuth.de\/home\/?p=40219\" rel=\"bookmark\">La Spezia \u2013 Gastfreundschaft, Meer und\u00a0bella Italia<\/a><\/h2>\n    <\/header><!-- end .entry-header -->\n    <div class=\"entry-summary\">\nUnsere Reise nach La Spezia begann fr\u00fch am Morgen am Kreuzsteinbad. Mit Koffern, Vorfreude und einem \u201eandiamo!\u201c starteten wir Richtung S\u00fcden. Nach einigen Stunden auf der\u00a0autostrada\u00a0und dem unvermeidlichen Stau erreichten wir am Abend endlich die ligurische K\u00fcste. Die Gastfamilien empfingen uns herzlich und schon nach wenigen Minuten f\u00fchlte sich alles vertraut an. Manche von uns&hellip;\n  <\/div><!-- .entry-summary -->\n  <\/div><!-- .entry-main -->\n<\/div><!-- .meta-main-wrap -->\n<\/article><!-- end post -40219 -->\n<article id=\"post-39346\"class=\"cf post-39346 post type-post status-publish format-standard has-post-thumbnail hentry category-allgemein tag-5te-klassen tag-home tag-toenning\">\n \t\t<div class=\"entry-thumbnail fadein\"> \t\t\t<a href=\"https:\/\/www.rwg-bayreuth.de\/home\/?p=39346\"><img loading=\"lazy\" decoding=\"async\" width=\"1536\" height=\"1024\" src=\"https:\/\/www.rwg-bayreuth.de\/home\/wp-content\/uploads\/2025\/09\/24-25-Toenning-Gruppenbild-B.jpg\" class=\"attachment-post-thumbnail size-post-thumbnail wp-post-image\" alt=\"\" srcset=\"https:\/\/www.rwg-bayreuth.de\/home\/wp-content\/uploads\/2025\/09\/24-25-Toenning-Gruppenbild-B.jpg 1536w, https:\/\/www.rwg-bayreuth.de\/home\/wp-content\/uploads\/2025\/09\/24-25-Toenning-Gruppenbild-B-150x100.jpg 150w, https:\/\/www.rwg-bayreuth.de\/home\/wp-content\/uploads\/2025\/09\/24-25-Toenning-Gruppenbild-B-450x300.jpg 450w, https:\/\/www.rwg-bayreuth.de\/home\/wp-content\/uploads\/2025\/09\/24-25-Toenning-Gruppenbild-B-768x512.jpg 768w, https:\/\/www.rwg-bayreuth.de\/home\/wp-content\/uploads\/2025\/09\/24-25-Toenning-Gruppenbild-B-1024x683.jpg 1024w, https:\/\/www.rwg-bayreuth.de\/home\/wp-content\/uploads\/2025\/09\/24-25-Toenning-Gruppenbild-B-250x167.jpg 250w, https:\/\/www.rwg-bayreuth.de\/home\/wp-content\/uploads\/2025\/09\/24-25-Toenning-Gruppenbild-B-900x600.jpg 900w\" sizes=\"(max-width: 1536px) 100vw, 1536px\" \/><\/a> \t\t<\/div><!-- end .entry-thumbnail -->\n<div class=\"meta-main-wrap\">\n  <div class=\"\">\n    <header class=\"entry-header\">\n      <div class=\"entry-cats\">\n        <div class=\"kategorie\"><a href=\"https:\/\/www.rwg-bayreuth.de\/home\/?cat=1\" rel=\"category\">Schulleben<\/a><\/div>\n<div class=\"entry-edit\" >      <div class=\"entry-date\" >\n        <a href=\"https:\/\/www.rwg-bayreuth.de\/home\/?p=39346\">27. Juli 2025<\/a>\n      <\/div><\/div><!-- end .entry-date -->\n      <\/div><!-- end .entry-cats -->\n<h2 class=\"entry-title\"><a href=\"https:\/\/www.rwg-bayreuth.de\/home\/?p=39346\" rel=\"bookmark\">Meeresgrund trifft Horizont \u2013 meine Fahrt an die Nordsee<\/a><\/h2>\n    <\/header><!-- end .entry-header -->\n    <div class=\"entry-summary\">\nAusz\u00fcge aus dem Tagebuch von Lieschen M\u00fcller, 5f Liebes Tagebuch, heute, am Sonntag [den 20.07.25, Anm. d. Red.], sind wir in aller Herrgottsfr\u00fche, ich glaub, das war so gegen sieben, nach T\u00f6nning aufgebrochen. Das liegt ganz weit im Norden, so weit, dass es gar nicht mehr Bayern ist. Alle F\u00fcnftkl\u00e4ssler waren da und ganz viele&hellip;\n  <\/div><!-- .entry-summary -->\n  <\/div><!-- .entry-main -->\n<\/div><!-- .meta-main-wrap -->\n<\/article><!-- end post -39346 -->\n<article id=\"post-39385\"class=\"cf post-39385 post type-post status-publish format-standard has-post-thumbnail hentry category-allgemein tag-berlin-fahrt tag-home\">\n \t\t<div class=\"entry-thumbnail fadein\"> \t\t\t<a href=\"https:\/\/www.rwg-bayreuth.de\/home\/?p=39385\"><img loading=\"lazy\" decoding=\"async\" width=\"2048\" height=\"1365\" src=\"https:\/\/www.rwg-bayreuth.de\/home\/wp-content\/uploads\/2025\/08\/24-25-Berlinfahrt-Titelfoto.jpg\" class=\"attachment-post-thumbnail size-post-thumbnail wp-post-image\" alt=\"\" srcset=\"https:\/\/www.rwg-bayreuth.de\/home\/wp-content\/uploads\/2025\/08\/24-25-Berlinfahrt-Titelfoto.jpg 2048w, https:\/\/www.rwg-bayreuth.de\/home\/wp-content\/uploads\/2025\/08\/24-25-Berlinfahrt-Titelfoto-1536x1024.jpg 1536w, https:\/\/www.rwg-bayreuth.de\/home\/wp-content\/uploads\/2025\/08\/24-25-Berlinfahrt-Titelfoto-150x100.jpg 150w, https:\/\/www.rwg-bayreuth.de\/home\/wp-content\/uploads\/2025\/08\/24-25-Berlinfahrt-Titelfoto-450x300.jpg 450w, https:\/\/www.rwg-bayreuth.de\/home\/wp-content\/uploads\/2025\/08\/24-25-Berlinfahrt-Titelfoto-768x512.jpg 768w, https:\/\/www.rwg-bayreuth.de\/home\/wp-content\/uploads\/2025\/08\/24-25-Berlinfahrt-Titelfoto-1024x683.jpg 1024w, https:\/\/www.rwg-bayreuth.de\/home\/wp-content\/uploads\/2025\/08\/24-25-Berlinfahrt-Titelfoto-250x167.jpg 250w, https:\/\/www.rwg-bayreuth.de\/home\/wp-content\/uploads\/2025\/08\/24-25-Berlinfahrt-Titelfoto-900x600.jpg 900w\" sizes=\"(max-width: 2048px) 100vw, 2048px\" \/><\/a> \t\t<\/div><!-- end .entry-thumbnail -->\n<div class=\"meta-main-wrap\">\n  <div class=\"\">\n    <header class=\"entry-header\">\n      <div class=\"entry-cats\">\n        <div class=\"kategorie\"><a href=\"https:\/\/www.rwg-bayreuth.de\/home\/?cat=1\" rel=\"category\">Schulleben<\/a><\/div>\n<div class=\"entry-edit\" >      <div class=\"entry-date\" >\n        <a href=\"https:\/\/www.rwg-bayreuth.de\/home\/?p=39385\">19. Juli 2025<\/a>\n      <\/div><\/div><!-- end .entry-date -->\n      <\/div><!-- end .entry-cats -->\n<h2 class=\"entry-title\"><a href=\"https:\/\/www.rwg-bayreuth.de\/home\/?p=39385\" rel=\"bookmark\">Kultur, Geschichte und mehr: Berlinfahrt 2025<\/a><\/h2>\n    <\/header><!-- end .entry-header -->\n    <div class=\"entry-summary\">\nIn der Woche vom 14. bis zum 18. Juli haben die 10. Klassen des Richard-Wagner-Gymnasiums eine Klassenfahrt in die Hauptstadt Deutschlands, Berlin, unternommen und sich historisch, kulturell und sozial weitergebildet. Die Berlinfahrt gilt f\u00fcr viele RWGler als eines der schulischen Highlights, weshalb die Erwartungen der sehr hoch waren. Die Hin- und R\u00fcckfahrt wurden f\u00fcr einen&hellip;\n  <\/div><!-- .entry-summary -->\n  <\/div><!-- .entry-main -->\n<\/div><!-- .meta-main-wrap -->\n<\/article><!-- end post -39385 -->\n<article id=\"post-38666\"class=\"cf post-38666 post type-post status-publish format-standard has-post-thumbnail hentry category-allgemein tag-austausch tag-englisch tag-home\">\n \t\t<div class=\"entry-thumbnail fadein\"> \t\t\t<a href=\"https:\/\/www.rwg-bayreuth.de\/home\/?p=38666\"><img loading=\"lazy\" decoding=\"async\" width=\"1024\" height=\"683\" src=\"https:\/\/www.rwg-bayreuth.de\/home\/wp-content\/uploads\/2025\/05\/24-25-Englandaustausch-B.jpg\" class=\"attachment-post-thumbnail size-post-thumbnail wp-post-image\" alt=\"\" srcset=\"https:\/\/www.rwg-bayreuth.de\/home\/wp-content\/uploads\/2025\/05\/24-25-Englandaustausch-B.jpg 1024w, https:\/\/www.rwg-bayreuth.de\/home\/wp-content\/uploads\/2025\/05\/24-25-Englandaustausch-B-150x100.jpg 150w, https:\/\/www.rwg-bayreuth.de\/home\/wp-content\/uploads\/2025\/05\/24-25-Englandaustausch-B-450x300.jpg 450w, https:\/\/www.rwg-bayreuth.de\/home\/wp-content\/uploads\/2025\/05\/24-25-Englandaustausch-B-768x512.jpg 768w, https:\/\/www.rwg-bayreuth.de\/home\/wp-content\/uploads\/2025\/05\/24-25-Englandaustausch-B-250x167.jpg 250w, https:\/\/www.rwg-bayreuth.de\/home\/wp-content\/uploads\/2025\/05\/24-25-Englandaustausch-B-900x600.jpg 900w\" sizes=\"(max-width: 1024px) 100vw, 1024px\" \/><\/a> \t\t<\/div><!-- end .entry-thumbnail -->\n<div class=\"meta-main-wrap\">\n  <div class=\"\">\n    <header class=\"entry-header\">\n      <div class=\"entry-cats\">\n        <div class=\"kategorie\"><a href=\"https:\/\/www.rwg-bayreuth.de\/home\/?cat=1\" rel=\"category\">Schulleben<\/a><\/div>\n<div class=\"entry-edit\" >      <div class=\"entry-date\" >\n        <a href=\"https:\/\/www.rwg-bayreuth.de\/home\/?p=38666\">13. April 2025<\/a>\n      <\/div><\/div><!-- end .entry-date -->\n      <\/div><!-- end .entry-cats -->\n<h2 class=\"entry-title\"><a href=\"https:\/\/www.rwg-bayreuth.de\/home\/?p=38666\" rel=\"bookmark\">England erleben \u2013 Austausch mit der Welland Park Academy in Market Harborough<\/a><\/h2>\n    <\/header><!-- end .entry-header -->\n    <div class=\"entry-summary\">\nVom 3. bis 11. April 2025 machten sich 14 Sch\u00fclerinnen und Sch\u00fcler der 8. Jahrgangsstufe auf den Weg nach Market Harborough in England \u2013 bereit f\u00fcr neue Erfahrungen, spannende Begegnungen und jede Menge Englisch im echten Leben. \u00a0Im Rahmen unseres diesj\u00e4hrigen Austauschs mit der Welland Park Academy in Market Harborough reisten sie nach Mittelengland, um&hellip;\n  <\/div><!-- .entry-summary -->\n  <\/div><!-- .entry-main -->\n<\/div><!-- .meta-main-wrap -->\n<\/article><!-- end post -38666 -->\n<article id=\"post-38420\"class=\"cf post-38420 post type-post status-publish format-standard has-post-thumbnail hentry category-allgemein tag-austausch tag-home tag-italienisch\">\n \t\t<div class=\"entry-thumbnail fadein\"> \t\t\t<a href=\"https:\/\/www.rwg-bayreuth.de\/home\/?p=38420\"><img loading=\"lazy\" decoding=\"async\" width=\"1024\" height=\"683\" src=\"https:\/\/www.rwg-bayreuth.de\/home\/wp-content\/uploads\/2025\/03\/24-25-AustauschItalienisch-B.jpg\" class=\"attachment-post-thumbnail size-post-thumbnail wp-post-image\" alt=\"\" srcset=\"https:\/\/www.rwg-bayreuth.de\/home\/wp-content\/uploads\/2025\/03\/24-25-AustauschItalienisch-B.jpg 1024w, https:\/\/www.rwg-bayreuth.de\/home\/wp-content\/uploads\/2025\/03\/24-25-AustauschItalienisch-B-150x100.jpg 150w, https:\/\/www.rwg-bayreuth.de\/home\/wp-content\/uploads\/2025\/03\/24-25-AustauschItalienisch-B-450x300.jpg 450w, https:\/\/www.rwg-bayreuth.de\/home\/wp-content\/uploads\/2025\/03\/24-25-AustauschItalienisch-B-768x512.jpg 768w, https:\/\/www.rwg-bayreuth.de\/home\/wp-content\/uploads\/2025\/03\/24-25-AustauschItalienisch-B-250x167.jpg 250w, https:\/\/www.rwg-bayreuth.de\/home\/wp-content\/uploads\/2025\/03\/24-25-AustauschItalienisch-B-900x600.jpg 900w\" sizes=\"(max-width: 1024px) 100vw, 1024px\" \/><\/a> \t\t<\/div><!-- end .entry-thumbnail -->\n<div class=\"meta-main-wrap\">\n  <div class=\"\">\n    <header class=\"entry-header\">\n      <div class=\"entry-cats\">\n        <div class=\"kategorie\"><a href=\"https:\/\/www.rwg-bayreuth.de\/home\/?cat=1\" rel=\"category\">Schulleben<\/a><\/div>\n<div class=\"entry-edit\" >      <div class=\"entry-date\" >\n        <a href=\"https:\/\/www.rwg-bayreuth.de\/home\/?p=38420\">29. M\u00e4rz 2025<\/a>\n      <\/div><\/div><!-- end .entry-date -->\n      <\/div><!-- end .entry-cats -->\n<h2 class=\"entry-title\"><a href=\"https:\/\/www.rwg-bayreuth.de\/home\/?p=38420\" rel=\"bookmark\">Evviva lo scambio!<\/a><\/h2>\n    <\/header><!-- end .entry-header -->\n    <div class=\"entry-summary\">\nItalienische Austauschsch\u00fcler zu Gast am Richard-Wagner-Gymnasium Nach unserem Besuch in Ligurien im Oktober 2024 besuchten vom 22. bis 28. M\u00e4rz 2025 die italienischen Austauschsch\u00fcler aus La Spezia das Richard-Wagner-Gymnasium Bayreuth im Rahmen unseres langj\u00e4hrigen Sch\u00fcleraustausches mit der Hafenstadt. Eine Woche lang erlebten unsere G\u00e4ste ein abwechslungsreiches Programm, das kulturelle Erkundungen, gemeinsame Aktivit\u00e4ten und den echten&hellip;\n  <\/div><!-- .entry-summary -->\n  <\/div><!-- .entry-main -->\n<\/div><!-- .meta-main-wrap -->\n<\/article><!-- end post -38420 -->\n<article id=\"post-38371\"class=\"cf post-38371 post type-post status-publish format-standard has-post-thumbnail hentry category-allgemein tag-home tag-skikurs tag-sport\">\n \t\t<div class=\"entry-thumbnail fadein\"> \t\t\t<a href=\"https:\/\/www.rwg-bayreuth.de\/home\/?p=38371\"><img loading=\"lazy\" decoding=\"async\" width=\"1024\" height=\"683\" src=\"https:\/\/www.rwg-bayreuth.de\/home\/wp-content\/uploads\/2025\/03\/24-25-Skikurs-Titelbild.jpg\" class=\"attachment-post-thumbnail size-post-thumbnail wp-post-image\" alt=\"\" srcset=\"https:\/\/www.rwg-bayreuth.de\/home\/wp-content\/uploads\/2025\/03\/24-25-Skikurs-Titelbild.jpg 1024w, https:\/\/www.rwg-bayreuth.de\/home\/wp-content\/uploads\/2025\/03\/24-25-Skikurs-Titelbild-150x100.jpg 150w, https:\/\/www.rwg-bayreuth.de\/home\/wp-content\/uploads\/2025\/03\/24-25-Skikurs-Titelbild-450x300.jpg 450w, https:\/\/www.rwg-bayreuth.de\/home\/wp-content\/uploads\/2025\/03\/24-25-Skikurs-Titelbild-768x512.jpg 768w, https:\/\/www.rwg-bayreuth.de\/home\/wp-content\/uploads\/2025\/03\/24-25-Skikurs-Titelbild-250x167.jpg 250w, https:\/\/www.rwg-bayreuth.de\/home\/wp-content\/uploads\/2025\/03\/24-25-Skikurs-Titelbild-900x600.jpg 900w\" sizes=\"(max-width: 1024px) 100vw, 1024px\" \/><\/a> \t\t<\/div><!-- end .entry-thumbnail -->\n<div class=\"meta-main-wrap\">\n  <div class=\"\">\n    <header class=\"entry-header\">\n      <div class=\"entry-cats\">\n        <div class=\"kategorie\"><a href=\"https:\/\/www.rwg-bayreuth.de\/home\/?cat=1\" rel=\"category\">Schulleben<\/a><\/div>\n<div class=\"entry-edit\" >      <div class=\"entry-date\" >\n        <a href=\"https:\/\/www.rwg-bayreuth.de\/home\/?p=38371\">26. M\u00e4rz 2025<\/a>\n      <\/div><\/div><!-- end .entry-date -->\n      <\/div><!-- end .entry-cats -->\n<h2 class=\"entry-title\"><a href=\"https:\/\/www.rwg-bayreuth.de\/home\/?p=38371\" rel=\"bookmark\">Sonne satt, Stimmung top \u2013 Skikurs du warst wunderbar!<\/a><\/h2>\n    <\/header><!-- end .entry-header -->\n    <div class=\"entry-summary\">\nIm M\u00e4rz durften die Sch\u00fclerinnen und Sch\u00fcler der 7. Jahrgangsstufe eine Woche in den S\u00fcdtiroler Alpen verbringen und dabei das Skifahren erlernen oder an ihrer bereits vorhandenen Technik feilen und dabei die Sonne auf dem Klausberg genie\u00dfen. Mit der Unterst\u00fctzung der Sportfachschaft konnten jede und jeder eine geeignete Skigruppe finden. Ob im Klausi-Land auf dem&hellip;\n  <\/div><!-- .entry-summary -->\n  <\/div><!-- .entry-main -->\n<\/div><!-- .meta-main-wrap -->\n<\/article><!-- end post -38371 -->\n<article id=\"post-37026\"class=\"cf post-37026 post type-post status-publish format-standard has-post-thumbnail hentry category-allgemein tag-home tag-latein tag-roemerfahrt\">\n \t\t<div class=\"entry-thumbnail fadein\"> \t\t\t<a href=\"https:\/\/www.rwg-bayreuth.de\/home\/?p=37026\"><img loading=\"lazy\" decoding=\"async\" width=\"1024\" height=\"683\" src=\"https:\/\/www.rwg-bayreuth.de\/home\/wp-content\/uploads\/2024\/11\/23-24-ThementageRoemer-B.jpg\" class=\"attachment-post-thumbnail size-post-thumbnail wp-post-image\" alt=\"\" srcset=\"https:\/\/www.rwg-bayreuth.de\/home\/wp-content\/uploads\/2024\/11\/23-24-ThementageRoemer-B.jpg 1024w, https:\/\/www.rwg-bayreuth.de\/home\/wp-content\/uploads\/2024\/11\/23-24-ThementageRoemer-B-150x100.jpg 150w, https:\/\/www.rwg-bayreuth.de\/home\/wp-content\/uploads\/2024\/11\/23-24-ThementageRoemer-B-450x300.jpg 450w, https:\/\/www.rwg-bayreuth.de\/home\/wp-content\/uploads\/2024\/11\/23-24-ThementageRoemer-B-768x512.jpg 768w, https:\/\/www.rwg-bayreuth.de\/home\/wp-content\/uploads\/2024\/11\/23-24-ThementageRoemer-B-250x167.jpg 250w, https:\/\/www.rwg-bayreuth.de\/home\/wp-content\/uploads\/2024\/11\/23-24-ThementageRoemer-B-900x600.jpg 900w\" sizes=\"(max-width: 1024px) 100vw, 1024px\" \/><\/a> \t\t<\/div><!-- end .entry-thumbnail -->\n<div class=\"meta-main-wrap\">\n  <div class=\"\">\n    <header class=\"entry-header\">\n      <div class=\"entry-cats\">\n        <div class=\"kategorie\"><a href=\"https:\/\/www.rwg-bayreuth.de\/home\/?cat=1\" rel=\"category\">Schulleben<\/a><\/div>\n<div class=\"entry-edit\" >      <div class=\"entry-date\" >\n        <a href=\"https:\/\/www.rwg-bayreuth.de\/home\/?p=37026\">24. Juli 2024<\/a>\n      <\/div><\/div><!-- end .entry-date -->\n      <\/div><!-- end .entry-cats -->\n<h2 class=\"entry-title\"><a href=\"https:\/\/www.rwg-bayreuth.de\/home\/?p=37026\" rel=\"bookmark\">Auf den Spuren der R\u00f6mer im Altm\u00fchltal<\/a><\/h2>\n    <\/header><!-- end .entry-header -->\n    <div class=\"entry-summary\">\nBereits in der 3. Auflage fanden auch am Ende des diesj\u00e4hrigen Schuljahres Thementage f\u00fcr unsere Sechstkl\u00e4ssler\/-innen statt: Jeweils drei vollst\u00e4ndige Schultage waren dabei dem f\u00e4cher\u00fcbergreifenden Projekt gewidmet, das sich mit den Spuren der R\u00f6mer in Bayern befasste \u2013 ein Thema, das also sowohl Teil des Lehrplanes im Fach Geschichte als auch Latein ist: Immerhin erstreckte&hellip;\n  <\/div><!-- .entry-summary -->\n  <\/div><!-- .entry-main -->\n<\/div><!-- .meta-main-wrap -->\n<\/article><!-- end post -37026 -->\n<article id=\"post-36241\"class=\"cf post-36241 post type-post status-publish format-standard has-post-thumbnail hentry category-allgemein tag-austausch tag-englisch tag-home\">\n \t\t<div class=\"entry-thumbnail fadein\"> \t\t\t<a href=\"https:\/\/www.rwg-bayreuth.de\/home\/?p=36241\"><img loading=\"lazy\" decoding=\"async\" width=\"967\" height=\"645\" src=\"https:\/\/www.rwg-bayreuth.de\/home\/wp-content\/uploads\/2024\/04\/23-24-Englandaustausch-B.jpg\" class=\"attachment-post-thumbnail size-post-thumbnail wp-post-image\" alt=\"\" srcset=\"https:\/\/www.rwg-bayreuth.de\/home\/wp-content\/uploads\/2024\/04\/23-24-Englandaustausch-B.jpg 967w, https:\/\/www.rwg-bayreuth.de\/home\/wp-content\/uploads\/2024\/04\/23-24-Englandaustausch-B-150x100.jpg 150w, https:\/\/www.rwg-bayreuth.de\/home\/wp-content\/uploads\/2024\/04\/23-24-Englandaustausch-B-450x300.jpg 450w, https:\/\/www.rwg-bayreuth.de\/home\/wp-content\/uploads\/2024\/04\/23-24-Englandaustausch-B-768x512.jpg 768w, https:\/\/www.rwg-bayreuth.de\/home\/wp-content\/uploads\/2024\/04\/23-24-Englandaustausch-B-250x167.jpg 250w, https:\/\/www.rwg-bayreuth.de\/home\/wp-content\/uploads\/2024\/04\/23-24-Englandaustausch-B-900x600.jpg 900w\" sizes=\"(max-width: 967px) 100vw, 967px\" \/><\/a> \t\t<\/div><!-- end .entry-thumbnail -->\n<div class=\"meta-main-wrap\">\n  <div class=\"\">\n    <header class=\"entry-header\">\n      <div class=\"entry-cats\">\n        <div class=\"kategorie\"><a href=\"https:\/\/www.rwg-bayreuth.de\/home\/?cat=1\" rel=\"category\">Schulleben<\/a><\/div>\n<div class=\"entry-edit\" >      <div class=\"entry-date\" >\n        <a href=\"https:\/\/www.rwg-bayreuth.de\/home\/?p=36241\">11. April 2024<\/a>\n      <\/div><\/div><!-- end .entry-date -->\n      <\/div><!-- end .entry-cats -->\n<h2 class=\"entry-title\"><a href=\"https:\/\/www.rwg-bayreuth.de\/home\/?p=36241\" rel=\"bookmark\">Market Harborough, England<\/a><\/h2>\n    <\/header><!-- end .entry-header -->\n    <div class=\"entry-summary\">\nSch\u00f6n \u2013 aufregend \u2013 unvergesslich \u2013 ereignisreich \u2013 fantastisch \u2013 unglaublich \u2013 einzigartig \u2013 erlebnisreich \u2013 atemberaubend \u2013 kurz \u2013 gro\u00dfartig \u2013 aufregend \u2013 toll So k\u00f6nnen wir unseren Schulaustausch mit der Welland Park Academy und unsere Zeit in Market Harborough in nur einem Wort beschreiben. Warum? Das erfahrt ihr hier: Donnerstag, 14.03.2024 \u2013 Anreise&hellip;\n  <\/div><!-- .entry-summary -->\n  <\/div><!-- .entry-main -->\n<\/div><!-- .meta-main-wrap -->\n<\/article><!-- end post -36241 -->\n<article id=\"post-34757\"class=\"cf post-34757 post type-post status-publish format-standard has-post-thumbnail hentry category-allgemein tag-5te-klassen tag-fahrt tag-home tag-medientutoren-scouts tag-streitschlichter\">\n \t\t<div class=\"entry-thumbnail fadein\"> \t\t\t<a href=\"https:\/\/www.rwg-bayreuth.de\/home\/?p=34757\"><img loading=\"lazy\" decoding=\"async\" width=\"1024\" height=\"683\" src=\"https:\/\/www.rwg-bayreuth.de\/home\/wp-content\/uploads\/2023\/10\/23-24-Schullandheim-Weissenstadt-B.jpg\" class=\"attachment-post-thumbnail size-post-thumbnail wp-post-image\" alt=\"\" srcset=\"https:\/\/www.rwg-bayreuth.de\/home\/wp-content\/uploads\/2023\/10\/23-24-Schullandheim-Weissenstadt-B.jpg 1024w, https:\/\/www.rwg-bayreuth.de\/home\/wp-content\/uploads\/2023\/10\/23-24-Schullandheim-Weissenstadt-B-450x300.jpg 450w, https:\/\/www.rwg-bayreuth.de\/home\/wp-content\/uploads\/2023\/10\/23-24-Schullandheim-Weissenstadt-B-150x100.jpg 150w, https:\/\/www.rwg-bayreuth.de\/home\/wp-content\/uploads\/2023\/10\/23-24-Schullandheim-Weissenstadt-B-768x512.jpg 768w, https:\/\/www.rwg-bayreuth.de\/home\/wp-content\/uploads\/2023\/10\/23-24-Schullandheim-Weissenstadt-B-250x167.jpg 250w, https:\/\/www.rwg-bayreuth.de\/home\/wp-content\/uploads\/2023\/10\/23-24-Schullandheim-Weissenstadt-B-900x600.jpg 900w\" sizes=\"(max-width: 1024px) 100vw, 1024px\" \/><\/a> \t\t<\/div><!-- end .entry-thumbnail -->\n<div class=\"meta-main-wrap\">\n  <div class=\"\">\n    <header class=\"entry-header\">\n      <div class=\"entry-cats\">\n        <div class=\"kategorie\"><a href=\"https:\/\/www.rwg-bayreuth.de\/home\/?cat=1\" rel=\"category\">Schulleben<\/a><\/div>\n<div class=\"entry-edit\" >      <div class=\"entry-date\" >\n        <a href=\"https:\/\/www.rwg-bayreuth.de\/home\/?p=34757\">16. Oktober 2023<\/a>\n      <\/div><\/div><!-- end .entry-date -->\n      <\/div><!-- end .entry-cats -->\n<h2 class=\"entry-title\"><a href=\"https:\/\/www.rwg-bayreuth.de\/home\/?p=34757\" rel=\"bookmark\">\ufeffHighlights aus dem Schullandheim der 5.&nbsp;Klassen<\/a><\/h2>\n    <\/header><!-- end .entry-header -->\n    <div class=\"entry-summary\">\nSo vielf\u00e4ltig wie das Wetter im Oktober, gestaltete sich auch der Schullandheimaufenthalt der 5.&nbsp;Klassen in Wei\u00dfenstadt. Mit insgesamt 72 Sch\u00fclerInnen der 5.&nbsp;Klassen, 18&nbsp;TutorInnen und zus\u00e4tzlich einigen Medienscouts und Streitschlichtern starteten die Klassleiterinnen, Frau Wagner, Frau Heberle und Frau Wilk-B\u00f6hm, gemeinsam mit dem Unterstufenbetreuer Herrn Bauer in das Abenteuer. Vor Ort wurde sofort mit gro\u00dfer Neugier&hellip;\n  <\/div><!-- .entry-summary -->\n  <\/div><!-- .entry-main -->\n<\/div><!-- .meta-main-wrap -->\n<\/article><!-- end post -34757 -->\n<article id=\"post-34962\"class=\"cf post-34962 post type-post status-publish format-standard has-post-thumbnail hentry category-allgemein tag-austausch tag-home tag-italienisch\">\n \t\t<div class=\"entry-thumbnail fadein\"> \t\t\t<a href=\"https:\/\/www.rwg-bayreuth.de\/home\/?p=34962\"><img loading=\"lazy\" decoding=\"async\" width=\"1024\" height=\"683\" src=\"https:\/\/www.rwg-bayreuth.de\/home\/wp-content\/uploads\/2023\/11\/23-24-Austausch-LaSpezia-B.jpg\" class=\"attachment-post-thumbnail size-post-thumbnail wp-post-image\" alt=\"\" srcset=\"https:\/\/www.rwg-bayreuth.de\/home\/wp-content\/uploads\/2023\/11\/23-24-Austausch-LaSpezia-B.jpg 1024w, https:\/\/www.rwg-bayreuth.de\/home\/wp-content\/uploads\/2023\/11\/23-24-Austausch-LaSpezia-B-450x300.jpg 450w, https:\/\/www.rwg-bayreuth.de\/home\/wp-content\/uploads\/2023\/11\/23-24-Austausch-LaSpezia-B-150x100.jpg 150w, https:\/\/www.rwg-bayreuth.de\/home\/wp-content\/uploads\/2023\/11\/23-24-Austausch-LaSpezia-B-768x512.jpg 768w, https:\/\/www.rwg-bayreuth.de\/home\/wp-content\/uploads\/2023\/11\/23-24-Austausch-LaSpezia-B-250x167.jpg 250w, https:\/\/www.rwg-bayreuth.de\/home\/wp-content\/uploads\/2023\/11\/23-24-Austausch-LaSpezia-B-900x600.jpg 900w\" sizes=\"(max-width: 1024px) 100vw, 1024px\" \/><\/a> \t\t<\/div><!-- end .entry-thumbnail -->\n<div class=\"meta-main-wrap\">\n  <div class=\"\">\n    <header class=\"entry-header\">\n      <div class=\"entry-cats\">\n        <div class=\"kategorie\"><a href=\"https:\/\/www.rwg-bayreuth.de\/home\/?cat=1\" rel=\"category\">Schulleben<\/a><\/div>\n<div class=\"entry-edit\" >      <div class=\"entry-date\" >\n        <a href=\"https:\/\/www.rwg-bayreuth.de\/home\/?p=34962\">8. Oktober 2023<\/a>\n      <\/div><\/div><!-- end .entry-date -->\n      <\/div><!-- end .entry-cats -->\n<h2 class=\"entry-title\"><a href=\"https:\/\/www.rwg-bayreuth.de\/home\/?p=34962\" rel=\"bookmark\">&#8218;Andiamo ragazzi!&#8216;<\/a><\/h2>\n    <\/header><!-- end .entry-header -->\n    <div class=\"entry-summary\">\nDieser Ausruf war ein st\u00e4ndiger Begleiter beim Sch\u00fcleraustausch nach La Spezia. \u2013 Also, auf geht\u2019s Leute! Am 30.09.2023 machten sich die 19 Sch\u00fcler und Sch\u00fclerinnen der 10. Klassen des RWG mit dem Bus auf nach La Spezia, die italienische Partnerstadt Bayreuths. An diesem Samstagabend, nach 14 Stunden Fahrt (auf der bei jedem Tunnel lautstark gesungen&hellip;\n  <\/div><!-- .entry-summary -->\n  <\/div><!-- .entry-main -->\n<\/div><!-- .meta-main-wrap -->\n<\/article><!-- end post -34962 -->\n<article id=\"post-34190\"class=\"cf post-34190 post type-post status-publish format-standard has-post-thumbnail hentry category-allgemein tag-5te-klassen tag-home tag-toenning\">\n \t\t<div class=\"entry-thumbnail fadein\"> \t\t\t<a href=\"https:\/\/www.rwg-bayreuth.de\/home\/?p=34190\"><img loading=\"lazy\" decoding=\"async\" width=\"1024\" height=\"683\" src=\"https:\/\/www.rwg-bayreuth.de\/home\/wp-content\/uploads\/2023\/07\/22-23-Toenning-B.jpg\" class=\"attachment-post-thumbnail size-post-thumbnail wp-post-image\" alt=\"\" srcset=\"https:\/\/www.rwg-bayreuth.de\/home\/wp-content\/uploads\/2023\/07\/22-23-Toenning-B.jpg 1024w, https:\/\/www.rwg-bayreuth.de\/home\/wp-content\/uploads\/2023\/07\/22-23-Toenning-B-450x300.jpg 450w, https:\/\/www.rwg-bayreuth.de\/home\/wp-content\/uploads\/2023\/07\/22-23-Toenning-B-150x100.jpg 150w, https:\/\/www.rwg-bayreuth.de\/home\/wp-content\/uploads\/2023\/07\/22-23-Toenning-B-768x512.jpg 768w, https:\/\/www.rwg-bayreuth.de\/home\/wp-content\/uploads\/2023\/07\/22-23-Toenning-B-250x167.jpg 250w, https:\/\/www.rwg-bayreuth.de\/home\/wp-content\/uploads\/2023\/07\/22-23-Toenning-B-900x600.jpg 900w\" sizes=\"(max-width: 1024px) 100vw, 1024px\" \/><\/a> \t\t<\/div><!-- end .entry-thumbnail -->\n<div class=\"meta-main-wrap\">\n  <div class=\"\">\n    <header class=\"entry-header\">\n      <div class=\"entry-cats\">\n        <div class=\"kategorie\"><a href=\"https:\/\/www.rwg-bayreuth.de\/home\/?cat=1\" rel=\"category\">Schulleben<\/a><\/div>\n<div class=\"entry-edit\" >      <div class=\"entry-date\" >\n        <a href=\"https:\/\/www.rwg-bayreuth.de\/home\/?p=34190\">24. Juli 2023<\/a>\n      <\/div><\/div><!-- end .entry-date -->\n      <\/div><!-- end .entry-cats -->\n<h2 class=\"entry-title\"><a href=\"https:\/\/www.rwg-bayreuth.de\/home\/?p=34190\" rel=\"bookmark\">Eine Fahrt \u2013 unz\u00e4hlige Highlights<\/a><\/h2>\n    <\/header><!-- end .entry-header -->\n    <div class=\"entry-summary\">\nDie Exkursion der 5. Klassen ans Wattenmeer war gespickt mit tollen H\u00f6hepunkten. 82 Sch\u00fclerInnen begaben sich auf die gro\u00dfe Fahrt und bereits die Anreise im Bus machte klar, dass die Stimmung wieder gro\u00dfartig werden w\u00fcrde. Die Hits von Cro, Katy Perry und Nina Chuba schallten nahezu ununterbrochen durch die Boxen der Reisebusse und es wurde&hellip;\n  <\/div><!-- .entry-summary -->\n  <\/div><!-- .entry-main -->\n<\/div><!-- .meta-main-wrap -->\n<\/article><!-- end post -34190 -->\n<article id=\"post-33661\"class=\"cf post-33661 post type-post status-publish format-standard has-post-thumbnail hentry category-allgemein tag-home tag-skikurs\">\n \t\t<div class=\"entry-thumbnail fadein\"> \t\t\t<a href=\"https:\/\/www.rwg-bayreuth.de\/home\/?p=33661\"><img loading=\"lazy\" decoding=\"async\" width=\"1024\" height=\"683\" src=\"https:\/\/www.rwg-bayreuth.de\/home\/wp-content\/uploads\/2023\/03\/22-23-Skikurs2-B.jpg\" class=\"attachment-post-thumbnail size-post-thumbnail wp-post-image\" alt=\"\" srcset=\"https:\/\/www.rwg-bayreuth.de\/home\/wp-content\/uploads\/2023\/03\/22-23-Skikurs2-B.jpg 1024w, https:\/\/www.rwg-bayreuth.de\/home\/wp-content\/uploads\/2023\/03\/22-23-Skikurs2-B-450x300.jpg 450w, https:\/\/www.rwg-bayreuth.de\/home\/wp-content\/uploads\/2023\/03\/22-23-Skikurs2-B-150x100.jpg 150w, https:\/\/www.rwg-bayreuth.de\/home\/wp-content\/uploads\/2023\/03\/22-23-Skikurs2-B-768x512.jpg 768w, https:\/\/www.rwg-bayreuth.de\/home\/wp-content\/uploads\/2023\/03\/22-23-Skikurs2-B-250x167.jpg 250w, https:\/\/www.rwg-bayreuth.de\/home\/wp-content\/uploads\/2023\/03\/22-23-Skikurs2-B-900x600.jpg 900w\" sizes=\"(max-width: 1024px) 100vw, 1024px\" \/><\/a> \t\t<\/div><!-- end .entry-thumbnail -->\n<div class=\"meta-main-wrap\">\n  <div class=\"\">\n    <header class=\"entry-header\">\n      <div class=\"entry-cats\">\n        <div class=\"kategorie\"><a href=\"https:\/\/www.rwg-bayreuth.de\/home\/?cat=1\" rel=\"category\">Schulleben<\/a><\/div>\n<div class=\"entry-edit\" >      <div class=\"entry-date\" >\n        <a href=\"https:\/\/www.rwg-bayreuth.de\/home\/?p=33661\">2. April 2023<\/a>\n      <\/div><\/div><!-- end .entry-date -->\n      <\/div><!-- end .entry-cats -->\n<h2 class=\"entry-title\"><a href=\"https:\/\/www.rwg-bayreuth.de\/home\/?p=33661\" rel=\"bookmark\">Skikurs im Ahrntal \u2013 Runde 2<\/a><\/h2>\n    <\/header><!-- end .entry-header -->\n    <div class=\"entry-summary\">\nUm alle Eindr\u00fccke von der wunderbaren Zeit im Ahrntal in einem Text zu verpacken, m\u00fcsste man mehrere Seiten f\u00fcllen. Da diese dann aber keiner lesen w\u00fcrde, fasse ich s\u00e4mtliche Highlights in Schlagworten zusammen und man kann sich anschlie\u00dfend durch die Bildergalerie klicken und so einen Eindruck von unseren Erlebnissen bekommen: Klausberg \u2013 Gemeinschaft \u2013 Spiele&hellip;\n  <\/div><!-- .entry-summary -->\n  <\/div><!-- .entry-main -->\n<\/div><!-- .meta-main-wrap -->\n<\/article><!-- end post -33661 -->\n<article id=\"post-33562\"class=\"cf post-33562 post type-post status-publish format-standard has-post-thumbnail hentry category-allgemein tag-home tag-skikurs\">\n \t\t<div class=\"entry-thumbnail fadein\"> \t\t\t<a href=\"https:\/\/www.rwg-bayreuth.de\/home\/?p=33562\"><img loading=\"lazy\" decoding=\"async\" width=\"1024\" height=\"683\" src=\"https:\/\/www.rwg-bayreuth.de\/home\/wp-content\/uploads\/2023\/03\/22-23-Skikurs-7acf-B.jpg\" class=\"attachment-post-thumbnail size-post-thumbnail wp-post-image\" alt=\"\" srcset=\"https:\/\/www.rwg-bayreuth.de\/home\/wp-content\/uploads\/2023\/03\/22-23-Skikurs-7acf-B.jpg 1024w, https:\/\/www.rwg-bayreuth.de\/home\/wp-content\/uploads\/2023\/03\/22-23-Skikurs-7acf-B-450x300.jpg 450w, https:\/\/www.rwg-bayreuth.de\/home\/wp-content\/uploads\/2023\/03\/22-23-Skikurs-7acf-B-150x100.jpg 150w, https:\/\/www.rwg-bayreuth.de\/home\/wp-content\/uploads\/2023\/03\/22-23-Skikurs-7acf-B-768x512.jpg 768w, https:\/\/www.rwg-bayreuth.de\/home\/wp-content\/uploads\/2023\/03\/22-23-Skikurs-7acf-B-250x167.jpg 250w, https:\/\/www.rwg-bayreuth.de\/home\/wp-content\/uploads\/2023\/03\/22-23-Skikurs-7acf-B-900x600.jpg 900w\" sizes=\"(max-width: 1024px) 100vw, 1024px\" \/><\/a> \t\t<\/div><!-- end .entry-thumbnail -->\n<div class=\"meta-main-wrap\">\n  <div class=\"\">\n    <header class=\"entry-header\">\n      <div class=\"entry-cats\">\n        <div class=\"kategorie\"><a href=\"https:\/\/www.rwg-bayreuth.de\/home\/?cat=1\" rel=\"category\">Schulleben<\/a><\/div>\n<div class=\"entry-edit\" >      <div class=\"entry-date\" >\n        <a href=\"https:\/\/www.rwg-bayreuth.de\/home\/?p=33562\">20. M\u00e4rz 2023<\/a>\n      <\/div><\/div><!-- end .entry-date -->\n      <\/div><!-- end .entry-cats -->\n<h2 class=\"entry-title\"><a href=\"https:\/\/www.rwg-bayreuth.de\/home\/?p=33562\" rel=\"bookmark\">Endlich wieder Skilager\u2026<\/a><\/h2>\n    <\/header><!-- end .entry-header -->\n    <div class=\"entry-summary\">\nAls wir am 5. M\u00e4rz 2023 im Ahrntal angekommen waren, durfte die eine H\u00e4lfte der Gruppe schon im Tal aussteigen und ihre Skiausr\u00fcstung ausleihen. Die andere H\u00e4lfte fuhr mit dem Bus noch bis kurz vor das Hotel und konnte alle Koffer und Taschen hoch zum Hotel ziehen\/tragen. An diesem Tag schien die Sonne und man&hellip;\n  <\/div><!-- .entry-summary -->\n  <\/div><!-- .entry-main -->\n<\/div><!-- .meta-main-wrap -->\n<\/article><!-- end post -33562 -->\n<\/div><!-- end .rwg_post_list -->\n<\/div>\n","protected":false},"excerpt":{"rendered":"<p>Studienfahrten und Exkursionen sind nicht nur gut f\u00fcr das Lernen, sondern f\u00f6rdern auch das soziale Lernen innerhalb der Gruppe und sind deshalb Bestandteil des Konzeptes f\u00fcr die Werteerziehung der Schule. Zugleich \u00f6ff\u00adnen sie den Blick f\u00fcr die au\u00dfer\u00adschu\u00adli\u00adsche Wirk\u00adlich\u00adkeit und erm\u00f6g\u00adli\u00adchen dort, wo es um Aus\u00adlands\u00adauf\u00adent\u00adhalte geht, das Ver\u00adst\u00e4nd\u00adnis f\u00fcr andere Kulturen. Das Fahrtenkonzept des&hellip;<\/p>\n","protected":false},"author":1,"featured_media":0,"parent":34604,"menu_order":60,"comment_status":"closed","ping_status":"open","template":"page-templates\/no-sidebar.php","meta":{"footnotes":""},"tags":[54],"_links":{"self":[{"href":"https:\/\/www.rwg-bayreuth.de\/home\/index.php?rest_route=\/wp\/v2\/pages\/125"}],"collection":[{"href":"https:\/\/www.rwg-bayreuth.de\/home\/index.php?rest_route=\/wp\/v2\/pages"}],"about":[{"href":"https:\/\/www.rwg-bayreuth.de\/home\/index.php?rest_route=\/wp\/v2\/types\/page"}],"author":[{"embeddable":true,"href":"https:\/\/www.rwg-bayreuth.de\/home\/index.php?rest_route=\/wp\/v2\/users\/1"}],"replies":[{"embeddable":true,"href":"https:\/\/www.rwg-bayreuth.de\/home\/index.php?rest_route=%2Fwp%2Fv2%2Fcomments&post=125"}],"version-history":[{"count":68,"href":"https:\/\/www.rwg-bayreuth.de\/home\/index.php?rest_route=\/wp\/v2\/pages\/125\/revisions"}],"predecessor-version":[{"id":34594,"href":"https:\/\/www.rwg-bayreuth.de\/home\/index.php?rest_route=\/wp\/v2\/pages\/125\/revisions\/34594"}],"up":[{"embeddable":true,"href":"https:\/\/www.rwg-bayreuth.de\/home\/index.php?rest_route=\/wp\/v2\/pages\/34604"}],"wp:attachment":[{"href":"https:\/\/www.rwg-bayreuth.de\/home\/index.php?rest_route=%2Fwp%2Fv2%2Fmedia&parent=125"}],"wp:term":[{"taxonomy":"post_tag","embeddable":true,"href":"https:\/\/www.rwg-bayreuth.de\/home\/index.php?rest_route=%2Fwp%2Fv2%2Ftags&post=125"}],"curies":[{"name":"wp","href":"https:\/\/api.w.org\/{rel}","templated":true}]}}