{"id":11116,"date":"2009-11-04T20:53:06","date_gmt":"2009-11-04T19:53:06","guid":{"rendered":"http:\/\/www.rwg-bayreuth.de\/home\/?page_id=11116"},"modified":"2026-04-26T09:01:02","modified_gmt":"2026-04-26T07:01:02","slug":"aktuelles","status":"publish","type":"page","link":"https:\/\/www.rwg-bayreuth.de\/home\/","title":{"rendered":"Aktuelles"},"content":{"rendered":"<style>\nh1.entry-title {\nvisibility: collapse;\nheight: 0px !important;\nmargin-bottom: 10px !important;\n}\n<\/style>\n<p><!--\n\n****************************************\n****************************************\n***         derzeit sichtbar         ***\n****************************************\n****************************************\n\n\n--><img loading=\"lazy\" decoding=\"async\" src=\"https:\/\/www.rwg-bayreuth.de\/home\/wp-content\/uploads\/2025\/10\/HerzlichWillkommen-h.jpg\" alt=\"\" width=\"2048\" height=\"405\" class=\"aligncenter size-full wp-image-39961\" srcset=\"https:\/\/www.rwg-bayreuth.de\/home\/wp-content\/uploads\/2025\/10\/HerzlichWillkommen-h.jpg 2048w, https:\/\/www.rwg-bayreuth.de\/home\/wp-content\/uploads\/2025\/10\/HerzlichWillkommen-h-1536x304.jpg 1536w, https:\/\/www.rwg-bayreuth.de\/home\/wp-content\/uploads\/2025\/10\/HerzlichWillkommen-h-150x30.jpg 150w, https:\/\/www.rwg-bayreuth.de\/home\/wp-content\/uploads\/2025\/10\/HerzlichWillkommen-h-450x89.jpg 450w, https:\/\/www.rwg-bayreuth.de\/home\/wp-content\/uploads\/2025\/10\/HerzlichWillkommen-h-768x152.jpg 768w, https:\/\/www.rwg-bayreuth.de\/home\/wp-content\/uploads\/2025\/10\/HerzlichWillkommen-h-1024x203.jpg 1024w, https:\/\/www.rwg-bayreuth.de\/home\/wp-content\/uploads\/2025\/10\/HerzlichWillkommen-h-250x49.jpg 250w, https:\/\/www.rwg-bayreuth.de\/home\/wp-content\/uploads\/2025\/10\/HerzlichWillkommen-h-600x119.jpg 600w\" sizes=\"(max-width: 2048px) 100vw, 2048px\" \/><\/p>\n<p><!--\n\n\n\n***   Info Timed-Content-Server\n      Test timed-content-server mit (Uhrzeit darf nicht entfernt werden!!!)\n      https:\/\/www.rwg-bayreuth.de\/home\/?tctest=2025-04-05+19:16:00   \n***\n\nBeispiel zum Kopieren\n[timed-content-server show=\"2025-09-6 0:01 Europe\/Berlin\" hide=\"2025-09-19\"]\n*** Inhalt ***\n[\/timed-content-server]\n\n\n\n<hr\/>\n\n\n\n<p class=\"ohne\">&nbsp;<\/p>\n\n\n\n--><!--\n\n\n<h1 style=\"margin-top: 24px; padding-top: 6px; border-top: 4px solid  #1a1a1a;\">Aktuelles<\/h1>\n\n\n\n<hr\/>\n\n\n\n--><!--\n\n<p class=\"ohne\">&nbsp;<\/p>\n\n\n\n--><\/p>\n<hr\/>\n<p class=\"ohne\">&nbsp;<\/p>\n<p><!--\n\n******************************\n***   Beginn zweispaltig   ***\n*****                    *****\n***        1. Spalte       ***\n******************************\n\n--><div class=\"su-row\">\n<div class=\"su-column su-column-size-1-2 ohne\"><div class=\"su-column-inner su-u-clearfix su-u-trim\"><!--\n\n--><p><!-- in Spalte\n\n***   Digitale Infos f\u00fcr Viertkl\u00e4ssler   \n\n      Datum show1: individuell;            hide1: Ende Anmeldezeitraum\n            show2: Tag nach Infotag;       hide2: Ende Anmeldezeitraum\n            show3: wenn Schreiben aktuell; hide3: Ende Anmeldezeitraum\n\n***\n\n--><a href=\"https:\/\/www.rwg-bayreuth.de\/home\/?page_id=24848\"><img decoding=\"async\" src=\"https:\/\/www.rwg-bayreuth.de\/home\/wp-content\/uploads\/2024\/02\/23-24-DigitaleInfosFuerViertkl.jpg\" alt=\"\" width=\"100%\" height=\"auto\" class=\"aligncenter size-full wp-image-35962 bilderzoom\" srcset=\"https:\/\/www.rwg-bayreuth.de\/home\/wp-content\/uploads\/2024\/02\/23-24-DigitaleInfosFuerViertkl.jpg 1024w, https:\/\/www.rwg-bayreuth.de\/home\/wp-content\/uploads\/2024\/02\/23-24-DigitaleInfosFuerViertkl-150x59.jpg 150w, https:\/\/www.rwg-bayreuth.de\/home\/wp-content\/uploads\/2024\/02\/23-24-DigitaleInfosFuerViertkl-450x178.jpg 450w, https:\/\/www.rwg-bayreuth.de\/home\/wp-content\/uploads\/2024\/02\/23-24-DigitaleInfosFuerViertkl-768x304.jpg 768w, https:\/\/www.rwg-bayreuth.de\/home\/wp-content\/uploads\/2024\/02\/23-24-DigitaleInfosFuerViertkl-250x99.jpg 250w, https:\/\/www.rwg-bayreuth.de\/home\/wp-content\/uploads\/2024\/02\/23-24-DigitaleInfosFuerViertkl-600x237.jpg 600w\" sizes=\"(max-width: 1024px) 100vw, 1024px\" \/><\/a>\n<!--\n\n***   Button blau zur Anmeldung-RWG  \"hide\" wie \"Digitale Infos f\u00fcr Viertkl\u00e4ssler\" (oben) ***\n\n--><div style=\"text-align: center; margin: 0px 0px 24px 0px; box-shadow: none \">\r\n<a class=\"RWGbutton-blau\" href=\"https:\/\/www.rwg-bayreuth.de\/home\/?page_id=18424\" target=\"_self\" rel=\u201dnoopener noreferrer\u201d style=\"display:block; width: auto; max-width: 100%; padding:5px 20px; text-align: center; \">\n<h3>Informationen zum \u00dcbertritt und Anmeldeunterlagen<\/h3>\n<\/a><\/div>\n\n<div style=\"text-align: center; margin: 0px 0px 24px 0px; box-shadow: none \">\r\n<a class=\"RWGbutton-blau\" href=\"https:\/\/www.rwg-bayreuth.de\/home\/?p=36782\" target=\"_self\" rel=\u201dnoopener noreferrer\u201d style=\"display:block; width: auto; max-width: 100%; padding:5px 20px; text-align: center; \">\n<h3>RWG-Backpack-Basics<\/h3>\n<\/a><\/div>\n\n\n\n<p><!--\n\n***   Infos f\u00fcr neue 5. Klassen alte Optik, Puzzlebild  \n***\n-->\n\n<\/div><\/div><!--\n\n******************************\n***        2. Spalte       ***\n******************************\n\n--><div class=\"su-column su-column-size-1-2 ohne\"><div class=\"su-column-inner su-u-clearfix su-u-trim\">\n<p><a href=\"https:\/\/www.rwg-bayreuth.de\/home\/?page_id=41312\"><img loading=\"lazy\" decoding=\"async\" src=\"https:\/\/www.rwg-bayreuth.de\/home\/wp-content\/uploads\/2026\/04\/ModusSchule-h-1.jpg\" alt=\"\" width=\"1024\" height=\"660\" class=\"aligncenter size-full wp-image-41320 bilderzoom\" srcset=\"https:\/\/www.rwg-bayreuth.de\/home\/wp-content\/uploads\/2026\/04\/ModusSchule-h-1.jpg 1024w, https:\/\/www.rwg-bayreuth.de\/home\/wp-content\/uploads\/2026\/04\/ModusSchule-h-1-150x97.jpg 150w, https:\/\/www.rwg-bayreuth.de\/home\/wp-content\/uploads\/2026\/04\/ModusSchule-h-1-450x290.jpg 450w, https:\/\/www.rwg-bayreuth.de\/home\/wp-content\/uploads\/2026\/04\/ModusSchule-h-1-768x495.jpg 768w, https:\/\/www.rwg-bayreuth.de\/home\/wp-content\/uploads\/2026\/04\/ModusSchule-h-1-250x161.jpg 250w\" sizes=\"(max-width: 1024px) 100vw, 1024px\" \/><\/a><\/p>\n<p><!--     \n\n***   RWG-Logo - sichtbar, wenn 2spaltig - breit  \n***\n--><!--<img decoding=\"async\" src=\"https:\/\/www.rwg-bayreuth.de\/home\/wp-content\/uploads\/2023\/08\/Logo-Button-links.jpg\" alt=\"\" width=\"100%\" height=\"auto\" class=\"aligncenter size-full wp-image-34416 ausblenden\" srcset=\"https:\/\/www.rwg-bayreuth.de\/home\/wp-content\/uploads\/2023\/08\/Logo-Button-links.jpg 1024w, https:\/\/www.rwg-bayreuth.de\/home\/wp-content\/uploads\/2023\/08\/Logo-Button-links-450x178.jpg 450w, https:\/\/www.rwg-bayreuth.de\/home\/wp-content\/uploads\/2023\/08\/Logo-Button-links-150x59.jpg 150w, https:\/\/www.rwg-bayreuth.de\/home\/wp-content\/uploads\/2023\/08\/Logo-Button-links-768x304.jpg 768w, https:\/\/www.rwg-bayreuth.de\/home\/wp-content\/uploads\/2023\/08\/Logo-Button-links-250x99.jpg 250w\" sizes=\"(max-width: 1024px) 100vw, 1024px\" \/>\n\n<p style=\"ausblenden\">\n\n--><!--\n\n\n\n\n--><!--\n\n***   RWG-Logo - sichtbar, wenn einspaltig - schmal  \n***\n--><!--<img decoding=\"async\" src=\"https:\/\/www.rwg-bayreuth.de\/home\/wp-content\/uploads\/2023\/08\/Logo-Button-links.jpg\" alt=\"\" width=\"100%\" height=\"auto\" class=\"aligncenter size-full wp-image-34416 einblenden\" srcset=\"https:\/\/www.rwg-bayreuth.de\/home\/wp-content\/uploads\/2023\/08\/Logo-Button-links.jpg 1024w, https:\/\/www.rwg-bayreuth.de\/home\/wp-content\/uploads\/2023\/08\/Logo-Button-links-450x178.jpg 450w, https:\/\/www.rwg-bayreuth.de\/home\/wp-content\/uploads\/2023\/08\/Logo-Button-links-150x59.jpg 150w, https:\/\/www.rwg-bayreuth.de\/home\/wp-content\/uploads\/2023\/08\/Logo-Button-links-768x304.jpg 768w, https:\/\/www.rwg-bayreuth.de\/home\/wp-content\/uploads\/2023\/08\/Logo-Button-links-250x99.jpg 250w\" sizes=\"(max-width: 1024px) 100vw, 1024px\" \/>--><!--\n\n***   wei\u00dfes Platzhalterbild   \n***\n--><!--\n<img decoding=\"async\" src=\"https:\/\/www.rwg-bayreuth.de\/home\/wp-content\/uploads\/2023\/11\/blank.jpg\" alt=\"\" width=\"100%\" height=\"auto\" class=\"aligncenter size-full wp-image-35086\" srcset=\"https:\/\/www.rwg-bayreuth.de\/home\/wp-content\/uploads\/2023\/11\/blank.jpg 1024w, https:\/\/www.rwg-bayreuth.de\/home\/wp-content\/uploads\/2023\/11\/blank-450x178.jpg 450w, https:\/\/www.rwg-bayreuth.de\/home\/wp-content\/uploads\/2023\/11\/blank-150x59.jpg 150w, https:\/\/www.rwg-bayreuth.de\/home\/wp-content\/uploads\/2023\/11\/blank-768x304.jpg 768w, https:\/\/www.rwg-bayreuth.de\/home\/wp-content\/uploads\/2023\/11\/blank-250x99.jpg 250w\" sizes=\"(max-width: 1024px) 100vw, 1024px\" \/>\n--><\/div><\/div>\n<\/div><!--\n\n******************************\n***    Ende zweispaltig    ***\n******************************\n--><\/p>\n\n\n<p><!--\n\n\n\n\n<hr\/>\n\n\n\n<p class=\"ohne\">&nbsp;<\/p>\n\n\n\n\n\n--><!--\n\n\n\n\n\n<h1 style=\"margin-top: 24px; padding-top: 6px; border-top: 4px solid  #1a1a1a;\">Adventsaktionen der Fachschaften<\/h1>\n\n\n\n<hr\/>\n\n--><!--\n\n<p class=\"ohne\">&nbsp;<\/p>\n\n--><!--\n\n****************************************\n*  Anzeige der 7 aktuellsten Berichte  *\n****************************************\n--><\/p>\n<h1 style=\"border-top: 4px solid  #1a1a1a; margin-top: 24px;\">Aus dem Schulleben<\/h1>\n<div><div class=\"postlist withthumb cardview\"><span class=\"thumbmagic\"><a href=\"https:\/\/www.rwg-bayreuth.de\/home\/?p=41257\" title=\"B\u00fchne frei f\u00fcr britisches Flair: Unser Englisch-Theatertag 2025\"><img loading=\"lazy\" decoding=\"async\" width=\"900\" height=\"600\" src=\"https:\/\/www.rwg-bayreuth.de\/home\/wp-content\/uploads\/2026\/05\/25-26-TehaterEnglisch-B.jpg\" class=\"lcp_thumbnail wp-post-image\" alt=\"B\u00fchne frei f\u00fcr britisches Flair: Unser Englisch-Theatertag 2025\" srcset=\"https:\/\/www.rwg-bayreuth.de\/home\/wp-content\/uploads\/2026\/05\/25-26-TehaterEnglisch-B.jpg 1024w, https:\/\/www.rwg-bayreuth.de\/home\/wp-content\/uploads\/2026\/05\/25-26-TehaterEnglisch-B-150x100.jpg 150w, https:\/\/www.rwg-bayreuth.de\/home\/wp-content\/uploads\/2026\/05\/25-26-TehaterEnglisch-B-450x300.jpg 450w, https:\/\/www.rwg-bayreuth.de\/home\/wp-content\/uploads\/2026\/05\/25-26-TehaterEnglisch-B-768x512.jpg 768w, https:\/\/www.rwg-bayreuth.de\/home\/wp-content\/uploads\/2026\/05\/25-26-TehaterEnglisch-B-250x167.jpg 250w, https:\/\/www.rwg-bayreuth.de\/home\/wp-content\/uploads\/2026\/05\/25-26-TehaterEnglisch-B-900x600.jpg 900w\" sizes=\"(max-width: 900px) 100vw, 900px\" \/><\/a><\/span><div class=\"lcp-container\"><h3><a href=\"https:\/\/www.rwg-bayreuth.de\/home\/?p=41257\">B\u00fchne frei f\u00fcr britisches Flair: Unser Englisch-Theatertag 2025<\/a><\/h3><p class=\"lcp_excerpt\">Theater ist, wenn die Sprache zum Leben erwacht! Am 17. November 2025 wurde unsere Aula zur B\u00fchne f\u00fcr das Phoenix Theatre. Mit zwei packenden St\u00fccken, die unterschiedlicher nicht h\u00e4tten sein ...<\/p><div class=\"morelink\"><\/div><\/div><\/div><div class=\"postlist withthumb cardview\"><span class=\"thumbmagic\"><a href=\"https:\/\/www.rwg-bayreuth.de\/home\/?p=41230\" title=\"Ein besonderer Abi-Start dank der 5. Klassen\"><img loading=\"lazy\" decoding=\"async\" width=\"900\" height=\"600\" src=\"https:\/\/www.rwg-bayreuth.de\/home\/wp-content\/uploads\/2026\/04\/25-26-Wertebotschafter-Abi-Start-B.jpg\" class=\"lcp_thumbnail wp-post-image\" alt=\"Ein besonderer Abi-Start dank der 5. Klassen\" srcset=\"https:\/\/www.rwg-bayreuth.de\/home\/wp-content\/uploads\/2026\/04\/25-26-Wertebotschafter-Abi-Start-B.jpg 1024w, https:\/\/www.rwg-bayreuth.de\/home\/wp-content\/uploads\/2026\/04\/25-26-Wertebotschafter-Abi-Start-B-150x100.jpg 150w, https:\/\/www.rwg-bayreuth.de\/home\/wp-content\/uploads\/2026\/04\/25-26-Wertebotschafter-Abi-Start-B-450x300.jpg 450w, https:\/\/www.rwg-bayreuth.de\/home\/wp-content\/uploads\/2026\/04\/25-26-Wertebotschafter-Abi-Start-B-768x512.jpg 768w, https:\/\/www.rwg-bayreuth.de\/home\/wp-content\/uploads\/2026\/04\/25-26-Wertebotschafter-Abi-Start-B-250x167.jpg 250w, https:\/\/www.rwg-bayreuth.de\/home\/wp-content\/uploads\/2026\/04\/25-26-Wertebotschafter-Abi-Start-B-900x600.jpg 900w\" sizes=\"(max-width: 900px) 100vw, 900px\" \/><\/a><\/span><div class=\"lcp-container\"><h3><a href=\"https:\/\/www.rwg-bayreuth.de\/home\/?p=41230\">Ein besonderer Abi-Start dank der 5. Klassen<\/a><\/h3><p class=\"lcp_excerpt\">\nLiebe Schulfamilie,\nwir sind Lara (9c) und Margarete (9c), eure Wertebotschafterinnen am RWG. Wir befinden uns gerade in der Ausbildung zu Wertebotschafterinnen und lernen dabei, wie man die Wertearbeit an Schulen ...<\/p><div class=\"morelink\"><\/div><\/div><\/div><div class=\"postlist withthumb cardview\"><span class=\"thumbmagic\"><a href=\"https:\/\/www.rwg-bayreuth.de\/home\/?p=41267\" title=\"Welttag des Buches \u2013 wir feiern das Lesen!\"><img loading=\"lazy\" decoding=\"async\" width=\"900\" height=\"600\" src=\"https:\/\/www.rwg-bayreuth.de\/home\/wp-content\/uploads\/2026\/04\/25-26-5b-Welttag-des-Buches.jpg\" class=\"lcp_thumbnail wp-post-image\" alt=\"Welttag des Buches \u2013 wir feiern das Lesen!\" srcset=\"https:\/\/www.rwg-bayreuth.de\/home\/wp-content\/uploads\/2026\/04\/25-26-5b-Welttag-des-Buches.jpg 1024w, https:\/\/www.rwg-bayreuth.de\/home\/wp-content\/uploads\/2026\/04\/25-26-5b-Welttag-des-Buches-150x100.jpg 150w, https:\/\/www.rwg-bayreuth.de\/home\/wp-content\/uploads\/2026\/04\/25-26-5b-Welttag-des-Buches-450x300.jpg 450w, https:\/\/www.rwg-bayreuth.de\/home\/wp-content\/uploads\/2026\/04\/25-26-5b-Welttag-des-Buches-768x512.jpg 768w, https:\/\/www.rwg-bayreuth.de\/home\/wp-content\/uploads\/2026\/04\/25-26-5b-Welttag-des-Buches-250x167.jpg 250w, https:\/\/www.rwg-bayreuth.de\/home\/wp-content\/uploads\/2026\/04\/25-26-5b-Welttag-des-Buches-900x600.jpg 900w\" sizes=\"(max-width: 900px) 100vw, 900px\" \/><\/a><\/span><div class=\"lcp-container\"><h3><a href=\"https:\/\/www.rwg-bayreuth.de\/home\/?p=41267\">Welttag des Buches \u2013 wir feiern das Lesen!<\/a><\/h3><p class=\"lcp_excerpt\">\nAm 23.&nbsp;April wird allj\u00e4hrlich der Welttag des Buches gefeiert. Unsere 5.&nbsp;Klassen haben auch dieses Jahr wieder mit verschiedenen Aktionen mitgemischt: So holten sich die Sch\u00fcler der 5b bereits am 21.&nbsp;April ...<\/p><div class=\"morelink\"><\/div><\/div><\/div><div class=\"postlist withthumb cardview\"><span class=\"thumbmagic\"><a href=\"https:\/\/www.rwg-bayreuth.de\/home\/?p=41211\" title=\"RWG on Air: Gedanken zum Tag bei Radio Mainwelle\"><img loading=\"lazy\" decoding=\"async\" width=\"900\" height=\"600\" src=\"https:\/\/www.rwg-bayreuth.de\/home\/wp-content\/uploads\/2026\/04\/25-26-RWGonAir-B.jpg\" class=\"lcp_thumbnail wp-post-image\" alt=\"RWG on Air: Gedanken zum Tag bei Radio Mainwelle\" srcset=\"https:\/\/www.rwg-bayreuth.de\/home\/wp-content\/uploads\/2026\/04\/25-26-RWGonAir-B.jpg 1024w, https:\/\/www.rwg-bayreuth.de\/home\/wp-content\/uploads\/2026\/04\/25-26-RWGonAir-B-150x100.jpg 150w, https:\/\/www.rwg-bayreuth.de\/home\/wp-content\/uploads\/2026\/04\/25-26-RWGonAir-B-450x300.jpg 450w, https:\/\/www.rwg-bayreuth.de\/home\/wp-content\/uploads\/2026\/04\/25-26-RWGonAir-B-768x512.jpg 768w, https:\/\/www.rwg-bayreuth.de\/home\/wp-content\/uploads\/2026\/04\/25-26-RWGonAir-B-250x167.jpg 250w, https:\/\/www.rwg-bayreuth.de\/home\/wp-content\/uploads\/2026\/04\/25-26-RWGonAir-B-900x600.jpg 900w\" sizes=\"(max-width: 900px) 100vw, 900px\" \/><\/a><\/span><div class=\"lcp-container\"><h3><a href=\"https:\/\/www.rwg-bayreuth.de\/home\/?p=41211\">RWG on Air: Gedanken zum Tag bei Radio Mainwelle<\/a><\/h3><p class=\"lcp_excerpt\">\nW\u00e4hrend aktuell die Beitr\u00e4ge unserer Elftkl\u00e4ssler zum Thema \u201eBibel\u201c schon jeden Morgen auf der Mainwelle zu h\u00f6ren sind, haben elf Sch\u00fclerinnen und Sch\u00fcler der Klassen 10b und c am 21.4. ...<\/p><div class=\"morelink\"><\/div><\/div><\/div><div class=\"postlist withthumb cardview\"><span class=\"thumbmagic\"><a href=\"https:\/\/www.rwg-bayreuth.de\/home\/?p=41183\" title=\"Workshop: Postcolonial Developments in Kenya\"><img loading=\"lazy\" decoding=\"async\" width=\"900\" height=\"600\" src=\"https:\/\/www.rwg-bayreuth.de\/home\/wp-content\/uploads\/2026\/04\/25-26-EnglishWorkshop-Postcolonial-B.jpg\" class=\"lcp_thumbnail wp-post-image\" alt=\"Workshop: Postcolonial Developments in Kenya\" srcset=\"https:\/\/www.rwg-bayreuth.de\/home\/wp-content\/uploads\/2026\/04\/25-26-EnglishWorkshop-Postcolonial-B.jpg 1024w, https:\/\/www.rwg-bayreuth.de\/home\/wp-content\/uploads\/2026\/04\/25-26-EnglishWorkshop-Postcolonial-B-150x100.jpg 150w, https:\/\/www.rwg-bayreuth.de\/home\/wp-content\/uploads\/2026\/04\/25-26-EnglishWorkshop-Postcolonial-B-450x300.jpg 450w, https:\/\/www.rwg-bayreuth.de\/home\/wp-content\/uploads\/2026\/04\/25-26-EnglishWorkshop-Postcolonial-B-768x512.jpg 768w, https:\/\/www.rwg-bayreuth.de\/home\/wp-content\/uploads\/2026\/04\/25-26-EnglishWorkshop-Postcolonial-B-250x167.jpg 250w, https:\/\/www.rwg-bayreuth.de\/home\/wp-content\/uploads\/2026\/04\/25-26-EnglishWorkshop-Postcolonial-B-900x600.jpg 900w\" sizes=\"(max-width: 900px) 100vw, 900px\" \/><\/a><\/span><div class=\"lcp-container\"><h3><a href=\"https:\/\/www.rwg-bayreuth.de\/home\/?p=41183\">Workshop: Postcolonial Developments in Kenya<\/a><\/h3><p class=\"lcp_excerpt\">\nIm Rahmen des Englischunterrichts nahm die 11d unserer Schule an einem spannenden und lehrreichen Workshop zum Thema &#8222;Postcolonial Developments in Kenya&#8220; teil. Der Workshop wurde vollst\u00e4ndig auf Englisch durchgef\u00fchrt und ...<\/p><div class=\"morelink\"><\/div><\/div><\/div><div class=\"postlist withthumb cardview\"><span class=\"thumbmagic\"><a href=\"https:\/\/www.rwg-bayreuth.de\/home\/?p=41170\" title=\"Handwerk hautnah: Neue Perspektiven jenseits des H\u00f6rsaals\"><img loading=\"lazy\" decoding=\"async\" width=\"900\" height=\"600\" src=\"https:\/\/www.rwg-bayreuth.de\/home\/wp-content\/uploads\/2026\/04\/25-26-TagDesHandwerks-B.jpg\" class=\"lcp_thumbnail wp-post-image\" alt=\"Handwerk hautnah: Neue Perspektiven jenseits des H\u00f6rsaals\" srcset=\"https:\/\/www.rwg-bayreuth.de\/home\/wp-content\/uploads\/2026\/04\/25-26-TagDesHandwerks-B.jpg 1024w, https:\/\/www.rwg-bayreuth.de\/home\/wp-content\/uploads\/2026\/04\/25-26-TagDesHandwerks-B-150x100.jpg 150w, https:\/\/www.rwg-bayreuth.de\/home\/wp-content\/uploads\/2026\/04\/25-26-TagDesHandwerks-B-450x300.jpg 450w, https:\/\/www.rwg-bayreuth.de\/home\/wp-content\/uploads\/2026\/04\/25-26-TagDesHandwerks-B-768x512.jpg 768w, https:\/\/www.rwg-bayreuth.de\/home\/wp-content\/uploads\/2026\/04\/25-26-TagDesHandwerks-B-250x167.jpg 250w, https:\/\/www.rwg-bayreuth.de\/home\/wp-content\/uploads\/2026\/04\/25-26-TagDesHandwerks-B-900x600.jpg 900w\" sizes=\"(max-width: 900px) 100vw, 900px\" \/><\/a><\/span><div class=\"lcp-container\"><h3><a href=\"https:\/\/www.rwg-bayreuth.de\/home\/?p=41170\">Handwerk hautnah: Neue Perspektiven jenseits des H\u00f6rsaals<\/a><\/h3><p class=\"lcp_excerpt\">\nGrundschule, Gymnasium, dort Abi machen und ab ins Studium. Das ist der \u00fcbliche Weg zum sp\u00e4teren Berufsleben, der den Sch\u00fclerinnen und Sch\u00fclern, nicht nur des Richard-Wagner-Gymnasiums, vorgelebt wird. Doch es ...<\/p><div class=\"morelink\"><\/div><\/div><\/div><div class=\"postlist withthumb cardview\"><span class=\"thumbmagic\"><a href=\"https:\/\/www.rwg-bayreuth.de\/home\/?p=41142\" title=\"Bar Italiano \u2013 Ein voller Erfolg!\ud83c\udf55\"><img loading=\"lazy\" decoding=\"async\" width=\"900\" height=\"600\" src=\"https:\/\/www.rwg-bayreuth.de\/home\/wp-content\/uploads\/2026\/04\/25-26-Italienisch-BarItaliano-B.jpg\" class=\"lcp_thumbnail wp-post-image\" alt=\"Bar Italiano \u2013 Ein voller Erfolg!\ud83c\udf55\" srcset=\"https:\/\/www.rwg-bayreuth.de\/home\/wp-content\/uploads\/2026\/04\/25-26-Italienisch-BarItaliano-B.jpg 1024w, https:\/\/www.rwg-bayreuth.de\/home\/wp-content\/uploads\/2026\/04\/25-26-Italienisch-BarItaliano-B-150x100.jpg 150w, https:\/\/www.rwg-bayreuth.de\/home\/wp-content\/uploads\/2026\/04\/25-26-Italienisch-BarItaliano-B-450x300.jpg 450w, https:\/\/www.rwg-bayreuth.de\/home\/wp-content\/uploads\/2026\/04\/25-26-Italienisch-BarItaliano-B-768x512.jpg 768w, https:\/\/www.rwg-bayreuth.de\/home\/wp-content\/uploads\/2026\/04\/25-26-Italienisch-BarItaliano-B-250x167.jpg 250w, https:\/\/www.rwg-bayreuth.de\/home\/wp-content\/uploads\/2026\/04\/25-26-Italienisch-BarItaliano-B-900x600.jpg 900w\" sizes=\"(max-width: 900px) 100vw, 900px\" \/><\/a><\/span><div class=\"lcp-container\"><h3><a href=\"https:\/\/www.rwg-bayreuth.de\/home\/?p=41142\">Bar Italiano \u2013 Ein voller Erfolg!\ud83c\udf55<\/a><\/h3><p class=\"lcp_excerpt\">\nMit viel Engagement und gro\u00dfer Begeisterung haben die 8. Klassen unsere\u00a0Bar Italiano\u00a0organisiert. Es wurde geplant, vorbereitet und gemeinsam gearbeitet. Die Sch\u00fclerinnen und Sch\u00fcler haben zahlreiche italienische Leckereien selbst hergestellt \u2013 ...<\/p><div class=\"morelink\"><\/div><\/div><\/div><\/div>\n<p><!--\n\n\n\n\n****************************************\n*       Button \"\u00c4ltere Berichte\"       *\n****************************************\n--><\/p>\n<div class=\"clear flex-container-vertikal\"  style=\"margin-bottom: 50px;\">\n<a class=\"flex-item-vertikal\" href=\"https:\/\/www.rwg-bayreuth.de\/home\/?page_id=3915\">\u00c4ltere Berichte<\/a><!--\n--><a class=\"flex-item-vertikal\" href=\"https:\/\/www.rwg-bayreuth.de\/home\/?page_id=36445\">\u00c4ltere Berichte unserer digitale Sch\u00fclerzeitung<\/a>\n<\/div>\n","protected":false},"excerpt":{"rendered":"<p>&nbsp; Aus dem Schulleben \u00c4ltere Berichte\u00c4ltere Berichte unserer digitale Sch\u00fclerzeitung<\/p>\n","protected":false},"author":1,"featured_media":0,"parent":0,"menu_order":100,"comment_status":"closed","ping_status":"closed","template":"page-templates\/full-width.php","meta":{"footnotes":""},"tags":[54],"_links":{"self":[{"href":"https:\/\/www.rwg-bayreuth.de\/home\/index.php?rest_route=\/wp\/v2\/pages\/11116"}],"collection":[{"href":"https:\/\/www.rwg-bayreuth.de\/home\/index.php?rest_route=\/wp\/v2\/pages"}],"about":[{"href":"https:\/\/www.rwg-bayreuth.de\/home\/index.php?rest_route=\/wp\/v2\/types\/page"}],"author":[{"embeddable":true,"href":"https:\/\/www.rwg-bayreuth.de\/home\/index.php?rest_route=\/wp\/v2\/users\/1"}],"replies":[{"embeddable":true,"href":"https:\/\/www.rwg-bayreuth.de\/home\/index.php?rest_route=%2Fwp%2Fv2%2Fcomments&post=11116"}],"version-history":[{"count":1766,"href":"https:\/\/www.rwg-bayreuth.de\/home\/index.php?rest_route=\/wp\/v2\/pages\/11116\/revisions"}],"predecessor-version":[{"id":41329,"href":"https:\/\/www.rwg-bayreuth.de\/home\/index.php?rest_route=\/wp\/v2\/pages\/11116\/revisions\/41329"}],"wp:attachment":[{"href":"https:\/\/www.rwg-bayreuth.de\/home\/index.php?rest_route=%2Fwp%2Fv2%2Fmedia&parent=11116"}],"wp:term":[{"taxonomy":"post_tag","embeddable":true,"href":"https:\/\/www.rwg-bayreuth.de\/home\/index.php?rest_route=%2Fwp%2Fv2%2Ftags&post=11116"}],"curies":[{"name":"wp","href":"https:\/\/api.w.org\/{rel}","templated":true}]}}